{"id":1430,"date":"2021-06-02T20:52:33","date_gmt":"2021-06-02T20:52:33","guid":{"rendered":"https:\/\/www.aitanacongress.com\/2021\/?page_id=1430"},"modified":"2021-06-02T20:52:36","modified_gmt":"2021-06-02T20:52:36","slug":"p_ginny-sprang-2","status":"publish","type":"page","link":"https:\/\/www.aitanacongress.com\/2021\/p_ginny-sprang-2\/","title":{"rendered":"P_Ginny Sprang"},"content":{"rendered":"<p>[et_pb_section fb_built=&#8221;1&#8243; fullwidth=&#8221;on&#8221; custom_padding_last_edited=&#8221;on|desktop&#8221; admin_label=&#8221;Cabecera &#8211; Titulo&#8221; module_class=&#8221;cabecera-seccion&#8221; _builder_version=&#8221;4.9.4&#8243; background_color=&#8221;#0094A9&#8243; height=&#8221;125px&#8221; custom_padding=&#8221;||||false|false&#8221; custom_padding_tablet=&#8221;||||false|false&#8221; custom_padding_phone=&#8221;||||false|false&#8221; custom_css_main_element_last_edited=&#8221;on|phone&#8221;][et_pb_fullwidth_header _builder_version=&#8221;4.9.4&#8243; title_level=&#8221;h4&#8243; title_font=&#8221;|800||on|||||&#8221; title_text_align=&#8221;center&#8221; title_text_color=&#8221;#053341&#8243; title_font_size=&#8221;48px&#8221; content_font=&#8221;|800|||||||&#8221; content_text_align=&#8221;center&#8221; content_text_color=&#8221;#FFFFFF&#8221; background_enable_color=&#8221;off&#8221; background_enable_image=&#8221;off&#8221; background_size=&#8221;contain&#8221; background_position=&#8221;center_left&#8221; custom_padding_tablet=&#8221;&#8221; custom_padding_phone=&#8221;10px||10px||false|false&#8221; custom_padding_last_edited=&#8221;on|phone&#8221; title_font_size_tablet=&#8221;&#8221; title_font_size_phone=&#8221;30px&#8221; title_font_size_last_edited=&#8221;on|phone&#8221;]<\/p>\n<h4>Ginny Sprang<strong>Ginny Sprang<\/strong><\/h4>\n<p>Universidad de Kentucky. Estados Unidos<\/p>\n<p>[\/et_pb_fullwidth_header][\/et_pb_section][et_pb_section fb_built=&#8221;1&#8243; _builder_version=&#8221;4.9.4&#8243; _module_preset=&#8221;default&#8221;][et_pb_row column_structure=&#8221;2_5,3_5&#8243; _builder_version=&#8221;4.9.4&#8243; _module_preset=&#8221;default&#8221;][et_pb_column type=&#8221;2_5&#8243; _builder_version=&#8221;4.9.4&#8243; _module_preset=&#8221;default&#8221;][et_pb_text _builder_version=&#8221;4.9.4&#8243; _module_preset=&#8221;default&#8221; header_2_text_color=&#8221;#E46708&#8243;]<\/p>\n<h2 style=\"text-align: right;\">El cuidador y la salud mental infantil a ra\u00edz de una pandemia: historia de dos pandemias<\/h2>\n<p>[\/et_pb_text][\/et_pb_column][et_pb_column type=&#8221;3_5&#8243; _builder_version=&#8221;4.9.4&#8243; _module_preset=&#8221;default&#8221;][et_pb_text _builder_version=&#8221;4.9.4&#8243; _module_preset=&#8221;default&#8221; text_orientation=&#8221;justified&#8221;]<\/p>\n<p><span class=\"TextRun SCXW42977310 BCX0\" lang=\"ES-ES\" xml:lang=\"ES-ES\" data-contrast=\"auto\"><span class=\"NormalTextRun SCXW42977310 BCX0\">La forma en que los ni\u00f1os responden a una pandemia est\u00e1 influenciada en parte por vulnerabilidades preexistentes, problemas contextuales relacionados con sus experiencias pand\u00e9micas y el funcionamiento familiar. Esta presentaci\u00f3n destaca datos de dos estudios que investigan el trastorno de estr\u00e9s postraum\u00e1tico (TEPT) en ni\u00f1os y padres durante desastres pand\u00e9micos. El estudio 1 investiga el TEPT en un estudio internacional\u00a0<\/span><span class=\"NormalTextRun SCXW42977310 BCX0\">que implic\u00f3 a<\/span><span class=\"NormalTextRun SCXW42977310 BCX0\">\u00a0398 padres con diferentes experiencias de contenci\u00f3n de enfermedades despu\u00e9s de la gripe H1N1 que completaron la versi\u00f3n de\u00a0<\/span><span class=\"NormalTextRun SCXW42977310 BCX0\">UCLA\u202fPTSD\u202f<\/span><span class=\"NormalTextRun SpellingErrorV2 SCXW42977310 BCX0\">Reaction<\/span><span class=\"NormalTextRun SCXW42977310 BCX0\">\u00a0<\/span><span class=\"NormalTextRun SpellingErrorV2 SCXW42977310 BCX0 DefaultHighlightTransition\">Index-Caregiver<\/span><span class=\"NormalTextRun SCXW42977310 BCX0\">\u00a0<\/span><span class=\"NormalTextRun SCXW42977310 BCX0\">y\u00a0<\/span><span class=\"NormalTextRun SCXW42977310 BCX0\">una<\/span><span class=\"NormalTextRun SCXW42977310 BCX0\">\u00a0versi\u00f3n de la lista de verificaci\u00f3n de TEPT. Los criterios para el TEPT se cumplieron en el 30% de los ni\u00f1os aislados y en cuarentena, y en el 25% de los padres aislados y en cuarentena. Los ni\u00f1os aislados y en cuarentena ten\u00edan m\u00e1s probabilidades de cumplir con el l\u00edmite cl\u00ednico para el TEPT que aquellos sin estas experiencias (<\/span><\/span><span class=\"TextRun SCXW42977310 BCX0\" lang=\"ES-ES\" xml:lang=\"ES-ES\" data-contrast=\"auto\"><span class=\"NormalTextRun SCXW42977310 BCX0\">p<\/span><\/span><span class=\"TextRun SCXW42977310 BCX0\" lang=\"ES-ES\" xml:lang=\"ES-ES\" data-contrast=\"auto\"><span class=\"NormalTextRun SCXW42977310 BCX0\">\u00a0= .001). El estudio 2 utiliza datos cualitativos de los cuidadores para realizar un an\u00e1lisis textual de 356 respuestas sobre c\u00f3mo COVID-19 afect\u00f3 el funcionamiento familiar. Dos codificadores identificaron temas y subtemas utilizando un enfoque de teor\u00eda fundamentada (<\/span><span class=\"NormalTextRun SCXW42977310 BCX0\">fiabilidad\u00a0<\/span><span class=\"NormalTextRun SpellingErrorV2 SCXW42977310 BCX0\">interjueces<\/span><span class=\"NormalTextRun SCXW42977310 BCX0\">\u00a0= .93). Los temas apuntan al contexto ecol\u00f3gico alterado que defini\u00f3 la seguridad f\u00edsica y psicol\u00f3gica de estas familias durante\u00a0<\/span><span class=\"NormalTextRun SCXW42977310 BCX0\">la<\/span><span class=\"NormalTextRun SCXW42977310 BCX0\">\u00a0COVID<\/span><span class=\"NormalTextRun SCXW42977310 BCX0\">-19<\/span><span class=\"NormalTextRun SCXW42977310 BCX0\">. Estos hallazgos combinados indican que las pandemias y las respuestas de contenci\u00f3n de enfermedades pueden crear una condici\u00f3n que las familias y los ni\u00f1os experimentan como traum\u00e1tica, y resalta importantes objetivos de intervenci\u00f3n para promover la recuperaci\u00f3n.<\/span><\/span><span class=\"EOP SCXW42977310 BCX0\" data-ccp-props=\"{&quot;201341983&quot;:0,&quot;335559739&quot;:160,&quot;335559740&quot;:259}\">\u00a0<\/span><\/p>\n<p>[\/et_pb_text][\/et_pb_column][\/et_pb_row][et_pb_row column_structure=&#8221;3_4,1_4&#8243; _builder_version=&#8221;4.9.4&#8243; _module_preset=&#8221;default&#8221;][et_pb_column type=&#8221;3_4&#8243; _builder_version=&#8221;4.9.4&#8243; _module_preset=&#8221;default&#8221;][et_pb_text _builder_version=&#8221;4.9.4&#8243; _module_preset=&#8221;default&#8221; header_2_text_color=&#8221;#E46708&#8243; text_orientation=&#8221;right&#8221; hover_enabled=&#8221;0&#8243; sticky_enabled=&#8221;0&#8243;]<\/p>\n<h2 style=\"text-align: right;\">CV<\/h2>\n<p><span class=\"TextRun SCXW34410424 BCX0\" lang=\"ES-ES\" xml:lang=\"ES-ES\" data-contrast=\"auto\"><span class=\"NormalTextRun SCXW34410424 BCX0\">La Dra.\u00a0<\/span><span class=\"NormalTextRun SCXW34410424 BCX0\">Ginny<\/span><span class=\"NormalTextRun SCXW34410424 BCX0\">\u00a0<\/span><span class=\"NormalTextRun SpellingErrorV2 SCXW34410424 BCX0\">Sprang<\/span><span class=\"NormalTextRun SCXW34410424 BCX0\">\u00a0<\/span><span class=\"NormalTextRun SCXW34410424 BCX0\">es profesora de la Facultad de Medicina, Departamento de Psiquiatr\u00eda de la Universidad de Kentucky y directora ejecutiva del Centro de Trauma y Ni\u00f1os del Reino Unido. Es la Investigadora Principal del Centro de Innovaciones y Soluciones para el Estr\u00e9s Traum\u00e1tico Secundario de Categor\u00eda II financiado por SAMHSA, el Instituto de Capacitaci\u00f3n y Tratamiento de Trauma Infantil y Adolescente de Categor\u00eda III, y Presidenta Em\u00e9rita del grupo Colaborativo de Estr\u00e9s Traum\u00e1tico Secundario. Ella ocupa actualmente posiciones de liderazgo nacional en la Red Nacional de Estr\u00e9s Traum\u00e1tico Infantil como miembro del comit\u00e9 directivo y\u00a0<\/span><span class=\"NormalTextRun SCXW34410424 BCX0\">es la\u00a0<\/span><span class=\"NormalTextRun SCXW34410424 BCX0\">Presidenta del Grupo de Inter\u00e9s Especial de la Sociedad Internacional para Estudios de Estr\u00e9s Traum\u00e1tico para el comit\u00e9 de Terrorismo y Desastres.\u00a0<\/span><span class=\"NormalTextRun SCXW34410424 BCX0\">La<\/span><span class=\"NormalTextRun SCXW34410424 BCX0\">\u00a0Dr<\/span><span class=\"NormalTextRun SCXW34410424 BCX0\">a<\/span><span class=\"NormalTextRun SCXW34410424 BCX0\">.\u00a0<\/span><span class=\"NormalTextRun SpellingErrorV2 SCXW34410424 BCX0\">Sprang<\/span><span class=\"NormalTextRun SCXW34410424 BCX0\">\u00a0tiene m\u00e1s de 125 publicaciones sobre temas como trauma infantil, atenci\u00f3n informada sobre trauma, explotaci\u00f3n sexual comercial de menores, implementaci\u00f3n y sostenibilidad, respuesta a desastres y estr\u00e9s traum\u00e1tico secundario. Su trabajo incluye la creaci\u00f3n de herramientas\u00a0<\/span><span class=\"NormalTextRun SCXW34410424 BCX0\">traslacionales<\/span><span class=\"NormalTextRun SCXW34410424 BCX0\">\u00a0y el desarrollo, prueba e implementaci\u00f3n de tratamientos y pr\u00e1cticas basados \u200b\u200ben la evidencia para tratar a las personas expuestas a estas experiencias traum\u00e1ticas.<\/span><\/span><span class=\"EOP SCXW34410424 BCX0\" data-ccp-props=\"{&quot;201341983&quot;:0,&quot;335559739&quot;:160,&quot;335559740&quot;:259}\">\u00a0<\/span><\/p>\n<p>[\/et_pb_text][\/et_pb_column][et_pb_column type=&#8221;1_4&#8243; _builder_version=&#8221;4.9.4&#8243; _module_preset=&#8221;default&#8221;][et_pb_image src=&#8221;https:\/\/www.aitanacongress.com\/2021\/wp-content\/uploads\/sprang_ginny.jpg&#8221; title_text=&#8221;Jian-Bin-Li&#8221; admin_label=&#8221;Image&#8221; _builder_version=&#8221;4.9.4&#8243; _module_preset=&#8221;default&#8221; border_radii=&#8221;on|15px|15px|15px|15px&#8221;][\/et_pb_image][\/et_pb_column][\/et_pb_row][\/et_pb_section]<\/p>\n","protected":false},"excerpt":{"rendered":"<p>[et_pb_section fb_built=&#8221;1&#8243; fullwidth=&#8221;on&#8221; custom_padding_last_edited=&#8221;on|desktop&#8221; admin_label=&#8221;Cabecera &#8211; Titulo&#8221; module_class=&#8221;cabecera-seccion&#8221; _builder_version=&#8221;4.9.4&#8243; background_color=&#8221;#0094A9&#8243; height=&#8221;125px&#8221; custom_padding=&#8221;||||false|false&#8221; custom_padding_tablet=&#8221;||||false|false&#8221; custom_padding_phone=&#8221;||||false|false&#8221; custom_css_main_element_last_edited=&#8221;on|phone&#8221;][et_pb_fullwidth_header _builder_version=&#8221;4.9.4&#8243; title_level=&#8221;h4&#8243; title_font=&#8221;|800||on|||||&#8221; title_text_align=&#8221;center&#8221; title_text_color=&#8221;#053341&#8243; title_font_size=&#8221;48px&#8221; content_font=&#8221;|800|||||||&#8221; content_text_align=&#8221;center&#8221; content_text_color=&#8221;#FFFFFF&#8221; background_enable_color=&#8221;off&#8221; background_enable_image=&#8221;off&#8221; background_size=&#8221;contain&#8221; background_position=&#8221;center_left&#8221; custom_padding_tablet=&#8221;&#8221; custom_padding_phone=&#8221;10px||10px||false|false&#8221; custom_padding_last_edited=&#8221;on|phone&#8221; title_font_size_tablet=&#8221;&#8221; title_font_size_phone=&#8221;30px&#8221; title_font_size_last_edited=&#8221;on|phone&#8221;] Ginny SprangGinny Sprang Universidad de Kentucky. Estados Unidos [\/et_pb_fullwidth_header][\/et_pb_section][et_pb_section fb_built=&#8221;1&#8243; _builder_version=&#8221;4.9.4&#8243; _module_preset=&#8221;default&#8221;][et_pb_row column_structure=&#8221;2_5,3_5&#8243; _builder_version=&#8221;4.9.4&#8243; _module_preset=&#8221;default&#8221;][et_pb_column type=&#8221;2_5&#8243; _builder_version=&#8221;4.9.4&#8243; _module_preset=&#8221;default&#8221;][et_pb_text _builder_version=&#8221;4.9.4&#8243; _module_preset=&#8221;default&#8221; header_2_text_color=&#8221;#E46708&#8243;] [&hellip;]<\/p>\n","protected":false},"author":1,"featured_media":0,"parent":0,"menu_order":0,"comment_status":"closed","ping_status":"closed","template":"","meta":{"_et_pb_use_builder":"on","_et_pb_old_content":"","_et_gb_content_width":"","_monsterinsights_skip_tracking":false,"_monsterinsights_sitenote_active":false,"_monsterinsights_sitenote_note":"","_monsterinsights_sitenote_category":0,"footnotes":""},"class_list":["post-1430","page","type-page","status-publish","hentry"],"yoast_head":"<!-- This site is optimized with the Yoast SEO plugin v16.4 - https:\/\/yoast.com\/wordpress\/plugins\/seo\/ -->\n<title>P_Ginny Sprang | Aitana Congress 2021<\/title>\n<meta name=\"robots\" content=\"index, follow, max-snippet:-1, max-image-preview:large, max-video-preview:-1\" \/>\n<link rel=\"canonical\" href=\"https:\/\/www.aitanacongress.com\/2021\/p_ginny-sprang-2\/\" \/>\n<meta property=\"og:locale\" content=\"es_ES\" \/>\n<meta property=\"og:type\" content=\"article\" \/>\n<meta property=\"og:title\" content=\"P_Ginny Sprang | Aitana Congress 2021\" \/>\n<meta property=\"og:description\" content=\"[et_pb_section fb_built=&#8221;1&#8243; fullwidth=&#8221;on&#8221; custom_padding_last_edited=&#8221;on|desktop&#8221; admin_label=&#8221;Cabecera &#8211; Titulo&#8221; module_class=&#8221;cabecera-seccion&#8221; _builder_version=&#8221;4.9.4&#8243; background_color=&#8221;#0094A9&#8243; height=&#8221;125px&#8221; custom_padding=&#8221;||||false|false&#8221; custom_padding_tablet=&#8221;||||false|false&#8221; custom_padding_phone=&#8221;||||false|false&#8221; custom_css_main_element_last_edited=&#8221;on|phone&#8221;][et_pb_fullwidth_header _builder_version=&#8221;4.9.4&#8243; title_level=&#8221;h4&#8243; title_font=&#8221;|800||on|||||&#8221; title_text_align=&#8221;center&#8221; title_text_color=&#8221;#053341&#8243; title_font_size=&#8221;48px&#8221; content_font=&#8221;|800|||||||&#8221; content_text_align=&#8221;center&#8221; content_text_color=&#8221;#FFFFFF&#8221; background_enable_color=&#8221;off&#8221; background_enable_image=&#8221;off&#8221; background_size=&#8221;contain&#8221; background_position=&#8221;center_left&#8221; custom_padding_tablet=&#8221;&#8221; custom_padding_phone=&#8221;10px||10px||false|false&#8221; custom_padding_last_edited=&#8221;on|phone&#8221; title_font_size_tablet=&#8221;&#8221; title_font_size_phone=&#8221;30px&#8221; title_font_size_last_edited=&#8221;on|phone&#8221;] Ginny SprangGinny Sprang Universidad de Kentucky. Estados Unidos [\/et_pb_fullwidth_header][\/et_pb_section][et_pb_section fb_built=&#8221;1&#8243; _builder_version=&#8221;4.9.4&#8243; _module_preset=&#8221;default&#8221;][et_pb_row column_structure=&#8221;2_5,3_5&#8243; _builder_version=&#8221;4.9.4&#8243; _module_preset=&#8221;default&#8221;][et_pb_column type=&#8221;2_5&#8243; _builder_version=&#8221;4.9.4&#8243; _module_preset=&#8221;default&#8221;][et_pb_text _builder_version=&#8221;4.9.4&#8243; _module_preset=&#8221;default&#8221; header_2_text_color=&#8221;#E46708&#8243;] [&hellip;]\" \/>\n<meta property=\"og:url\" content=\"https:\/\/www.aitanacongress.com\/2021\/p_ginny-sprang-2\/\" \/>\n<meta property=\"og:site_name\" content=\"Aitana Congress 2021\" \/>\n<meta property=\"article:modified_time\" content=\"2021-06-02T20:52:36+00:00\" \/>\n<meta name=\"twitter:card\" content=\"summary_large_image\" \/>\n<meta name=\"twitter:label1\" content=\"Tiempo de lectura\" \/>\n\t<meta name=\"twitter:data1\" content=\"3 minutos\" \/>\n<script type=\"application\/ld+json\" class=\"yoast-schema-graph\">{\"@context\":\"https:\/\/schema.org\",\"@graph\":[{\"@type\":\"WebSite\",\"@id\":\"https:\/\/www.aitanacongress.com\/2021\/#website\",\"url\":\"https:\/\/www.aitanacongress.com\/2021\/\",\"name\":\"Aitana Congress 2021\",\"description\":\"International Congress of Clinical and Health Psychology in Children and Adolescents\",\"potentialAction\":[{\"@type\":\"SearchAction\",\"target\":\"https:\/\/www.aitanacongress.com\/2021\/?s={search_term_string}\",\"query-input\":\"required name=search_term_string\"}],\"inLanguage\":\"es\"},{\"@type\":\"WebPage\",\"@id\":\"https:\/\/www.aitanacongress.com\/2021\/p_ginny-sprang-2\/#webpage\",\"url\":\"https:\/\/www.aitanacongress.com\/2021\/p_ginny-sprang-2\/\",\"name\":\"P_Ginny Sprang | Aitana Congress 2021\",\"isPartOf\":{\"@id\":\"https:\/\/www.aitanacongress.com\/2021\/#website\"},\"datePublished\":\"2021-06-02T20:52:33+00:00\",\"dateModified\":\"2021-06-02T20:52:36+00:00\",\"breadcrumb\":{\"@id\":\"https:\/\/www.aitanacongress.com\/2021\/p_ginny-sprang-2\/#breadcrumb\"},\"inLanguage\":\"es\",\"potentialAction\":[{\"@type\":\"ReadAction\",\"target\":[\"https:\/\/www.aitanacongress.com\/2021\/p_ginny-sprang-2\/\"]}]},{\"@type\":\"BreadcrumbList\",\"@id\":\"https:\/\/www.aitanacongress.com\/2021\/p_ginny-sprang-2\/#breadcrumb\",\"itemListElement\":[{\"@type\":\"ListItem\",\"position\":1,\"item\":{\"@type\":\"WebPage\",\"@id\":\"https:\/\/www.aitanacongress.com\/2021\/\",\"url\":\"https:\/\/www.aitanacongress.com\/2021\/\",\"name\":\"Portada\"}},{\"@type\":\"ListItem\",\"position\":2,\"item\":{\"@id\":\"https:\/\/www.aitanacongress.com\/2021\/p_ginny-sprang-2\/#webpage\"}}]}]}<\/script>\n<!-- \/ Yoast SEO plugin. -->","_links":{"self":[{"href":"https:\/\/www.aitanacongress.com\/2021\/wp-json\/wp\/v2\/pages\/1430","targetHints":{"allow":["GET"]}}],"collection":[{"href":"https:\/\/www.aitanacongress.com\/2021\/wp-json\/wp\/v2\/pages"}],"about":[{"href":"https:\/\/www.aitanacongress.com\/2021\/wp-json\/wp\/v2\/types\/page"}],"author":[{"embeddable":true,"href":"https:\/\/www.aitanacongress.com\/2021\/wp-json\/wp\/v2\/users\/1"}],"replies":[{"embeddable":true,"href":"https:\/\/www.aitanacongress.com\/2021\/wp-json\/wp\/v2\/comments?post=1430"}],"version-history":[{"count":2,"href":"https:\/\/www.aitanacongress.com\/2021\/wp-json\/wp\/v2\/pages\/1430\/revisions"}],"predecessor-version":[{"id":1434,"href":"https:\/\/www.aitanacongress.com\/2021\/wp-json\/wp\/v2\/pages\/1430\/revisions\/1434"}],"wp:attachment":[{"href":"https:\/\/www.aitanacongress.com\/2021\/wp-json\/wp\/v2\/media?parent=1430"}],"curies":[{"name":"wp","href":"https:\/\/api.w.org\/{rel}","templated":true}]}}