{"id":791,"date":"2021-06-01T03:49:21","date_gmt":"2021-06-01T03:49:21","guid":{"rendered":"https:\/\/www.aitanacongress.com\/2021\/?page_id=791"},"modified":"2021-11-15T18:33:47","modified_gmt":"2021-11-15T18:33:47","slug":"programa","status":"publish","type":"page","link":"https:\/\/www.aitanacongress.com\/2021\/programa\/","title":{"rendered":"Programa"},"content":{"rendered":"<p>[et_pb_section fb_built=&#8221;1&#8243; fullwidth=&#8221;on&#8221; custom_padding_last_edited=&#8221;on|desktop&#8221; admin_label=&#8221;Cabecera &#8211; Titulo&#8221; module_class=&#8221;cabecera-seccion&#8221; _builder_version=&#8221;4.9.4&#8243; background_color=&#8221;#E46708&#8243; height=&#8221;100px&#8221; custom_padding=&#8221;||||false|false&#8221; custom_padding_tablet=&#8221;||||false|false&#8221; custom_padding_phone=&#8221;||||false|false&#8221; custom_css_main_element_last_edited=&#8221;on|phone&#8221;][et_pb_fullwidth_header _builder_version=&#8221;4.9.4&#8243; title_level=&#8221;h4&#8243; title_font=&#8221;|800||on|||||&#8221; title_text_align=&#8221;center&#8221; title_text_color=&#8221;#053341&#8243; title_font_size=&#8221;48px&#8221; background_enable_color=&#8221;off&#8221; background_enable_image=&#8221;off&#8221; background_size=&#8221;contain&#8221; background_position=&#8221;center_left&#8221; custom_padding_tablet=&#8221;&#8221; custom_padding_phone=&#8221;10px||10px||false|false&#8221; custom_padding_last_edited=&#8221;on|phone&#8221; title_font_size_tablet=&#8221;&#8221; title_font_size_phone=&#8221;30px&#8221; title_font_size_last_edited=&#8221;on|phone&#8221;]<\/p>\n<h4>Programa<strong>Programa<\/strong><\/h4>\n<p>[\/et_pb_fullwidth_header][\/et_pb_section][et_pb_section fb_built=&#8221;1&#8243; custom_padding_last_edited=&#8221;on|phone&#8221; disabled_on=&#8221;off|off|off&#8221; admin_label=&#8221;PROGRAMA&#8221; _builder_version=&#8221;4.9.4&#8243; background_color=&#8221;#E46708&#8243; background_enable_image=&#8221;off&#8221; background_size=&#8221;initial&#8221; width=&#8221;100%&#8221; max_width=&#8221;100%&#8221; custom_margin=&#8221;0px|0px|0px|0px|false|false&#8221; custom_padding=&#8221;0px|0px|0px|0px|false|false&#8221; custom_padding_tablet=&#8221;&#8221; custom_padding_phone=&#8221;&#8221; link_option_url=&#8221;https:\/\/aitana2020online.siteonsite.es\/&#8221; link_option_url_new_window=&#8221;on&#8221; global_module=&#8221;318&#8243; saved_tabs=&#8221;all&#8221; collapsed=&#8221;on&#8221;][et_pb_row make_equal=&#8221;on&#8221; _builder_version=&#8221;4.0.11&#8243; background_color=&#8221;rgba(0,0,0,0)&#8221; background_enable_image=&#8221;off&#8221; background_size=&#8221;initial&#8221; background_position=&#8221;bottom_right&#8221; width=&#8221;100%&#8221; width_tablet=&#8221;&#8221; width_phone=&#8221;100%&#8221; width_last_edited=&#8221;on|phone&#8221; max_width=&#8221;100%&#8221; custom_margin=&#8221;0px||0px||false|false&#8221; custom_margin_tablet=&#8221;&#8221; custom_margin_phone=&#8221;0px|0px|0px|0px|false|false&#8221; custom_margin_last_edited=&#8221;on|phone&#8221; custom_padding=&#8221;0px|0px|0px|0px|false|false&#8221; custom_css_main_element_last_edited=&#8221;on|phone&#8221;][et_pb_column type=&#8221;4_4&#8243; _builder_version=&#8221;4.0.11&#8243; background_color=&#8221;#4e7987&#8243; custom_padding=&#8221;0px|0px|0px|0px|false|false&#8221; link_option_url=&#8221;\/2020\/bienvenida&#8221; custom_css_main_element=&#8221;margin-right: 0;&#8221;][et_pb_text _builder_version=&#8221;4.9.4&#8243; text_font=&#8221;|||on|||||&#8221; text_orientation=&#8221;center&#8221; background_layout=&#8221;dark&#8221; link_option_url=&#8221;https:\/\/programaitana2021online.onsitevents.com\/programa&#8221; link_option_url_new_window=&#8221;on&#8221; custom_css_main_element=&#8221;margin-top:10px;||margin-bottom:25px;&#8221;]<\/p>\n<p>YA DISPONIBLE EL AVANCE DEL<\/p>\n<h4><a href=\"https:\/\/programaitana2021online.onsitevents.com\/programa\" target=\"_blank\" rel=\"noopener\">PROGRAMA <strong>PROGRAMA<\/strong><\/a><\/h4>\n<p><span style=\"color: #ffffff;\"><a style=\"color: #ffffff;\" href=\"https:\/\/programaitana2021online.onsitevents.com\/programa\" target=\"_blank\" rel=\"noopener\"><strong>Acceder<\/strong><\/a><\/span><\/p>\n<p>[\/et_pb_text][\/et_pb_column][\/et_pb_row][\/et_pb_section][et_pb_section fb_built=&#8221;1&#8243; admin_label=&#8221;SUBMENU TIPOS&#8221; _builder_version=&#8221;4.9.4&#8243; _module_preset=&#8221;default&#8221; custom_margin=&#8221;0px||0px||false|false&#8221; custom_padding=&#8221;0px||0px||false|false&#8221; collapsed=&#8221;off&#8221;][et_pb_row _builder_version=&#8221;4.9.4&#8243; _module_preset=&#8221;default&#8221;][et_pb_column type=&#8221;4_4&#8243; _builder_version=&#8221;4.9.4&#8243; _module_preset=&#8221;default&#8221;][et_pb_text module_class=&#8221;ponentes-apartados&#8221; _builder_version=&#8221;4.9.4&#8243; _module_preset=&#8221;default&#8221; custom_margin=&#8221;0px||||false|false&#8221; custom_padding=&#8221;0px||||false|false&#8221;]<\/p>\n<h3><a href=\"#conferencias\">Conferencias<\/a><\/h3>\n<h3><a href=\"#sesiones-aplicadas\">Sesiones Aplicadas<\/a><\/h3>\n<h3><a href=\"#preguntas-abiertas\">Preguntas abiertas<\/a><\/h3>\n<div style=\"display: none;\">\n<h3><a href=\"#encuentro-con-el-experto\">Encuentro con el experto<\/a><\/h3>\n<\/div>\n<h3><a href=\"#simposios\">Simposios<\/a><\/h3>\n<p>[\/et_pb_text][et_pb_text admin_label=&#8221;notas&#8221; _builder_version=&#8221;4.9.4&#8243; _module_preset=&#8221;default&#8221;]<\/p>\n<p><img loading=\"lazy\" decoding=\"async\" class=\"wp-image-914 alignnone size-full\" src=\"https:\/\/www.aitanacongress.com\/2021\/wp-content\/uploads\/icon_espan\u0303ol.png\" alt=\"\" width=\"20\" height=\"20\" \/> \u00a0<img loading=\"lazy\" decoding=\"async\" class=\"wp-image-913 alignnone size-full\" src=\"https:\/\/www.aitanacongress.com\/2021\/wp-content\/uploads\/icon_english.png\" alt=\"\" width=\"20\" height=\"20\" \/>\u00a0 Idioma de la ponencia<\/p>\n<p>[\/et_pb_text][\/et_pb_column][\/et_pb_row][\/et_pb_section][et_pb_section fb_built=&#8221;1&#8243; admin_label=&#8221;CONFERENCIAS&#8221; module_id=&#8221;conferencias&#8221; module_class=&#8221;subapartado&#8221; _builder_version=&#8221;4.9.4&#8243; _module_preset=&#8221;default&#8221; custom_margin=&#8221;||0px||false|false&#8221; custom_padding=&#8221;||0px||false|false&#8221; collapsed=&#8221;on&#8221;][et_pb_row admin_label=&#8221;Fila&#8221; _builder_version=&#8221;4.9.4&#8243; _module_preset=&#8221;default&#8221; custom_margin=&#8221;0px||0px||false|false&#8221; custom_padding=&#8221;0px||0px||false|false&#8221;][et_pb_column type=&#8221;4_4&#8243; _builder_version=&#8221;4.9.4&#8243; _module_preset=&#8221;default&#8221;][et_pb_text admin_label=&#8221;CONFERENCIAS&#8221; _builder_version=&#8221;4.9.4&#8243; _module_preset=&#8221;default&#8221; text_font=&#8221;|800||on|||||&#8221; text_text_color=&#8221;#E46708&#8243; header_font=&#8221;|800|||||||&#8221; header_text_color=&#8221;#E46708&#8243; header_3_font=&#8221;|800||on|||||&#8221; header_3_text_color=&#8221;#E46708&#8243; header_3_font_size=&#8221;30px&#8221; text_orientation=&#8221;center&#8221; custom_margin=&#8221;0px||0px||false|false&#8221; custom_padding=&#8221;0px||0px||false|false&#8221;]<\/p>\n<h3><strong>Conferencias<\/strong><\/h3>\n<p>[\/et_pb_text][\/et_pb_column][\/et_pb_row][\/et_pb_section][et_pb_section fb_built=&#8221;1&#8243; admin_label=&#8221;Ponentes&#8221; module_class=&#8221;bloque-ponentes&#8221; _builder_version=&#8221;4.9.4&#8243; _module_preset=&#8221;default&#8221; width_tablet=&#8221;&#8221; width_phone=&#8221;&#8221; width_last_edited=&#8221;on|phone&#8221; module_alignment=&#8221;center&#8221; custom_margin=&#8221;0px||||false|false&#8221; custom_padding=&#8221;0px|15px||15px|false|false&#8221; custom_css_main_element=&#8221;overflow:hidden;&#8221; collapsed=&#8221;off&#8221;][et_pb_row column_structure=&#8221;1_3,2_3&#8243; use_custom_gutter=&#8221;on&#8221; gutter_width=&#8221;2&#8243; make_equal=&#8221;on&#8221; admin_label=&#8221;Jian-Bin Li&#8221; module_class=&#8221;programa-ponente&#8221; _builder_version=&#8221;4.9.4&#8243; _module_preset=&#8221;default&#8221; max_width_tablet=&#8221;&#8221; max_width_phone=&#8221;&#8221; max_width_last_edited=&#8221;on|phone&#8221; module_alignment=&#8221;center&#8221; custom_margin=&#8221;||||false|false&#8221; custom_padding=&#8221;||||false|false&#8221; link_option_url=&#8221;https:\/\/www.aitanacongress.com\/2021\/p_jian-bin-li-2&#8243; border_color_right=&#8221;#E46708&#8243; border_color_bottom=&#8221;#E46708&#8243; collapsed=&#8221;on&#8221;][et_pb_column type=&#8221;1_3&#8243; _builder_version=&#8221;4.9.4&#8243; _module_preset=&#8221;default&#8221;][et_pb_image src=&#8221;https:\/\/www.aitanacongress.com\/2021\/wp-content\/uploads\/Jian-Bin-Li.jpg&#8221; title_text=&#8221;Jian-Bin-Li&#8221; align=&#8221;center&#8221; _builder_version=&#8221;4.9.4&#8243; _module_preset=&#8221;default&#8221; border_radii=&#8221;on|15px|15px|15px|15px&#8221;][\/et_pb_image][et_pb_image src=&#8221;https:\/\/www.aitanacongress.com\/2021\/wp-content\/uploads\/icon_english.png&#8221; title_text=&#8221;icon_english&#8221; admin_label=&#8221;Icono EN&#8221; module_class=&#8221;icono-idioma&#8221; _builder_version=&#8221;4.9.4&#8243; _module_preset=&#8221;default&#8221;][\/et_pb_image][\/et_pb_column][et_pb_column type=&#8221;2_3&#8243; _builder_version=&#8221;4.9.4&#8243; _module_preset=&#8221;default&#8221;][et_pb_text admin_label=&#8221;Texto&#8221; _builder_version=&#8221;4.9.4&#8243; _module_preset=&#8221;default&#8221;]<\/p>\n<h5>Jian-Bin Li <strong>Jian-Bin Li<\/strong><\/h5>\n<p><em>Universidad de Educaci\u00f3n de Hong Kong. China<\/em><\/p>\n<p><strong>COVID-19 y salud mental en adolescentes<\/strong><\/p>\n<p>[\/et_pb_text][\/et_pb_column][\/et_pb_row][et_pb_row column_structure=&#8221;1_3,2_3&#8243; use_custom_gutter=&#8221;on&#8221; gutter_width=&#8221;2&#8243; admin_label=&#8221;Mateu Servera&#8221; module_class=&#8221;programa-ponente&#8221; _builder_version=&#8221;4.9.4&#8243; _module_preset=&#8221;default&#8221; max_width_tablet=&#8221;&#8221; max_width_phone=&#8221;&#8221; max_width_last_edited=&#8221;on|phone&#8221; module_alignment=&#8221;center&#8221; link_option_url=&#8221;https:\/\/www.aitanacongress.com\/2021\/p_mateu-servera\/&#8221; collapsed=&#8221;on&#8221;][et_pb_column type=&#8221;1_3&#8243; _builder_version=&#8221;4.9.4&#8243; _module_preset=&#8221;default&#8221;][et_pb_image src=&#8221;https:\/\/www.aitanacongress.com\/2021\/wp-content\/uploads\/mateu-servera.jpg&#8221; title_text=&#8221;mateu-servera&#8221; align=&#8221;center&#8221; _builder_version=&#8221;4.9.4&#8243; _module_preset=&#8221;default&#8221; border_radii=&#8221;on|15px|15px|15px|15px&#8221;][\/et_pb_image][et_pb_image src=&#8221;https:\/\/www.aitanacongress.com\/2021\/wp-content\/uploads\/icon_espan\u0303ol.png&#8221; title_text=&#8221;icon_espan\u0303ol&#8221; admin_label=&#8221;Icono ES&#8221; module_class=&#8221;icono-idioma&#8221; _builder_version=&#8221;4.9.4&#8243; _module_preset=&#8221;default&#8221;][\/et_pb_image][\/et_pb_column][et_pb_column type=&#8221;2_3&#8243; _builder_version=&#8221;4.9.4&#8243; _module_preset=&#8221;default&#8221;][et_pb_text admin_label=&#8221;Texto&#8221; _builder_version=&#8221;4.9.4&#8243; _module_preset=&#8221;default&#8221;]<\/p>\n<h5>Mateu Servera <strong>Mateu Servera<\/strong><\/h5>\n<p><em>Universidad de las Islas Baleares. Espa\u00f1a<\/em><\/p>\n<p><strong>Ni\u00f1os con Tempo Cognitivo Lento: \u00bfestamos ya preparados para un diagn\u00f3stico y un tratamiento?<\/strong><\/p>\n<p>[\/et_pb_text][\/et_pb_column][\/et_pb_row][et_pb_row column_structure=&#8221;1_3,2_3&#8243; use_custom_gutter=&#8221;on&#8221; gutter_width=&#8221;2&#8243; admin_label=&#8221;JILL EHRENREICH&#8221; module_class=&#8221;programa-ponente&#8221; _builder_version=&#8221;4.9.4&#8243; _module_preset=&#8221;default&#8221; max_width_tablet=&#8221;&#8221; max_width_phone=&#8221;&#8221; max_width_last_edited=&#8221;on|phone&#8221; module_alignment=&#8221;center&#8221; link_option_url=&#8221;https:\/\/www.aitanacongress.com\/2021\/p_jill-ehrenreich-2\/&#8221; collapsed=&#8221;on&#8221;][et_pb_column type=&#8221;1_3&#8243; _builder_version=&#8221;4.9.4&#8243; _module_preset=&#8221;default&#8221;][et_pb_image src=&#8221;https:\/\/www.aitanacongress.com\/2021\/wp-content\/uploads\/Jill-Ehrenreich-1.jpg&#8221; title_text=&#8221;Jill Ehrenreich&#8221; align=&#8221;center&#8221; _builder_version=&#8221;4.9.4&#8243; _module_preset=&#8221;default&#8221; border_radii=&#8221;on|15px|15px|15px|15px&#8221;][\/et_pb_image][et_pb_image src=&#8221;https:\/\/www.aitanacongress.com\/2021\/wp-content\/uploads\/icon_english.png&#8221; title_text=&#8221;icon_english&#8221; admin_label=&#8221;Icono EN&#8221; module_class=&#8221;icono-idioma&#8221; _builder_version=&#8221;4.9.4&#8243; _module_preset=&#8221;default&#8221;][\/et_pb_image][\/et_pb_column][et_pb_column type=&#8221;2_3&#8243; _builder_version=&#8221;4.9.4&#8243; _module_preset=&#8221;default&#8221;][et_pb_text admin_label=&#8221;Texto&#8221; _builder_version=&#8221;4.9.4&#8243; _module_preset=&#8221;default&#8221;]<\/p>\n<h5>JILL EHRENREICH <strong>JILL EHRENREICH<\/strong><\/h5>\n<p><em>Universidad de Miami. Estados Unidos<\/em><\/p>\n<p><strong>Tratamientos transdiagn\u00f3sticos para los trastornos emocionales: Una v\u00eda para hacer llegar &#8220;lo que funciona&#8221; a m\u00e1s ni\u00f1os y familias<\/strong><\/p>\n<p>[\/et_pb_text][\/et_pb_column][\/et_pb_row][et_pb_row column_structure=&#8221;1_3,2_3&#8243; use_custom_gutter=&#8221;on&#8221; gutter_width=&#8221;2&#8243; disabled_on=&#8221;on|on|on&#8221; admin_label=&#8221;Corey Keyes&#8221; module_class=&#8221;programa-ponente&#8221; _builder_version=&#8221;4.9.4&#8243; _module_preset=&#8221;default&#8221; max_width_tablet=&#8221;&#8221; max_width_phone=&#8221;&#8221; max_width_last_edited=&#8221;on|phone&#8221; module_alignment=&#8221;center&#8221; link_option_url=&#8221;https:\/\/www.aitanacongress.com\/2021\/p_corey-keyes\/&#8221; collapsed=&#8221;on&#8221; disabled=&#8221;on&#8221;][et_pb_column type=&#8221;1_3&#8243; _builder_version=&#8221;4.9.4&#8243; _module_preset=&#8221;default&#8221;][et_pb_image src=&#8221;https:\/\/www.aitanacongress.com\/2021\/wp-content\/uploads\/Corey-Keyes.png&#8221; title_text=&#8221;Corey-Keyes&#8221; align=&#8221;center&#8221; _builder_version=&#8221;4.9.4&#8243; _module_preset=&#8221;default&#8221; border_radii=&#8221;on|15px|15px|15px|15px&#8221;][\/et_pb_image][et_pb_image src=&#8221;https:\/\/www.aitanacongress.com\/2021\/wp-content\/uploads\/icon_english.png&#8221; title_text=&#8221;icon_english&#8221; admin_label=&#8221;Icono EN&#8221; module_class=&#8221;icono-idioma&#8221; _builder_version=&#8221;4.9.4&#8243; _module_preset=&#8221;default&#8221;][\/et_pb_image][\/et_pb_column][et_pb_column type=&#8221;2_3&#8243; _builder_version=&#8221;4.9.4&#8243; _module_preset=&#8221;default&#8221;][et_pb_text admin_label=&#8221;Texto&#8221; _builder_version=&#8221;4.9.4&#8243; _module_preset=&#8221;default&#8221;]<\/p>\n<h5>Corey Keyes<strong>Corey Keyes<\/strong><\/h5>\n<p><em>Universidad Emory. Estados Unidos<\/em><\/p>\n<p><strong>Promoci\u00f3n y protecci\u00f3n de la salud mental: Por qu\u00e9 necesitamos poner m\u00e1s atenci\u00f3n a la vida temprana<\/strong><\/p>\n<p>[\/et_pb_text][\/et_pb_column][\/et_pb_row][et_pb_row column_structure=&#8221;1_3,2_3&#8243; use_custom_gutter=&#8221;on&#8221; gutter_width=&#8221;2&#8243; disabled_on=&#8221;off|off|off&#8221; admin_label=&#8221;Carla Sharp&#8221; module_class=&#8221;programa-ponente&#8221; _builder_version=&#8221;4.9.4&#8243; _module_preset=&#8221;default&#8221; max_width_tablet=&#8221;&#8221; max_width_phone=&#8221;&#8221; max_width_last_edited=&#8221;on|phone&#8221; module_alignment=&#8221;center&#8221; link_option_url=&#8221;https:\/\/www.aitanacongress.com\/2021\/p_carla-sharp-2\/&#8221; locked=&#8221;off&#8221; collapsed=&#8221;on&#8221;][et_pb_column type=&#8221;1_3&#8243; _builder_version=&#8221;4.9.4&#8243; _module_preset=&#8221;default&#8221;][et_pb_image src=&#8221;https:\/\/www.aitanacongress.com\/2021\/wp-content\/uploads\/Carla-Sharp09_9-scaled.jpg&#8221; title_text=&#8221;Carla Sharp09_9&#8243; align=&#8221;center&#8221; _builder_version=&#8221;4.9.4&#8243; _module_preset=&#8221;default&#8221; border_radii=&#8221;on|15px|15px|15px|15px&#8221;][\/et_pb_image][et_pb_image src=&#8221;https:\/\/www.aitanacongress.com\/2021\/wp-content\/uploads\/icon_english.png&#8221; title_text=&#8221;icon_english&#8221; admin_label=&#8221;Icono EN&#8221; module_class=&#8221;icono-idioma&#8221; _builder_version=&#8221;4.9.4&#8243; _module_preset=&#8221;default&#8221;][\/et_pb_image][\/et_pb_column][et_pb_column type=&#8221;2_3&#8243; _builder_version=&#8221;4.9.4&#8243; _module_preset=&#8221;default&#8221;][et_pb_text admin_label=&#8221;Texto&#8221; _builder_version=&#8221;4.9.4&#8243; _module_preset=&#8221;default&#8221; link_option_url=&#8221;https:\/\/www.aitanacongress.com\/2021\/p_carla-sharp-2\/&#8221;]<\/p>\n<h5>Carla Sharp<strong>Carla Sharp<\/strong><\/h5>\n<p><em>Universidad de Houston. Estados Unidos<\/em><\/p>\n<p><strong>Avances recientes en la investigaci\u00f3n de los trastornos de la personalidad: dimensiones y desarrollo<\/strong><\/p>\n<p>[\/et_pb_text][\/et_pb_column][\/et_pb_row][et_pb_row column_structure=&#8221;1_3,2_3&#8243; use_custom_gutter=&#8221;on&#8221; gutter_width=&#8221;2&#8243; disabled_on=&#8221;off|off|off&#8221; admin_label=&#8221;Eric Storch&#8221; module_class=&#8221;programa-ponente&#8221; _builder_version=&#8221;4.9.4&#8243; _module_preset=&#8221;default&#8221; max_width_tablet=&#8221;&#8221; max_width_phone=&#8221;&#8221; max_width_last_edited=&#8221;on|phone&#8221; module_alignment=&#8221;center&#8221; link_option_url=&#8221;https:\/\/www.aitanacongress.com\/2021\/p_eric-storch-2\/&#8221; locked=&#8221;off&#8221; collapsed=&#8221;on&#8221;][et_pb_column type=&#8221;1_3&#8243; _builder_version=&#8221;4.9.4&#8243; _module_preset=&#8221;default&#8221;][et_pb_image src=&#8221;https:\/\/www.aitanacongress.com\/2021\/wp-content\/uploads\/Eric-Storch.jpg&#8221; title_text=&#8221;Eric Storch&#8221; align=&#8221;center&#8221; _builder_version=&#8221;4.9.4&#8243; _module_preset=&#8221;default&#8221; border_radii=&#8221;on|15px|15px|15px|15px&#8221;][\/et_pb_image][et_pb_image src=&#8221;https:\/\/www.aitanacongress.com\/2021\/wp-content\/uploads\/icon_english.png&#8221; title_text=&#8221;icon_english&#8221; admin_label=&#8221;Icono EN&#8221; module_class=&#8221;icono-idioma&#8221; _builder_version=&#8221;4.9.4&#8243; _module_preset=&#8221;default&#8221;][\/et_pb_image][\/et_pb_column][et_pb_column type=&#8221;2_3&#8243; _builder_version=&#8221;4.9.4&#8243; _module_preset=&#8221;default&#8221;][et_pb_text admin_label=&#8221;Texto&#8221; _builder_version=&#8221;4.9.4&#8243; _module_preset=&#8221;default&#8221; link_option_url=&#8221;https:\/\/www.aitanacongress.com\/2021\/p_eric-storch-2\/&#8221;]<\/p>\n<h5>Eric Storch<strong>Eric Storch<\/strong><\/h5>\n<p><em>Universidad Baylor de Medicina. Estados Unidos<\/em><\/p>\n<p><strong>Avances en el TOC infantil: Lo que funciona, por qu\u00e9 funciona y los pr\u00f3ximos pasos<\/strong><\/p>\n<p>[\/et_pb_text][\/et_pb_column][\/et_pb_row][\/et_pb_section][et_pb_section fb_built=&#8221;1&#8243; disabled_on=&#8221;off|off|off&#8221; admin_label=&#8221;ENCUENTRO CON EL EXPERTO&#8221; module_id=&#8221;sesiones-aplicadas&#8221; module_class=&#8221;subapartado&#8221; _builder_version=&#8221;4.9.4&#8243; _module_preset=&#8221;default&#8221; background_color=&#8221;RGBA(0,0,0,0)&#8221; custom_margin=&#8221;||0px||false|false&#8221; custom_padding=&#8221;||0px||false|false&#8221; collapsed=&#8221;off&#8221;][et_pb_row admin_label=&#8221;Fila&#8221; _builder_version=&#8221;4.9.4&#8243; _module_preset=&#8221;default&#8221; custom_margin=&#8221;0px||0px||false|false&#8221; custom_padding=&#8221;0px||0px||false|false&#8221;][et_pb_column type=&#8221;4_4&#8243; _builder_version=&#8221;4.9.4&#8243; _module_preset=&#8221;default&#8221;][et_pb_text admin_label=&#8221;ENCUENTRO CON EL EXPERTO&#8221; _builder_version=&#8221;4.9.4&#8243; _module_preset=&#8221;default&#8221; text_font=&#8221;|800||on|||||&#8221; header_font=&#8221;|800|||||||&#8221; header_text_color=&#8221;#E46708&#8243; header_3_font=&#8221;|800||on|||||&#8221; header_3_text_color=&#8221;#E46708&#8243; header_3_font_size=&#8221;30px&#8221; text_orientation=&#8221;center&#8221; custom_margin=&#8221;0px||0px||false|false&#8221; custom_padding=&#8221;0px||0px||false|false&#8221;]<\/p>\n<h3><strong>Encuentro con el experto<\/strong><\/h3>\n<p>[\/et_pb_text][\/et_pb_column][\/et_pb_row][\/et_pb_section][et_pb_section fb_built=&#8221;1&#8243; admin_label=&#8221;Ponentes&#8221; module_class=&#8221;bloque-ponentes&#8221; _builder_version=&#8221;4.9.4&#8243; _module_preset=&#8221;default&#8221; width_tablet=&#8221;&#8221; width_phone=&#8221;&#8221; width_last_edited=&#8221;on|phone&#8221; module_alignment=&#8221;center&#8221; custom_margin=&#8221;0px||||false|false&#8221; custom_padding=&#8221;0px|15px||15px|false|false&#8221; custom_css_main_element=&#8221;overflow:hidden;&#8221; collapsed=&#8221;on&#8221;][et_pb_row column_structure=&#8221;1_3,2_3&#8243; use_custom_gutter=&#8221;on&#8221; gutter_width=&#8221;2&#8243; admin_label=&#8221;Concha L\u00f3pez&#8221; module_class=&#8221;programa-ponente&#8221; _builder_version=&#8221;4.9.4&#8243; _module_preset=&#8221;default&#8221; max_width_tablet=&#8221;&#8221; max_width_phone=&#8221;&#8221; max_width_last_edited=&#8221;on|phone&#8221; module_alignment=&#8221;center&#8221; link_option_url=&#8221;https:\/\/www.aitanacongress.com\/2021\/p_concha-lopez&#8221; collapsed=&#8221;on&#8221;][et_pb_column type=&#8221;1_3&#8243; _builder_version=&#8221;4.9.4&#8243; _module_preset=&#8221;default&#8221;][et_pb_image src=&#8221;https:\/\/www.aitanacongress.com\/2021\/wp-content\/uploads\/Concha-lopez.jpg&#8221; title_text=&#8221;Concha lopez&#8221; align=&#8221;center&#8221; admin_label=&#8221;Imagen&#8221; _builder_version=&#8221;4.9.4&#8243; _module_preset=&#8221;default&#8221; border_radii=&#8221;on|15px|15px|15px|15px&#8221;][\/et_pb_image][et_pb_image src=&#8221;https:\/\/www.aitanacongress.com\/2021\/wp-content\/uploads\/icon_espan\u0303ol.png&#8221; title_text=&#8221;icon_espan\u0303ol&#8221; admin_label=&#8221;Icono ES&#8221; module_class=&#8221;icono-idioma&#8221; _builder_version=&#8221;4.9.4&#8243; _module_preset=&#8221;default&#8221;][\/et_pb_image][\/et_pb_column][et_pb_column type=&#8221;2_3&#8243; _builder_version=&#8221;4.9.4&#8243; _module_preset=&#8221;default&#8221;][et_pb_text admin_label=&#8221;Texto&#8221; _builder_version=&#8221;4.9.4&#8243; _module_preset=&#8221;default&#8221;]<\/p>\n<h5>Concha L\u00f3pez <strong>Concha L\u00f3pez<\/strong><\/h5>\n<p><em>Universidad de Murcia. Espa\u00f1a\u00a0<\/em><\/p>\n<p><strong>\u00bfQu\u00e9 aporta el sistema de RV EMMA-CHILD en las terapias de menores traumatizados?<\/strong><\/p>\n<p>[\/et_pb_text][\/et_pb_column][\/et_pb_row][\/et_pb_section][et_pb_section fb_built=&#8221;1&#8243; admin_label=&#8221;SESIONES APLICADAS&#8221; module_id=&#8221;sesiones-aplicadas&#8221; module_class=&#8221;subapartado&#8221; _builder_version=&#8221;4.9.4&#8243; _module_preset=&#8221;default&#8221; background_color=&#8221;RGBA(0,0,0,0)&#8221; custom_margin=&#8221;||0px||false|false&#8221; custom_padding=&#8221;||0px||false|false&#8221; collapsed=&#8221;on&#8221;][et_pb_row admin_label=&#8221;Fila&#8221; _builder_version=&#8221;4.9.4&#8243; _module_preset=&#8221;default&#8221; custom_margin=&#8221;0px||0px||false|false&#8221; custom_padding=&#8221;0px||0px||false|false&#8221;][et_pb_column type=&#8221;4_4&#8243; _builder_version=&#8221;4.9.4&#8243; _module_preset=&#8221;default&#8221;][et_pb_text admin_label=&#8221;SESIONES APLICADAS&#8221; _builder_version=&#8221;4.9.4&#8243; _module_preset=&#8221;default&#8221; text_font=&#8221;|800||on|||||&#8221; header_font=&#8221;|800|||||||&#8221; header_text_color=&#8221;#E46708&#8243; header_3_font=&#8221;|800||on|||||&#8221; header_3_text_color=&#8221;#E46708&#8243; header_3_font_size=&#8221;30px&#8221; text_orientation=&#8221;center&#8221; custom_margin=&#8221;0px||0px||false|false&#8221; custom_padding=&#8221;0px||0px||false|false&#8221;]<\/p>\n<h3><strong>Sesiones aplicadas<\/strong><\/h3>\n<p>[\/et_pb_text][\/et_pb_column][\/et_pb_row][\/et_pb_section][et_pb_section fb_built=&#8221;1&#8243; admin_label=&#8221;Ponentes&#8221; module_class=&#8221;bloque-ponentes&#8221; _builder_version=&#8221;4.9.4&#8243; _module_preset=&#8221;default&#8221; background_color=&#8221;RGBA(0,0,0,0)&#8221; width_tablet=&#8221;&#8221; width_phone=&#8221;&#8221; width_last_edited=&#8221;on|phone&#8221; module_alignment=&#8221;center&#8221; custom_margin=&#8221;0px||||false|false&#8221; custom_padding=&#8221;0px|15px||15px|false|false&#8221; custom_css_main_element=&#8221;overflow:hidden;&#8221; collapsed=&#8221;off&#8221;][et_pb_row column_structure=&#8221;1_3,2_3&#8243; use_custom_gutter=&#8221;on&#8221; gutter_width=&#8221;2&#8243; disabled_on=&#8221;off|off|off&#8221; admin_label=&#8221;Ginny Sprang&#8221; module_class=&#8221;programa-ponente&#8221; _builder_version=&#8221;4.9.4&#8243; _module_preset=&#8221;default&#8221; max_width_tablet=&#8221;&#8221; max_width_phone=&#8221;&#8221; max_width_last_edited=&#8221;on|phone&#8221; module_alignment=&#8221;center&#8221; link_option_url=&#8221;\/2021\/p_ginny-sprang-2&#8243; collapsed=&#8221;on&#8221;][et_pb_column type=&#8221;1_3&#8243; _builder_version=&#8221;4.9.4&#8243; _module_preset=&#8221;default&#8221;][et_pb_image src=&#8221;https:\/\/www.aitanacongress.com\/2021\/wp-content\/uploads\/sprang_ginny.jpg&#8221; title_text=&#8221;sprang_ginny&#8221; align=&#8221;center&#8221; _builder_version=&#8221;4.9.4&#8243; _module_preset=&#8221;default&#8221; border_radii=&#8221;on|15px|15px|15px|15px&#8221;][\/et_pb_image][et_pb_image src=&#8221;https:\/\/www.aitanacongress.com\/2021\/wp-content\/uploads\/icon_english.png&#8221; title_text=&#8221;icon_english&#8221; admin_label=&#8221;Icono EN&#8221; module_class=&#8221;icono-idioma&#8221; _builder_version=&#8221;4.9.4&#8243; _module_preset=&#8221;default&#8221;][\/et_pb_image][\/et_pb_column][et_pb_column type=&#8221;2_3&#8243; _builder_version=&#8221;4.9.4&#8243; _module_preset=&#8221;default&#8221;][et_pb_text admin_label=&#8221;Texto&#8221; _builder_version=&#8221;4.9.4&#8243; _module_preset=&#8221;default&#8221;]<\/p>\n<h5>Ginny Sprang <strong>Ginny Sprang<\/strong><\/h5>\n<p><em>Universidad de Kentucky. Estados Unidos<\/em><\/p>\n<p><strong>El cuidador y la salud mental infantil a ra\u00edz de una pandemia: historia de dos pandemias<\/strong><\/p>\n<p>[\/et_pb_text][\/et_pb_column][\/et_pb_row][et_pb_row column_structure=&#8221;1_3,2_3&#8243; use_custom_gutter=&#8221;on&#8221; gutter_width=&#8221;2&#8243; disabled_on=&#8221;off|off|off&#8221; admin_label=&#8221;Esther Calvete&#8221; module_class=&#8221;programa-ponente&#8221; _builder_version=&#8221;4.9.4&#8243; _module_preset=&#8221;default&#8221; max_width_tablet=&#8221;&#8221; max_width_phone=&#8221;&#8221; max_width_last_edited=&#8221;on|phone&#8221; module_alignment=&#8221;center&#8221; link_option_url=&#8221;https:\/\/www.aitanacongress.com\/2021\/p_esther-calvete\/&#8221; collapsed=&#8221;on&#8221;][et_pb_column type=&#8221;1_3&#8243; _builder_version=&#8221;4.9.4&#8243; _module_preset=&#8221;default&#8221;][et_pb_image src=&#8221;https:\/\/www.aitanacongress.com\/2021\/wp-content\/uploads\/Esther_Calvete-2021.jpg&#8221; title_text=&#8221;Esther_Calvete 2021&#8243; align=&#8221;center&#8221; _builder_version=&#8221;4.9.4&#8243; _module_preset=&#8221;default&#8221; border_radii=&#8221;on|15px|15px|15px|15px&#8221;][\/et_pb_image][et_pb_image src=&#8221;https:\/\/www.aitanacongress.com\/2021\/wp-content\/uploads\/icon_espan\u0303ol.png&#8221; title_text=&#8221;icon_espan\u0303ol&#8221; admin_label=&#8221;Icono ES&#8221; module_class=&#8221;icono-idioma&#8221; _builder_version=&#8221;4.9.4&#8243; _module_preset=&#8221;default&#8221;][\/et_pb_image][\/et_pb_column][et_pb_column type=&#8221;2_3&#8243; _builder_version=&#8221;4.9.4&#8243; _module_preset=&#8221;default&#8221;][et_pb_text admin_label=&#8221;Texto&#8221; _builder_version=&#8221;4.9.4&#8243; _module_preset=&#8221;default&#8221;]<\/p>\n<h5>Esther Calvete<strong>Esther Calvete<\/strong><\/h5>\n<p><em>Universidad de Deusto. Espa\u00f1a<\/em><\/p>\n<p><strong>Violencia filio-parental: Resolviendo el puzle para intervenir<\/strong><\/p>\n<p>[\/et_pb_text][\/et_pb_column][\/et_pb_row][et_pb_row column_structure=&#8221;1_3,2_3&#8243; use_custom_gutter=&#8221;on&#8221; gutter_width=&#8221;2&#8243; disabled_on=&#8221;off|off|off&#8221; admin_label=&#8221;Ana Mart\u00ednez y Laura Merino&#8221; module_class=&#8221;programa-ponente&#8221; _builder_version=&#8221;4.9.4&#8243; _module_preset=&#8221;default&#8221; max_width_tablet=&#8221;&#8221; max_width_phone=&#8221;&#8221; max_width_last_edited=&#8221;on|phone&#8221; module_alignment=&#8221;center&#8221; link_option_url=&#8221;https:\/\/www.aitanacongress.com\/2021\/p_ana-martinez-y-laura-merino\/&#8221; collapsed=&#8221;on&#8221;][et_pb_column type=&#8221;1_3&#8243; _builder_version=&#8221;4.9.4&#8243; _module_preset=&#8221;default&#8221;][et_pb_image src=&#8221;https:\/\/www.aitanacongress.com\/2021\/wp-content\/uploads\/ANA-MARTI\u0301NEZLaura-Merino.jpg&#8221; title_text=&#8221;ANA-MARTI\u0301NEZ+Laura-Merino&#8221; align=&#8221;center&#8221; _builder_version=&#8221;4.9.4&#8243; _module_preset=&#8221;default&#8221; border_radii=&#8221;on|15px|15px|15px|15px&#8221;][\/et_pb_image][et_pb_image src=&#8221;https:\/\/www.aitanacongress.com\/2021\/wp-content\/uploads\/icon_espan\u0303ol.png&#8221; title_text=&#8221;icon_espan\u0303ol&#8221; admin_label=&#8221;Icono ES&#8221; module_class=&#8221;icono-idioma&#8221; _builder_version=&#8221;4.9.4&#8243; _module_preset=&#8221;default&#8221;][\/et_pb_image][\/et_pb_column][et_pb_column type=&#8221;2_3&#8243; _builder_version=&#8221;4.9.4&#8243; _module_preset=&#8221;default&#8221;][et_pb_text admin_label=&#8221;Texto&#8221; _builder_version=&#8221;4.9.4&#8243; _module_preset=&#8221;default&#8221;]<\/p>\n<h5>Ana Mart\u00ednez y Laura Merino<strong>Ana Mart\u00ednez y Laura Merino<\/strong><\/h5>\n<p><em>Universidad de Deusto. Espa\u00f1a<\/em><\/p>\n<p><strong>Intervenci\u00f3n grupal postdivorcio con ni\u00f1os y ni\u00f1as. Egokitzen Infantil. <\/strong><\/p>\n<p>[\/et_pb_text][\/et_pb_column][\/et_pb_row][et_pb_row column_structure=&#8221;1_3,2_3&#8243; use_custom_gutter=&#8221;on&#8221; gutter_width=&#8221;2&#8243; disabled_on=&#8221;off|off|off&#8221; admin_label=&#8221;Maravillas Amor\u00f3s&#8221; module_class=&#8221;programa-ponente&#8221; _builder_version=&#8221;4.9.4&#8243; _module_preset=&#8221;default&#8221; max_width_tablet=&#8221;&#8221; max_width_phone=&#8221;&#8221; max_width_last_edited=&#8221;on|phone&#8221; module_alignment=&#8221;center&#8221; link_option_url=&#8221;https:\/\/www.aitanacongress.com\/2021\/p_maravillas-amoros\/&#8221; collapsed=&#8221;on&#8221;][et_pb_column type=&#8221;1_3&#8243; _builder_version=&#8221;4.9.4&#8243; _module_preset=&#8221;default&#8221;][et_pb_image src=&#8221;https:\/\/www.aitanacongress.com\/2021\/wp-content\/uploads\/Maravillas-Amoros.jpg&#8221; title_text=&#8221;Maravillas Amoros&#8221; align=&#8221;center&#8221; _builder_version=&#8221;4.9.4&#8243; _module_preset=&#8221;default&#8221; border_radii=&#8221;on|15px|15px|15px|15px&#8221;][\/et_pb_image][et_pb_image src=&#8221;https:\/\/www.aitanacongress.com\/2021\/wp-content\/uploads\/icon_espan\u0303ol.png&#8221; title_text=&#8221;icon_espan\u0303ol&#8221; admin_label=&#8221;Icono ES&#8221; module_class=&#8221;icono-idioma&#8221; _builder_version=&#8221;4.9.4&#8243; _module_preset=&#8221;default&#8221;][\/et_pb_image][\/et_pb_column][et_pb_column type=&#8221;2_3&#8243; _builder_version=&#8221;4.9.4&#8243; _module_preset=&#8221;default&#8221;][et_pb_text admin_label=&#8221;Texto&#8221; _builder_version=&#8221;4.9.4&#8243; _module_preset=&#8221;default&#8221;]<\/p>\n<h5>Maravillas Amor\u00f3s<strong>Maravillas Amor\u00f3s<\/strong><\/h5>\n<p><em>Laude Newton College. Espa\u00f1a<\/em><\/p>\n<p><strong>C\u00f3mo detectar los problemas psicol\u00f3gicos en el contexto escolar: Recursos para la prevenci\u00f3n e intervenci\u00f3n<\/strong><\/p>\n<p>[\/et_pb_text][\/et_pb_column][\/et_pb_row][et_pb_row column_structure=&#8221;1_3,2_3&#8243; use_custom_gutter=&#8221;on&#8221; gutter_width=&#8221;2&#8243; disabled_on=&#8221;off|off|off&#8221; admin_label=&#8221;MANUEL G\u00c1MEZ&#8221; module_class=&#8221;programa-ponente&#8221; _builder_version=&#8221;4.9.4&#8243; _module_preset=&#8221;default&#8221; max_width_tablet=&#8221;&#8221; max_width_phone=&#8221;&#8221; max_width_last_edited=&#8221;on|phone&#8221; module_alignment=&#8221;center&#8221; link_option_url=&#8221;https:\/\/www.aitanacongress.com\/2021\/p_manuel-gamez\/&#8221; collapsed=&#8221;on&#8221;][et_pb_column type=&#8221;1_3&#8243; _builder_version=&#8221;4.9.4&#8243; _module_preset=&#8221;default&#8221;][et_pb_image src=&#8221;https:\/\/www.aitanacongress.com\/2021\/wp-content\/uploads\/manuel-gamez.jpg&#8221; title_text=&#8221;manuel gamez&#8221; align=&#8221;center&#8221; _builder_version=&#8221;4.9.4&#8243; _module_preset=&#8221;default&#8221; border_radii=&#8221;on|15px|15px|15px|15px&#8221;][\/et_pb_image][et_pb_image src=&#8221;https:\/\/www.aitanacongress.com\/2021\/wp-content\/uploads\/icon_espan\u0303ol.png&#8221; title_text=&#8221;icon_espan\u0303ol&#8221; admin_label=&#8221;Icono ES&#8221; module_class=&#8221;icono-idioma&#8221; _builder_version=&#8221;4.9.4&#8243; _module_preset=&#8221;default&#8221;][\/et_pb_image][\/et_pb_column][et_pb_column type=&#8221;2_3&#8243; _builder_version=&#8221;4.9.4&#8243; _module_preset=&#8221;default&#8221;][et_pb_text admin_label=&#8221;Texto&#8221; _builder_version=&#8221;4.9.4&#8243; _module_preset=&#8221;default&#8221;]<\/p>\n<h5>MANUEL G\u00c1MEZ<strong>MANUEL G\u00c1MEZ<\/strong><\/h5>\n<p><em>Universidad Aut\u00f3noma de Madrid. Espa\u00f1a<\/em><\/p>\n<p><strong>Fomentando el uso adecuado de Internet y los Smartphones entre menores: de la gesti\u00f3n de los riesgos a la educaci\u00f3n en valores<\/strong><\/p>\n<p>[\/et_pb_text][\/et_pb_column][\/et_pb_row][\/et_pb_section][et_pb_section fb_built=&#8221;1&#8243; admin_label=&#8221;PREGUNTAS ABIERTAS&#8221; module_id=&#8221;preguntas-abiertas&#8221; module_class=&#8221;subapartado&#8221; _builder_version=&#8221;4.9.4&#8243; _module_preset=&#8221;default&#8221; background_color=&#8221;RGBA(0,0,0,0)&#8221; custom_margin=&#8221;||0px||false|false&#8221; custom_padding=&#8221;||0px||false|false&#8221; collapsed=&#8221;on&#8221;][et_pb_row admin_label=&#8221;Fila&#8221; _builder_version=&#8221;4.9.4&#8243; _module_preset=&#8221;default&#8221; custom_margin=&#8221;0px||0px||false|false&#8221; custom_padding=&#8221;0px||0px||false|false&#8221;][et_pb_column type=&#8221;4_4&#8243; _builder_version=&#8221;4.9.4&#8243; _module_preset=&#8221;default&#8221;][et_pb_text admin_label=&#8221;Preguntas abiertas&#8221; _builder_version=&#8221;4.9.4&#8243; _module_preset=&#8221;default&#8221; text_font=&#8221;|800||on|||||&#8221; header_font=&#8221;|800|||||||&#8221; header_text_color=&#8221;#E46708&#8243; header_3_font=&#8221;|800||on|||||&#8221; header_3_text_color=&#8221;#E46708&#8243; header_3_font_size=&#8221;30px&#8221; text_orientation=&#8221;center&#8221; custom_margin=&#8221;0px||0px||false|false&#8221; custom_padding=&#8221;0px||0px||false|false&#8221;]<\/p>\n<h3><strong>Preguntas abiertas<\/strong><\/h3>\n<p>[\/et_pb_text][\/et_pb_column][\/et_pb_row][\/et_pb_section][et_pb_section fb_built=&#8221;1&#8243; admin_label=&#8221;Ponentes&#8221; module_class=&#8221;bloque-ponentes&#8221; _builder_version=&#8221;4.9.4&#8243; _module_preset=&#8221;default&#8221; width_tablet=&#8221;&#8221; width_phone=&#8221;&#8221; width_last_edited=&#8221;on|phone&#8221; module_alignment=&#8221;center&#8221; custom_margin=&#8221;0px||||false|false&#8221; custom_padding=&#8221;0px|15px||15px|false|false&#8221; custom_css_main_element=&#8221;overflow:hidden;&#8221; collapsed=&#8221;off&#8221;][et_pb_row column_structure=&#8221;1_3,2_3&#8243; use_custom_gutter=&#8221;on&#8221; gutter_width=&#8221;2&#8243; make_equal=&#8221;on&#8221; admin_label=&#8221;Kenneth Griffin&#8221; module_class=&#8221;programa-ponente&#8221; _builder_version=&#8221;4.9.4&#8243; _module_preset=&#8221;default&#8221; max_width_tablet=&#8221;&#8221; max_width_phone=&#8221;&#8221; max_width_last_edited=&#8221;on|phone&#8221; module_alignment=&#8221;center&#8221; custom_margin=&#8221;||||false|false&#8221; custom_padding=&#8221;||||false|false&#8221; link_option_url=&#8221;https:\/\/www.aitanacongress.com\/2021\/p_kenneth-griffin-2&#8243; border_color_right=&#8221;#E46708&#8243; border_color_bottom=&#8221;#E46708&#8243; collapsed=&#8221;on&#8221;][et_pb_column type=&#8221;1_3&#8243; _builder_version=&#8221;4.9.4&#8243; _module_preset=&#8221;default&#8221;][et_pb_image src=&#8221;https:\/\/www.aitanacongress.com\/2021\/wp-content\/uploads\/Kenneth-Griffin-1.jpg&#8221; title_text=&#8221;Kenneth Griffin&#8221; align=&#8221;center&#8221; _builder_version=&#8221;4.9.4&#8243; _module_preset=&#8221;default&#8221; border_radii=&#8221;on|15px|15px|15px|15px&#8221;][\/et_pb_image][et_pb_image src=&#8221;https:\/\/www.aitanacongress.com\/2021\/wp-content\/uploads\/icon_english.png&#8221; title_text=&#8221;icon_english&#8221; admin_label=&#8221;Icono EN&#8221; module_class=&#8221;icono-idioma&#8221; _builder_version=&#8221;4.9.4&#8243; _module_preset=&#8221;default&#8221;][\/et_pb_image][\/et_pb_column][et_pb_column type=&#8221;2_3&#8243; _builder_version=&#8221;4.9.4&#8243; _module_preset=&#8221;default&#8221;][et_pb_text admin_label=&#8221;Texto&#8221; _builder_version=&#8221;4.9.4&#8243; _module_preset=&#8221;default&#8221;]<\/p>\n<h5>Kenneth Griffin <strong>Kenneth Griffin<\/strong><\/h5>\n<p><em>Universidad George Mason. Estados Unidos<\/em><\/p>\n<p><strong>Incorporaci\u00f3n de contenido digital en la programaci\u00f3n de prevenci\u00f3n escolar de la violencia y las drogas <\/strong><\/p>\n<p>[\/et_pb_text][\/et_pb_column][\/et_pb_row][et_pb_row column_structure=&#8221;1_3,2_3&#8243; use_custom_gutter=&#8221;on&#8221; gutter_width=&#8221;2&#8243; admin_label=&#8221;Sara Lera&#8221; module_class=&#8221;programa-ponente&#8221; _builder_version=&#8221;4.9.4&#8243; _module_preset=&#8221;default&#8221; max_width_tablet=&#8221;&#8221; max_width_phone=&#8221;&#8221; max_width_last_edited=&#8221;on|phone&#8221; module_alignment=&#8221;center&#8221; link_option_url=&#8221;https:\/\/www.aitanacongress.com\/2021\/p_sara-lera\/&#8221; collapsed=&#8221;on&#8221;][et_pb_column type=&#8221;1_3&#8243; _builder_version=&#8221;4.9.4&#8243; _module_preset=&#8221;default&#8221;][et_pb_image src=&#8221;https:\/\/www.aitanacongress.com\/2021\/wp-content\/uploads\/Sara-Lera-Miguel.jpg&#8221; title_text=&#8221;Sara Lera Miguel&#8221; align=&#8221;center&#8221; _builder_version=&#8221;4.9.4&#8243; _module_preset=&#8221;default&#8221; border_radii=&#8221;on|15px|15px|15px|15px&#8221;][\/et_pb_image][et_pb_image src=&#8221;https:\/\/www.aitanacongress.com\/2021\/wp-content\/uploads\/icon_espan\u0303ol.png&#8221; title_text=&#8221;icon_espan\u0303ol&#8221; admin_label=&#8221;Icono ES&#8221; module_class=&#8221;icono-idioma&#8221; _builder_version=&#8221;4.9.4&#8243; _module_preset=&#8221;default&#8221;][\/et_pb_image][\/et_pb_column][et_pb_column type=&#8221;2_3&#8243; _builder_version=&#8221;4.9.4&#8243; _module_preset=&#8221;default&#8221;][et_pb_text admin_label=&#8221;Texto&#8221; _builder_version=&#8221;4.9.4&#8243; _module_preset=&#8221;default&#8221;]<\/p>\n<h5>Sara Lera <strong>Sara Lera<\/strong><\/h5>\n<p><em>Hospital Cl\u00ednic de Barcelona. Espa\u00f1a<\/em><\/p>\n<p><strong>\u00bfEs efectiva y segura la terapia cognitivo-conductual en formato online en el tratamiento de los trastornos de ansiedad y del trastorno obsesivo-compulsivo?<\/strong><\/p>\n<p>[\/et_pb_text][\/et_pb_column][\/et_pb_row][et_pb_row column_structure=&#8221;1_3,2_3&#8243; use_custom_gutter=&#8221;on&#8221; gutter_width=&#8221;2&#8243; admin_label=&#8221;Cristina Larroy&#8221; module_class=&#8221;programa-ponente&#8221; _builder_version=&#8221;4.9.4&#8243; _module_preset=&#8221;default&#8221; max_width_tablet=&#8221;&#8221; max_width_phone=&#8221;&#8221; max_width_last_edited=&#8221;on|phone&#8221; module_alignment=&#8221;center&#8221; link_option_url=&#8221;https:\/\/www.aitanacongress.com\/2021\/p_cristina-larroy\/&#8221; collapsed=&#8221;on&#8221;][et_pb_column type=&#8221;1_3&#8243; _builder_version=&#8221;4.9.4&#8243; _module_preset=&#8221;default&#8221;][et_pb_image src=&#8221;https:\/\/www.aitanacongress.com\/2021\/wp-content\/uploads\/CRISTINA-Larroy.jpg&#8221; title_text=&#8221;CRISTINA Larroy&#8221; align=&#8221;center&#8221; admin_label=&#8221;Imagen&#8221; _builder_version=&#8221;4.9.4&#8243; _module_preset=&#8221;default&#8221; border_radii=&#8221;on|15px|15px|15px|15px&#8221;][\/et_pb_image][et_pb_image src=&#8221;https:\/\/www.aitanacongress.com\/2021\/wp-content\/uploads\/icon_espan\u0303ol.png&#8221; title_text=&#8221;icon_espan\u0303ol&#8221; admin_label=&#8221;Icono ES&#8221; module_class=&#8221;icono-idioma&#8221; _builder_version=&#8221;4.9.4&#8243; _module_preset=&#8221;default&#8221;][\/et_pb_image][\/et_pb_column][et_pb_column type=&#8221;2_3&#8243; _builder_version=&#8221;4.9.4&#8243; _module_preset=&#8221;default&#8221;][et_pb_text admin_label=&#8221;Texto&#8221; _builder_version=&#8221;4.9.4&#8243; _module_preset=&#8221;default&#8221;]<\/p>\n<h5>Cristina Larroy <strong>Cristina Larroy<\/strong><\/h5>\n<p><em>Universidad Complutense de Madrid. Espa\u00f1a<\/em><\/p>\n<p><strong>\u00bfFunciona de verdad la psicoterapia a distancia?<\/strong><\/p>\n<p>[\/et_pb_text][\/et_pb_column][\/et_pb_row][et_pb_row column_structure=&#8221;1_3,2_3&#8243; use_custom_gutter=&#8221;on&#8221; gutter_width=&#8221;2&#8243; make_equal=&#8221;on&#8221; admin_label=&#8221;SIMON PETER NEUMER&#8221; module_class=&#8221;programa-ponente&#8221; _builder_version=&#8221;4.9.4&#8243; _module_preset=&#8221;default&#8221; max_width_tablet=&#8221;&#8221; max_width_phone=&#8221;&#8221; max_width_last_edited=&#8221;on|phone&#8221; module_alignment=&#8221;center&#8221; custom_margin=&#8221;||||false|false&#8221; custom_padding=&#8221;||||false|false&#8221; link_option_url=&#8221;https:\/\/www.aitanacongress.com\/2021\/p_simon-peter-neumer-2&#8243; border_color_right=&#8221;#E46708&#8243; border_color_bottom=&#8221;#E46708&#8243; collapsed=&#8221;on&#8221;][et_pb_column type=&#8221;1_3&#8243; _builder_version=&#8221;4.9.4&#8243; _module_preset=&#8221;default&#8221;][et_pb_image src=&#8221;https:\/\/www.aitanacongress.com\/2021\/wp-content\/uploads\/Simon-Peter-Neumer-1.jpg&#8221; title_text=&#8221;Simon-Peter Neumer&#8221; align=&#8221;center&#8221; _builder_version=&#8221;4.9.4&#8243; _module_preset=&#8221;default&#8221; border_radii=&#8221;on|15px|15px|15px|15px&#8221;][\/et_pb_image][et_pb_image src=&#8221;https:\/\/www.aitanacongress.com\/2021\/wp-content\/uploads\/icon_english.png&#8221; title_text=&#8221;icon_english&#8221; admin_label=&#8221;Icono EN&#8221; module_class=&#8221;icono-idioma&#8221; _builder_version=&#8221;4.9.4&#8243; _module_preset=&#8221;default&#8221;][\/et_pb_image][\/et_pb_column][et_pb_column type=&#8221;2_3&#8243; _builder_version=&#8221;4.9.4&#8243; _module_preset=&#8221;default&#8221;][et_pb_text admin_label=&#8221;Texto&#8221; _builder_version=&#8221;4.9.4&#8243; _module_preset=&#8221;default&#8221;]<\/p>\n<h5>SIMON PETER NEUMER <strong>SIMON PETER NEUMER<\/strong><\/h5>\n<p><em>Universidad del \u00c1rtico de Noruega. Noruega<\/em><\/p>\n<p><strong>Why should we prevent emotional disorders in children and adolescents?<\/strong><\/p>\n<p>[\/et_pb_text][\/et_pb_column][\/et_pb_row][et_pb_row column_structure=&#8221;1_3,2_3&#8243; use_custom_gutter=&#8221;on&#8221; gutter_width=&#8221;2&#8243; admin_label=&#8221;Elena Hughet&#8221; module_class=&#8221;programa-ponente&#8221; _builder_version=&#8221;4.9.4&#8243; _module_preset=&#8221;default&#8221; max_width_tablet=&#8221;&#8221; max_width_phone=&#8221;&#8221; max_width_last_edited=&#8221;on|phone&#8221; module_alignment=&#8221;center&#8221; link_option_url=&#8221;https:\/\/www.aitanacongress.com\/2021\/p_elena-hughet\/&#8221; collapsed=&#8221;on&#8221;][et_pb_column type=&#8221;1_3&#8243; _builder_version=&#8221;4.9.4&#8243; _module_preset=&#8221;default&#8221;][et_pb_image src=&#8221;https:\/\/www.aitanacongress.com\/2021\/wp-content\/uploads\/Elena-Hughet.jpg&#8221; title_text=&#8221;Elena Hughet&#8221; align=&#8221;center&#8221; admin_label=&#8221;Imagen&#8221; _builder_version=&#8221;4.9.4&#8243; _module_preset=&#8221;default&#8221; border_radii=&#8221;on|15px|15px|15px|15px&#8221;][\/et_pb_image][et_pb_image src=&#8221;https:\/\/www.aitanacongress.com\/2021\/wp-content\/uploads\/icon_espan\u0303ol.png&#8221; title_text=&#8221;icon_espan\u0303ol&#8221; admin_label=&#8221;Icono ES&#8221; module_class=&#8221;icono-idioma&#8221; _builder_version=&#8221;4.9.4&#8243; _module_preset=&#8221;default&#8221;][\/et_pb_image][\/et_pb_column][et_pb_column type=&#8221;2_3&#8243; _builder_version=&#8221;4.9.4&#8243; _module_preset=&#8221;default&#8221;][et_pb_text admin_label=&#8221;Texto&#8221; _builder_version=&#8221;4.9.4&#8243; _module_preset=&#8221;default&#8221;]<\/p>\n<h5>Elena Hughet <strong>Elena Hughet<\/strong><\/h5>\n<p><em>Pr\u00e1ctica privada. Espa\u00f1a<\/em><\/p>\n<p><strong>\u00bfQu\u00e9 abordajes son m\u00e1s adecuados en el trabajo con la conducta suicida? <\/strong><\/p>\n<p>[\/et_pb_text][\/et_pb_column][\/et_pb_row][et_pb_row column_structure=&#8221;1_3,2_3&#8243; use_custom_gutter=&#8221;on&#8221; gutter_width=&#8221;2&#8243; admin_label=&#8221;Jonatan Molina&#8221; module_class=&#8221;programa-ponente&#8221; _builder_version=&#8221;4.9.4&#8243; _module_preset=&#8221;default&#8221; max_width_tablet=&#8221;&#8221; max_width_phone=&#8221;&#8221; max_width_last_edited=&#8221;on|phone&#8221; module_alignment=&#8221;center&#8221; link_option_url=&#8221;https:\/\/www.aitanacongress.com\/2021\/p_jonatan-molina&#8221; collapsed=&#8221;on&#8221;][et_pb_column type=&#8221;1_3&#8243; _builder_version=&#8221;4.9.4&#8243; _module_preset=&#8221;default&#8221;][et_pb_image src=&#8221;https:\/\/www.aitanacongress.com\/2021\/wp-content\/uploads\/Jonatan-Molina.jpg&#8221; title_text=&#8221;Jonatan Molina&#8221; align=&#8221;center&#8221; admin_label=&#8221;Imagen&#8221; _builder_version=&#8221;4.9.4&#8243; _module_preset=&#8221;default&#8221; border_radii=&#8221;on|15px|15px|15px|15px&#8221;][\/et_pb_image][et_pb_image src=&#8221;https:\/\/www.aitanacongress.com\/2021\/wp-content\/uploads\/icon_espan\u0303ol.png&#8221; title_text=&#8221;icon_espan\u0303ol&#8221; admin_label=&#8221;Icono ES&#8221; module_class=&#8221;icono-idioma&#8221; _builder_version=&#8221;4.9.4&#8243; _module_preset=&#8221;default&#8221;][\/et_pb_image][\/et_pb_column][et_pb_column type=&#8221;2_3&#8243; _builder_version=&#8221;4.9.4&#8243; _module_preset=&#8221;default&#8221;][et_pb_text admin_label=&#8221;Texto&#8221; _builder_version=&#8221;4.9.4&#8243; _module_preset=&#8221;default&#8221;]<\/p>\n<h5>Jonatan Molina <strong>Jonatan Molina<\/strong><\/h5>\n<p><em>Pr\u00e1ctica privada. Espa\u00f1a<\/em><\/p>\n<p><strong>\u00bfSe puede prevenir el TDAH?<\/strong><\/p>\n<p>[\/et_pb_text][\/et_pb_column][\/et_pb_row][et_pb_row column_structure=&#8221;1_3,2_3&#8243; use_custom_gutter=&#8221;on&#8221; gutter_width=&#8221;2&#8243; admin_label=&#8221;Desiree Ruiz&#8221; module_class=&#8221;programa-ponente&#8221; _builder_version=&#8221;4.9.4&#8243; _module_preset=&#8221;default&#8221; max_width_tablet=&#8221;&#8221; max_width_phone=&#8221;&#8221; max_width_last_edited=&#8221;on|phone&#8221; module_alignment=&#8221;center&#8221; link_option_url=&#8221;https:\/\/www.aitanacongress.com\/2021\/p_desiree-ruiz\/&#8221; collapsed=&#8221;on&#8221;][et_pb_column type=&#8221;1_3&#8243; _builder_version=&#8221;4.9.4&#8243; _module_preset=&#8221;default&#8221;][et_pb_image src=&#8221;https:\/\/www.aitanacongress.com\/2021\/wp-content\/uploads\/Desiree-ruiz.jpg&#8221; title_text=&#8221;Desiree ruiz&#8221; align=&#8221;center&#8221; admin_label=&#8221;Imagen&#8221; _builder_version=&#8221;4.9.4&#8243; _module_preset=&#8221;default&#8221; border_radii=&#8221;on|15px|15px|15px|15px&#8221;][\/et_pb_image][et_pb_image src=&#8221;https:\/\/www.aitanacongress.com\/2021\/wp-content\/uploads\/icon_espan\u0303ol.png&#8221; title_text=&#8221;icon_espan\u0303ol&#8221; admin_label=&#8221;Icono ES&#8221; module_class=&#8221;icono-idioma&#8221; _builder_version=&#8221;4.9.4&#8243; _module_preset=&#8221;default&#8221;][\/et_pb_image][\/et_pb_column][et_pb_column type=&#8221;2_3&#8243; _builder_version=&#8221;4.9.4&#8243; _module_preset=&#8221;default&#8221;][et_pb_text admin_label=&#8221;Texto&#8221; _builder_version=&#8221;4.9.4&#8243; _module_preset=&#8221;default&#8221;]<\/p>\n<h5>Desiree Ruiz <strong>Desiree Ruiz <\/strong><\/h5>\n<p><em>Universidad Loyola Andaluc\u00eda. Espa\u00f1a<\/em><\/p>\n<p><strong>\u00bfC\u00f3mo podemos ayudar a mejorar el manejo de la diabetes tipo 1 en adolescentes?<\/strong><\/p>\n<p>[\/et_pb_text][\/et_pb_column][\/et_pb_row][et_pb_row column_structure=&#8221;1_3,2_3&#8243; use_custom_gutter=&#8221;on&#8221; gutter_width=&#8221;2&#8243; admin_label=&#8221;Francisco Alcantud&#8221; module_class=&#8221;programa-ponente&#8221; _builder_version=&#8221;4.9.4&#8243; _module_preset=&#8221;default&#8221; max_width_tablet=&#8221;&#8221; max_width_phone=&#8221;&#8221; max_width_last_edited=&#8221;on|phone&#8221; module_alignment=&#8221;center&#8221; link_option_url=&#8221;https:\/\/www.aitanacongress.com\/2021\/p_francisco-alcantud&#8221; collapsed=&#8221;on&#8221;][et_pb_column type=&#8221;1_3&#8243; _builder_version=&#8221;4.9.4&#8243; _module_preset=&#8221;default&#8221;][et_pb_image src=&#8221;https:\/\/www.aitanacongress.com\/2021\/wp-content\/uploads\/francisco-alcantud.jpg&#8221; title_text=&#8221;francisco alcantud&#8221; align=&#8221;center&#8221; admin_label=&#8221;Imagen&#8221; _builder_version=&#8221;4.9.4&#8243; _module_preset=&#8221;default&#8221; border_radii=&#8221;on|15px|15px|15px|15px&#8221;][\/et_pb_image][et_pb_image src=&#8221;https:\/\/www.aitanacongress.com\/2021\/wp-content\/uploads\/icon_espan\u0303ol.png&#8221; title_text=&#8221;icon_espan\u0303ol&#8221; admin_label=&#8221;Icono ES&#8221; module_class=&#8221;icono-idioma&#8221; _builder_version=&#8221;4.9.4&#8243; _module_preset=&#8221;default&#8221;][\/et_pb_image][\/et_pb_column][et_pb_column type=&#8221;2_3&#8243; _builder_version=&#8221;4.9.4&#8243; _module_preset=&#8221;default&#8221;][et_pb_text admin_label=&#8221;Texto&#8221; _builder_version=&#8221;4.9.4&#8243; _module_preset=&#8221;default&#8221;]<\/p>\n<h5>FRANCISCO ALCANTUD <strong>FRANCISCO ALCANTUD<\/strong><\/h5>\n<p><em>Universidad de Valencia. Espa\u00f1a<\/em><\/p>\n<p><strong>Diferencias en el diagn\u00f3stico de TEA entre hombres y mujeres \u00bfSon los Trastornos del Espectro del Autismo, trastornos masculinos? <\/strong><\/p>\n<p>[\/et_pb_text][\/et_pb_column][\/et_pb_row][et_pb_row column_structure=&#8221;1_3,2_3&#8243; use_custom_gutter=&#8221;on&#8221; gutter_width=&#8221;2&#8243; make_equal=&#8221;on&#8221; admin_label=&#8221;Jo Magne Ingul&#8221; module_class=&#8221;programa-ponente&#8221; _builder_version=&#8221;4.9.4&#8243; _module_preset=&#8221;default&#8221; max_width_tablet=&#8221;&#8221; max_width_phone=&#8221;&#8221; max_width_last_edited=&#8221;on|phone&#8221; module_alignment=&#8221;center&#8221; custom_margin=&#8221;||||false|false&#8221; custom_padding=&#8221;||||false|false&#8221; link_option_url=&#8221;https:\/\/www.aitanacongress.com\/2021\/p_jo-magne-ingul-2&#8243; border_color_right=&#8221;#E46708&#8243; border_color_bottom=&#8221;#E46708&#8243; collapsed=&#8221;on&#8221;][et_pb_column type=&#8221;1_3&#8243; _builder_version=&#8221;4.9.4&#8243; _module_preset=&#8221;default&#8221;][et_pb_image src=&#8221;https:\/\/www.aitanacongress.com\/2021\/wp-content\/uploads\/Jo-Magne-Ingul-1.jpg&#8221; title_text=&#8221;Jo Magne Ingul&#8221; align=&#8221;center&#8221; _builder_version=&#8221;4.9.4&#8243; _module_preset=&#8221;default&#8221; border_radii=&#8221;on|15px|15px|15px|15px&#8221;][\/et_pb_image][et_pb_image src=&#8221;https:\/\/www.aitanacongress.com\/2021\/wp-content\/uploads\/icon_english.png&#8221; title_text=&#8221;icon_english&#8221; admin_label=&#8221;Icono EN&#8221; module_class=&#8221;icono-idioma&#8221; _builder_version=&#8221;4.9.4&#8243; _module_preset=&#8221;default&#8221;][\/et_pb_image][\/et_pb_column][et_pb_column type=&#8221;2_3&#8243; _builder_version=&#8221;4.9.4&#8243; _module_preset=&#8221;default&#8221;][et_pb_text admin_label=&#8221;Texto&#8221; _builder_version=&#8221;4.9.4&#8243; _module_preset=&#8221;default&#8221;]<\/p>\n<h5>JO MAGNE INGUL <strong>JO MAGNE INGUL<\/strong><\/h5>\n<p><em>Norwegian University of Science and Technology. Noruega<\/em><\/p>\n<p><strong>Identificaci\u00f3n temprana del rechazo escolar, \u00bfes posible? <\/strong><\/p>\n<p>[\/et_pb_text][\/et_pb_column][\/et_pb_row][et_pb_row column_structure=&#8221;1_3,2_3&#8243; use_custom_gutter=&#8221;on&#8221; gutter_width=&#8221;2&#8243; admin_label=&#8221;Miguel \u00c1ngel Carrasco&#8221; module_class=&#8221;programa-ponente&#8221; _builder_version=&#8221;4.9.4&#8243; _module_preset=&#8221;default&#8221; max_width_tablet=&#8221;&#8221; max_width_phone=&#8221;&#8221; max_width_last_edited=&#8221;on|phone&#8221; module_alignment=&#8221;center&#8221; link_option_url=&#8221;https:\/\/www.aitanacongress.com\/2021\/p_miguel-angel-carrasco\/&#8221; collapsed=&#8221;on&#8221;][et_pb_column type=&#8221;1_3&#8243; _builder_version=&#8221;4.9.4&#8243; _module_preset=&#8221;default&#8221;][et_pb_image src=&#8221;https:\/\/www.aitanacongress.com\/2021\/wp-content\/uploads\/miguel-angel-carrasco.jpg&#8221; title_text=&#8221;miguel angel carrasco&#8221; align=&#8221;center&#8221; admin_label=&#8221;Imagen&#8221; _builder_version=&#8221;4.9.4&#8243; _module_preset=&#8221;default&#8221; border_radii=&#8221;on|15px|15px|15px|15px&#8221;][\/et_pb_image][et_pb_image src=&#8221;https:\/\/www.aitanacongress.com\/2021\/wp-content\/uploads\/icon_espan\u0303ol.png&#8221; title_text=&#8221;icon_espan\u0303ol&#8221; admin_label=&#8221;Icono ES&#8221; module_class=&#8221;icono-idioma&#8221; _builder_version=&#8221;4.9.4&#8243; _module_preset=&#8221;default&#8221;][\/et_pb_image][\/et_pb_column][et_pb_column type=&#8221;2_3&#8243; _builder_version=&#8221;4.9.4&#8243; _module_preset=&#8221;default&#8221;][et_pb_text admin_label=&#8221;Texto&#8221; _builder_version=&#8221;4.9.4&#8243; _module_preset=&#8221;default&#8221;]<\/p>\n<h5>Miguel \u00c1ngel Carrasco <strong>Miguel \u00c1ngel Carrasco<\/strong><\/h5>\n<p><em>Universidad Nacional de Educaci\u00f3n a Distancia. Espa\u00f1a<\/em><\/p>\n<p><strong>\u00bfC\u00f3mo explicar y abordar la agresi\u00f3n en los ni\u00f1os y adolescentes?<\/strong><\/p>\n<p>[\/et_pb_text][\/et_pb_column][\/et_pb_row][et_pb_row column_structure=&#8221;1_3,2_3&#8243; use_custom_gutter=&#8221;on&#8221; gutter_width=&#8221;2&#8243; admin_label=&#8221;Ana Rosa Sep\u00falveda&#8221; module_class=&#8221;programa-ponente&#8221; _builder_version=&#8221;4.9.4&#8243; _module_preset=&#8221;default&#8221; max_width_tablet=&#8221;&#8221; max_width_phone=&#8221;&#8221; max_width_last_edited=&#8221;on|phone&#8221; module_alignment=&#8221;center&#8221; link_option_url=&#8221;https:\/\/www.aitanacongress.com\/2021\/p_ana-rosa-sepulveda&#8221; collapsed=&#8221;on&#8221;][et_pb_column type=&#8221;1_3&#8243; _builder_version=&#8221;4.9.4&#8243; _module_preset=&#8221;default&#8221;][et_pb_image src=&#8221;https:\/\/www.aitanacongress.com\/2021\/wp-content\/uploads\/Ana-Rosa-Sepulveda.png&#8221; title_text=&#8221;Ana Rosa Sep\u00falveda&#8221; align=&#8221;center&#8221; admin_label=&#8221;Imagen&#8221; _builder_version=&#8221;4.9.4&#8243; _module_preset=&#8221;default&#8221; border_radii=&#8221;on|15px|15px|15px|15px&#8221;][\/et_pb_image][et_pb_image src=&#8221;https:\/\/www.aitanacongress.com\/2021\/wp-content\/uploads\/icon_espan\u0303ol.png&#8221; title_text=&#8221;icon_espan\u0303ol&#8221; admin_label=&#8221;Icono ES&#8221; module_class=&#8221;icono-idioma&#8221; _builder_version=&#8221;4.9.4&#8243; _module_preset=&#8221;default&#8221;][\/et_pb_image][\/et_pb_column][et_pb_column type=&#8221;2_3&#8243; _builder_version=&#8221;4.9.4&#8243; _module_preset=&#8221;default&#8221;][et_pb_text admin_label=&#8221;Texto&#8221; _builder_version=&#8221;4.9.4&#8243; _module_preset=&#8221;default&#8221;]<\/p>\n<h5>Ana Rosa Sep\u00falveda<\/h5>\n<p><em>Universidad Aut\u00f3noma de Madrid. Espa\u00f1a\u00a0<\/em><\/p>\n<p><strong>\u00bfC\u00f3mo han avanzado los modelos etiol\u00f3gicos en los trastornos del comportamiento alimentario?<\/strong><\/p>\n<p>[\/et_pb_text][\/et_pb_column][\/et_pb_row][et_pb_row column_structure=&#8221;1_3,2_3&#8243; use_custom_gutter=&#8221;on&#8221; gutter_width=&#8221;2&#8243; admin_label=&#8221;Inmaculada G\u00f3mez&#8221; module_class=&#8221;programa-ponente&#8221; _builder_version=&#8221;4.9.4&#8243; _module_preset=&#8221;default&#8221; max_width_tablet=&#8221;&#8221; max_width_phone=&#8221;&#8221; max_width_last_edited=&#8221;on|phone&#8221; module_alignment=&#8221;center&#8221; link_option_url=&#8221;https:\/\/www.aitanacongress.com\/2021\/inmaculada-gomez\/&#8221; collapsed=&#8221;on&#8221;][et_pb_column type=&#8221;1_3&#8243; _builder_version=&#8221;4.9.4&#8243; _module_preset=&#8221;default&#8221;][et_pb_image src=&#8221;https:\/\/www.aitanacongress.com\/2021\/wp-content\/uploads\/FOTO-INMA-GOMEZ.jpeg&#8221; title_text=&#8221;FOTO INMA GOMEZ&#8221; align=&#8221;center&#8221; admin_label=&#8221;Imagen&#8221; _builder_version=&#8221;4.9.4&#8243; _module_preset=&#8221;default&#8221; border_radii=&#8221;on|15px|15px|15px|15px&#8221;][\/et_pb_image][et_pb_image src=&#8221;https:\/\/www.aitanacongress.com\/2021\/wp-content\/uploads\/icon_espan\u0303ol.png&#8221; title_text=&#8221;icon_espan\u0303ol&#8221; admin_label=&#8221;Icono ES&#8221; module_class=&#8221;icono-idioma&#8221; _builder_version=&#8221;4.9.4&#8243; _module_preset=&#8221;default&#8221;][\/et_pb_image][\/et_pb_column][et_pb_column type=&#8221;2_3&#8243; _builder_version=&#8221;4.9.4&#8243; _module_preset=&#8221;default&#8221;][et_pb_text admin_label=&#8221;Texto&#8221; _builder_version=&#8221;4.9.4&#8243; _module_preset=&#8221;default&#8221;]<\/p>\n<h5>Inmaculada G\u00f3mez<\/h5>\n<p><em>Universidad de Almer\u00eda. Espa\u00f1a\u00a0<\/em><\/p>\n<p><strong>\u00bfCu\u00e1l es el rol de la\u00a0Flexibilidad Psicol\u00f3gica y la Regulaci\u00f3n Emocional en la Parentalidad?<\/strong><\/p>\n<p>[\/et_pb_text][\/et_pb_column][\/et_pb_row][et_pb_row column_structure=&#8221;1_3,2_3&#8243; use_custom_gutter=&#8221;on&#8221; gutter_width=&#8221;2&#8243; make_equal=&#8221;on&#8221; disabled_on=&#8221;off|off|off&#8221; admin_label=&#8221;Jordi Mir\u00f3&#8221; module_class=&#8221;programa-ponente&#8221; _builder_version=&#8221;4.9.4&#8243; _module_preset=&#8221;default&#8221; max_width_tablet=&#8221;&#8221; max_width_phone=&#8221;&#8221; max_width_last_edited=&#8221;on|phone&#8221; module_alignment=&#8221;center&#8221; custom_margin=&#8221;||||false|false&#8221; custom_padding=&#8221;||||false|false&#8221; link_option_url=&#8221;https:\/\/www.aitanacongress.com\/2021\/p_jordi-miro\/&#8221; border_color_right=&#8221;#E46708&#8243; border_color_bottom=&#8221;#E46708&#8243; locked=&#8221;off&#8221; collapsed=&#8221;on&#8221;][et_pb_column type=&#8221;1_3&#8243; _builder_version=&#8221;4.9.4&#8243; _module_preset=&#8221;default&#8221; link_option_url=&#8221;https:\/\/www.aitanacongress.com\/2021\/&#8221;][et_pb_image src=&#8221;https:\/\/www.aitanacongress.com\/2021\/wp-content\/uploads\/Jordi-M.jpg&#8221; title_text=&#8221;Jordi M&#8221; align=&#8221;center&#8221; _builder_version=&#8221;4.9.4&#8243; _module_preset=&#8221;default&#8221; border_radii=&#8221;on|15px|15px|15px|15px&#8221;][\/et_pb_image][et_pb_image src=&#8221;https:\/\/www.aitanacongress.com\/2021\/wp-content\/uploads\/icon_espan\u0303ol.png&#8221; title_text=&#8221;icon_espan\u0303ol&#8221; admin_label=&#8221;Icono ES&#8221; module_class=&#8221;icono-idioma&#8221; _builder_version=&#8221;4.9.4&#8243; _module_preset=&#8221;default&#8221;][\/et_pb_image][\/et_pb_column][et_pb_column type=&#8221;2_3&#8243; _builder_version=&#8221;4.9.4&#8243; _module_preset=&#8221;default&#8221;][et_pb_text admin_label=&#8221;Texto&#8221; _builder_version=&#8221;4.9.4&#8243; _module_preset=&#8221;default&#8221; link_option_url=&#8221;https:\/\/www.aitanacongress.com\/2021\/p_jordi-miro\/&#8221;]<\/p>\n<h5>Jordi Mir\u00f3<\/h5>\n<p><em>Universitat Rovira i Virgili. Espa\u00f1a<\/em><\/p>\n<p><strong>\u00bfEs el dolor cr\u00f3nico un problema de salud p\u00fablica en la poblaci\u00f3n infantojuvenil? Y, \u00bfqu\u00e9 podemos hacer desde la Psicolog\u00eda?<\/strong><\/p>\n<p>[\/et_pb_text][\/et_pb_column][\/et_pb_row][\/et_pb_section][et_pb_section fb_built=&#8221;1&#8243; admin_label=&#8221;SIMPOSIOS&#8221; module_id=&#8221;simposios&#8221; module_class=&#8221;subapartado&#8221; _builder_version=&#8221;4.9.4&#8243; _module_preset=&#8221;default&#8221; background_color=&#8221;RGBA(0,0,0,0)&#8221; custom_margin=&#8221;||0px||false|false&#8221; custom_padding=&#8221;||0px||false|false&#8221; collapsed=&#8221;off&#8221;][et_pb_row admin_label=&#8221;Fila&#8221; _builder_version=&#8221;4.9.4&#8243; _module_preset=&#8221;default&#8221; custom_margin=&#8221;0px||0px||false|false&#8221; custom_padding=&#8221;0px||0px||false|false&#8221; collapsed=&#8221;on&#8221;][et_pb_column type=&#8221;4_4&#8243; _builder_version=&#8221;4.9.4&#8243; _module_preset=&#8221;default&#8221;][et_pb_text admin_label=&#8221;Simposios&#8221; _builder_version=&#8221;4.9.4&#8243; _module_preset=&#8221;default&#8221; text_font=&#8221;|800||on|||||&#8221; header_font=&#8221;|800|||||||&#8221; header_text_color=&#8221;#E46708&#8243; header_3_font=&#8221;|800||on|||||&#8221; header_3_text_color=&#8221;#E46708&#8243; header_3_font_size=&#8221;30px&#8221; text_orientation=&#8221;center&#8221; custom_margin=&#8221;0px||0px||false|false&#8221; custom_padding=&#8221;0px||0px||false|false&#8221;]<\/p>\n<h3><strong>Simposios<\/strong><\/h3>\n<p>[\/et_pb_text][\/et_pb_column][\/et_pb_row][\/et_pb_section][et_pb_section fb_built=&#8221;1&#8243; admin_label=&#8221;Ponentes&#8221; module_class=&#8221;bloque-ponentes&#8221; _builder_version=&#8221;4.9.4&#8243; _module_preset=&#8221;default&#8221; background_color=&#8221;RGBA(0,0,0,0)&#8221; width_tablet=&#8221;&#8221; width_phone=&#8221;&#8221; width_last_edited=&#8221;on|phone&#8221; module_alignment=&#8221;center&#8221; custom_margin=&#8221;0px||||false|false&#8221; custom_padding=&#8221;0px|15px||15px|false|false&#8221; custom_css_main_element=&#8221;overflow:hidden;&#8221; collapsed=&#8221;off&#8221;][et_pb_row column_structure=&#8221;1_3,2_3&#8243; use_custom_gutter=&#8221;on&#8221; gutter_width=&#8221;2&#8243; disabled_on=&#8221;off|off|off&#8221; admin_label=&#8221;Jonatan Molina&#8221; module_class=&#8221;programa-ponente&#8221; _builder_version=&#8221;4.9.4&#8243; _module_preset=&#8221;default&#8221; max_width_tablet=&#8221;&#8221; max_width_phone=&#8221;&#8221; max_width_last_edited=&#8221;on|phone&#8221; module_alignment=&#8221;center&#8221; link_option_url=&#8221;https:\/\/www.aitanacongress.com\/2021\/p_jonatan-molina\/&#8221; collapsed=&#8221;on&#8221;][et_pb_column type=&#8221;1_3&#8243; _builder_version=&#8221;4.9.4&#8243; _module_preset=&#8221;default&#8221;][et_pb_image src=&#8221;https:\/\/www.aitanacongress.com\/2021\/wp-content\/uploads\/Jonatan-Molina.jpg&#8221; title_text=&#8221;Jonatan Molina&#8221; align=&#8221;center&#8221; _builder_version=&#8221;4.9.4&#8243; _module_preset=&#8221;default&#8221; border_radii=&#8221;on|15px|15px|15px|15px&#8221;][\/et_pb_image][et_pb_image src=&#8221;https:\/\/www.aitanacongress.com\/2021\/wp-content\/uploads\/icon_espan\u0303ol.png&#8221; title_text=&#8221;icon_espan\u0303ol&#8221; admin_label=&#8221;Icono ES&#8221; module_class=&#8221;icono-idioma&#8221; _builder_version=&#8221;4.9.4&#8243; _module_preset=&#8221;default&#8221;][\/et_pb_image][\/et_pb_column][et_pb_column type=&#8221;2_3&#8243; _builder_version=&#8221;4.9.4&#8243; _module_preset=&#8221;default&#8221;][et_pb_text admin_label=&#8221;Texto&#8221; _builder_version=&#8221;4.9.4&#8243; _module_preset=&#8221;default&#8221;]<\/p>\n<h5>Jonatan Molina<strong>Jonatan Molina<\/strong><\/h5>\n<p><em>Pr\u00e1ctica privada. Espa\u00f1a<\/em><\/p>\n<p><strong>Casos cl\u00ednicos en psicolog\u00eda infanto-juvenil. Estudio de casos en psicolog\u00eda cl\u00ednica infantil<\/strong><\/p>\n<p>[\/et_pb_text][\/et_pb_column][\/et_pb_row][et_pb_row column_structure=&#8221;1_3,2_3&#8243; use_custom_gutter=&#8221;on&#8221; gutter_width=&#8221;2&#8243; disabled_on=&#8221;off|off|off&#8221; admin_label=&#8221;Agustin Ernesto Martinez&#8221; module_class=&#8221;programa-ponente&#8221; _builder_version=&#8221;4.9.4&#8243; _module_preset=&#8221;default&#8221; max_width_tablet=&#8221;&#8221; max_width_phone=&#8221;&#8221; max_width_last_edited=&#8221;on|phone&#8221; module_alignment=&#8221;center&#8221; link_option_url=&#8221;https:\/\/www.aitanacongress.com\/2021\/p_agustin-ernesto-martinez\/&#8221; collapsed=&#8221;on&#8221;][et_pb_column type=&#8221;1_3&#8243; _builder_version=&#8221;4.9.4&#8243; _module_preset=&#8221;default&#8221;][et_pb_image src=&#8221;https:\/\/www.aitanacongress.com\/2021\/wp-content\/uploads\/foto-agustin-color-e1623089973151.jpg&#8221; title_text=&#8221;foto agustin color&#8221; align=&#8221;center&#8221; _builder_version=&#8221;4.9.4&#8243; _module_preset=&#8221;default&#8221; border_radii=&#8221;on|15px|15px|15px|15px&#8221;][\/et_pb_image][et_pb_image src=&#8221;https:\/\/www.aitanacongress.com\/2021\/wp-content\/uploads\/icon_espan\u0303ol.png&#8221; title_text=&#8221;icon_espan\u0303ol&#8221; admin_label=&#8221;Icono ES&#8221; module_class=&#8221;icono-idioma&#8221; _builder_version=&#8221;4.9.4&#8243; _module_preset=&#8221;default&#8221;][\/et_pb_image][\/et_pb_column][et_pb_column type=&#8221;2_3&#8243; _builder_version=&#8221;4.9.4&#8243; _module_preset=&#8221;default&#8221;][et_pb_text admin_label=&#8221;Texto&#8221; _builder_version=&#8221;4.9.4&#8243; _module_preset=&#8221;default&#8221;]<\/p>\n<h5>Agustin Ernesto Mart\u00ednez<strong>Agustin Ernesto Mart\u00edneza<\/strong><\/h5>\n<p><em>Universidad de Alicante. Espa\u00f1a<\/em><\/p>\n<p><strong>Perspectiva integral del autismo: Dolor, s\u00edntomas gastro-intestinales, gut-microbiota y probi\u00f3ticos<\/strong><\/p>\n<p>[\/et_pb_text][\/et_pb_column][\/et_pb_row][et_pb_row column_structure=&#8221;1_3,2_3&#8243; use_custom_gutter=&#8221;on&#8221; gutter_width=&#8221;2&#8243; admin_label=&#8221;Mateu Servera&#8221; module_class=&#8221;programa-ponente&#8221; _builder_version=&#8221;4.9.4&#8243; _module_preset=&#8221;default&#8221; max_width_tablet=&#8221;&#8221; max_width_phone=&#8221;&#8221; max_width_last_edited=&#8221;on|phone&#8221; module_alignment=&#8221;center&#8221; custom_margin=&#8221;|auto||-152px||&#8221; link_option_url=&#8221;https:\/\/www.aitanacongress.com\/2021\/p_mateu-servera\/&#8221; collapsed=&#8221;on&#8221;][et_pb_column type=&#8221;1_3&#8243; _builder_version=&#8221;4.9.4&#8243; _module_preset=&#8221;default&#8221;][et_pb_image src=&#8221;https:\/\/www.aitanacongress.com\/2021\/wp-content\/uploads\/mateu-servera.jpg&#8221; title_text=&#8221;mateu-servera&#8221; align=&#8221;center&#8221; _builder_version=&#8221;4.9.4&#8243; _module_preset=&#8221;default&#8221; border_radii=&#8221;on|15px|15px|15px|15px&#8221;][\/et_pb_image][et_pb_image src=&#8221;https:\/\/www.aitanacongress.com\/2021\/wp-content\/uploads\/icon_espan\u0303ol.png&#8221; title_text=&#8221;icon_espan\u0303ol&#8221; admin_label=&#8221;Icono ES&#8221; module_class=&#8221;icono-idioma&#8221; _builder_version=&#8221;4.9.4&#8243; _module_preset=&#8221;default&#8221;][\/et_pb_image][\/et_pb_column][et_pb_column type=&#8221;2_3&#8243; _builder_version=&#8221;4.9.4&#8243; _module_preset=&#8221;default&#8221;][et_pb_text admin_label=&#8221;Texto&#8221; _builder_version=&#8221;4.9.4&#8243; _module_preset=&#8221;default&#8221;]<\/p>\n<h5>Mateu Servera <strong>Mateu Servera<\/strong><\/h5>\n<p><em>Universidad de las Islas Baleares. Espa\u00f1a<\/em><\/p>\n<p><strong>Los fenotipos de la inatenci\u00f3n en el ni\u00f1o: perfiles conductuales y neuropsicol\u00f3gicos<\/strong><\/p>\n<p>[\/et_pb_text][\/et_pb_column][\/et_pb_row][et_pb_row column_structure=&#8221;1_3,2_3&#8243; use_custom_gutter=&#8221;on&#8221; gutter_width=&#8221;2&#8243; admin_label=&#8221;Ana Tur&#8221; module_class=&#8221;programa-ponente&#8221; _builder_version=&#8221;4.9.4&#8243; _module_preset=&#8221;default&#8221; max_width_tablet=&#8221;&#8221; max_width_phone=&#8221;&#8221; max_width_last_edited=&#8221;on|phone&#8221; module_alignment=&#8221;center&#8221; link_option_url=&#8221;https:\/\/www.aitanacongress.com\/2021\/p_ana-tur\/&#8221; collapsed=&#8221;on&#8221;][et_pb_column type=&#8221;1_3&#8243; _builder_version=&#8221;4.9.4&#8243; _module_preset=&#8221;default&#8221;][et_pb_image src=&#8221;https:\/\/www.aitanacongress.com\/2021\/wp-content\/uploads\/ANA-Tur-Porcar.jpg&#8221; title_text=&#8221;ANA Tur-Porcar&#8221; align=&#8221;center&#8221; _builder_version=&#8221;4.9.4&#8243; _module_preset=&#8221;default&#8221; border_radii=&#8221;on|15px|15px|15px|15px&#8221;][\/et_pb_image][et_pb_image src=&#8221;https:\/\/www.aitanacongress.com\/2021\/wp-content\/uploads\/icon_espan\u0303ol.png&#8221; title_text=&#8221;icon_espan\u0303ol&#8221; admin_label=&#8221;Icono ES&#8221; module_class=&#8221;icono-idioma&#8221; _builder_version=&#8221;4.9.4&#8243; _module_preset=&#8221;default&#8221;][\/et_pb_image][\/et_pb_column][et_pb_column type=&#8221;2_3&#8243; _builder_version=&#8221;4.9.4&#8243; _module_preset=&#8221;default&#8221;][et_pb_text admin_label=&#8221;Texto&#8221; _builder_version=&#8221;4.9.4&#8243; _module_preset=&#8221;default&#8221;]<\/p>\n<h5>Ana Tur <strong>Ana Tur<\/strong><\/h5>\n<p><em>Universidad de Valencia. Espa\u00f1a<\/em><\/p>\n<p><strong>Proceso emocionales y comportamentales en la adolescencia<\/strong><\/p>\n<p>[\/et_pb_text][\/et_pb_column][\/et_pb_row][et_pb_row column_structure=&#8221;1_3,2_3&#8243; use_custom_gutter=&#8221;on&#8221; gutter_width=&#8221;2&#8243; make_equal=&#8221;on&#8221; disabled_on=&#8221;off|off|off&#8221; admin_label=&#8221;Denise  Brend&#8221; module_class=&#8221;programa-ponente&#8221; _builder_version=&#8221;4.9.4&#8243; _module_preset=&#8221;default&#8221; max_width_tablet=&#8221;&#8221; max_width_phone=&#8221;&#8221; max_width_last_edited=&#8221;on|phone&#8221; module_alignment=&#8221;center&#8221; custom_margin=&#8221;||||false|false&#8221; custom_padding=&#8221;||||false|false&#8221; link_option_url=&#8221;https:\/\/www.aitanacongress.com\/2021\/p_denisebrend\/&#8221; border_color_right=&#8221;#E46708&#8243; border_color_bottom=&#8221;#E46708&#8243; locked=&#8221;off&#8221; collapsed=&#8221;on&#8221;][et_pb_column type=&#8221;1_3&#8243; _builder_version=&#8221;4.9.4&#8243; _module_preset=&#8221;default&#8221; link_option_url=&#8221;https:\/\/www.aitanacongress.com\/2021\/p_denisbrend\/&#8221;][et_pb_image src=&#8221;https:\/\/www.aitanacongress.com\/2021\/wp-content\/uploads\/Denisse-B.jpg&#8221; title_text=&#8221;Denisse B&#8221; align=&#8221;center&#8221; _builder_version=&#8221;4.9.4&#8243; _module_preset=&#8221;default&#8221; border_radii=&#8221;on|15px|15px|15px|15px&#8221;][\/et_pb_image][et_pb_image src=&#8221;https:\/\/www.aitanacongress.com\/2021\/wp-content\/uploads\/icon_english.png&#8221; title_text=&#8221;icon_english&#8221; admin_label=&#8221;Icono EN&#8221; module_class=&#8221;icono-idioma&#8221; _builder_version=&#8221;4.9.4&#8243; _module_preset=&#8221;default&#8221;][\/et_pb_image][\/et_pb_column][et_pb_column type=&#8221;2_3&#8243; _builder_version=&#8221;4.9.4&#8243; _module_preset=&#8221;default&#8221;][et_pb_text admin_label=&#8221;Texto&#8221; _builder_version=&#8221;4.9.4&#8243; _module_preset=&#8221;default&#8221; link_option_url=&#8221;https:\/\/www.aitanacongress.com\/2021\/p_denisebrend\/&#8221;]<\/p>\n<h5>Denise Brend<\/h5>\n<p><em>Universidad Laval. Canad\u00e1<\/em><\/p>\n<p><strong>El \u201cotro\u201d en la relaci\u00f3n de ayuda: examinar el bienestar, las necesidades morales y relacionales de los profesionales del bienestar infantil en una era de atenci\u00f3n basada en el trauma<\/strong><\/p>\n<p>[\/et_pb_text][\/et_pb_column][\/et_pb_row][et_pb_row column_structure=&#8221;1_3,2_3&#8243; use_custom_gutter=&#8221;on&#8221; gutter_width=&#8221;2&#8243; make_equal=&#8221;on&#8221; disabled_on=&#8221;off|off|off&#8221; admin_label=&#8221;Isabel Maria Costa Soares&#8221; module_class=&#8221;programa-ponente&#8221; _builder_version=&#8221;4.9.4&#8243; _module_preset=&#8221;default&#8221; max_width_tablet=&#8221;&#8221; max_width_phone=&#8221;&#8221; max_width_last_edited=&#8221;on|phone&#8221; module_alignment=&#8221;center&#8221; custom_margin=&#8221;||||false|false&#8221; custom_padding=&#8221;||||false|false&#8221; link_option_url=&#8221;https:\/\/www.aitanacongress.com\/2021\/p_isabelsoares-2&#8243; border_color_right=&#8221;#E46708&#8243; border_color_bottom=&#8221;#E46708&#8243; locked=&#8221;off&#8221; collapsed=&#8221;on&#8221;][et_pb_column type=&#8221;1_3&#8243; _builder_version=&#8221;4.9.4&#8243; _module_preset=&#8221;default&#8221; link_option_url=&#8221;https:\/\/www.aitanacongress.com\/2021\/&#8221;][et_pb_image src=&#8221;https:\/\/www.aitanacongress.com\/2021\/wp-content\/uploads\/IsabelSoares-2.jpg&#8221; title_text=&#8221;IsabelSoares&#8221; url=&#8221;https:\/\/www.aitanacongress.com\/2021\/p_isabelsoares-2&#8243; align=&#8221;center&#8221; _builder_version=&#8221;4.9.4&#8243; _module_preset=&#8221;default&#8221; border_radii=&#8221;on|15px|15px|15px|15px&#8221;][\/et_pb_image][et_pb_image src=&#8221;https:\/\/www.aitanacongress.com\/2021\/wp-content\/uploads\/icon_english.png&#8221; title_text=&#8221;icon_english&#8221; admin_label=&#8221;Icono EN&#8221; module_class=&#8221;icono-idioma&#8221; _builder_version=&#8221;4.9.4&#8243; _module_preset=&#8221;default&#8221;][\/et_pb_image][\/et_pb_column][et_pb_column type=&#8221;2_3&#8243; _builder_version=&#8221;4.9.4&#8243; _module_preset=&#8221;default&#8221;][et_pb_text admin_label=&#8221;Texto&#8221; _builder_version=&#8221;4.9.4&#8243; _module_preset=&#8221;default&#8221; link_option_url=&#8221;https:\/\/www.aitanacongress.com\/2021\/p_isabelsoares-2&#8243;]<\/p>\n<h5>Isabel Maria Costa Soares<\/h5>\n<p><em>Universidad del Mi\u00f1o. Portugal<\/em><\/p>\n<p><strong>Laboratorio colaborativo ProChild: modelos innovadores para la protecci\u00f3n infantil, la salud mental, la educaci\u00f3n temprana y la participaci\u00f3n social<\/strong><\/p>\n<p>[\/et_pb_text][\/et_pb_column][\/et_pb_row][et_pb_row column_structure=&#8221;1_3,2_3&#8243; use_custom_gutter=&#8221;on&#8221; gutter_width=&#8221;2&#8243; make_equal=&#8221;on&#8221; disabled_on=&#8221;off|off|off&#8221; admin_label=&#8221;Elisa Delvecchio&#8221; module_class=&#8221;programa-ponente&#8221; _builder_version=&#8221;4.9.4&#8243; _module_preset=&#8221;default&#8221; max_width_tablet=&#8221;&#8221; max_width_phone=&#8221;&#8221; max_width_last_edited=&#8221;on|phone&#8221; module_alignment=&#8221;center&#8221; custom_margin=&#8221;||||false|false&#8221; custom_padding=&#8221;||||false|false&#8221; link_option_url=&#8221;https:\/\/www.aitanacongress.com\/2021\/p_elisadelvecchio-2&#8243; border_color_right=&#8221;#E46708&#8243; border_color_bottom=&#8221;#E46708&#8243; locked=&#8221;off&#8221; collapsed=&#8221;on&#8221;][et_pb_column type=&#8221;1_3&#8243; _builder_version=&#8221;4.9.4&#8243; _module_preset=&#8221;default&#8221; link_option_url=&#8221;https:\/\/www.aitanacongress.com\/2021\/&#8221;][et_pb_image src=&#8221;https:\/\/www.aitanacongress.com\/2021\/wp-content\/uploads\/Elisa-Delvecchio.jpg&#8221; title_text=&#8221;Elisa-Delvecchio&#8221; align=&#8221;center&#8221; _builder_version=&#8221;4.9.4&#8243; _module_preset=&#8221;default&#8221; border_radii=&#8221;on|15px|15px|15px|15px&#8221;][\/et_pb_image][et_pb_image src=&#8221;https:\/\/www.aitanacongress.com\/2021\/wp-content\/uploads\/icon_english.png&#8221; title_text=&#8221;icon_english&#8221; admin_label=&#8221;Icono EN&#8221; module_class=&#8221;icono-idioma&#8221; _builder_version=&#8221;4.9.4&#8243; _module_preset=&#8221;default&#8221;][\/et_pb_image][\/et_pb_column][et_pb_column type=&#8221;2_3&#8243; _builder_version=&#8221;4.9.4&#8243; _module_preset=&#8221;default&#8221;][et_pb_text admin_label=&#8221;Texto&#8221; _builder_version=&#8221;4.9.4&#8243; _module_preset=&#8221;default&#8221; link_option_url=&#8221;https:\/\/www.aitanacongress.com\/2021\/p_elisadelvecchio-2&#8243;]<\/p>\n<h5>Elisa Delvecchio<\/h5>\n<p><em>Universidad de Perugia. Italia<\/em><\/p>\n<p><strong>El impacto psicol\u00f3gico del COVID-19 en los ni\u00f1os: Evidencia en diferentes entornos<\/strong><\/p>\n<p>[\/et_pb_text][\/et_pb_column][\/et_pb_row][et_pb_row column_structure=&#8221;1_3,2_3&#8243; use_custom_gutter=&#8221;on&#8221; gutter_width=&#8221;2&#8243; make_equal=&#8221;on&#8221; disabled_on=&#8221;off|off|off&#8221; admin_label=&#8221;Margarida Rangel Henriques&#8221; module_class=&#8221;programa-ponente&#8221; _builder_version=&#8221;4.9.4&#8243; _module_preset=&#8221;default&#8221; max_width_tablet=&#8221;&#8221; max_width_phone=&#8221;&#8221; max_width_last_edited=&#8221;on|phone&#8221; module_alignment=&#8221;center&#8221; custom_margin=&#8221;||||false|false&#8221; custom_padding=&#8221;||||false|false&#8221; link_option_url=&#8221;https:\/\/www.aitanacongress.com\/2021\/p_margarida-rangel-henriques\/&#8221; border_color_right=&#8221;#E46708&#8243; border_color_bottom=&#8221;#E46708&#8243; locked=&#8221;off&#8221; collapsed=&#8221;on&#8221;][et_pb_column type=&#8221;1_3&#8243; _builder_version=&#8221;4.9.4&#8243; _module_preset=&#8221;default&#8221; link_option_url=&#8221;https:\/\/www.aitanacongress.com\/2021\/&#8221;][et_pb_image src=&#8221;https:\/\/www.aitanacongress.com\/2021\/wp-content\/uploads\/Foto_MRH_page-0001.jpg&#8221; title_text=&#8221;Foto_MRH_page-0001&#8243; align=&#8221;center&#8221; _builder_version=&#8221;4.9.4&#8243; _module_preset=&#8221;default&#8221; border_radii=&#8221;on|15px|15px|15px|15px&#8221;][\/et_pb_image][et_pb_image src=&#8221;https:\/\/www.aitanacongress.com\/2021\/wp-content\/uploads\/icon_english.png&#8221; title_text=&#8221;icon_english&#8221; admin_label=&#8221;Icono EN&#8221; module_class=&#8221;icono-idioma&#8221; _builder_version=&#8221;4.9.4&#8243; _module_preset=&#8221;default&#8221;][\/et_pb_image][\/et_pb_column][et_pb_column type=&#8221;2_3&#8243; _builder_version=&#8221;4.9.4&#8243; _module_preset=&#8221;default&#8221;][et_pb_text admin_label=&#8221;Texto&#8221; _builder_version=&#8221;4.9.4&#8243; _module_preset=&#8221;default&#8221; link_option_url=&#8221;https:\/\/www.aitanacongress.com\/2021\/p_margarida-rangel-henriques\/&#8221;]<\/p>\n<h5>Margarida Rangel Henriques<\/h5>\n<p><em>Universidad de Oporto. Portugal\u00a0<\/em><\/p>\n<p><strong>Estar ah\u00ed, incluso en tiempos de pandemia: intervenciones psicol\u00f3gicas online<\/strong><\/p>\n<p>[\/et_pb_text][\/et_pb_column][\/et_pb_row][et_pb_row column_structure=&#8221;1_3,2_3&#8243; use_custom_gutter=&#8221;on&#8221; gutter_width=&#8221;2&#8243; make_equal=&#8221;on&#8221; disabled_on=&#8221;off|off|off&#8221; admin_label=&#8221;Michele Giannotti&#8221; module_class=&#8221;programa-ponente&#8221; _builder_version=&#8221;4.9.4&#8243; _module_preset=&#8221;default&#8221; max_width_tablet=&#8221;&#8221; max_width_phone=&#8221;&#8221; max_width_last_edited=&#8221;on|phone&#8221; module_alignment=&#8221;center&#8221; custom_margin=&#8221;||||false|false&#8221; custom_padding=&#8221;||||false|false&#8221; link_option_url=&#8221;https:\/\/www.aitanacongress.com\/2021\/p_michele-giannotti\/&#8221; border_color_right=&#8221;#E46708&#8243; border_color_bottom=&#8221;#E46708&#8243; locked=&#8221;off&#8221; collapsed=&#8221;on&#8221;][et_pb_column type=&#8221;1_3&#8243; _builder_version=&#8221;4.9.4&#8243; _module_preset=&#8221;default&#8221; link_option_url=&#8221;https:\/\/www.aitanacongress.com\/2021\/&#8221;][et_pb_image src=&#8221;https:\/\/www.aitanacongress.com\/2021\/wp-content\/uploads\/M.-Giannotti-1.png&#8221; title_text=&#8221;M. Giannotti&#8221; url=&#8221;https:\/\/www.aitanacongress.com\/2021\/p_michele-giannotti\/&#8221; align=&#8221;center&#8221; _builder_version=&#8221;4.9.4&#8243; _module_preset=&#8221;default&#8221; border_radii=&#8221;on|15px|15px|15px|15px&#8221;][\/et_pb_image][et_pb_image src=&#8221;https:\/\/www.aitanacongress.com\/2021\/wp-content\/uploads\/icon_english.png&#8221; title_text=&#8221;icon_english&#8221; admin_label=&#8221;Icono EN&#8221; module_class=&#8221;icono-idioma&#8221; _builder_version=&#8221;4.9.4&#8243; _module_preset=&#8221;default&#8221;][\/et_pb_image][\/et_pb_column][et_pb_column type=&#8221;2_3&#8243; _builder_version=&#8221;4.9.4&#8243; _module_preset=&#8221;default&#8221;][et_pb_text admin_label=&#8221;Texto&#8221; _builder_version=&#8221;4.9.4&#8243; _module_preset=&#8221;default&#8221; link_option_url=&#8221;https:\/\/www.aitanacongress.com\/2021\/p_michele-giannotti\/&#8221;]<\/p>\n<h5>Michele Giannotti<\/h5>\n<p><em>Universidad de Trento. Italia<\/em><\/p>\n<p><strong>El impacto psicol\u00f3gico de la pandemia de la COVID-19 en familias italianas y espa\u00f1olas de ni\u00f1os con neurodesarrollo t\u00edpico y at\u00edpico: de la investigaci\u00f3n a la pr\u00e1ctica<\/strong><\/p>\n<p>[\/et_pb_text][\/et_pb_column][\/et_pb_row][et_pb_row column_structure=&#8221;1_3,2_3&#8243; use_custom_gutter=&#8221;on&#8221; gutter_width=&#8221;2&#8243; make_equal=&#8221;on&#8221; disabled_on=&#8221;off|off|off&#8221; admin_label=&#8221;Guy Bosmans&#8221; module_class=&#8221;programa-ponente&#8221; _builder_version=&#8221;4.9.4&#8243; _module_preset=&#8221;default&#8221; max_width_tablet=&#8221;&#8221; max_width_phone=&#8221;&#8221; max_width_last_edited=&#8221;on|phone&#8221; module_alignment=&#8221;center&#8221; custom_margin=&#8221;||||false|false&#8221; custom_padding=&#8221;||||false|false&#8221; link_option_url=&#8221;https:\/\/www.aitanacongress.com\/2021\/en\/p_guy-bosmans&#8221; border_color_right=&#8221;#E46708&#8243; border_color_bottom=&#8221;#E46708&#8243; locked=&#8221;off&#8221; collapsed=&#8221;on&#8221;][et_pb_column type=&#8221;1_3&#8243; _builder_version=&#8221;4.9.4&#8243; _module_preset=&#8221;default&#8221; link_option_url=&#8221;https:\/\/www.aitanacongress.com\/2021\/p_guy-bosmans-2&#8243;][et_pb_image src=&#8221;https:\/\/www.aitanacongress.com\/2021\/wp-content\/uploads\/Foto-1-scaled.jpeg&#8221; title_text=&#8221;Foto&#8221; align=&#8221;center&#8221; _builder_version=&#8221;4.9.4&#8243; _module_preset=&#8221;default&#8221; border_radii=&#8221;on|15px|15px|15px|15px&#8221;][\/et_pb_image][et_pb_image src=&#8221;https:\/\/www.aitanacongress.com\/2021\/wp-content\/uploads\/icon_english.png&#8221; title_text=&#8221;icon_english&#8221; admin_label=&#8221;Icono EN&#8221; module_class=&#8221;icono-idioma&#8221; _builder_version=&#8221;4.9.4&#8243; _module_preset=&#8221;default&#8221;][\/et_pb_image][\/et_pb_column][et_pb_column type=&#8221;2_3&#8243; _builder_version=&#8221;4.9.4&#8243; _module_preset=&#8221;default&#8221;][et_pb_text admin_label=&#8221;Texto&#8221; _builder_version=&#8221;4.9.4&#8243; _module_preset=&#8221;default&#8221; link_option_url=&#8221;https:\/\/www.aitanacongress.com\/2021\/p_guy-bosmans-2\/&#8221;]<\/p>\n<h5>GUY BOSMANS<\/h5>\n<p><em>KU Leuven. B\u00e9lgica<\/em><\/p>\n<p><strong>Apego en la ni\u00f1ez media y la adolescencia: procesos de desarrollo y oportunidades de tratamiento<\/strong><\/p>\n<p>[\/et_pb_text][\/et_pb_column][\/et_pb_row][et_pb_row column_structure=&#8221;1_3,2_3&#8243; use_custom_gutter=&#8221;on&#8221; gutter_width=&#8221;2&#8243; make_equal=&#8221;on&#8221; disabled_on=&#8221;off|off|off&#8221; admin_label=&#8221;Teresa Freire&#8221; module_class=&#8221;programa-ponente&#8221; _builder_version=&#8221;4.9.4&#8243; _module_preset=&#8221;default&#8221; max_width_tablet=&#8221;&#8221; max_width_phone=&#8221;&#8221; max_width_last_edited=&#8221;on|phone&#8221; module_alignment=&#8221;center&#8221; custom_margin=&#8221;||||false|false&#8221; custom_padding=&#8221;||||false|false&#8221; link_option_url=&#8221;https:\/\/www.aitanacongress.com\/2021\/p_teresa-freire-2&#8243; border_color_right=&#8221;#E46708&#8243; border_color_bottom=&#8221;#E46708&#8243; locked=&#8221;off&#8221; collapsed=&#8221;on&#8221;][et_pb_column type=&#8221;1_3&#8243; _builder_version=&#8221;4.9.4&#8243; _module_preset=&#8221;default&#8221; link_option_url=&#8221;https:\/\/www.aitanacongress.com\/2021\/&#8221;][et_pb_image src=&#8221;https:\/\/www.aitanacongress.com\/2021\/wp-content\/uploads\/Teresa-Freire.jpg&#8221; title_text=&#8221;Teresa-Freire&#8221; align=&#8221;center&#8221; _builder_version=&#8221;4.9.4&#8243; _module_preset=&#8221;default&#8221; border_radii=&#8221;on|15px|15px|15px|15px&#8221;][\/et_pb_image][et_pb_image src=&#8221;https:\/\/www.aitanacongress.com\/2021\/wp-content\/uploads\/icon_english.png&#8221; title_text=&#8221;icon_english&#8221; admin_label=&#8221;Icono EN&#8221; module_class=&#8221;icono-idioma&#8221; _builder_version=&#8221;4.9.4&#8243; _module_preset=&#8221;default&#8221;][\/et_pb_image][\/et_pb_column][et_pb_column type=&#8221;2_3&#8243; _builder_version=&#8221;4.9.4&#8243; _module_preset=&#8221;default&#8221;][et_pb_text admin_label=&#8221;Texto&#8221; _builder_version=&#8221;4.9.4&#8243; _module_preset=&#8221;default&#8221; link_option_url=&#8221;https:\/\/www.aitanacongress.com\/2021\/p_teresa-freire-2&#8243;]<\/p>\n<h5>Teresa Freire<\/h5>\n<p><em>Universidad del Mi\u00f1o. Portugal<\/em><\/p>\n<p><strong>Intervenciones que fomentan el desarrollo juvenil positivo: Lograr potencialidades y fortalezas en contextos diarios normativos o adversos<\/strong><\/p>\n<p>[\/et_pb_text][\/et_pb_column][\/et_pb_row][et_pb_row column_structure=&#8221;1_3,2_3&#8243; use_custom_gutter=&#8221;on&#8221; gutter_width=&#8221;2&#8243; disabled_on=&#8221;off|off|off&#8221; admin_label=&#8221;Esther Calvete&#8221; module_class=&#8221;programa-ponente&#8221; _builder_version=&#8221;4.9.4&#8243; _module_preset=&#8221;default&#8221; max_width_tablet=&#8221;&#8221; max_width_phone=&#8221;&#8221; max_width_last_edited=&#8221;on|phone&#8221; module_alignment=&#8221;center&#8221; link_option_url=&#8221;https:\/\/www.aitanacongress.com\/2021\/p_esther-calvete\/&#8221; collapsed=&#8221;on&#8221;][et_pb_column type=&#8221;1_3&#8243; _builder_version=&#8221;4.9.4&#8243; _module_preset=&#8221;default&#8221;][et_pb_image src=&#8221;https:\/\/www.aitanacongress.com\/2021\/wp-content\/uploads\/Esther_Calvete-2021.jpg&#8221; title_text=&#8221;Esther_Calvete 2021&#8243; align=&#8221;center&#8221; _builder_version=&#8221;4.9.4&#8243; _module_preset=&#8221;default&#8221; border_radii=&#8221;on|15px|15px|15px|15px&#8221;][\/et_pb_image][et_pb_image src=&#8221;https:\/\/www.aitanacongress.com\/2021\/wp-content\/uploads\/icon_espan\u0303ol.png&#8221; title_text=&#8221;icon_espan\u0303ol&#8221; admin_label=&#8221;Icono ES&#8221; module_class=&#8221;icono-idioma&#8221; _builder_version=&#8221;4.9.4&#8243; _module_preset=&#8221;default&#8221;][\/et_pb_image][\/et_pb_column][et_pb_column type=&#8221;2_3&#8243; _builder_version=&#8221;4.9.4&#8243; _module_preset=&#8221;default&#8221;][et_pb_text admin_label=&#8221;Texto&#8221; _builder_version=&#8221;4.9.4&#8243; _module_preset=&#8221;default&#8221;]<\/p>\n<h5>Esther Calvete<strong>Esther Calvete<\/strong><\/h5>\n<p><em>Universidad de Deusto. Espa\u00f1a<\/em><\/p>\n<p><strong>Adolescentes digitales: Riesgos y estrategias de intervenci\u00f3n<\/strong><\/p>\n<p>[\/et_pb_text][\/et_pb_column][\/et_pb_row][et_pb_row column_structure=&#8221;1_3,2_3&#8243; use_custom_gutter=&#8221;on&#8221; gutter_width=&#8221;2&#8243; make_equal=&#8221;on&#8221; disabled_on=&#8221;off|off|off&#8221; admin_label=&#8221;Cristina Larroy&#8221; module_class=&#8221;programa-ponente&#8221; _builder_version=&#8221;4.9.4&#8243; _module_preset=&#8221;default&#8221; max_width_tablet=&#8221;&#8221; max_width_phone=&#8221;&#8221; max_width_last_edited=&#8221;on|phone&#8221; module_alignment=&#8221;center&#8221; custom_margin=&#8221;||||false|false&#8221; custom_padding=&#8221;||||false|false&#8221; link_option_url=&#8221;https:\/\/www.aitanacongress.com\/2021\/p_cristina-larroy\/&#8221; border_color_right=&#8221;#E46708&#8243; border_color_bottom=&#8221;#E46708&#8243; locked=&#8221;off&#8221; collapsed=&#8221;on&#8221;][et_pb_column type=&#8221;1_3&#8243; _builder_version=&#8221;4.9.4&#8243; _module_preset=&#8221;default&#8221; link_option_url=&#8221;https:\/\/www.aitanacongress.com\/2021\/&#8221;][et_pb_image src=&#8221;https:\/\/www.aitanacongress.com\/2021\/wp-content\/uploads\/CRISTINA-Larroy.jpg&#8221; title_text=&#8221;CRISTINA Larroy&#8221; url=&#8221;https:\/\/www.aitanacongress.com\/2021\/p_cristina-larroy\/&#8221; align=&#8221;center&#8221; _builder_version=&#8221;4.9.4&#8243; _module_preset=&#8221;default&#8221; border_radii=&#8221;on|15px|15px|15px|15px&#8221;][\/et_pb_image][et_pb_image src=&#8221;https:\/\/www.aitanacongress.com\/2021\/wp-content\/uploads\/icon_espan\u0303ol.png&#8221; title_text=&#8221;icon_espan\u0303ol&#8221; admin_label=&#8221;Icono ES&#8221; module_class=&#8221;icono-idioma&#8221; _builder_version=&#8221;4.9.4&#8243; _module_preset=&#8221;default&#8221;][\/et_pb_image][\/et_pb_column][et_pb_column type=&#8221;2_3&#8243; _builder_version=&#8221;4.9.4&#8243; _module_preset=&#8221;default&#8221;][et_pb_text admin_label=&#8221;Texto&#8221; _builder_version=&#8221;4.9.4&#8243; _module_preset=&#8221;default&#8221; link_option_url=&#8221;https:\/\/www.aitanacongress.com\/2021\/p_cristina-larroy\/&#8221;]<\/p>\n<h5>Cristina Larroy<strong>Cristina Larroy<\/strong><\/h5>\n<p><em>Universidad Complutense de Madrid. Espa\u00f1a<\/em><\/p>\n<p><strong>Problemas de adaptaci\u00f3n de los j\u00f3venes a la universidad<\/strong><\/p>\n<p>[\/et_pb_text][\/et_pb_column][\/et_pb_row][et_pb_row column_structure=&#8221;1_3,2_3&#8243; use_custom_gutter=&#8221;on&#8221; gutter_width=&#8221;2&#8243; make_equal=&#8221;on&#8221; disabled_on=&#8221;off|off|off&#8221; admin_label=&#8221;Lorena Rodr\u00edguez&#8221; module_class=&#8221;programa-ponente&#8221; _builder_version=&#8221;4.9.4&#8243; _module_preset=&#8221;default&#8221; max_width_tablet=&#8221;&#8221; max_width_phone=&#8221;&#8221; max_width_last_edited=&#8221;on|phone&#8221; module_alignment=&#8221;center&#8221; custom_margin=&#8221;||||false|false&#8221; custom_padding=&#8221;||||false|false&#8221; link_option_url=&#8221;https:\/\/www.aitanacongress.com\/2021\/p_lorenarodriguez-2\/&#8221; border_color_right=&#8221;#E46708&#8243; border_color_bottom=&#8221;#E46708&#8243; locked=&#8221;off&#8221; collapsed=&#8221;on&#8221;][et_pb_column type=&#8221;1_3&#8243; _builder_version=&#8221;4.9.4&#8243; _module_preset=&#8221;default&#8221; link_option_url=&#8221;https:\/\/www.aitanacongress.com\/2021\/&#8221;][et_pb_image src=&#8221;https:\/\/www.aitanacongress.com\/2021\/wp-content\/uploads\/Lorena-Rodriguez.jpeg&#8221; title_text=&#8221;Lorena Rodr\u00edguez&#8221; align=&#8221;center&#8221; _builder_version=&#8221;4.9.4&#8243; _module_preset=&#8221;default&#8221; border_radii=&#8221;on|15px|15px|15px|15px&#8221;][\/et_pb_image][et_pb_image src=&#8221;https:\/\/www.aitanacongress.com\/2021\/wp-content\/uploads\/icon_espan\u0303ol.png&#8221; title_text=&#8221;icon_espan\u0303ol&#8221; admin_label=&#8221;Icono ES&#8221; module_class=&#8221;icono-idioma&#8221; _builder_version=&#8221;4.9.4&#8243; _module_preset=&#8221;default&#8221; locked=&#8221;off&#8221;][\/et_pb_image][\/et_pb_column][et_pb_column type=&#8221;2_3&#8243; _builder_version=&#8221;4.9.4&#8243; _module_preset=&#8221;default&#8221;][et_pb_text admin_label=&#8221;Texto&#8221; _builder_version=&#8221;4.9.4&#8243; _module_preset=&#8221;default&#8221; link_option_url=&#8221;https:\/\/www.aitanacongress.com\/2021\/p_lorenarodriguez-2\/&#8221;]<\/p>\n<h5>Lorena Rodr\u00edguez<\/h5>\n<p><em>Pr\u00e1ctica privada. Espa\u00f1a<\/em><\/p>\n<p><strong>Cognici\u00f3n social en TEA, TDL, TANV , DCA Infantil y adquisici\u00f3n de habilidades sociales a lo largo del Neurodesarrollo<\/strong><\/p>\n<p>[\/et_pb_text][\/et_pb_column][\/et_pb_row][et_pb_row column_structure=&#8221;1_3,2_3&#8243; use_custom_gutter=&#8221;on&#8221; gutter_width=&#8221;2&#8243; make_equal=&#8221;on&#8221; disabled_on=&#8221;off|off|off&#8221; admin_label=&#8221;Remedios Gonz\u00e1lez&#8221; module_class=&#8221;programa-ponente&#8221; _builder_version=&#8221;4.9.4&#8243; _module_preset=&#8221;default&#8221; max_width_tablet=&#8221;&#8221; max_width_phone=&#8221;&#8221; max_width_last_edited=&#8221;on|phone&#8221; module_alignment=&#8221;center&#8221; custom_margin=&#8221;||||false|false&#8221; custom_padding=&#8221;||||false|false&#8221; link_option_url=&#8221;https:\/\/www.aitanacongress.com\/2021\/p_remedios-gonzalez\/&#8221; border_color_right=&#8221;#E46708&#8243; border_color_bottom=&#8221;#E46708&#8243; locked=&#8221;off&#8221; collapsed=&#8221;on&#8221;][et_pb_column type=&#8221;1_3&#8243; _builder_version=&#8221;4.9.4&#8243; _module_preset=&#8221;default&#8221; link_option_url=&#8221;https:\/\/www.aitanacongress.com\/2021\/&#8221;][et_pb_image src=&#8221;https:\/\/www.aitanacongress.com\/2021\/wp-content\/uploads\/foto-Reme-Pamplona-e1624989342197.jpg&#8221; title_text=&#8221;foto- Reme- Pamplona&#8221; url=&#8221;https:\/\/www.aitanacongress.com\/2021\/p_remedios-gonzalez\/&#8221; align=&#8221;center&#8221; _builder_version=&#8221;4.9.4&#8243; _module_preset=&#8221;default&#8221; border_radii=&#8221;on|15px|15px|15px|15px&#8221;][\/et_pb_image][et_pb_image src=&#8221;https:\/\/www.aitanacongress.com\/2021\/wp-content\/uploads\/icon_espan\u0303ol.png&#8221; title_text=&#8221;icon_espan\u0303ol&#8221; admin_label=&#8221;Icono ES&#8221; module_class=&#8221;icono-idioma&#8221; _builder_version=&#8221;4.9.4&#8243; _module_preset=&#8221;default&#8221;][\/et_pb_image][\/et_pb_column][et_pb_column type=&#8221;2_3&#8243; _builder_version=&#8221;4.9.4&#8243; _module_preset=&#8221;default&#8221;][et_pb_text admin_label=&#8221;Texto&#8221; _builder_version=&#8221;4.9.4&#8243; _module_preset=&#8221;default&#8221; link_option_url=&#8221;https:\/\/www.aitanacongress.com\/2021\/p_remedios-gonzalez\/&#8221;]<\/p>\n<h5>Remedios Gonz\u00e1lez<\/h5>\n<p><em>Universidad de Valencia. Espa\u00f1a<\/em><\/p>\n<p><strong>Factores de protecci\u00f3n familiares para el ajuste emocional en infancia y adolescencia<\/strong><\/p>\n<p>[\/et_pb_text][\/et_pb_column][\/et_pb_row][et_pb_row column_structure=&#8221;1_3,2_3&#8243; use_custom_gutter=&#8221;on&#8221; gutter_width=&#8221;2&#8243; disabled_on=&#8221;off|off|off&#8221; admin_label=&#8221;Silvia Hidalgo&#8221; module_class=&#8221;programa-ponente&#8221; _builder_version=&#8221;4.9.4&#8243; _module_preset=&#8221;default&#8221; max_width_tablet=&#8221;&#8221; max_width_phone=&#8221;&#8221; max_width_last_edited=&#8221;on|phone&#8221; module_alignment=&#8221;center&#8221; link_option_url=&#8221;https:\/\/www.aitanacongress.com\/2021\/silvia-hidalgo\/&#8221; collapsed=&#8221;on&#8221;][et_pb_column type=&#8221;1_3&#8243; _builder_version=&#8221;4.9.4&#8243; _module_preset=&#8221;default&#8221;][et_pb_image src=&#8221;https:\/\/www.aitanacongress.com\/2021\/wp-content\/uploads\/20200928_230104.jpg&#8221; title_text=&#8221;20200928_230104&#8243; align=&#8221;center&#8221; _builder_version=&#8221;4.9.4&#8243; _module_preset=&#8221;default&#8221; border_radii=&#8221;on|15px|15px|15px|15px&#8221;][\/et_pb_image][et_pb_image src=&#8221;https:\/\/www.aitanacongress.com\/2021\/wp-content\/uploads\/icon_espan\u0303ol.png&#8221; title_text=&#8221;icon_espan\u0303ol&#8221; admin_label=&#8221;Icono ES&#8221; module_class=&#8221;icono-idioma&#8221; _builder_version=&#8221;4.9.4&#8243; _module_preset=&#8221;default&#8221;][\/et_pb_image][\/et_pb_column][et_pb_column type=&#8221;2_3&#8243; _builder_version=&#8221;4.9.4&#8243; _module_preset=&#8221;default&#8221;][et_pb_text admin_label=&#8221;Texto&#8221; _builder_version=&#8221;4.9.4&#8243; _module_preset=&#8221;default&#8221; link_option_url=&#8221;https:\/\/www.aitanacongress.com\/2021\/silvia-hidalgo\/&#8221;]<\/p>\n<h5>Silvia Hidalgo<strong>Silvia Hidalgo<\/strong><\/h5>\n<p><em>Universidad de M\u00e1laga. Espa\u00f1a<\/em><\/p>\n<p><strong>Neuropsicolog\u00eda de la inteligencia y de las emociones aplicada a los trastornos del neurodesarrollo<\/strong><\/p>\n<p>[\/et_pb_text][\/et_pb_column][\/et_pb_row][et_pb_row column_structure=&#8221;1_3,2_3&#8243; use_custom_gutter=&#8221;on&#8221; gutter_width=&#8221;2&#8243; make_equal=&#8221;on&#8221; disabled_on=&#8221;off|off|off&#8221; admin_label=&#8221;Jos\u00e9 Manuel Garc\u00eda Fern\u00e1ndez&#8221; module_class=&#8221;programa-ponente&#8221; _builder_version=&#8221;4.9.4&#8243; _module_preset=&#8221;default&#8221; max_width_tablet=&#8221;&#8221; max_width_phone=&#8221;&#8221; max_width_last_edited=&#8221;on|phone&#8221; module_alignment=&#8221;center&#8221; custom_margin=&#8221;||||false|false&#8221; custom_padding=&#8221;||||false|false&#8221; link_option_url=&#8221;https:\/\/www.aitanacongress.com\/2021\/p_jose-manuel-garcia\/&#8221; border_color_right=&#8221;#E46708&#8243; border_color_bottom=&#8221;#E46708&#8243; locked=&#8221;off&#8221; collapsed=&#8221;on&#8221;][et_pb_column type=&#8221;1_3&#8243; _builder_version=&#8221;4.9.4&#8243; _module_preset=&#8221;default&#8221; link_option_url=&#8221;https:\/\/www.aitanacongress.com\/2021\/&#8221;][et_pb_image src=&#8221;https:\/\/www.aitanacongress.com\/2021\/wp-content\/uploads\/2-Foto-Jose-Manuel-Garcia-Fernndez.jpg&#8221; title_text=&#8221;Jose Manuel Garc\u00eda Fern\u00e1ndez&#8221; align=&#8221;center&#8221; _builder_version=&#8221;4.9.4&#8243; _module_preset=&#8221;default&#8221; border_radii=&#8221;on|15px|15px|15px|15px&#8221;][\/et_pb_image][et_pb_image src=&#8221;https:\/\/www.aitanacongress.com\/2021\/wp-content\/uploads\/icon_espan\u0303ol.png&#8221; title_text=&#8221;icon_espan\u0303ol&#8221; admin_label=&#8221;Icono ES&#8221; module_class=&#8221;icono-idioma&#8221; _builder_version=&#8221;4.9.4&#8243; _module_preset=&#8221;default&#8221;][\/et_pb_image][\/et_pb_column][et_pb_column type=&#8221;2_3&#8243; _builder_version=&#8221;4.9.4&#8243; _module_preset=&#8221;default&#8221;][et_pb_text admin_label=&#8221;Texto&#8221; _builder_version=&#8221;4.9.4&#8243; _module_preset=&#8221;default&#8221; link_option_url=&#8221;https:\/\/www.aitanacongress.com\/2021\/p_jose-manuel-garcia\/&#8221;]<\/p>\n<h5>Jos\u00e9 Manuel Garc\u00eda Fern\u00e1ndez<\/h5>\n<p><em>Universidad de Alicante . Espa\u00f1a<\/em><\/p>\n<p><strong>RECHAZO ESCOLAR: INSTRUMENTOS PARA SU EVALUACI\u00d3N Y CARACTER\u00cdSTICAS DE LOS ESTUDIANTES<\/strong><\/p>\n<p>[\/et_pb_text][\/et_pb_column][\/et_pb_row][et_pb_row column_structure=&#8221;1_3,2_3&#8243; use_custom_gutter=&#8221;on&#8221; gutter_width=&#8221;2&#8243; make_equal=&#8221;on&#8221; disabled_on=&#8221;off|off|off&#8221; admin_label=&#8221;Susana Al-Halab\u00ed&#8221; module_class=&#8221;programa-ponente&#8221; _builder_version=&#8221;4.9.4&#8243; _module_preset=&#8221;default&#8221; max_width_tablet=&#8221;&#8221; max_width_phone=&#8221;&#8221; max_width_last_edited=&#8221;on|phone&#8221; module_alignment=&#8221;center&#8221; custom_margin=&#8221;||||false|false&#8221; custom_padding=&#8221;||||false|false&#8221; link_option_url=&#8221;https:\/\/www.aitanacongress.com\/2021\/p_susana-al-halabi\/&#8221; border_color_right=&#8221;#E46708&#8243; border_color_bottom=&#8221;#E46708&#8243; locked=&#8221;off&#8221; collapsed=&#8221;on&#8221;][et_pb_column type=&#8221;1_3&#8243; _builder_version=&#8221;4.9.4&#8243; _module_preset=&#8221;default&#8221; link_option_url=&#8221;https:\/\/www.aitanacongress.com\/2021\/&#8221;][et_pb_image src=&#8221;https:\/\/www.aitanacongress.com\/2021\/wp-content\/uploads\/Foto_Susana-Al-Halabi_Universidad-de-Oviedo-scaled.jpg&#8221; title_text=&#8221;btf&#8221; align=&#8221;center&#8221; _builder_version=&#8221;4.9.4&#8243; _module_preset=&#8221;default&#8221; border_radii=&#8221;on|15px|15px|15px|15px&#8221;][\/et_pb_image][et_pb_image src=&#8221;https:\/\/www.aitanacongress.com\/2021\/wp-content\/uploads\/icon_espan\u0303ol.png&#8221; title_text=&#8221;icon_espan\u0303ol&#8221; admin_label=&#8221;Icono ES&#8221; module_class=&#8221;icono-idioma&#8221; _builder_version=&#8221;4.9.4&#8243; _module_preset=&#8221;default&#8221;][\/et_pb_image][\/et_pb_column][et_pb_column type=&#8221;2_3&#8243; _builder_version=&#8221;4.9.4&#8243; _module_preset=&#8221;default&#8221;][et_pb_text admin_label=&#8221;Texto&#8221; _builder_version=&#8221;4.9.4&#8243; _module_preset=&#8221;default&#8221; link_option_url=&#8221;https:\/\/www.aitanacongress.com\/2021\/p_susana-al-halabi\/&#8221;]<\/p>\n<h5>Susana Al-Halab\u00ed<\/h5>\n<p><em>Universidad de Oviedo. Espa\u00f1a<\/em><\/p>\n<p><strong>Avances en la prevenci\u00f3n de la conducta suicida en adolescentes<\/strong><\/p>\n<p>[\/et_pb_text][\/et_pb_column][\/et_pb_row][et_pb_row column_structure=&#8221;1_3,2_3&#8243; use_custom_gutter=&#8221;on&#8221; gutter_width=&#8221;2&#8243; make_equal=&#8221;on&#8221; disabled_on=&#8221;off|off|off&#8221; admin_label=&#8221;Inmaculada Montoya&#8221; module_class=&#8221;programa-ponente&#8221; _builder_version=&#8221;4.9.4&#8243; _module_preset=&#8221;default&#8221; max_width_tablet=&#8221;&#8221; max_width_phone=&#8221;&#8221; max_width_last_edited=&#8221;on|phone&#8221; module_alignment=&#8221;center&#8221; custom_margin=&#8221;||||false|false&#8221; custom_padding=&#8221;||||false|false&#8221; link_option_url=&#8221;https:\/\/www.aitanacongress.com\/2021\/p_inmaculada-montoya\/&#8221; border_color_right=&#8221;#E46708&#8243; border_color_bottom=&#8221;#E46708&#8243; locked=&#8221;off&#8221; collapsed=&#8221;on&#8221;][et_pb_column type=&#8221;1_3&#8243; _builder_version=&#8221;4.9.4&#8243; _module_preset=&#8221;default&#8221; link_option_url=&#8221;https:\/\/www.aitanacongress.com\/2021\/&#8221;][et_pb_image src=&#8221;https:\/\/www.aitanacongress.com\/2021\/wp-content\/uploads\/Foto-I-Montoya-e1625588427314.jpeg&#8221; title_text=&#8221;Foto I Montoya&#8221; align=&#8221;center&#8221; _builder_version=&#8221;4.9.4&#8243; _module_preset=&#8221;default&#8221; border_radii=&#8221;on|15px|15px|15px|15px&#8221;][\/et_pb_image][et_pb_image src=&#8221;https:\/\/www.aitanacongress.com\/2021\/wp-content\/uploads\/icon_espan\u0303ol.png&#8221; title_text=&#8221;icon_espan\u0303ol&#8221; admin_label=&#8221;Icono ES&#8221; module_class=&#8221;icono-idioma&#8221; _builder_version=&#8221;4.9.4&#8243; _module_preset=&#8221;default&#8221;][\/et_pb_image][\/et_pb_column][et_pb_column type=&#8221;2_3&#8243; _builder_version=&#8221;4.9.4&#8243; _module_preset=&#8221;default&#8221;][et_pb_text admin_label=&#8221;Texto&#8221; _builder_version=&#8221;4.9.4&#8243; _module_preset=&#8221;default&#8221; link_option_url=&#8221;https:\/\/www.aitanacongress.com\/2021\/p_inmaculada-montoya\/&#8221;]<\/p>\n<h5>Inmaculada Montoya<\/h5>\n<p><em>Universidad de Valencia. Espa\u00f1a<\/em><\/p>\n<p><strong>Programas de intervenci\u00f3n en competencias socioemocionales para la promoci\u00f3n del bienestar y la salud<\/strong><\/p>\n<p>[\/et_pb_text][\/et_pb_column][\/et_pb_row][et_pb_row column_structure=&#8221;1_3,2_3&#8243; use_custom_gutter=&#8221;on&#8221; gutter_width=&#8221;2&#8243; make_equal=&#8221;on&#8221; disabled_on=&#8221;off|off|off&#8221; admin_label=&#8221;\u00c1ngel Alonso&#8221; module_class=&#8221;programa-ponente&#8221; _builder_version=&#8221;4.9.4&#8243; _module_preset=&#8221;default&#8221; max_width_tablet=&#8221;&#8221; max_width_phone=&#8221;&#8221; max_width_last_edited=&#8221;on|phone&#8221; module_alignment=&#8221;center&#8221; custom_margin=&#8221;||||false|false&#8221; custom_padding=&#8221;||||false|false&#8221; link_option_url=&#8221;https:\/\/www.aitanacongress.com\/2021\/p_angel-alonso\/&#8221; border_color_right=&#8221;#E46708&#8243; border_color_bottom=&#8221;#E46708&#8243; locked=&#8221;off&#8221; collapsed=&#8221;on&#8221;][et_pb_column type=&#8221;1_3&#8243; _builder_version=&#8221;4.9.4&#8243; _module_preset=&#8221;default&#8221; link_option_url=&#8221;https:\/\/www.aitanacongress.com\/2021\/&#8221;][et_pb_image src=&#8221;https:\/\/www.aitanacongress.com\/2021\/wp-content\/uploads\/foto-Alonso-A-e1625486037946.jpg&#8221; title_text=&#8221;Alonso A&#8221; align=&#8221;center&#8221; _builder_version=&#8221;4.9.4&#8243; _module_preset=&#8221;default&#8221; border_radii=&#8221;on|15px|15px|15px|15px&#8221;][\/et_pb_image][et_pb_image src=&#8221;https:\/\/www.aitanacongress.com\/2021\/wp-content\/uploads\/icon_espan\u0303ol.png&#8221; title_text=&#8221;icon_espan\u0303ol&#8221; admin_label=&#8221;Icono ES&#8221; module_class=&#8221;icono-idioma&#8221; _builder_version=&#8221;4.9.4&#8243; _module_preset=&#8221;default&#8221;][\/et_pb_image][\/et_pb_column][et_pb_column type=&#8221;2_3&#8243; _builder_version=&#8221;4.9.4&#8243; _module_preset=&#8221;default&#8221;][et_pb_text admin_label=&#8221;Texto&#8221; _builder_version=&#8221;4.9.4&#8243; _module_preset=&#8221;default&#8221; link_option_url=&#8221;https:\/\/www.aitanacongress.com\/2021\/p_angel-alonso\/&#8221;]<\/p>\n<h5>\u00c1ngel Alonso<\/h5>\n<p><em>Madrid Institute of Contextual Psychology. Espa\u00f1a<\/em><\/p>\n<p><strong>Aplicando la Terapia de Aceptaci\u00f3n y Compromiso (ACT) en padres, ni\u00f1os y adolescentes: estudios de caso y protocolo de intervenci\u00f3n<\/strong><\/p>\n<p>[\/et_pb_text][\/et_pb_column][\/et_pb_row][et_pb_row column_structure=&#8221;1_3,2_3&#8243; use_custom_gutter=&#8221;on&#8221; gutter_width=&#8221;2&#8243; make_equal=&#8221;on&#8221; disabled_on=&#8221;off|off|off&#8221; admin_label=&#8221;Noem\u00ed Jim\u00e9nez&#8221; module_class=&#8221;programa-ponente&#8221; _builder_version=&#8221;4.9.4&#8243; _module_preset=&#8221;default&#8221; max_width_tablet=&#8221;&#8221; max_width_phone=&#8221;&#8221; max_width_last_edited=&#8221;on|phone&#8221; module_alignment=&#8221;center&#8221; custom_margin=&#8221;||||false|false&#8221; custom_padding=&#8221;||||false|false&#8221; link_option_url=&#8221;https:\/\/www.aitanacongress.com\/2021\/p_noemi-jimenez\/&#8221; border_color_right=&#8221;#E46708&#8243; border_color_bottom=&#8221;#E46708&#8243; locked=&#8221;off&#8221; collapsed=&#8221;on&#8221;][et_pb_column type=&#8221;1_3&#8243; _builder_version=&#8221;4.9.4&#8243; _module_preset=&#8221;default&#8221; link_option_url=&#8221;https:\/\/www.aitanacongress.com\/2021\/&#8221;][et_pb_image src=&#8221;https:\/\/www.aitanacongress.com\/2021\/wp-content\/uploads\/Noemi-Jimenez.png&#8221; title_text=&#8221;Noem\u00ed Jim\u00e9nez&#8221; align=&#8221;center&#8221; _builder_version=&#8221;4.9.4&#8243; _module_preset=&#8221;default&#8221; border_radii=&#8221;on|15px|15px|15px|15px&#8221;][\/et_pb_image][et_pb_image src=&#8221;https:\/\/www.aitanacongress.com\/2021\/wp-content\/uploads\/icon_espan\u0303ol.png&#8221; title_text=&#8221;icon_espan\u0303ol&#8221; admin_label=&#8221;Icono ES&#8221; module_class=&#8221;icono-idioma&#8221; _builder_version=&#8221;4.9.4&#8243; _module_preset=&#8221;default&#8221;][\/et_pb_image][\/et_pb_column][et_pb_column type=&#8221;2_3&#8243; _builder_version=&#8221;4.9.4&#8243; _module_preset=&#8221;default&#8221;][et_pb_text admin_label=&#8221;Texto&#8221; _builder_version=&#8221;4.9.4&#8243; _module_preset=&#8221;default&#8221; link_option_url=&#8221;https:\/\/www.aitanacongress.com\/2021\/p_noemi-jimenez\/&#8221;]<\/p>\n<h5>Noem\u00ed Jim\u00e9nez<\/h5>\n<p><em>Pr\u00e1ctica Privada. Espa\u00f1a<\/em><\/p>\n<p><strong>Reto: adaptaci\u00f3n telem\u00e1tica de las terapias infanto-juveniles durante el confinamiento. Una exposici\u00f3n de casos basada en la experiencia<\/strong><\/p>\n<p>[\/et_pb_text][\/et_pb_column][\/et_pb_row][et_pb_row column_structure=&#8221;1_3,2_3&#8243; use_custom_gutter=&#8221;on&#8221; gutter_width=&#8221;2&#8243; make_equal=&#8221;on&#8221; disabled_on=&#8221;off|off|off&#8221; admin_label=&#8221;Meritxell Pacheco&#8221; module_class=&#8221;programa-ponente&#8221; _builder_version=&#8221;4.9.4&#8243; _module_preset=&#8221;default&#8221; max_width_tablet=&#8221;&#8221; max_width_phone=&#8221;&#8221; max_width_last_edited=&#8221;on|phone&#8221; module_alignment=&#8221;center&#8221; custom_margin=&#8221;||||false|false&#8221; custom_padding=&#8221;||||false|false&#8221; link_option_url=&#8221;https:\/\/www.aitanacongress.com\/2021\/p_meritxell-pacheco&#8221; border_color_right=&#8221;#E46708&#8243; border_color_bottom=&#8221;#E46708&#8243; locked=&#8221;off&#8221; collapsed=&#8221;on&#8221;][et_pb_column type=&#8221;1_3&#8243; _builder_version=&#8221;4.9.4&#8243; _module_preset=&#8221;default&#8221; link_option_url=&#8221;https:\/\/www.aitanacongress.com\/2021\/&#8221;][et_pb_image src=&#8221;https:\/\/www.aitanacongress.com\/2021\/wp-content\/uploads\/Foto-1-scaled.jpg&#8221; title_text=&#8221;Foto&#8221; align=&#8221;center&#8221; _builder_version=&#8221;4.9.4&#8243; _module_preset=&#8221;default&#8221; border_radii=&#8221;on|15px|15px|15px|15px&#8221;][\/et_pb_image][et_pb_image src=&#8221;https:\/\/www.aitanacongress.com\/2021\/wp-content\/uploads\/icon_espan\u0303ol.png&#8221; title_text=&#8221;icon_espan\u0303ol&#8221; admin_label=&#8221;Icono ES&#8221; module_class=&#8221;icono-idioma&#8221; _builder_version=&#8221;4.9.4&#8243; _module_preset=&#8221;default&#8221;][\/et_pb_image][\/et_pb_column][et_pb_column type=&#8221;2_3&#8243; _builder_version=&#8221;4.9.4&#8243; _module_preset=&#8221;default&#8221;][et_pb_text admin_label=&#8221;Texto&#8221; _builder_version=&#8221;4.9.4&#8243; _module_preset=&#8221;default&#8221; link_option_url=&#8221;https:\/\/www.aitanacongress.com\/2021\/p_meritxell-pacheco&#8221;]<\/p>\n<h5>Meritxell Pacheco<\/h5>\n<p><em>Universidad Ramon Llull. Espa\u00f1a<\/em><\/p>\n<p><strong>Identidad narrativa y bienestar en la adolescencia<\/strong><\/p>\n<p>[\/et_pb_text][\/et_pb_column][\/et_pb_row][et_pb_row column_structure=&#8221;1_3,2_3&#8243; use_custom_gutter=&#8221;on&#8221; gutter_width=&#8221;2&#8243; make_equal=&#8221;on&#8221; disabled_on=&#8221;off|off|off&#8221; admin_label=&#8221;Luis Joaqu\u00edn Garc\u00eda&#8221; module_class=&#8221;programa-ponente&#8221; _builder_version=&#8221;4.9.4&#8243; _module_preset=&#8221;default&#8221; max_width_tablet=&#8221;&#8221; max_width_phone=&#8221;&#8221; max_width_last_edited=&#8221;on|phone&#8221; module_alignment=&#8221;center&#8221; custom_margin=&#8221;||||false|false&#8221; custom_padding=&#8221;||||false|false&#8221; link_option_url=&#8221;https:\/\/www.aitanacongress.com\/2021\/p_luis-joaquin-garcia\/&#8221; border_color_right=&#8221;#E46708&#8243; border_color_bottom=&#8221;#E46708&#8243; locked=&#8221;off&#8221; collapsed=&#8221;on&#8221;][et_pb_column type=&#8221;1_3&#8243; _builder_version=&#8221;4.9.4&#8243; _module_preset=&#8221;default&#8221; link_option_url=&#8221;https:\/\/www.aitanacongress.com\/2021\/&#8221;][et_pb_image src=&#8221;https:\/\/www.aitanacongress.com\/2021\/wp-content\/uploads\/Luis-Joaquin-Garcia.jpg&#8221; title_text=&#8221;Luis-Joaqu\u00edn-Garc\u00eda&#8221; align=&#8221;center&#8221; _builder_version=&#8221;4.9.4&#8243; _module_preset=&#8221;default&#8221; border_radii=&#8221;on|15px|15px|15px|15px&#8221;][\/et_pb_image][et_pb_image src=&#8221;https:\/\/www.aitanacongress.com\/2021\/wp-content\/uploads\/icon_espan\u0303ol.png&#8221; title_text=&#8221;icon_espan\u0303ol&#8221; admin_label=&#8221;Icono ES&#8221; module_class=&#8221;icono-idioma&#8221; _builder_version=&#8221;4.9.4&#8243; _module_preset=&#8221;default&#8221;][\/et_pb_image][\/et_pb_column][et_pb_column type=&#8221;2_3&#8243; _builder_version=&#8221;4.9.4&#8243; _module_preset=&#8221;default&#8221;][et_pb_text admin_label=&#8221;Texto&#8221; _builder_version=&#8221;4.9.4&#8243; _module_preset=&#8221;default&#8221; link_option_url=&#8221;https:\/\/www.aitanacongress.com\/2021\/p_luis-joaquin-garcia\/&#8221;]<\/p>\n<h5>Luis Joaqu\u00edn Garc\u00eda<\/h5>\n<p><em>Universidad de Ja\u00e9n. Espa\u00f1a<\/em><\/p>\n<p><b>\u00bfQu\u00e9 hay de nuevo en la prevenci\u00f3n de problemas emocionales y la promoci\u00f3n de la salud y bienestar emocional en los j\u00f3venes?<\/b><\/p>\n<p>[\/et_pb_text][\/et_pb_column][\/et_pb_row][et_pb_row column_structure=&#8221;1_3,2_3&#8243; use_custom_gutter=&#8221;on&#8221; gutter_width=&#8221;2&#8243; make_equal=&#8221;on&#8221; disabled_on=&#8221;off|off|off&#8221; admin_label=&#8221;M\u00aa Fe Rodr\u00edguez&#8221; module_class=&#8221;programa-ponente&#8221; _builder_version=&#8221;4.9.4&#8243; _module_preset=&#8221;default&#8221; max_width_tablet=&#8221;&#8221; max_width_phone=&#8221;&#8221; max_width_last_edited=&#8221;on|phone&#8221; module_alignment=&#8221;center&#8221; custom_margin=&#8221;||||false|false&#8221; custom_padding=&#8221;||||false|false&#8221; link_option_url=&#8221;https:\/\/www.aitanacongress.com\/2021\/p_ma-fe-rodriguez\/&#8221; border_color_right=&#8221;#E46708&#8243; border_color_bottom=&#8221;#E46708&#8243; locked=&#8221;off&#8221; collapsed=&#8221;on&#8221;][et_pb_column type=&#8221;1_3&#8243; _builder_version=&#8221;4.9.4&#8243; _module_preset=&#8221;default&#8221; link_option_url=&#8221;https:\/\/www.aitanacongress.com\/2021\/&#8221;][et_pb_image src=&#8221;https:\/\/www.aitanacongress.com\/2021\/wp-content\/uploads\/Foto-Ma-Fe-e1625744975919.png&#8221; title_text=&#8221;M\u00aa Fe&#8221; align=&#8221;center&#8221; _builder_version=&#8221;4.9.4&#8243; _module_preset=&#8221;default&#8221; border_radii=&#8221;on|15px|15px|15px|15px&#8221;][\/et_pb_image][et_pb_image src=&#8221;https:\/\/www.aitanacongress.com\/2021\/wp-content\/uploads\/icon_espan\u0303ol.png&#8221; title_text=&#8221;icon_espan\u0303ol&#8221; admin_label=&#8221;Icono ES&#8221; module_class=&#8221;icono-idioma&#8221; _builder_version=&#8221;4.9.4&#8243; _module_preset=&#8221;default&#8221;][\/et_pb_image][\/et_pb_column][et_pb_column type=&#8221;2_3&#8243; _builder_version=&#8221;4.9.4&#8243; _module_preset=&#8221;default&#8221;][et_pb_text admin_label=&#8221;Texto&#8221; _builder_version=&#8221;4.9.4&#8243; _module_preset=&#8221;default&#8221; link_option_url=&#8221;https:\/\/www.aitanacongress.com\/2021\/p_ma-fe-rodriguez\/&#8221;]<\/p>\n<h5>M\u00aa Fe Rodr\u00edguez<\/h5>\n<p><em>UNED. Espa\u00f1a<\/em><\/p>\n<p><strong>\u00bfQu\u00e9 puede aportar la psicolog\u00eda perinatal a la infancia?<\/strong><\/p>\n<p>[\/et_pb_text][\/et_pb_column][\/et_pb_row][et_pb_row column_structure=&#8221;1_3,2_3&#8243; use_custom_gutter=&#8221;on&#8221; gutter_width=&#8221;2&#8243; make_equal=&#8221;on&#8221; disabled_on=&#8221;off|off|off&#8221; admin_label=&#8221;Elena Gervilla&#8221; module_class=&#8221;programa-ponente&#8221; _builder_version=&#8221;4.9.4&#8243; _module_preset=&#8221;default&#8221; max_width_tablet=&#8221;&#8221; max_width_phone=&#8221;&#8221; max_width_last_edited=&#8221;on|phone&#8221; module_alignment=&#8221;center&#8221; custom_margin=&#8221;||||false|false&#8221; custom_padding=&#8221;||||false|false&#8221; link_option_url=&#8221;https:\/\/www.aitanacongress.com\/2021\/p_elena-gervilla\/&#8221; border_color_right=&#8221;#E46708&#8243; border_color_bottom=&#8221;#E46708&#8243; locked=&#8221;off&#8221; collapsed=&#8221;on&#8221;][et_pb_column type=&#8221;1_3&#8243; _builder_version=&#8221;4.9.4&#8243; _module_preset=&#8221;default&#8221; link_option_url=&#8221;https:\/\/www.aitanacongress.com\/2021\/&#8221;][et_pb_image src=&#8221;https:\/\/www.aitanacongress.com\/2021\/wp-content\/uploads\/Foto-1-2.jpg&#8221; title_text=&#8221;Foto (1)&#8221; align=&#8221;center&#8221; _builder_version=&#8221;4.9.4&#8243; _module_preset=&#8221;default&#8221; border_radii=&#8221;on|15px|15px|15px|15px&#8221;][\/et_pb_image][et_pb_image src=&#8221;https:\/\/www.aitanacongress.com\/2021\/wp-content\/uploads\/icon_espan\u0303ol.png&#8221; title_text=&#8221;icon_espan\u0303ol&#8221; admin_label=&#8221;Icono ES&#8221; module_class=&#8221;icono-idioma&#8221; _builder_version=&#8221;4.9.4&#8243; _module_preset=&#8221;default&#8221;][\/et_pb_image][\/et_pb_column][et_pb_column type=&#8221;2_3&#8243; _builder_version=&#8221;4.9.4&#8243; _module_preset=&#8221;default&#8221;][et_pb_text admin_label=&#8221;Texto&#8221; _builder_version=&#8221;4.9.4&#8243; _module_preset=&#8221;default&#8221; link_option_url=&#8221;https:\/\/www.aitanacongress.com\/2021\/p_elena-gervilla\/&#8221;]<\/p>\n<h5>Elena Gervilla<\/h5>\n<p><em>Universidad de las Islas Baleares. Espa\u00f1a<\/em><\/p>\n<p><strong>Prevenci\u00f3n y adicciones: Estrategias preventivas en la adolescencia<\/strong><\/p>\n<p>[\/et_pb_text][\/et_pb_column][\/et_pb_row][et_pb_row column_structure=&#8221;1_3,2_3&#8243; use_custom_gutter=&#8221;on&#8221; gutter_width=&#8221;2&#8243; make_equal=&#8221;on&#8221; disabled_on=&#8221;off|off|off&#8221; admin_label=&#8221;Juan M Flujas&#8221; module_class=&#8221;programa-ponente&#8221; _builder_version=&#8221;4.9.4&#8243; _module_preset=&#8221;default&#8221; max_width_tablet=&#8221;&#8221; max_width_phone=&#8221;&#8221; max_width_last_edited=&#8221;on|phone&#8221; module_alignment=&#8221;center&#8221; custom_margin=&#8221;||||false|false&#8221; custom_padding=&#8221;||||false|false&#8221; link_option_url=&#8221;https:\/\/www.aitanacongress.com\/2021\/p_juan-m-flujas\/&#8221; border_color_right=&#8221;#E46708&#8243; border_color_bottom=&#8221;#E46708&#8243; locked=&#8221;off&#8221; collapsed=&#8221;on&#8221;][et_pb_column type=&#8221;1_3&#8243; _builder_version=&#8221;4.9.4&#8243; _module_preset=&#8221;default&#8221; link_option_url=&#8221;https:\/\/www.aitanacongress.com\/2021\/&#8221;][et_pb_image src=&#8221;https:\/\/www.aitanacongress.com\/2021\/wp-content\/uploads\/JuanmiFoto-1.jpg&#8221; title_text=&#8221;JuanmiFoto&#8221; url=&#8221;https:\/\/www.aitanacongress.com\/2021\/p_juan-m-flujas\/&#8221; align=&#8221;center&#8221; _builder_version=&#8221;4.9.4&#8243; _module_preset=&#8221;default&#8221; border_radii=&#8221;on|15px|15px|15px|15px&#8221;][\/et_pb_image][et_pb_image src=&#8221;https:\/\/www.aitanacongress.com\/2021\/wp-content\/uploads\/icon_espan\u0303ol.png&#8221; title_text=&#8221;icon_espan\u0303ol&#8221; admin_label=&#8221;Icono ES&#8221; module_class=&#8221;icono-idioma&#8221; _builder_version=&#8221;4.9.4&#8243; _module_preset=&#8221;default&#8221;][\/et_pb_image][\/et_pb_column][et_pb_column type=&#8221;2_3&#8243; _builder_version=&#8221;4.9.4&#8243; _module_preset=&#8221;default&#8221;][et_pb_text admin_label=&#8221;Texto&#8221; _builder_version=&#8221;4.9.4&#8243; _module_preset=&#8221;default&#8221; link_option_url=&#8221;https:\/\/www.aitanacongress.com\/2021\/p_juan-m-flujas\/&#8221;]<\/p>\n<h5>Juan Miguel Flujas<\/h5>\n<p><em>Universidad de Almer\u00eda. Espa\u00f1a<\/em><\/p>\n<p><strong>Flexibilidad Psicol\u00f3gica: intervenci\u00f3n en familias desde las Terapias de Tercera Generaci\u00f3n<\/strong><\/p>\n<p>[\/et_pb_text][\/et_pb_column][\/et_pb_row][et_pb_row column_structure=&#8221;1_3,2_3&#8243; use_custom_gutter=&#8221;on&#8221; gutter_width=&#8221;2&#8243; make_equal=&#8221;on&#8221; disabled_on=&#8221;off|off|off&#8221; admin_label=&#8221;Iban Onandia&#8221; module_class=&#8221;programa-ponente&#8221; _builder_version=&#8221;4.9.4&#8243; _module_preset=&#8221;default&#8221; max_width_tablet=&#8221;&#8221; max_width_phone=&#8221;&#8221; max_width_last_edited=&#8221;on|phone&#8221; module_alignment=&#8221;center&#8221; custom_margin=&#8221;||||false|false&#8221; custom_padding=&#8221;||||false|false&#8221; link_option_url=&#8221;https:\/\/www.aitanacongress.com\/2021\/p_iban-onandia-2\/&#8221; border_color_right=&#8221;#E46708&#8243; border_color_bottom=&#8221;#E46708&#8243; locked=&#8221;off&#8221; collapsed=&#8221;on&#8221;][et_pb_column type=&#8221;1_3&#8243; _builder_version=&#8221;4.9.4&#8243; _module_preset=&#8221;default&#8221; link_option_url=&#8221;https:\/\/www.aitanacongress.com\/2021\/&#8221;][et_pb_image src=&#8221;https:\/\/www.aitanacongress.com\/2021\/wp-content\/uploads\/Foto-Iban.jpg&#8221; title_text=&#8221;Foto Iban&#8221; url=&#8221;https:\/\/www.aitanacongress.com\/2021\/p_iban-onandia-2\/&#8221; align=&#8221;center&#8221; _builder_version=&#8221;4.9.4&#8243; _module_preset=&#8221;default&#8221; border_radii=&#8221;on|15px|15px|15px|15px&#8221;][\/et_pb_image][et_pb_image src=&#8221;https:\/\/www.aitanacongress.com\/2021\/wp-content\/uploads\/icon_espan\u0303ol.png&#8221; title_text=&#8221;icon_espan\u0303ol&#8221; admin_label=&#8221;Icono ES&#8221; module_class=&#8221;icono-idioma&#8221; _builder_version=&#8221;4.9.4&#8243; _module_preset=&#8221;default&#8221;][\/et_pb_image][\/et_pb_column][et_pb_column type=&#8221;2_3&#8243; _builder_version=&#8221;4.9.4&#8243; _module_preset=&#8221;default&#8221;][et_pb_text admin_label=&#8221;Texto&#8221; _builder_version=&#8221;4.9.4&#8243; _module_preset=&#8221;default&#8221; link_option_url=&#8221;https:\/\/www.aitanacongress.com\/2021\/p_iban-onandia-2\/&#8221;]<\/p>\n<h5>Iban Onandia<\/h5>\n<p><em>Universidad del Pa\u00eds Vasco. Espa\u00f1a<\/em><\/p>\n<p><strong>Nuevas \u00e1reas de exploraci\u00f3n y diagn\u00f3stico diferencial del TDAH<\/strong><\/p>\n<p>[\/et_pb_text][\/et_pb_column][\/et_pb_row][et_pb_row column_structure=&#8221;1_3,2_3&#8243; use_custom_gutter=&#8221;on&#8221; gutter_width=&#8221;2&#8243; make_equal=&#8221;on&#8221; disabled_on=&#8221;off|off|off&#8221; admin_label=&#8221;Lourdes Espinosa&#8221; module_class=&#8221;programa-ponente&#8221; _builder_version=&#8221;4.9.4&#8243; _module_preset=&#8221;default&#8221; max_width_tablet=&#8221;&#8221; max_width_phone=&#8221;&#8221; max_width_last_edited=&#8221;on|phone&#8221; module_alignment=&#8221;center&#8221; custom_margin=&#8221;||||false|false&#8221; custom_padding=&#8221;||||false|false&#8221; link_option_url=&#8221;https:\/\/www.aitanacongress.com\/2021\/p_lourdes-espinosa\/&#8221; border_color_right=&#8221;#E46708&#8243; border_color_bottom=&#8221;#E46708&#8243; locked=&#8221;off&#8221; collapsed=&#8221;on&#8221;][et_pb_column type=&#8221;1_3&#8243; _builder_version=&#8221;4.9.4&#8243; _module_preset=&#8221;default&#8221; link_option_url=&#8221;https:\/\/www.aitanacongress.com\/2021\/&#8221;][et_pb_image src=&#8221;https:\/\/www.aitanacongress.com\/2021\/wp-content\/uploads\/Lourdes-Espinosa-Fernandez.jpg&#8221; title_text=&#8221;Lourdes Espinosa Fern\u00e1ndez&#8221; align=&#8221;center&#8221; _builder_version=&#8221;4.9.4&#8243; _module_preset=&#8221;default&#8221; border_radii=&#8221;on|15px|15px|15px|15px&#8221;][\/et_pb_image][et_pb_image src=&#8221;https:\/\/www.aitanacongress.com\/2021\/wp-content\/uploads\/icon_espan\u0303ol.png&#8221; title_text=&#8221;icon_espan\u0303ol&#8221; admin_label=&#8221;Icono ES&#8221; module_class=&#8221;icono-idioma&#8221; _builder_version=&#8221;4.9.4&#8243; _module_preset=&#8221;default&#8221;][\/et_pb_image][\/et_pb_column][et_pb_column type=&#8221;2_3&#8243; _builder_version=&#8221;4.9.4&#8243; _module_preset=&#8221;default&#8221;][et_pb_text admin_label=&#8221;Texto&#8221; _builder_version=&#8221;4.9.4&#8243; _module_preset=&#8221;default&#8221; link_option_url=&#8221;https:\/\/www.aitanacongress.com\/2021\/p_lourdes-espinosa\/&#8221;]<\/p>\n<h5>Lourdes Espinosa<\/h5>\n<p><em>Universidad de Ja\u00e9n. Espa\u00f1a<\/em><\/p>\n<p><strong>Resultados de diferentes actuaciones presenciales y virtuales relacionadas con la prevenci\u00f3n e intervenci\u00f3n psicol\u00f3gica en poblaci\u00f3n adolescente<\/strong><\/p>\n<p>[\/et_pb_text][\/et_pb_column][\/et_pb_row][et_pb_row column_structure=&#8221;1_3,2_3&#8243; use_custom_gutter=&#8221;on&#8221; gutter_width=&#8221;2&#8243; make_equal=&#8221;on&#8221; disabled_on=&#8221;on|on|on&#8221; admin_label=&#8221;Shlomit Weiss-Dagan&#8221; module_class=&#8221;programa-ponente&#8221; _builder_version=&#8221;4.9.4&#8243; _module_preset=&#8221;default&#8221; max_width_tablet=&#8221;&#8221; max_width_phone=&#8221;&#8221; max_width_last_edited=&#8221;on|phone&#8221; module_alignment=&#8221;center&#8221; custom_margin=&#8221;||||false|false&#8221; custom_padding=&#8221;||||false|false&#8221; link_option_url=&#8221;https:\/\/www.aitanacongress.com\/2021\/p_shlomitweiss-dagan\/&#8221; border_color_right=&#8221;#E46708&#8243; border_color_bottom=&#8221;#E46708&#8243; disabled=&#8221;on&#8221; locked=&#8221;off&#8221; collapsed=&#8221;on&#8221;][et_pb_column type=&#8221;1_3&#8243; _builder_version=&#8221;4.9.4&#8243; _module_preset=&#8221;default&#8221; link_option_url=&#8221;https:\/\/www.aitanacongress.com\/2021\/&#8221;][et_pb_image title_text=&#8221;Denisse B&#8221; align=&#8221;center&#8221; _builder_version=&#8221;4.9.4&#8243; _module_preset=&#8221;default&#8221; border_radii=&#8221;on|15px|15px|15px|15px&#8221;][\/et_pb_image][et_pb_image src=&#8221;https:\/\/www.aitanacongress.com\/2021\/wp-content\/uploads\/icon_english.png&#8221; title_text=&#8221;icon_english&#8221; admin_label=&#8221;Icono EN&#8221; module_class=&#8221;icono-idioma&#8221; _builder_version=&#8221;4.9.4&#8243; _module_preset=&#8221;default&#8221;][\/et_pb_image][\/et_pb_column][et_pb_column type=&#8221;2_3&#8243; _builder_version=&#8221;4.9.4&#8243; _module_preset=&#8221;default&#8221;][et_pb_text admin_label=&#8221;Texto&#8221; _builder_version=&#8221;4.9.4&#8243; _module_preset=&#8221;default&#8221; link_option_url=&#8221;https:\/\/www.aitanacongress.com\/2021\/p_shlomitweiss-dagan\/&#8221;]<\/p>\n<h5>Shlomit Weiss-Dagan<\/h5>\n<p><em>Bar-Ilan University. Israel<\/em><\/p>\n<p><strong>Cabalgatas terap\u00e9uticas para adolescentes en riesgo en cuidado residencial <\/strong><\/p>\n<p>[\/et_pb_text][\/et_pb_column][\/et_pb_row][et_pb_row column_structure=&#8221;1_3,2_3&#8243; use_custom_gutter=&#8221;on&#8221; gutter_width=&#8221;2&#8243; make_equal=&#8221;on&#8221; disabled_on=&#8221;on|on|on&#8221; admin_label=&#8221;Amaia Izquierdo&#8221; module_class=&#8221;programa-ponente&#8221; _builder_version=&#8221;4.9.4&#8243; _module_preset=&#8221;default&#8221; max_width_tablet=&#8221;&#8221; max_width_phone=&#8221;&#8221; max_width_last_edited=&#8221;on|phone&#8221; module_alignment=&#8221;center&#8221; custom_margin=&#8221;||||false|false&#8221; custom_padding=&#8221;||||false|false&#8221; link_option_url=&#8221;https:\/\/www.aitanacongress.com\/2021\/p_amaia-izquierdo\/&#8221; border_color_right=&#8221;#E46708&#8243; border_color_bottom=&#8221;#E46708&#8243; disabled=&#8221;on&#8221; locked=&#8221;off&#8221; collapsed=&#8221;on&#8221;][et_pb_column type=&#8221;1_3&#8243; _builder_version=&#8221;4.9.4&#8243; _module_preset=&#8221;default&#8221; link_option_url=&#8221;https:\/\/www.aitanacongress.com\/2021\/&#8221;][et_pb_image src=&#8221;https:\/\/www.aitanacongress.com\/2021\/wp-content\/uploads\/Amaia.png&#8221; title_text=&#8221;Amaia&#8221; align=&#8221;center&#8221; _builder_version=&#8221;4.9.4&#8243; _module_preset=&#8221;default&#8221; border_radii=&#8221;on|15px|15px|15px|15px&#8221;][\/et_pb_image][et_pb_image src=&#8221;https:\/\/www.aitanacongress.com\/2021\/wp-content\/uploads\/icon_espan\u0303ol.png&#8221; title_text=&#8221;icon_espan\u0303ol&#8221; admin_label=&#8221;Icono ES&#8221; module_class=&#8221;icono-idioma&#8221; _builder_version=&#8221;4.9.4&#8243; _module_preset=&#8221;default&#8221;][\/et_pb_image][\/et_pb_column][et_pb_column type=&#8221;2_3&#8243; _builder_version=&#8221;4.9.4&#8243; _module_preset=&#8221;default&#8221;][et_pb_text admin_label=&#8221;Texto&#8221; _builder_version=&#8221;4.9.4&#8243; _module_preset=&#8221;default&#8221; link_option_url=&#8221;https:\/\/www.aitanacongress.com\/2021\/p_amaia-izquierdo\/&#8221;]<\/p>\n<h5>Amaia Izquierdo<\/h5>\n<p><em>Universidad Complutense de Madrid. Espa\u00f1a<\/em><\/p>\n<p><strong>Psicolog\u00eda cl\u00ednica de la infancia y la adolescencia: Bases para una nueva especialidad<\/strong><\/p>\n<p>[\/et_pb_text][\/et_pb_column][\/et_pb_row][et_pb_row column_structure=&#8221;1_3,2_3&#8243; use_custom_gutter=&#8221;on&#8221; gutter_width=&#8221;2&#8243; make_equal=&#8221;on&#8221; disabled_on=&#8221;on|on|on&#8221; admin_label=&#8221;Otro&#8221; module_class=&#8221;programa-ponente&#8221; _builder_version=&#8221;4.9.4&#8243; _module_preset=&#8221;default&#8221; max_width_tablet=&#8221;&#8221; max_width_phone=&#8221;&#8221; max_width_last_edited=&#8221;on|phone&#8221; module_alignment=&#8221;center&#8221; custom_margin=&#8221;||||false|false&#8221; custom_padding=&#8221;||||false|false&#8221; link_option_url=&#8221;https:\/\/www.aitanacongress.com\/2021\/&#8221; border_color_right=&#8221;#E46708&#8243; border_color_bottom=&#8221;#E46708&#8243; disabled=&#8221;on&#8221; locked=&#8221;off&#8221; collapsed=&#8221;on&#8221;][et_pb_column type=&#8221;1_3&#8243; _builder_version=&#8221;4.9.4&#8243; _module_preset=&#8221;default&#8221; link_option_url=&#8221;https:\/\/www.aitanacongress.com\/2021\/&#8221;][et_pb_image title_text=&#8221;Denisse B&#8221; align=&#8221;center&#8221; _builder_version=&#8221;4.9.4&#8243; _module_preset=&#8221;default&#8221; border_radii=&#8221;on|15px|15px|15px|15px&#8221;][\/et_pb_image][et_pb_image src=&#8221;https:\/\/www.aitanacongress.com\/2021\/wp-content\/uploads\/icon_espan\u0303ol.png&#8221; title_text=&#8221;icon_espan\u0303ol&#8221; admin_label=&#8221;Icono ES&#8221; module_class=&#8221;icono-idioma&#8221; _builder_version=&#8221;4.9.4&#8243; _module_preset=&#8221;default&#8221;][\/et_pb_image][\/et_pb_column][et_pb_column type=&#8221;2_3&#8243; _builder_version=&#8221;4.9.4&#8243; _module_preset=&#8221;default&#8221;][et_pb_text admin_label=&#8221;Texto&#8221; _builder_version=&#8221;4.9.4&#8243; _module_preset=&#8221;default&#8221; link_option_url=&#8221;https:\/\/www.aitanacongress.com\/2021\/&#8221;]<\/p>\n<h5>Nombre<\/h5>\n<p><em>Universidad . Pa\u00eds<\/em><\/p>\n<p><strong>T\u00edtulo<\/strong><\/p>\n<p>[\/et_pb_text][\/et_pb_column][\/et_pb_row][\/et_pb_section]<\/p>\n","protected":false},"excerpt":{"rendered":"<p>[et_pb_section fb_built=&#8221;1&#8243; fullwidth=&#8221;on&#8221; custom_padding_last_edited=&#8221;on|desktop&#8221; admin_label=&#8221;Cabecera &#8211; Titulo&#8221; module_class=&#8221;cabecera-seccion&#8221; _builder_version=&#8221;4.9.4&#8243; background_color=&#8221;#E46708&#8243; height=&#8221;100px&#8221; custom_padding=&#8221;||||false|false&#8221; custom_padding_tablet=&#8221;||||false|false&#8221; custom_padding_phone=&#8221;||||false|false&#8221; custom_css_main_element_last_edited=&#8221;on|phone&#8221;][et_pb_fullwidth_header _builder_version=&#8221;4.9.4&#8243; title_level=&#8221;h4&#8243; title_font=&#8221;|800||on|||||&#8221; title_text_align=&#8221;center&#8221; title_text_color=&#8221;#053341&#8243; title_font_size=&#8221;48px&#8221; background_enable_color=&#8221;off&#8221; background_enable_image=&#8221;off&#8221; background_size=&#8221;contain&#8221; background_position=&#8221;center_left&#8221; custom_padding_tablet=&#8221;&#8221; custom_padding_phone=&#8221;10px||10px||false|false&#8221; custom_padding_last_edited=&#8221;on|phone&#8221; title_font_size_tablet=&#8221;&#8221; title_font_size_phone=&#8221;30px&#8221; title_font_size_last_edited=&#8221;on|phone&#8221;] ProgramaPrograma [\/et_pb_fullwidth_header][\/et_pb_section][et_pb_section fb_built=&#8221;1&#8243; custom_padding_last_edited=&#8221;on|phone&#8221; disabled_on=&#8221;off|off|off&#8221; admin_label=&#8221;PROGRAMA&#8221; _builder_version=&#8221;4.9.4&#8243; background_color=&#8221;#E46708&#8243; background_enable_image=&#8221;off&#8221; background_size=&#8221;initial&#8221; width=&#8221;100%&#8221; max_width=&#8221;100%&#8221; custom_margin=&#8221;0px|0px|0px|0px|false|false&#8221; custom_padding=&#8221;0px|0px|0px|0px|false|false&#8221; custom_padding_tablet=&#8221;&#8221; custom_padding_phone=&#8221;&#8221; link_option_url=&#8221;https:\/\/aitana2020online.siteonsite.es\/&#8221; link_option_url_new_window=&#8221;on&#8221; global_module=&#8221;318&#8243; saved_tabs=&#8221;all&#8221; collapsed=&#8221;on&#8221;][et_pb_row make_equal=&#8221;on&#8221; _builder_version=&#8221;4.0.11&#8243; background_color=&#8221;rgba(0,0,0,0)&#8221; [&hellip;]<\/p>\n","protected":false},"author":1,"featured_media":0,"parent":0,"menu_order":0,"comment_status":"closed","ping_status":"closed","template":"","meta":{"_et_pb_use_builder":"on","_et_pb_old_content":"","_et_gb_content_width":"","_monsterinsights_skip_tracking":false,"_monsterinsights_sitenote_active":false,"_monsterinsights_sitenote_note":"","_monsterinsights_sitenote_category":0,"footnotes":""},"class_list":["post-791","page","type-page","status-publish","hentry"],"yoast_head":"<!-- This site is optimized with the Yoast SEO plugin v16.4 - https:\/\/yoast.com\/wordpress\/plugins\/seo\/ -->\n<title>Programa | Aitana Congress 2021<\/title>\n<meta name=\"robots\" content=\"index, follow, max-snippet:-1, max-image-preview:large, max-video-preview:-1\" \/>\n<link rel=\"canonical\" href=\"https:\/\/www.aitanacongress.com\/2021\/programa\/\" \/>\n<meta property=\"og:locale\" content=\"es_ES\" \/>\n<meta property=\"og:type\" content=\"article\" \/>\n<meta property=\"og:title\" content=\"Programa | Aitana Congress 2021\" \/>\n<meta property=\"og:description\" content=\"[et_pb_section fb_built=&#8221;1&#8243; fullwidth=&#8221;on&#8221; custom_padding_last_edited=&#8221;on|desktop&#8221; admin_label=&#8221;Cabecera &#8211; Titulo&#8221; module_class=&#8221;cabecera-seccion&#8221; _builder_version=&#8221;4.9.4&#8243; background_color=&#8221;#E46708&#8243; height=&#8221;100px&#8221; custom_padding=&#8221;||||false|false&#8221; custom_padding_tablet=&#8221;||||false|false&#8221; custom_padding_phone=&#8221;||||false|false&#8221; custom_css_main_element_last_edited=&#8221;on|phone&#8221;][et_pb_fullwidth_header _builder_version=&#8221;4.9.4&#8243; title_level=&#8221;h4&#8243; title_font=&#8221;|800||on|||||&#8221; title_text_align=&#8221;center&#8221; title_text_color=&#8221;#053341&#8243; title_font_size=&#8221;48px&#8221; background_enable_color=&#8221;off&#8221; background_enable_image=&#8221;off&#8221; background_size=&#8221;contain&#8221; background_position=&#8221;center_left&#8221; custom_padding_tablet=&#8221;&#8221; custom_padding_phone=&#8221;10px||10px||false|false&#8221; custom_padding_last_edited=&#8221;on|phone&#8221; title_font_size_tablet=&#8221;&#8221; title_font_size_phone=&#8221;30px&#8221; title_font_size_last_edited=&#8221;on|phone&#8221;] ProgramaPrograma [\/et_pb_fullwidth_header][\/et_pb_section][et_pb_section fb_built=&#8221;1&#8243; custom_padding_last_edited=&#8221;on|phone&#8221; disabled_on=&#8221;off|off|off&#8221; admin_label=&#8221;PROGRAMA&#8221; _builder_version=&#8221;4.9.4&#8243; background_color=&#8221;#E46708&#8243; background_enable_image=&#8221;off&#8221; background_size=&#8221;initial&#8221; width=&#8221;100%&#8221; max_width=&#8221;100%&#8221; custom_margin=&#8221;0px|0px|0px|0px|false|false&#8221; custom_padding=&#8221;0px|0px|0px|0px|false|false&#8221; custom_padding_tablet=&#8221;&#8221; custom_padding_phone=&#8221;&#8221; link_option_url=&#8221;https:\/\/aitana2020online.siteonsite.es\/&#8221; link_option_url_new_window=&#8221;on&#8221; global_module=&#8221;318&#8243; saved_tabs=&#8221;all&#8221; collapsed=&#8221;on&#8221;][et_pb_row make_equal=&#8221;on&#8221; _builder_version=&#8221;4.0.11&#8243; background_color=&#8221;rgba(0,0,0,0)&#8221; [&hellip;]\" \/>\n<meta property=\"og:url\" content=\"https:\/\/www.aitanacongress.com\/2021\/programa\/\" \/>\n<meta property=\"og:site_name\" content=\"Aitana Congress 2021\" \/>\n<meta property=\"article:modified_time\" content=\"2021-11-15T18:33:47+00:00\" \/>\n<meta property=\"og:image\" content=\"https:\/\/www.aitanacongress.com\/2021\/wp-content\/uploads\/icon_espan\u0303ol.png\" \/>\n<meta name=\"twitter:card\" content=\"summary_large_image\" \/>\n<meta name=\"twitter:label1\" content=\"Tiempo de lectura\" \/>\n\t<meta name=\"twitter:data1\" content=\"18 minutos\" \/>\n<script type=\"application\/ld+json\" class=\"yoast-schema-graph\">{\"@context\":\"https:\/\/schema.org\",\"@graph\":[{\"@type\":\"WebSite\",\"@id\":\"https:\/\/www.aitanacongress.com\/2021\/#website\",\"url\":\"https:\/\/www.aitanacongress.com\/2021\/\",\"name\":\"Aitana Congress 2021\",\"description\":\"International Congress of Clinical and Health Psychology in Children and Adolescents\",\"potentialAction\":[{\"@type\":\"SearchAction\",\"target\":\"https:\/\/www.aitanacongress.com\/2021\/?s={search_term_string}\",\"query-input\":\"required name=search_term_string\"}],\"inLanguage\":\"es\"},{\"@type\":\"ImageObject\",\"@id\":\"https:\/\/www.aitanacongress.com\/2021\/programa\/#primaryimage\",\"inLanguage\":\"es\",\"url\":\"https:\/\/www.aitanacongress.com\/2021\/wp-content\/uploads\/icon_espan\\u0303ol.png\",\"contentUrl\":\"https:\/\/www.aitanacongress.com\/2021\/wp-content\/uploads\/icon_espan\\u0303ol.png\",\"width\":82,\"height\":81},{\"@type\":\"WebPage\",\"@id\":\"https:\/\/www.aitanacongress.com\/2021\/programa\/#webpage\",\"url\":\"https:\/\/www.aitanacongress.com\/2021\/programa\/\",\"name\":\"Programa | Aitana Congress 2021\",\"isPartOf\":{\"@id\":\"https:\/\/www.aitanacongress.com\/2021\/#website\"},\"primaryImageOfPage\":{\"@id\":\"https:\/\/www.aitanacongress.com\/2021\/programa\/#primaryimage\"},\"datePublished\":\"2021-06-01T03:49:21+00:00\",\"dateModified\":\"2021-11-15T18:33:47+00:00\",\"breadcrumb\":{\"@id\":\"https:\/\/www.aitanacongress.com\/2021\/programa\/#breadcrumb\"},\"inLanguage\":\"es\",\"potentialAction\":[{\"@type\":\"ReadAction\",\"target\":[\"https:\/\/www.aitanacongress.com\/2021\/programa\/\"]}]},{\"@type\":\"BreadcrumbList\",\"@id\":\"https:\/\/www.aitanacongress.com\/2021\/programa\/#breadcrumb\",\"itemListElement\":[{\"@type\":\"ListItem\",\"position\":1,\"item\":{\"@type\":\"WebPage\",\"@id\":\"https:\/\/www.aitanacongress.com\/2021\/\",\"url\":\"https:\/\/www.aitanacongress.com\/2021\/\",\"name\":\"Portada\"}},{\"@type\":\"ListItem\",\"position\":2,\"item\":{\"@id\":\"https:\/\/www.aitanacongress.com\/2021\/programa\/#webpage\"}}]}]}<\/script>\n<!-- \/ Yoast SEO plugin. -->","_links":{"self":[{"href":"https:\/\/www.aitanacongress.com\/2021\/wp-json\/wp\/v2\/pages\/791","targetHints":{"allow":["GET"]}}],"collection":[{"href":"https:\/\/www.aitanacongress.com\/2021\/wp-json\/wp\/v2\/pages"}],"about":[{"href":"https:\/\/www.aitanacongress.com\/2021\/wp-json\/wp\/v2\/types\/page"}],"author":[{"embeddable":true,"href":"https:\/\/www.aitanacongress.com\/2021\/wp-json\/wp\/v2\/users\/1"}],"replies":[{"embeddable":true,"href":"https:\/\/www.aitanacongress.com\/2021\/wp-json\/wp\/v2\/comments?post=791"}],"version-history":[{"count":158,"href":"https:\/\/www.aitanacongress.com\/2021\/wp-json\/wp\/v2\/pages\/791\/revisions"}],"predecessor-version":[{"id":3765,"href":"https:\/\/www.aitanacongress.com\/2021\/wp-json\/wp\/v2\/pages\/791\/revisions\/3765"}],"wp:attachment":[{"href":"https:\/\/www.aitanacongress.com\/2021\/wp-json\/wp\/v2\/media?parent=791"}],"curies":[{"name":"wp","href":"https:\/\/api.w.org\/{rel}","templated":true}]}}