{"id":1272,"date":"2022-03-23T17:01:55","date_gmt":"2022-03-23T17:01:55","guid":{"rendered":"https:\/\/www.aitanacongress.com\/2022\/?page_id=1272"},"modified":"2022-03-23T17:01:58","modified_gmt":"2022-03-23T17:01:58","slug":"p_ricardo-canal-bedia","status":"publish","type":"page","link":"https:\/\/www.aitanacongress.com\/2022\/p_ricardo-canal-bedia\/","title":{"rendered":"p_Ricardo Canal Bedia"},"content":{"rendered":"<p>[et_pb_section fb_built=\u00bb1&#8243; custom_padding_last_edited=\u00bbon|phone\u00bb admin_label=\u00bbponencia\u00bb _builder_version=\u00bb4.14.7&#8243; _module_preset=\u00bbdefault\u00bb custom_margin=\u00bb||||false|false\u00bb custom_padding=\u00bb0px||0px||false|false\u00bb custom_padding_tablet=\u00bb0px||0px||false|false\u00bb custom_padding_phone=\u00bb|0px||0px|false|false\u00bb collapsed=\u00bboff\u00bb global_colors_info=\u00bb{}\u00bb][et_pb_row custom_padding_last_edited=\u00bbon|desktop\u00bb _builder_version=\u00bb4.14.7&#8243; _module_preset=\u00bbdefault\u00bb custom_margin=\u00bb||||false|false\u00bb custom_padding_tablet=\u00bb\u00bb custom_padding_phone=\u00bb|0px||0px|false|false\u00bb global_colors_info=\u00bb{}\u00bb][et_pb_column type=\u00bb4_4&#8243; _builder_version=\u00bb4.14.7&#8243; _module_preset=\u00bbdefault\u00bb global_colors_info=\u00bb{}\u00bb][et_pb_text _builder_version=\u00bb4.14.7&#8243; _module_preset=\u00bbdefault\u00bb header_font=\u00bb|||on|||||\u00bb header_text_color=\u00bb#FFFFFF\u00bb header_font_size=\u00bb45px\u00bb header_2_font=\u00bb|800||on|||||\u00bb header_2_text_align=\u00bbcenter\u00bb header_2_text_color=\u00bb#0060A8&#8243; header_2_font_size=\u00bb35px\u00bb background_color=\u00bbRGBA(255,255,255,0)\u00bb text_orientation=\u00bbright\u00bb custom_margin=\u00bb0px||||false|false\u00bb custom_padding=\u00bb50px|120px|5px|120px|false|false\u00bb custom_padding_tablet=\u00bb50px|120px|5px|120px|false|false\u00bb custom_padding_phone=\u00bb70px|0px|5px|0px|false|false\u00bb custom_padding_last_edited=\u00bbon|phone\u00bb hover_enabled=\u00bb0&#8243; text_orientation_tablet=\u00bbright\u00bb text_orientation_phone=\u00bbcenter\u00bb text_orientation_last_edited=\u00bbon|desktop\u00bb global_colors_info=\u00bb{}\u00bb sticky_enabled=\u00bb0&#8243;]<\/p>\n<h2>La detecci\u00f3n precoz del TEA. Retos y propuestas 30 a\u00f1os despu\u00e9s de grandes esfuerzos y algunos reveses<\/h2>\n<p>[\/et_pb_text][et_pb_text admin_label=\u00bbresumen\u00bb _builder_version=\u00bb4.14.7&#8243; _module_preset=\u00bbdefault\u00bb background_color=\u00bbrgba(199,227,237,0.6)\u00bb width=\u00bb900px\u00bb module_alignment=\u00bbcenter\u00bb custom_margin=\u00bb||10px||false|false\u00bb custom_padding=\u00bb40px|30px|30px|40px|false|false\u00bb hover_enabled=\u00bb0&#8243; global_colors_info=\u00bb{}\u00bb sticky_enabled=\u00bb0&#8243;]<\/p>\n<p>Desde hace mucho tiempo la detecci\u00f3n precoz del autismo se ha considerado un asunto prioritario. La raz\u00f3n fundamental es que una detecci\u00f3n precoz incrementa las posibilidades de que los tratamientos logren resultados m\u00e1s relevantes a largo plazo, tanto para el menor como para la familia. Sin embargo, a pesar del empe\u00f1o de muchos investigadores y organizaciones a lo largo de m\u00e1s de tres d\u00e9cadas, seguimos detectando solo a una parte de los menores que luego desarrollar\u00e1n TEA.<\/p>\n<p>En la presentaci\u00f3n se analizan cr\u00edticamente los esfuerzos llevados a cabo en estos 30 a\u00f1os y las razones por las que no se ha logrado avanzar en detecci\u00f3n precoz todo lo que se esperaba. En la ponencia se exponen tambi\u00e9n los planteamientos que sustentan los diferentes enfoques dirigidos a mejorar la detecci\u00f3n, as\u00ed como los m\u00e9todos de detecci\u00f3n, sus resultados y las conclusiones que pueden ser consideradas certezas actuales sobre las estrategias m\u00e1s eficaces para detectar menores con TEA o en riesgo de desarrollarlo.<\/p>\n<p>[\/et_pb_text][\/et_pb_column][\/et_pb_row][et_pb_row column_structure=\u00bb1_3,2_3&#8243; custom_padding_last_edited=\u00bbon|desktop\u00bb _builder_version=\u00bb4.14.7&#8243; _module_preset=\u00bbdefault\u00bb custom_margin=\u00bb||||false|false\u00bb custom_padding_tablet=\u00bb\u00bb custom_padding_phone=\u00bb|0px||0px|false|false\u00bb global_colors_info=\u00bb{}\u00bb][et_pb_column type=\u00bb1_3&#8243; _builder_version=\u00bb4.14.7&#8243; _module_preset=\u00bbdefault\u00bb global_colors_info=\u00bb{}\u00bb][et_pb_image src=\u00bbhttps:\/\/www.aitanacongress.com\/2022\/wp-content\/uploads\/ricardo-canal-bedia.jpg\u00bb title_text=\u00bbricardo-canal-bedia\u00bb _builder_version=\u00bb4.14.7&#8243; _module_preset=\u00bbdefault\u00bb hover_enabled=\u00bb0&#8243; global_colors_info=\u00bb{}\u00bb sticky_enabled=\u00bb0&#8243;][\/et_pb_image][\/et_pb_column][et_pb_column type=\u00bb2_3&#8243; _builder_version=\u00bb4.14.7&#8243; _module_preset=\u00bbdefault\u00bb global_colors_info=\u00bb{}\u00bb][et_pb_text admin_label=\u00bbCV\u00bb _builder_version=\u00bb4.14.7&#8243; _module_preset=\u00bbdefault\u00bb background_color=\u00bbRGBA(255,255,255,0)\u00bb custom_margin=\u00bb||10px||false|false\u00bb custom_padding=\u00bb40px|30px|30px|40px|false|false\u00bb hover_enabled=\u00bb0&#8243; global_colors_info=\u00bb{}\u00bb sticky_enabled=\u00bb0&#8243;]<\/p>\n<h3>Ricardo Canal Bedia<\/h3>\n<p>Universidad de Salamanca<\/p>\n<p>Doctor en Psicolog\u00eda por la Universidad Aut\u00f3noma de Madrid. Especialista en Psicolog\u00eda Cl\u00ednica y Especialista en Psicolog\u00eda del Lenguaje. Profesor Titular del Departamento de Personalidad, Evaluaci\u00f3n y Tratamiento Psicol\u00f3gicos de la Universidad de Salamanca. Dirige el grupo InFoAutismo y el Centro de Atenci\u00f3n Integral al Autismo de la Universidad de Salamanca. Investigador del INICO, Instituto Universitario de Integraci\u00f3n en la Comunidad y miembro de Unidad de Investigaci\u00f3n Consolidada (UIC. 115), reconocida por la Junta de Castilla y Le\u00f3n el 22\/9\/2015.<\/p>\n<p>Ha participado en 30 proyectos de investigaci\u00f3n competitivos, siendo IP en 10. Ha sido responsable de 52 contratos de investigaci\u00f3n y desarrollo. Ha realizado 79 publicaciones (art\u00edculos, cap\u00edtulos de libros y libros) de car\u00e1cter nacional e internacional.<\/p>\n<p>Su labor investigadora se ha centrado en el estudio del autismo y la psicopatolog\u00eda infantil, especialmente en el \u00e1mbito de la evaluaci\u00f3n temprana del desarrollo comunicativo, cognitivo y social. Otra l\u00ednea prioritaria de investigaci\u00f3n ha sido los problemas de conducta en personas con discapacidad, modificaci\u00f3n de conducta y evaluaci\u00f3n funcional del comportamiento. Desde 1997 hasta la actualidad colabora con la Gerencia de Servicios Sociales de Castilla y Le\u00f3n en el desarrollo de servicios para personas con discapacidad, publicando diversos manuales de procedimientos para el apoyo conductual. En colaboraci\u00f3n con la Consejer\u00eda de Sanidad de Castilla y Le\u00f3n, ha desarrollado el Programa de Detecci\u00f3n Precoz del Autismo en Castilla y Le\u00f3n, actualmente incluido en la Cartera de Servicios del Servicio de Salud de Castilla y Le\u00f3n.<\/p>\n<p>[\/et_pb_text][\/et_pb_column][\/et_pb_row][\/et_pb_section][et_pb_section fb_built=\u00bb1&#8243; admin_label=\u00bbLOGO_ES\u00bb _builder_version=\u00bb4.14.7&#8243; _module_preset=\u00bbdefault\u00bb global_module=\u00bb165&#8243; saved_tabs=\u00bball\u00bb collapsed=\u00bboff\u00bb global_colors_info=\u00bb{}\u00bb][et_pb_row admin_label=\u00bbOrganiza\u00bb _builder_version=\u00bb4.14.7&#8243; _module_preset=\u00bbdefault\u00bb custom_margin=\u00bb||0px||false|false\u00bb custom_padding=\u00bb||0px||false|false\u00bb global_colors_info=\u00bb{}\u00bb][et_pb_column type=\u00bb4_4&#8243; _builder_version=\u00bb4.14.7&#8243; _module_preset=\u00bbdefault\u00bb global_colors_info=\u00bb{}\u00bb][et_pb_text _builder_version=\u00bb4.14.7&#8243; _module_preset=\u00bbdefault\u00bb text_font=\u00bb|||on|||||\u00bb text_text_color=\u00bb#CE122D\u00bb text_orientation=\u00bbcenter\u00bb module_alignment=\u00bbcenter\u00bb custom_margin=\u00bb||0px||false|false\u00bb custom_padding=\u00bb||0px||false|false\u00bb global_colors_info=\u00bb{}\u00bb]<\/p>\n<p>Organiza<\/p>\n<p>[\/et_pb_text][\/et_pb_column][\/et_pb_row][et_pb_row column_structure=\u00bb1_2,1_2&#8243; _builder_version=\u00bb4.14.7&#8243; _module_preset=\u00bbdefault\u00bb global_colors_info=\u00bb{}\u00bb][et_pb_column type=\u00bb1_2&#8243; _builder_version=\u00bb4.14.7&#8243; _module_preset=\u00bbdefault\u00bb global_colors_info=\u00bb{}\u00bb][et_pb_image src=\u00bbhttps:\/\/www.aitanacongress.com\/2022\/wp-content\/uploads\/logo-aitana-2022.png\u00bb title_text=\u00bblogo-aitana-2022&#8243; admin_label=\u00bbaitana\u00bb _builder_version=\u00bb4.14.7&#8243; _module_preset=\u00bbdefault\u00bb width=\u00bb250px\u00bb module_alignment=\u00bbcenter\u00bb global_colors_info=\u00bb{}\u00bb][\/et_pb_image][\/et_pb_column][et_pb_column type=\u00bb1_2&#8243; _builder_version=\u00bb4.14.7&#8243; _module_preset=\u00bbdefault\u00bb global_colors_info=\u00bb{}\u00bb][et_pb_image src=\u00bbhttps:\/\/www.aitanacongress.com\/2022\/wp-content\/uploads\/logo-UHM-2022.png\u00bb title_text=\u00bblogo-UHM-2022&#8243; admin_label=\u00bbUHM\u00bb _builder_version=\u00bb4.14.7&#8243; _module_preset=\u00bbdefault\u00bb width=\u00bb250px\u00bb module_alignment=\u00bbcenter\u00bb global_colors_info=\u00bb{}\u00bb][\/et_pb_image][\/et_pb_column][\/et_pb_row][\/et_pb_section]<\/p>\n","protected":false},"excerpt":{"rendered":"<p>La detecci\u00f3n precoz del TEA. Retos y propuestas 30 a\u00f1os despu\u00e9s de grandes esfuerzos y algunos revesesDesde hace mucho tiempo la detecci\u00f3n precoz del autismo se ha considerado un asunto prioritario. La raz\u00f3n fundamental es que una detecci\u00f3n precoz incrementa las posibilidades de que los tratamientos logren resultados m\u00e1s relevantes a largo plazo, tanto para [&hellip;]<\/p>\n","protected":false},"author":1,"featured_media":0,"parent":0,"menu_order":0,"comment_status":"closed","ping_status":"closed","template":"","meta":{"_et_pb_use_builder":"on","_et_pb_old_content":"","_et_gb_content_width":"","_oct_exclude_from_cache":false,"footnotes":""},"class_list":["post-1272","page","type-page","status-publish","hentry"],"yoast_head":"<!-- This site is optimized with the Yoast SEO plugin v23.6 - https:\/\/yoast.com\/wordpress\/plugins\/seo\/ -->\n<title>p_Ricardo Canal Bedia - aitanacongress.com<\/title>\n<meta name=\"robots\" content=\"index, follow, max-snippet:-1, max-image-preview:large, max-video-preview:-1\" \/>\n<link rel=\"canonical\" href=\"https:\/\/www.aitanacongress.com\/2022\/p_ricardo-canal-bedia\/\" \/>\n<meta property=\"og:locale\" content=\"es_ES\" \/>\n<meta property=\"og:type\" content=\"article\" \/>\n<meta property=\"og:title\" content=\"p_Ricardo Canal Bedia - aitanacongress.com\" \/>\n<meta property=\"og:description\" content=\"La detecci\u00f3n precoz del TEA. Retos y propuestas 30 a\u00f1os despu\u00e9s de grandes esfuerzos y algunos revesesDesde hace mucho tiempo la detecci\u00f3n precoz del autismo se ha considerado un asunto prioritario. La raz\u00f3n fundamental es que una detecci\u00f3n precoz incrementa las posibilidades de que los tratamientos logren resultados m\u00e1s relevantes a largo plazo, tanto para [&hellip;]\" \/>\n<meta property=\"og:url\" content=\"https:\/\/www.aitanacongress.com\/2022\/p_ricardo-canal-bedia\/\" \/>\n<meta property=\"og:site_name\" content=\"aitanacongress.com\" \/>\n<meta property=\"article:modified_time\" content=\"2022-03-23T17:01:58+00:00\" \/>\n<meta name=\"twitter:card\" content=\"summary_large_image\" \/>\n<meta name=\"twitter:label1\" content=\"Tiempo de lectura\" \/>\n\t<meta name=\"twitter:data1\" content=\"5 minutos\" \/>\n<script type=\"application\/ld+json\" class=\"yoast-schema-graph\">{\"@context\":\"https:\/\/schema.org\",\"@graph\":[{\"@type\":\"WebPage\",\"@id\":\"https:\/\/www.aitanacongress.com\/2022\/p_ricardo-canal-bedia\/\",\"url\":\"https:\/\/www.aitanacongress.com\/2022\/p_ricardo-canal-bedia\/\",\"name\":\"p_Ricardo Canal Bedia - aitanacongress.com\",\"isPartOf\":{\"@id\":\"https:\/\/www.aitanacongress.com\/2022\/#website\"},\"datePublished\":\"2022-03-23T17:01:55+00:00\",\"dateModified\":\"2022-03-23T17:01:58+00:00\",\"breadcrumb\":{\"@id\":\"https:\/\/www.aitanacongress.com\/2022\/p_ricardo-canal-bedia\/#breadcrumb\"},\"inLanguage\":\"es\",\"potentialAction\":[{\"@type\":\"ReadAction\",\"target\":[\"https:\/\/www.aitanacongress.com\/2022\/p_ricardo-canal-bedia\/\"]}]},{\"@type\":\"BreadcrumbList\",\"@id\":\"https:\/\/www.aitanacongress.com\/2022\/p_ricardo-canal-bedia\/#breadcrumb\",\"itemListElement\":[{\"@type\":\"ListItem\",\"position\":1,\"name\":\"Portada\",\"item\":\"https:\/\/www.aitanacongress.com\/2022\/\"},{\"@type\":\"ListItem\",\"position\":2,\"name\":\"p_Ricardo Canal Bedia\"}]},{\"@type\":\"WebSite\",\"@id\":\"https:\/\/www.aitanacongress.com\/2022\/#website\",\"url\":\"https:\/\/www.aitanacongress.com\/2022\/\",\"name\":\"aitanacongress.com\",\"description\":\"8th International Congress of Clinical and Health Psychology in Children and Adolescents\",\"potentialAction\":[{\"@type\":\"SearchAction\",\"target\":{\"@type\":\"EntryPoint\",\"urlTemplate\":\"https:\/\/www.aitanacongress.com\/2022\/?s={search_term_string}\"},\"query-input\":{\"@type\":\"PropertyValueSpecification\",\"valueRequired\":true,\"valueName\":\"search_term_string\"}}],\"inLanguage\":\"es\"}]}<\/script>\n<!-- \/ Yoast SEO plugin. -->","yoast_head_json":{"title":"p_Ricardo Canal Bedia - aitanacongress.com","robots":{"index":"index","follow":"follow","max-snippet":"max-snippet:-1","max-image-preview":"max-image-preview:large","max-video-preview":"max-video-preview:-1"},"canonical":"https:\/\/www.aitanacongress.com\/2022\/p_ricardo-canal-bedia\/","og_locale":"es_ES","og_type":"article","og_title":"p_Ricardo Canal Bedia - aitanacongress.com","og_description":"La detecci\u00f3n precoz del TEA. Retos y propuestas 30 a\u00f1os despu\u00e9s de grandes esfuerzos y algunos revesesDesde hace mucho tiempo la detecci\u00f3n precoz del autismo se ha considerado un asunto prioritario. La raz\u00f3n fundamental es que una detecci\u00f3n precoz incrementa las posibilidades de que los tratamientos logren resultados m\u00e1s relevantes a largo plazo, tanto para [&hellip;]","og_url":"https:\/\/www.aitanacongress.com\/2022\/p_ricardo-canal-bedia\/","og_site_name":"aitanacongress.com","article_modified_time":"2022-03-23T17:01:58+00:00","twitter_card":"summary_large_image","twitter_misc":{"Tiempo de lectura":"5 minutos"},"schema":{"@context":"https:\/\/schema.org","@graph":[{"@type":"WebPage","@id":"https:\/\/www.aitanacongress.com\/2022\/p_ricardo-canal-bedia\/","url":"https:\/\/www.aitanacongress.com\/2022\/p_ricardo-canal-bedia\/","name":"p_Ricardo Canal Bedia - aitanacongress.com","isPartOf":{"@id":"https:\/\/www.aitanacongress.com\/2022\/#website"},"datePublished":"2022-03-23T17:01:55+00:00","dateModified":"2022-03-23T17:01:58+00:00","breadcrumb":{"@id":"https:\/\/www.aitanacongress.com\/2022\/p_ricardo-canal-bedia\/#breadcrumb"},"inLanguage":"es","potentialAction":[{"@type":"ReadAction","target":["https:\/\/www.aitanacongress.com\/2022\/p_ricardo-canal-bedia\/"]}]},{"@type":"BreadcrumbList","@id":"https:\/\/www.aitanacongress.com\/2022\/p_ricardo-canal-bedia\/#breadcrumb","itemListElement":[{"@type":"ListItem","position":1,"name":"Portada","item":"https:\/\/www.aitanacongress.com\/2022\/"},{"@type":"ListItem","position":2,"name":"p_Ricardo Canal Bedia"}]},{"@type":"WebSite","@id":"https:\/\/www.aitanacongress.com\/2022\/#website","url":"https:\/\/www.aitanacongress.com\/2022\/","name":"aitanacongress.com","description":"8th International Congress of Clinical and Health Psychology in Children and Adolescents","potentialAction":[{"@type":"SearchAction","target":{"@type":"EntryPoint","urlTemplate":"https:\/\/www.aitanacongress.com\/2022\/?s={search_term_string}"},"query-input":{"@type":"PropertyValueSpecification","valueRequired":true,"valueName":"search_term_string"}}],"inLanguage":"es"}]}},"_links":{"self":[{"href":"https:\/\/www.aitanacongress.com\/2022\/wp-json\/wp\/v2\/pages\/1272","targetHints":{"allow":["GET"]}}],"collection":[{"href":"https:\/\/www.aitanacongress.com\/2022\/wp-json\/wp\/v2\/pages"}],"about":[{"href":"https:\/\/www.aitanacongress.com\/2022\/wp-json\/wp\/v2\/types\/page"}],"author":[{"embeddable":true,"href":"https:\/\/www.aitanacongress.com\/2022\/wp-json\/wp\/v2\/users\/1"}],"replies":[{"embeddable":true,"href":"https:\/\/www.aitanacongress.com\/2022\/wp-json\/wp\/v2\/comments?post=1272"}],"version-history":[{"count":3,"href":"https:\/\/www.aitanacongress.com\/2022\/wp-json\/wp\/v2\/pages\/1272\/revisions"}],"predecessor-version":[{"id":1277,"href":"https:\/\/www.aitanacongress.com\/2022\/wp-json\/wp\/v2\/pages\/1272\/revisions\/1277"}],"wp:attachment":[{"href":"https:\/\/www.aitanacongress.com\/2022\/wp-json\/wp\/v2\/media?parent=1272"}],"curies":[{"name":"wp","href":"https:\/\/api.w.org\/{rel}","templated":true}]}}