{"id":1529,"date":"2022-04-06T19:35:46","date_gmt":"2022-04-06T19:35:46","guid":{"rendered":"https:\/\/www.aitanacongress.com\/2022\/?page_id=1529"},"modified":"2022-07-22T16:34:50","modified_gmt":"2022-07-22T16:34:50","slug":"p_javier-cejudo","status":"publish","type":"page","link":"https:\/\/www.aitanacongress.com\/2022\/p_javier-cejudo\/","title":{"rendered":"P_Javier Cejudo"},"content":{"rendered":"<p>[et_pb_section fb_built=\u00bb1&#8243; custom_padding_last_edited=\u00bbon|phone\u00bb admin_label=\u00bbponencia\u00bb _builder_version=\u00bb4.14.7&#8243; _module_preset=\u00bbdefault\u00bb custom_margin=\u00bb||||false|false\u00bb custom_padding=\u00bb0px||0px||false|false\u00bb custom_padding_tablet=\u00bb0px||0px||false|false\u00bb custom_padding_phone=\u00bb|0px||0px|false|false\u00bb collapsed=\u00bboff\u00bb global_colors_info=\u00bb{}\u00bb][et_pb_row custom_padding_last_edited=\u00bbon|desktop\u00bb _builder_version=\u00bb4.14.7&#8243; _module_preset=\u00bbdefault\u00bb custom_margin=\u00bb||||false|false\u00bb custom_padding_tablet=\u00bb\u00bb custom_padding_phone=\u00bb|0px||0px|false|false\u00bb global_colors_info=\u00bb{}\u00bb][et_pb_column type=\u00bb4_4&#8243; _builder_version=\u00bb4.14.7&#8243; _module_preset=\u00bbdefault\u00bb global_colors_info=\u00bb{}\u00bb][et_pb_text _builder_version=\u00bb4.14.7&#8243; _module_preset=\u00bbdefault\u00bb header_font=\u00bb|||on|||||\u00bb header_text_color=\u00bb#FFFFFF\u00bb header_font_size=\u00bb45px\u00bb header_2_font=\u00bb|800||on|||||\u00bb header_2_text_align=\u00bbcenter\u00bb header_2_text_color=\u00bb#0060A8&#8243; header_2_font_size=\u00bb35px\u00bb background_color=\u00bbRGBA(255,255,255,0)\u00bb text_orientation=\u00bbright\u00bb custom_margin=\u00bb0px||||false|false\u00bb custom_padding=\u00bb50px|120px|5px|120px|false|false\u00bb custom_padding_tablet=\u00bb50px|120px|5px|120px|false|false\u00bb custom_padding_phone=\u00bb70px|0px|5px|0px|false|false\u00bb custom_padding_last_edited=\u00bbon|phone\u00bb text_orientation_tablet=\u00bbright\u00bb text_orientation_phone=\u00bbcenter\u00bb text_orientation_last_edited=\u00bbon|desktop\u00bb global_colors_info=\u00bb{}\u00bb]<\/p>\n<h2>Evidencias sobre la eficacia de programas de educaci\u00f3n emocional en el contexto educativo<\/h2>\n<p>[\/et_pb_text][et_pb_text admin_label=\u00bbresumen\u00bb _builder_version=\u00bb4.14.7&#8243; _module_preset=\u00bbdefault\u00bb background_color=\u00bbrgba(199,227,237,0.6)\u00bb width=\u00bb900px\u00bb module_alignment=\u00bbcenter\u00bb custom_margin=\u00bb||10px||false|false\u00bb custom_padding=\u00bb40px|30px|30px|40px|false|false\u00bb global_colors_info=\u00bb{}\u00bb]<\/p>\n<p>La educaci\u00f3n emocional puede definirse como: \u201cEl proceso educativo planificado y desarrollado a trav\u00e9s de programas, con car\u00e1cter de prevenci\u00f3n primaria inespec\u00edfica dirigido tanto a desarrollar la inteligencia emocional (IE) como las competencias socioemocionales (CSE) a corto, medio y largo plazo, y a potenciar el desarrollo integral de la persona, con la finalidad \u00faltima de aumentar el bienestar personal y social.\u201d (P\u00e9rez-Gonz\u00e1lez, 2008, p. 527).<\/p>\n<p>En esta l\u00ednea, destacamos que las investigaciones en las dos \u00faltimas d\u00e9cadas han evidenciado que tanto la IE como las CSE constituyen una ventajosa herramienta personal para lograr mayores niveles de adaptaci\u00f3n personal, familiar, social, acad\u00e9mica, vocacional y profesional (Bisquerra et al., 2015). Asimismo, actualmente se est\u00e1n obteniendo algunas evidencias emp\u00edricas importantes acerca de la posibilidad de mejorar los niveles de IE a trav\u00e9s de programas de educaci\u00f3n socioemocional bien fundamentados te\u00f3ricamente y bien estructurados. En este sentido, algunos metaan\u00e1lisis y algunas revisiones sistem\u00e1ticas concluyen que existe suficiente evidencia, pero todav\u00eda limitada, de que la IE puede ser mejorada a trav\u00e9s de la educaci\u00f3n en adultos (e.g., Hodzic et al., 2017; Mattingly y Kraiger, 2019; P\u00e9rez-Gonz\u00e1lez y Qualter, 2018). En cuanto a ni\u00f1os y adolescentes los resultados apuntan a mejoras en ajuste psicosocial y bienestar (e.g., Brackett et al., 2012; Cejudo, 2017; Rivers et al., 2013; Ruiz-Aranda et al., 2012), efectos positivos sobre el clima de aula (Hagelskamp, Brackett, Rivers y Salovey, 2013) aumento de la IE y la felicidad, as\u00ed como disminuci\u00f3n de s\u00edntomas psicosom\u00e1ticos y de inestabilidad emocional (Sarrionandia y Garaigordobil, 2017).<\/p>\n<p>En este sentido, el objetivo principal de este simposio es describir algunos de los programas m\u00e1s innovadores sobre educaci\u00f3n emocional y discutir los efectos encontrados en ni\u00f1os y adolescentes en Espa\u00f1a.<\/p>\n<p>[\/et_pb_text][\/et_pb_column][\/et_pb_row][et_pb_row column_structure=\u00bb1_3,2_3&#8243; custom_padding_last_edited=\u00bbon|desktop\u00bb _builder_version=\u00bb4.14.7&#8243; _module_preset=\u00bbdefault\u00bb custom_margin=\u00bb||||false|false\u00bb custom_padding_tablet=\u00bb\u00bb custom_padding_phone=\u00bb|0px||0px|false|false\u00bb global_colors_info=\u00bb{}\u00bb][et_pb_column type=\u00bb1_3&#8243; _builder_version=\u00bb4.14.7&#8243; _module_preset=\u00bbdefault\u00bb global_colors_info=\u00bb{}\u00bb][et_pb_image src=\u00bbhttps:\/\/www.aitanacongress.com\/2022\/wp-content\/uploads\/Javier-Cejudo.jpg\u00bb title_text=\u00bbJavier Cejudo\u00bb _builder_version=\u00bb4.14.7&#8243; _module_preset=\u00bbdefault\u00bb hover_enabled=\u00bb0&#8243; global_colors_info=\u00bb{}\u00bb sticky_enabled=\u00bb0&#8243;][\/et_pb_image][\/et_pb_column][et_pb_column type=\u00bb2_3&#8243; _builder_version=\u00bb4.14.7&#8243; _module_preset=\u00bbdefault\u00bb global_colors_info=\u00bb{}\u00bb][et_pb_text admin_label=\u00bbCV\u00bb _builder_version=\u00bb4.14.7&#8243; _module_preset=\u00bbdefault\u00bb background_color=\u00bbRGBA(255,255,255,0)\u00bb custom_margin=\u00bb||10px||false|false\u00bb custom_padding=\u00bb40px|30px|30px|40px|false|false\u00bb global_colors_info=\u00bb{}\u00bb]<\/p>\n<h3>Javier Cejudo<\/h3>\n<p>Universidad de Castilla-La Mancha, Espa\u00f1a<\/p>\n<p>Dr. Javier Cejudo es Profesor Titular en el \u00c1rea de Psicolog\u00eda Evolutiva y de la Educaci\u00f3n y Vicedecano de Pr\u00e1cticas, Estudios e Investigaci\u00f3n en la Facultad de Educaci\u00f3n de Ciudad Real (UCLM). Imparte docencia en el Grado en Maestro en Educaci\u00f3n Primaria, en el M\u00e1ster Universitario en Investigaci\u00f3n en Psicolog\u00eda Aplicada y en el M\u00e1ster en Profesorado en Educaci\u00f3n Secundaria y Bachillerato, Formaci\u00f3n Profesional y Ense\u00f1anza de Idiomas. Adem\u00e1s, es profesor colaborador en el M\u00e1ster de Inteligencia Emocional de la UNED. En cuanto a su formaci\u00f3n acad\u00e9mica es Licenciado en Psicolog\u00eda por la Universidad Complutense de Madrid y Licenciado en Psicopedagog\u00eda, M\u00e1ster en Innovaci\u00f3n e Investigaci\u00f3n en Educaci\u00f3n y Doctor en Educaci\u00f3n con premio extraordinario de doctorado por la UNED.<br \/>Miembro fundador de Eduemo Lab (Laboratorio de Educaci\u00f3n Emocional de la UNED) como un marco acad\u00e9mico de colaboraci\u00f3n entre investigadores de la UNED y la UCLM. Ha sido miembro de las siguientes sociedades cient\u00edficas: Asociaci\u00f3n Cient\u00edfica de Psicolog\u00eda y Educaci\u00f3n (ACIPE), Asociaci\u00f3n Iberoamericana de Investigaci\u00f3n de las Diferencias Individuales (AIIDI), Sociedad Espa\u00f1ola de Pedagog\u00eda (SEP) y de la Asociaci\u00f3n Profesional de Orientadores de Castilla La Mancha (APOCLAM). <br \/>Su l\u00ednea principal de investigaci\u00f3n est\u00e1 relacionada con la promoci\u00f3n de la educaci\u00f3n de la inteligencia emocional y de las competencias socioemocionales en el \u00e1mbito educativo en las etapas de Educaci\u00f3n Infantil, Educaci\u00f3n Primaria y Educaci\u00f3n Secundaria, as\u00ed como, la evaluaci\u00f3n de los efectos de estos programas en ni\u00f1os y adolescentes. Otras l\u00edneas de investigaci\u00f3n actuales se centran en la formaci\u00f3n y capacitaci\u00f3n en educaci\u00f3n emocional del profesorado.<\/p>\n<p>&nbsp;<\/p>\n<p>[\/et_pb_text][\/et_pb_column][\/et_pb_row][\/et_pb_section][et_pb_section fb_built=\u00bb1&#8243; admin_label=\u00bbLOGO_ES\u00bb _builder_version=\u00bb4.14.7&#8243; _module_preset=\u00bbdefault\u00bb global_module=\u00bb165&#8243; saved_tabs=\u00bball\u00bb collapsed=\u00bbon\u00bb global_colors_info=\u00bb{}\u00bb][et_pb_row admin_label=\u00bbOrganiza\u00bb _builder_version=\u00bb4.14.7&#8243; _module_preset=\u00bbdefault\u00bb custom_margin=\u00bb||0px||false|false\u00bb custom_padding=\u00bb||0px||false|false\u00bb global_colors_info=\u00bb{}\u00bb][et_pb_column type=\u00bb4_4&#8243; _builder_version=\u00bb4.14.7&#8243; _module_preset=\u00bbdefault\u00bb global_colors_info=\u00bb{}\u00bb][et_pb_text _builder_version=\u00bb4.14.7&#8243; _module_preset=\u00bbdefault\u00bb text_font=\u00bb|||on|||||\u00bb text_text_color=\u00bb#CE122D\u00bb text_orientation=\u00bbcenter\u00bb module_alignment=\u00bbcenter\u00bb custom_margin=\u00bb||0px||false|false\u00bb custom_padding=\u00bb||0px||false|false\u00bb global_colors_info=\u00bb{}\u00bb]<\/p>\n<p>Organiza<\/p>\n<p>[\/et_pb_text][\/et_pb_column][\/et_pb_row][et_pb_row column_structure=\u00bb1_4,1_4,1_4,1_4&#8243; _builder_version=\u00bb4.14.7&#8243; _module_preset=\u00bbdefault\u00bb global_colors_info=\u00bb{}\u00bb][et_pb_column type=\u00bb1_4&#8243; _builder_version=\u00bb4.14.7&#8243; _module_preset=\u00bbdefault\u00bb global_colors_info=\u00bb{}\u00bb][\/et_pb_column][et_pb_column type=\u00bb1_4&#8243; _builder_version=\u00bb4.14.7&#8243; _module_preset=\u00bbdefault\u00bb global_colors_info=\u00bb{}\u00bb][et_pb_image src=\u00bbhttps:\/\/www.aitanacongress.com\/2022\/wp-content\/uploads\/logo-aitana-2022.png\u00bb title_text=\u00bblogo-aitana-2022&#8243; admin_label=\u00bbaitana\u00bb _builder_version=\u00bb4.14.7&#8243; _module_preset=\u00bbdefault\u00bb width=\u00bb250px\u00bb module_alignment=\u00bbcenter\u00bb global_colors_info=\u00bb{}\u00bb][\/et_pb_image][\/et_pb_column][et_pb_column type=\u00bb1_4&#8243; _builder_version=\u00bb4.14.7&#8243; _module_preset=\u00bbdefault\u00bb global_colors_info=\u00bb{}\u00bb][et_pb_image src=\u00bbhttps:\/\/www.aitanacongress.com\/2022\/wp-content\/uploads\/logo-UHM-2022.png\u00bb title_text=\u00bblogo-UHM-2022&#8243; admin_label=\u00bbUHM\u00bb _builder_version=\u00bb4.14.7&#8243; _module_preset=\u00bbdefault\u00bb width=\u00bb250px\u00bb module_alignment=\u00bbcenter\u00bb global_colors_info=\u00bb{}\u00bb][\/et_pb_image][\/et_pb_column][et_pb_column type=\u00bb1_4&#8243; _builder_version=\u00bb4.14.7&#8243; _module_preset=\u00bbdefault\u00bb global_colors_info=\u00bb{}\u00bb][\/et_pb_column][\/et_pb_row][et_pb_row admin_label=\u00bbCon el apoyo de \u00bb _builder_version=\u00bb4.14.7&#8243; _module_preset=\u00bbdefault\u00bb custom_margin=\u00bb||0px||false|false\u00bb custom_padding=\u00bb||0px||false|false\u00bb global_colors_info=\u00bb{}\u00bb][et_pb_column type=\u00bb4_4&#8243; _builder_version=\u00bb4.14.7&#8243; _module_preset=\u00bbdefault\u00bb global_colors_info=\u00bb{}\u00bb][et_pb_text _builder_version=\u00bb4.14.7&#8243; _module_preset=\u00bbdefault\u00bb text_font=\u00bb|||on|||||\u00bb text_text_color=\u00bb#CE122D\u00bb text_orientation=\u00bbcenter\u00bb module_alignment=\u00bbcenter\u00bb custom_margin=\u00bb||0px||false|false\u00bb custom_padding=\u00bb||0px||false|false\u00bb global_colors_info=\u00bb{}\u00bb]<\/p>\n<p>Con el apoyo de<\/p>\n<p>[\/et_pb_text][\/et_pb_column][\/et_pb_row][et_pb_row column_structure=\u00bb1_5,1_5,1_5,1_5,1_5&#8243; use_custom_gutter=\u00bbon\u00bb gutter_width=\u00bb2&#8243; _builder_version=\u00bb4.14.7&#8243; _module_preset=\u00bbdefault\u00bb max_width=\u00bb900px\u00bb global_colors_info=\u00bb{}\u00bb][et_pb_column type=\u00bb1_5&#8243; _builder_version=\u00bb4.14.7&#8243; _module_preset=\u00bbdefault\u00bb global_colors_info=\u00bb{}\u00bb][et_pb_image src=\u00bbhttps:\/\/www.aitanacongress.com\/2022\/wp-content\/uploads\/logo-piramide-2022.png\u00bb title_text=\u00bblogo-piramide-2022&#8243; admin_label=\u00bbpiramide\u00bb _builder_version=\u00bb4.14.7&#8243; _module_preset=\u00bbdefault\u00bb max_width=\u00bb250px\u00bb module_alignment=\u00bbcenter\u00bb global_colors_info=\u00bb{}\u00bb][\/et_pb_image][\/et_pb_column][et_pb_column type=\u00bb1_5&#8243; _builder_version=\u00bb4.14.7&#8243; _module_preset=\u00bbdefault\u00bb global_colors_info=\u00bb{}\u00bb][et_pb_image src=\u00bbhttps:\/\/www.aitanacongress.com\/2022\/wp-content\/uploads\/logo-tea.png\u00bb title_text=\u00bblogo-tea\u00bb admin_label=\u00bbtea\u00bb _builder_version=\u00bb4.14.7&#8243; _module_preset=\u00bbdefault\u00bb max_width=\u00bb250px\u00bb module_alignment=\u00bbcenter\u00bb global_colors_info=\u00bb{}\u00bb][\/et_pb_image][\/et_pb_column][et_pb_column type=\u00bb1_5&#8243; _builder_version=\u00bb4.14.7&#8243; _module_preset=\u00bbdefault\u00bb global_colors_info=\u00bb{}\u00bb][et_pb_image src=\u00bbhttps:\/\/www.aitanacongress.com\/2022\/wp-content\/uploads\/8CIPCNA-adaptaciones-Recuperado.png\u00bb title_text=\u00bb8CIPCNA-adaptaciones-%91Recuperado%93&#8243; admin_label=\u00bbred infancia\u00bb _builder_version=\u00bb4.14.7&#8243; _module_preset=\u00bbdefault\u00bb max_width=\u00bb250px\u00bb module_alignment=\u00bbcenter\u00bb global_colors_info=\u00bb{}\u00bb][\/et_pb_image][\/et_pb_column][et_pb_column type=\u00bb1_5&#8243; _builder_version=\u00bb4.14.7&#8243; _module_preset=\u00bbdefault\u00bb global_colors_info=\u00bb{}\u00bb][et_pb_image src=\u00bbhttps:\/\/www.aitanacongress.com\/2022\/wp-content\/uploads\/logo_COP.png\u00bb title_text=\u00bblogo_COP\u00bb admin_label=\u00bbCOP\u00bb _builder_version=\u00bb4.14.7&#8243; _module_preset=\u00bbdefault\u00bb max_width=\u00bb250px\u00bb module_alignment=\u00bbcenter\u00bb global_colors_info=\u00bb{}\u00bb][\/et_pb_image][\/et_pb_column][et_pb_column type=\u00bb1_5&#8243; _builder_version=\u00bb4.14.7&#8243; _module_preset=\u00bbdefault\u00bb global_colors_info=\u00bb{}\u00bb][et_pb_image src=\u00bbhttps:\/\/www.aitanacongress.com\/2022\/wp-content\/uploads\/logo-academia-psicologia.gif\u00bb title_text=\u00bblogo-academia-psicologia\u00bb admin_label=\u00bbAcademia Psic\u00bb _builder_version=\u00bb4.14.7&#8243; _module_preset=\u00bbdefault\u00bb custom_margin=\u00bb||-1px|||\u00bb global_colors_info=\u00bb{}\u00bb][\/et_pb_image][\/et_pb_column][\/et_pb_row][et_pb_row_inner _builder_version=\u00bb4.14.7&#8243; _module_preset=\u00bbdefault\u00bb global_colors_info=\u00bb{}\u00bb][et_pb_column_inner saved_specialty_column_type=\u00bb1_2&#8243; _builder_version=\u00bb4.14.7&#8243; _module_preset=\u00bbdefault\u00bb global_colors_info=\u00bb{}\u00bb][et_pb_text _builder_version=\u00bb4.14.7&#8243; _module_preset=\u00bbdefault\u00bb global_colors_info=\u00bb{}\u00bb][\/et_pb_text][\/et_pb_column_inner][\/et_pb_row_inner][\/et_pb_section]<\/p>\n","protected":false},"excerpt":{"rendered":"<p>Evidencias sobre la eficacia de programas de educaci\u00f3n emocional en el contexto educativoLa educaci\u00f3n emocional puede definirse como: \u201cEl proceso educativo planificado y desarrollado a trav\u00e9s de programas, con car\u00e1cter de prevenci\u00f3n primaria inespec\u00edfica dirigido tanto a desarrollar la inteligencia emocional (IE) como las competencias socioemocionales (CSE) a corto, medio y largo plazo, y a [&hellip;]<\/p>\n","protected":false},"author":2,"featured_media":0,"parent":0,"menu_order":0,"comment_status":"closed","ping_status":"closed","template":"","meta":{"_et_pb_use_builder":"on","_et_pb_old_content":"","_et_gb_content_width":"","_oct_exclude_from_cache":false,"footnotes":""},"class_list":["post-1529","page","type-page","status-publish","hentry"],"yoast_head":"<!-- This site is optimized with the Yoast SEO plugin v23.6 - https:\/\/yoast.com\/wordpress\/plugins\/seo\/ -->\n<title>P_Javier Cejudo - aitanacongress.com<\/title>\n<meta name=\"robots\" content=\"index, follow, max-snippet:-1, max-image-preview:large, max-video-preview:-1\" \/>\n<link rel=\"canonical\" href=\"https:\/\/www.aitanacongress.com\/2022\/p_javier-cejudo\/\" \/>\n<meta property=\"og:locale\" content=\"es_ES\" \/>\n<meta property=\"og:type\" content=\"article\" \/>\n<meta property=\"og:title\" content=\"P_Javier Cejudo - aitanacongress.com\" \/>\n<meta property=\"og:description\" content=\"Evidencias sobre la eficacia de programas de educaci\u00f3n emocional en el contexto educativoLa educaci\u00f3n emocional puede definirse como: \u201cEl proceso educativo planificado y desarrollado a trav\u00e9s de programas, con car\u00e1cter de prevenci\u00f3n primaria inespec\u00edfica dirigido tanto a desarrollar la inteligencia emocional (IE) como las competencias socioemocionales (CSE) a corto, medio y largo plazo, y a [&hellip;]\" \/>\n<meta property=\"og:url\" content=\"https:\/\/www.aitanacongress.com\/2022\/p_javier-cejudo\/\" \/>\n<meta property=\"og:site_name\" content=\"aitanacongress.com\" \/>\n<meta property=\"article:modified_time\" content=\"2022-07-22T16:34:50+00:00\" \/>\n<meta name=\"twitter:card\" content=\"summary_large_image\" \/>\n<meta name=\"twitter:label1\" content=\"Tiempo de lectura\" \/>\n\t<meta name=\"twitter:data1\" content=\"4 minutos\" \/>\n<script type=\"application\/ld+json\" class=\"yoast-schema-graph\">{\"@context\":\"https:\/\/schema.org\",\"@graph\":[{\"@type\":\"WebPage\",\"@id\":\"https:\/\/www.aitanacongress.com\/2022\/p_javier-cejudo\/\",\"url\":\"https:\/\/www.aitanacongress.com\/2022\/p_javier-cejudo\/\",\"name\":\"P_Javier Cejudo - aitanacongress.com\",\"isPartOf\":{\"@id\":\"https:\/\/www.aitanacongress.com\/2022\/#website\"},\"datePublished\":\"2022-04-06T19:35:46+00:00\",\"dateModified\":\"2022-07-22T16:34:50+00:00\",\"breadcrumb\":{\"@id\":\"https:\/\/www.aitanacongress.com\/2022\/p_javier-cejudo\/#breadcrumb\"},\"inLanguage\":\"es\",\"potentialAction\":[{\"@type\":\"ReadAction\",\"target\":[\"https:\/\/www.aitanacongress.com\/2022\/p_javier-cejudo\/\"]}]},{\"@type\":\"BreadcrumbList\",\"@id\":\"https:\/\/www.aitanacongress.com\/2022\/p_javier-cejudo\/#breadcrumb\",\"itemListElement\":[{\"@type\":\"ListItem\",\"position\":1,\"name\":\"Portada\",\"item\":\"https:\/\/www.aitanacongress.com\/2022\/\"},{\"@type\":\"ListItem\",\"position\":2,\"name\":\"P_Javier Cejudo\"}]},{\"@type\":\"WebSite\",\"@id\":\"https:\/\/www.aitanacongress.com\/2022\/#website\",\"url\":\"https:\/\/www.aitanacongress.com\/2022\/\",\"name\":\"aitanacongress.com\",\"description\":\"8th International Congress of Clinical and Health Psychology in Children and Adolescents\",\"potentialAction\":[{\"@type\":\"SearchAction\",\"target\":{\"@type\":\"EntryPoint\",\"urlTemplate\":\"https:\/\/www.aitanacongress.com\/2022\/?s={search_term_string}\"},\"query-input\":{\"@type\":\"PropertyValueSpecification\",\"valueRequired\":true,\"valueName\":\"search_term_string\"}}],\"inLanguage\":\"es\"}]}<\/script>\n<!-- \/ Yoast SEO plugin. -->","yoast_head_json":{"title":"P_Javier Cejudo - aitanacongress.com","robots":{"index":"index","follow":"follow","max-snippet":"max-snippet:-1","max-image-preview":"max-image-preview:large","max-video-preview":"max-video-preview:-1"},"canonical":"https:\/\/www.aitanacongress.com\/2022\/p_javier-cejudo\/","og_locale":"es_ES","og_type":"article","og_title":"P_Javier Cejudo - aitanacongress.com","og_description":"Evidencias sobre la eficacia de programas de educaci\u00f3n emocional en el contexto educativoLa educaci\u00f3n emocional puede definirse como: \u201cEl proceso educativo planificado y desarrollado a trav\u00e9s de programas, con car\u00e1cter de prevenci\u00f3n primaria inespec\u00edfica dirigido tanto a desarrollar la inteligencia emocional (IE) como las competencias socioemocionales (CSE) a corto, medio y largo plazo, y a [&hellip;]","og_url":"https:\/\/www.aitanacongress.com\/2022\/p_javier-cejudo\/","og_site_name":"aitanacongress.com","article_modified_time":"2022-07-22T16:34:50+00:00","twitter_card":"summary_large_image","twitter_misc":{"Tiempo de lectura":"4 minutos"},"schema":{"@context":"https:\/\/schema.org","@graph":[{"@type":"WebPage","@id":"https:\/\/www.aitanacongress.com\/2022\/p_javier-cejudo\/","url":"https:\/\/www.aitanacongress.com\/2022\/p_javier-cejudo\/","name":"P_Javier Cejudo - aitanacongress.com","isPartOf":{"@id":"https:\/\/www.aitanacongress.com\/2022\/#website"},"datePublished":"2022-04-06T19:35:46+00:00","dateModified":"2022-07-22T16:34:50+00:00","breadcrumb":{"@id":"https:\/\/www.aitanacongress.com\/2022\/p_javier-cejudo\/#breadcrumb"},"inLanguage":"es","potentialAction":[{"@type":"ReadAction","target":["https:\/\/www.aitanacongress.com\/2022\/p_javier-cejudo\/"]}]},{"@type":"BreadcrumbList","@id":"https:\/\/www.aitanacongress.com\/2022\/p_javier-cejudo\/#breadcrumb","itemListElement":[{"@type":"ListItem","position":1,"name":"Portada","item":"https:\/\/www.aitanacongress.com\/2022\/"},{"@type":"ListItem","position":2,"name":"P_Javier Cejudo"}]},{"@type":"WebSite","@id":"https:\/\/www.aitanacongress.com\/2022\/#website","url":"https:\/\/www.aitanacongress.com\/2022\/","name":"aitanacongress.com","description":"8th International Congress of Clinical and Health Psychology in Children and Adolescents","potentialAction":[{"@type":"SearchAction","target":{"@type":"EntryPoint","urlTemplate":"https:\/\/www.aitanacongress.com\/2022\/?s={search_term_string}"},"query-input":{"@type":"PropertyValueSpecification","valueRequired":true,"valueName":"search_term_string"}}],"inLanguage":"es"}]}},"_links":{"self":[{"href":"https:\/\/www.aitanacongress.com\/2022\/wp-json\/wp\/v2\/pages\/1529","targetHints":{"allow":["GET"]}}],"collection":[{"href":"https:\/\/www.aitanacongress.com\/2022\/wp-json\/wp\/v2\/pages"}],"about":[{"href":"https:\/\/www.aitanacongress.com\/2022\/wp-json\/wp\/v2\/types\/page"}],"author":[{"embeddable":true,"href":"https:\/\/www.aitanacongress.com\/2022\/wp-json\/wp\/v2\/users\/2"}],"replies":[{"embeddable":true,"href":"https:\/\/www.aitanacongress.com\/2022\/wp-json\/wp\/v2\/comments?post=1529"}],"version-history":[{"count":4,"href":"https:\/\/www.aitanacongress.com\/2022\/wp-json\/wp\/v2\/pages\/1529\/revisions"}],"predecessor-version":[{"id":2974,"href":"https:\/\/www.aitanacongress.com\/2022\/wp-json\/wp\/v2\/pages\/1529\/revisions\/2974"}],"wp:attachment":[{"href":"https:\/\/www.aitanacongress.com\/2022\/wp-json\/wp\/v2\/media?parent=1529"}],"curies":[{"name":"wp","href":"https:\/\/api.w.org\/{rel}","templated":true}]}}