{"id":275,"date":"2022-02-13T22:57:54","date_gmt":"2022-02-13T22:57:54","guid":{"rendered":"https:\/\/www.aitanacongress.com\/2022\/?page_id=275"},"modified":"2022-09-12T09:42:23","modified_gmt":"2022-09-12T09:42:23","slug":"comites","status":"publish","type":"page","link":"https:\/\/www.aitanacongress.com\/2022\/comites\/","title":{"rendered":"Comit\u00e9s"},"content":{"rendered":"<p>[et_pb_section fb_built=\u00bb1&#8243; admin_label=\u00bbCabecera\u00bb _builder_version=\u00bb4.14.7&#8243; _module_preset=\u00bbdefault\u00bb custom_margin=\u00bb0px||0px||false|false\u00bb custom_padding=\u00bb0px||0px||false|false\u00bb collapsed=\u00bbon\u00bb global_colors_info=\u00bb{}\u00bb][et_pb_row _builder_version=\u00bb4.14.7&#8243; _module_preset=\u00bbdefault\u00bb background_image=\u00bbhttps:\/\/www.aitanacongress.com\/2022\/wp-content\/uploads\/favicon.png\u00bb background_size=\u00bbcontain\u00bb background_position=\u00bbcenter_right\u00bb custom_margin=\u00bb0px||0px||false|false\u00bb custom_padding=\u00bb0px||0px||false|false\u00bb global_colors_info=\u00bb{}\u00bb][et_pb_column type=\u00bb4_4&#8243; _builder_version=\u00bb4.14.7&#8243; _module_preset=\u00bbdefault\u00bb global_colors_info=\u00bb{}\u00bb][et_pb_text _builder_version=\u00bb4.14.7&#8243; _module_preset=\u00bbdefault\u00bb header_font=\u00bb|||on|||||\u00bb header_text_color=\u00bb#FFFFFF\u00bb header_font_size=\u00bb45px\u00bb header_2_font=\u00bb|800||on|||||\u00bb header_2_text_align=\u00bbright\u00bb header_2_text_color=\u00bb#0060A8&#8243; header_2_font_size=\u00bb35px\u00bb background_color=\u00bbRGBA(255,255,255,0)\u00bb custom_margin=\u00bb0px||||false|false\u00bb custom_margin_tablet=\u00bb0px||||false|false\u00bb custom_margin_phone=\u00bb||0px||false|false\u00bb custom_margin_last_edited=\u00bbon|phone\u00bb custom_padding=\u00bb50px|120px|5px|120px|false|false\u00bb custom_padding_tablet=\u00bb50px|120px|5px|120px|false|false\u00bb custom_padding_phone=\u00bb60px|0px|0px|0px|false|false\u00bb custom_padding_last_edited=\u00bbon|phone\u00bb header_2_text_align_tablet=\u00bbright\u00bb header_2_text_align_phone=\u00bbcenter\u00bb header_2_text_align_last_edited=\u00bbon|desktop\u00bb global_colors_info=\u00bb{}\u00bb]<\/p>\n<h2>Comit\u00e9s<\/h2>\n<p>[\/et_pb_text][\/et_pb_column][\/et_pb_row][\/et_pb_section][et_pb_section fb_built=\u00bb1&#8243; _builder_version=\u00bb4.14.7&#8243; _module_preset=\u00bbdefault\u00bb collapsed=\u00bboff\u00bb global_colors_info=\u00bb{}\u00bb][et_pb_row module_class=\u00bbcomites\u00bb _builder_version=\u00bb4.14.7&#8243; _module_preset=\u00bbdefault\u00bb collapsed=\u00bbon\u00bb global_colors_info=\u00bb{}\u00bb][et_pb_column type=\u00bb4_4&#8243; _builder_version=\u00bb4.14.7&#8243; _module_preset=\u00bbdefault\u00bb global_colors_info=\u00bb{}\u00bb][et_pb_text admin_label=\u00bbComite Organizador\u00bb _builder_version=\u00bb4.14.7&#8243; _module_preset=\u00bbdefault\u00bb text_font_size=\u00bb15px\u00bb header_2_font=\u00bb|300||on|||||\u00bb header_2_text_color=\u00bb#0060A8&#8243; global_colors_info=\u00bb{}\u00bb]<\/p>\n<h2>Comit\u00e9 <strong>Organizador<\/strong><\/h2>\n<p>[\/et_pb_text][\/et_pb_column][\/et_pb_row][et_pb_row column_structure=\u00bb1_2,1_2&#8243; module_class=\u00bbcomites\u00bb _builder_version=\u00bb4.14.7&#8243; _module_preset=\u00bbdefault\u00bb global_colors_info=\u00bb{}\u00bb][et_pb_column type=\u00bb1_2&#8243; _builder_version=\u00bb4.14.7&#8243; _module_preset=\u00bbdefault\u00bb global_colors_info=\u00bb{}\u00bb][et_pb_text admin_label=\u00bbComite Organizador\u00bb _builder_version=\u00bb4.14.7&#8243; _module_preset=\u00bbdefault\u00bb text_font_size=\u00bb15px\u00bb header_2_font=\u00bb|300||on|||||\u00bb header_2_text_color=\u00bb#0060A8&#8243; global_colors_info=\u00bb{}\u00bb]<\/p>\n<p><strong>Mireia Orgil\u00e9s<\/strong> (Presidenta)<\/p>\n<p><strong>Jos\u00e9 P. Espada<\/strong><\/p>\n<p><strong>Jos\u00e9 A. Piqueras<\/strong><\/p>\n<p><strong>Alexandra Morales<\/strong><\/p>\n<p><strong>Iv\u00e1n Fern\u00e1ndez<\/strong><\/p>\n<p><strong>Mariate Gonz\u00e1lvez<\/strong><\/p>\n<p>[\/et_pb_text][\/et_pb_column][et_pb_column type=\u00bb1_2&#8243; _builder_version=\u00bb4.14.7&#8243; _module_preset=\u00bbdefault\u00bb global_colors_info=\u00bb{}\u00bb][et_pb_text admin_label=\u00bbComite Organizador\u00bb _builder_version=\u00bb4.14.7&#8243; _module_preset=\u00bbdefault\u00bb text_font_size=\u00bb15px\u00bb header_2_font=\u00bb|300||on|||||\u00bb header_2_text_color=\u00bb#0060A8&#8243; global_colors_info=\u00bb{}\u00bb]<\/p>\n<p><strong>Silvia Melero<\/strong><\/p>\n<p><strong>David Pineda<\/strong><\/p>\n<p><strong>T\u00edscar Rodriguez<\/strong><\/p>\n<p><strong>Victoria Soto<\/strong><\/p>\n<p><strong>Pilar Rico<\/strong><\/p>\n<p><strong>Teresa Gal\u00e1n Luque<\/strong><\/p>\n<p>[\/et_pb_text][\/et_pb_column][\/et_pb_row][et_pb_row _builder_version=\u00bb4.14.7&#8243; _module_preset=\u00bbdefault\u00bb custom_margin=\u00bb0px||||false|false\u00bb custom_padding=\u00bb0px||||false|false\u00bb collapsed=\u00bbon\u00bb global_colors_info=\u00bb{}\u00bb][et_pb_column type=\u00bb4_4&#8243; _builder_version=\u00bb4.14.7&#8243; _module_preset=\u00bbdefault\u00bb global_colors_info=\u00bb{}\u00bb][et_pb_text admin_label=\u00bbComite Organizador\u00bb _builder_version=\u00bb4.14.7&#8243; _module_preset=\u00bbdefault\u00bb text_font_size=\u00bb15px\u00bb header_2_font=\u00bb|300||on|||||\u00bb header_2_text_color=\u00bb#0060A8&#8243; global_colors_info=\u00bb{}\u00bb]<\/p>\n<p><em>Universidad Miguel Hern\u00e1ndez (Spain)<\/em><\/p>\n<p>[\/et_pb_text][\/et_pb_column][\/et_pb_row][\/et_pb_section][et_pb_section fb_built=\u00bb1&#8243; _builder_version=\u00bb4.14.7&#8243; _module_preset=\u00bbdefault\u00bb collapsed=\u00bboff\u00bb global_colors_info=\u00bb{}\u00bb][et_pb_row module_class=\u00bbcomites\u00bb _builder_version=\u00bb4.14.7&#8243; _module_preset=\u00bbdefault\u00bb global_colors_info=\u00bb{}\u00bb][et_pb_column type=\u00bb4_4&#8243; _builder_version=\u00bb4.14.7&#8243; _module_preset=\u00bbdefault\u00bb global_colors_info=\u00bb{}\u00bb][et_pb_text admin_label=\u00bbComit\u00e9 de Honor\u00bb _builder_version=\u00bb4.14.7&#8243; _module_preset=\u00bbdefault\u00bb text_font_size=\u00bb15px\u00bb header_2_font=\u00bb|300||on|||||\u00bb header_2_text_color=\u00bb#0060A8&#8243; global_colors_info=\u00bb{}\u00bb]<\/p>\n<h2>Comit\u00e9 <strong>de Honor<\/strong><\/h2>\n<p>[\/et_pb_text][\/et_pb_column][\/et_pb_row][et_pb_row module_class=\u00bbcomites\u00bb _builder_version=\u00bb4.14.7&#8243; _module_preset=\u00bbdefault\u00bb global_colors_info=\u00bb{}\u00bb][et_pb_column type=\u00bb4_4&#8243; _builder_version=\u00bb4.14.7&#8243; _module_preset=\u00bbdefault\u00bb global_colors_info=\u00bb{}\u00bb][et_pb_text admin_label=\u00bbComit\u00e9 de Honor\u00bb _builder_version=\u00bb4.14.7&#8243; _module_preset=\u00bbdefault\u00bb text_font_size=\u00bb15px\u00bb header_2_font=\u00bb|300||on|||||\u00bb header_2_text_color=\u00bb#0060A8&#8243; global_colors_info=\u00bb{}\u00bb]<\/p>\n<p><em>Presidencia de honor<\/em>:<br \/>Sus Majestades los Reyes de Espa\u00f1a<\/p>\n<p>Juan Jos\u00e9 Ruiz Mart\u00ednez. <em>Rector Universidad Miguel Hern\u00e1ndez (UMH)<\/em><br \/>Francisco Santolaya. <em>Presidente Consejo General de la Psicolog\u00eda de Espa\u00f1a<\/em><br \/>Helio Carpintero Capell. <em>Presidente Academia de Psicolog\u00eda de Espa\u00f1a<\/em><br \/>Carlos Gonz\u00e1lez Serna. <em>Alcalde de Elche<\/em><br \/>Carolina Darias San Sebasti\u00e1n. <em>Ministra de Sanidad<\/em><\/p>\n<p>[\/et_pb_text][\/et_pb_column][\/et_pb_row][\/et_pb_section][et_pb_section fb_built=\u00bb1&#8243; _builder_version=\u00bb4.14.7&#8243; _module_preset=\u00bbdefault\u00bb background_color=\u00bbrgba(199,227,237,0.5)\u00bb collapsed=\u00bboff\u00bb global_colors_info=\u00bb{}\u00bb][et_pb_row _builder_version=\u00bb4.14.7&#8243; _module_preset=\u00bbdefault\u00bb global_colors_info=\u00bb{}\u00bb][et_pb_column type=\u00bb4_4&#8243; _builder_version=\u00bb4.14.7&#8243; _module_preset=\u00bbdefault\u00bb global_colors_info=\u00bb{}\u00bb][et_pb_text admin_label=\u00bbComite cient\u00edfico\u00bb _builder_version=\u00bb4.14.7&#8243; _module_preset=\u00bbdefault\u00bb text_font_size=\u00bb15px\u00bb header_2_font=\u00bb|300||on|||||\u00bb header_2_text_color=\u00bb#0060A8&#8243; global_colors_info=\u00bb{}\u00bb]<\/p>\n<h2>Comit\u00e9 <strong>Cient\u00edfico<\/strong><\/h2>\n<p>[\/et_pb_text][\/et_pb_column][\/et_pb_row][et_pb_row column_structure=\u00bb1_2,1_2&#8243; module_class=\u00bbcomites\u00bb _builder_version=\u00bb4.14.7&#8243; _module_preset=\u00bbdefault\u00bb global_colors_info=\u00bb{}\u00bb][et_pb_column type=\u00bb1_2&#8243; _builder_version=\u00bb4.14.7&#8243; _module_preset=\u00bbdefault\u00bb global_colors_info=\u00bb{}\u00bb][et_pb_text admin_label=\u00bbComite cientifico -nombre\u00bb _builder_version=\u00bb4.14.7&#8243; _module_preset=\u00bbdefault\u00bb text_font_size=\u00bb15px\u00bb header_2_font=\u00bb|300||on|||||\u00bb header_2_text_color=\u00bb#0060A8&#8243; global_colors_info=\u00bb{}\u00bb]<\/p>\n<p><strong>Susana Al-Halab\u00ed<\/strong> &#8211; Universidad de Oviedo (Spain)<\/p>\n<p><strong>Rosa M\u00aa Ba\u00f1os<\/strong> &#8211; Universidad de Valencia (Spain)<\/p>\n<p><strong>Mar\u00eda Balle<\/strong> &#8211; Universitat de les Illes Balears (Spain)<\/p>\n<p><strong>Rafael Ballester<\/strong> &#8211; Universitat Jaume I de Castell\u00f3 (Spain)<\/p>\n<p><strong>Katja Beesdo-Baum<\/strong> &#8211; Technische Universit\u00e4t Dresden\u00a0(Germany)<\/p>\n<p><strong>Guy Bosmans<\/strong> &#8211; University of Leuven (Belgium)<\/p>\n<p><strong>Carmen Bragado<\/strong> &#8211; Universidad Complutense de Madrid (Spain)<\/p>\n<p><strong>Esther Calvete<\/strong> &#8211; Universidad de Deusto (Spain)<\/p>\n<p><strong>Josefa Canals<\/strong> &#8211; Universitat Rovira i Virgili (Spain)<\/p>\n<p><strong>Miguel \u00c1ngel Carrasco<\/strong> &#8211; Universidad Nacional de Educaci\u00f3n a Distancia (Spain)<\/p>\n<p><strong>Jos\u00e9 Antonio Carrobles<\/strong> &#8211; Universidad Aut\u00f3noma de Madrid (Spain)<\/p>\n<p><strong>Isabel Maria Costa Soares<\/strong> &#8211; Universidade do Minho (Portugal)<\/p>\n<p><strong>Pim Cuijpers Vrije<\/strong> &#8211; Universiteit Amsterdam (Netherlands)<\/p>\n<p><strong>Nuria de la Osa<\/strong> &#8211; Universidad Aut\u00f3noma de Barcelona (Spain)<\/p>\n<p><strong>Elisa Delvecchio<\/strong> &#8211; Universit\u00e0 degli Studi di Perugia (Italy)<\/p>\n<p><strong>Paulo Dias<\/strong> &#8211; Universidade Cat\u00f3lica Portuguesa (Portugal)<\/p>\n<p><strong>Enrique Echebur\u00faa<\/strong> &#8211; Universidad del Pa\u00eds Vasco (Spain)<\/p>\n<p><strong>Cecilia Essau<\/strong>\u00a0&#8211; University of Roehampton (United Kingdom)<\/p>\n<p><strong>Jorge Fern\u00e1ndez del Valle<\/strong> &#8211; Universidad de Oviedo (Spain)<\/p>\n<p><strong>Sergio Fern\u00e1ndez-Artamendi<\/strong> &#8211; Universidad Loyola Andaluc\u00eda (Spain)<\/p>\n<p><strong>Rita Francisco<\/strong> &#8211; Universidade Cat\u00f3lica Portuguesa (Portugal)<\/p>\n<p><strong>Cesar A. Soutullo<\/strong> &#8211; \u00a0University of Texas Health Science Center at Houston (United States)<\/p>\n<p>[\/et_pb_text][\/et_pb_column][et_pb_column type=\u00bb1_2&#8243; _builder_version=\u00bb4.14.7&#8243; _module_preset=\u00bbdefault\u00bb global_colors_info=\u00bb{}\u00bb][et_pb_text admin_label=\u00bbComite cientifico -nombre\u00bb _builder_version=\u00bb4.14.7&#8243; _module_preset=\u00bbdefault\u00bb text_font_size=\u00bb15px\u00bb header_2_font=\u00bb|300||on|||||\u00bb header_2_text_color=\u00bb#0060A8&#8243; custom_padding=\u00bb3px|||||\u00bb global_colors_info=\u00bb{}\u00bb]<\/p>\n<p><strong>Manuel G\u00e1mez<\/strong> &#8211; Universidad Aut\u00f3noma de Madrid (Spain)<\/p>\n<p><strong>Maite Garaigordobil<\/strong> &#8211; Universidad del Pa\u00eds Vasco (Spain)<\/p>\n<p><strong>Gloria Garc\u00eda<\/strong> &#8211; Universidad de Oviedo (Spain)<\/p>\n<p><strong>Jose Manuel Garc\u00eda<\/strong> &#8211; Universidad de Alicante (Spain<\/p>\n<p><strong>Aurora Gavino<\/strong> &#8211; Universidad de M\u00e1laga (Spain)<\/p>\n<p><em><strong>Mar\u00eda Dolores Gil<\/strong><\/em>. Universidad de Valencia (Spain)<\/p>\n<p><strong>Inmaculada G\u00f3mez<\/strong> &#8211; Universidad de Almer\u00eda (Spain)<\/p>\n<p><strong>Remedios Gonz\u00e1lez<\/strong> &#8211; Universidad de Valencia (Spain)<\/p>\n<p><strong>Kenneth Griffin<\/strong>\u00a0&#8211; Cornell University (Unites States)<\/p>\n<p><strong>Cristina Larroy<\/strong> &#8211; Universidad Complutense de Madrid (Spain)<\/p>\n<p><strong>Adriana Lis<\/strong> &#8211; Universit\u00e0 degli Studi di Padova (Italy)<\/p>\n<p><strong>Inmaculada Montoya<\/strong> &#8211; Universidad de Valencia (Spain)<\/p>\n<p><strong>Peter Muris<\/strong> &#8211; Maastrich University (Netherlands)<\/p>\n<p><strong>Thomas H. Ollendick<\/strong> &#8211; Virginia Polytechnic Institute and State University (Unites States)<\/p>\n<p><strong>Iban Onandia<\/strong> &#8211; Universidad del Pa\u00eds Vasco (Spain)<\/p>\n<p><strong>Xavier M\u00e9ndez<\/strong> &#8211; Universidad de Murcia (Spain)<\/p>\n<p><strong>Meritxell Pacheco<\/strong> &#8211; Universitat Ramon Llull (Spain)<\/p>\n<p><strong>Margarida I. Rangel Santos Henriques <\/strong>&#8211; Universidade do Oporto (Portugal)<\/p>\n<p><strong>Desiree Ruiz<\/strong> &#8211; Universidad Loyola Andaluc\u00eda (Spain)<\/p>\n<p><strong>Maria Do Ceu Salvador<\/strong> &#8211; Coimbra University (Portugal)<\/p>\n<p><strong>M\u00aa F\u00e9 Rodriguez<\/strong> &#8211; Universidad Nacional de Educaci\u00f3n a Distancia (Spain)<\/p>\n<p>[\/et_pb_text][\/et_pb_column][\/et_pb_row][\/et_pb_section][et_pb_section fb_built=\u00bb1&#8243; admin_label=\u00bbLOGO_ES\u00bb _builder_version=\u00bb4.14.7&#8243; _module_preset=\u00bbdefault\u00bb global_module=\u00bb165&#8243; saved_tabs=\u00bball\u00bb collapsed=\u00bbon\u00bb global_colors_info=\u00bb{}\u00bb][et_pb_row admin_label=\u00bbOrganiza\u00bb _builder_version=\u00bb4.14.7&#8243; _module_preset=\u00bbdefault\u00bb custom_margin=\u00bb||0px||false|false\u00bb custom_padding=\u00bb||0px||false|false\u00bb global_colors_info=\u00bb{}\u00bb][et_pb_column type=\u00bb4_4&#8243; _builder_version=\u00bb4.14.7&#8243; _module_preset=\u00bbdefault\u00bb global_colors_info=\u00bb{}\u00bb][et_pb_text _builder_version=\u00bb4.14.7&#8243; _module_preset=\u00bbdefault\u00bb text_font=\u00bb|||on|||||\u00bb text_text_color=\u00bb#CE122D\u00bb text_orientation=\u00bbcenter\u00bb module_alignment=\u00bbcenter\u00bb custom_margin=\u00bb||0px||false|false\u00bb custom_padding=\u00bb||0px||false|false\u00bb global_colors_info=\u00bb{}\u00bb]<\/p>\n<p>Organiza<\/p>\n<p>[\/et_pb_text][\/et_pb_column][\/et_pb_row][et_pb_row column_structure=\u00bb1_4,1_4,1_4,1_4&#8243; _builder_version=\u00bb4.14.7&#8243; _module_preset=\u00bbdefault\u00bb global_colors_info=\u00bb{}\u00bb][et_pb_column type=\u00bb1_4&#8243; _builder_version=\u00bb4.14.7&#8243; _module_preset=\u00bbdefault\u00bb global_colors_info=\u00bb{}\u00bb][\/et_pb_column][et_pb_column type=\u00bb1_4&#8243; _builder_version=\u00bb4.14.7&#8243; _module_preset=\u00bbdefault\u00bb global_colors_info=\u00bb{}\u00bb][et_pb_image src=\u00bbhttps:\/\/www.aitanacongress.com\/2022\/wp-content\/uploads\/logo-aitana-2022.png\u00bb title_text=\u00bblogo-aitana-2022&#8243; admin_label=\u00bbaitana\u00bb _builder_version=\u00bb4.14.7&#8243; _module_preset=\u00bbdefault\u00bb width=\u00bb250px\u00bb module_alignment=\u00bbcenter\u00bb global_colors_info=\u00bb{}\u00bb][\/et_pb_image][\/et_pb_column][et_pb_column type=\u00bb1_4&#8243; _builder_version=\u00bb4.14.7&#8243; _module_preset=\u00bbdefault\u00bb global_colors_info=\u00bb{}\u00bb][et_pb_image src=\u00bbhttps:\/\/www.aitanacongress.com\/2022\/wp-content\/uploads\/logo-UHM-2022.png\u00bb title_text=\u00bblogo-UHM-2022&#8243; admin_label=\u00bbUHM\u00bb _builder_version=\u00bb4.14.7&#8243; _module_preset=\u00bbdefault\u00bb width=\u00bb250px\u00bb module_alignment=\u00bbcenter\u00bb global_colors_info=\u00bb{}\u00bb][\/et_pb_image][\/et_pb_column][et_pb_column type=\u00bb1_4&#8243; _builder_version=\u00bb4.14.7&#8243; _module_preset=\u00bbdefault\u00bb global_colors_info=\u00bb{}\u00bb][\/et_pb_column][\/et_pb_row][et_pb_row admin_label=\u00bbCon el apoyo de \u00bb _builder_version=\u00bb4.14.7&#8243; _module_preset=\u00bbdefault\u00bb custom_margin=\u00bb||0px||false|false\u00bb custom_padding=\u00bb||0px||false|false\u00bb global_colors_info=\u00bb{}\u00bb][et_pb_column type=\u00bb4_4&#8243; _builder_version=\u00bb4.14.7&#8243; _module_preset=\u00bbdefault\u00bb global_colors_info=\u00bb{}\u00bb][et_pb_text _builder_version=\u00bb4.14.7&#8243; _module_preset=\u00bbdefault\u00bb text_font=\u00bb|||on|||||\u00bb text_text_color=\u00bb#CE122D\u00bb text_orientation=\u00bbcenter\u00bb module_alignment=\u00bbcenter\u00bb custom_margin=\u00bb||0px||false|false\u00bb custom_padding=\u00bb||0px||false|false\u00bb global_colors_info=\u00bb{}\u00bb]<\/p>\n<p>Con el apoyo de<\/p>\n<p>[\/et_pb_text][\/et_pb_column][\/et_pb_row][et_pb_row column_structure=\u00bb1_5,1_5,1_5,1_5,1_5&#8243; use_custom_gutter=\u00bbon\u00bb gutter_width=\u00bb2&#8243; _builder_version=\u00bb4.14.7&#8243; _module_preset=\u00bbdefault\u00bb max_width=\u00bb900px\u00bb global_colors_info=\u00bb{}\u00bb][et_pb_column type=\u00bb1_5&#8243; _builder_version=\u00bb4.14.7&#8243; _module_preset=\u00bbdefault\u00bb global_colors_info=\u00bb{}\u00bb][et_pb_image src=\u00bbhttps:\/\/www.aitanacongress.com\/2022\/wp-content\/uploads\/logo-piramide-2022.png\u00bb title_text=\u00bblogo-piramide-2022&#8243; admin_label=\u00bbpiramide\u00bb _builder_version=\u00bb4.14.7&#8243; _module_preset=\u00bbdefault\u00bb max_width=\u00bb250px\u00bb module_alignment=\u00bbcenter\u00bb global_colors_info=\u00bb{}\u00bb][\/et_pb_image][\/et_pb_column][et_pb_column type=\u00bb1_5&#8243; _builder_version=\u00bb4.14.7&#8243; _module_preset=\u00bbdefault\u00bb global_colors_info=\u00bb{}\u00bb][et_pb_image src=\u00bbhttps:\/\/www.aitanacongress.com\/2022\/wp-content\/uploads\/logo-tea.png\u00bb title_text=\u00bblogo-tea\u00bb admin_label=\u00bbtea\u00bb _builder_version=\u00bb4.14.7&#8243; _module_preset=\u00bbdefault\u00bb max_width=\u00bb250px\u00bb module_alignment=\u00bbcenter\u00bb global_colors_info=\u00bb{}\u00bb][\/et_pb_image][\/et_pb_column][et_pb_column type=\u00bb1_5&#8243; _builder_version=\u00bb4.14.7&#8243; _module_preset=\u00bbdefault\u00bb global_colors_info=\u00bb{}\u00bb][et_pb_image src=\u00bbhttps:\/\/www.aitanacongress.com\/2022\/wp-content\/uploads\/8CIPCNA-adaptaciones-Recuperado.png\u00bb title_text=\u00bb8CIPCNA-adaptaciones-%91Recuperado%93&#8243; admin_label=\u00bbred infancia\u00bb _builder_version=\u00bb4.14.7&#8243; _module_preset=\u00bbdefault\u00bb max_width=\u00bb250px\u00bb module_alignment=\u00bbcenter\u00bb global_colors_info=\u00bb{}\u00bb][\/et_pb_image][\/et_pb_column][et_pb_column type=\u00bb1_5&#8243; _builder_version=\u00bb4.14.7&#8243; _module_preset=\u00bbdefault\u00bb global_colors_info=\u00bb{}\u00bb][et_pb_image src=\u00bbhttps:\/\/www.aitanacongress.com\/2022\/wp-content\/uploads\/logo_COP.png\u00bb title_text=\u00bblogo_COP\u00bb admin_label=\u00bbCOP\u00bb _builder_version=\u00bb4.14.7&#8243; _module_preset=\u00bbdefault\u00bb max_width=\u00bb250px\u00bb module_alignment=\u00bbcenter\u00bb global_colors_info=\u00bb{}\u00bb][\/et_pb_image][\/et_pb_column][et_pb_column type=\u00bb1_5&#8243; _builder_version=\u00bb4.14.7&#8243; _module_preset=\u00bbdefault\u00bb global_colors_info=\u00bb{}\u00bb][et_pb_image src=\u00bbhttps:\/\/www.aitanacongress.com\/2022\/wp-content\/uploads\/logo-academia-psicologia.gif\u00bb title_text=\u00bblogo-academia-psicologia\u00bb admin_label=\u00bbAcademia Psic\u00bb _builder_version=\u00bb4.14.7&#8243; _module_preset=\u00bbdefault\u00bb custom_margin=\u00bb||-1px|||\u00bb global_colors_info=\u00bb{}\u00bb][\/et_pb_image][\/et_pb_column][\/et_pb_row][et_pb_row_inner _builder_version=\u00bb4.14.7&#8243; _module_preset=\u00bbdefault\u00bb global_colors_info=\u00bb{}\u00bb][et_pb_column_inner saved_specialty_column_type=\u00bb1_2&#8243; _builder_version=\u00bb4.14.7&#8243; _module_preset=\u00bbdefault\u00bb global_colors_info=\u00bb{}\u00bb][et_pb_text _builder_version=\u00bb4.14.7&#8243; _module_preset=\u00bbdefault\u00bb global_colors_info=\u00bb{}\u00bb][\/et_pb_text][\/et_pb_column_inner][\/et_pb_row_inner][\/et_pb_section]<\/p>\n","protected":false},"excerpt":{"rendered":"<p>Comit\u00e9sComit\u00e9 OrganizadorMireia Orgil\u00e9s (Presidenta) Jos\u00e9 P. Espada Jos\u00e9 A. Piqueras Alexandra Morales Iv\u00e1n Fern\u00e1ndez Mariate Gonz\u00e1lvezSilvia Melero David Pineda T\u00edscar Rodriguez Victoria Soto Pilar Rico Teresa Gal\u00e1n LuqueUniversidad Miguel Hern\u00e1ndez (Spain)Comit\u00e9 de HonorPresidencia de honor:Sus Majestades los Reyes de Espa\u00f1a Juan Jos\u00e9 Ruiz Mart\u00ednez. Rector Universidad Miguel Hern\u00e1ndez (UMH)Francisco Santolaya. Presidente Consejo General de la [&hellip;]<\/p>\n","protected":false},"author":1,"featured_media":0,"parent":0,"menu_order":0,"comment_status":"closed","ping_status":"closed","template":"","meta":{"_et_pb_use_builder":"on","_et_pb_old_content":"","_et_gb_content_width":"","_oct_exclude_from_cache":false,"footnotes":""},"class_list":["post-275","page","type-page","status-publish","hentry"],"yoast_head":"<!-- This site is optimized with the Yoast SEO plugin v23.6 - https:\/\/yoast.com\/wordpress\/plugins\/seo\/ -->\n<title>Comit\u00e9s - aitanacongress.com<\/title>\n<meta name=\"robots\" content=\"index, follow, max-snippet:-1, max-image-preview:large, max-video-preview:-1\" \/>\n<link rel=\"canonical\" href=\"https:\/\/www.aitanacongress.com\/2022\/comites\/\" \/>\n<meta property=\"og:locale\" content=\"es_ES\" \/>\n<meta property=\"og:type\" content=\"article\" \/>\n<meta property=\"og:title\" content=\"Comit\u00e9s - aitanacongress.com\" \/>\n<meta property=\"og:description\" content=\"Comit\u00e9sComit\u00e9 OrganizadorMireia Orgil\u00e9s (Presidenta) Jos\u00e9 P. Espada Jos\u00e9 A. Piqueras Alexandra Morales Iv\u00e1n Fern\u00e1ndez Mariate Gonz\u00e1lvezSilvia Melero David Pineda T\u00edscar Rodriguez Victoria Soto Pilar Rico Teresa Gal\u00e1n LuqueUniversidad Miguel Hern\u00e1ndez (Spain)Comit\u00e9 de HonorPresidencia de honor:Sus Majestades los Reyes de Espa\u00f1a Juan Jos\u00e9 Ruiz Mart\u00ednez. Rector Universidad Miguel Hern\u00e1ndez (UMH)Francisco Santolaya. Presidente Consejo General de la [&hellip;]\" \/>\n<meta property=\"og:url\" content=\"https:\/\/www.aitanacongress.com\/2022\/comites\/\" \/>\n<meta property=\"og:site_name\" content=\"aitanacongress.com\" \/>\n<meta property=\"article:modified_time\" content=\"2022-09-12T09:42:23+00:00\" \/>\n<meta name=\"twitter:card\" content=\"summary_large_image\" \/>\n<meta name=\"twitter:label1\" content=\"Tiempo de lectura\" \/>\n\t<meta name=\"twitter:data1\" content=\"4 minutos\" \/>\n<script type=\"application\/ld+json\" class=\"yoast-schema-graph\">{\"@context\":\"https:\/\/schema.org\",\"@graph\":[{\"@type\":\"WebPage\",\"@id\":\"https:\/\/www.aitanacongress.com\/2022\/comites\/\",\"url\":\"https:\/\/www.aitanacongress.com\/2022\/comites\/\",\"name\":\"Comit\u00e9s - aitanacongress.com\",\"isPartOf\":{\"@id\":\"https:\/\/www.aitanacongress.com\/2022\/#website\"},\"datePublished\":\"2022-02-13T22:57:54+00:00\",\"dateModified\":\"2022-09-12T09:42:23+00:00\",\"breadcrumb\":{\"@id\":\"https:\/\/www.aitanacongress.com\/2022\/comites\/#breadcrumb\"},\"inLanguage\":\"es\",\"potentialAction\":[{\"@type\":\"ReadAction\",\"target\":[\"https:\/\/www.aitanacongress.com\/2022\/comites\/\"]}]},{\"@type\":\"BreadcrumbList\",\"@id\":\"https:\/\/www.aitanacongress.com\/2022\/comites\/#breadcrumb\",\"itemListElement\":[{\"@type\":\"ListItem\",\"position\":1,\"name\":\"Portada\",\"item\":\"https:\/\/www.aitanacongress.com\/2022\/\"},{\"@type\":\"ListItem\",\"position\":2,\"name\":\"Comit\u00e9s\"}]},{\"@type\":\"WebSite\",\"@id\":\"https:\/\/www.aitanacongress.com\/2022\/#website\",\"url\":\"https:\/\/www.aitanacongress.com\/2022\/\",\"name\":\"aitanacongress.com\",\"description\":\"8th International Congress of Clinical and Health Psychology in Children and Adolescents\",\"potentialAction\":[{\"@type\":\"SearchAction\",\"target\":{\"@type\":\"EntryPoint\",\"urlTemplate\":\"https:\/\/www.aitanacongress.com\/2022\/?s={search_term_string}\"},\"query-input\":{\"@type\":\"PropertyValueSpecification\",\"valueRequired\":true,\"valueName\":\"search_term_string\"}}],\"inLanguage\":\"es\"}]}<\/script>\n<!-- \/ Yoast SEO plugin. -->","yoast_head_json":{"title":"Comit\u00e9s - aitanacongress.com","robots":{"index":"index","follow":"follow","max-snippet":"max-snippet:-1","max-image-preview":"max-image-preview:large","max-video-preview":"max-video-preview:-1"},"canonical":"https:\/\/www.aitanacongress.com\/2022\/comites\/","og_locale":"es_ES","og_type":"article","og_title":"Comit\u00e9s - aitanacongress.com","og_description":"Comit\u00e9sComit\u00e9 OrganizadorMireia Orgil\u00e9s (Presidenta) Jos\u00e9 P. Espada Jos\u00e9 A. Piqueras Alexandra Morales Iv\u00e1n Fern\u00e1ndez Mariate Gonz\u00e1lvezSilvia Melero David Pineda T\u00edscar Rodriguez Victoria Soto Pilar Rico Teresa Gal\u00e1n LuqueUniversidad Miguel Hern\u00e1ndez (Spain)Comit\u00e9 de HonorPresidencia de honor:Sus Majestades los Reyes de Espa\u00f1a Juan Jos\u00e9 Ruiz Mart\u00ednez. Rector Universidad Miguel Hern\u00e1ndez (UMH)Francisco Santolaya. Presidente Consejo General de la [&hellip;]","og_url":"https:\/\/www.aitanacongress.com\/2022\/comites\/","og_site_name":"aitanacongress.com","article_modified_time":"2022-09-12T09:42:23+00:00","twitter_card":"summary_large_image","twitter_misc":{"Tiempo de lectura":"4 minutos"},"schema":{"@context":"https:\/\/schema.org","@graph":[{"@type":"WebPage","@id":"https:\/\/www.aitanacongress.com\/2022\/comites\/","url":"https:\/\/www.aitanacongress.com\/2022\/comites\/","name":"Comit\u00e9s - aitanacongress.com","isPartOf":{"@id":"https:\/\/www.aitanacongress.com\/2022\/#website"},"datePublished":"2022-02-13T22:57:54+00:00","dateModified":"2022-09-12T09:42:23+00:00","breadcrumb":{"@id":"https:\/\/www.aitanacongress.com\/2022\/comites\/#breadcrumb"},"inLanguage":"es","potentialAction":[{"@type":"ReadAction","target":["https:\/\/www.aitanacongress.com\/2022\/comites\/"]}]},{"@type":"BreadcrumbList","@id":"https:\/\/www.aitanacongress.com\/2022\/comites\/#breadcrumb","itemListElement":[{"@type":"ListItem","position":1,"name":"Portada","item":"https:\/\/www.aitanacongress.com\/2022\/"},{"@type":"ListItem","position":2,"name":"Comit\u00e9s"}]},{"@type":"WebSite","@id":"https:\/\/www.aitanacongress.com\/2022\/#website","url":"https:\/\/www.aitanacongress.com\/2022\/","name":"aitanacongress.com","description":"8th International Congress of Clinical and Health Psychology in Children and Adolescents","potentialAction":[{"@type":"SearchAction","target":{"@type":"EntryPoint","urlTemplate":"https:\/\/www.aitanacongress.com\/2022\/?s={search_term_string}"},"query-input":{"@type":"PropertyValueSpecification","valueRequired":true,"valueName":"search_term_string"}}],"inLanguage":"es"}]}},"_links":{"self":[{"href":"https:\/\/www.aitanacongress.com\/2022\/wp-json\/wp\/v2\/pages\/275","targetHints":{"allow":["GET"]}}],"collection":[{"href":"https:\/\/www.aitanacongress.com\/2022\/wp-json\/wp\/v2\/pages"}],"about":[{"href":"https:\/\/www.aitanacongress.com\/2022\/wp-json\/wp\/v2\/types\/page"}],"author":[{"embeddable":true,"href":"https:\/\/www.aitanacongress.com\/2022\/wp-json\/wp\/v2\/users\/1"}],"replies":[{"embeddable":true,"href":"https:\/\/www.aitanacongress.com\/2022\/wp-json\/wp\/v2\/comments?post=275"}],"version-history":[{"count":37,"href":"https:\/\/www.aitanacongress.com\/2022\/wp-json\/wp\/v2\/pages\/275\/revisions"}],"predecessor-version":[{"id":3252,"href":"https:\/\/www.aitanacongress.com\/2022\/wp-json\/wp\/v2\/pages\/275\/revisions\/3252"}],"wp:attachment":[{"href":"https:\/\/www.aitanacongress.com\/2022\/wp-json\/wp\/v2\/media?parent=275"}],"curies":[{"name":"wp","href":"https:\/\/api.w.org\/{rel}","templated":true}]}}