{"id":6951,"date":"2023-03-23T09:01:55","date_gmt":"2023-03-23T08:01:55","guid":{"rendered":"https:\/\/www.aitanacongress.com\/2023\/?page_id=6951"},"modified":"2023-11-07T09:33:37","modified_gmt":"2023-11-07T08:33:37","slug":"ponente-javier-cejudo","status":"publish","type":"page","link":"https:\/\/www.aitanacongress.com\/2023\/ponente-javier-cejudo\/","title":{"rendered":"Ponente Javier Cejudo"},"content":{"rendered":"<p>[et_pb_section fb_built=\u00bb1&#8243; custom_padding_last_edited=\u00bbon|phone\u00bb admin_label=\u00bbPonencia\u00bb module_class=\u00bbponencia\u00bb _builder_version=\u00bb4.14.7&#8243; use_background_color_gradient=\u00bbon\u00bb background_color_gradient_start=\u00bb#e83643&#8243; background_color_gradient_end=\u00bb#e83643&#8243; custom_margin=\u00bb|||\u00bb custom_padding=\u00bb40px||40px||false|false\u00bb custom_padding_tablet=\u00bb40px||40px||false|false\u00bb custom_padding_phone=\u00bb20px||20px||false|false\u00bb global_colors_info=\u00bb{}\u00bb][et_pb_row column_structure=\u00bb3_4,1_4&#8243; custom_padding_last_edited=\u00bbon|phone\u00bb disabled_on=\u00bboff|off|off\u00bb admin_label=\u00bbFila\u00bb _builder_version=\u00bb4.14.7&#8243; background_size=\u00bbinitial\u00bb background_position=\u00bbtop_left\u00bb background_repeat=\u00bbrepeat\u00bb width_tablet=\u00bb\u00bb width_phone=\u00bb100%\u00bb width_last_edited=\u00bbon|phone\u00bb custom_margin=\u00bb||0px||false|false\u00bb custom_padding=\u00bb||0px||false|false\u00bb custom_padding_tablet=\u00bb||0px||false|false\u00bb custom_padding_phone=\u00bb|20px||20px|false|false\u00bb global_colors_info=\u00bb{}\u00bb][et_pb_column type=\u00bb3_4&#8243; _builder_version=\u00bb3.25&#8243; custom_padding=\u00bb|||\u00bb global_colors_info=\u00bb{}\u00bb custom_padding__hover=\u00bb|||\u00bb][et_pb_text admin_label=\u00bbT\u00edtulo\u00bb _builder_version=\u00bb4.14.7&#8243; header_font=\u00bbMerriweather|700|||||||\u00bb header_font_size=\u00bb46px\u00bb header_line_height=\u00bb1.3em\u00bb custom_margin=\u00bb||0px|\u00bb animation_style=\u00bbflip\u00bb animation_direction=\u00bbtop\u00bb global_colors_info=\u00bb{}\u00bb]<\/p>\n<h1>Instrumentos de evaluaci\u00f3n de la inteligencia emocional en ni\u00f1os y adolescentes.<\/h1>\n<p>[\/et_pb_text][et_pb_divider color=\u00bb#ffc540&#8243; divider_position=\u00bbcenter\u00bb divider_weight=\u00bb2px\u00bb _builder_version=\u00bb4.14.7&#8243; max_width=\u00bb90px\u00bb max_width_tablet=\u00bb12%\u00bb max_width_last_edited=\u00bboff|desktop\u00bb custom_margin=\u00bb|||\u00bb animation_style=\u00bbflip\u00bb animation_delay=\u00bb50ms\u00bb global_colors_info=\u00bb{}\u00bb][\/et_pb_divider][\/et_pb_column][et_pb_column type=\u00bb1_4&#8243; _builder_version=\u00bb3.25&#8243; custom_padding=\u00bb|||\u00bb global_colors_info=\u00bb{}\u00bb custom_padding__hover=\u00bb|||\u00bb][et_pb_image src=\u00bbhttps:\/\/www.aitanacongress.com\/2023\/wp-content\/uploads\/img-barquito.png\u00bb title_text=\u00bbimg-barquito\u00bb force_fullwidth=\u00bbon\u00bb align_tablet=\u00bbcenter\u00bb align_phone=\u00bb\u00bb align_last_edited=\u00bbon|desktop\u00bb admin_label=\u00bbImagen\u00bb _builder_version=\u00bb4.14.7&#8243; animation_style=\u00bbslide\u00bb animation_direction=\u00bbright\u00bb animation_intensity_slide=\u00bb10%\u00bb global_colors_info=\u00bb{}\u00bb][\/et_pb_image][\/et_pb_column][\/et_pb_row][et_pb_row custom_padding_last_edited=\u00bbon|phone\u00bb disabled_on=\u00bboff|off|off\u00bb admin_label=\u00bbFila\u00bb _builder_version=\u00bb4.14.7&#8243; background_size=\u00bbinitial\u00bb background_position=\u00bbtop_left\u00bb background_repeat=\u00bbrepeat\u00bb width_tablet=\u00bb\u00bb width_phone=\u00bb100%\u00bb width_last_edited=\u00bbon|phone\u00bb custom_margin=\u00bb0px||||false|false\u00bb custom_padding=\u00bb0px||||false|false\u00bb custom_padding_tablet=\u00bb0px||||false|false\u00bb custom_padding_phone=\u00bb|20px||20px|false|false\u00bb global_colors_info=\u00bb{}\u00bb][et_pb_column type=\u00bb4_4&#8243; _builder_version=\u00bb3.25&#8243; custom_padding=\u00bb|||\u00bb global_colors_info=\u00bb{}\u00bb custom_padding__hover=\u00bb|||\u00bb][et_pb_text _builder_version=\u00bb4.14.7&#8243; text_font=\u00bb||||||||\u00bb text_font_size=\u00bb20px\u00bb text_line_height=\u00bb1.8em\u00bb custom_margin=\u00bb25px|||\u00bb animation_style=\u00bbflip\u00bb animation_direction=\u00bbtop\u00bb animation_delay=\u00bb100ms\u00bb global_colors_info=\u00bb{}\u00bb]<\/p>\n<p style=\"text-align: justify;\"><span data-contrast=\"auto\">La inteligencia emocional (IE) se refiere a las diferencias individuales en la identificaci\u00f3n, expresi\u00f3n, uso, comprensi\u00f3n y regulaci\u00f3n de las propias emociones y las de los dem\u00e1s (Brasseur et al., 2013). En las \u00faltimas d\u00e9cadas, la investigaci\u00f3n ha puesto de manifiesto que la inteligencia emocional es un constructo te\u00f3rico y emp\u00edrico que tiene relaciones positivas con la salud (Martins, Ramalho, &amp; Morin, 2010), con el bienestar subjetivo (S\u00e1nchez-\u00c1lvarez, Extremera, &amp; Fern\u00e1ndez-Berrocal, 2016; Llamas-D\u00edaz, Cabello, Meg\u00edas-Robles &amp; Fern\u00e1ndez-Berrocal, 2022) o con el rendimiento acad\u00e9mico (MacCann et al., 2020).\u202f<\/span><span data-ccp-props=\"{&quot;134233117&quot;:true,&quot;134233118&quot;:true,&quot;201341983&quot;:0,&quot;335559740&quot;:240}\">\u00a0<\/span><\/p>\n<p style=\"text-align: justify;\"><span data-contrast=\"auto\">Algunos autores han afirmado que dentro de la investigaci\u00f3n sobre la IE pueden distinguirse dos campos de estudio (Barchard et al., 2016): la IE como capacidad evaluada a trav\u00e9s de instrumentos de rendimiento m\u00e1ximo (e.g., MSCEIT v.2.0; Mayer-Salovey-Caruso Emotional Intelligence Test) y la IE como rasgo de personalidad evaluada mediante instrumentos de rendimiento t\u00edpico (e.g., TEIque; Trait Emotional Intelligence Questionnaire). Es necesario se\u00f1alar que a\u00fan son escasos los instrumentos que eval\u00faen la IE como capacidad en ni\u00f1os y adolescentes (e.g., TIEFBA; Test de Inteligencia Emocional Fundaci\u00f3n Bot\u00edn para adolescentes), y la IE como rasgo (e.g., TEIque-ASF; Trait Emotional Intelligence Questionnaire-Adolescent Short Form; TEIque-CSF; Trait Emotional Intelligence Questionnaire-Children Short Form).\u202f<\/span><span data-ccp-props=\"{&quot;134233117&quot;:true,&quot;134233118&quot;:true,&quot;201341983&quot;:0,&quot;335559740&quot;:240}\">\u00a0<\/span><\/p>\n<p style=\"text-align: justify;\"><span data-contrast=\"auto\">En este sentido, el objetivo principal de este simposio es describir algunos de los instrumentos m\u00e1s importantes para evaluar la inteligencia emocional como rasgo de personalidad, as\u00ed como, algunas de sus dimensiones, como la regulaci\u00f3n emocional, en ni\u00f1os y adolescentes en el contexto hispanohablante.<\/span><span data-ccp-props=\"{&quot;134233117&quot;:true,&quot;134233118&quot;:true,&quot;201341983&quot;:0,&quot;335559740&quot;:240}\">\u00a0<\/span><\/p>\n<p>[\/et_pb_text][\/et_pb_column][\/et_pb_row][\/et_pb_section][et_pb_section fb_built=\u00bb1&#8243; custom_padding_last_edited=\u00bbon|phone\u00bb admin_label=\u00bbPonente\u00bb module_class=\u00bbsingle-ponente\u00bb _builder_version=\u00bb4.14.7&#8243; background_color=\u00bb#f5f9fb\u00bb background_image=\u00bbhttps:\/\/www.aitanacongress.com\/2023\/wp-content\/uploads\/bg-4.png\u00bb background_size=\u00bbinitial\u00bb background_position=\u00bbtop_right\u00bb custom_margin=\u00bb0px||0px||false|false\u00bb custom_padding=\u00bb130px||80px||false|false\u00bb custom_padding_tablet=\u00bb130px||80px||false|false\u00bb custom_padding_phone=\u00bb85px||60px||false|false\u00bb global_colors_info=\u00bb{}\u00bb][et_pb_row column_structure=\u00bb2_3,1_3&#8243; custom_padding_last_edited=\u00bbon|phone\u00bb _builder_version=\u00bb4.14.7&#8243; width_tablet=\u00bb\u00bb width_phone=\u00bb100%\u00bb width_last_edited=\u00bbon|phone\u00bb module_alignment=\u00bbcenter\u00bb custom_margin=\u00bb0px||0px||false|false\u00bb custom_margin_tablet=\u00bb0px|||\u00bb custom_margin_phone=\u00bb0px|||\u00bb custom_margin_last_edited=\u00bboff|desktop\u00bb custom_padding=\u00bb0px|0px|0px|0px|false|false\u00bb custom_padding_tablet=\u00bb0px|0px|0px|0px|false|false\u00bb custom_padding_phone=\u00bb|20px||20px|false|false\u00bb global_colors_info=\u00bb{}\u00bb][et_pb_column type=\u00bb2_3&#8243; _builder_version=\u00bb4.14.7&#8243; background_color_gradient_start=\u00bb#ff6a88&#8243; background_color_gradient_end=\u00bb#ff99ac\u00bb background_color_gradient_direction=\u00bb35deg\u00bb custom_padding=\u00bb|60px|0px||false|false\u00bb custom_padding_tablet=\u00bb|0px||\u00bb custom_padding_phone=\u00bb|0px||\u00bb custom_padding_last_edited=\u00bbon|desktop\u00bb global_colors_info=\u00bb{}\u00bb padding_tablet=\u00bb|0px||\u00bb padding_last_edited=\u00bbon|desktop\u00bb custom_padding__hover=\u00bb|||\u00bb padding_phone=\u00bb|0px||\u00bb][et_pb_text admin_label=\u00bbNombre\u00bb _builder_version=\u00bb4.14.7&#8243; text_font=\u00bb||||||||\u00bb header_font=\u00bb||||||||\u00bb header_2_font=\u00bbMontserrat|500|||||||\u00bb header_2_text_color=\u00bb#e83643&#8243; header_2_font_size=\u00bb30px\u00bb header_2_line_height=\u00bb1.4em\u00bb custom_margin=\u00bb-40px||0px||false|false\u00bb animation_style=\u00bbfade\u00bb animation_direction=\u00bbright\u00bb animation_starting_opacity=\u00bb100%\u00bb global_colors_info=\u00bb{}\u00bb]<\/p>\n<h2>JAVIER CEJUDO<\/h2>\n<p>[\/et_pb_text][et_pb_text admin_label=\u00bbEstudios\u00bb module_class=\u00bbestudios\u00bb _builder_version=\u00bb4.14.7&#8243; text_font=\u00bbMontserrat|600||on|||||\u00bb text_text_color=\u00bb#180302&#8243; header_font=\u00bb||||||||\u00bb animation_style=\u00bbslide\u00bb animation_direction=\u00bbright\u00bb animation_intensity_slide=\u00bb5%\u00bb animation_starting_opacity=\u00bb100%\u00bb global_colors_info=\u00bb{}\u00bb]<\/p>\n<p>Universidad de Castilla-La Mancha. Espa\u00f1a<\/p>\n<p>[\/et_pb_text][et_pb_divider divider_weight=\u00bb3px\u00bb _builder_version=\u00bb4.14.7&#8243; max_width=\u00bb80px\u00bb animation_style=\u00bbslide\u00bb animation_direction=\u00bbright\u00bb animation_intensity_slide=\u00bb5%\u00bb animation_starting_opacity=\u00bb100%\u00bb global_colors_info=\u00bb{}\u00bb][\/et_pb_divider][et_pb_text admin_label=\u00bbTexto\u00bb _builder_version=\u00bb4.14.7&#8243; text_font=\u00bbMontserrat|300|||||||\u00bb text_font_size=\u00bb16px\u00bb text_line_height=\u00bb1.8em\u00bb animation_style=\u00bbslide\u00bb animation_direction=\u00bbright\u00bb animation_intensity_slide=\u00bb5%\u00bb animation_starting_opacity=\u00bb100%\u00bb global_colors_info=\u00bb{}\u00bb]<\/p>\n<p>Dr. Javier Cejudo es Profesor Titular en el \u00c1rea de Psicolog\u00eda Evolutiva y de la Educaci\u00f3n y Vicedecano de Pr\u00e1cticas, Estudios e Investigaci\u00f3n en la Facultad de Educaci\u00f3n de Ciudad Real (UCLM). Imparte docencia en el Grado en Maestro en Educaci\u00f3n Primaria, en el M\u00e1ster Universitario en Investigaci\u00f3n en Psicolog\u00eda Aplicada y en el M\u00e1ster en Profesorado en Educaci\u00f3n Secundaria y Bachillerato, Formaci\u00f3n Profesional y Ense\u00f1anza de Idiomas. Adem\u00e1s, es profesor colaborador en el M\u00e1ster de Inteligencia Emocional de la UNED. En cuanto a su formaci\u00f3n acad\u00e9mica es Licenciado en Psicolog\u00eda por la Universidad Complutense de Madrid y Licenciado en Psicopedagog\u00eda, M\u00e1ster en Innovaci\u00f3n e Investigaci\u00f3n en Educaci\u00f3n y Doctor en Educaci\u00f3n con premio extraordinario de doctorado por la UNED.<\/p>\n<p>Miembro fundador de Eduemo Lab (Laboratorio de Educaci\u00f3n Emocional de la UNED) como un marco acad\u00e9mico de colaboraci\u00f3n entre investigadores de la UNED y la UCLM. Ha sido miembro de las siguientes sociedades cient\u00edficas: Asociaci\u00f3n Cient\u00edfica de Psicolog\u00eda y Educaci\u00f3n (ACIPE), Asociaci\u00f3n Iberoamericana de Investigaci\u00f3n de las Diferencias Individuales (AIIDI), Sociedad Espa\u00f1ola de Pedagog\u00eda (SEP) y de la Asociaci\u00f3n Profesional de Orientadores de Castilla La Mancha (APOCLAM).<\/p>\n<p>Su l\u00ednea principal de investigaci\u00f3n est\u00e1 relacionada con la promoci\u00f3n de la educaci\u00f3n de la inteligencia emocional y de las competencias socioemocionales en el \u00e1mbito educativo en las etapas de Educaci\u00f3n Infantil, Educaci\u00f3n Primaria y Educaci\u00f3n Secundaria, as\u00ed como, la evaluaci\u00f3n de los efectos de estos programas en ni\u00f1os y adolescentes. Otras l\u00edneas de investigaci\u00f3n actuales se centran en la formaci\u00f3n y capacitaci\u00f3n en educaci\u00f3n emocional del profesorado.<\/p>\n<p>[\/et_pb_text][\/et_pb_column][et_pb_column type=\u00bb1_3&#8243; _builder_version=\u00bb4.14.7&#8243; use_background_color_gradient=\u00bbon\u00bb background_color_gradient_start=\u00bb#e83643&#8243; background_color_gradient_end=\u00bb#e83643&#8243; custom_padding=\u00bb|||\u00bb global_colors_info=\u00bb{}\u00bb custom_padding__hover=\u00bb|||\u00bb][et_pb_image src=\u00bbhttps:\/\/www.aitanacongress.com\/2023\/wp-content\/uploads\/Javier_Cejudo-ok.jpg\u00bb title_text=\u00bbJavier_Cejudo-ok\u00bb align=\u00bbcenter\u00bb force_fullwidth=\u00bbon\u00bb disabled_on=\u00bboff|off|off\u00bb admin_label=\u00bbImagen ponente\u00bb _builder_version=\u00bb4.14.7&#8243; custom_margin=\u00bb-40px|40px|40px|-40px\u00bb custom_padding=\u00bb|||\u00bb animation_direction=\u00bbright\u00bb border_color_all=\u00bb#\u00bb box_shadow_style=\u00bbpreset3&#8243; box_shadow_horizontal=\u00bb13px\u00bb box_shadow_vertical=\u00bb42px\u00bb box_shadow_blur=\u00bb45px\u00bb box_shadow_spread=\u00bb-3px\u00bb box_shadow_color=\u00bbrgba(0,0,0,0.1)\u00bb always_center_on_mobile=\u00bboff\u00bb global_colors_info=\u00bb{}\u00bb][\/et_pb_image][\/et_pb_column][\/et_pb_row][\/et_pb_section][et_pb_section fb_built=\u00bb1&#8243; custom_padding_last_edited=\u00bbon|desktop\u00bb admin_label=\u00bbLOGO_ESPANOL\u00bb module_class=\u00bblogos-congreso\u00bb _builder_version=\u00bb4.14.7&#8243; _module_preset=\u00bbdefault\u00bb custom_padding=\u00bb50px||30px||false|false\u00bb custom_padding_tablet=\u00bb50px||50px||false|false\u00bb custom_padding_phone=\u00bb||25px||false|false\u00bb global_module=\u00bb6397&#8243; saved_tabs=\u00bball\u00bb collapsed=\u00bboff\u00bb global_colors_info=\u00bb{}\u00bb][et_pb_row custom_padding_last_edited=\u00bbon|phone\u00bb admin_label=\u00bbOrganiza\u00bb _builder_version=\u00bb4.14.7&#8243; _module_preset=\u00bbdefault\u00bb custom_margin=\u00bb||0px||false|false\u00bb custom_padding=\u00bb||0px||false|false\u00bb custom_padding_tablet=\u00bb||0px||false|false\u00bb custom_padding_phone=\u00bb0px||||false|false\u00bb global_colors_info=\u00bb{}\u00bb][et_pb_column type=\u00bb4_4&#8243; _builder_version=\u00bb4.14.7&#8243; _module_preset=\u00bbdefault\u00bb global_colors_info=\u00bb{}\u00bb][et_pb_text _builder_version=\u00bb4.14.7&#8243; _module_preset=\u00bbdefault\u00bb text_font=\u00bb|||on|||||\u00bb text_text_color=\u00bb#e83643&#8243; text_orientation=\u00bbcenter\u00bb module_alignment=\u00bbcenter\u00bb custom_margin=\u00bb||0px||false|false\u00bb custom_padding=\u00bb||0px||false|false\u00bb global_colors_info=\u00bb{}\u00bb]<\/p>\n<p>Organiza<\/p>\n<p>[\/et_pb_text][\/et_pb_column][\/et_pb_row][et_pb_row column_structure=\u00bb1_4,1_4,1_4,1_4&#8243; custom_padding_last_edited=\u00bbon|desktop\u00bb _builder_version=\u00bb4.14.7&#8243; _module_preset=\u00bbdefault\u00bb custom_padding=\u00bb||10px||false|false\u00bb custom_padding_tablet=\u00bb||15px||false|false\u00bb custom_padding_phone=\u00bb||15px||false|false\u00bb global_colors_info=\u00bb{}\u00bb][et_pb_column type=\u00bb1_4&#8243; _builder_version=\u00bb4.14.7&#8243; _module_preset=\u00bbdefault\u00bb global_colors_info=\u00bb{}\u00bb][\/et_pb_column][et_pb_column type=\u00bb1_4&#8243; _builder_version=\u00bb4.14.7&#8243; _module_preset=\u00bbdefault\u00bb global_colors_info=\u00bb{}\u00bb][et_pb_image src=\u00bbhttps:\/\/www.aitanacongress.com\/2023\/wp-content\/uploads\/logo-aitana-2023.png\u00bb title_text=\u00bblogo-aitana-2023&#8243; url=\u00bbhttps:\/\/aitanainvestigacion.umh.es\/\u00bb url_new_window=\u00bbon\u00bb admin_label=\u00bbaitana\u00bb _builder_version=\u00bb4.14.7&#8243; _module_preset=\u00bbdefault\u00bb width=\u00bb250px\u00bb module_alignment=\u00bbcenter\u00bb global_colors_info=\u00bb{}\u00bb][\/et_pb_image][\/et_pb_column][et_pb_column type=\u00bb1_4&#8243; _builder_version=\u00bb4.14.7&#8243; _module_preset=\u00bbdefault\u00bb global_colors_info=\u00bb{}\u00bb][et_pb_image src=\u00bbhttps:\/\/www.aitanacongress.com\/2023\/wp-content\/uploads\/logo-UHM-2023.png\u00bb title_text=\u00bblogo-UHM-2023&#8243; url=\u00bbhttps:\/\/www.umh.es\/\u00bb url_new_window=\u00bbon\u00bb admin_label=\u00bbUHM\u00bb _builder_version=\u00bb4.14.7&#8243; _module_preset=\u00bbdefault\u00bb width=\u00bb250px\u00bb module_alignment=\u00bbcenter\u00bb global_colors_info=\u00bb{}\u00bb][\/et_pb_image][\/et_pb_column][et_pb_column type=\u00bb1_4&#8243; _builder_version=\u00bb4.14.7&#8243; _module_preset=\u00bbdefault\u00bb global_colors_info=\u00bb{}\u00bb][\/et_pb_column][\/et_pb_row][et_pb_row custom_padding_last_edited=\u00bbon|phone\u00bb disabled_on=\u00bboff|off|off\u00bb admin_label=\u00bbPatrocina\u00bb _builder_version=\u00bb4.14.7&#8243; _module_preset=\u00bbdefault\u00bb custom_margin=\u00bb||0px||false|false\u00bb custom_margin_tablet=\u00bb||0px||false|false\u00bb custom_margin_phone=\u00bb-15px||||false|false\u00bb custom_margin_last_edited=\u00bbon|phone\u00bb custom_padding=\u00bb||0px||false|false\u00bb custom_padding_tablet=\u00bb||0px||false|false\u00bb custom_padding_phone=\u00bb0px||||false|false\u00bb global_colors_info=\u00bb{}\u00bb][et_pb_column type=\u00bb4_4&#8243; _builder_version=\u00bb4.14.7&#8243; _module_preset=\u00bbdefault\u00bb global_colors_info=\u00bb{}\u00bb][et_pb_text _builder_version=\u00bb4.14.7&#8243; _module_preset=\u00bbdefault\u00bb text_font=\u00bb|||on|||||\u00bb text_text_color=\u00bb#e83643&#8243; text_orientation=\u00bbcenter\u00bb module_alignment=\u00bbcenter\u00bb custom_margin=\u00bb||0px||false|false\u00bb custom_padding=\u00bb||0px||false|false\u00bb global_colors_info=\u00bb{}\u00bb]<\/p>\n<p>Patrocina<\/p>\n<p>[\/et_pb_text][\/et_pb_column][\/et_pb_row][et_pb_row column_structure=\u00bb1_3,1_3,1_3&#8243; disabled_on=\u00bboff|off|off\u00bb _builder_version=\u00bb4.14.7&#8243; _module_preset=\u00bbdefault\u00bb global_colors_info=\u00bb{}\u00bb][et_pb_column type=\u00bb1_3&#8243; _builder_version=\u00bb4.14.7&#8243; _module_preset=\u00bbdefault\u00bb global_colors_info=\u00bb{}\u00bb][\/et_pb_column][et_pb_column type=\u00bb1_3&#8243; _builder_version=\u00bb4.14.7&#8243; _module_preset=\u00bbdefault\u00bb global_colors_info=\u00bb{}\u00bb][et_pb_image src=\u00bbhttps:\/\/www.aitanacongress.com\/2023\/wp-content\/uploads\/LOGO-CONSELLERIA-INNOVACION-UNIVERSIDADES-PNG_VAL_NEGRO.png\u00bb title_text=\u00bbLOGO CONSELLERIA INNOVACION UNIVERSIDADES PNG_VAL_NEGRO\u00bb url=\u00bbhttps:\/\/www.gva.es\/va\/inicio\/presentacion\u00bb url_new_window=\u00bbon\u00bb admin_label=\u00bbgva\u00bb _builder_version=\u00bb4.14.7&#8243; _module_preset=\u00bbdefault\u00bb width=\u00bb230px\u00bb module_alignment=\u00bbcenter\u00bb global_colors_info=\u00bb{}\u00bb][\/et_pb_image][\/et_pb_column][et_pb_column type=\u00bb1_3&#8243; _builder_version=\u00bb4.14.7&#8243; _module_preset=\u00bbdefault\u00bb global_colors_info=\u00bb{}\u00bb][\/et_pb_column][\/et_pb_row][et_pb_row custom_padding_last_edited=\u00bbon|phone\u00bb admin_label=\u00bbCon el apoyo de \u00bb _builder_version=\u00bb4.14.7&#8243; _module_preset=\u00bbdefault\u00bb custom_margin=\u00bb||0px||false|false\u00bb custom_margin_tablet=\u00bb||0px||false|false\u00bb custom_margin_phone=\u00bb-15px||||false|false\u00bb custom_margin_last_edited=\u00bbon|phone\u00bb custom_padding=\u00bb||0px||false|false\u00bb custom_padding_tablet=\u00bb||0px||false|false\u00bb custom_padding_phone=\u00bb0px||||false|false\u00bb global_colors_info=\u00bb{}\u00bb][et_pb_column type=\u00bb4_4&#8243; _builder_version=\u00bb4.14.7&#8243; _module_preset=\u00bbdefault\u00bb global_colors_info=\u00bb{}\u00bb][et_pb_text _builder_version=\u00bb4.14.7&#8243; _module_preset=\u00bbdefault\u00bb text_font=\u00bb|||on|||||\u00bb text_text_color=\u00bb#e83643&#8243; text_orientation=\u00bbcenter\u00bb module_alignment=\u00bbcenter\u00bb custom_margin=\u00bb||0px||false|false\u00bb custom_padding=\u00bb||0px||false|false\u00bb global_colors_info=\u00bb{}\u00bb]<\/p>\n<p>Con el apoyo de<\/p>\n<p>[\/et_pb_text][\/et_pb_column][\/et_pb_row][et_pb_row column_structure=\u00bb1_6,1_6,1_6,1_6,1_6,1_6&#8243; use_custom_gutter=\u00bbon\u00bb gutter_width=\u00bb2&#8243; custom_padding_last_edited=\u00bbon|desktop\u00bb _builder_version=\u00bb4.14.7&#8243; _module_preset=\u00bbdefault\u00bb width=\u00bb100%\u00bb max_width=\u00bb1200px\u00bb custom_padding=\u00bb|20px||20px|false|false\u00bb custom_padding_tablet=\u00bb|20px||20px|false|false\u00bb custom_padding_phone=\u00bb|20px||20px|false|false\u00bb global_colors_info=\u00bb{}\u00bb][et_pb_column type=\u00bb1_6&#8243; _builder_version=\u00bb4.14.7&#8243; _module_preset=\u00bbdefault\u00bb global_colors_info=\u00bb{}\u00bb][\/et_pb_column][et_pb_column type=\u00bb1_6&#8243; _builder_version=\u00bb4.14.7&#8243; _module_preset=\u00bbdefault\u00bb global_colors_info=\u00bb{}\u00bb][et_pb_image src=\u00bbhttps:\/\/www.aitanacongress.com\/2023\/wp-content\/uploads\/logo-UV-tyrans.png\u00bb title_text=\u00bblogo-UV-tyrans\u00bb url=\u00bbhttps:\/\/www.uv.es\/\u00bb url_new_window=\u00bbon\u00bb admin_label=\u00bbUV\u00bb _builder_version=\u00bb4.14.7&#8243; _module_preset=\u00bbdefault\u00bb custom_margin=\u00bb||-1px|||\u00bb global_colors_info=\u00bb{}\u00bb][\/et_pb_image][\/et_pb_column][et_pb_column type=\u00bb1_6&#8243; _builder_version=\u00bb4.14.7&#8243; _module_preset=\u00bbdefault\u00bb global_colors_info=\u00bb{}\u00bb][et_pb_image src=\u00bbhttps:\/\/www.aitanacongress.com\/2023\/wp-content\/uploads\/logo-piramide-aniversario.png\u00bb title_text=\u00bblogo-piramide-aniversario\u00bb url=\u00bbhttps:\/\/www.edicionespiramide.es\/\u00bb url_new_window=\u00bbon\u00bb admin_label=\u00bbpiramide\u00bb _builder_version=\u00bb4.14.7&#8243; _module_preset=\u00bbdefault\u00bb max_width=\u00bb250px\u00bb module_alignment=\u00bbcenter\u00bb global_colors_info=\u00bb{}\u00bb][\/et_pb_image][\/et_pb_column][et_pb_column type=\u00bb1_6&#8243; _builder_version=\u00bb4.14.7&#8243; _module_preset=\u00bbdefault\u00bb global_colors_info=\u00bb{}\u00bb][et_pb_image src=\u00bbhttps:\/\/www.aitanacongress.com\/2023\/wp-content\/uploads\/logo-tea-2023.png\u00bb title_text=\u00bblogo-tea-2023&#8243; url=\u00bbhttps:\/\/web.teaediciones.com\/Inicio.aspx\u00bb url_new_window=\u00bbon\u00bb disabled_on=\u00bboff|off|off\u00bb admin_label=\u00bbtea\u00bb _builder_version=\u00bb4.14.7&#8243; _module_preset=\u00bbdefault\u00bb max_width=\u00bb250px\u00bb module_alignment=\u00bbcenter\u00bb global_colors_info=\u00bb{}\u00bb][\/et_pb_image][\/et_pb_column][et_pb_column type=\u00bb1_6&#8243; _builder_version=\u00bb4.14.7&#8243; _module_preset=\u00bbdefault\u00bb global_colors_info=\u00bb{}\u00bb][et_pb_image src=\u00bbhttps:\/\/www.aitanacongress.com\/2023\/wp-content\/uploads\/sepcij-logo.png\u00bb title_text=\u00bbsepcij-logo\u00bb url=\u00bbhttps:\/\/www.sepcij.es\/\u00bb url_new_window=\u00bbon\u00bb admin_label=\u00bbsepcij\u00bb _builder_version=\u00bb4.14.7&#8243; _module_preset=\u00bbdefault\u00bb max_width=\u00bb250px\u00bb module_alignment=\u00bbcenter\u00bb global_colors_info=\u00bb{}\u00bb][\/et_pb_image][\/et_pb_column][et_pb_column type=\u00bb1_6&#8243; _builder_version=\u00bb4.14.7&#8243; _module_preset=\u00bbdefault\u00bb global_colors_info=\u00bb{}\u00bb][\/et_pb_column][\/et_pb_row][et_pb_row column_structure=\u00bb1_5,1_5,1_5,1_5,1_5&#8243; use_custom_gutter=\u00bbon\u00bb gutter_width=\u00bb2&#8243; custom_padding_last_edited=\u00bbon|desktop\u00bb module_class=\u00bbsegunda-fila-logos\u00bb _builder_version=\u00bb4.14.7&#8243; _module_preset=\u00bbdefault\u00bb width=\u00bb100%\u00bb max_width=\u00bb1200px\u00bb custom_padding=\u00bb|20px||20px|false|false\u00bb custom_padding_tablet=\u00bb|20px||20px|false|false\u00bb custom_padding_phone=\u00bb|20px||20px|false|false\u00bb global_colors_info=\u00bb{}\u00bb][et_pb_column type=\u00bb1_5&#8243; _builder_version=\u00bb4.14.7&#8243; _module_preset=\u00bbdefault\u00bb global_colors_info=\u00bb{}\u00bb][\/et_pb_column][et_pb_column type=\u00bb1_5&#8243; _builder_version=\u00bb4.14.7&#8243; _module_preset=\u00bbdefault\u00bb global_colors_info=\u00bb{}\u00bb][et_pb_image src=\u00bbhttps:\/\/www.aitanacongress.com\/2023\/wp-content\/uploads\/logo_COP-2023.png\u00bb title_text=\u00bblogo_COP-2023&#8243; url=\u00bbhttps:\/\/www.cop.es\/index.php\u00bb url_new_window=\u00bbon\u00bb admin_label=\u00bbCOP\u00bb _builder_version=\u00bb4.14.7&#8243; _module_preset=\u00bbdefault\u00bb max_width=\u00bb250px\u00bb module_alignment=\u00bbcenter\u00bb global_colors_info=\u00bb{}\u00bb][\/et_pb_image][\/et_pb_column][et_pb_column type=\u00bb1_5&#8243; _builder_version=\u00bb4.14.7&#8243; _module_preset=\u00bbdefault\u00bb global_colors_info=\u00bb{}\u00bb][et_pb_image src=\u00bbhttps:\/\/www.aitanacongress.com\/2023\/wp-content\/uploads\/logo-academia-psicologia-2023.png\u00bb title_text=\u00bblogo-academia-psicologia-2023&#8243; url=\u00bbhttps:\/\/www.academiapsicologia.com\/\u00bb url_new_window=\u00bbon\u00bb admin_label=\u00bbAcademia Psic\u00bb _builder_version=\u00bb4.14.7&#8243; _module_preset=\u00bbdefault\u00bb custom_margin=\u00bb||-1px|||\u00bb global_colors_info=\u00bb{}\u00bb][\/et_pb_image][\/et_pb_column][et_pb_column type=\u00bb1_5&#8243; _builder_version=\u00bb4.14.7&#8243; _module_preset=\u00bbdefault\u00bb global_colors_info=\u00bb{}\u00bb][et_pb_image src=\u00bbhttps:\/\/www.aitanacongress.com\/2023\/wp-content\/uploads\/PearsonLogo-2023.png\u00bb title_text=\u00bbPearsonLogo-2023&#8243; url=\u00bbhttps:\/\/www.pearsonclinical.es\/?utm_source=online&#038;utm_medium=social_organic&#038;utm_campaign=aitana_23&#038;utm_term=logo-web\u00bb url_new_window=\u00bbon\u00bb disabled_on=\u00bboff|off|off\u00bb admin_label=\u00bbPearson\u00bb _builder_version=\u00bb4.14.7&#8243; _module_preset=\u00bbdefault\u00bb custom_margin=\u00bb||-1px|||\u00bb global_colors_info=\u00bb{}\u00bb][\/et_pb_image][\/et_pb_column][et_pb_column type=\u00bb1_5&#8243; _builder_version=\u00bb4.14.7&#8243; _module_preset=\u00bbdefault\u00bb global_colors_info=\u00bb{}\u00bb][\/et_pb_column][\/et_pb_row][\/et_pb_section]<\/p>\n","protected":false},"excerpt":{"rendered":"<p>Instrumentos de evaluaci\u00f3n de la inteligencia emocional en ni\u00f1os y adolescentes.La inteligencia emocional (IE) se refiere a las diferencias individuales en la identificaci\u00f3n, expresi\u00f3n, uso, comprensi\u00f3n y regulaci\u00f3n de las propias emociones y las de los dem\u00e1s (Brasseur et al., 2013). En las \u00faltimas d\u00e9cadas, la investigaci\u00f3n ha puesto de manifiesto que la inteligencia emocional [&hellip;]<\/p>\n","protected":false},"author":1,"featured_media":0,"parent":0,"menu_order":0,"comment_status":"closed","ping_status":"closed","template":"","meta":{"_et_pb_use_builder":"on","_et_pb_old_content":"","_et_gb_content_width":"","_mi_skip_tracking":false,"_monsterinsights_sitenote_active":false,"_monsterinsights_sitenote_note":"","_monsterinsights_sitenote_category":0,"footnotes":""},"class_list":["post-6951","page","type-page","status-publish","hentry"],"yoast_head":"<!-- This site is optimized with the Yoast SEO plugin v18.2 - https:\/\/yoast.com\/wordpress\/plugins\/seo\/ -->\n<title>Ponente Javier Cejudo - 9th International Congress of Clinical and Health Psychology in Children and Adolescents<\/title>\n<meta name=\"robots\" content=\"index, follow, max-snippet:-1, max-image-preview:large, max-video-preview:-1\" \/>\n<link rel=\"canonical\" href=\"https:\/\/www.aitanacongress.com\/2023\/ponente-javier-cejudo\/\" \/>\n<meta property=\"og:locale\" content=\"es_ES\" \/>\n<meta property=\"og:type\" content=\"article\" \/>\n<meta property=\"og:title\" content=\"Ponente Javier Cejudo - 9th International Congress of Clinical and Health Psychology in Children and Adolescents\" \/>\n<meta property=\"og:description\" content=\"Instrumentos de evaluaci\u00f3n de la inteligencia emocional en ni\u00f1os y adolescentes.La inteligencia emocional (IE) se refiere a las diferencias individuales en la identificaci\u00f3n, expresi\u00f3n, uso, comprensi\u00f3n y regulaci\u00f3n de las propias emociones y las de los dem\u00e1s (Brasseur et al., 2013). En las \u00faltimas d\u00e9cadas, la investigaci\u00f3n ha puesto de manifiesto que la inteligencia emocional [&hellip;]\" \/>\n<meta property=\"og:url\" content=\"https:\/\/www.aitanacongress.com\/2023\/ponente-javier-cejudo\/\" \/>\n<meta property=\"og:site_name\" content=\"9th International Congress of Clinical and Health Psychology in Children and Adolescents\" \/>\n<meta property=\"article:modified_time\" content=\"2023-11-07T08:33:37+00:00\" \/>\n<meta name=\"twitter:card\" content=\"summary_large_image\" \/>\n<meta name=\"twitter:label1\" content=\"Tiempo de lectura\" \/>\n\t<meta name=\"twitter:data1\" content=\"3 minutos\" \/>\n<script type=\"application\/ld+json\" class=\"yoast-schema-graph\">{\"@context\":\"https:\/\/schema.org\",\"@graph\":[{\"@type\":\"WebSite\",\"@id\":\"https:\/\/www.aitanacongress.com\/2023\/#website\",\"url\":\"https:\/\/www.aitanacongress.com\/2023\/\",\"name\":\"9th International Congress of Clinical and Health Psychology in Children and Adolescents\",\"description\":\"9th International Congress of Clinical and Health Psychology in Children and Adolescents\",\"potentialAction\":[{\"@type\":\"SearchAction\",\"target\":{\"@type\":\"EntryPoint\",\"urlTemplate\":\"https:\/\/www.aitanacongress.com\/2023\/?s={search_term_string}\"},\"query-input\":\"required name=search_term_string\"}],\"inLanguage\":\"es\"},{\"@type\":\"WebPage\",\"@id\":\"https:\/\/www.aitanacongress.com\/2023\/ponente-javier-cejudo\/#webpage\",\"url\":\"https:\/\/www.aitanacongress.com\/2023\/ponente-javier-cejudo\/\",\"name\":\"Ponente Javier Cejudo - 9th International Congress of Clinical and Health Psychology in Children and Adolescents\",\"isPartOf\":{\"@id\":\"https:\/\/www.aitanacongress.com\/2023\/#website\"},\"datePublished\":\"2023-03-23T08:01:55+00:00\",\"dateModified\":\"2023-11-07T08:33:37+00:00\",\"breadcrumb\":{\"@id\":\"https:\/\/www.aitanacongress.com\/2023\/ponente-javier-cejudo\/#breadcrumb\"},\"inLanguage\":\"es\",\"potentialAction\":[{\"@type\":\"ReadAction\",\"target\":[\"https:\/\/www.aitanacongress.com\/2023\/ponente-javier-cejudo\/\"]}]},{\"@type\":\"BreadcrumbList\",\"@id\":\"https:\/\/www.aitanacongress.com\/2023\/ponente-javier-cejudo\/#breadcrumb\",\"itemListElement\":[{\"@type\":\"ListItem\",\"position\":1,\"name\":\"Portada\",\"item\":\"https:\/\/www.aitanacongress.com\/2023\/\"},{\"@type\":\"ListItem\",\"position\":2,\"name\":\"Ponente Javier Cejudo\"}]}]}<\/script>\n<!-- \/ Yoast SEO plugin. -->","yoast_head_json":{"title":"Ponente Javier Cejudo - 9th International Congress of Clinical and Health Psychology in Children and Adolescents","robots":{"index":"index","follow":"follow","max-snippet":"max-snippet:-1","max-image-preview":"max-image-preview:large","max-video-preview":"max-video-preview:-1"},"canonical":"https:\/\/www.aitanacongress.com\/2023\/ponente-javier-cejudo\/","og_locale":"es_ES","og_type":"article","og_title":"Ponente Javier Cejudo - 9th International Congress of Clinical and Health Psychology in Children and Adolescents","og_description":"Instrumentos de evaluaci\u00f3n de la inteligencia emocional en ni\u00f1os y adolescentes.La inteligencia emocional (IE) se refiere a las diferencias individuales en la identificaci\u00f3n, expresi\u00f3n, uso, comprensi\u00f3n y regulaci\u00f3n de las propias emociones y las de los dem\u00e1s (Brasseur et al., 2013). En las \u00faltimas d\u00e9cadas, la investigaci\u00f3n ha puesto de manifiesto que la inteligencia emocional [&hellip;]","og_url":"https:\/\/www.aitanacongress.com\/2023\/ponente-javier-cejudo\/","og_site_name":"9th International Congress of Clinical and Health Psychology in Children and Adolescents","article_modified_time":"2023-11-07T08:33:37+00:00","twitter_card":"summary_large_image","twitter_misc":{"Tiempo de lectura":"3 minutos"},"schema":{"@context":"https:\/\/schema.org","@graph":[{"@type":"WebSite","@id":"https:\/\/www.aitanacongress.com\/2023\/#website","url":"https:\/\/www.aitanacongress.com\/2023\/","name":"9th International Congress of Clinical and Health Psychology in Children and Adolescents","description":"9th International Congress of Clinical and Health Psychology in Children and Adolescents","potentialAction":[{"@type":"SearchAction","target":{"@type":"EntryPoint","urlTemplate":"https:\/\/www.aitanacongress.com\/2023\/?s={search_term_string}"},"query-input":"required name=search_term_string"}],"inLanguage":"es"},{"@type":"WebPage","@id":"https:\/\/www.aitanacongress.com\/2023\/ponente-javier-cejudo\/#webpage","url":"https:\/\/www.aitanacongress.com\/2023\/ponente-javier-cejudo\/","name":"Ponente Javier Cejudo - 9th International Congress of Clinical and Health Psychology in Children and Adolescents","isPartOf":{"@id":"https:\/\/www.aitanacongress.com\/2023\/#website"},"datePublished":"2023-03-23T08:01:55+00:00","dateModified":"2023-11-07T08:33:37+00:00","breadcrumb":{"@id":"https:\/\/www.aitanacongress.com\/2023\/ponente-javier-cejudo\/#breadcrumb"},"inLanguage":"es","potentialAction":[{"@type":"ReadAction","target":["https:\/\/www.aitanacongress.com\/2023\/ponente-javier-cejudo\/"]}]},{"@type":"BreadcrumbList","@id":"https:\/\/www.aitanacongress.com\/2023\/ponente-javier-cejudo\/#breadcrumb","itemListElement":[{"@type":"ListItem","position":1,"name":"Portada","item":"https:\/\/www.aitanacongress.com\/2023\/"},{"@type":"ListItem","position":2,"name":"Ponente Javier Cejudo"}]}]}},"_links":{"self":[{"href":"https:\/\/www.aitanacongress.com\/2023\/wp-json\/wp\/v2\/pages\/6951","targetHints":{"allow":["GET"]}}],"collection":[{"href":"https:\/\/www.aitanacongress.com\/2023\/wp-json\/wp\/v2\/pages"}],"about":[{"href":"https:\/\/www.aitanacongress.com\/2023\/wp-json\/wp\/v2\/types\/page"}],"author":[{"embeddable":true,"href":"https:\/\/www.aitanacongress.com\/2023\/wp-json\/wp\/v2\/users\/1"}],"replies":[{"embeddable":true,"href":"https:\/\/www.aitanacongress.com\/2023\/wp-json\/wp\/v2\/comments?post=6951"}],"version-history":[{"count":10,"href":"https:\/\/www.aitanacongress.com\/2023\/wp-json\/wp\/v2\/pages\/6951\/revisions"}],"predecessor-version":[{"id":9629,"href":"https:\/\/www.aitanacongress.com\/2023\/wp-json\/wp\/v2\/pages\/6951\/revisions\/9629"}],"wp:attachment":[{"href":"https:\/\/www.aitanacongress.com\/2023\/wp-json\/wp\/v2\/media?parent=6951"}],"curies":[{"name":"wp","href":"https:\/\/api.w.org\/{rel}","templated":true}]}}