{"id":6980,"date":"2023-03-23T09:14:02","date_gmt":"2023-03-23T08:14:02","guid":{"rendered":"https:\/\/www.aitanacongress.com\/2023\/?page_id=6980"},"modified":"2023-04-21T14:45:56","modified_gmt":"2023-04-21T12:45:56","slug":"ponente-iban-onandia","status":"publish","type":"page","link":"https:\/\/www.aitanacongress.com\/2023\/ponente-iban-onandia\/","title":{"rendered":"Ponente Iban Onandia"},"content":{"rendered":"<p>[et_pb_section fb_built=\u00bb1&#8243; custom_padding_last_edited=\u00bbon|phone\u00bb disabled_on=\u00bboff|off|off\u00bb admin_label=\u00bbPonencia\u00bb module_class=\u00bbponencia\u00bb _builder_version=\u00bb4.14.7&#8243; use_background_color_gradient=\u00bbon\u00bb background_color_gradient_start=\u00bb#e83643&#8243; background_color_gradient_end=\u00bb#e83643&#8243; custom_margin=\u00bb|||\u00bb custom_padding=\u00bb40px||40px||false|false\u00bb custom_padding_tablet=\u00bb40px||40px||false|false\u00bb custom_padding_phone=\u00bb20px||20px||false|false\u00bb global_colors_info=\u00bb{}\u00bb][et_pb_row column_structure=\u00bb3_4,1_4&#8243; custom_padding_last_edited=\u00bbon|phone\u00bb disabled_on=\u00bboff|off|off\u00bb admin_label=\u00bbFila\u00bb _builder_version=\u00bb4.14.7&#8243; background_size=\u00bbinitial\u00bb background_position=\u00bbtop_left\u00bb background_repeat=\u00bbrepeat\u00bb width_tablet=\u00bb\u00bb width_phone=\u00bb100%\u00bb width_last_edited=\u00bbon|phone\u00bb custom_margin=\u00bb||0px||false|false\u00bb custom_padding=\u00bb||0px||false|false\u00bb custom_padding_tablet=\u00bb||0px||false|false\u00bb custom_padding_phone=\u00bb|20px||20px|false|false\u00bb global_colors_info=\u00bb{}\u00bb][et_pb_column type=\u00bb3_4&#8243; _builder_version=\u00bb3.25&#8243; custom_padding=\u00bb|||\u00bb global_colors_info=\u00bb{}\u00bb custom_padding__hover=\u00bb|||\u00bb][et_pb_text admin_label=\u00bbT\u00edtulo\u00bb _builder_version=\u00bb4.14.7&#8243; header_font=\u00bbMerriweather|700|||||||\u00bb header_font_size=\u00bb46px\u00bb header_line_height=\u00bb1.3em\u00bb custom_margin=\u00bb||0px|\u00bb animation_style=\u00bbflip\u00bb animation_direction=\u00bbtop\u00bb global_colors_info=\u00bb{}\u00bb]<\/p>\n<h1><span data-contrast=\"none\" xml:lang=\"ES-ES\" lang=\"ES-ES\" class=\"TextRun SCXW263826762 BCX8\"><span class=\"NormalTextRun SCXW263826762 BCX8\">La era <\/span><span class=\"NormalTextRun SpellingErrorV2Themed SCXW263826762 BCX8\">postCovid<\/span><span class=\"NormalTextRun SCXW263826762 BCX8\">: <\/span><\/span><span data-contrast=\"none\" xml:lang=\"ES-ES\" lang=\"ES-ES\" class=\"TextRun SCXW263826762 BCX8\"><span class=\"NormalTextRun SCXW263826762 BCX8\">\u00bfNos hemos pasado la pantalla?<\/span><\/span><\/h1>\n<p>[\/et_pb_text][et_pb_divider color=\u00bb#ffc540&#8243; divider_position=\u00bbcenter\u00bb divider_weight=\u00bb2px\u00bb _builder_version=\u00bb4.14.7&#8243; max_width=\u00bb90px\u00bb max_width_tablet=\u00bb12%\u00bb max_width_last_edited=\u00bboff|desktop\u00bb custom_margin=\u00bb|||\u00bb animation_style=\u00bbflip\u00bb animation_delay=\u00bb50ms\u00bb global_colors_info=\u00bb{}\u00bb][\/et_pb_divider][\/et_pb_column][et_pb_column type=\u00bb1_4&#8243; _builder_version=\u00bb3.25&#8243; custom_padding=\u00bb|||\u00bb global_colors_info=\u00bb{}\u00bb custom_padding__hover=\u00bb|||\u00bb][et_pb_image src=\u00bbhttps:\/\/www.aitanacongress.com\/2023\/wp-content\/uploads\/img-barquito.png\u00bb title_text=\u00bbimg-barquito\u00bb force_fullwidth=\u00bbon\u00bb align_tablet=\u00bbcenter\u00bb align_phone=\u00bb\u00bb align_last_edited=\u00bbon|desktop\u00bb admin_label=\u00bbImagen\u00bb _builder_version=\u00bb4.14.7&#8243; animation_style=\u00bbslide\u00bb animation_direction=\u00bbright\u00bb animation_intensity_slide=\u00bb10%\u00bb global_colors_info=\u00bb{}\u00bb][\/et_pb_image][\/et_pb_column][\/et_pb_row][et_pb_row custom_padding_last_edited=\u00bbon|phone\u00bb disabled_on=\u00bboff|off|off\u00bb admin_label=\u00bbFila\u00bb _builder_version=\u00bb4.14.7&#8243; background_size=\u00bbinitial\u00bb background_position=\u00bbtop_left\u00bb background_repeat=\u00bbrepeat\u00bb width_tablet=\u00bb\u00bb width_phone=\u00bb100%\u00bb width_last_edited=\u00bbon|phone\u00bb custom_margin=\u00bb0px||||false|false\u00bb custom_padding=\u00bb0px||||false|false\u00bb custom_padding_tablet=\u00bb0px||||false|false\u00bb custom_padding_phone=\u00bb|20px||20px|false|false\u00bb global_colors_info=\u00bb{}\u00bb][et_pb_column type=\u00bb4_4&#8243; _builder_version=\u00bb3.25&#8243; custom_padding=\u00bb|||\u00bb global_colors_info=\u00bb{}\u00bb custom_padding__hover=\u00bb|||\u00bb][et_pb_text _builder_version=\u00bb4.14.7&#8243; text_font=\u00bb||||||||\u00bb text_font_size=\u00bb20px\u00bb text_line_height=\u00bb1.8em\u00bb custom_margin=\u00bb25px|||\u00bb animation_style=\u00bbflip\u00bb animation_direction=\u00bbtop\u00bb animation_delay=\u00bb100ms\u00bb global_colors_info=\u00bb{}\u00bb]<\/p>\n<p style=\"text-align: justify;\">Es innegable la influencia que el COVID, y especialmente el confinamiento que sufrimos durante unos meses complicados para todos (m\u00e1s ampliado y acusado en el caso de los ni\u00f1os y adolescentes, que lo tuvieron que llevar a cabo por espacio de 4 meses de forma rigurosa), ha tenido sobre la salud mental en general, pero que parece especialmente amplificada en el caso de la infancia-adolescencia. As\u00ed, hemos ido viviendo en la era post-COVID c\u00f3mo la sintomatolog\u00eda de malestar emocional se ve\u00eda manifiestamente exacerbada (algunos autores sugieren que el COVID \u201ctan s\u00f3lo\u201d ha sido un catalizador, pero que el crecimiento sintomatol\u00f3gico y, por ende, el empeoramiento relativo a la salud mental, iba empeorando progresivamente ya de manera previa), surg\u00edan \u201cnuevos trastornos\u201d (o al menos nuevas formas de trastornos) y los descritos aumentaban preocupantemente en prevalencia (por poner un ejemplo, el TEA ha experimentado una subida en la prevalencia desde el 1\/150 de 2000, al 1\/36 en 2023 en USA, seg\u00fan ha publicado recientemente el CDC). Las preguntas, por tanto, son numerosas y casi l\u00f3gicas: \u00bfha tenido algo que ver el COVID-19? \u00bfpuede tener algo que ver el fen\u00f3meno llamado \u201cCOVID persistente en la poblaci\u00f3n infantojuvenil y, con ello, estar mimetizando, trastornos cognitivos? \u00bfPor qu\u00e9 han aumentado otro tipo de fen\u00f3menos y comportamientos disfuncionales, como las autolesiones o la ansiedad por separaci\u00f3n? \u00bfEl confinamiento ha provocado alg\u00fan cambio en los patrones de comportamiento y de vinculaci\u00f3n en la etapa infantojuvenil (especialmente entre los adolescentes, por motivos obvios)? \u00bfHan pausado realmente la evoluci\u00f3n los ni\u00f1os en esos meses donde sabemos que la riqueza estimular y relacional disminuy\u00f3 significativamente? Y en el caso de que sea as\u00ed, \u00bfqu\u00e9 debemos esperar del, futuro de esa generaci\u00f3n? Todas estas y algunas preguntas m\u00e1s intentaremos responder en este simposio que pretende reflexionar acerca de lo que \u201cnos ha dejado\u201d la pandemia.\u00a0<\/p>\n<p>[\/et_pb_text][\/et_pb_column][\/et_pb_row][\/et_pb_section][et_pb_section fb_built=\u00bb1&#8243; custom_padding_last_edited=\u00bbon|phone\u00bb admin_label=\u00bbPonente\u00bb module_class=\u00bbsingle-ponente\u00bb _builder_version=\u00bb4.14.7&#8243; background_color=\u00bb#f5f9fb\u00bb background_image=\u00bbhttps:\/\/www.aitanacongress.com\/2023\/wp-content\/uploads\/bg-4.png\u00bb background_size=\u00bbinitial\u00bb background_position=\u00bbtop_right\u00bb custom_margin=\u00bb0px||0px||false|false\u00bb custom_padding=\u00bb130px||80px||false|false\u00bb custom_padding_tablet=\u00bb130px||80px||false|false\u00bb custom_padding_phone=\u00bb85px||60px||false|false\u00bb global_colors_info=\u00bb{}\u00bb][et_pb_row column_structure=\u00bb2_3,1_3&#8243; custom_padding_last_edited=\u00bbon|phone\u00bb _builder_version=\u00bb4.14.7&#8243; width_tablet=\u00bb\u00bb width_phone=\u00bb100%\u00bb width_last_edited=\u00bbon|phone\u00bb module_alignment=\u00bbcenter\u00bb custom_margin=\u00bb0px||0px||false|false\u00bb custom_margin_tablet=\u00bb0px|||\u00bb custom_margin_phone=\u00bb0px|||\u00bb custom_margin_last_edited=\u00bboff|desktop\u00bb custom_padding=\u00bb0px|0px|0px|0px|false|false\u00bb custom_padding_tablet=\u00bb0px|0px|0px|0px|false|false\u00bb custom_padding_phone=\u00bb|20px||20px|false|false\u00bb global_colors_info=\u00bb{}\u00bb][et_pb_column type=\u00bb2_3&#8243; _builder_version=\u00bb4.14.7&#8243; background_color_gradient_start=\u00bb#ff6a88&#8243; background_color_gradient_end=\u00bb#ff99ac\u00bb background_color_gradient_direction=\u00bb35deg\u00bb custom_padding=\u00bb|60px|0px||false|false\u00bb custom_padding_tablet=\u00bb|0px||\u00bb custom_padding_phone=\u00bb|0px||\u00bb custom_padding_last_edited=\u00bbon|desktop\u00bb global_colors_info=\u00bb{}\u00bb padding_tablet=\u00bb|0px||\u00bb padding_last_edited=\u00bbon|desktop\u00bb custom_padding__hover=\u00bb|||\u00bb padding_phone=\u00bb|0px||\u00bb][et_pb_text admin_label=\u00bbNombre\u00bb _builder_version=\u00bb4.14.7&#8243; text_font=\u00bb||||||||\u00bb header_font=\u00bb||||||||\u00bb header_2_font=\u00bbMontserrat|500|||||||\u00bb header_2_text_color=\u00bb#e83643&#8243; header_2_font_size=\u00bb30px\u00bb header_2_line_height=\u00bb1.4em\u00bb custom_margin=\u00bb-40px||0px||false|false\u00bb animation_style=\u00bbfade\u00bb animation_direction=\u00bbright\u00bb animation_starting_opacity=\u00bb100%\u00bb global_colors_info=\u00bb{}\u00bb]<\/p>\n<h2>IBAN ONANDIA<\/h2>\n<p>[\/et_pb_text][et_pb_text admin_label=\u00bbEstudios\u00bb module_class=\u00bbestudios\u00bb _builder_version=\u00bb4.14.7&#8243; text_font=\u00bbMontserrat|600||on|||||\u00bb text_text_color=\u00bb#180302&#8243; header_font=\u00bb||||||||\u00bb animation_style=\u00bbslide\u00bb animation_direction=\u00bbright\u00bb animation_intensity_slide=\u00bb5%\u00bb animation_starting_opacity=\u00bb100%\u00bb global_colors_info=\u00bb{}\u00bb]Universidad del Pa\u00eds Vasco. Espa\u00f1a[\/et_pb_text][et_pb_divider divider_weight=\u00bb3px\u00bb _builder_version=\u00bb4.14.7&#8243; max_width=\u00bb80px\u00bb animation_style=\u00bbslide\u00bb animation_direction=\u00bbright\u00bb animation_intensity_slide=\u00bb5%\u00bb animation_starting_opacity=\u00bb100%\u00bb global_colors_info=\u00bb{}\u00bb][\/et_pb_divider][et_pb_text admin_label=\u00bbTexto\u00bb _builder_version=\u00bb4.14.7&#8243; text_font=\u00bbMontserrat|300|||||||\u00bb text_font_size=\u00bb16px\u00bb text_line_height=\u00bb1.8em\u00bb animation_style=\u00bbslide\u00bb animation_direction=\u00bbright\u00bb animation_intensity_slide=\u00bb5%\u00bb animation_starting_opacity=\u00bb100%\u00bb hover_enabled=\u00bb0&#8243; global_colors_info=\u00bb{}\u00bb sticky_enabled=\u00bb0&#8243;]<\/p>\n<p style=\"text-align: justify;\"><span class=\"NormalTextRun SCXW157013798 BCX0\">Licenciado en Psicolog\u00eda en 2008 por la Universidad de Barcelona, desde entonces ejerce en cl\u00ednica privada como Psic\u00f3logo y Neuropsic\u00f3logo cl\u00ednico infantojuvenil y como CEO de un equipo de 11 profesionales con diversas formaciones dentro de la psicolog\u00eda. Tambi\u00e9n participa en ensayos cl\u00ednicos del \u00e1rea del deterioro cognitivo y las demencias. A su vez, ha ido compaginando esta labor asistencial con otras ocupaciones de diversa \u00edndole en investigaci\u00f3n, tanto en demencias como en trastornos del neurodesarrollo, de donde derivan la mayor\u00eda de las publicaciones, algunas de ellas de muy alto impacto; realiza docencia universitaria, tanto en grados como postgrados, donde adem\u00e1s ha dirigido m\u00e1s de 300 TFG y TFM, as\u00ed como es miembro habitual de tribunales y ha <\/span><span class=\"NormalTextRun SpellingErrorV2Themed SCXW157013798 BCX0\">codirigidoe<\/span><span class=\"NormalTextRun SCXW157013798 BCX0\"> 2 tesis doctorales. Ha participado en la validaci\u00f3n de instrumentos de medici\u00f3n cl\u00ednica como la NEPSY, el WISC, etc., as\u00ed como en numerosos congresos, cursos, jornadas, etc. Ha sido acreditado por el Consejo General de la Psicolog\u00eda como Psic\u00f3logo Experto en Neuropsicolog\u00eda, perteneciendo adem\u00e1s a varias asociaciones t\u00e9cnico-profesionales, algunas de ellas dentro de su junta directiva, como es el caso de la Sociedad Espa\u00f1ola de Psicolog\u00eda Cl\u00ednica infantojuvenil, de la que es <\/span><span class=\"NormalTextRun SCXW157013798 BCX0\">vocal actualmente. Es el autor principal del libro \u00abEvaluaci\u00f3n Neuropsicol\u00f3gica de los procesos atencionales\u00bb de la Editorial S\u00edntesis y ha colaborado recientemente en el manual \u00abTratamiento paso a paso de los problemas psicol\u00f3gicos en la infancia y adolescencia\u00bb, de Editorial Pir\u00e1mide. Finalmente, est\u00e1 a punto de publicar el Manual de Neuropsicolog\u00eda Infantojuvenil. Actualmente, es profesor asociado a las UPV\/EHU, as\u00ed como profesor colaborador de la UOC y de la UEM, de forma que ha sido acreditado como profesor adjunto por UNIBASQ.<\/span><\/p>\n<p>[\/et_pb_text][\/et_pb_column][et_pb_column type=\u00bb1_3&#8243; _builder_version=\u00bb4.14.7&#8243; use_background_color_gradient=\u00bbon\u00bb background_color_gradient_start=\u00bb#e83643&#8243; background_color_gradient_end=\u00bb#e83643&#8243; custom_padding=\u00bb|||\u00bb global_colors_info=\u00bb{}\u00bb custom_padding__hover=\u00bb|||\u00bb][et_pb_image src=\u00bbhttps:\/\/www.aitanacongress.com\/2023\/wp-content\/uploads\/Iban-Onandia.jpeg\u00bb title_text=\u00bbIban Onandia\u00bb align=\u00bbcenter\u00bb force_fullwidth=\u00bbon\u00bb disabled_on=\u00bboff|off|off\u00bb admin_label=\u00bbImagen ponente\u00bb _builder_version=\u00bb4.14.7&#8243; custom_margin=\u00bb-40px|40px|40px|-40px\u00bb custom_padding=\u00bb|||\u00bb animation_direction=\u00bbright\u00bb border_color_all=\u00bb#\u00bb box_shadow_style=\u00bbpreset3&#8243; box_shadow_horizontal=\u00bb13px\u00bb box_shadow_vertical=\u00bb42px\u00bb box_shadow_blur=\u00bb45px\u00bb box_shadow_spread=\u00bb-3px\u00bb box_shadow_color=\u00bbrgba(0,0,0,0.1)\u00bb always_center_on_mobile=\u00bboff\u00bb global_colors_info=\u00bb{}\u00bb][\/et_pb_image][\/et_pb_column][\/et_pb_row][\/et_pb_section][et_pb_section fb_built=\u00bb1&#8243; custom_padding_last_edited=\u00bbon|desktop\u00bb admin_label=\u00bbLOGO_ESPANOL\u00bb module_class=\u00bblogos-congreso\u00bb _builder_version=\u00bb4.14.7&#8243; _module_preset=\u00bbdefault\u00bb custom_padding=\u00bb50px||30px||false|false\u00bb custom_padding_tablet=\u00bb50px||50px||false|false\u00bb custom_padding_phone=\u00bb||25px||false|false\u00bb global_module=\u00bb6397&#8243; saved_tabs=\u00bball\u00bb collapsed=\u00bboff\u00bb global_colors_info=\u00bb{}\u00bb][et_pb_row custom_padding_last_edited=\u00bbon|phone\u00bb admin_label=\u00bbOrganiza\u00bb _builder_version=\u00bb4.14.7&#8243; _module_preset=\u00bbdefault\u00bb custom_margin=\u00bb||0px||false|false\u00bb custom_padding=\u00bb||0px||false|false\u00bb custom_padding_tablet=\u00bb||0px||false|false\u00bb custom_padding_phone=\u00bb0px||||false|false\u00bb global_colors_info=\u00bb{}\u00bb][et_pb_column type=\u00bb4_4&#8243; _builder_version=\u00bb4.14.7&#8243; _module_preset=\u00bbdefault\u00bb global_colors_info=\u00bb{}\u00bb][et_pb_text _builder_version=\u00bb4.14.7&#8243; _module_preset=\u00bbdefault\u00bb text_font=\u00bb|||on|||||\u00bb text_text_color=\u00bb#e83643&#8243; text_orientation=\u00bbcenter\u00bb module_alignment=\u00bbcenter\u00bb custom_margin=\u00bb||0px||false|false\u00bb custom_padding=\u00bb||0px||false|false\u00bb global_colors_info=\u00bb{}\u00bb]<\/p>\n<p>Organiza<\/p>\n<p>[\/et_pb_text][\/et_pb_column][\/et_pb_row][et_pb_row column_structure=\u00bb1_4,1_4,1_4,1_4&#8243; _builder_version=\u00bb4.14.7&#8243; _module_preset=\u00bbdefault\u00bb global_colors_info=\u00bb{}\u00bb][et_pb_column type=\u00bb1_4&#8243; _builder_version=\u00bb4.14.7&#8243; _module_preset=\u00bbdefault\u00bb global_colors_info=\u00bb{}\u00bb][\/et_pb_column][et_pb_column type=\u00bb1_4&#8243; _builder_version=\u00bb4.14.7&#8243; _module_preset=\u00bbdefault\u00bb global_colors_info=\u00bb{}\u00bb][et_pb_image src=\u00bbhttps:\/\/www.aitanacongress.com\/2023\/wp-content\/uploads\/logo-aitana-2023.png\u00bb title_text=\u00bblogo-aitana-2023&#8243; url=\u00bbhttps:\/\/aitanainvestigacion.umh.es\/\u00bb url_new_window=\u00bbon\u00bb admin_label=\u00bbaitana\u00bb _builder_version=\u00bb4.14.7&#8243; _module_preset=\u00bbdefault\u00bb width=\u00bb250px\u00bb module_alignment=\u00bbcenter\u00bb global_colors_info=\u00bb{}\u00bb][\/et_pb_image][\/et_pb_column][et_pb_column type=\u00bb1_4&#8243; _builder_version=\u00bb4.14.7&#8243; _module_preset=\u00bbdefault\u00bb global_colors_info=\u00bb{}\u00bb][et_pb_image src=\u00bbhttps:\/\/www.aitanacongress.com\/2023\/wp-content\/uploads\/logo-UHM-2023.png\u00bb title_text=\u00bblogo-UHM-2023&#8243; url=\u00bbhttps:\/\/www.umh.es\/\u00bb url_new_window=\u00bbon\u00bb admin_label=\u00bbUHM\u00bb _builder_version=\u00bb4.14.7&#8243; _module_preset=\u00bbdefault\u00bb width=\u00bb250px\u00bb module_alignment=\u00bbcenter\u00bb global_colors_info=\u00bb{}\u00bb][\/et_pb_image][\/et_pb_column][et_pb_column type=\u00bb1_4&#8243; _builder_version=\u00bb4.14.7&#8243; _module_preset=\u00bbdefault\u00bb global_colors_info=\u00bb{}\u00bb][\/et_pb_column][\/et_pb_row][et_pb_row custom_padding_last_edited=\u00bbon|phone\u00bb disabled_on=\u00bbon|on|on\u00bb admin_label=\u00bbPatrocina\u00bb _builder_version=\u00bb4.14.7&#8243; _module_preset=\u00bbdefault\u00bb custom_margin=\u00bb||0px||false|false\u00bb custom_margin_tablet=\u00bb||0px||false|false\u00bb custom_margin_phone=\u00bb-15px||||false|false\u00bb custom_margin_last_edited=\u00bbon|phone\u00bb custom_padding=\u00bb||0px||false|false\u00bb custom_padding_tablet=\u00bb||0px||false|false\u00bb custom_padding_phone=\u00bb0px||||false|false\u00bb disabled=\u00bbon\u00bb global_colors_info=\u00bb{}\u00bb][et_pb_column type=\u00bb4_4&#8243; _builder_version=\u00bb4.14.7&#8243; _module_preset=\u00bbdefault\u00bb global_colors_info=\u00bb{}\u00bb][et_pb_text _builder_version=\u00bb4.14.7&#8243; _module_preset=\u00bbdefault\u00bb text_font=\u00bb|||on|||||\u00bb text_text_color=\u00bb#e83643&#8243; text_orientation=\u00bbcenter\u00bb module_alignment=\u00bbcenter\u00bb custom_margin=\u00bb||0px||false|false\u00bb custom_padding=\u00bb||0px||false|false\u00bb global_colors_info=\u00bb{}\u00bb]<\/p>\n<p>Patrocina<\/p>\n<p>[\/et_pb_text][\/et_pb_column][\/et_pb_row][et_pb_row column_structure=\u00bb1_3,1_3,1_3&#8243; disabled_on=\u00bbon|on|on\u00bb _builder_version=\u00bb4.14.7&#8243; _module_preset=\u00bbdefault\u00bb disabled=\u00bbon\u00bb global_colors_info=\u00bb{}\u00bb][et_pb_column type=\u00bb1_3&#8243; _builder_version=\u00bb4.14.7&#8243; _module_preset=\u00bbdefault\u00bb global_colors_info=\u00bb{}\u00bb][\/et_pb_column][et_pb_column type=\u00bb1_3&#8243; _builder_version=\u00bb4.14.7&#8243; _module_preset=\u00bbdefault\u00bb global_colors_info=\u00bb{}\u00bb][et_pb_image src=\u00bbhttps:\/\/www.aitanacongress.com\/2023\/wp-content\/uploads\/logo_gva_2023.png\u00bb title_text=\u00bblogo_gva_2023&#8243; url=\u00bbhttps:\/\/www.gva.es\/va\/inicio\/presentacion\u00bb url_new_window=\u00bbon\u00bb admin_label=\u00bbgva\u00bb _builder_version=\u00bb4.14.7&#8243; _module_preset=\u00bbdefault\u00bb width=\u00bb300px\u00bb module_alignment=\u00bbcenter\u00bb global_colors_info=\u00bb{}\u00bb][\/et_pb_image][\/et_pb_column][et_pb_column type=\u00bb1_3&#8243; _builder_version=\u00bb4.14.7&#8243; _module_preset=\u00bbdefault\u00bb global_colors_info=\u00bb{}\u00bb][\/et_pb_column][\/et_pb_row][et_pb_row custom_padding_last_edited=\u00bbon|phone\u00bb admin_label=\u00bbCon el apoyo de \u00bb _builder_version=\u00bb4.14.7&#8243; _module_preset=\u00bbdefault\u00bb custom_margin=\u00bb||0px||false|false\u00bb custom_margin_tablet=\u00bb||0px||false|false\u00bb custom_margin_phone=\u00bb-15px||||false|false\u00bb custom_margin_last_edited=\u00bbon|phone\u00bb custom_padding=\u00bb||0px||false|false\u00bb custom_padding_tablet=\u00bb||0px||false|false\u00bb custom_padding_phone=\u00bb0px||||false|false\u00bb global_colors_info=\u00bb{}\u00bb][et_pb_column type=\u00bb4_4&#8243; _builder_version=\u00bb4.14.7&#8243; _module_preset=\u00bbdefault\u00bb global_colors_info=\u00bb{}\u00bb][et_pb_text _builder_version=\u00bb4.14.7&#8243; _module_preset=\u00bbdefault\u00bb text_font=\u00bb|||on|||||\u00bb text_text_color=\u00bb#e83643&#8243; text_orientation=\u00bbcenter\u00bb module_alignment=\u00bbcenter\u00bb custom_margin=\u00bb||0px||false|false\u00bb custom_padding=\u00bb||0px||false|false\u00bb global_colors_info=\u00bb{}\u00bb]<\/p>\n<p>Con el apoyo de<\/p>\n<p>[\/et_pb_text][\/et_pb_column][\/et_pb_row][et_pb_row column_structure=\u00bb1_5,1_5,1_5,1_5,1_5&#8243; use_custom_gutter=\u00bbon\u00bb gutter_width=\u00bb2&#8243; custom_padding_last_edited=\u00bbon|desktop\u00bb _builder_version=\u00bb4.14.7&#8243; _module_preset=\u00bbdefault\u00bb width=\u00bb100%\u00bb max_width=\u00bb1200px\u00bb custom_padding=\u00bb|20px||20px|false|false\u00bb custom_padding_tablet=\u00bb|20px||20px|false|false\u00bb custom_padding_phone=\u00bb|20px||20px|false|false\u00bb global_colors_info=\u00bb{}\u00bb][et_pb_column type=\u00bb1_5&#8243; _builder_version=\u00bb4.14.7&#8243; _module_preset=\u00bbdefault\u00bb global_colors_info=\u00bb{}\u00bb][et_pb_image src=\u00bbhttps:\/\/www.aitanacongress.com\/2023\/wp-content\/uploads\/logo-UV-tyrans.png\u00bb title_text=\u00bblogo-UV-tyrans\u00bb url=\u00bbhttps:\/\/www.uv.es\/\u00bb url_new_window=\u00bbon\u00bb admin_label=\u00bbUV\u00bb _builder_version=\u00bb4.14.7&#8243; _module_preset=\u00bbdefault\u00bb custom_margin=\u00bb||-1px|||\u00bb global_colors_info=\u00bb{}\u00bb][\/et_pb_image][\/et_pb_column][et_pb_column type=\u00bb1_5&#8243; _builder_version=\u00bb4.14.7&#8243; _module_preset=\u00bbdefault\u00bb global_colors_info=\u00bb{}\u00bb][et_pb_image src=\u00bbhttps:\/\/www.aitanacongress.com\/2023\/wp-content\/uploads\/logo-piramide-aniversario.png\u00bb title_text=\u00bblogo-piramide-aniversario\u00bb url=\u00bbhttps:\/\/www.edicionespiramide.es\/\u00bb url_new_window=\u00bbon\u00bb admin_label=\u00bbpiramide\u00bb _builder_version=\u00bb4.14.7&#8243; _module_preset=\u00bbdefault\u00bb max_width=\u00bb250px\u00bb module_alignment=\u00bbcenter\u00bb global_colors_info=\u00bb{}\u00bb][\/et_pb_image][\/et_pb_column][et_pb_column type=\u00bb1_5&#8243; _builder_version=\u00bb4.14.7&#8243; _module_preset=\u00bbdefault\u00bb global_colors_info=\u00bb{}\u00bb][et_pb_image src=\u00bbhttps:\/\/www.aitanacongress.com\/2023\/wp-content\/uploads\/sepcij-logo.png\u00bb title_text=\u00bbsepcij-logo\u00bb url=\u00bbhttps:\/\/www.sepcij.es\/\u00bb url_new_window=\u00bbon\u00bb admin_label=\u00bbsepcij\u00bb _builder_version=\u00bb4.14.7&#8243; _module_preset=\u00bbdefault\u00bb max_width=\u00bb250px\u00bb module_alignment=\u00bbcenter\u00bb global_colors_info=\u00bb{}\u00bb][\/et_pb_image][et_pb_image src=\u00bbhttps:\/\/www.aitanacongress.com\/2023\/wp-content\/uploads\/logo-tea-2023.png\u00bb title_text=\u00bblogo-tea-2023&#8243; url=\u00bbhttps:\/\/web.teaediciones.com\/Inicio.aspx\u00bb url_new_window=\u00bbon\u00bb disabled_on=\u00bbon|on|on\u00bb admin_label=\u00bbtea\u00bb _builder_version=\u00bb4.14.7&#8243; _module_preset=\u00bbdefault\u00bb max_width=\u00bb250px\u00bb module_alignment=\u00bbcenter\u00bb disabled=\u00bbon\u00bb global_colors_info=\u00bb{}\u00bb][\/et_pb_image][et_pb_image src=\u00bbhttps:\/\/www.aitanacongress.com\/2023\/wp-content\/uploads\/PearsonLogo-2023.png\u00bb title_text=\u00bbPearsonLogo-2023&#8243; url=\u00bbhttps:\/\/www.pearsoneducacion.net\/espa%C3%B1a\/inicio\u00bb url_new_window=\u00bbon\u00bb disabled_on=\u00bbon|on|on\u00bb admin_label=\u00bbPearson\u00bb _builder_version=\u00bb4.14.7&#8243; _module_preset=\u00bbdefault\u00bb custom_margin=\u00bb||-1px|||\u00bb disabled=\u00bbon\u00bb global_colors_info=\u00bb{}\u00bb][\/et_pb_image][\/et_pb_column][et_pb_column type=\u00bb1_5&#8243; _builder_version=\u00bb4.14.7&#8243; _module_preset=\u00bbdefault\u00bb global_colors_info=\u00bb{}\u00bb][et_pb_image src=\u00bbhttps:\/\/www.aitanacongress.com\/2023\/wp-content\/uploads\/logo_COP-2023.png\u00bb title_text=\u00bblogo_COP-2023&#8243; url=\u00bbhttps:\/\/www.cop.es\/index.php\u00bb url_new_window=\u00bbon\u00bb admin_label=\u00bbCOP\u00bb _builder_version=\u00bb4.14.7&#8243; _module_preset=\u00bbdefault\u00bb max_width=\u00bb250px\u00bb module_alignment=\u00bbcenter\u00bb global_colors_info=\u00bb{}\u00bb][\/et_pb_image][\/et_pb_column][et_pb_column type=\u00bb1_5&#8243; _builder_version=\u00bb4.14.7&#8243; _module_preset=\u00bbdefault\u00bb global_colors_info=\u00bb{}\u00bb][et_pb_image src=\u00bbhttps:\/\/www.aitanacongress.com\/2023\/wp-content\/uploads\/logo-academia-psicologia-2023.png\u00bb title_text=\u00bblogo-academia-psicologia-2023&#8243; url=\u00bbhttps:\/\/www.academiapsicologia.com\/\u00bb url_new_window=\u00bbon\u00bb admin_label=\u00bbAcademia Psic\u00bb _builder_version=\u00bb4.14.7&#8243; _module_preset=\u00bbdefault\u00bb custom_margin=\u00bb||-1px|||\u00bb global_colors_info=\u00bb{}\u00bb][\/et_pb_image][\/et_pb_column][\/et_pb_row][\/et_pb_section]<\/p>\n","protected":false},"excerpt":{"rendered":"<p>La era postCovid: \u00bfNos hemos pasado la pantalla?Es innegable la influencia que el COVID, y especialmente el confinamiento que sufrimos durante unos meses complicados para todos (m\u00e1s ampliado y acusado en el caso de los ni\u00f1os y adolescentes, que lo tuvieron que llevar a cabo por espacio de 4 meses de forma rigurosa), ha tenido [&hellip;]<\/p>\n","protected":false},"author":1,"featured_media":0,"parent":0,"menu_order":0,"comment_status":"closed","ping_status":"closed","template":"","meta":{"_et_pb_use_builder":"on","_et_pb_old_content":"","_et_gb_content_width":"","_mi_skip_tracking":false,"_monsterinsights_sitenote_active":false,"_monsterinsights_sitenote_note":"","_monsterinsights_sitenote_category":0,"footnotes":""},"class_list":["post-6980","page","type-page","status-publish","hentry"],"yoast_head":"<!-- This site is optimized with the Yoast SEO plugin v18.2 - https:\/\/yoast.com\/wordpress\/plugins\/seo\/ -->\n<title>Ponente Iban Onandia - 9th International Congress of Clinical and Health Psychology in Children and Adolescents<\/title>\n<meta name=\"robots\" content=\"index, follow, max-snippet:-1, max-image-preview:large, max-video-preview:-1\" \/>\n<link rel=\"canonical\" href=\"https:\/\/www.aitanacongress.com\/2023\/ponente-iban-onandia\/\" \/>\n<meta property=\"og:locale\" content=\"es_ES\" \/>\n<meta property=\"og:type\" content=\"article\" \/>\n<meta property=\"og:title\" content=\"Ponente Iban Onandia - 9th International Congress of Clinical and Health Psychology in Children and Adolescents\" \/>\n<meta property=\"og:description\" content=\"La era postCovid: \u00bfNos hemos pasado la pantalla?Es innegable la influencia que el COVID, y especialmente el confinamiento que sufrimos durante unos meses complicados para todos (m\u00e1s ampliado y acusado en el caso de los ni\u00f1os y adolescentes, que lo tuvieron que llevar a cabo por espacio de 4 meses de forma rigurosa), ha tenido [&hellip;]\" \/>\n<meta property=\"og:url\" content=\"https:\/\/www.aitanacongress.com\/2023\/ponente-iban-onandia\/\" \/>\n<meta property=\"og:site_name\" content=\"9th International Congress of Clinical and Health Psychology in Children and Adolescents\" \/>\n<meta property=\"article:modified_time\" content=\"2023-04-21T12:45:56+00:00\" \/>\n<meta name=\"twitter:card\" content=\"summary_large_image\" \/>\n<meta name=\"twitter:label1\" content=\"Tiempo de lectura\" \/>\n\t<meta name=\"twitter:data1\" content=\"4 minutos\" \/>\n<script type=\"application\/ld+json\" class=\"yoast-schema-graph\">{\"@context\":\"https:\/\/schema.org\",\"@graph\":[{\"@type\":\"WebSite\",\"@id\":\"https:\/\/www.aitanacongress.com\/2023\/#website\",\"url\":\"https:\/\/www.aitanacongress.com\/2023\/\",\"name\":\"9th International Congress of Clinical and Health Psychology in Children and Adolescents\",\"description\":\"9th International Congress of Clinical and Health Psychology in Children and Adolescents\",\"potentialAction\":[{\"@type\":\"SearchAction\",\"target\":{\"@type\":\"EntryPoint\",\"urlTemplate\":\"https:\/\/www.aitanacongress.com\/2023\/?s={search_term_string}\"},\"query-input\":\"required name=search_term_string\"}],\"inLanguage\":\"es\"},{\"@type\":\"WebPage\",\"@id\":\"https:\/\/www.aitanacongress.com\/2023\/ponente-iban-onandia\/#webpage\",\"url\":\"https:\/\/www.aitanacongress.com\/2023\/ponente-iban-onandia\/\",\"name\":\"Ponente Iban Onandia - 9th International Congress of Clinical and Health Psychology in Children and Adolescents\",\"isPartOf\":{\"@id\":\"https:\/\/www.aitanacongress.com\/2023\/#website\"},\"datePublished\":\"2023-03-23T08:14:02+00:00\",\"dateModified\":\"2023-04-21T12:45:56+00:00\",\"breadcrumb\":{\"@id\":\"https:\/\/www.aitanacongress.com\/2023\/ponente-iban-onandia\/#breadcrumb\"},\"inLanguage\":\"es\",\"potentialAction\":[{\"@type\":\"ReadAction\",\"target\":[\"https:\/\/www.aitanacongress.com\/2023\/ponente-iban-onandia\/\"]}]},{\"@type\":\"BreadcrumbList\",\"@id\":\"https:\/\/www.aitanacongress.com\/2023\/ponente-iban-onandia\/#breadcrumb\",\"itemListElement\":[{\"@type\":\"ListItem\",\"position\":1,\"name\":\"Portada\",\"item\":\"https:\/\/www.aitanacongress.com\/2023\/\"},{\"@type\":\"ListItem\",\"position\":2,\"name\":\"Ponente Iban Onandia\"}]}]}<\/script>\n<!-- \/ Yoast SEO plugin. -->","yoast_head_json":{"title":"Ponente Iban Onandia - 9th International Congress of Clinical and Health Psychology in Children and Adolescents","robots":{"index":"index","follow":"follow","max-snippet":"max-snippet:-1","max-image-preview":"max-image-preview:large","max-video-preview":"max-video-preview:-1"},"canonical":"https:\/\/www.aitanacongress.com\/2023\/ponente-iban-onandia\/","og_locale":"es_ES","og_type":"article","og_title":"Ponente Iban Onandia - 9th International Congress of Clinical and Health Psychology in Children and Adolescents","og_description":"La era postCovid: \u00bfNos hemos pasado la pantalla?Es innegable la influencia que el COVID, y especialmente el confinamiento que sufrimos durante unos meses complicados para todos (m\u00e1s ampliado y acusado en el caso de los ni\u00f1os y adolescentes, que lo tuvieron que llevar a cabo por espacio de 4 meses de forma rigurosa), ha tenido [&hellip;]","og_url":"https:\/\/www.aitanacongress.com\/2023\/ponente-iban-onandia\/","og_site_name":"9th International Congress of Clinical and Health Psychology in Children and Adolescents","article_modified_time":"2023-04-21T12:45:56+00:00","twitter_card":"summary_large_image","twitter_misc":{"Tiempo de lectura":"4 minutos"},"schema":{"@context":"https:\/\/schema.org","@graph":[{"@type":"WebSite","@id":"https:\/\/www.aitanacongress.com\/2023\/#website","url":"https:\/\/www.aitanacongress.com\/2023\/","name":"9th International Congress of Clinical and Health Psychology in Children and Adolescents","description":"9th International Congress of Clinical and Health Psychology in Children and Adolescents","potentialAction":[{"@type":"SearchAction","target":{"@type":"EntryPoint","urlTemplate":"https:\/\/www.aitanacongress.com\/2023\/?s={search_term_string}"},"query-input":"required name=search_term_string"}],"inLanguage":"es"},{"@type":"WebPage","@id":"https:\/\/www.aitanacongress.com\/2023\/ponente-iban-onandia\/#webpage","url":"https:\/\/www.aitanacongress.com\/2023\/ponente-iban-onandia\/","name":"Ponente Iban Onandia - 9th International Congress of Clinical and Health Psychology in Children and Adolescents","isPartOf":{"@id":"https:\/\/www.aitanacongress.com\/2023\/#website"},"datePublished":"2023-03-23T08:14:02+00:00","dateModified":"2023-04-21T12:45:56+00:00","breadcrumb":{"@id":"https:\/\/www.aitanacongress.com\/2023\/ponente-iban-onandia\/#breadcrumb"},"inLanguage":"es","potentialAction":[{"@type":"ReadAction","target":["https:\/\/www.aitanacongress.com\/2023\/ponente-iban-onandia\/"]}]},{"@type":"BreadcrumbList","@id":"https:\/\/www.aitanacongress.com\/2023\/ponente-iban-onandia\/#breadcrumb","itemListElement":[{"@type":"ListItem","position":1,"name":"Portada","item":"https:\/\/www.aitanacongress.com\/2023\/"},{"@type":"ListItem","position":2,"name":"Ponente Iban Onandia"}]}]}},"_links":{"self":[{"href":"https:\/\/www.aitanacongress.com\/2023\/wp-json\/wp\/v2\/pages\/6980","targetHints":{"allow":["GET"]}}],"collection":[{"href":"https:\/\/www.aitanacongress.com\/2023\/wp-json\/wp\/v2\/pages"}],"about":[{"href":"https:\/\/www.aitanacongress.com\/2023\/wp-json\/wp\/v2\/types\/page"}],"author":[{"embeddable":true,"href":"https:\/\/www.aitanacongress.com\/2023\/wp-json\/wp\/v2\/users\/1"}],"replies":[{"embeddable":true,"href":"https:\/\/www.aitanacongress.com\/2023\/wp-json\/wp\/v2\/comments?post=6980"}],"version-history":[{"count":10,"href":"https:\/\/www.aitanacongress.com\/2023\/wp-json\/wp\/v2\/pages\/6980\/revisions"}],"predecessor-version":[{"id":8297,"href":"https:\/\/www.aitanacongress.com\/2023\/wp-json\/wp\/v2\/pages\/6980\/revisions\/8297"}],"wp:attachment":[{"href":"https:\/\/www.aitanacongress.com\/2023\/wp-json\/wp\/v2\/media?parent=6980"}],"curies":[{"name":"wp","href":"https:\/\/api.w.org\/{rel}","templated":true}]}}