{"id":7007,"date":"2023-03-23T09:24:45","date_gmt":"2023-03-23T08:24:45","guid":{"rendered":"https:\/\/www.aitanacongress.com\/2023\/?page_id=7007"},"modified":"2023-11-07T09:32:46","modified_gmt":"2023-11-07T08:32:46","slug":"ponente-margarida-rangel","status":"publish","type":"page","link":"https:\/\/www.aitanacongress.com\/2023\/ponente-margarida-rangel\/","title":{"rendered":"Ponente Margarida Rangel Henriques"},"content":{"rendered":"<p>[et_pb_section fb_built=\u00bb1&#8243; custom_padding_last_edited=\u00bbon|phone\u00bb admin_label=\u00bbPonencia\u00bb module_class=\u00bbponencia\u00bb _builder_version=\u00bb4.14.7&#8243; use_background_color_gradient=\u00bbon\u00bb background_color_gradient_start=\u00bb#e83643&#8243; background_color_gradient_end=\u00bb#e83643&#8243; custom_margin=\u00bb|||\u00bb custom_padding=\u00bb40px||40px||false|false\u00bb custom_padding_tablet=\u00bb40px||40px||false|false\u00bb custom_padding_phone=\u00bb20px||20px||false|false\u00bb global_colors_info=\u00bb{}\u00bb][et_pb_row column_structure=\u00bb3_4,1_4&#8243; custom_padding_last_edited=\u00bbon|phone\u00bb disabled_on=\u00bboff|off|off\u00bb admin_label=\u00bbFila\u00bb _builder_version=\u00bb4.14.7&#8243; background_size=\u00bbinitial\u00bb background_position=\u00bbtop_left\u00bb background_repeat=\u00bbrepeat\u00bb width_tablet=\u00bb\u00bb width_phone=\u00bb100%\u00bb width_last_edited=\u00bbon|phone\u00bb custom_margin=\u00bb||0px||false|false\u00bb custom_padding=\u00bb||0px||false|false\u00bb custom_padding_tablet=\u00bb||0px||false|false\u00bb custom_padding_phone=\u00bb|20px||20px|false|false\u00bb global_colors_info=\u00bb{}\u00bb][et_pb_column type=\u00bb3_4&#8243; _builder_version=\u00bb3.25&#8243; custom_padding=\u00bb|||\u00bb global_colors_info=\u00bb{}\u00bb custom_padding__hover=\u00bb|||\u00bb][et_pb_text admin_label=\u00bbT\u00edtulo\u00bb _builder_version=\u00bb4.14.7&#8243; header_font=\u00bbMerriweather|700|||||||\u00bb header_font_size=\u00bb46px\u00bb header_line_height=\u00bb1.3em\u00bb custom_margin=\u00bb||0px|\u00bb animation_style=\u00bbflip\u00bb animation_direction=\u00bbtop\u00bb global_colors_info=\u00bb{}\u00bb]<\/p>\n<h1>\u00bfY despu\u00e9s de la adopci\u00f3n?\u00bb: Necesidades e intervenciones seg\u00fan las familias y los profesionales.<\/h1>\n<p>[\/et_pb_text][et_pb_divider color=\u00bb#ffc540&#8243; divider_position=\u00bbcenter\u00bb divider_weight=\u00bb2px\u00bb _builder_version=\u00bb4.14.7&#8243; max_width=\u00bb90px\u00bb max_width_tablet=\u00bb12%\u00bb max_width_last_edited=\u00bboff|desktop\u00bb custom_margin=\u00bb|||\u00bb animation_style=\u00bbflip\u00bb animation_delay=\u00bb50ms\u00bb global_colors_info=\u00bb{}\u00bb][\/et_pb_divider][\/et_pb_column][et_pb_column type=\u00bb1_4&#8243; _builder_version=\u00bb3.25&#8243; custom_padding=\u00bb|||\u00bb global_colors_info=\u00bb{}\u00bb custom_padding__hover=\u00bb|||\u00bb][et_pb_image src=\u00bbhttps:\/\/www.aitanacongress.com\/2023\/wp-content\/uploads\/img-barquito.png\u00bb title_text=\u00bbimg-barquito\u00bb force_fullwidth=\u00bbon\u00bb align_tablet=\u00bbcenter\u00bb align_phone=\u00bb\u00bb align_last_edited=\u00bbon|desktop\u00bb admin_label=\u00bbImagen\u00bb _builder_version=\u00bb4.14.7&#8243; animation_style=\u00bbslide\u00bb animation_direction=\u00bbright\u00bb animation_intensity_slide=\u00bb10%\u00bb global_colors_info=\u00bb{}\u00bb][\/et_pb_image][\/et_pb_column][\/et_pb_row][et_pb_row custom_padding_last_edited=\u00bbon|phone\u00bb disabled_on=\u00bboff|off|off\u00bb admin_label=\u00bbFila\u00bb _builder_version=\u00bb4.14.7&#8243; background_size=\u00bbinitial\u00bb background_position=\u00bbtop_left\u00bb background_repeat=\u00bbrepeat\u00bb width_tablet=\u00bb\u00bb width_phone=\u00bb100%\u00bb width_last_edited=\u00bbon|phone\u00bb custom_margin=\u00bb0px||||false|false\u00bb custom_padding=\u00bb0px||||false|false\u00bb custom_padding_tablet=\u00bb0px||||false|false\u00bb custom_padding_phone=\u00bb|20px||20px|false|false\u00bb global_colors_info=\u00bb{}\u00bb][et_pb_column type=\u00bb4_4&#8243; _builder_version=\u00bb3.25&#8243; custom_padding=\u00bb|||\u00bb global_colors_info=\u00bb{}\u00bb custom_padding__hover=\u00bb|||\u00bb][et_pb_text _builder_version=\u00bb4.14.7&#8243; text_font=\u00bb||||||||\u00bb text_font_size=\u00bb20px\u00bb text_line_height=\u00bb1.8em\u00bb custom_margin=\u00bb25px|||\u00bb animation_style=\u00bbflip\u00bb animation_direction=\u00bbtop\u00bb animation_delay=\u00bb100ms\u00bb hover_enabled=\u00bb0&#8243; global_colors_info=\u00bb{}\u00bb sticky_enabled=\u00bb0&#8243;]<\/p>\n<p style=\"text-align: justify;\">Este Simposio se centra en la post-adopci\u00f3n y tiene como objetivo acumular conocimientos en el campo, tendiendo un puente entre los dominios de la psicolog\u00eda cl\u00ednica y la protecci\u00f3n infantil.<\/p>\n<p style=\"text-align: justify;\">Los retos de ser una familia adoptiva son m\u00faltiples, y todos los implicados en el proceso son conscientes del riesgo de ruptura familiar despu\u00e9s de que el ni\u00f1o se vaya a vivir con la nueva familia. El trabajo de los profesionales durante la post-adopci\u00f3n es muy complejo, ya que act\u00faan a diferentes niveles, apoyando a la familia y evaluando simult\u00e1neamente el bienestar del ni\u00f1o, la adecuaci\u00f3n de las pr\u00e1cticas del pa\u00eds y la calidad de los v\u00ednculos. El Simposio incluir\u00e1 dos estudios emp\u00edricos centrados en las necesidades de la vida post-adopci\u00f3n. El primer estudio presenta la perspectiva de los profesionales sobre las necesidades de las familias y sus experiencias con la intervenci\u00f3n durante este periodo. El segundo describe la perspectiva de los padres adoptivos sobre la post-adopci\u00f3n para identificar los puntos fuertes, los puntos d\u00e9biles y las necesidades de crianza. Estos estudios proporcionar\u00e1n pistas importantes para mejorar los servicios post-adopci\u00f3n, que en Portugal, a pesar de estar previstos por la ley, carecen de programas sistematizados y bien desarrollados. La tercera ponencia presenta un nuevo enfoque de intervenci\u00f3n, consistente en un modelo de Mindful Parenting para padres adoptivos portugueses. El simposio se cierra presentando algunas pr\u00e1cticas normalmente implementadas en los primeros meses de la llegada del ni\u00f1o a la nueva familia e ilustrando estrategias espec\u00edficas de intervenci\u00f3n en este per\u00edodo, espec\u00edficamente con familias adoptivas LGBT+. Un enfoque de colaboraci\u00f3n entre los profesionales y las familias tambi\u00e9n contribuir\u00e1 a la apertura de la comunicaci\u00f3n en el sistema y la coherencia de la identidad narrativa del adoptado, en relaci\u00f3n con el bienestar del ni\u00f1o.<\/p>\n<p>[\/et_pb_text][\/et_pb_column][\/et_pb_row][\/et_pb_section][et_pb_section fb_built=\u00bb1&#8243; custom_padding_last_edited=\u00bbon|phone\u00bb admin_label=\u00bbPonente\u00bb module_class=\u00bbsingle-ponente\u00bb _builder_version=\u00bb4.14.7&#8243; background_color=\u00bb#f5f9fb\u00bb background_image=\u00bbhttps:\/\/www.aitanacongress.com\/2023\/wp-content\/uploads\/bg-4.png\u00bb background_size=\u00bbinitial\u00bb background_position=\u00bbtop_right\u00bb custom_margin=\u00bb0px||0px||false|false\u00bb custom_padding=\u00bb130px||80px||false|false\u00bb custom_padding_tablet=\u00bb130px||80px||false|false\u00bb custom_padding_phone=\u00bb85px||60px||false|false\u00bb global_colors_info=\u00bb{}\u00bb][et_pb_row column_structure=\u00bb2_3,1_3&#8243; custom_padding_last_edited=\u00bbon|phone\u00bb _builder_version=\u00bb4.14.7&#8243; width_tablet=\u00bb\u00bb width_phone=\u00bb100%\u00bb width_last_edited=\u00bbon|phone\u00bb module_alignment=\u00bbcenter\u00bb custom_margin=\u00bb0px||0px||false|false\u00bb custom_margin_tablet=\u00bb0px|||\u00bb custom_margin_phone=\u00bb0px|||\u00bb custom_margin_last_edited=\u00bboff|desktop\u00bb custom_padding=\u00bb0px|0px|0px|0px|false|false\u00bb custom_padding_tablet=\u00bb0px|0px|0px|0px|false|false\u00bb custom_padding_phone=\u00bb|20px||20px|false|false\u00bb global_colors_info=\u00bb{}\u00bb][et_pb_column type=\u00bb2_3&#8243; _builder_version=\u00bb4.14.7&#8243; background_color_gradient_start=\u00bb#ff6a88&#8243; background_color_gradient_end=\u00bb#ff99ac\u00bb background_color_gradient_direction=\u00bb35deg\u00bb custom_padding=\u00bb|60px|0px||false|false\u00bb custom_padding_tablet=\u00bb|0px||\u00bb custom_padding_phone=\u00bb|0px||\u00bb custom_padding_last_edited=\u00bbon|desktop\u00bb global_colors_info=\u00bb{}\u00bb padding_tablet=\u00bb|0px||\u00bb padding_last_edited=\u00bbon|desktop\u00bb custom_padding__hover=\u00bb|||\u00bb padding_phone=\u00bb|0px||\u00bb][et_pb_text admin_label=\u00bbNombre\u00bb _builder_version=\u00bb4.14.7&#8243; text_font=\u00bb||||||||\u00bb header_font=\u00bb||||||||\u00bb header_2_font=\u00bbMontserrat|500|||||||\u00bb header_2_text_color=\u00bb#e83643&#8243; header_2_font_size=\u00bb30px\u00bb header_2_line_height=\u00bb1.4em\u00bb custom_margin=\u00bb-40px||0px||false|false\u00bb animation_style=\u00bbfade\u00bb animation_direction=\u00bbright\u00bb animation_starting_opacity=\u00bb100%\u00bb global_colors_info=\u00bb{}\u00bb]<\/p>\n<h2>MARGARIDA RANGEL HENRIQUES<\/h2>\n<p>[\/et_pb_text][et_pb_text admin_label=\u00bbEstudios\u00bb module_class=\u00bbestudios\u00bb _builder_version=\u00bb4.14.7&#8243; text_font=\u00bbMontserrat|600||on|||||\u00bb text_text_color=\u00bb#180302&#8243; header_font=\u00bb||||||||\u00bb animation_style=\u00bbslide\u00bb animation_direction=\u00bbright\u00bb animation_intensity_slide=\u00bb5%\u00bb animation_starting_opacity=\u00bb100%\u00bb global_colors_info=\u00bb{}\u00bb]<\/p>\n<p>Universidad de Oporto. Portugal<\/p>\n<p>[\/et_pb_text][et_pb_divider divider_weight=\u00bb3px\u00bb _builder_version=\u00bb4.14.7&#8243; max_width=\u00bb80px\u00bb animation_style=\u00bbslide\u00bb animation_direction=\u00bbright\u00bb animation_intensity_slide=\u00bb5%\u00bb animation_starting_opacity=\u00bb100%\u00bb global_colors_info=\u00bb{}\u00bb][\/et_pb_divider][et_pb_text admin_label=\u00bbTexto\u00bb _builder_version=\u00bb4.14.7&#8243; text_font=\u00bbMontserrat|300|||||||\u00bb text_font_size=\u00bb16px\u00bb text_line_height=\u00bb1.8em\u00bb animation_style=\u00bbslide\u00bb animation_direction=\u00bbright\u00bb animation_intensity_slide=\u00bb5%\u00bb animation_starting_opacity=\u00bb100%\u00bb global_colors_info=\u00bb{}\u00bb]<\/p>\n<p style=\"text-align: justify;\"><span data-contrast=\"none\" xml:lang=\"PT-PT\" lang=\"PT-PT\" class=\"TextRun SCXW103732 BCX0\"><span class=\"NormalTextRun SCXW103732 BCX0\">Margarida Rangel Henriques <\/span><span class=\"NormalTextRun SpellingErrorV2Themed SCXW103732 BCX0\">es<\/span><span class=\"NormalTextRun SCXW103732 BCX0\"> <\/span><span class=\"NormalTextRun SpellingErrorV2Themed SCXW103732 BCX0\">doctora<\/span><span class=\"NormalTextRun SCXW103732 BCX0\"> <\/span><span class=\"NormalTextRun SpellingErrorV2Themed SCXW103732 BCX0\">en<\/span><span class=\"NormalTextRun SCXW103732 BCX0\"> <\/span><span class=\"NormalTextRun SpellingErrorV2Themed SCXW103732 BCX0\">Psicolog\u00eda<\/span><span class=\"NormalTextRun SCXW103732 BCX0\">, <\/span><span class=\"NormalTextRun SpellingErrorV2Themed SCXW103732 BCX0\">profesora<\/span><span class=\"NormalTextRun SCXW103732 BCX0\"> <\/span><span class=\"NormalTextRun SpellingErrorV2Themed SCXW103732 BCX0\">asociada<\/span><span class=\"NormalTextRun SCXW103732 BCX0\">, investigadora y psicoterapeuta <\/span><span class=\"NormalTextRun SpellingErrorV2Themed SCXW103732 BCX0\">en<\/span><span class=\"NormalTextRun SCXW103732 BCX0\"> la <\/span><span class=\"NormalTextRun SpellingErrorV2Themed SCXW103732 BCX0\">Facultad<\/span><span class=\"NormalTextRun SCXW103732 BCX0\"> de <\/span><span class=\"NormalTextRun SpellingErrorV2Themed SCXW103732 BCX0\">Psicolog\u00eda<\/span><span class=\"NormalTextRun SCXW103732 BCX0\"> y <\/span><span class=\"NormalTextRun SpellingErrorV2Themed SCXW103732 BCX0\">Ciencias<\/span><span class=\"NormalTextRun SCXW103732 BCX0\"> de la <\/span><span class=\"NormalTextRun SpellingErrorV2Themed SCXW103732 BCX0\">Educaci\u00f3n<\/span><span class=\"NormalTextRun SCXW103732 BCX0\"> de la <\/span><span class=\"NormalTextRun SpellingErrorV2Themed SCXW103732 BCX0\">Universidad<\/span><span class=\"NormalTextRun SCXW103732 BCX0\"> de <\/span><span class=\"NormalTextRun SpellingErrorV2Themed SCXW103732 BCX0\">Oporto<\/span><span class=\"NormalTextRun SCXW103732 BCX0\">. <\/span><span class=\"NormalTextRun SpellingErrorV2Themed SCXW103732 BCX0\">Ense\u00f1a<\/span><span class=\"NormalTextRun SCXW103732 BCX0\"> <\/span><span class=\"NormalTextRun SpellingErrorV2Themed SCXW103732 BCX0\">en<\/span><span class=\"NormalTextRun SCXW103732 BCX0\"> los niveles de licenciatura, <\/span><span class=\"NormalTextRun SpellingErrorV2Themed SCXW103732 BCX0\">maestr\u00eda<\/span><span class=\"NormalTextRun SCXW103732 BCX0\"> y <\/span><span class=\"NormalTextRun SpellingErrorV2Themed SCXW103732 BCX0\">doctorado<\/span><span class=\"NormalTextRun SCXW103732 BCX0\"> <\/span><span class=\"NormalTextRun SpellingErrorV2Themed SCXW103732 BCX0\">en<\/span><span class=\"NormalTextRun SCXW103732 BCX0\"> los <\/span><span class=\"NormalTextRun SpellingErrorV2Themed SCXW103732 BCX0\">dominios<\/span><span class=\"NormalTextRun SCXW103732 BCX0\"> de la <\/span><span class=\"NormalTextRun SpellingErrorV2Themed SCXW103732 BCX0\">psicolog\u00eda<\/span><span class=\"NormalTextRun SCXW103732 BCX0\"> cl\u00ednica de <\/span><span class=\"NormalTextRun SpellingErrorV2Themed SCXW103732 BCX0\">ni\u00f1os<\/span><span class=\"NormalTextRun SCXW103732 BCX0\"> y adolescentes y <\/span><span class=\"NormalTextRun SpellingErrorV2Themed SCXW103732 BCX0\">metodolog\u00edas<\/span><span class=\"NormalTextRun SCXW103732 BCX0\"> <\/span><span class=\"NormalTextRun SpellingErrorV2Themed SCXW103732 BCX0\">cualitativas<\/span><span class=\"NormalTextRun SCXW103732 BCX0\"> de <\/span><span class=\"NormalTextRun SpellingErrorV2Themed SCXW103732 BCX0\">investigaci\u00f3n<\/span><span class=\"NormalTextRun SCXW103732 BCX0\">. <\/span><span class=\"NormalTextRun SpellingErrorV2Themed SCXW103732 BCX0\">Es<\/span><span class=\"NormalTextRun SCXW103732 BCX0\"> experta <\/span><span class=\"NormalTextRun SpellingErrorV2Themed SCXW103732 BCX0\">en<\/span><span class=\"NormalTextRun SCXW103732 BCX0\"> <\/span><span class=\"NormalTextRun SpellingErrorV2Themed SCXW103732 BCX0\">psicolog\u00eda<\/span><span class=\"NormalTextRun SCXW103732 BCX0\"> cl\u00ednica infantil y est\u00e1 especializada <\/span><span class=\"NormalTextRun SpellingErrorV2Themed SCXW103732 BCX0\">en<\/span><span class=\"NormalTextRun SCXW103732 BCX0\"> terapia cognitivo-<\/span><span class=\"NormalTextRun SpellingErrorV2Themed SCXW103732 BCX0\">conductual<\/span><span class=\"NormalTextRun SCXW103732 BCX0\">, terapia familiar sist\u00e9mica y terapia narrativa. <\/span><span class=\"NormalTextRun SpellingErrorV2Themed SCXW103732 BCX0\">Es<\/span><span class=\"NormalTextRun SCXW103732 BCX0\"> <\/span><span class=\"NormalTextRun SpellingErrorV2Themed SCXW103732 BCX0\">jefa<\/span><span class=\"NormalTextRun SCXW103732 BCX0\"> de la <\/span><span class=\"NormalTextRun SpellingErrorV2Themed SCXW103732 BCX0\">unidad<\/span><span class=\"NormalTextRun SCXW103732 BCX0\"> de <\/span><span class=\"NormalTextRun SpellingErrorV2Themed SCXW103732 BCX0\">intervenci\u00f3n<\/span><span class=\"NormalTextRun SCXW103732 BCX0\"> cl\u00ednica <\/span><span class=\"NormalTextRun SpellingErrorV2Themed SCXW103732 BCX0\">infanto-juvenil<\/span><span class=\"NormalTextRun SCXW103732 BCX0\"> <\/span><span class=\"NormalTextRun SpellingErrorV2Themed SCXW103732 BCX0\">en<\/span><span class=\"NormalTextRun SCXW103732 BCX0\"> el <\/span><span class=\"NormalTextRun SpellingErrorV2Themed SCXW103732 BCX0\">Servicio<\/span><span class=\"NormalTextRun SCXW103732 BCX0\"> Cl\u00ednico de la <\/span><span class=\"NormalTextRun SpellingErrorV2Themed SCXW103732 BCX0\">Facultad<\/span><span class=\"NormalTextRun SCXW103732 BCX0\"> y <\/span><span class=\"NormalTextRun SpellingErrorV2Themed SCXW103732 BCX0\">all\u00ed<\/span><span class=\"NormalTextRun SCXW103732 BCX0\"> <\/span><span class=\"NormalTextRun SpellingErrorV2Themed SCXW103732 BCX0\">fund\u00f3<\/span><span class=\"NormalTextRun SCXW103732 BCX0\"> <\/span><span class=\"NormalTextRun SpellingErrorV2Themed SCXW103732 BCX0\">un<\/span><span class=\"NormalTextRun SCXW103732 BCX0\"> <\/span><span class=\"NormalTextRun SpellingErrorV2Themed SCXW103732 BCX0\">Servicio<\/span><span class=\"NormalTextRun SCXW103732 BCX0\"> de <\/span><span class=\"NormalTextRun SpellingErrorV2Themed SCXW103732 BCX0\">Adopci\u00f3n<\/span><span class=\"NormalTextRun SCXW103732 BCX0\"> y <\/span><span class=\"NormalTextRun SpellingErrorV2Themed SCXW103732 BCX0\">Acogimiento<\/span><span class=\"NormalTextRun SCXW103732 BCX0\"> de Menores <\/span><span class=\"NormalTextRun SpellingErrorV2Themed SCXW103732 BCX0\">en<\/span><span class=\"NormalTextRun SCXW103732 BCX0\"> la <\/span><span class=\"NormalTextRun SpellingErrorV2Themed SCXW103732 BCX0\">Facultad<\/span><span class=\"NormalTextRun SCXW103732 BCX0\">. <\/span><span class=\"NormalTextRun SpellingErrorV2Themed SCXW103732 BCX0\">Ha<\/span><span class=\"NormalTextRun SCXW103732 BCX0\"> <\/span><span class=\"NormalTextRun SpellingErrorV2Themed SCXW103732 BCX0\">creado<\/span><span class=\"NormalTextRun SCXW103732 BCX0\"> y <\/span><span class=\"NormalTextRun SpellingErrorV2Themed SCXW103732 BCX0\">coordina<\/span><span class=\"NormalTextRun SCXW103732 BCX0\"> <\/span><span class=\"NormalTextRun SpellingErrorV2Themed SCXW103732 BCX0\">Psi.ON<\/span><span class=\"NormalTextRun SCXW103732 BCX0\">, una plataforma web para la <\/span><span class=\"NormalTextRun SpellingErrorV2Themed SCXW103732 BCX0\">intervenci\u00f3n<\/span><span class=\"NormalTextRun SCXW103732 BCX0\"> cl\u00ednica breve <\/span><span class=\"NormalTextRun SpellingErrorV2Themed SCXW103732 BCX0\">en<\/span><span class=\"NormalTextRun SCXW103732 BCX0\"> la <\/span><span class=\"NormalTextRun SpellingErrorV2Themed SCXW103732 BCX0\">Universidad<\/span><span class=\"NormalTextRun SCXW103732 BCX0\"> de <\/span><span class=\"NormalTextRun SpellingErrorV2Themed SCXW103732 BCX0\">Oporto<\/span><span class=\"NormalTextRun SCXW103732 BCX0\">. <\/span><span class=\"NormalTextRun SpellingErrorV2Themed SCXW103732 BCX0\">Es<\/span><span class=\"NormalTextRun SCXW103732 BCX0\"> coautora de <\/span><span class=\"NormalTextRun SpellingErrorV2Themed SCXW103732 BCX0\">un<\/span><span class=\"NormalTextRun SCXW103732 BCX0\"> Manual <\/span><span class=\"NormalTextRun SpellingErrorV2Themed SCXW103732 BCX0\">Terap\u00e9utico<\/span><span class=\"NormalTextRun SCXW103732 BCX0\"> Narrativo para <\/span><span class=\"NormalTextRun SpellingErrorV2Themed SCXW103732 BCX0\">Trastornos<\/span><span class=\"NormalTextRun SCXW103732 BCX0\"> de <\/span><span class=\"NormalTextRun SpellingErrorV2Themed SCXW103732 BCX0\">Ansiedad<\/span><span class=\"NormalTextRun SCXW103732 BCX0\"> que <\/span><span class=\"NormalTextRun SpellingErrorV2Themed SCXW103732 BCX0\">incluye<\/span><span class=\"NormalTextRun SCXW103732 BCX0\"> <\/span><span class=\"NormalTextRun SpellingErrorV2Themed SCXW103732 BCX0\">un<\/span><span class=\"NormalTextRun SCXW103732 BCX0\"> libro de <\/span><span class=\"NormalTextRun SpellingErrorV2Themed SCXW103732 BCX0\">actividades<\/span><span class=\"NormalTextRun SCXW103732 BCX0\"> para el <\/span><span class=\"NormalTextRun SpellingErrorV2Themed SCXW103732 BCX0\">ni\u00f1o<\/span><span class=\"NormalTextRun SCXW103732 BCX0\">.\u00a0 <\/span><span class=\"NormalTextRun SpellingErrorV2Themed SCXW103732 BCX0\">Tambi\u00e9n<\/span><span class=\"NormalTextRun SCXW103732 BCX0\"> <\/span><span class=\"NormalTextRun SpellingErrorV2Themed SCXW103732 BCX0\">ha<\/span><span class=\"NormalTextRun SCXW103732 BCX0\"> <\/span><span class=\"NormalTextRun SpellingErrorV2Themed SCXW103732 BCX0\">desarrollado<\/span><span class=\"NormalTextRun SCXW103732 BCX0\"> programas de <\/span><span class=\"NormalTextRun SpellingErrorV2Themed SCXW103732 BCX0\">intervenci\u00f3n<\/span><span class=\"NormalTextRun SCXW103732 BCX0\"> para la <\/span><span class=\"NormalTextRun SpellingErrorV2Themed SCXW103732 BCX0\">Formaci\u00f3n<\/span><span class=\"NormalTextRun SCXW103732 BCX0\"> de Candidatos a la <\/span><span class=\"NormalTextRun SpellingErrorV2Themed SCXW103732 BCX0\">Adopci\u00f3n<\/span><span class=\"NormalTextRun SCXW103732 BCX0\"> y <\/span><span class=\"NormalTextRun SpellingErrorV2Themed SCXW103732 BCX0\">un<\/span><span class=\"NormalTextRun SCXW103732 BCX0\"> Programa de <\/span><span class=\"NormalTextRun SpellingErrorV2Themed SCXW103732 BCX0\">Preparaci\u00f3n<\/span><span class=\"NormalTextRun SCXW103732 BCX0\"> de <\/span><span class=\"NormalTextRun SpellingErrorV2Themed SCXW103732 BCX0\">Ni\u00f1os<\/span><span class=\"NormalTextRun SCXW103732 BCX0\"> para la <\/span><span class=\"NormalTextRun SpellingErrorV2Themed SCXW103732 BCX0\">Adopci\u00f3n<\/span><span class=\"NormalTextRun SCXW103732 BCX0\"> (PPCA).\u00a0 Sus <\/span><span class=\"NormalTextRun SpellingErrorV2Themed SCXW103732 BCX0\">principales<\/span><span class=\"NormalTextRun SCXW103732 BCX0\"> \u00e1reas de <\/span><span class=\"NormalTextRun SpellingErrorV2Themed SCXW103732 BCX0\">investigaci\u00f3n<\/span><span class=\"NormalTextRun SCXW103732 BCX0\"> <\/span><span class=\"NormalTextRun SpellingErrorV2Themed SCXW103732 BCX0\">son<\/span><span class=\"NormalTextRun SCXW103732 BCX0\"> las narrativas de vida y la <\/span><span class=\"NormalTextRun SpellingErrorV2Themed SCXW103732 BCX0\">intervenci\u00f3n<\/span><span class=\"NormalTextRun SCXW103732 BCX0\"> <\/span><span class=\"NormalTextRun SpellingErrorV2Themed SCXW103732 BCX0\">con<\/span><span class=\"NormalTextRun SCXW103732 BCX0\"> <\/span><span class=\"NormalTextRun SpellingErrorV2Themed SCXW103732 BCX0\">ni\u00f1os<\/span><span class=\"NormalTextRun SCXW103732 BCX0\">, <\/span><span class=\"NormalTextRun SpellingErrorV2Themed SCXW103732 BCX0\">j\u00f3venes<\/span><span class=\"NormalTextRun SCXW103732 BCX0\"> y <\/span><span class=\"NormalTextRun SpellingErrorV2Themed SCXW103732 BCX0\">familias<\/span><span class=\"NormalTextRun SCXW103732 BCX0\"> <\/span><span class=\"NormalTextRun SpellingErrorV2Themed SCXW103732 BCX0\">en<\/span><span class=\"NormalTextRun SCXW103732 BCX0\"> el contexto de la <\/span><span class=\"NormalTextRun SpellingErrorV2Themed SCXW103732 BCX0\">promoci\u00f3n<\/span><span class=\"NormalTextRun SCXW103732 BCX0\"> y <\/span><span class=\"NormalTextRun SpellingErrorV2Themed SCXW103732 BCX0\">protecci\u00f3n<\/span><span class=\"NormalTextRun SCXW103732 BCX0\"> <\/span><span class=\"NormalTextRun SpellingErrorV2Themed SCXW103732 BCX0\">del<\/span><span class=\"NormalTextRun SCXW103732 BCX0\"> sistema de <\/span><span class=\"NormalTextRun SpellingErrorV2Themed SCXW103732 BCX0\">atenci\u00f3n<\/span><span class=\"NormalTextRun SCXW103732 BCX0\"> a la <\/span><span class=\"NormalTextRun SpellingErrorV2Themed SCXW103732 BCX0\">infancia<\/span><span class=\"NormalTextRun SCXW103732 BCX0\">, y la <\/span><span class=\"NormalTextRun SpellingErrorV2Themed SCXW103732 BCX0\">suicidolog\u00eda<\/span><span class=\"NormalTextRun SCXW103732 BCX0\"> y la <\/span><span class=\"NormalTextRun SpellingErrorV2Themed SCXW103732 BCX0\">salud<\/span><span class=\"NormalTextRun SCXW103732 BCX0\"> mental. <\/span><span class=\"NormalTextRun SpellingErrorV2Themed SCXW103732 BCX0\">Es<\/span><span class=\"NormalTextRun SCXW103732 BCX0\"> <\/span><span class=\"NormalTextRun SpellingErrorV2Themed SCXW103732 BCX0\">miembro<\/span><span class=\"NormalTextRun SCXW103732 BCX0\"> <\/span><span class=\"NormalTextRun SpellingErrorV2Themed SCXW103732 BCX0\">del<\/span><span class=\"NormalTextRun SCXW103732 BCX0\"> <\/span><span class=\"NormalTextRun SpellingErrorV2Themed SCXW103732 BCX0\">ProChild<\/span><span class=\"NormalTextRun SCXW103732 BCX0\"> <\/span><span class=\"NormalTextRun SpellingErrorV2Themed SCXW103732 BCX0\">CoLAB<\/span><span class=\"NormalTextRun SCXW103732 BCX0\"> <\/span><span class=\"NormalTextRun SpellingErrorV2Themed SCXW103732 BCX0\">portugu\u00e9s<\/span><span class=\"NormalTextRun SCXW103732 BCX0\">, <\/span><span class=\"NormalTextRun ContextualSpellingAndGrammarErrorV2Themed SCXW103732 BCX0\">Contra<\/span><span class=\"NormalTextRun SCXW103732 BCX0\"> la Pobreza y la <\/span><span class=\"NormalTextRun SpellingErrorV2Themed SCXW103732 BCX0\">Exclusi\u00f3n<\/span><span class=\"NormalTextRun SCXW103732 BCX0\"> Social, donde <\/span><span class=\"NormalTextRun SpellingErrorV2Themed SCXW103732 BCX0\">coordina<\/span><span class=\"NormalTextRun SCXW103732 BCX0\"> los <\/span><span class=\"NormalTextRun SpellingErrorV2Themed SCXW103732 BCX0\">estudios<\/span><span class=\"NormalTextRun SCXW103732 BCX0\"> <\/span><span class=\"NormalTextRun SpellingErrorV2Themed SCXW103732 BCX0\">en<\/span><span class=\"NormalTextRun SCXW103732 BCX0\"> el campo de la <\/span><span class=\"NormalTextRun SpellingErrorV2Themed SCXW103732 BCX0\">adopci\u00f3n<\/span><span class=\"NormalTextRun SCXW103732 BCX0\">. <\/span><span class=\"NormalTextRun SpellingErrorV2Themed SCXW103732 BCX0\">Tiene<\/span><span class=\"NormalTextRun SCXW103732 BCX0\"> una larga <\/span><span class=\"NormalTextRun ContextualSpellingAndGrammarErrorV2Themed SCXW103732 BCX0\">experiencia<\/span><span class=\"NormalTextRun SCXW103732 BCX0\"> <\/span><span class=\"NormalTextRun SpellingErrorV2Themed SCXW103732 BCX0\">en<\/span><span class=\"NormalTextRun SCXW103732 BCX0\"> la <\/span><span class=\"NormalTextRun SpellingErrorV2Themed SCXW103732 BCX0\">formaci\u00f3n<\/span><span class=\"NormalTextRun SCXW103732 BCX0\"> y <\/span><span class=\"NormalTextRun SpellingErrorV2Themed SCXW103732 BCX0\">supervisi\u00f3n<\/span><span class=\"NormalTextRun SCXW103732 BCX0\"> de <\/span><span class=\"NormalTextRun SpellingErrorV2Themed SCXW103732 BCX0\">profesionales<\/span><span class=\"NormalTextRun SCXW103732 BCX0\"> <\/span><span class=\"NormalTextRun SpellingErrorV2Themed SCXW103732 BCX0\">en<\/span><span class=\"NormalTextRun SCXW103732 BCX0\"> el campo de la <\/span><span class=\"NormalTextRun SpellingErrorV2Themed SCXW103732 BCX0\">intervenci\u00f3n<\/span><span class=\"NormalTextRun SCXW103732 BCX0\"> cl\u00ednica y de la <\/span><span class=\"NormalTextRun SpellingErrorV2Themed SCXW103732 BCX0\">promoci\u00f3n<\/span><span class=\"NormalTextRun SCXW103732 BCX0\"> y <\/span><span class=\"NormalTextRun SpellingErrorV2Themed SCXW103732 BCX0\">protecci\u00f3n<\/span><span class=\"NormalTextRun SCXW103732 BCX0\"> de la <\/span><span class=\"NormalTextRun SpellingErrorV2Themed SCXW103732 BCX0\">infancia<\/span><span class=\"NormalTextRun SCXW103732 BCX0\">. <\/span><span class=\"NormalTextRun SpellingErrorV2Themed SCXW103732 BCX0\">Es<\/span><span class=\"NormalTextRun SCXW103732 BCX0\"> <\/span><span class=\"NormalTextRun SpellingErrorV2Themed SCXW103732 BCX0\">miembro<\/span><span class=\"NormalTextRun SCXW103732 BCX0\"> de la junta <\/span><span class=\"NormalTextRun SpellingErrorV2Themed SCXW103732 BCX0\">directiva<\/span><span class=\"NormalTextRun SCXW103732 BCX0\"> de la <\/span><span class=\"NormalTextRun SpellingErrorV2Themed SCXW103732 BCX0\">Sociedad<\/span><span class=\"NormalTextRun SCXW103732 BCX0\"> <\/span><span class=\"NormalTextRun SpellingErrorV2Themed SCXW103732 BCX0\">Europea<\/span><span class=\"NormalTextRun SCXW103732 BCX0\"> de Relaciones Familiares (ESFR), <\/span><span class=\"NormalTextRun SpellingErrorV2Themed SCXW103732 BCX0\">miembro<\/span><span class=\"NormalTextRun SCXW103732 BCX0\"> de la <\/span><span class=\"NormalTextRun SpellingErrorV2Themed SCXW103732 BCX0\">Asociaci\u00f3n<\/span><span class=\"NormalTextRun SCXW103732 BCX0\"> Portuguesa de Terapia Cognitivo-<\/span><span class=\"NormalTextRun SpellingErrorV2Themed SCXW103732 BCX0\">Conductual<\/span><span class=\"NormalTextRun SCXW103732 BCX0\">, <\/span><span class=\"NormalTextRun SpellingErrorV2Themed SCXW103732 BCX0\">miembro<\/span><span class=\"NormalTextRun SCXW103732 BCX0\"> <\/span><span class=\"NormalTextRun SpellingErrorV2Themed SCXW103732 BCX0\">efectivo<\/span><span class=\"NormalTextRun SCXW103732 BCX0\"> de la <\/span><span class=\"NormalTextRun SpellingErrorV2Themed SCXW103732 BCX0\">Sociedad<\/span><span class=\"NormalTextRun SCXW103732 BCX0\"> Portuguesa de Terapia Familiar y <\/span><span class=\"NormalTextRun SpellingErrorV2Themed SCXW103732 BCX0\">miembro<\/span><span class=\"NormalTextRun SCXW103732 BCX0\"> de la <\/span><span class=\"NormalTextRun SpellingErrorV2Themed SCXW103732 BCX0\">Asociaci\u00f3n<\/span><span class=\"NormalTextRun SCXW103732 BCX0\"> <\/span><span class=\"NormalTextRun SpellingErrorV2Themed SCXW103732 BCX0\">Espa\u00f1ola<\/span><span class=\"NormalTextRun SCXW103732 BCX0\"> de Terapia Narrativa (AETEN).<\/span><\/span><span class=\"EOP SCXW103732 BCX0\" data-ccp-props=\"{&quot;335551550&quot;:6,&quot;335551620&quot;:6}\">\u00a0<\/span><\/p>\n<p>[\/et_pb_text][\/et_pb_column][et_pb_column type=\u00bb1_3&#8243; _builder_version=\u00bb4.14.7&#8243; use_background_color_gradient=\u00bbon\u00bb background_color_gradient_start=\u00bb#e83643&#8243; background_color_gradient_end=\u00bb#e83643&#8243; custom_padding=\u00bb|||\u00bb global_colors_info=\u00bb{}\u00bb custom_padding__hover=\u00bb|||\u00bb][et_pb_image src=\u00bbhttps:\/\/www.aitanacongress.com\/2023\/wp-content\/uploads\/margarida_rangel_portada.png\u00bb title_text=\u00bbmargarida_rangel_portada\u00bb align=\u00bbcenter\u00bb force_fullwidth=\u00bbon\u00bb disabled_on=\u00bboff|off|off\u00bb admin_label=\u00bbImagen ponente\u00bb _builder_version=\u00bb4.14.7&#8243; custom_margin=\u00bb-40px|40px|40px|-40px\u00bb custom_padding=\u00bb|||\u00bb animation_direction=\u00bbright\u00bb border_color_all=\u00bb#\u00bb box_shadow_style=\u00bbpreset3&#8243; box_shadow_horizontal=\u00bb13px\u00bb box_shadow_vertical=\u00bb42px\u00bb box_shadow_blur=\u00bb45px\u00bb box_shadow_spread=\u00bb-3px\u00bb box_shadow_color=\u00bbrgba(0,0,0,0.1)\u00bb always_center_on_mobile=\u00bboff\u00bb global_colors_info=\u00bb{}\u00bb][\/et_pb_image][\/et_pb_column][\/et_pb_row][\/et_pb_section][et_pb_section fb_built=\u00bb1&#8243; custom_padding_last_edited=\u00bbon|desktop\u00bb admin_label=\u00bbLOGO_ESPANOL\u00bb module_class=\u00bblogos-congreso\u00bb _builder_version=\u00bb4.14.7&#8243; _module_preset=\u00bbdefault\u00bb custom_padding=\u00bb50px||30px||false|false\u00bb custom_padding_tablet=\u00bb50px||50px||false|false\u00bb custom_padding_phone=\u00bb||25px||false|false\u00bb global_module=\u00bb6397&#8243; saved_tabs=\u00bball\u00bb collapsed=\u00bboff\u00bb global_colors_info=\u00bb{}\u00bb][et_pb_row custom_padding_last_edited=\u00bbon|phone\u00bb admin_label=\u00bbOrganiza\u00bb _builder_version=\u00bb4.14.7&#8243; _module_preset=\u00bbdefault\u00bb custom_margin=\u00bb||0px||false|false\u00bb custom_padding=\u00bb||0px||false|false\u00bb custom_padding_tablet=\u00bb||0px||false|false\u00bb custom_padding_phone=\u00bb0px||||false|false\u00bb global_colors_info=\u00bb{}\u00bb][et_pb_column type=\u00bb4_4&#8243; _builder_version=\u00bb4.14.7&#8243; _module_preset=\u00bbdefault\u00bb global_colors_info=\u00bb{}\u00bb][et_pb_text _builder_version=\u00bb4.14.7&#8243; _module_preset=\u00bbdefault\u00bb text_font=\u00bb|||on|||||\u00bb text_text_color=\u00bb#e83643&#8243; text_orientation=\u00bbcenter\u00bb module_alignment=\u00bbcenter\u00bb custom_margin=\u00bb||0px||false|false\u00bb custom_padding=\u00bb||0px||false|false\u00bb global_colors_info=\u00bb{}\u00bb]<\/p>\n<p>Organiza<\/p>\n<p>[\/et_pb_text][\/et_pb_column][\/et_pb_row][et_pb_row column_structure=\u00bb1_4,1_4,1_4,1_4&#8243; custom_padding_last_edited=\u00bbon|desktop\u00bb _builder_version=\u00bb4.14.7&#8243; _module_preset=\u00bbdefault\u00bb custom_padding=\u00bb||10px||false|false\u00bb custom_padding_tablet=\u00bb||15px||false|false\u00bb custom_padding_phone=\u00bb||15px||false|false\u00bb global_colors_info=\u00bb{}\u00bb][et_pb_column type=\u00bb1_4&#8243; _builder_version=\u00bb4.14.7&#8243; _module_preset=\u00bbdefault\u00bb global_colors_info=\u00bb{}\u00bb][\/et_pb_column][et_pb_column type=\u00bb1_4&#8243; _builder_version=\u00bb4.14.7&#8243; _module_preset=\u00bbdefault\u00bb global_colors_info=\u00bb{}\u00bb][et_pb_image src=\u00bbhttps:\/\/www.aitanacongress.com\/2023\/wp-content\/uploads\/logo-aitana-2023.png\u00bb title_text=\u00bblogo-aitana-2023&#8243; url=\u00bbhttps:\/\/aitanainvestigacion.umh.es\/\u00bb url_new_window=\u00bbon\u00bb admin_label=\u00bbaitana\u00bb _builder_version=\u00bb4.14.7&#8243; _module_preset=\u00bbdefault\u00bb width=\u00bb250px\u00bb module_alignment=\u00bbcenter\u00bb global_colors_info=\u00bb{}\u00bb][\/et_pb_image][\/et_pb_column][et_pb_column type=\u00bb1_4&#8243; _builder_version=\u00bb4.14.7&#8243; _module_preset=\u00bbdefault\u00bb global_colors_info=\u00bb{}\u00bb][et_pb_image src=\u00bbhttps:\/\/www.aitanacongress.com\/2023\/wp-content\/uploads\/logo-UHM-2023.png\u00bb title_text=\u00bblogo-UHM-2023&#8243; url=\u00bbhttps:\/\/www.umh.es\/\u00bb url_new_window=\u00bbon\u00bb admin_label=\u00bbUHM\u00bb _builder_version=\u00bb4.14.7&#8243; _module_preset=\u00bbdefault\u00bb width=\u00bb250px\u00bb module_alignment=\u00bbcenter\u00bb global_colors_info=\u00bb{}\u00bb][\/et_pb_image][\/et_pb_column][et_pb_column type=\u00bb1_4&#8243; _builder_version=\u00bb4.14.7&#8243; _module_preset=\u00bbdefault\u00bb global_colors_info=\u00bb{}\u00bb][\/et_pb_column][\/et_pb_row][et_pb_row custom_padding_last_edited=\u00bbon|phone\u00bb disabled_on=\u00bboff|off|off\u00bb admin_label=\u00bbPatrocina\u00bb _builder_version=\u00bb4.14.7&#8243; _module_preset=\u00bbdefault\u00bb custom_margin=\u00bb||0px||false|false\u00bb custom_margin_tablet=\u00bb||0px||false|false\u00bb custom_margin_phone=\u00bb-15px||||false|false\u00bb custom_margin_last_edited=\u00bbon|phone\u00bb custom_padding=\u00bb||0px||false|false\u00bb custom_padding_tablet=\u00bb||0px||false|false\u00bb custom_padding_phone=\u00bb0px||||false|false\u00bb global_colors_info=\u00bb{}\u00bb][et_pb_column type=\u00bb4_4&#8243; _builder_version=\u00bb4.14.7&#8243; _module_preset=\u00bbdefault\u00bb global_colors_info=\u00bb{}\u00bb][et_pb_text _builder_version=\u00bb4.14.7&#8243; _module_preset=\u00bbdefault\u00bb text_font=\u00bb|||on|||||\u00bb text_text_color=\u00bb#e83643&#8243; text_orientation=\u00bbcenter\u00bb module_alignment=\u00bbcenter\u00bb custom_margin=\u00bb||0px||false|false\u00bb custom_padding=\u00bb||0px||false|false\u00bb global_colors_info=\u00bb{}\u00bb]<\/p>\n<p>Patrocina<\/p>\n<p>[\/et_pb_text][\/et_pb_column][\/et_pb_row][et_pb_row column_structure=\u00bb1_3,1_3,1_3&#8243; disabled_on=\u00bboff|off|off\u00bb _builder_version=\u00bb4.14.7&#8243; _module_preset=\u00bbdefault\u00bb global_colors_info=\u00bb{}\u00bb][et_pb_column type=\u00bb1_3&#8243; _builder_version=\u00bb4.14.7&#8243; _module_preset=\u00bbdefault\u00bb global_colors_info=\u00bb{}\u00bb][\/et_pb_column][et_pb_column type=\u00bb1_3&#8243; _builder_version=\u00bb4.14.7&#8243; _module_preset=\u00bbdefault\u00bb global_colors_info=\u00bb{}\u00bb][et_pb_image src=\u00bbhttps:\/\/www.aitanacongress.com\/2023\/wp-content\/uploads\/LOGO-CONSELLERIA-INNOVACION-UNIVERSIDADES-PNG_VAL_NEGRO.png\u00bb title_text=\u00bbLOGO CONSELLERIA INNOVACION UNIVERSIDADES PNG_VAL_NEGRO\u00bb url=\u00bbhttps:\/\/www.gva.es\/va\/inicio\/presentacion\u00bb url_new_window=\u00bbon\u00bb admin_label=\u00bbgva\u00bb _builder_version=\u00bb4.14.7&#8243; _module_preset=\u00bbdefault\u00bb width=\u00bb230px\u00bb module_alignment=\u00bbcenter\u00bb global_colors_info=\u00bb{}\u00bb][\/et_pb_image][\/et_pb_column][et_pb_column type=\u00bb1_3&#8243; _builder_version=\u00bb4.14.7&#8243; _module_preset=\u00bbdefault\u00bb global_colors_info=\u00bb{}\u00bb][\/et_pb_column][\/et_pb_row][et_pb_row custom_padding_last_edited=\u00bbon|phone\u00bb admin_label=\u00bbCon el apoyo de \u00bb _builder_version=\u00bb4.14.7&#8243; _module_preset=\u00bbdefault\u00bb custom_margin=\u00bb||0px||false|false\u00bb custom_margin_tablet=\u00bb||0px||false|false\u00bb custom_margin_phone=\u00bb-15px||||false|false\u00bb custom_margin_last_edited=\u00bbon|phone\u00bb custom_padding=\u00bb||0px||false|false\u00bb custom_padding_tablet=\u00bb||0px||false|false\u00bb custom_padding_phone=\u00bb0px||||false|false\u00bb global_colors_info=\u00bb{}\u00bb][et_pb_column type=\u00bb4_4&#8243; _builder_version=\u00bb4.14.7&#8243; _module_preset=\u00bbdefault\u00bb global_colors_info=\u00bb{}\u00bb][et_pb_text _builder_version=\u00bb4.14.7&#8243; _module_preset=\u00bbdefault\u00bb text_font=\u00bb|||on|||||\u00bb text_text_color=\u00bb#e83643&#8243; text_orientation=\u00bbcenter\u00bb module_alignment=\u00bbcenter\u00bb custom_margin=\u00bb||0px||false|false\u00bb custom_padding=\u00bb||0px||false|false\u00bb global_colors_info=\u00bb{}\u00bb]<\/p>\n<p>Con el apoyo de<\/p>\n<p>[\/et_pb_text][\/et_pb_column][\/et_pb_row][et_pb_row column_structure=\u00bb1_6,1_6,1_6,1_6,1_6,1_6&#8243; use_custom_gutter=\u00bbon\u00bb gutter_width=\u00bb2&#8243; custom_padding_last_edited=\u00bbon|desktop\u00bb _builder_version=\u00bb4.14.7&#8243; _module_preset=\u00bbdefault\u00bb width=\u00bb100%\u00bb max_width=\u00bb1200px\u00bb custom_padding=\u00bb|20px||20px|false|false\u00bb custom_padding_tablet=\u00bb|20px||20px|false|false\u00bb custom_padding_phone=\u00bb|20px||20px|false|false\u00bb global_colors_info=\u00bb{}\u00bb][et_pb_column type=\u00bb1_6&#8243; _builder_version=\u00bb4.14.7&#8243; _module_preset=\u00bbdefault\u00bb global_colors_info=\u00bb{}\u00bb][\/et_pb_column][et_pb_column type=\u00bb1_6&#8243; _builder_version=\u00bb4.14.7&#8243; _module_preset=\u00bbdefault\u00bb global_colors_info=\u00bb{}\u00bb][et_pb_image src=\u00bbhttps:\/\/www.aitanacongress.com\/2023\/wp-content\/uploads\/logo-UV-tyrans.png\u00bb title_text=\u00bblogo-UV-tyrans\u00bb url=\u00bbhttps:\/\/www.uv.es\/\u00bb url_new_window=\u00bbon\u00bb admin_label=\u00bbUV\u00bb _builder_version=\u00bb4.14.7&#8243; _module_preset=\u00bbdefault\u00bb custom_margin=\u00bb||-1px|||\u00bb global_colors_info=\u00bb{}\u00bb][\/et_pb_image][\/et_pb_column][et_pb_column type=\u00bb1_6&#8243; _builder_version=\u00bb4.14.7&#8243; _module_preset=\u00bbdefault\u00bb global_colors_info=\u00bb{}\u00bb][et_pb_image src=\u00bbhttps:\/\/www.aitanacongress.com\/2023\/wp-content\/uploads\/logo-piramide-aniversario.png\u00bb title_text=\u00bblogo-piramide-aniversario\u00bb url=\u00bbhttps:\/\/www.edicionespiramide.es\/\u00bb url_new_window=\u00bbon\u00bb admin_label=\u00bbpiramide\u00bb _builder_version=\u00bb4.14.7&#8243; _module_preset=\u00bbdefault\u00bb max_width=\u00bb250px\u00bb module_alignment=\u00bbcenter\u00bb global_colors_info=\u00bb{}\u00bb][\/et_pb_image][\/et_pb_column][et_pb_column type=\u00bb1_6&#8243; _builder_version=\u00bb4.14.7&#8243; _module_preset=\u00bbdefault\u00bb global_colors_info=\u00bb{}\u00bb][et_pb_image src=\u00bbhttps:\/\/www.aitanacongress.com\/2023\/wp-content\/uploads\/logo-tea-2023.png\u00bb title_text=\u00bblogo-tea-2023&#8243; url=\u00bbhttps:\/\/web.teaediciones.com\/Inicio.aspx\u00bb url_new_window=\u00bbon\u00bb disabled_on=\u00bboff|off|off\u00bb admin_label=\u00bbtea\u00bb _builder_version=\u00bb4.14.7&#8243; _module_preset=\u00bbdefault\u00bb max_width=\u00bb250px\u00bb module_alignment=\u00bbcenter\u00bb global_colors_info=\u00bb{}\u00bb][\/et_pb_image][\/et_pb_column][et_pb_column type=\u00bb1_6&#8243; _builder_version=\u00bb4.14.7&#8243; _module_preset=\u00bbdefault\u00bb global_colors_info=\u00bb{}\u00bb][et_pb_image src=\u00bbhttps:\/\/www.aitanacongress.com\/2023\/wp-content\/uploads\/sepcij-logo.png\u00bb title_text=\u00bbsepcij-logo\u00bb url=\u00bbhttps:\/\/www.sepcij.es\/\u00bb url_new_window=\u00bbon\u00bb admin_label=\u00bbsepcij\u00bb _builder_version=\u00bb4.14.7&#8243; _module_preset=\u00bbdefault\u00bb max_width=\u00bb250px\u00bb module_alignment=\u00bbcenter\u00bb global_colors_info=\u00bb{}\u00bb][\/et_pb_image][\/et_pb_column][et_pb_column type=\u00bb1_6&#8243; _builder_version=\u00bb4.14.7&#8243; _module_preset=\u00bbdefault\u00bb global_colors_info=\u00bb{}\u00bb][\/et_pb_column][\/et_pb_row][et_pb_row column_structure=\u00bb1_5,1_5,1_5,1_5,1_5&#8243; use_custom_gutter=\u00bbon\u00bb gutter_width=\u00bb2&#8243; custom_padding_last_edited=\u00bbon|desktop\u00bb module_class=\u00bbsegunda-fila-logos\u00bb _builder_version=\u00bb4.14.7&#8243; _module_preset=\u00bbdefault\u00bb width=\u00bb100%\u00bb max_width=\u00bb1200px\u00bb custom_padding=\u00bb|20px||20px|false|false\u00bb custom_padding_tablet=\u00bb|20px||20px|false|false\u00bb custom_padding_phone=\u00bb|20px||20px|false|false\u00bb global_colors_info=\u00bb{}\u00bb][et_pb_column type=\u00bb1_5&#8243; _builder_version=\u00bb4.14.7&#8243; _module_preset=\u00bbdefault\u00bb global_colors_info=\u00bb{}\u00bb][\/et_pb_column][et_pb_column type=\u00bb1_5&#8243; _builder_version=\u00bb4.14.7&#8243; _module_preset=\u00bbdefault\u00bb global_colors_info=\u00bb{}\u00bb][et_pb_image src=\u00bbhttps:\/\/www.aitanacongress.com\/2023\/wp-content\/uploads\/logo_COP-2023.png\u00bb title_text=\u00bblogo_COP-2023&#8243; url=\u00bbhttps:\/\/www.cop.es\/index.php\u00bb url_new_window=\u00bbon\u00bb admin_label=\u00bbCOP\u00bb _builder_version=\u00bb4.14.7&#8243; _module_preset=\u00bbdefault\u00bb max_width=\u00bb250px\u00bb module_alignment=\u00bbcenter\u00bb global_colors_info=\u00bb{}\u00bb][\/et_pb_image][\/et_pb_column][et_pb_column type=\u00bb1_5&#8243; _builder_version=\u00bb4.14.7&#8243; _module_preset=\u00bbdefault\u00bb global_colors_info=\u00bb{}\u00bb][et_pb_image src=\u00bbhttps:\/\/www.aitanacongress.com\/2023\/wp-content\/uploads\/logo-academia-psicologia-2023.png\u00bb title_text=\u00bblogo-academia-psicologia-2023&#8243; url=\u00bbhttps:\/\/www.academiapsicologia.com\/\u00bb url_new_window=\u00bbon\u00bb admin_label=\u00bbAcademia Psic\u00bb _builder_version=\u00bb4.14.7&#8243; _module_preset=\u00bbdefault\u00bb custom_margin=\u00bb||-1px|||\u00bb global_colors_info=\u00bb{}\u00bb][\/et_pb_image][\/et_pb_column][et_pb_column type=\u00bb1_5&#8243; _builder_version=\u00bb4.14.7&#8243; _module_preset=\u00bbdefault\u00bb global_colors_info=\u00bb{}\u00bb][et_pb_image src=\u00bbhttps:\/\/www.aitanacongress.com\/2023\/wp-content\/uploads\/PearsonLogo-2023.png\u00bb title_text=\u00bbPearsonLogo-2023&#8243; url=\u00bbhttps:\/\/www.pearsonclinical.es\/?utm_source=online&#038;utm_medium=social_organic&#038;utm_campaign=aitana_23&#038;utm_term=logo-web\u00bb url_new_window=\u00bbon\u00bb disabled_on=\u00bboff|off|off\u00bb admin_label=\u00bbPearson\u00bb _builder_version=\u00bb4.14.7&#8243; _module_preset=\u00bbdefault\u00bb custom_margin=\u00bb||-1px|||\u00bb global_colors_info=\u00bb{}\u00bb][\/et_pb_image][\/et_pb_column][et_pb_column type=\u00bb1_5&#8243; _builder_version=\u00bb4.14.7&#8243; _module_preset=\u00bbdefault\u00bb global_colors_info=\u00bb{}\u00bb][\/et_pb_column][\/et_pb_row][\/et_pb_section]<\/p>\n","protected":false},"excerpt":{"rendered":"<p>\u00bfY despu\u00e9s de la adopci\u00f3n?\u00bb: Necesidades e intervenciones seg\u00fan las familias y los profesionales.Este Simposio se centra en la post-adopci\u00f3n y tiene como objetivo acumular conocimientos en el campo, tendiendo un puente entre los dominios de la psicolog\u00eda cl\u00ednica y la protecci\u00f3n infantil. Los retos de ser una familia adoptiva son m\u00faltiples, y todos los [&hellip;]<\/p>\n","protected":false},"author":1,"featured_media":0,"parent":0,"menu_order":0,"comment_status":"closed","ping_status":"closed","template":"","meta":{"_et_pb_use_builder":"on","_et_pb_old_content":"","_et_gb_content_width":"","_mi_skip_tracking":false,"_monsterinsights_sitenote_active":false,"_monsterinsights_sitenote_note":"","_monsterinsights_sitenote_category":0,"footnotes":""},"class_list":["post-7007","page","type-page","status-publish","hentry"],"yoast_head":"<!-- This site is optimized with the Yoast SEO plugin v18.2 - https:\/\/yoast.com\/wordpress\/plugins\/seo\/ -->\n<title>Ponente Margarida Rangel Henriques - 9th International Congress of Clinical and Health Psychology in Children and Adolescents<\/title>\n<meta name=\"robots\" content=\"index, follow, max-snippet:-1, max-image-preview:large, max-video-preview:-1\" \/>\n<link rel=\"canonical\" href=\"https:\/\/www.aitanacongress.com\/2023\/ponente-margarida-rangel\/\" \/>\n<meta property=\"og:locale\" content=\"es_ES\" \/>\n<meta property=\"og:type\" content=\"article\" \/>\n<meta property=\"og:title\" content=\"Ponente Margarida Rangel Henriques - 9th International Congress of Clinical and Health Psychology in Children and Adolescents\" \/>\n<meta property=\"og:description\" content=\"\u00bfY despu\u00e9s de la adopci\u00f3n?&quot;: Necesidades e intervenciones seg\u00fan las familias y los profesionales.Este Simposio se centra en la post-adopci\u00f3n y tiene como objetivo acumular conocimientos en el campo, tendiendo un puente entre los dominios de la psicolog\u00eda cl\u00ednica y la protecci\u00f3n infantil. Los retos de ser una familia adoptiva son m\u00faltiples, y todos los [&hellip;]\" \/>\n<meta property=\"og:url\" content=\"https:\/\/www.aitanacongress.com\/2023\/ponente-margarida-rangel\/\" \/>\n<meta property=\"og:site_name\" content=\"9th International Congress of Clinical and Health Psychology in Children and Adolescents\" \/>\n<meta property=\"article:modified_time\" content=\"2023-11-07T08:32:46+00:00\" \/>\n<meta name=\"twitter:card\" content=\"summary_large_image\" \/>\n<meta name=\"twitter:label1\" content=\"Tiempo de lectura\" \/>\n\t<meta name=\"twitter:data1\" content=\"4 minutos\" \/>\n<script type=\"application\/ld+json\" class=\"yoast-schema-graph\">{\"@context\":\"https:\/\/schema.org\",\"@graph\":[{\"@type\":\"WebSite\",\"@id\":\"https:\/\/www.aitanacongress.com\/2023\/#website\",\"url\":\"https:\/\/www.aitanacongress.com\/2023\/\",\"name\":\"9th International Congress of Clinical and Health Psychology in Children and Adolescents\",\"description\":\"9th International Congress of Clinical and Health Psychology in Children and Adolescents\",\"potentialAction\":[{\"@type\":\"SearchAction\",\"target\":{\"@type\":\"EntryPoint\",\"urlTemplate\":\"https:\/\/www.aitanacongress.com\/2023\/?s={search_term_string}\"},\"query-input\":\"required name=search_term_string\"}],\"inLanguage\":\"es\"},{\"@type\":\"WebPage\",\"@id\":\"https:\/\/www.aitanacongress.com\/2023\/ponente-margarida-rangel\/#webpage\",\"url\":\"https:\/\/www.aitanacongress.com\/2023\/ponente-margarida-rangel\/\",\"name\":\"Ponente Margarida Rangel Henriques - 9th International Congress of Clinical and Health Psychology in Children and Adolescents\",\"isPartOf\":{\"@id\":\"https:\/\/www.aitanacongress.com\/2023\/#website\"},\"datePublished\":\"2023-03-23T08:24:45+00:00\",\"dateModified\":\"2023-11-07T08:32:46+00:00\",\"breadcrumb\":{\"@id\":\"https:\/\/www.aitanacongress.com\/2023\/ponente-margarida-rangel\/#breadcrumb\"},\"inLanguage\":\"es\",\"potentialAction\":[{\"@type\":\"ReadAction\",\"target\":[\"https:\/\/www.aitanacongress.com\/2023\/ponente-margarida-rangel\/\"]}]},{\"@type\":\"BreadcrumbList\",\"@id\":\"https:\/\/www.aitanacongress.com\/2023\/ponente-margarida-rangel\/#breadcrumb\",\"itemListElement\":[{\"@type\":\"ListItem\",\"position\":1,\"name\":\"Portada\",\"item\":\"https:\/\/www.aitanacongress.com\/2023\/\"},{\"@type\":\"ListItem\",\"position\":2,\"name\":\"Ponente Margarida Rangel Henriques\"}]}]}<\/script>\n<!-- \/ Yoast SEO plugin. -->","yoast_head_json":{"title":"Ponente Margarida Rangel Henriques - 9th International Congress of Clinical and Health Psychology in Children and Adolescents","robots":{"index":"index","follow":"follow","max-snippet":"max-snippet:-1","max-image-preview":"max-image-preview:large","max-video-preview":"max-video-preview:-1"},"canonical":"https:\/\/www.aitanacongress.com\/2023\/ponente-margarida-rangel\/","og_locale":"es_ES","og_type":"article","og_title":"Ponente Margarida Rangel Henriques - 9th International Congress of Clinical and Health Psychology in Children and Adolescents","og_description":"\u00bfY despu\u00e9s de la adopci\u00f3n?\": Necesidades e intervenciones seg\u00fan las familias y los profesionales.Este Simposio se centra en la post-adopci\u00f3n y tiene como objetivo acumular conocimientos en el campo, tendiendo un puente entre los dominios de la psicolog\u00eda cl\u00ednica y la protecci\u00f3n infantil. Los retos de ser una familia adoptiva son m\u00faltiples, y todos los [&hellip;]","og_url":"https:\/\/www.aitanacongress.com\/2023\/ponente-margarida-rangel\/","og_site_name":"9th International Congress of Clinical and Health Psychology in Children and Adolescents","article_modified_time":"2023-11-07T08:32:46+00:00","twitter_card":"summary_large_image","twitter_misc":{"Tiempo de lectura":"4 minutos"},"schema":{"@context":"https:\/\/schema.org","@graph":[{"@type":"WebSite","@id":"https:\/\/www.aitanacongress.com\/2023\/#website","url":"https:\/\/www.aitanacongress.com\/2023\/","name":"9th International Congress of Clinical and Health Psychology in Children and Adolescents","description":"9th International Congress of Clinical and Health Psychology in Children and Adolescents","potentialAction":[{"@type":"SearchAction","target":{"@type":"EntryPoint","urlTemplate":"https:\/\/www.aitanacongress.com\/2023\/?s={search_term_string}"},"query-input":"required name=search_term_string"}],"inLanguage":"es"},{"@type":"WebPage","@id":"https:\/\/www.aitanacongress.com\/2023\/ponente-margarida-rangel\/#webpage","url":"https:\/\/www.aitanacongress.com\/2023\/ponente-margarida-rangel\/","name":"Ponente Margarida Rangel Henriques - 9th International Congress of Clinical and Health Psychology in Children and Adolescents","isPartOf":{"@id":"https:\/\/www.aitanacongress.com\/2023\/#website"},"datePublished":"2023-03-23T08:24:45+00:00","dateModified":"2023-11-07T08:32:46+00:00","breadcrumb":{"@id":"https:\/\/www.aitanacongress.com\/2023\/ponente-margarida-rangel\/#breadcrumb"},"inLanguage":"es","potentialAction":[{"@type":"ReadAction","target":["https:\/\/www.aitanacongress.com\/2023\/ponente-margarida-rangel\/"]}]},{"@type":"BreadcrumbList","@id":"https:\/\/www.aitanacongress.com\/2023\/ponente-margarida-rangel\/#breadcrumb","itemListElement":[{"@type":"ListItem","position":1,"name":"Portada","item":"https:\/\/www.aitanacongress.com\/2023\/"},{"@type":"ListItem","position":2,"name":"Ponente Margarida Rangel Henriques"}]}]}},"_links":{"self":[{"href":"https:\/\/www.aitanacongress.com\/2023\/wp-json\/wp\/v2\/pages\/7007","targetHints":{"allow":["GET"]}}],"collection":[{"href":"https:\/\/www.aitanacongress.com\/2023\/wp-json\/wp\/v2\/pages"}],"about":[{"href":"https:\/\/www.aitanacongress.com\/2023\/wp-json\/wp\/v2\/types\/page"}],"author":[{"embeddable":true,"href":"https:\/\/www.aitanacongress.com\/2023\/wp-json\/wp\/v2\/users\/1"}],"replies":[{"embeddable":true,"href":"https:\/\/www.aitanacongress.com\/2023\/wp-json\/wp\/v2\/comments?post=7007"}],"version-history":[{"count":9,"href":"https:\/\/www.aitanacongress.com\/2023\/wp-json\/wp\/v2\/pages\/7007\/revisions"}],"predecessor-version":[{"id":9628,"href":"https:\/\/www.aitanacongress.com\/2023\/wp-json\/wp\/v2\/pages\/7007\/revisions\/9628"}],"wp:attachment":[{"href":"https:\/\/www.aitanacongress.com\/2023\/wp-json\/wp\/v2\/media?parent=7007"}],"curies":[{"name":"wp","href":"https:\/\/api.w.org\/{rel}","templated":true}]}}