{"id":7967,"date":"2023-03-29T16:28:05","date_gmt":"2023-03-29T14:28:05","guid":{"rendered":"https:\/\/www.aitanacongress.com\/2023\/?page_id=7967"},"modified":"2023-03-30T08:42:49","modified_gmt":"2023-03-30T06:42:49","slug":"ponente-roberta-mineo","status":"publish","type":"page","link":"https:\/\/www.aitanacongress.com\/2023\/ponente-roberta-mineo\/","title":{"rendered":"Ponente Roberta Mineo"},"content":{"rendered":"<p>[et_pb_section fb_built=\u00bb1&#8243; custom_padding_last_edited=\u00bbon|phone\u00bb admin_label=\u00bbPonencia\u00bb module_class=\u00bbponencia\u00bb _builder_version=\u00bb4.14.7&#8243; use_background_color_gradient=\u00bbon\u00bb background_color_gradient_start=\u00bb#e83643&#8243; background_color_gradient_end=\u00bb#e83643&#8243; custom_margin=\u00bb|||\u00bb custom_padding=\u00bb40px||40px||false|false\u00bb custom_padding_tablet=\u00bb40px||40px||false|false\u00bb custom_padding_phone=\u00bb20px||20px||false|false\u00bb global_colors_info=\u00bb{}\u00bb][et_pb_row column_structure=\u00bb3_4,1_4&#8243; custom_padding_last_edited=\u00bbon|phone\u00bb disabled_on=\u00bboff|off|off\u00bb admin_label=\u00bbFila\u00bb _builder_version=\u00bb4.14.7&#8243; background_size=\u00bbinitial\u00bb background_position=\u00bbtop_left\u00bb background_repeat=\u00bbrepeat\u00bb width_tablet=\u00bb\u00bb width_phone=\u00bb100%\u00bb width_last_edited=\u00bbon|phone\u00bb custom_margin=\u00bb||0px||false|false\u00bb custom_padding=\u00bb||0px||false|false\u00bb custom_padding_tablet=\u00bb||0px||false|false\u00bb custom_padding_phone=\u00bb|20px||20px|false|false\u00bb global_colors_info=\u00bb{}\u00bb][et_pb_column type=\u00bb3_4&#8243; _builder_version=\u00bb3.25&#8243; custom_padding=\u00bb|||\u00bb global_colors_info=\u00bb{}\u00bb custom_padding__hover=\u00bb|||\u00bb][et_pb_text admin_label=\u00bbT\u00edtulo\u00bb _builder_version=\u00bb4.14.7&#8243; header_font=\u00bbMerriweather|700|||||||\u00bb header_font_size=\u00bb46px\u00bb header_line_height=\u00bb1.3em\u00bb custom_margin=\u00bb||0px|\u00bb animation_style=\u00bbflip\u00bb animation_direction=\u00bbtop\u00bb hover_enabled=\u00bb0&#8243; global_colors_info=\u00bb{}\u00bb sticky_enabled=\u00bb0&#8243;]<\/p>\n<h1>Salud mental y la aproximaci\u00f3n \u00abreggio\u00bb: c\u00f3mo un modelo educativo puede moldear las intervenciones psicol\u00f3gicas infantiles<\/h1>\n<p>[\/et_pb_text][et_pb_divider color=\u00bb#ffc540&#8243; divider_position=\u00bbcenter\u00bb divider_weight=\u00bb2px\u00bb _builder_version=\u00bb4.14.7&#8243; max_width=\u00bb90px\u00bb max_width_tablet=\u00bb12%\u00bb max_width_last_edited=\u00bboff|desktop\u00bb custom_margin=\u00bb|||\u00bb animation_style=\u00bbflip\u00bb animation_delay=\u00bb50ms\u00bb global_colors_info=\u00bb{}\u00bb][\/et_pb_divider][\/et_pb_column][et_pb_column type=\u00bb1_4&#8243; _builder_version=\u00bb3.25&#8243; custom_padding=\u00bb|||\u00bb global_colors_info=\u00bb{}\u00bb custom_padding__hover=\u00bb|||\u00bb][et_pb_image src=\u00bbhttps:\/\/www.aitanacongress.com\/2023\/wp-content\/uploads\/img-barquito.png\u00bb title_text=\u00bbimg-barquito\u00bb force_fullwidth=\u00bbon\u00bb align_tablet=\u00bbcenter\u00bb align_phone=\u00bb\u00bb align_last_edited=\u00bbon|desktop\u00bb admin_label=\u00bbImagen\u00bb _builder_version=\u00bb4.14.7&#8243; animation_style=\u00bbslide\u00bb animation_direction=\u00bbright\u00bb animation_intensity_slide=\u00bb10%\u00bb global_colors_info=\u00bb{}\u00bb][\/et_pb_image][\/et_pb_column][\/et_pb_row][et_pb_row custom_padding_last_edited=\u00bbon|phone\u00bb disabled_on=\u00bboff|off|off\u00bb admin_label=\u00bbFila\u00bb _builder_version=\u00bb4.14.7&#8243; background_size=\u00bbinitial\u00bb background_position=\u00bbtop_left\u00bb background_repeat=\u00bbrepeat\u00bb width_tablet=\u00bb\u00bb width_phone=\u00bb100%\u00bb width_last_edited=\u00bbon|phone\u00bb custom_margin=\u00bb0px||||false|false\u00bb custom_padding=\u00bb0px||||false|false\u00bb custom_padding_tablet=\u00bb0px||||false|false\u00bb custom_padding_phone=\u00bb|20px||20px|false|false\u00bb global_colors_info=\u00bb{}\u00bb][et_pb_column type=\u00bb4_4&#8243; _builder_version=\u00bb3.25&#8243; custom_padding=\u00bb|||\u00bb global_colors_info=\u00bb{}\u00bb custom_padding__hover=\u00bb|||\u00bb][et_pb_text _builder_version=\u00bb4.14.7&#8243; text_font=\u00bb||||||||\u00bb text_font_size=\u00bb20px\u00bb text_line_height=\u00bb1.8em\u00bb custom_margin=\u00bb25px|||\u00bb animation_style=\u00bbflip\u00bb animation_direction=\u00bbtop\u00bb animation_delay=\u00bb100ms\u00bb global_colors_info=\u00bb{}\u00bb]<\/p>\n<p>El bienestar psicol\u00f3gico de los ni\u00f1os es el objetivo fundamental de la llamada Aproximaci\u00f3n de Reggio Emilia (REA). Se persigue a trav\u00e9s de un modelo educativo centrado en el ni\u00f1o, visto como un agente competente en su propio desarrollo: los aliados fundamentales en su educaci\u00f3n son la familia, los maestros, el ambiente y la ciudad, contribuyendo todos ellos como aprendices en la comunidad. Los pilares de dicha aproximaci\u00f3n son conocidos por sus implicaciones pedag\u00f3gicas: los cien lenguajes, el taller de arte, y el ambiente como tercer educador. Sin embargo, la comunidad cient\u00edfica a\u00fan no ha investigado los efectos de la REA en los constructos psicol\u00f3gicos en las primeras etapas del desarrollo humano, ni en los efectos de sus actividades prosociales en el bienestar de los ni\u00f1os.<\/p>\n<p>El simposio permite reflexionar sobre el car\u00e1cter de los ni\u00f1os, derivado de la investigaci\u00f3n sobre las competencias morales y virtudes que se consideran transculturales, y destaca el papel de los adultos en la coconstrucci\u00f3n de tales valores. El enfoque en la \u00e9tica tambi\u00e9n se hace evidente en la contribuci\u00f3n de los valores pol\u00edticos de la REA en la lucha contra la cultura mafiosa, que a menudo se respira y se asimila desde la infancia en los contextos escolares. Adem\u00e1s, esta aproximaci\u00f3n abarca la salud mental ofreciendo un espacio de investigaci\u00f3n para negociar el n\u00facleo constructivo de la infancia en culturas donde los cuidadores j\u00f3venes luchan por acceder a la educaci\u00f3n y el bienestar general. Por \u00faltimo, el simposio ofrece una visi\u00f3n sobre el impacto de su taller m\u00e1s famoso en la salud de los ni\u00f1os con discapacidades, experimentando un enfoque art\u00edstico para la inclusi\u00f3n.<\/p>\n<p>[\/et_pb_text][\/et_pb_column][\/et_pb_row][\/et_pb_section][et_pb_section fb_built=\u00bb1&#8243; custom_padding_last_edited=\u00bbon|phone\u00bb admin_label=\u00bbPonente\u00bb module_class=\u00bbsingle-ponente\u00bb _builder_version=\u00bb4.14.7&#8243; background_color=\u00bb#f5f9fb\u00bb background_image=\u00bbhttps:\/\/www.aitanacongress.com\/2023\/wp-content\/uploads\/bg-4.png\u00bb background_size=\u00bbinitial\u00bb background_position=\u00bbtop_right\u00bb custom_margin=\u00bb0px||0px||false|false\u00bb custom_padding=\u00bb130px||80px||false|false\u00bb custom_padding_tablet=\u00bb130px||80px||false|false\u00bb custom_padding_phone=\u00bb85px||60px||false|false\u00bb global_colors_info=\u00bb{}\u00bb][et_pb_row column_structure=\u00bb2_3,1_3&#8243; custom_padding_last_edited=\u00bbon|phone\u00bb _builder_version=\u00bb4.14.7&#8243; width_tablet=\u00bb\u00bb width_phone=\u00bb100%\u00bb width_last_edited=\u00bbon|phone\u00bb module_alignment=\u00bbcenter\u00bb custom_margin=\u00bb0px||0px||false|false\u00bb custom_margin_tablet=\u00bb0px|||\u00bb custom_margin_phone=\u00bb0px|||\u00bb custom_margin_last_edited=\u00bboff|desktop\u00bb custom_padding=\u00bb0px|0px|0px|0px|false|false\u00bb custom_padding_tablet=\u00bb0px|0px|0px|0px|false|false\u00bb custom_padding_phone=\u00bb|20px||20px|false|false\u00bb global_colors_info=\u00bb{}\u00bb][et_pb_column type=\u00bb2_3&#8243; _builder_version=\u00bb4.14.7&#8243; background_color_gradient_start=\u00bb#ff6a88&#8243; background_color_gradient_end=\u00bb#ff99ac\u00bb background_color_gradient_direction=\u00bb35deg\u00bb custom_padding=\u00bb|60px|0px||false|false\u00bb custom_padding_tablet=\u00bb|0px||\u00bb custom_padding_phone=\u00bb|0px||\u00bb custom_padding_last_edited=\u00bbon|desktop\u00bb global_colors_info=\u00bb{}\u00bb padding_tablet=\u00bb|0px||\u00bb padding_last_edited=\u00bbon|desktop\u00bb custom_padding__hover=\u00bb|||\u00bb padding_phone=\u00bb|0px||\u00bb][et_pb_text admin_label=\u00bbNombre\u00bb _builder_version=\u00bb4.14.7&#8243; text_font=\u00bb||||||||\u00bb header_font=\u00bb||||||||\u00bb header_2_font=\u00bbMontserrat|500|||||||\u00bb header_2_text_color=\u00bb#e83643&#8243; header_2_font_size=\u00bb30px\u00bb header_2_line_height=\u00bb1.4em\u00bb custom_margin=\u00bb-40px||0px||false|false\u00bb animation_style=\u00bbfade\u00bb animation_direction=\u00bbright\u00bb animation_starting_opacity=\u00bb100%\u00bb global_colors_info=\u00bb{}\u00bb]<\/p>\n<h2>ROBERTA MINEO<\/h2>\n<p>[\/et_pb_text][et_pb_text admin_label=\u00bbEstudios\u00bb module_class=\u00bbestudios\u00bb _builder_version=\u00bb4.14.7&#8243; text_font=\u00bbMontserrat|600||on|||||\u00bb text_text_color=\u00bb#180302&#8243; header_font=\u00bb||||||||\u00bb animation_style=\u00bbslide\u00bb animation_direction=\u00bbright\u00bb animation_intensity_slide=\u00bb5%\u00bb animation_starting_opacity=\u00bb100%\u00bb global_colors_info=\u00bb{}\u00bb]Universidad de M\u00f3dena y Reggio Emilia. Italia[\/et_pb_text][et_pb_divider divider_weight=\u00bb3px\u00bb _builder_version=\u00bb4.14.7&#8243; max_width=\u00bb80px\u00bb animation_style=\u00bbslide\u00bb animation_direction=\u00bbright\u00bb animation_intensity_slide=\u00bb5%\u00bb animation_starting_opacity=\u00bb100%\u00bb global_colors_info=\u00bb{}\u00bb][\/et_pb_divider][et_pb_text admin_label=\u00bbTexto\u00bb _builder_version=\u00bb4.14.7&#8243; text_font=\u00bbMontserrat|300|||||||\u00bb text_font_size=\u00bb16px\u00bb text_line_height=\u00bb1.8em\u00bb animation_style=\u00bbslide\u00bb animation_direction=\u00bbright\u00bb animation_intensity_slide=\u00bb5%\u00bb animation_starting_opacity=\u00bb100%\u00bb global_colors_info=\u00bb{}\u00bb]<\/p>\n<p>Profesora de Psicodin\u00e1mica de las Relaciones Familiares, Psicolog\u00eda Cl\u00ednica y Procesos de Grupo. Directora del primer Doctorado Industrial en Estudios de Infancia de Reggio, desde su apertura, dirigiendo todos los seminarios introductorios para los doctorandos de primer a\u00f1o.<\/p>\n<p>Acad\u00e9mica titulada, Investigadora Senior en la Universidad de M\u00f3dena y Reggio Emilia, y Presidenta del Comit\u00e9 Erasmus y otros programas de movilidad, con m\u00e1s de treinta socios internacionales en todo el mundo.<\/p>\n<p>Investigadora principal o miembro de equipo en muchos programas internacionales, como el Atlantis-Glofied sobre la primera infancia o el Grundtvig-Seniorks sobre el aprendizaje durante toda la vida.<\/p>\n<p>Profesora visitante en la Facultad de Derecho de la Universidad de Nueva York, invitada por el profesor Jerome Bruner.<\/p>\n<p>Preside el Comit\u00e9 de Gobierno y Estatutos de la Asociaci\u00f3n Internacional de Psicoterapia de Grupo y Procesos de Grupo (IAGP), e inici\u00f3 el programa FOYT para j\u00f3venes profesionales. Como graduada en Psicolog\u00eda Laboral y Organizacional, con un doctorado en Psicolog\u00eda Cl\u00ednica y un postdoctorado en Derechos Humanos, es dise\u00f1adora de conferencias internacionales como Ryla (Premio de Liderazgo Juvenil Rotario) y FLAM (Feminidad, Liderazgo, Autoridad, Masculinidad), asesora de ONGs (como CISS Marruecos) e investigadora en instituciones educativas (como el Centro de Investigaci\u00f3n Rakhawy en El Cairo).<\/p>\n<p>Sus publicaciones recientes han sido en el campo de la resiliencia juvenil, la educaci\u00f3n sobre la muerte, la violencia en el noviazgo adolescente, los grandes grupos psicodin\u00e1micos, la creatividad y los procesos de grupo. Su inter\u00e9s cient\u00edfico se centra principalmente en el psicoan\u00e1lisis y sus desarrollos aplicados a entornos educativos.<\/p>\n<p>[\/et_pb_text][\/et_pb_column][et_pb_column type=\u00bb1_3&#8243; _builder_version=\u00bb4.14.7&#8243; use_background_color_gradient=\u00bbon\u00bb background_color_gradient_start=\u00bb#e83643&#8243; background_color_gradient_end=\u00bb#e83643&#8243; custom_padding=\u00bb|||\u00bb global_colors_info=\u00bb{}\u00bb custom_padding__hover=\u00bb|||\u00bb][et_pb_image src=\u00bbhttps:\/\/www.aitanacongress.com\/2023\/wp-content\/uploads\/Roberta-Mineo.jpg\u00bb title_text=\u00bbRoberta Mineo\u00bb align=\u00bbcenter\u00bb force_fullwidth=\u00bbon\u00bb disabled_on=\u00bboff|off|off\u00bb admin_label=\u00bbImagen ponente\u00bb _builder_version=\u00bb4.14.7&#8243; custom_margin=\u00bb-40px|40px|40px|-40px\u00bb custom_padding=\u00bb|||\u00bb animation_direction=\u00bbright\u00bb border_color_all=\u00bb#\u00bb box_shadow_style=\u00bbpreset3&#8243; box_shadow_horizontal=\u00bb13px\u00bb box_shadow_vertical=\u00bb42px\u00bb box_shadow_blur=\u00bb45px\u00bb box_shadow_spread=\u00bb-3px\u00bb box_shadow_color=\u00bbrgba(0,0,0,0.1)\u00bb always_center_on_mobile=\u00bboff\u00bb global_colors_info=\u00bb{}\u00bb][\/et_pb_image][\/et_pb_column][\/et_pb_row][\/et_pb_section][et_pb_section fb_built=\u00bb1&#8243; custom_padding_last_edited=\u00bbon|desktop\u00bb admin_label=\u00bbLOGO_ESPANOL\u00bb module_class=\u00bblogos-congreso\u00bb _builder_version=\u00bb4.14.7&#8243; _module_preset=\u00bbdefault\u00bb custom_padding=\u00bb50px||30px||false|false\u00bb custom_padding_tablet=\u00bb50px||50px||false|false\u00bb custom_padding_phone=\u00bb||25px||false|false\u00bb global_module=\u00bb6397&#8243; saved_tabs=\u00bball\u00bb collapsed=\u00bboff\u00bb global_colors_info=\u00bb{}\u00bb][et_pb_row custom_padding_last_edited=\u00bbon|phone\u00bb admin_label=\u00bbOrganiza\u00bb _builder_version=\u00bb4.14.7&#8243; _module_preset=\u00bbdefault\u00bb custom_margin=\u00bb||0px||false|false\u00bb custom_padding=\u00bb||0px||false|false\u00bb custom_padding_tablet=\u00bb||0px||false|false\u00bb custom_padding_phone=\u00bb0px||||false|false\u00bb global_colors_info=\u00bb{}\u00bb][et_pb_column type=\u00bb4_4&#8243; _builder_version=\u00bb4.14.7&#8243; _module_preset=\u00bbdefault\u00bb global_colors_info=\u00bb{}\u00bb][et_pb_text _builder_version=\u00bb4.14.7&#8243; _module_preset=\u00bbdefault\u00bb text_font=\u00bb|||on|||||\u00bb text_text_color=\u00bb#e83643&#8243; text_orientation=\u00bbcenter\u00bb module_alignment=\u00bbcenter\u00bb custom_margin=\u00bb||0px||false|false\u00bb custom_padding=\u00bb||0px||false|false\u00bb global_colors_info=\u00bb{}\u00bb]<\/p>\n<p>Organiza<\/p>\n<p>[\/et_pb_text][\/et_pb_column][\/et_pb_row][et_pb_row column_structure=\u00bb1_4,1_4,1_4,1_4&#8243; _builder_version=\u00bb4.14.7&#8243; _module_preset=\u00bbdefault\u00bb global_colors_info=\u00bb{}\u00bb][et_pb_column type=\u00bb1_4&#8243; _builder_version=\u00bb4.14.7&#8243; _module_preset=\u00bbdefault\u00bb global_colors_info=\u00bb{}\u00bb][\/et_pb_column][et_pb_column type=\u00bb1_4&#8243; _builder_version=\u00bb4.14.7&#8243; _module_preset=\u00bbdefault\u00bb global_colors_info=\u00bb{}\u00bb][et_pb_image src=\u00bbhttps:\/\/www.aitanacongress.com\/2023\/wp-content\/uploads\/logo-aitana-2023.png\u00bb title_text=\u00bblogo-aitana-2023&#8243; url=\u00bbhttps:\/\/aitanainvestigacion.umh.es\/\u00bb url_new_window=\u00bbon\u00bb admin_label=\u00bbaitana\u00bb _builder_version=\u00bb4.14.7&#8243; _module_preset=\u00bbdefault\u00bb width=\u00bb250px\u00bb module_alignment=\u00bbcenter\u00bb global_colors_info=\u00bb{}\u00bb][\/et_pb_image][\/et_pb_column][et_pb_column type=\u00bb1_4&#8243; _builder_version=\u00bb4.14.7&#8243; _module_preset=\u00bbdefault\u00bb global_colors_info=\u00bb{}\u00bb][et_pb_image src=\u00bbhttps:\/\/www.aitanacongress.com\/2023\/wp-content\/uploads\/logo-UHM-2023.png\u00bb title_text=\u00bblogo-UHM-2023&#8243; url=\u00bbhttps:\/\/www.umh.es\/\u00bb url_new_window=\u00bbon\u00bb admin_label=\u00bbUHM\u00bb _builder_version=\u00bb4.14.7&#8243; _module_preset=\u00bbdefault\u00bb width=\u00bb250px\u00bb module_alignment=\u00bbcenter\u00bb global_colors_info=\u00bb{}\u00bb][\/et_pb_image][\/et_pb_column][et_pb_column type=\u00bb1_4&#8243; _builder_version=\u00bb4.14.7&#8243; _module_preset=\u00bbdefault\u00bb global_colors_info=\u00bb{}\u00bb][\/et_pb_column][\/et_pb_row][et_pb_row custom_padding_last_edited=\u00bbon|phone\u00bb disabled_on=\u00bbon|on|on\u00bb admin_label=\u00bbPatrocina\u00bb _builder_version=\u00bb4.14.7&#8243; _module_preset=\u00bbdefault\u00bb custom_margin=\u00bb||0px||false|false\u00bb custom_margin_tablet=\u00bb||0px||false|false\u00bb custom_margin_phone=\u00bb-15px||||false|false\u00bb custom_margin_last_edited=\u00bbon|phone\u00bb custom_padding=\u00bb||0px||false|false\u00bb custom_padding_tablet=\u00bb||0px||false|false\u00bb custom_padding_phone=\u00bb0px||||false|false\u00bb disabled=\u00bbon\u00bb global_colors_info=\u00bb{}\u00bb][et_pb_column type=\u00bb4_4&#8243; _builder_version=\u00bb4.14.7&#8243; _module_preset=\u00bbdefault\u00bb global_colors_info=\u00bb{}\u00bb][et_pb_text _builder_version=\u00bb4.14.7&#8243; _module_preset=\u00bbdefault\u00bb text_font=\u00bb|||on|||||\u00bb text_text_color=\u00bb#e83643&#8243; text_orientation=\u00bbcenter\u00bb module_alignment=\u00bbcenter\u00bb custom_margin=\u00bb||0px||false|false\u00bb custom_padding=\u00bb||0px||false|false\u00bb global_colors_info=\u00bb{}\u00bb]<\/p>\n<p>Patrocina<\/p>\n<p>[\/et_pb_text][\/et_pb_column][\/et_pb_row][et_pb_row column_structure=\u00bb1_3,1_3,1_3&#8243; disabled_on=\u00bbon|on|on\u00bb _builder_version=\u00bb4.14.7&#8243; _module_preset=\u00bbdefault\u00bb disabled=\u00bbon\u00bb global_colors_info=\u00bb{}\u00bb][et_pb_column type=\u00bb1_3&#8243; _builder_version=\u00bb4.14.7&#8243; _module_preset=\u00bbdefault\u00bb global_colors_info=\u00bb{}\u00bb][\/et_pb_column][et_pb_column type=\u00bb1_3&#8243; _builder_version=\u00bb4.14.7&#8243; _module_preset=\u00bbdefault\u00bb global_colors_info=\u00bb{}\u00bb][et_pb_image src=\u00bbhttps:\/\/www.aitanacongress.com\/2023\/wp-content\/uploads\/logo_gva_2023.png\u00bb title_text=\u00bblogo_gva_2023&#8243; url=\u00bbhttps:\/\/www.gva.es\/va\/inicio\/presentacion\u00bb url_new_window=\u00bbon\u00bb admin_label=\u00bbgva\u00bb _builder_version=\u00bb4.14.7&#8243; _module_preset=\u00bbdefault\u00bb width=\u00bb300px\u00bb module_alignment=\u00bbcenter\u00bb global_colors_info=\u00bb{}\u00bb][\/et_pb_image][\/et_pb_column][et_pb_column type=\u00bb1_3&#8243; _builder_version=\u00bb4.14.7&#8243; _module_preset=\u00bbdefault\u00bb global_colors_info=\u00bb{}\u00bb][\/et_pb_column][\/et_pb_row][et_pb_row custom_padding_last_edited=\u00bbon|phone\u00bb admin_label=\u00bbCon el apoyo de \u00bb _builder_version=\u00bb4.14.7&#8243; _module_preset=\u00bbdefault\u00bb custom_margin=\u00bb||0px||false|false\u00bb custom_margin_tablet=\u00bb||0px||false|false\u00bb custom_margin_phone=\u00bb-15px||||false|false\u00bb custom_margin_last_edited=\u00bbon|phone\u00bb custom_padding=\u00bb||0px||false|false\u00bb custom_padding_tablet=\u00bb||0px||false|false\u00bb custom_padding_phone=\u00bb0px||||false|false\u00bb global_colors_info=\u00bb{}\u00bb][et_pb_column type=\u00bb4_4&#8243; _builder_version=\u00bb4.14.7&#8243; _module_preset=\u00bbdefault\u00bb global_colors_info=\u00bb{}\u00bb][et_pb_text _builder_version=\u00bb4.14.7&#8243; _module_preset=\u00bbdefault\u00bb text_font=\u00bb|||on|||||\u00bb text_text_color=\u00bb#e83643&#8243; text_orientation=\u00bbcenter\u00bb module_alignment=\u00bbcenter\u00bb custom_margin=\u00bb||0px||false|false\u00bb custom_padding=\u00bb||0px||false|false\u00bb global_colors_info=\u00bb{}\u00bb]<\/p>\n<p>Con el apoyo de<\/p>\n<p>[\/et_pb_text][\/et_pb_column][\/et_pb_row][et_pb_row column_structure=\u00bb1_5,1_5,1_5,1_5,1_5&#8243; use_custom_gutter=\u00bbon\u00bb gutter_width=\u00bb2&#8243; custom_padding_last_edited=\u00bbon|desktop\u00bb _builder_version=\u00bb4.14.7&#8243; _module_preset=\u00bbdefault\u00bb width=\u00bb100%\u00bb max_width=\u00bb1200px\u00bb custom_padding=\u00bb|20px||20px|false|false\u00bb custom_padding_tablet=\u00bb|20px||20px|false|false\u00bb custom_padding_phone=\u00bb|20px||20px|false|false\u00bb global_colors_info=\u00bb{}\u00bb][et_pb_column type=\u00bb1_5&#8243; _builder_version=\u00bb4.14.7&#8243; _module_preset=\u00bbdefault\u00bb global_colors_info=\u00bb{}\u00bb][et_pb_image src=\u00bbhttps:\/\/www.aitanacongress.com\/2023\/wp-content\/uploads\/logo-UV-tyrans.png\u00bb title_text=\u00bblogo-UV-tyrans\u00bb url=\u00bbhttps:\/\/www.uv.es\/\u00bb url_new_window=\u00bbon\u00bb admin_label=\u00bbUV\u00bb _builder_version=\u00bb4.14.7&#8243; _module_preset=\u00bbdefault\u00bb custom_margin=\u00bb||-1px|||\u00bb global_colors_info=\u00bb{}\u00bb][\/et_pb_image][\/et_pb_column][et_pb_column type=\u00bb1_5&#8243; _builder_version=\u00bb4.14.7&#8243; _module_preset=\u00bbdefault\u00bb global_colors_info=\u00bb{}\u00bb][et_pb_image src=\u00bbhttps:\/\/www.aitanacongress.com\/2023\/wp-content\/uploads\/logo-piramide-2023.png\u00bb title_text=\u00bblogo-piramide-2023&#8243; url=\u00bbhttps:\/\/www.edicionespiramide.es\/\u00bb url_new_window=\u00bbon\u00bb admin_label=\u00bbpiramide\u00bb _builder_version=\u00bb4.14.7&#8243; _module_preset=\u00bbdefault\u00bb max_width=\u00bb250px\u00bb module_alignment=\u00bbcenter\u00bb global_colors_info=\u00bb{}\u00bb][\/et_pb_image][\/et_pb_column][et_pb_column type=\u00bb1_5&#8243; _builder_version=\u00bb4.14.7&#8243; _module_preset=\u00bbdefault\u00bb global_colors_info=\u00bb{}\u00bb][et_pb_image src=\u00bbhttps:\/\/www.aitanacongress.com\/2023\/wp-content\/uploads\/sepcij-logo.png\u00bb title_text=\u00bbsepcij-logo\u00bb url=\u00bbhttps:\/\/www.sepcij.es\/\u00bb url_new_window=\u00bbon\u00bb admin_label=\u00bbsepcij\u00bb _builder_version=\u00bb4.14.7&#8243; _module_preset=\u00bbdefault\u00bb max_width=\u00bb250px\u00bb module_alignment=\u00bbcenter\u00bb global_colors_info=\u00bb{}\u00bb][\/et_pb_image][et_pb_image src=\u00bbhttps:\/\/www.aitanacongress.com\/2023\/wp-content\/uploads\/logo-tea-2023.png\u00bb title_text=\u00bblogo-tea-2023&#8243; url=\u00bbhttps:\/\/web.teaediciones.com\/Inicio.aspx\u00bb url_new_window=\u00bbon\u00bb disabled_on=\u00bbon|on|on\u00bb admin_label=\u00bbtea\u00bb _builder_version=\u00bb4.14.7&#8243; _module_preset=\u00bbdefault\u00bb max_width=\u00bb250px\u00bb module_alignment=\u00bbcenter\u00bb disabled=\u00bbon\u00bb global_colors_info=\u00bb{}\u00bb][\/et_pb_image][et_pb_image src=\u00bbhttps:\/\/www.aitanacongress.com\/2023\/wp-content\/uploads\/PearsonLogo-2023.png\u00bb title_text=\u00bbPearsonLogo-2023&#8243; url=\u00bbhttps:\/\/www.pearsoneducacion.net\/espa%C3%B1a\/inicio\u00bb url_new_window=\u00bbon\u00bb disabled_on=\u00bbon|on|on\u00bb admin_label=\u00bbPearson\u00bb _builder_version=\u00bb4.14.7&#8243; _module_preset=\u00bbdefault\u00bb custom_margin=\u00bb||-1px|||\u00bb disabled=\u00bbon\u00bb global_colors_info=\u00bb{}\u00bb][\/et_pb_image][\/et_pb_column][et_pb_column type=\u00bb1_5&#8243; _builder_version=\u00bb4.14.7&#8243; _module_preset=\u00bbdefault\u00bb global_colors_info=\u00bb{}\u00bb][et_pb_image src=\u00bbhttps:\/\/www.aitanacongress.com\/2023\/wp-content\/uploads\/logo_COP-2023.png\u00bb title_text=\u00bblogo_COP-2023&#8243; url=\u00bbhttps:\/\/www.cop.es\/index.php\u00bb url_new_window=\u00bbon\u00bb admin_label=\u00bbCOP\u00bb _builder_version=\u00bb4.14.7&#8243; _module_preset=\u00bbdefault\u00bb max_width=\u00bb250px\u00bb module_alignment=\u00bbcenter\u00bb global_colors_info=\u00bb{}\u00bb][\/et_pb_image][\/et_pb_column][et_pb_column type=\u00bb1_5&#8243; _builder_version=\u00bb4.14.7&#8243; _module_preset=\u00bbdefault\u00bb global_colors_info=\u00bb{}\u00bb][et_pb_image src=\u00bbhttps:\/\/www.aitanacongress.com\/2023\/wp-content\/uploads\/logo-academia-psicologia-2023.png\u00bb title_text=\u00bblogo-academia-psicologia-2023&#8243; url=\u00bbhttps:\/\/www.academiapsicologia.com\/\u00bb url_new_window=\u00bbon\u00bb admin_label=\u00bbAcademia Psic\u00bb _builder_version=\u00bb4.14.7&#8243; _module_preset=\u00bbdefault\u00bb custom_margin=\u00bb||-1px|||\u00bb global_colors_info=\u00bb{}\u00bb][\/et_pb_image][\/et_pb_column][\/et_pb_row][\/et_pb_section]<\/p>\n","protected":false},"excerpt":{"rendered":"<p>Salud mental y la aproximaci\u00f3n \u00abreggio\u00bb: c\u00f3mo un modelo educativo puede moldear las intervenciones psicol\u00f3gicas infantilesEl bienestar psicol\u00f3gico de los ni\u00f1os es el objetivo fundamental de la llamada Aproximaci\u00f3n de Reggio Emilia (REA). Se persigue a trav\u00e9s de un modelo educativo centrado en el ni\u00f1o, visto como un agente competente en su propio desarrollo: los [&hellip;]<\/p>\n","protected":false},"author":1,"featured_media":0,"parent":0,"menu_order":0,"comment_status":"closed","ping_status":"closed","template":"","meta":{"_et_pb_use_builder":"on","_et_pb_old_content":"","_et_gb_content_width":"","_mi_skip_tracking":false,"_monsterinsights_sitenote_active":false,"_monsterinsights_sitenote_note":"","_monsterinsights_sitenote_category":0,"footnotes":""},"class_list":["post-7967","page","type-page","status-publish","hentry"],"yoast_head":"<!-- This site is optimized with the Yoast SEO plugin v18.2 - https:\/\/yoast.com\/wordpress\/plugins\/seo\/ -->\n<title>Ponente Roberta Mineo - 9th International Congress of Clinical and Health Psychology in Children and Adolescents<\/title>\n<meta name=\"robots\" content=\"index, follow, max-snippet:-1, max-image-preview:large, max-video-preview:-1\" \/>\n<link rel=\"canonical\" href=\"https:\/\/www.aitanacongress.com\/2023\/ponente-roberta-mineo\/\" \/>\n<meta property=\"og:locale\" content=\"es_ES\" \/>\n<meta property=\"og:type\" content=\"article\" \/>\n<meta property=\"og:title\" content=\"Ponente Roberta Mineo - 9th International Congress of Clinical and Health Psychology in Children and Adolescents\" \/>\n<meta property=\"og:description\" content=\"Salud mental y la aproximaci\u00f3n \u00abreggio\u00bb: c\u00f3mo un modelo educativo puede moldear las intervenciones psicol\u00f3gicas infantilesEl bienestar psicol\u00f3gico de los ni\u00f1os es el objetivo fundamental de la llamada Aproximaci\u00f3n de Reggio Emilia (REA). Se persigue a trav\u00e9s de un modelo educativo centrado en el ni\u00f1o, visto como un agente competente en su propio desarrollo: los [&hellip;]\" \/>\n<meta property=\"og:url\" content=\"https:\/\/www.aitanacongress.com\/2023\/ponente-roberta-mineo\/\" \/>\n<meta property=\"og:site_name\" content=\"9th International Congress of Clinical and Health Psychology in Children and Adolescents\" \/>\n<meta property=\"article:modified_time\" content=\"2023-03-30T06:42:49+00:00\" \/>\n<meta name=\"twitter:card\" content=\"summary_large_image\" \/>\n<meta name=\"twitter:label1\" content=\"Tiempo de lectura\" \/>\n\t<meta name=\"twitter:data1\" content=\"13 minutos\" \/>\n<script type=\"application\/ld+json\" class=\"yoast-schema-graph\">{\"@context\":\"https:\/\/schema.org\",\"@graph\":[{\"@type\":\"WebSite\",\"@id\":\"https:\/\/www.aitanacongress.com\/2023\/#website\",\"url\":\"https:\/\/www.aitanacongress.com\/2023\/\",\"name\":\"9th International Congress of Clinical and Health Psychology in Children and Adolescents\",\"description\":\"9th International Congress of Clinical and Health Psychology in Children and Adolescents\",\"potentialAction\":[{\"@type\":\"SearchAction\",\"target\":{\"@type\":\"EntryPoint\",\"urlTemplate\":\"https:\/\/www.aitanacongress.com\/2023\/?s={search_term_string}\"},\"query-input\":\"required name=search_term_string\"}],\"inLanguage\":\"es\"},{\"@type\":\"WebPage\",\"@id\":\"https:\/\/www.aitanacongress.com\/2023\/ponente-roberta-mineo\/#webpage\",\"url\":\"https:\/\/www.aitanacongress.com\/2023\/ponente-roberta-mineo\/\",\"name\":\"Ponente Roberta Mineo - 9th International Congress of Clinical and Health Psychology in Children and Adolescents\",\"isPartOf\":{\"@id\":\"https:\/\/www.aitanacongress.com\/2023\/#website\"},\"datePublished\":\"2023-03-29T14:28:05+00:00\",\"dateModified\":\"2023-03-30T06:42:49+00:00\",\"breadcrumb\":{\"@id\":\"https:\/\/www.aitanacongress.com\/2023\/ponente-roberta-mineo\/#breadcrumb\"},\"inLanguage\":\"es\",\"potentialAction\":[{\"@type\":\"ReadAction\",\"target\":[\"https:\/\/www.aitanacongress.com\/2023\/ponente-roberta-mineo\/\"]}]},{\"@type\":\"BreadcrumbList\",\"@id\":\"https:\/\/www.aitanacongress.com\/2023\/ponente-roberta-mineo\/#breadcrumb\",\"itemListElement\":[{\"@type\":\"ListItem\",\"position\":1,\"name\":\"Portada\",\"item\":\"https:\/\/www.aitanacongress.com\/2023\/\"},{\"@type\":\"ListItem\",\"position\":2,\"name\":\"Ponente Roberta Mineo\"}]}]}<\/script>\n<!-- \/ Yoast SEO plugin. -->","yoast_head_json":{"title":"Ponente Roberta Mineo - 9th International Congress of Clinical and Health Psychology in Children and Adolescents","robots":{"index":"index","follow":"follow","max-snippet":"max-snippet:-1","max-image-preview":"max-image-preview:large","max-video-preview":"max-video-preview:-1"},"canonical":"https:\/\/www.aitanacongress.com\/2023\/ponente-roberta-mineo\/","og_locale":"es_ES","og_type":"article","og_title":"Ponente Roberta Mineo - 9th International Congress of Clinical and Health Psychology in Children and Adolescents","og_description":"Salud mental y la aproximaci\u00f3n \u00abreggio\u00bb: c\u00f3mo un modelo educativo puede moldear las intervenciones psicol\u00f3gicas infantilesEl bienestar psicol\u00f3gico de los ni\u00f1os es el objetivo fundamental de la llamada Aproximaci\u00f3n de Reggio Emilia (REA). Se persigue a trav\u00e9s de un modelo educativo centrado en el ni\u00f1o, visto como un agente competente en su propio desarrollo: los [&hellip;]","og_url":"https:\/\/www.aitanacongress.com\/2023\/ponente-roberta-mineo\/","og_site_name":"9th International Congress of Clinical and Health Psychology in Children and Adolescents","article_modified_time":"2023-03-30T06:42:49+00:00","twitter_card":"summary_large_image","twitter_misc":{"Tiempo de lectura":"13 minutos"},"schema":{"@context":"https:\/\/schema.org","@graph":[{"@type":"WebSite","@id":"https:\/\/www.aitanacongress.com\/2023\/#website","url":"https:\/\/www.aitanacongress.com\/2023\/","name":"9th International Congress of Clinical and Health Psychology in Children and Adolescents","description":"9th International Congress of Clinical and Health Psychology in Children and Adolescents","potentialAction":[{"@type":"SearchAction","target":{"@type":"EntryPoint","urlTemplate":"https:\/\/www.aitanacongress.com\/2023\/?s={search_term_string}"},"query-input":"required name=search_term_string"}],"inLanguage":"es"},{"@type":"WebPage","@id":"https:\/\/www.aitanacongress.com\/2023\/ponente-roberta-mineo\/#webpage","url":"https:\/\/www.aitanacongress.com\/2023\/ponente-roberta-mineo\/","name":"Ponente Roberta Mineo - 9th International Congress of Clinical and Health Psychology in Children and Adolescents","isPartOf":{"@id":"https:\/\/www.aitanacongress.com\/2023\/#website"},"datePublished":"2023-03-29T14:28:05+00:00","dateModified":"2023-03-30T06:42:49+00:00","breadcrumb":{"@id":"https:\/\/www.aitanacongress.com\/2023\/ponente-roberta-mineo\/#breadcrumb"},"inLanguage":"es","potentialAction":[{"@type":"ReadAction","target":["https:\/\/www.aitanacongress.com\/2023\/ponente-roberta-mineo\/"]}]},{"@type":"BreadcrumbList","@id":"https:\/\/www.aitanacongress.com\/2023\/ponente-roberta-mineo\/#breadcrumb","itemListElement":[{"@type":"ListItem","position":1,"name":"Portada","item":"https:\/\/www.aitanacongress.com\/2023\/"},{"@type":"ListItem","position":2,"name":"Ponente Roberta Mineo"}]}]}},"_links":{"self":[{"href":"https:\/\/www.aitanacongress.com\/2023\/wp-json\/wp\/v2\/pages\/7967","targetHints":{"allow":["GET"]}}],"collection":[{"href":"https:\/\/www.aitanacongress.com\/2023\/wp-json\/wp\/v2\/pages"}],"about":[{"href":"https:\/\/www.aitanacongress.com\/2023\/wp-json\/wp\/v2\/types\/page"}],"author":[{"embeddable":true,"href":"https:\/\/www.aitanacongress.com\/2023\/wp-json\/wp\/v2\/users\/1"}],"replies":[{"embeddable":true,"href":"https:\/\/www.aitanacongress.com\/2023\/wp-json\/wp\/v2\/comments?post=7967"}],"version-history":[{"count":4,"href":"https:\/\/www.aitanacongress.com\/2023\/wp-json\/wp\/v2\/pages\/7967\/revisions"}],"predecessor-version":[{"id":8001,"href":"https:\/\/www.aitanacongress.com\/2023\/wp-json\/wp\/v2\/pages\/7967\/revisions\/8001"}],"wp:attachment":[{"href":"https:\/\/www.aitanacongress.com\/2023\/wp-json\/wp\/v2\/media?parent=7967"}],"curies":[{"name":"wp","href":"https:\/\/api.w.org\/{rel}","templated":true}]}}