{"id":833,"date":"2022-02-28T10:08:22","date_gmt":"2022-02-28T10:08:22","guid":{"rendered":"https:\/\/www.aitanacongress.com\/2022\/?page_id=833"},"modified":"2023-10-31T10:25:12","modified_gmt":"2023-10-31T09:25:12","slug":"congress-registration","status":"publish","type":"page","link":"https:\/\/www.aitanacongress.com\/2023\/en\/congress-registration\/","title":{"rendered":"Congress registration"},"content":{"rendered":"<p>[et_pb_section fb_built=\u00bb1&#8243; admin_label=\u00bbCabecera\u00bb module_class=\u00bbcabecera-page\u00bb _builder_version=\u00bb4.14.7&#8243; _module_preset=\u00bbdefault\u00bb background_image=\u00bbhttps:\/\/www.aitanacongress.com\/2023\/wp-content\/uploads\/fondo-mar-page-1.png\u00bb custom_margin=\u00bb0px||0px||false|false\u00bb custom_padding=\u00bb0px||0px||false|false\u00bb saved_tabs=\u00bball\u00bb collapsed=\u00bboff\u00bb global_colors_info=\u00bb{}\u00bb][et_pb_row _builder_version=\u00bb4.14.7&#8243; _module_preset=\u00bbdefault\u00bb background_image=\u00bbhttps:\/\/www.aitanacongress.com\/2023\/wp-content\/uploads\/img-gaviota-1.png\u00bb background_size=\u00bbcontain\u00bb background_position=\u00bbcenter_right\u00bb custom_margin=\u00bb0px||0px||false|false\u00bb custom_padding=\u00bb0px||0px||false|false\u00bb global_colors_info=\u00bb{}\u00bb][et_pb_column type=\u00bb4_4&#8243; _builder_version=\u00bb4.14.7&#8243; _module_preset=\u00bbdefault\u00bb global_colors_info=\u00bb{}\u00bb][et_pb_text _builder_version=\u00bb4.14.7&#8243; _module_preset=\u00bbdefault\u00bb header_font=\u00bb|||on|||||\u00bb header_text_color=\u00bb#FFFFFF\u00bb header_font_size=\u00bb45px\u00bb header_2_font=\u00bb|800||on|||||\u00bb header_2_text_align=\u00bbcenter\u00bb header_2_text_color=\u00bb#ffffff\u00bb header_2_font_size=\u00bb35px\u00bb background_color=\u00bbRGBA(255,255,255,0)\u00bb custom_margin=\u00bb0px||||false|false\u00bb custom_padding=\u00bb50px||5px||false|false\u00bb global_colors_info=\u00bb{}\u00bb]<\/p>\n<h2>CONGRESS REGISTRATION<\/h2>\n<p>[\/et_pb_text][\/et_pb_column][\/et_pb_row][\/et_pb_section][et_pb_section fb_built=\u00bb1&#8243; custom_padding_last_edited=\u00bbon|phone\u00bb admin_label=\u00bbcuotas\u00bb module_class=\u00bbcuotas\u00bb _builder_version=\u00bb4.14.7&#8243; _module_preset=\u00bbdefault\u00bb custom_padding=\u00bb30px||25px||false|false\u00bb custom_padding_tablet=\u00bb30px||25px||false|false\u00bb custom_padding_phone=\u00bb20px||15px||false|false\u00bb global_colors_info=\u00bb{}\u00bb][et_pb_row use_custom_gutter=\u00bbon\u00bb gutter_width=\u00bb2&#8243; custom_padding_last_edited=\u00bbon|phone\u00bb admin_label=\u00bbFila\u00bb _builder_version=\u00bb4.14.7&#8243; _module_preset=\u00bbdefault\u00bb width_tablet=\u00bb\u00bb width_phone=\u00bb100%\u00bb width_last_edited=\u00bbon|phone\u00bb module_alignment=\u00bbcenter\u00bb custom_margin=\u00bb|auto||744px||\u00bb custom_padding=\u00bb||12px|||\u00bb custom_padding_tablet=\u00bb||12px|||\u00bb custom_padding_phone=\u00bb|20px||20px|false|false\u00bb global_colors_info=\u00bb{}\u00bb][et_pb_column type=\u00bb4_4&#8243; _builder_version=\u00bb4.14.7&#8243; _module_preset=\u00bbdefault\u00bb global_colors_info=\u00bb{}\u00bb][et_pb_text admin_label=\u00bbtabla cuotas\u00bb _builder_version=\u00bb4.14.7&#8243; _module_preset=\u00bbdefault\u00bb header_6_font=\u00bb|||on|||||\u00bb header_6_text_color=\u00bb#e83643&#8243; custom_padding=\u00bb||||false|false\u00bb global_colors_info=\u00bb{}\u00bb]<\/p>\n<div style=\"overflow-x: auto;\">\n<table style=\"padding: 0;\">\n<thead>\n<tr>\n<th><\/th>\n<th style=\"text-align: center;\">\n<h6>EARLY REGISTRATION<\/h6>\n<\/th>\n<th style=\"text-align: center;\">\n<h6>EARLY REGISTRATION<br \/>WITHOUT DINNER<\/h6>\n<\/th>\n<th style=\"text-align: center;\">\n<h6>LATE REGISTRATION<\/h6>\n<\/th>\n<th style=\"text-align: center;\">\n<h6>LATE REGISTRATION<br \/>WITHOUT DINNER<\/h6>\n<\/th>\n<\/tr>\n<tr>\n<th><\/th>\n<th style=\"text-align: center; background-color: #fcf0d4; border-right: 2px #ffffff solid;\" colspan=\"2\"><span style=\"font-size: 0.8em; font-weight: 400; line-height: 1em;\">(until July 19)<\/span><\/th>\n<th style=\"text-align: center; background-color: #fcf0d4;\" colspan=\"2\"><span style=\"font-size: 0.8em; font-weight: 400; line-height: 1em;\">(after July 19)<\/span><\/th>\n<\/tr>\n<\/thead>\n<tbody>\n<tr>\n<td width=\"50%\"><strong>Regular<\/strong><\/td>\n<td style=\"text-align: center;\">\u00a0321 \u20ac<\/td>\n<td style=\"text-align: center;\">\u00a0270 \u20ac<\/td>\n<td style=\"text-align: center;\">371 \u20ac<\/td>\n<td style=\"text-align: center;\">320 \u20ac<\/td>\n<\/tr>\n<tr>\n<td><strong>Members of SEPCIJ <em><a href=\"https:\/\/www.sepcij.es\/\" target=\"_blank\" rel=\"noopener noreferrer\">Associate<\/a><\/em><\/strong><\/td>\n<td style=\"text-align: center;\">246 \u20ac<\/td>\n<td style=\"text-align: center;\">195 \u20ac<\/td>\n<td style=\"text-align: center;\">\u00a0301 \u20ac<\/td>\n<td style=\"text-align: center;\">\u00a0250 \u20ac<\/td>\n<\/tr>\n<tr>\n<td><strong>Members of collaborating entities<\/strong><\/td>\n<td style=\"text-align: center;\">\u00a0271 \u20ac<\/td>\n<td style=\"text-align: center;\">\u00a0220 \u20ac<\/td>\n<td style=\"text-align: center;\">\u00a0326 \u20ac<\/td>\n<td style=\"text-align: center;\">\u00a0275 \u20ac<\/td>\n<\/tr>\n<tr>\n<td><strong>PhD students and residents<\/strong><\/td>\n<td style=\"text-align: center;\">\u00a0206 \u20ac<\/td>\n<td style=\"text-align: center;\">\u00a0155 \u20ac<\/td>\n<td style=\"text-align: center;\">\u00a0261 \u20ac<\/td>\n<td style=\"text-align: center;\">\u00a0210 \u20ac<\/td>\n<\/tr>\n<tr>\n<td><strong>Students \/ profesional unemployed \/ members of NGOs (*)<\/strong><\/td>\n<td style=\"text-align: center;\">\u00a0151 \u20ac<\/td>\n<td style=\"text-align: center;\">\u00a095 \u20ac<\/td>\n<td style=\"text-align: center;\">\u00a0206 \u20ac<\/td>\n<td style=\"text-align: center;\">\u00a0150 \u20ac<\/td>\n<\/tr>\n<\/tbody>\n<\/table>\n<\/div>\n<p>[\/et_pb_text][et_pb_text module_class=\u00bbaviso\u00bb _builder_version=\u00bb4.14.7&#8243; text_text_color=\u00bb#FFFFFF\u00bb text_font_size=\u00bb15px\u00bb background_color=\u00bb#e83643&#8243; module_alignment=\u00bbcenter\u00bb custom_margin=\u00bb5px||0px||false|false\u00bb custom_margin_tablet=\u00bb\u00bb custom_margin_phone=\u00bb\u00bb custom_margin_last_edited=\u00bbon|phone\u00bb custom_padding=\u00bb8px||11px|18px|false|false\u00bb custom_padding_tablet=\u00bb15px|25px|5px|25px|false|false\u00bb custom_padding_phone=\u00bb||0px||false|false\u00bb custom_padding_last_edited=\u00bbon|tablet\u00bb global_colors_info=\u00bb{}\u00bb]<\/p>\n<p><strong>Deadline for online registration: 15th November<\/strong><\/p>\n<p>[\/et_pb_text][et_pb_text _builder_version=\u00bb4.14.7&#8243; min_height=\u00bb270px\u00bb custom_margin=\u00bb||0px||false|false\u00bb custom_margin_tablet=\u00bb\u00bb custom_margin_phone=\u00bb\u00bb custom_margin_last_edited=\u00bbon|phone\u00bb custom_padding=\u00bb||||false|false\u00bb custom_padding_tablet=\u00bb\u00bb custom_padding_phone=\u00bb||0px||false|false\u00bb custom_padding_last_edited=\u00bbon|tablet\u00bb global_colors_info=\u00bb{}\u00bb]<\/p>\n<p style=\"text-align: left;\">Once the deadline has passed, you will have to formalize your registration at the venue.<\/p>\n<p style=\"text-align: left;\">The condition of\u00a0<strong>student<\/strong>\u00a0applies to students of undergraduate and master programs. If you are a student and a professional as well, regular registration fee will be applied. Student status must be justified by registration receipt in force at the time of enrollment at the e-mail\u00a0<a href=\"mailto:aitanacongress@cevents.es\">aitanacongress@cevents.es.<\/a><\/p>\n<p>The condition of\u00a0<strong>professional unemployed<\/strong>\u00a0must be certified by a public document issued by employment agency.<\/p>\n<p>The condition of\u00a0<strong>professional NGOs<\/strong>\u00a0must be justified by a certificate issued by the head of the workplace.<\/p>\n<p>The spaces reserved for students and unemployed professionals may be limited depending on demand.<\/p>\n<p>[\/et_pb_text][et_pb_image src=\u00bbhttps:\/\/www.aitanacongress.com\/2023\/wp-content\/uploads\/img-barquito-1.png\u00bb title_text=\u00bbimg-barquito\u00bb align=\u00bbright\u00bb _builder_version=\u00bb4.14.7&#8243; _module_preset=\u00bbdefault\u00bb width=\u00bb150px\u00bb module_alignment=\u00bbcenter\u00bb max_height_tablet=\u00bb\u00bb max_height_phone=\u00bb75px\u00bb max_height_last_edited=\u00bbon|phone\u00bb custom_padding=\u00bb20px||20px||false|false\u00bb global_colors_info=\u00bb{}\u00bb][\/et_pb_image][\/et_pb_column][\/et_pb_row][\/et_pb_section][et_pb_section fb_built=\u00bb1&#8243; custom_padding_last_edited=\u00bbon|phone\u00bb disabled_on=\u00bboff|off|off\u00bb admin_label=\u00bbentidades colaboradoras\u00bb _builder_version=\u00bb4.14.7&#8243; background_color=\u00bb#fcf0d4&#8243; custom_padding=\u00bb60px||60px||false|false\u00bb custom_padding_tablet=\u00bb60px||60px||false|false\u00bb custom_padding_phone=\u00bb50px||45px||false|false\u00bb collapsed=\u00bboff\u00bb global_colors_info=\u00bb{}\u00bb][et_pb_row custom_padding_last_edited=\u00bbon|phone\u00bb disabled_on=\u00bboff|off|off\u00bb admin_label=\u00bbentidades colaboradoras\u00bb _builder_version=\u00bb4.14.7&#8243; background_enable_color=\u00bboff\u00bb width_tablet=\u00bb\u00bb width_phone=\u00bb100%\u00bb width_last_edited=\u00bbon|phone\u00bb min_height=\u00bb19px\u00bb custom_margin=\u00bb||0px||false|false\u00bb custom_padding=\u00bb0px||0px|18px|false|false\u00bb custom_padding_tablet=\u00bb0px||0px|18px|false|false\u00bb custom_padding_phone=\u00bb|20px||20px|false|false\u00bb collapsed=\u00bboff\u00bb global_colors_info=\u00bb{}\u00bb][et_pb_column type=\u00bb4_4&#8243; _builder_version=\u00bb4.9.4&#8243; global_colors_info=\u00bb{}\u00bb][et_pb_text admin_label=\u00bbTexto\u00bb _builder_version=\u00bb4.14.7&#8243; header_2_font=\u00bb|||on|||||\u00bb header_2_text_color=\u00bb#e83643&#8243; header_4_font=\u00bb|600||on|||||\u00bb header_4_font_size=\u00bb16px\u00bb background_layout=\u00bbdark\u00bb min_height=\u00bb26px\u00bb custom_margin=\u00bb||||false|false\u00bb custom_padding=\u00bb0px||0px||false|false\u00bb custom_padding_tablet=\u00bb||||false|false\u00bb custom_padding_phone=\u00bb||||false|false\u00bb custom_padding_last_edited=\u00bbon|desktop\u00bb global_colors_info=\u00bb{}\u00bb]<\/p>\n<h2 style=\"text-align: center;\">LIST OF COLLABORATING ENTITIES<\/h2>\n<p>[\/et_pb_text][et_pb_text admin_label=\u00bbTexto\u00bb _builder_version=\u00bb4.14.7&#8243; text_text_color=\u00bb#180302&#8243; header_4_font=\u00bb|600||on|||||\u00bb header_4_font_size=\u00bb16px\u00bb text_orientation=\u00bbcenter\u00bb background_layout=\u00bbdark\u00bb min_height=\u00bb26px\u00bb custom_margin=\u00bb||-3px|||\u00bb custom_padding=\u00bb0px||4px||false|false\u00bb custom_padding_tablet=\u00bb||||false|false\u00bb custom_padding_phone=\u00bb||||false|false\u00bb custom_padding_last_edited=\u00bbon|desktop\u00bb global_colors_info=\u00bb{}\u00bb]<\/p>\n<p>Asociaci\u00f3n de Terapia Familiar y de Sistemas (SYFA)<\/p>\n<p>Asociaci\u00f3n Espa\u00f1ola de Psicolog\u00eda Cl\u00ednica y Psicopatolog\u00eda (AEPCP)<\/p>\n<p>Asociaci\u00f3n Espa\u00f1ola de Psiquiatr\u00eda del Ni\u00f1o y el Adolescente<\/p>\n<p>Association of Psychologist in Nepal<\/p>\n<p>Bahamas Psychological Association<\/p>\n<p>Bulgarian Psychological Society (BPS) \/ Druzhestvo na Psycholosite v Bulgaria<\/p>\n<p>Colegio Colombiano de Psic\u00f3logos<\/p>\n<p>Colegio Profesional de Psic\u00f3logos de Costa Rica<\/p>\n<p>Consejo General de Psic\u00f3logos (COP)<\/p>\n<p>COP de Bizkaia<\/p>\n<p>COP de Cantabria<\/p>\n<p>COP de La Rioja<\/p>\n<p>COP de Madrid<\/p>\n<p>COP de Tenerife<\/p>\n<p>Fundacion Aigl\u00e9 (Argentina)<\/p>\n<p>Lithuanian Psychological Association<\/p>\n<p>Sociedade Brasileira de Psicologia<\/p>\n<p>The Jamaica Psychological Society<\/p>\n<p>Suamoc<\/p>\n<p>Associaci\u00f3 Catalana de Psicologia de l&#8217;Esport (ACPE)<\/p>\n<p>Sociedad Espa\u00f1ola para el Avance de la Evaluaci\u00f3n Psicol\u00f3gica<\/p>\n<p>Indonesian Psychological Association<\/p>\n<p>Berufsverband \u00d6sterreichischer PsychologInnen (B\u00d6P)<\/p>\n<p>Order of Portuguese Psychologists<\/p>\n<p>RBUP East &#038; South, Regional Center For Child &#038; Adolescent Mental Health<\/p>\n<p>[\/et_pb_text][\/et_pb_column][\/et_pb_row][\/et_pb_section][et_pb_section fb_built=\u00bb1&#8243; custom_padding_last_edited=\u00bbon|phone\u00bb admin_label=\u00bbque cubre la cuota\u00bb module_class=\u00bbcubre-cuota\u00bb _builder_version=\u00bb4.14.7&#8243; custom_padding=\u00bb45px||45px||false|false\u00bb custom_padding_tablet=\u00bb45px||45px||false|false\u00bb custom_padding_phone=\u00bb25px||25px||false|false\u00bb collapsed=\u00bboff\u00bb global_colors_info=\u00bb{}\u00bb][et_pb_row custom_padding_last_edited=\u00bbon|phone\u00bb _builder_version=\u00bb4.14.7&#8243; _module_preset=\u00bbdefault\u00bb width_tablet=\u00bb\u00bb width_phone=\u00bb100%\u00bb width_last_edited=\u00bbon|phone\u00bb custom_padding_tablet=\u00bb\u00bb custom_padding_phone=\u00bb|20px|10px|20px|false|false\u00bb global_colors_info=\u00bb{}\u00bb][et_pb_column type=\u00bb4_4&#8243; _builder_version=\u00bb4.14.7&#8243; _module_preset=\u00bbdefault\u00bb global_colors_info=\u00bb{}\u00bb][et_pb_text admin_label=\u00bbTexto\u00bb _builder_version=\u00bb4.14.7&#8243; header_text_color=\u00bb#4a809a\u00bb header_2_font=\u00bb|||on|||||\u00bb header_2_text_align=\u00bbcenter\u00bb header_2_text_color=\u00bb#e83643&#8243; custom_margin=\u00bb||0px||false|false\u00bb global_colors_info=\u00bb{}\u00bb]<\/p>\n<h2>REGISTRATION FEE INCLUDES<\/h2>\n<p>[\/et_pb_text][\/et_pb_column][\/et_pb_row][et_pb_row column_structure=\u00bb1_3,1_3,1_3&#8243; custom_padding_last_edited=\u00bbon|phone\u00bb disabled_on=\u00bboff|off|off\u00bb admin_label=\u00bbque cubre la cuota\u00bb _builder_version=\u00bb4.14.7&#8243; width_tablet=\u00bb\u00bb width_phone=\u00bb100%\u00bb width_last_edited=\u00bbon|phone\u00bb custom_margin=\u00bb||0px||false|false\u00bb custom_padding=\u00bb||0px||false|false\u00bb custom_padding_tablet=\u00bb||0px||false|false\u00bb custom_padding_phone=\u00bb|20px||20px|false|false\u00bb collapsed=\u00bboff\u00bb global_colors_info=\u00bb{}\u00bb][et_pb_column type=\u00bb1_3&#8243; _builder_version=\u00bb4.0.11&#8243; global_colors_info=\u00bb{}\u00bb][et_pb_blurb use_icon=\u00bbon\u00bb font_icon=\u00bb&#xe0e9;||divi||400&#8243; image_icon_width=\u00bb50px\u00bb content_max_width=\u00bb100%\u00bb admin_label=\u00bbasistencia\u00bb _builder_version=\u00bb4.14.7&#8243; background_size=\u00bbinitial\u00bb background_position=\u00bbtop_left\u00bb background_repeat=\u00bbrepeat\u00bb text_orientation=\u00bbcenter\u00bb max_width_tablet=\u00bb50px\u00bb custom_padding=\u00bb||1px|||\u00bb animation=\u00bboff\u00bb use_border_color=\u00bboff\u00bb global_colors_info=\u00bb{}\u00bb]<strong>Congress attendance<\/strong>[\/et_pb_blurb][\/et_pb_column][et_pb_column type=\u00bb1_3&#8243; _builder_version=\u00bb4.0.11&#8243; global_colors_info=\u00bb{}\u00bb][et_pb_blurb use_icon=\u00bbon\u00bb font_icon=\u00bb&#xe022;||divi||400&#8243; image_icon_width=\u00bb50px\u00bb content_max_width=\u00bb100%\u00bb admin_label=\u00bb1 tapublicacion\u00bb _builder_version=\u00bb4.14.7&#8243; background_size=\u00bbinitial\u00bb background_position=\u00bbtop_left\u00bb background_repeat=\u00bbrepeat\u00bb text_orientation=\u00bbcenter\u00bb max_width_tablet=\u00bb50px\u00bb animation=\u00bboff\u00bb use_border_color=\u00bboff\u00bb global_colors_info=\u00bb{}\u00bb]Publication of accepted abstracts in the <strong>book of abstracts with ISBN<\/strong>[\/et_pb_blurb][\/et_pb_column][et_pb_column type=\u00bb1_3&#8243; _builder_version=\u00bb4.0.11&#8243; global_colors_info=\u00bb{}\u00bb][et_pb_blurb use_icon=\u00bbon\u00bb font_icon=\u00bb&#xe003;||divi||400&#8243; image_icon_width=\u00bb50px\u00bb content_max_width=\u00bb100%\u00bb admin_label=\u00bbtrabajos\u00bb _builder_version=\u00bb4.14.7&#8243; background_size=\u00bbinitial\u00bb background_position=\u00bbtop_left\u00bb background_repeat=\u00bbrepeat\u00bb text_orientation=\u00bbcenter\u00bb max_width_tablet=\u00bb50px\u00bb animation=\u00bboff\u00bb use_border_color=\u00bboff\u00bb global_colors_info=\u00bb{}\u00bb]Submission and presentation of works (a maximum of three abstracts as first author, and in total, you can participate in a maximum of five abstracts)[\/et_pb_blurb][\/et_pb_column][\/et_pb_row][et_pb_row column_structure=\u00bb1_3,1_3,1_3&#8243; custom_padding_last_edited=\u00bbon|phone\u00bb disabled_on=\u00bboff|off|off\u00bb admin_label=\u00bbque cubre la cuota\u00bb _builder_version=\u00bb4.14.7&#8243; width_tablet=\u00bb\u00bb width_phone=\u00bb100%\u00bb width_last_edited=\u00bbon|phone\u00bb custom_margin=\u00bb||0px||false|false\u00bb custom_padding=\u00bb||0px||false|false\u00bb custom_padding_tablet=\u00bb||0px||false|false\u00bb custom_padding_phone=\u00bb|20px||20px|false|false\u00bb collapsed=\u00bboff\u00bb global_colors_info=\u00bb{}\u00bb][et_pb_column type=\u00bb1_3&#8243; _builder_version=\u00bb4.0.11&#8243; global_colors_info=\u00bb{}\u00bb][et_pb_blurb use_icon=\u00bbon\u00bb font_icon=\u00bb&#xf5bf;||fa||900&#8243; image_icon_width=\u00bb50px\u00bb content_max_width=\u00bb100%\u00bb admin_label=\u00bbcertificado\u00bb _builder_version=\u00bb4.14.7&#8243; background_size=\u00bbinitial\u00bb background_position=\u00bbtop_left\u00bb background_repeat=\u00bbrepeat\u00bb text_orientation=\u00bbcenter\u00bb max_width_tablet=\u00bb50px\u00bb animation=\u00bboff\u00bb use_border_color=\u00bboff\u00bb global_colors_info=\u00bb{}\u00bb]<strong>A certificate of presentation for each presented work<\/strong>\u00a0in which all authors will be listed[\/et_pb_blurb][\/et_pb_column][et_pb_column type=\u00bb1_3&#8243; _builder_version=\u00bb4.0.11&#8243; global_colors_info=\u00bb{}\u00bb][et_pb_blurb use_icon=\u00bbon\u00bb font_icon=\u00bb&#x68;||divi||400&#8243; image_icon_width=\u00bb50px\u00bb content_max_width=\u00bb100%\u00bb admin_label=\u00bbcertificado asistencia\u00bb _builder_version=\u00bb4.14.7&#8243; background_size=\u00bbinitial\u00bb background_position=\u00bbtop_left\u00bb background_repeat=\u00bbrepeat\u00bb text_orientation=\u00bbcenter\u00bb max_width_tablet=\u00bb50px\u00bb animation=\u00bboff\u00bb use_border_color=\u00bboff\u00bb global_colors_info=\u00bb{}\u00bb]<strong>Attendance certificate<\/strong>[\/et_pb_blurb][\/et_pb_column][et_pb_column type=\u00bb1_3&#8243; _builder_version=\u00bb4.0.11&#8243; global_colors_info=\u00bb{}\u00bb][et_pb_blurb use_icon=\u00bbon\u00bb font_icon=\u00bb&#xf2e7;||fa||900&#8243; image_icon_width=\u00bb50px\u00bb content_max_width=\u00bb100%\u00bb admin_label=\u00bbcena congreso\u00bb _builder_version=\u00bb4.14.7&#8243; background_size=\u00bbinitial\u00bb background_position=\u00bbtop_left\u00bb background_repeat=\u00bbrepeat\u00bb text_orientation=\u00bbcenter\u00bb max_width_tablet=\u00bb50px\u00bb animation=\u00bboff\u00bb use_border_color=\u00bboff\u00bb global_colors_info=\u00bb{}\u00bb]<\/p>\n<p><strong>Congress dinner (cocktail type)<br \/><\/strong>(not included if you have selected quota without dinner)<\/p>\n<p>[\/et_pb_blurb][\/et_pb_column][\/et_pb_row][\/et_pb_section][et_pb_section fb_built=\u00bb1&#8243; custom_padding_last_edited=\u00bbon|phone\u00bb admin_label=\u00bbtramite su inscripcion\u00bb module_class=\u00bbtramitar\u00bb _builder_version=\u00bb4.14.7&#8243; background_color=\u00bbrgba(232,54,67,0.1)\u00bb background_image=\u00bbhttps:\/\/www.aitanacongress.com\/2023\/wp-content\/uploads\/img_gaviotas-transparente-1.png\u00bb background_size=\u00bbinitial\u00bb background_position=\u00bbtop_right\u00bb background_blend=\u00bbsoft-light\u00bb custom_margin=\u00bb24px|||||\u00bb custom_padding=\u00bb45px||65px||false|false\u00bb custom_padding_tablet=\u00bb45px||65px||false|false\u00bb custom_padding_phone=\u00bb25px||50px||false|false\u00bb collapsed=\u00bboff\u00bb global_colors_info=\u00bb{}\u00bb][et_pb_row custom_padding_last_edited=\u00bbon|phone\u00bb disabled_on=\u00bboff|off|off\u00bb admin_label=\u00bbtramite su inscripcion\u00bb _builder_version=\u00bb4.14.7&#8243; width_tablet=\u00bb\u00bb width_phone=\u00bb100%\u00bb width_last_edited=\u00bbon|phone\u00bb custom_margin=\u00bb||0px||false|false\u00bb custom_padding=\u00bb||0px||false|false\u00bb custom_padding_tablet=\u00bb||0px||false|false\u00bb custom_padding_phone=\u00bb|20px||20px|false|false\u00bb collapsed=\u00bboff\u00bb global_colors_info=\u00bb{}\u00bb][et_pb_column type=\u00bb4_4&#8243; _builder_version=\u00bb4.0.11&#8243; global_colors_info=\u00bb{}\u00bb][et_pb_text admin_label=\u00bbtitulo\u00bb _builder_version=\u00bb4.14.7&#8243; header_font=\u00bb|||on|||||\u00bb header_text_color=\u00bb#4a809a\u00bb header_2_font=\u00bb|||on|||||\u00bb header_2_text_color=\u00bb#e83643&#8243; custom_margin=\u00bb||0px||false|false\u00bb custom_padding=\u00bb||14px|||\u00bb global_colors_info=\u00bb{}\u00bb]<\/p>\n<h2>START YOUR REGISTRATION<\/h2>\n<p>[\/et_pb_text][et_pb_text _builder_version=\u00bb4.14.7&#8243; custom_padding=\u00bb||||false|false\u00bb border_color_top=\u00bbrgba(0,148,169,0.5)\u00bb border_color_right=\u00bbrgba(0,148,169,0.5)\u00bb global_colors_info=\u00bb{}\u00bb]<\/p>\n<p style=\"text-align: left;\">To attend the congress, you must fill the registration form out that you will find in the link below, but first, you must have registered on the same link. After your registration, you can formalize your registration, download your invoice (once you have paid), submit your abstracts, download documentation, etc.<\/p>\n<p style=\"text-align: justify;\"><strong>PAYMENT OPTIONS:<\/strong><\/p>\n<ul>\n<li style=\"text-align: justify; text-indent: 0px;\">Tarjeta Visa or Mastercard bank card through TPV (please have your card ready as we will ask you for some digits when filling in the form).<\/li>\n<li style=\"text-indent: 0px;\">Transferencia  Payment by bank transfer (if the payment has already processed, you can upload thereceipt in your personal \u00e1rea or sending it via email to: \u202f<a href=\"mailto:aitanacongress@cevents.es\" target=\"_blank\" rel=\"noreferrer noopener\">aitanacongress@cevents.es<\/a>.<br \/>\nLa Caixa <strong>IBAN ES37 2100 8729 1913 0043 0112 (BIC\/SWIFT: CAIX ES BB XXX<\/strong><\/li>\n<\/ul>\n<p><strong>TAX DATA:<\/strong><\/p>\n<p>Aitana Asoc. para el An\u00e1lisis intervenci\u00f3n y terapia aplicada con ni\u00f1os y adolescentes<br \/>\nCIF: G98601396<br \/>\nCam\u00ed Vell d&#8217;Albal, 127<br \/>\n46469 Beniparrell (Valencia). Espa\u00f1a[\/et_pb_text][\/et_pb_column][\/et_pb_row][\/et_pb_section][et_pb_section fb_built=\u00bb1&#8243; custom_padding_last_edited=\u00bbon|phone\u00bb admin_label=\u00bbCena\u00bb module_class=\u00bbcena\u00bb _builder_version=\u00bb4.14.7&#8243; _module_preset=\u00bbdefault\u00bb background_color=\u00bbRGBA(255,255,255,0)\u00bb custom_padding_tablet=\u00bb\u00bb custom_padding_phone=\u00bb25px||25px||false|false\u00bb global_colors_info=\u00bb{}\u00bb][et_pb_row custom_padding_last_edited=\u00bbon|phone\u00bb _builder_version=\u00bb4.14.7&#8243; _module_preset=\u00bbdefault\u00bb width_tablet=\u00bb\u00bb width_phone=\u00bb100%\u00bb width_last_edited=\u00bbon|phone\u00bb custom_padding=\u00bb||0px||false|false\u00bb custom_padding_tablet=\u00bb||0px||false|false\u00bb custom_padding_phone=\u00bb|20px||20px|false|false\u00bb global_colors_info=\u00bb{}\u00bb][et_pb_column type=\u00bb4_4&#8243; _builder_version=\u00bb4.14.7&#8243; _module_preset=\u00bbdefault\u00bb global_colors_info=\u00bb{}\u00bb][et_pb_text admin_label=\u00bbtitulo\u00bb _builder_version=\u00bb4.14.7&#8243; header_font=\u00bb|||on|||||\u00bb header_text_color=\u00bb#4a809a\u00bb header_2_font=\u00bb|||on|||||\u00bb header_2_text_color=\u00bb#e83643&#8243; custom_margin=\u00bb||0px||false|false\u00bb custom_padding=\u00bb||14px|||\u00bb custom_padding_tablet=\u00bb||14px|||\u00bb custom_padding_phone=\u00bb||5px||false|false\u00bb custom_padding_last_edited=\u00bbon|phone\u00bb global_colors_info=\u00bb{}\u00bb]<\/p>\n<h2>CONGRESS DINNER<\/h2>\n<p>[\/et_pb_text][\/et_pb_column][\/et_pb_row][et_pb_row column_structure=\u00bb1_2,1_4,1_4&#8243; custom_padding_last_edited=\u00bbon|phone\u00bb _builder_version=\u00bb4.14.7&#8243; _module_preset=\u00bbdefault\u00bb width_tablet=\u00bb\u00bb width_phone=\u00bb100%\u00bb width_last_edited=\u00bbon|phone\u00bb custom_padding=\u00bb10px||||false|false\u00bb custom_padding_tablet=\u00bb10px||||false|false\u00bb custom_padding_phone=\u00bb|20px||20px|false|false\u00bb global_colors_info=\u00bb{}\u00bb][et_pb_column type=\u00bb1_2&#8243; _builder_version=\u00bb4.14.7&#8243; _module_preset=\u00bbdefault\u00bb global_colors_info=\u00bb{}\u00bb][et_pb_text disabled_on=\u00bboff|off|off\u00bb _builder_version=\u00bb4.14.7&#8243; _module_preset=\u00bbdefault\u00bb custom_margin=\u00bb|-23px||||\u00bb global_colors_info=\u00bb{}\u00bb]<\/p>\n<p>The congress dinner will take place on Thursday, November 23 at the <strong>Ateneo Mercantil de Valencia<\/strong> on the \u00abPlanta Sexta\u00bb (Sixth Floor).<\/p>\n<p>Plaza del Ayuntamiento 18, 46002 (Valencia).<\/p>\n<p>This institution, with more than 140 years of history, was born to \u00abmeet the cultural and training needs of commerce employees\u00bb.<\/p>\n<p>The majestic building offers unbeatable panoramic views of the Plaza del Ayuntamiento.<\/p>\n<p><strong>The dinner will be a cocktail-type, don&#8217;t forget to select it in the registration form.<\/strong><\/p>\n<p>[\/et_pb_text][\/et_pb_column][et_pb_column type=\u00bb1_4&#8243; _builder_version=\u00bb4.14.7&#8243; _module_preset=\u00bbdefault\u00bb global_colors_info=\u00bb{}\u00bb][et_pb_image src=\u00bbhttps:\/\/www.aitanacongress.com\/2023\/wp-content\/uploads\/Foto-vistas-ateneo-1.jpg\u00bb title_text=\u00bbFoto-vistas-ateneo\u00bb disabled_on=\u00bboff|off|off\u00bb _builder_version=\u00bb4.14.7&#8243; _module_preset=\u00bbdefault\u00bb global_colors_info=\u00bb{}\u00bb][\/et_pb_image][\/et_pb_column][et_pb_column type=\u00bb1_4&#8243; _builder_version=\u00bb4.14.7&#8243; _module_preset=\u00bbdefault\u00bb global_colors_info=\u00bb{}\u00bb][et_pb_image src=\u00bbhttps:\/\/www.aitanacongress.com\/2023\/wp-content\/uploads\/Ateneo-Rte-Coctel_Instagram-1.jpg\u00bb title_text=\u00bbAteneo Rte Coctel_Instagram\u00bb disabled_on=\u00bboff|off|off\u00bb _builder_version=\u00bb4.14.7&#8243; _module_preset=\u00bbdefault\u00bb global_colors_info=\u00bb{}\u00bb][\/et_pb_image][\/et_pb_column][\/et_pb_row][\/et_pb_section][et_pb_section fb_built=\u00bb1&#8243; custom_padding_last_edited=\u00bbon|phone\u00bb admin_label=\u00bbCTA Home\u00bb module_class=\u00bbbanner-inscripcion\u00bb _builder_version=\u00bb4.14.7&#8243; background_color=\u00bb#e83643&#8243; background_color_gradient_start=\u00bb#a258ff\u00bb background_color_gradient_end=\u00bb#308cff\u00bb background_color_gradient_direction=\u00bb120deg\u00bb max_width=\u00bb80%\u00bb max_width_tablet=\u00bb100%\u00bb max_width_phone=\u00bb\u00bb max_width_last_edited=\u00bbon|desktop\u00bb custom_margin=\u00bb|||\u00bb custom_padding=\u00bb|||\u00bb custom_padding_tablet=\u00bb|||\u00bb custom_padding_phone=\u00bb25px||10px||false|false\u00bb global_colors_info=\u00bb{}\u00bb][et_pb_row column_structure=\u00bb3_5,2_5&#8243; custom_padding_last_edited=\u00bbon|phone\u00bb _builder_version=\u00bb4.14.7&#8243; width_tablet=\u00bb\u00bb width_phone=\u00bb100%\u00bb width_last_edited=\u00bbon|phone\u00bb max_width=\u00bb100%\u00bb custom_margin=\u00bb|-12%||\u00bb custom_margin_tablet=\u00bb|10%||10%\u00bb custom_margin_phone=\u00bb|0%||0%|false|false\u00bb custom_margin_last_edited=\u00bbon|phone\u00bb custom_padding=\u00bb|||\u00bb custom_padding_tablet=\u00bb|||\u00bb custom_padding_phone=\u00bb|20px||20px|false|false\u00bb use_custom_width=\u00bbon\u00bb width_unit=\u00bboff\u00bb global_colors_info=\u00bb{}\u00bb][et_pb_column type=\u00bb3_5&#8243; _builder_version=\u00bb3.25&#8243; custom_padding=\u00bb|||\u00bb global_colors_info=\u00bb{}\u00bb custom_padding__hover=\u00bb|||\u00bb][et_pb_text _builder_version=\u00bb4.14.7&#8243; text_font=\u00bbMontserrat||||||||\u00bb text_font_size=\u00bb24px\u00bb text_line_height=\u00bb1.6em\u00bb header_font=\u00bb||||||||\u00bb background_layout=\u00bbdark\u00bb animation_style=\u00bbfade\u00bb global_colors_info=\u00bb{}\u00bb]REGISTER![\/et_pb_text][et_pb_text _builder_version=\u00bb4.14.7&#8243; text_font=\u00bbMontserrat|300||on|||||\u00bb header_font=\u00bb||||||||\u00bb background_layout=\u00bbdark\u00bb animation_style=\u00bbfade\u00bb global_colors_info=\u00bb{}\u00bb]<\/p>\n<p>If you want to register to the next 9th International Congress of Clinical and Health Psychology in Children and Adolescents click on the link below and follow the indications.<\/p>\n<p><a class=\"cta-home\" href=\"https:\/\/app.bipeek.com\/registro-evento\/lSLgaAfplARV5bjOgVUEsl0vpbH4Pane2wMCZXWSB8KvfLHvHquefe2KkY7Q?tr[]=1338&#038;tr[]=1333&#038;tr[]=1337&#038;tr[]=1336&#038;tr[]=1335&#038;lang=en\" target=\"_blank\" rel=\"noopener\">Register<\/a><\/p>\n<p>[\/et_pb_text][et_pb_text _builder_version=\u00bb4.14.7&#8243; text_font=\u00bbMontserrat|300||on|||||\u00bb header_font=\u00bb||||||||\u00bb background_layout=\u00bbdark\u00bb animation_style=\u00bbfade\u00bb hover_enabled=\u00bb0&#8243; global_colors_info=\u00bb{}\u00bb sticky_enabled=\u00bb0&#8243;]<\/p>\n<p>If you have already registered for this congress, please access through the following link indicating your email and password.<\/p>\n<p><a class=\"cta-home\" href=\"https:\/\/app.bipeek.com\/iniciar-sesion?lang=en\" target=\"_blank\" rel=\"noopener\">Access<\/a>[\/et_pb_text][\/et_pb_column][et_pb_column type=\u00bb2_5&#8243; _builder_version=\u00bb3.25&#8243; custom_padding=\u00bb|||\u00bb global_colors_info=\u00bb{}\u00bb custom_padding__hover=\u00bb|||\u00bb][et_pb_image src=\u00bbhttps:\/\/www.aitanacongress.com\/2023\/wp-content\/uploads\/img-banner-1.png\u00bb title_text=\u00bbimg-banner\u00bb align_tablet=\u00bbcenter\u00bb align_phone=\u00bbcenter\u00bb align_last_edited=\u00bbon|desktop\u00bb _builder_version=\u00bb4.14.7&#8243; animation_style=\u00bbslide\u00bb animation_direction=\u00bbleft\u00bb animation_intensity_slide=\u00bb5%\u00bb box_shadow_style=\u00bbpreset3&#8243; box_shadow_vertical=\u00bb45px\u00bb box_shadow_blur=\u00bb62px\u00bb box_shadow_color=\u00bbrgba(18,47,100,0.2)\u00bb global_colors_info=\u00bb{}\u00bb][\/et_pb_image][\/et_pb_column][\/et_pb_row][\/et_pb_section][et_pb_section fb_built=\u00bb1&#8243; custom_padding_last_edited=\u00bbon|phone\u00bb admin_label=\u00bbcondiciones participacion\u00bb module_class=\u00bbcondiciones\u00bb _builder_version=\u00bb4.14.7&#8243; background_color=\u00bb#f5f9fb\u00bb custom_padding=\u00bb50px||50px||false|false\u00bb custom_padding_tablet=\u00bb50px||50px||false|false\u00bb custom_padding_phone=\u00bb30px||30px||false|false\u00bb collapsed=\u00bboff\u00bb global_colors_info=\u00bb{}\u00bb][et_pb_row custom_padding_last_edited=\u00bbon|phone\u00bb disabled_on=\u00bboff|off|off\u00bb admin_label=\u00bbcondiciones participacion\u00bb _builder_version=\u00bb4.14.7&#8243; width_tablet=\u00bb\u00bb width_phone=\u00bb100%\u00bb width_last_edited=\u00bbon|phone\u00bb custom_margin=\u00bb||0px||false|false\u00bb custom_padding=\u00bb0px|0px|0px|0px|false|false\u00bb custom_padding_tablet=\u00bb0px|0px|0px|0px|false|false\u00bb custom_padding_phone=\u00bb|20px||20px|false|false\u00bb collapsed=\u00bboff\u00bb global_colors_info=\u00bb{}\u00bb][et_pb_column type=\u00bb4_4&#8243; _builder_version=\u00bb4.0.11&#8243; global_colors_info=\u00bb{}\u00bb][et_pb_text _builder_version=\u00bb4.14.7&#8243; header_2_text_color=\u00bb#e83643&#8243; header_3_text_color=\u00bb#e83643&#8243; header_3_font_size=\u00bb26px\u00bb custom_padding=\u00bb1px|||||\u00bb global_colors_info=\u00bb{}\u00bb]<\/p>\n<h2 style=\"text-align: left;\">PARTICIPATION CONDITIONS<\/h2>\n<ul class=\"lista-1\" style=\"text-align: left;\">\n<li style=\"text-align: justify;\">Registration implies acceptance of the congress rules and its conditions of participation and cancellation.<\/li>\n<li style=\"text-align: justify;\">Congress registration is personal and non-transferable.<\/li>\n<\/ul>\n<h2 style=\"text-align: left;\">CANCELLATION POLICY<\/h2>\n<ul class=\"lista-3\">\n<li style=\"text-align: left;\">All cancellation requests must be sent in writing.<\/li>\n<li style=\"text-align: left;\">Requests received before July 21, 2023, will be entitled to a full refund of the amount paid.<\/li>\n<li style=\"text-align: left;\">Requests received by September 21, 2023, will be entitled to a refund of the amount paid, minus 25% for administrative expenses.<\/li>\n<li style=\"text-align: left;\">Cancellations received after September 22 will not be entitled to a refund.<\/li>\n<\/ul>\n<p>[\/et_pb_text][\/et_pb_column][\/et_pb_row][\/et_pb_section][et_pb_section fb_built=\u00bb1&#8243; custom_padding_last_edited=\u00bbon|desktop\u00bb admin_label=\u00bbLOGO_INGLES\u00bb module_class=\u00bblogos-congreso\u00bb _builder_version=\u00bb4.14.7&#8243; _module_preset=\u00bbdefault\u00bb custom_padding=\u00bb50px||30px||false|false\u00bb custom_padding_tablet=\u00bb50px||50px||false|false\u00bb custom_padding_phone=\u00bb||25px||false|false\u00bb global_module=\u00bb6399&#8243; saved_tabs=\u00bball\u00bb collapsed=\u00bboff\u00bb global_colors_info=\u00bb{}\u00bb][et_pb_row custom_padding_last_edited=\u00bbon|phone\u00bb admin_label=\u00bbOrganize\u00bb _builder_version=\u00bb4.14.7&#8243; _module_preset=\u00bbdefault\u00bb custom_margin=\u00bb||0px||false|false\u00bb custom_padding=\u00bb||0px||false|false\u00bb custom_padding_tablet=\u00bb||0px||false|false\u00bb custom_padding_phone=\u00bb0px||||false|false\u00bb global_colors_info=\u00bb{}\u00bb][et_pb_column type=\u00bb4_4&#8243; _builder_version=\u00bb4.14.7&#8243; _module_preset=\u00bbdefault\u00bb global_colors_info=\u00bb{}\u00bb][et_pb_text _builder_version=\u00bb4.14.7&#8243; _module_preset=\u00bbdefault\u00bb text_font=\u00bb|||on|||||\u00bb text_text_color=\u00bb#e83643&#8243; text_orientation=\u00bbcenter\u00bb module_alignment=\u00bbcenter\u00bb custom_margin=\u00bb||0px||false|false\u00bb custom_padding=\u00bb||0px||false|false\u00bb global_colors_info=\u00bb{}\u00bb]<\/p>\n<p>Organize<\/p>\n<p>[\/et_pb_text][\/et_pb_column][\/et_pb_row][et_pb_row column_structure=\u00bb1_4,1_4,1_4,1_4&#8243; custom_padding_last_edited=\u00bbon|desktop\u00bb _builder_version=\u00bb4.14.7&#8243; _module_preset=\u00bbdefault\u00bb custom_padding=\u00bb||10px||false|false\u00bb custom_padding_tablet=\u00bb||10px||false|false\u00bb custom_padding_phone=\u00bb||10px||false|false\u00bb global_colors_info=\u00bb{}\u00bb][et_pb_column type=\u00bb1_4&#8243; _builder_version=\u00bb4.14.7&#8243; _module_preset=\u00bbdefault\u00bb global_colors_info=\u00bb{}\u00bb][\/et_pb_column][et_pb_column type=\u00bb1_4&#8243; _builder_version=\u00bb4.14.7&#8243; _module_preset=\u00bbdefault\u00bb global_colors_info=\u00bb{}\u00bb][et_pb_image src=\u00bbhttps:\/\/www.aitanacongress.com\/2023\/wp-content\/uploads\/logo-aitana-2023.png\u00bb title_text=\u00bblogo-aitana-2023&#8243; url=\u00bbhttps:\/\/aitanainvestigacion.umh.es\/en\/\u00bb url_new_window=\u00bbon\u00bb admin_label=\u00bbaitana\u00bb _builder_version=\u00bb4.14.7&#8243; _module_preset=\u00bbdefault\u00bb width=\u00bb250px\u00bb module_alignment=\u00bbcenter\u00bb global_colors_info=\u00bb{}\u00bb][\/et_pb_image][\/et_pb_column][et_pb_column type=\u00bb1_4&#8243; _builder_version=\u00bb4.14.7&#8243; _module_preset=\u00bbdefault\u00bb global_colors_info=\u00bb{}\u00bb][et_pb_image src=\u00bbhttps:\/\/www.aitanacongress.com\/2023\/wp-content\/uploads\/logo-UHM-2023.png\u00bb title_text=\u00bblogo-UHM-2023&#8243; url=\u00bbhttps:\/\/www.umh.es\/?lang=EN\u00bb url_new_window=\u00bbon\u00bb admin_label=\u00bbUHM\u00bb _builder_version=\u00bb4.14.7&#8243; _module_preset=\u00bbdefault\u00bb width=\u00bb250px\u00bb module_alignment=\u00bbcenter\u00bb global_colors_info=\u00bb{}\u00bb][\/et_pb_image][\/et_pb_column][et_pb_column type=\u00bb1_4&#8243; _builder_version=\u00bb4.14.7&#8243; _module_preset=\u00bbdefault\u00bb global_colors_info=\u00bb{}\u00bb][\/et_pb_column][\/et_pb_row][et_pb_row custom_padding_last_edited=\u00bbon|phone\u00bb disabled_on=\u00bboff|off|off\u00bb admin_label=\u00bbPatrocina\u00bb _builder_version=\u00bb4.14.7&#8243; _module_preset=\u00bbdefault\u00bb custom_margin=\u00bb||0px||false|false\u00bb custom_margin_tablet=\u00bb||0px||false|false\u00bb custom_margin_phone=\u00bb-15px||||false|false\u00bb custom_margin_last_edited=\u00bbon|phone\u00bb custom_padding=\u00bb||0px||false|false\u00bb custom_padding_tablet=\u00bb||0px||false|false\u00bb custom_padding_phone=\u00bb0px||||false|false\u00bb global_colors_info=\u00bb{}\u00bb][et_pb_column type=\u00bb4_4&#8243; _builder_version=\u00bb4.14.7&#8243; _module_preset=\u00bbdefault\u00bb global_colors_info=\u00bb{}\u00bb][et_pb_text _builder_version=\u00bb4.14.7&#8243; _module_preset=\u00bbdefault\u00bb text_font=\u00bb|||on|||||\u00bb text_text_color=\u00bb#e83643&#8243; text_orientation=\u00bbcenter\u00bb module_alignment=\u00bbcenter\u00bb custom_margin=\u00bb||0px||false|false\u00bb custom_padding=\u00bb||0px||false|false\u00bb global_colors_info=\u00bb{}\u00bb]<\/p>\n<p>WITH THE SPONSORSHIP OF<\/p>\n<p>[\/et_pb_text][\/et_pb_column][\/et_pb_row][et_pb_row column_structure=\u00bb1_3,1_3,1_3&#8243; disabled_on=\u00bboff|off|off\u00bb _builder_version=\u00bb4.14.7&#8243; _module_preset=\u00bbdefault\u00bb global_colors_info=\u00bb{}\u00bb][et_pb_column type=\u00bb1_3&#8243; _builder_version=\u00bb4.14.7&#8243; _module_preset=\u00bbdefault\u00bb global_colors_info=\u00bb{}\u00bb][\/et_pb_column][et_pb_column type=\u00bb1_3&#8243; _builder_version=\u00bb4.14.7&#8243; _module_preset=\u00bbdefault\u00bb global_colors_info=\u00bb{}\u00bb][et_pb_image src=\u00bbhttps:\/\/www.aitanacongress.com\/2023\/wp-content\/uploads\/LOGO-CONSELLERIA-INNOVACION-UNIVERSIDADES-PNG_VAL_NEGRO.png\u00bb title_text=\u00bbLOGO CONSELLERIA INNOVACION UNIVERSIDADES PNG_VAL_NEGRO\u00bb url=\u00bbhttps:\/\/www.gva.es\/en\/inicio\/presentacion\u00bb url_new_window=\u00bbon\u00bb admin_label=\u00bbgva\u00bb _builder_version=\u00bb4.14.7&#8243; _module_preset=\u00bbdefault\u00bb width=\u00bb230px\u00bb module_alignment=\u00bbcenter\u00bb global_colors_info=\u00bb{}\u00bb][\/et_pb_image][\/et_pb_column][et_pb_column type=\u00bb1_3&#8243; _builder_version=\u00bb4.14.7&#8243; _module_preset=\u00bbdefault\u00bb global_colors_info=\u00bb{}\u00bb][\/et_pb_column][\/et_pb_row][et_pb_row custom_padding_last_edited=\u00bbon|phone\u00bb admin_label=\u00bbCon el apoyo de \u00bb _builder_version=\u00bb4.14.7&#8243; _module_preset=\u00bbdefault\u00bb custom_margin=\u00bb||0px||false|false\u00bb custom_margin_tablet=\u00bb||0px||false|false\u00bb custom_margin_phone=\u00bb-15px||||false|false\u00bb custom_margin_last_edited=\u00bbon|phone\u00bb custom_padding=\u00bb||0px||false|false\u00bb custom_padding_tablet=\u00bb||0px||false|false\u00bb custom_padding_phone=\u00bb0px||||false|false\u00bb global_colors_info=\u00bb{}\u00bb][et_pb_column type=\u00bb4_4&#8243; _builder_version=\u00bb4.14.7&#8243; _module_preset=\u00bbdefault\u00bb global_colors_info=\u00bb{}\u00bb][et_pb_text _builder_version=\u00bb4.14.7&#8243; _module_preset=\u00bbdefault\u00bb text_font=\u00bb|||on|||||\u00bb text_text_color=\u00bb#e83643&#8243; text_orientation=\u00bbcenter\u00bb module_alignment=\u00bbcenter\u00bb custom_margin=\u00bb||0px||false|false\u00bb custom_padding=\u00bb||0px||false|false\u00bb global_colors_info=\u00bb{}\u00bb]<\/p>\n<p>WITH THE SUPPORT OF<\/p>\n<p>[\/et_pb_text][\/et_pb_column][\/et_pb_row][et_pb_row column_structure=\u00bb1_6,1_6,1_6,1_6,1_6,1_6&#8243; use_custom_gutter=\u00bbon\u00bb gutter_width=\u00bb2&#8243; custom_padding_last_edited=\u00bbon|desktop\u00bb _builder_version=\u00bb4.14.7&#8243; _module_preset=\u00bbdefault\u00bb width=\u00bb100%\u00bb max_width=\u00bb1200px\u00bb custom_padding=\u00bb|20px||20px|false|false\u00bb custom_padding_tablet=\u00bb|20px||20px|false|false\u00bb custom_padding_phone=\u00bb|20px||20px|false|false\u00bb global_colors_info=\u00bb{}\u00bb][et_pb_column type=\u00bb1_6&#8243; _builder_version=\u00bb4.14.7&#8243; _module_preset=\u00bbdefault\u00bb global_colors_info=\u00bb{}\u00bb][\/et_pb_column][et_pb_column type=\u00bb1_6&#8243; _builder_version=\u00bb4.14.7&#8243; _module_preset=\u00bbdefault\u00bb global_colors_info=\u00bb{}\u00bb][et_pb_image src=\u00bbhttps:\/\/www.aitanacongress.com\/2023\/wp-content\/uploads\/logo-UV-tyrans.png\u00bb title_text=\u00bblogo-UV-tyrans\u00bb url=\u00bbhttps:\/\/www.uv.es\/uvweb\/college\/en\/university-valencia-1285845048380.html\u00bb url_new_window=\u00bbon\u00bb admin_label=\u00bbUV\u00bb _builder_version=\u00bb4.14.7&#8243; _module_preset=\u00bbdefault\u00bb custom_margin=\u00bb||-1px|||\u00bb global_colors_info=\u00bb{}\u00bb][\/et_pb_image][\/et_pb_column][et_pb_column type=\u00bb1_6&#8243; _builder_version=\u00bb4.14.7&#8243; _module_preset=\u00bbdefault\u00bb global_colors_info=\u00bb{}\u00bb][et_pb_image src=\u00bbhttps:\/\/www.aitanacongress.com\/2023\/wp-content\/uploads\/logo-piramide-aniversario.png\u00bb title_text=\u00bblogo-piramide-aniversario\u00bb url=\u00bbhttps:\/\/www.edicionespiramide.es\/\u00bb url_new_window=\u00bbon\u00bb admin_label=\u00bbpiramide\u00bb _builder_version=\u00bb4.14.7&#8243; _module_preset=\u00bbdefault\u00bb max_width=\u00bb250px\u00bb module_alignment=\u00bbcenter\u00bb global_colors_info=\u00bb{}\u00bb][\/et_pb_image][\/et_pb_column][et_pb_column type=\u00bb1_6&#8243; _builder_version=\u00bb4.14.7&#8243; _module_preset=\u00bbdefault\u00bb global_colors_info=\u00bb{}\u00bb][et_pb_image src=\u00bbhttps:\/\/www.aitanacongress.com\/2023\/wp-content\/uploads\/logo-tea-2023.png\u00bb title_text=\u00bblogo-tea-2023&#8243; url=\u00bbhttps:\/\/web.teaediciones.com\/Inicio.aspx\u00bb url_new_window=\u00bbon\u00bb disabled_on=\u00bboff|off|off\u00bb admin_label=\u00bbtea\u00bb _builder_version=\u00bb4.14.7&#8243; _module_preset=\u00bbdefault\u00bb max_width=\u00bb250px\u00bb module_alignment=\u00bbcenter\u00bb global_colors_info=\u00bb{}\u00bb][\/et_pb_image][\/et_pb_column][et_pb_column type=\u00bb1_6&#8243; _builder_version=\u00bb4.14.7&#8243; _module_preset=\u00bbdefault\u00bb global_colors_info=\u00bb{}\u00bb][et_pb_image src=\u00bbhttps:\/\/www.aitanacongress.com\/2023\/wp-content\/uploads\/sepcij-logo.png\u00bb title_text=\u00bbsepcij-logo\u00bb url=\u00bbhttps:\/\/www.sepcij.es\/\u00bb url_new_window=\u00bbon\u00bb admin_label=\u00bbsepcij\u00bb _builder_version=\u00bb4.14.7&#8243; _module_preset=\u00bbdefault\u00bb max_width=\u00bb250px\u00bb module_alignment=\u00bbcenter\u00bb global_colors_info=\u00bb{}\u00bb][\/et_pb_image][\/et_pb_column][et_pb_column type=\u00bb1_6&#8243; _builder_version=\u00bb4.14.7&#8243; _module_preset=\u00bbdefault\u00bb global_colors_info=\u00bb{}\u00bb][\/et_pb_column][\/et_pb_row][et_pb_row column_structure=\u00bb1_5,1_5,1_5,1_5,1_5&#8243; use_custom_gutter=\u00bbon\u00bb gutter_width=\u00bb2&#8243; custom_padding_last_edited=\u00bbon|desktop\u00bb module_class=\u00bbsegunda-fila-logos\u00bb _builder_version=\u00bb4.14.7&#8243; _module_preset=\u00bbdefault\u00bb width=\u00bb100%\u00bb max_width=\u00bb1200px\u00bb custom_padding=\u00bb|20px||20px|false|false\u00bb custom_padding_tablet=\u00bb|20px||20px|false|false\u00bb custom_padding_phone=\u00bb|20px||20px|false|false\u00bb global_colors_info=\u00bb{}\u00bb][et_pb_column type=\u00bb1_5&#8243; _builder_version=\u00bb4.14.7&#8243; _module_preset=\u00bbdefault\u00bb global_colors_info=\u00bb{}\u00bb][\/et_pb_column][et_pb_column type=\u00bb1_5&#8243; _builder_version=\u00bb4.14.7&#8243; _module_preset=\u00bbdefault\u00bb global_colors_info=\u00bb{}\u00bb][et_pb_image src=\u00bbhttps:\/\/www.aitanacongress.com\/2023\/wp-content\/uploads\/logo_COP-2023.png\u00bb title_text=\u00bblogo_COP-2023&#8243; url=\u00bbhttps:\/\/www.cop.es\/index.php\u00bb url_new_window=\u00bbon\u00bb admin_label=\u00bbCOP\u00bb _builder_version=\u00bb4.14.7&#8243; _module_preset=\u00bbdefault\u00bb max_width=\u00bb250px\u00bb module_alignment=\u00bbcenter\u00bb global_colors_info=\u00bb{}\u00bb][\/et_pb_image][\/et_pb_column][et_pb_column type=\u00bb1_5&#8243; _builder_version=\u00bb4.14.7&#8243; _module_preset=\u00bbdefault\u00bb global_colors_info=\u00bb{}\u00bb][et_pb_image src=\u00bbhttps:\/\/www.aitanacongress.com\/2023\/wp-content\/uploads\/logo-academia-psicologia-2023.png\u00bb title_text=\u00bblogo-academia-psicologia-2023&#8243; url=\u00bbhttps:\/\/www.academiapsicologia.com\/\u00bb url_new_window=\u00bbon\u00bb admin_label=\u00bbAcademia Psic\u00bb _builder_version=\u00bb4.14.7&#8243; _module_preset=\u00bbdefault\u00bb custom_margin=\u00bb||-1px|||\u00bb global_colors_info=\u00bb{}\u00bb][\/et_pb_image][\/et_pb_column][et_pb_column type=\u00bb1_5&#8243; _builder_version=\u00bb4.14.7&#8243; _module_preset=\u00bbdefault\u00bb global_colors_info=\u00bb{}\u00bb][et_pb_image src=\u00bbhttps:\/\/www.aitanacongress.com\/2023\/wp-content\/uploads\/PearsonLogo-2023.png\u00bb title_text=\u00bbPearsonLogo-2023&#8243; url=\u00bbhttps:\/\/www.pearsonclinical.es\/?utm_source=online&#038;utm_medium=social_organic&#038;utm_campaign=aitana_23&#038;utm_term=logo-web\u00bb url_new_window=\u00bbon\u00bb disabled_on=\u00bboff|off|off\u00bb admin_label=\u00bbPearson\u00bb _builder_version=\u00bb4.14.7&#8243; _module_preset=\u00bbdefault\u00bb custom_margin=\u00bb||-1px|||\u00bb global_colors_info=\u00bb{}\u00bb][\/et_pb_image][\/et_pb_column][et_pb_column type=\u00bb1_5&#8243; _builder_version=\u00bb4.14.7&#8243; _module_preset=\u00bbdefault\u00bb global_colors_info=\u00bb{}\u00bb][\/et_pb_column][\/et_pb_row][\/et_pb_section][et_pb_section fb_built=\u00bb1&#8243; disabled_on=\u00bbon|on|on\u00bb admin_label=\u00bbsave the child\u00bb _builder_version=\u00bb4.14.7&#8243; background_color=\u00bbrgba(199,227,237,0.3)\u00bb max_width=\u00bb1080px\u00bb module_alignment=\u00bbcenter\u00bb custom_margin=\u00bb20px||20px||false|false\u00bb custom_padding=\u00bb20px|20px|20px|20px|false|false\u00bb border_radii=\u00bbon|0.5px|0.5px|0.5px|0.5px\u00bb border_color_all=\u00bb#C7E3ED\u00bb disabled=\u00bbon\u00bb collapsed=\u00bbon\u00bb global_colors_info=\u00bb{}\u00bb][et_pb_row column_structure=\u00bb1_4,3_4&#8243; use_custom_gutter=\u00bbon\u00bb gutter_width=\u00bb2&#8243; _builder_version=\u00bb4.14.7&#8243; width=\u00bb100%\u00bb module_alignment=\u00bbcenter\u00bb custom_margin=\u00bb20px||||false|false\u00bb collapsed=\u00bboff\u00bb global_colors_info=\u00bb{}\u00bb][et_pb_column type=\u00bb1_4&#8243; _builder_version=\u00bb4.14.7&#8243; global_colors_info=\u00bb{}\u00bb][et_pb_image src=\u00bbhttps:\/\/www.aitanacongress.com\/2023\/wp-content\/uploads\/SAVE-THE-CHILDREN-logo-1.png\u00bb align=\u00bbcenter\u00bb _builder_version=\u00bb4.0.11&#8243; max_width=\u00bb150px\u00bb global_colors_info=\u00bb{}\u00bb][\/et_pb_image][\/et_pb_column][et_pb_column type=\u00bb3_4&#8243; _builder_version=\u00bb4.0.11&#8243; global_colors_info=\u00bb{}\u00bb][et_pb_text _builder_version=\u00bb4.14.7&#8243; text_text_color=\u00bb#731421&#8243; header_text_color=\u00bb#E34621&#8243; header_3_line_height=\u00bb1.2rem\u00bb module_alignment=\u00bbcenter\u00bb custom_margin=\u00bb||||false|false\u00bb global_colors_info=\u00bb{}\u00bb]<\/p>\n<h3>Colaboraci\u00f3n con Save the Children<\/h3>\n<p>En Espa\u00f1a 1 de cada 3 ni\u00f1os vive en riesgo de pobreza y exclusi\u00f3n social. Comprometidos con el bienestar infantil, Aitana Investigaci\u00f3n ha llegado a un acuerdo con SAVE THE CHILDREN para que los asistentes al congreso\u00a0puedan aportar al inscribirse 3\u20ac en apoyo al Programa de la Lucha contra la Pobreza Infantil en Espa\u00f1a.\u00a0Con una peque\u00f1a aportaci\u00f3n entre todos podemos conseguir mucho.\u00a0No olvide marcar la casilla para hacer su aportaci\u00f3n cuando formalice su inscripci\u00f3n.<\/p>\n<p>[\/et_pb_text][\/et_pb_column][\/et_pb_row][\/et_pb_section]<\/p>\n","protected":false},"excerpt":{"rendered":"<p>CONGRESS REGISTRATION EARLY REGISTRATION EARLY REGISTRATIONWITHOUT DINNER LATE REGISTRATION LATE REGISTRATIONWITHOUT DINNER (until July 19) (after July 19) Regular \u00a0321 \u20ac \u00a0270 \u20ac 371 \u20ac 320 \u20ac Members of SEPCIJ Associate 246 \u20ac 195 \u20ac \u00a0301 \u20ac \u00a0250 \u20ac Members of collaborating entities \u00a0271 \u20ac \u00a0220 \u20ac \u00a0326 \u20ac \u00a0275 \u20ac PhD students and residents [&hellip;]<\/p>\n","protected":false},"author":1,"featured_media":0,"parent":0,"menu_order":0,"comment_status":"closed","ping_status":"closed","template":"","meta":{"_et_pb_use_builder":"on","_et_pb_old_content":"","_et_gb_content_width":"","_mi_skip_tracking":false,"_monsterinsights_sitenote_active":false,"_monsterinsights_sitenote_note":"","_monsterinsights_sitenote_category":0,"footnotes":""},"class_list":["post-833","page","type-page","status-publish","hentry"],"yoast_head":"<!-- This site is optimized with the Yoast SEO plugin v18.2 - https:\/\/yoast.com\/wordpress\/plugins\/seo\/ -->\n<title>Congress registration - 9th International Congress of Clinical and Health Psychology in Children and Adolescents<\/title>\n<meta name=\"robots\" content=\"index, follow, max-snippet:-1, max-image-preview:large, max-video-preview:-1\" \/>\n<link rel=\"canonical\" href=\"https:\/\/www.aitanacongress.com\/2023\/en\/congress-registration\/\" \/>\n<meta property=\"og:locale\" content=\"es_ES\" \/>\n<meta property=\"og:type\" content=\"article\" \/>\n<meta property=\"og:title\" content=\"Congress registration - 9th International Congress of Clinical and Health Psychology in Children and Adolescents\" \/>\n<meta property=\"og:description\" content=\"CONGRESS REGISTRATION EARLY REGISTRATION EARLY REGISTRATIONWITHOUT DINNER LATE REGISTRATION LATE REGISTRATIONWITHOUT DINNER (until July 19) (after July 19) Regular \u00a0321 \u20ac \u00a0270 \u20ac 371 \u20ac 320 \u20ac Members of SEPCIJ Associate 246 \u20ac 195 \u20ac \u00a0301 \u20ac \u00a0250 \u20ac Members of collaborating entities \u00a0271 \u20ac \u00a0220 \u20ac \u00a0326 \u20ac \u00a0275 \u20ac PhD students and residents [&hellip;]\" \/>\n<meta property=\"og:url\" content=\"https:\/\/www.aitanacongress.com\/2023\/en\/congress-registration\/\" \/>\n<meta property=\"og:site_name\" content=\"9th International Congress of Clinical and Health Psychology in Children and Adolescents\" \/>\n<meta property=\"article:modified_time\" content=\"2023-10-31T09:25:12+00:00\" \/>\n<meta name=\"twitter:card\" content=\"summary_large_image\" \/>\n<meta name=\"twitter:label1\" content=\"Tiempo de lectura\" \/>\n\t<meta name=\"twitter:data1\" content=\"7 minutos\" \/>\n<script type=\"application\/ld+json\" class=\"yoast-schema-graph\">{\"@context\":\"https:\/\/schema.org\",\"@graph\":[{\"@type\":\"WebSite\",\"@id\":\"https:\/\/www.aitanacongress.com\/2023\/#website\",\"url\":\"https:\/\/www.aitanacongress.com\/2023\/\",\"name\":\"9th International Congress of Clinical and Health Psychology in Children and Adolescents\",\"description\":\"9th International Congress of Clinical and Health Psychology in Children and Adolescents\",\"potentialAction\":[{\"@type\":\"SearchAction\",\"target\":{\"@type\":\"EntryPoint\",\"urlTemplate\":\"https:\/\/www.aitanacongress.com\/2023\/?s={search_term_string}\"},\"query-input\":\"required name=search_term_string\"}],\"inLanguage\":\"es\"},{\"@type\":\"WebPage\",\"@id\":\"https:\/\/www.aitanacongress.com\/2023\/en\/congress-registration\/#webpage\",\"url\":\"https:\/\/www.aitanacongress.com\/2023\/en\/congress-registration\/\",\"name\":\"Congress registration - 9th International Congress of Clinical and Health Psychology in Children and Adolescents\",\"isPartOf\":{\"@id\":\"https:\/\/www.aitanacongress.com\/2023\/#website\"},\"datePublished\":\"2022-02-28T10:08:22+00:00\",\"dateModified\":\"2023-10-31T09:25:12+00:00\",\"breadcrumb\":{\"@id\":\"https:\/\/www.aitanacongress.com\/2023\/en\/congress-registration\/#breadcrumb\"},\"inLanguage\":\"es\",\"potentialAction\":[{\"@type\":\"ReadAction\",\"target\":[\"https:\/\/www.aitanacongress.com\/2023\/en\/congress-registration\/\"]}]},{\"@type\":\"BreadcrumbList\",\"@id\":\"https:\/\/www.aitanacongress.com\/2023\/en\/congress-registration\/#breadcrumb\",\"itemListElement\":[{\"@type\":\"ListItem\",\"position\":1,\"name\":\"Portada\",\"item\":\"https:\/\/www.aitanacongress.com\/2023\/\"},{\"@type\":\"ListItem\",\"position\":2,\"name\":\"Congress registration\"}]}]}<\/script>\n<!-- \/ Yoast SEO plugin. -->","yoast_head_json":{"title":"Congress registration - 9th International Congress of Clinical and Health Psychology in Children and Adolescents","robots":{"index":"index","follow":"follow","max-snippet":"max-snippet:-1","max-image-preview":"max-image-preview:large","max-video-preview":"max-video-preview:-1"},"canonical":"https:\/\/www.aitanacongress.com\/2023\/en\/congress-registration\/","og_locale":"es_ES","og_type":"article","og_title":"Congress registration - 9th International Congress of Clinical and Health Psychology in Children and Adolescents","og_description":"CONGRESS REGISTRATION EARLY REGISTRATION EARLY REGISTRATIONWITHOUT DINNER LATE REGISTRATION LATE REGISTRATIONWITHOUT DINNER (until July 19) (after July 19) Regular \u00a0321 \u20ac \u00a0270 \u20ac 371 \u20ac 320 \u20ac Members of SEPCIJ Associate 246 \u20ac 195 \u20ac \u00a0301 \u20ac \u00a0250 \u20ac Members of collaborating entities \u00a0271 \u20ac \u00a0220 \u20ac \u00a0326 \u20ac \u00a0275 \u20ac PhD students and residents [&hellip;]","og_url":"https:\/\/www.aitanacongress.com\/2023\/en\/congress-registration\/","og_site_name":"9th International Congress of Clinical and Health Psychology in Children and Adolescents","article_modified_time":"2023-10-31T09:25:12+00:00","twitter_card":"summary_large_image","twitter_misc":{"Tiempo de lectura":"7 minutos"},"schema":{"@context":"https:\/\/schema.org","@graph":[{"@type":"WebSite","@id":"https:\/\/www.aitanacongress.com\/2023\/#website","url":"https:\/\/www.aitanacongress.com\/2023\/","name":"9th International Congress of Clinical and Health Psychology in Children and Adolescents","description":"9th International Congress of Clinical and Health Psychology in Children and Adolescents","potentialAction":[{"@type":"SearchAction","target":{"@type":"EntryPoint","urlTemplate":"https:\/\/www.aitanacongress.com\/2023\/?s={search_term_string}"},"query-input":"required name=search_term_string"}],"inLanguage":"es"},{"@type":"WebPage","@id":"https:\/\/www.aitanacongress.com\/2023\/en\/congress-registration\/#webpage","url":"https:\/\/www.aitanacongress.com\/2023\/en\/congress-registration\/","name":"Congress registration - 9th International Congress of Clinical and Health Psychology in Children and Adolescents","isPartOf":{"@id":"https:\/\/www.aitanacongress.com\/2023\/#website"},"datePublished":"2022-02-28T10:08:22+00:00","dateModified":"2023-10-31T09:25:12+00:00","breadcrumb":{"@id":"https:\/\/www.aitanacongress.com\/2023\/en\/congress-registration\/#breadcrumb"},"inLanguage":"es","potentialAction":[{"@type":"ReadAction","target":["https:\/\/www.aitanacongress.com\/2023\/en\/congress-registration\/"]}]},{"@type":"BreadcrumbList","@id":"https:\/\/www.aitanacongress.com\/2023\/en\/congress-registration\/#breadcrumb","itemListElement":[{"@type":"ListItem","position":1,"name":"Portada","item":"https:\/\/www.aitanacongress.com\/2023\/"},{"@type":"ListItem","position":2,"name":"Congress registration"}]}]}},"_links":{"self":[{"href":"https:\/\/www.aitanacongress.com\/2023\/wp-json\/wp\/v2\/pages\/833","targetHints":{"allow":["GET"]}}],"collection":[{"href":"https:\/\/www.aitanacongress.com\/2023\/wp-json\/wp\/v2\/pages"}],"about":[{"href":"https:\/\/www.aitanacongress.com\/2023\/wp-json\/wp\/v2\/types\/page"}],"author":[{"embeddable":true,"href":"https:\/\/www.aitanacongress.com\/2023\/wp-json\/wp\/v2\/users\/1"}],"replies":[{"embeddable":true,"href":"https:\/\/www.aitanacongress.com\/2023\/wp-json\/wp\/v2\/comments?post=833"}],"version-history":[{"count":78,"href":"https:\/\/www.aitanacongress.com\/2023\/wp-json\/wp\/v2\/pages\/833\/revisions"}],"predecessor-version":[{"id":9581,"href":"https:\/\/www.aitanacongress.com\/2023\/wp-json\/wp\/v2\/pages\/833\/revisions\/9581"}],"wp:attachment":[{"href":"https:\/\/www.aitanacongress.com\/2023\/wp-json\/wp\/v2\/media?parent=833"}],"curies":[{"name":"wp","href":"https:\/\/api.w.org\/{rel}","templated":true}]}}