{"id":8354,"date":"2023-04-25T10:34:27","date_gmt":"2023-04-25T08:34:27","guid":{"rendered":"https:\/\/www.aitanacongress.com\/2023\/?page_id=8354"},"modified":"2023-04-25T14:10:49","modified_gmt":"2023-04-25T12:10:49","slug":"ponente-laura-lopez-romero","status":"publish","type":"page","link":"https:\/\/www.aitanacongress.com\/2023\/ponente-laura-lopez-romero\/","title":{"rendered":"Ponente Laura L\u00f3pez Romero"},"content":{"rendered":"<p>[et_pb_section fb_built=\u00bb1&#8243; custom_padding_last_edited=\u00bbon|phone\u00bb admin_label=\u00bbPonencia\u00bb module_class=\u00bbponencia\u00bb _builder_version=\u00bb4.14.7&#8243; use_background_color_gradient=\u00bbon\u00bb background_color_gradient_start=\u00bb#e83643&#8243; background_color_gradient_end=\u00bb#e83643&#8243; custom_margin=\u00bb|||\u00bb custom_padding=\u00bb40px||40px||false|false\u00bb custom_padding_tablet=\u00bb40px||40px||false|false\u00bb custom_padding_phone=\u00bb20px||20px||false|false\u00bb global_colors_info=\u00bb{}\u00bb][et_pb_row column_structure=\u00bb3_4,1_4&#8243; custom_padding_last_edited=\u00bbon|phone\u00bb disabled_on=\u00bboff|off|off\u00bb admin_label=\u00bbFila\u00bb _builder_version=\u00bb4.14.7&#8243; background_size=\u00bbinitial\u00bb background_position=\u00bbtop_left\u00bb background_repeat=\u00bbrepeat\u00bb width_tablet=\u00bb\u00bb width_phone=\u00bb100%\u00bb width_last_edited=\u00bbon|phone\u00bb custom_margin=\u00bb||0px||false|false\u00bb custom_padding=\u00bb||0px||false|false\u00bb custom_padding_tablet=\u00bb||0px||false|false\u00bb custom_padding_phone=\u00bb|20px||20px|false|false\u00bb global_colors_info=\u00bb{}\u00bb][et_pb_column type=\u00bb3_4&#8243; _builder_version=\u00bb3.25&#8243; custom_padding=\u00bb|||\u00bb global_colors_info=\u00bb{}\u00bb custom_padding__hover=\u00bb|||\u00bb][et_pb_text admin_label=\u00bbT\u00edtulo\u00bb _builder_version=\u00bb4.14.7&#8243; header_font=\u00bbMerriweather|700|||||||\u00bb header_font_size=\u00bb46px\u00bb header_line_height=\u00bb1.3em\u00bb custom_margin=\u00bb||0px|\u00bb animation_style=\u00bbflip\u00bb animation_direction=\u00bbtop\u00bb hover_enabled=\u00bb0&#8243; global_colors_info=\u00bb{}\u00bb sticky_enabled=\u00bb0&#8243;]<\/p>\n<h1>Actualizaci\u00f3n en los problemas de conducta infanto-juvenil: Predictores, desarrollo y pautas de prevenci\u00f3n.<\/h1>\n<p>[\/et_pb_text][et_pb_divider color=\u00bb#ffc540&#8243; divider_position=\u00bbcenter\u00bb divider_weight=\u00bb2px\u00bb _builder_version=\u00bb4.14.7&#8243; max_width=\u00bb90px\u00bb max_width_tablet=\u00bb12%\u00bb max_width_last_edited=\u00bboff|desktop\u00bb custom_margin=\u00bb|||\u00bb animation_style=\u00bbflip\u00bb animation_delay=\u00bb50ms\u00bb global_colors_info=\u00bb{}\u00bb][\/et_pb_divider][\/et_pb_column][et_pb_column type=\u00bb1_4&#8243; _builder_version=\u00bb3.25&#8243; custom_padding=\u00bb|||\u00bb global_colors_info=\u00bb{}\u00bb custom_padding__hover=\u00bb|||\u00bb][et_pb_image src=\u00bbhttps:\/\/www.aitanacongress.com\/2023\/wp-content\/uploads\/img-barquito.png\u00bb title_text=\u00bbimg-barquito\u00bb force_fullwidth=\u00bbon\u00bb align_tablet=\u00bbcenter\u00bb align_phone=\u00bb\u00bb align_last_edited=\u00bbon|desktop\u00bb admin_label=\u00bbImagen\u00bb _builder_version=\u00bb4.14.7&#8243; animation_style=\u00bbslide\u00bb animation_direction=\u00bbright\u00bb animation_intensity_slide=\u00bb10%\u00bb global_colors_info=\u00bb{}\u00bb][\/et_pb_image][\/et_pb_column][\/et_pb_row][et_pb_row custom_padding_last_edited=\u00bbon|phone\u00bb disabled_on=\u00bboff|off|off\u00bb admin_label=\u00bbFila\u00bb _builder_version=\u00bb4.14.7&#8243; background_size=\u00bbinitial\u00bb background_position=\u00bbtop_left\u00bb background_repeat=\u00bbrepeat\u00bb width_tablet=\u00bb\u00bb width_phone=\u00bb100%\u00bb width_last_edited=\u00bbon|phone\u00bb custom_margin=\u00bb0px||||false|false\u00bb custom_padding=\u00bb0px||||false|false\u00bb custom_padding_tablet=\u00bb0px||||false|false\u00bb custom_padding_phone=\u00bb|20px||20px|false|false\u00bb global_colors_info=\u00bb{}\u00bb][et_pb_column type=\u00bb4_4&#8243; _builder_version=\u00bb3.25&#8243; custom_padding=\u00bb|||\u00bb global_colors_info=\u00bb{}\u00bb custom_padding__hover=\u00bb|||\u00bb][et_pb_text _builder_version=\u00bb4.14.7&#8243; text_font=\u00bb||||||||\u00bb text_font_size=\u00bb20px\u00bb text_line_height=\u00bb1.8em\u00bb custom_margin=\u00bb25px|||\u00bb animation_style=\u00bbflip\u00bb animation_direction=\u00bbtop\u00bb animation_delay=\u00bb100ms\u00bb hover_enabled=\u00bb0&#8243; global_colors_info=\u00bb{}\u00bb sticky_enabled=\u00bb0&#8243;]<\/p>\n<p style=\"text-align: justify;\">Los problemas de conducta constituyen un fen\u00f3meno de relevancia en la infancia y la adolescencia, siendo uno de los principales motivos de consulta en los servicios de salud mental infanto-juvenil. A pesar de que en m\u00faltiples modelos de desarrollo, as\u00ed como en los sistemas de clasificaci\u00f3n diagn\u00f3stica, los problemas de conducta se han analizado como categor\u00edas unitarias, actualmente existen m\u00faltiples evidencias que nos hablan de su heterogeneidad en cuanto a manifestaci\u00f3n, desarrollo y mecanismos etiol\u00f3gicos. Profundizar en esta variabilidad facilitar\u00e1 la comprensi\u00f3n de un fen\u00f3meno que no por conocido deja de ser menos complejo, y contribuir\u00e1 al desarrollo de estrategias de prevenci\u00f3n que permitan reducir el riesgo de desarrollar trayectorias m\u00e1s severas y persistentes. El presente simposio pretende contribuir a este fin, a trav\u00e9s de 3 trabajos que aportar\u00e1n evidencias cient\u00edficas sobre el desarrollo de los problemas de conducta, atendiendo a su heterogeneidad (Comunicaciones 1-3), y un cuarto trabajo centrado en presentar un nuevo modelo de prevenci\u00f3n que parte de lo universal hacia lo indicado (Comunicaci\u00f3n 4). De forma espec\u00edfica, el primer trabajo se centrar\u00e1 en las trayectorias de desarrollo de los problemas de conducta, y su posible co-ocurrencia con problemas de tipo emocional, desde una perspectiva de g\u00e9nero. El segundo trabajo tendr\u00e1 como objetivo la identificaci\u00f3n de distintos perfiles o variantes en los problemas de conducta de inicio temprano, analizando su evoluci\u00f3n. El tercer trabajo se centrar\u00e1 en el an\u00e1lisis de los predictores tempranos de los problemas de conducta, incluyendo variables temperamentales y pr\u00e1cticas parentales, examinando posibles efectos rec\u00edprocos. En \u00faltimo lugar, se presentar\u00e1 una propuesta de prevenci\u00f3n basada en el programa Empecemos en sus variantes Universal e Indicada. En suma, se pretende contribuir al avance en el estudio de los problemas de conducta desde la investigaci\u00f3n longitudinal y centrada en la persona, destacando sus m\u00faltiples implicaciones pr\u00e1cticas.<\/p>\n<p>[\/et_pb_text][\/et_pb_column][\/et_pb_row][\/et_pb_section][et_pb_section fb_built=\u00bb1&#8243; custom_padding_last_edited=\u00bbon|phone\u00bb admin_label=\u00bbPonente\u00bb module_class=\u00bbsingle-ponente\u00bb _builder_version=\u00bb4.14.7&#8243; background_color=\u00bb#f5f9fb\u00bb background_image=\u00bbhttps:\/\/www.aitanacongress.com\/2023\/wp-content\/uploads\/bg-4.png\u00bb background_size=\u00bbinitial\u00bb background_position=\u00bbtop_right\u00bb custom_margin=\u00bb0px||0px||false|false\u00bb custom_padding=\u00bb130px||80px||false|false\u00bb custom_padding_tablet=\u00bb130px||80px||false|false\u00bb custom_padding_phone=\u00bb85px||60px||false|false\u00bb global_colors_info=\u00bb{}\u00bb][et_pb_row column_structure=\u00bb2_3,1_3&#8243; custom_padding_last_edited=\u00bbon|phone\u00bb _builder_version=\u00bb4.14.7&#8243; width_tablet=\u00bb\u00bb width_phone=\u00bb100%\u00bb width_last_edited=\u00bbon|phone\u00bb module_alignment=\u00bbcenter\u00bb custom_margin=\u00bb0px||0px||false|false\u00bb custom_margin_tablet=\u00bb0px|||\u00bb custom_margin_phone=\u00bb0px|||\u00bb custom_margin_last_edited=\u00bboff|desktop\u00bb custom_padding=\u00bb0px|0px|0px|0px|false|false\u00bb custom_padding_tablet=\u00bb0px|0px|0px|0px|false|false\u00bb custom_padding_phone=\u00bb|20px||20px|false|false\u00bb global_colors_info=\u00bb{}\u00bb][et_pb_column type=\u00bb2_3&#8243; _builder_version=\u00bb4.14.7&#8243; background_color_gradient_start=\u00bb#ff6a88&#8243; background_color_gradient_end=\u00bb#ff99ac\u00bb background_color_gradient_direction=\u00bb35deg\u00bb custom_padding=\u00bb|60px|0px||false|false\u00bb custom_padding_tablet=\u00bb|0px||\u00bb custom_padding_phone=\u00bb|0px||\u00bb custom_padding_last_edited=\u00bbon|desktop\u00bb global_colors_info=\u00bb{}\u00bb padding_tablet=\u00bb|0px||\u00bb padding_last_edited=\u00bbon|desktop\u00bb custom_padding__hover=\u00bb|||\u00bb padding_phone=\u00bb|0px||\u00bb][et_pb_text admin_label=\u00bbNombre\u00bb _builder_version=\u00bb4.14.7&#8243; text_font=\u00bb||||||||\u00bb header_font=\u00bb||||||||\u00bb header_2_font=\u00bbMontserrat|500|||||||\u00bb header_2_text_color=\u00bb#e83643&#8243; header_2_font_size=\u00bb30px\u00bb header_2_line_height=\u00bb1.4em\u00bb custom_margin=\u00bb-40px||0px||false|false\u00bb animation_style=\u00bbfade\u00bb animation_direction=\u00bbright\u00bb animation_starting_opacity=\u00bb100%\u00bb hover_enabled=\u00bb0&#8243; global_colors_info=\u00bb{}\u00bb sticky_enabled=\u00bb0&#8243;]<\/p>\n<h2>LAURA L\u00d3PEZ ROMERO<\/h2>\n<p>[\/et_pb_text][et_pb_text admin_label=\u00bbEstudios\u00bb module_class=\u00bbestudios\u00bb _builder_version=\u00bb4.14.7&#8243; text_font=\u00bbMontserrat|600||on|||||\u00bb text_text_color=\u00bb#180302&#8243; header_font=\u00bb||||||||\u00bb animation_style=\u00bbslide\u00bb animation_direction=\u00bbright\u00bb animation_intensity_slide=\u00bb5%\u00bb animation_starting_opacity=\u00bb100%\u00bb hover_enabled=\u00bb0&#8243; global_colors_info=\u00bb{}\u00bb sticky_enabled=\u00bb0&#8243;]<\/p>\n<p>Universidad de Santiago de Compostela. Espa\u00f1a<\/p>\n<p>[\/et_pb_text][et_pb_divider divider_weight=\u00bb3px\u00bb _builder_version=\u00bb4.14.7&#8243; max_width=\u00bb80px\u00bb animation_style=\u00bbslide\u00bb animation_direction=\u00bbright\u00bb animation_intensity_slide=\u00bb5%\u00bb animation_starting_opacity=\u00bb100%\u00bb global_colors_info=\u00bb{}\u00bb][\/et_pb_divider][et_pb_text admin_label=\u00bbTexto\u00bb _builder_version=\u00bb4.14.7&#8243; text_font=\u00bbMontserrat|300|||||||\u00bb text_font_size=\u00bb16px\u00bb text_line_height=\u00bb1.8em\u00bb animation_style=\u00bbslide\u00bb animation_direction=\u00bbright\u00bb animation_intensity_slide=\u00bb5%\u00bb animation_starting_opacity=\u00bb100%\u00bb hover_enabled=\u00bb0&#8243; global_colors_info=\u00bb{}\u00bb sticky_enabled=\u00bb0&#8243;]<\/p>\n<p style=\"text-align: justify;\">Laura L\u00f3pez-Romero <span data-contrast=\"auto\">es Dra. en Psicolog\u00eda Cl\u00ednica y Psicobiolog\u00eda por la Universidad de Santiago de Compostela (USC), e investigadora del programa Ram\u00f3n y Cajal en la Unidad de Investigaci\u00f3n de las Conductas de Riesgo y los Trastornos del Desarrollo (UNDERISK; USC). Su l\u00ednea de investigaci\u00f3n se centra fundamentalmente en el desarrollo de los problemas de conducta, con especial inter\u00e9s en la identificaci\u00f3n de trayectorias evolutivas desde la infancia hasta la adolescencia, atendiendo a la influencia de diversos factores individuales y contextuales. Entre \u00e9stos destacan el papel de determinadas variables temperamentales y de personalidad como los rasgos de tipo psicop\u00e1tico (dureza emocional, manipulaci\u00f3n, impulsividad), tratando de entender c\u00f3mo se estructuran y desarrollan a lo largo de la infancia, as\u00ed como el papel de las variables familiares, y m\u00e1s concretamente, los estilos y pr\u00e1cticas educativas parentales. Esta l\u00ednea de investigaci\u00f3n ha dado lugar a una importante producci\u00f3n cient\u00edfica, con art\u00edculos publicados en revistas de impacto nacional e internacional, la mayor\u00eda de los cuales se han centrado en el desarrollo de los problemas de conducta y la personalidad psicop\u00e1tica en la infancia y la adolescencia. Adem\u00e1s, le ha permitido presentar m\u00e1s de 70 trabajos en m\u00faltiples congresos organizados por sociedades cient\u00edficas de relevancia nacional e internacional (ISSID, EFCAP, ECP, AITANA, SEIC). As\u00ed mismo, ha participado en diversos proyectos I+D financiados en convocatorias p\u00fablicas de \u00e1mbito auton\u00f3mico y nacional. Actualmente desarrolla parte de su labor investigadora en el proyecto de investigaci\u00f3n longitudinal ELISA (<\/span><i><span data-contrast=\"auto\">Estudio Longitudinal para una Infancia Saludable<\/span><\/i><span data-contrast=\"auto\">), iniciando recientemente una l\u00ednea de investigaci\u00f3n complementaria (E<\/span><i><span data-contrast=\"auto\">LISA Socioemocional<\/span><\/i><span data-contrast=\"auto\">) centrada en el an\u00e1lisis del procesamiento, reconocimiento y expresi\u00f3n emocional en relaci\u00f3n a distintas variantes de problemas de conducta.\u00a0<\/span><span data-ccp-props=\"{&quot;201341983&quot;:0,&quot;335551550&quot;:6,&quot;335551620&quot;:6,&quot;335559739&quot;:200,&quot;335559740&quot;:360}\">\u00a0<\/span><\/p>\n<p>[\/et_pb_text][\/et_pb_column][et_pb_column type=\u00bb1_3&#8243; _builder_version=\u00bb4.14.7&#8243; use_background_color_gradient=\u00bbon\u00bb background_color_gradient_start=\u00bb#e83643&#8243; background_color_gradient_end=\u00bb#e83643&#8243; custom_padding=\u00bb|||\u00bb global_colors_info=\u00bb{}\u00bb custom_padding__hover=\u00bb|||\u00bb][et_pb_image src=\u00bbhttps:\/\/www.aitanacongress.com\/2023\/wp-content\/uploads\/Laua-Lopez-Romero-1-2.jpg\u00bb title_text=\u00bbLaua Lopez Romero 1&#8243; align=\u00bbcenter\u00bb force_fullwidth=\u00bbon\u00bb disabled_on=\u00bboff|off|off\u00bb admin_label=\u00bbImagen ponente\u00bb _builder_version=\u00bb4.14.7&#8243; custom_margin=\u00bb-40px|40px|40px|-40px\u00bb custom_padding=\u00bb|||\u00bb animation_direction=\u00bbright\u00bb hover_enabled=\u00bb0&#8243; border_color_all=\u00bb#\u00bb box_shadow_style=\u00bbpreset3&#8243; box_shadow_horizontal=\u00bb13px\u00bb box_shadow_vertical=\u00bb42px\u00bb box_shadow_blur=\u00bb45px\u00bb box_shadow_spread=\u00bb-3px\u00bb box_shadow_color=\u00bbrgba(0,0,0,0.1)\u00bb always_center_on_mobile=\u00bboff\u00bb global_colors_info=\u00bb{}\u00bb sticky_enabled=\u00bb0&#8243;][\/et_pb_image][\/et_pb_column][\/et_pb_row][\/et_pb_section][et_pb_section fb_built=\u00bb1&#8243; custom_padding_last_edited=\u00bbon|desktop\u00bb admin_label=\u00bbLOGO_ESPANOL\u00bb module_class=\u00bblogos-congreso\u00bb _builder_version=\u00bb4.14.7&#8243; _module_preset=\u00bbdefault\u00bb custom_padding=\u00bb50px||30px||false|false\u00bb custom_padding_tablet=\u00bb50px||50px||false|false\u00bb custom_padding_phone=\u00bb||25px||false|false\u00bb global_module=\u00bb6397&#8243; saved_tabs=\u00bball\u00bb collapsed=\u00bbon\u00bb global_colors_info=\u00bb{}\u00bb][et_pb_row custom_padding_last_edited=\u00bbon|phone\u00bb admin_label=\u00bbOrganiza\u00bb _builder_version=\u00bb4.14.7&#8243; _module_preset=\u00bbdefault\u00bb custom_margin=\u00bb||0px||false|false\u00bb custom_padding=\u00bb||0px||false|false\u00bb custom_padding_tablet=\u00bb||0px||false|false\u00bb custom_padding_phone=\u00bb0px||||false|false\u00bb global_colors_info=\u00bb{}\u00bb][et_pb_column type=\u00bb4_4&#8243; _builder_version=\u00bb4.14.7&#8243; _module_preset=\u00bbdefault\u00bb global_colors_info=\u00bb{}\u00bb][et_pb_text _builder_version=\u00bb4.14.7&#8243; _module_preset=\u00bbdefault\u00bb text_font=\u00bb|||on|||||\u00bb text_text_color=\u00bb#e83643&#8243; text_orientation=\u00bbcenter\u00bb module_alignment=\u00bbcenter\u00bb custom_margin=\u00bb||0px||false|false\u00bb custom_padding=\u00bb||0px||false|false\u00bb global_colors_info=\u00bb{}\u00bb]<\/p>\n<p>Organiza<\/p>\n<p>[\/et_pb_text][\/et_pb_column][\/et_pb_row][et_pb_row column_structure=\u00bb1_4,1_4,1_4,1_4&#8243; _builder_version=\u00bb4.14.7&#8243; _module_preset=\u00bbdefault\u00bb global_colors_info=\u00bb{}\u00bb][et_pb_column type=\u00bb1_4&#8243; _builder_version=\u00bb4.14.7&#8243; _module_preset=\u00bbdefault\u00bb global_colors_info=\u00bb{}\u00bb][\/et_pb_column][et_pb_column type=\u00bb1_4&#8243; _builder_version=\u00bb4.14.7&#8243; _module_preset=\u00bbdefault\u00bb global_colors_info=\u00bb{}\u00bb][et_pb_image src=\u00bbhttps:\/\/www.aitanacongress.com\/2023\/wp-content\/uploads\/logo-aitana-2023.png\u00bb title_text=\u00bblogo-aitana-2023&#8243; url=\u00bbhttps:\/\/aitanainvestigacion.umh.es\/\u00bb url_new_window=\u00bbon\u00bb admin_label=\u00bbaitana\u00bb _builder_version=\u00bb4.14.7&#8243; _module_preset=\u00bbdefault\u00bb width=\u00bb250px\u00bb module_alignment=\u00bbcenter\u00bb global_colors_info=\u00bb{}\u00bb][\/et_pb_image][\/et_pb_column][et_pb_column type=\u00bb1_4&#8243; _builder_version=\u00bb4.14.7&#8243; _module_preset=\u00bbdefault\u00bb global_colors_info=\u00bb{}\u00bb][et_pb_image src=\u00bbhttps:\/\/www.aitanacongress.com\/2023\/wp-content\/uploads\/logo-UHM-2023.png\u00bb title_text=\u00bblogo-UHM-2023&#8243; url=\u00bbhttps:\/\/www.umh.es\/\u00bb url_new_window=\u00bbon\u00bb admin_label=\u00bbUHM\u00bb _builder_version=\u00bb4.14.7&#8243; _module_preset=\u00bbdefault\u00bb width=\u00bb250px\u00bb module_alignment=\u00bbcenter\u00bb global_colors_info=\u00bb{}\u00bb][\/et_pb_image][\/et_pb_column][et_pb_column type=\u00bb1_4&#8243; _builder_version=\u00bb4.14.7&#8243; _module_preset=\u00bbdefault\u00bb global_colors_info=\u00bb{}\u00bb][\/et_pb_column][\/et_pb_row][et_pb_row custom_padding_last_edited=\u00bbon|phone\u00bb disabled_on=\u00bbon|on|on\u00bb admin_label=\u00bbPatrocina\u00bb _builder_version=\u00bb4.14.7&#8243; _module_preset=\u00bbdefault\u00bb custom_margin=\u00bb||0px||false|false\u00bb custom_margin_tablet=\u00bb||0px||false|false\u00bb custom_margin_phone=\u00bb-15px||||false|false\u00bb custom_margin_last_edited=\u00bbon|phone\u00bb custom_padding=\u00bb||0px||false|false\u00bb custom_padding_tablet=\u00bb||0px||false|false\u00bb custom_padding_phone=\u00bb0px||||false|false\u00bb disabled=\u00bbon\u00bb global_colors_info=\u00bb{}\u00bb][et_pb_column type=\u00bb4_4&#8243; _builder_version=\u00bb4.14.7&#8243; _module_preset=\u00bbdefault\u00bb global_colors_info=\u00bb{}\u00bb][et_pb_text _builder_version=\u00bb4.14.7&#8243; _module_preset=\u00bbdefault\u00bb text_font=\u00bb|||on|||||\u00bb text_text_color=\u00bb#e83643&#8243; text_orientation=\u00bbcenter\u00bb module_alignment=\u00bbcenter\u00bb custom_margin=\u00bb||0px||false|false\u00bb custom_padding=\u00bb||0px||false|false\u00bb global_colors_info=\u00bb{}\u00bb]<\/p>\n<p>Patrocina<\/p>\n<p>[\/et_pb_text][\/et_pb_column][\/et_pb_row][et_pb_row column_structure=\u00bb1_3,1_3,1_3&#8243; disabled_on=\u00bbon|on|on\u00bb _builder_version=\u00bb4.14.7&#8243; _module_preset=\u00bbdefault\u00bb disabled=\u00bbon\u00bb global_colors_info=\u00bb{}\u00bb][et_pb_column type=\u00bb1_3&#8243; _builder_version=\u00bb4.14.7&#8243; _module_preset=\u00bbdefault\u00bb global_colors_info=\u00bb{}\u00bb][\/et_pb_column][et_pb_column type=\u00bb1_3&#8243; _builder_version=\u00bb4.14.7&#8243; _module_preset=\u00bbdefault\u00bb global_colors_info=\u00bb{}\u00bb][et_pb_image src=\u00bbhttps:\/\/www.aitanacongress.com\/2023\/wp-content\/uploads\/logo_gva_2023.png\u00bb title_text=\u00bblogo_gva_2023&#8243; url=\u00bbhttps:\/\/www.gva.es\/va\/inicio\/presentacion\u00bb url_new_window=\u00bbon\u00bb admin_label=\u00bbgva\u00bb _builder_version=\u00bb4.14.7&#8243; _module_preset=\u00bbdefault\u00bb width=\u00bb300px\u00bb module_alignment=\u00bbcenter\u00bb global_colors_info=\u00bb{}\u00bb][\/et_pb_image][\/et_pb_column][et_pb_column type=\u00bb1_3&#8243; _builder_version=\u00bb4.14.7&#8243; _module_preset=\u00bbdefault\u00bb global_colors_info=\u00bb{}\u00bb][\/et_pb_column][\/et_pb_row][et_pb_row custom_padding_last_edited=\u00bbon|phone\u00bb admin_label=\u00bbCon el apoyo de \u00bb _builder_version=\u00bb4.14.7&#8243; _module_preset=\u00bbdefault\u00bb custom_margin=\u00bb||0px||false|false\u00bb custom_margin_tablet=\u00bb||0px||false|false\u00bb custom_margin_phone=\u00bb-15px||||false|false\u00bb custom_margin_last_edited=\u00bbon|phone\u00bb custom_padding=\u00bb||0px||false|false\u00bb custom_padding_tablet=\u00bb||0px||false|false\u00bb custom_padding_phone=\u00bb0px||||false|false\u00bb global_colors_info=\u00bb{}\u00bb][et_pb_column type=\u00bb4_4&#8243; _builder_version=\u00bb4.14.7&#8243; _module_preset=\u00bbdefault\u00bb global_colors_info=\u00bb{}\u00bb][et_pb_text _builder_version=\u00bb4.14.7&#8243; _module_preset=\u00bbdefault\u00bb text_font=\u00bb|||on|||||\u00bb text_text_color=\u00bb#e83643&#8243; text_orientation=\u00bbcenter\u00bb module_alignment=\u00bbcenter\u00bb custom_margin=\u00bb||0px||false|false\u00bb custom_padding=\u00bb||0px||false|false\u00bb global_colors_info=\u00bb{}\u00bb]<\/p>\n<p>Con el apoyo de<\/p>\n<p>[\/et_pb_text][\/et_pb_column][\/et_pb_row][et_pb_row column_structure=\u00bb1_5,1_5,1_5,1_5,1_5&#8243; use_custom_gutter=\u00bbon\u00bb gutter_width=\u00bb2&#8243; custom_padding_last_edited=\u00bbon|desktop\u00bb _builder_version=\u00bb4.14.7&#8243; _module_preset=\u00bbdefault\u00bb width=\u00bb100%\u00bb max_width=\u00bb1200px\u00bb custom_padding=\u00bb|20px||20px|false|false\u00bb custom_padding_tablet=\u00bb|20px||20px|false|false\u00bb custom_padding_phone=\u00bb|20px||20px|false|false\u00bb global_colors_info=\u00bb{}\u00bb][et_pb_column type=\u00bb1_5&#8243; _builder_version=\u00bb4.14.7&#8243; _module_preset=\u00bbdefault\u00bb global_colors_info=\u00bb{}\u00bb][et_pb_image src=\u00bbhttps:\/\/www.aitanacongress.com\/2023\/wp-content\/uploads\/logo-UV-tyrans.png\u00bb title_text=\u00bblogo-UV-tyrans\u00bb url=\u00bbhttps:\/\/www.uv.es\/\u00bb url_new_window=\u00bbon\u00bb admin_label=\u00bbUV\u00bb _builder_version=\u00bb4.14.7&#8243; _module_preset=\u00bbdefault\u00bb custom_margin=\u00bb||-1px|||\u00bb global_colors_info=\u00bb{}\u00bb][\/et_pb_image][\/et_pb_column][et_pb_column type=\u00bb1_5&#8243; _builder_version=\u00bb4.14.7&#8243; _module_preset=\u00bbdefault\u00bb global_colors_info=\u00bb{}\u00bb][et_pb_image src=\u00bbhttps:\/\/www.aitanacongress.com\/2023\/wp-content\/uploads\/logo-piramide-aniversario.png\u00bb title_text=\u00bblogo-piramide-aniversario\u00bb url=\u00bbhttps:\/\/www.edicionespiramide.es\/\u00bb url_new_window=\u00bbon\u00bb admin_label=\u00bbpiramide\u00bb _builder_version=\u00bb4.14.7&#8243; _module_preset=\u00bbdefault\u00bb max_width=\u00bb250px\u00bb module_alignment=\u00bbcenter\u00bb global_colors_info=\u00bb{}\u00bb][\/et_pb_image][\/et_pb_column][et_pb_column type=\u00bb1_5&#8243; _builder_version=\u00bb4.14.7&#8243; _module_preset=\u00bbdefault\u00bb global_colors_info=\u00bb{}\u00bb][et_pb_image src=\u00bbhttps:\/\/www.aitanacongress.com\/2023\/wp-content\/uploads\/sepcij-logo.png\u00bb title_text=\u00bbsepcij-logo\u00bb url=\u00bbhttps:\/\/www.sepcij.es\/\u00bb url_new_window=\u00bbon\u00bb admin_label=\u00bbsepcij\u00bb _builder_version=\u00bb4.14.7&#8243; _module_preset=\u00bbdefault\u00bb max_width=\u00bb250px\u00bb module_alignment=\u00bbcenter\u00bb global_colors_info=\u00bb{}\u00bb][\/et_pb_image][et_pb_image src=\u00bbhttps:\/\/www.aitanacongress.com\/2023\/wp-content\/uploads\/logo-tea-2023.png\u00bb title_text=\u00bblogo-tea-2023&#8243; url=\u00bbhttps:\/\/web.teaediciones.com\/Inicio.aspx\u00bb url_new_window=\u00bbon\u00bb disabled_on=\u00bbon|on|on\u00bb admin_label=\u00bbtea\u00bb _builder_version=\u00bb4.14.7&#8243; _module_preset=\u00bbdefault\u00bb max_width=\u00bb250px\u00bb module_alignment=\u00bbcenter\u00bb disabled=\u00bbon\u00bb global_colors_info=\u00bb{}\u00bb][\/et_pb_image][et_pb_image src=\u00bbhttps:\/\/www.aitanacongress.com\/2023\/wp-content\/uploads\/PearsonLogo-2023.png\u00bb title_text=\u00bbPearsonLogo-2023&#8243; url=\u00bbhttps:\/\/www.pearsoneducacion.net\/espa%C3%B1a\/inicio\u00bb url_new_window=\u00bbon\u00bb disabled_on=\u00bbon|on|on\u00bb admin_label=\u00bbPearson\u00bb _builder_version=\u00bb4.14.7&#8243; _module_preset=\u00bbdefault\u00bb custom_margin=\u00bb||-1px|||\u00bb disabled=\u00bbon\u00bb global_colors_info=\u00bb{}\u00bb][\/et_pb_image][\/et_pb_column][et_pb_column type=\u00bb1_5&#8243; _builder_version=\u00bb4.14.7&#8243; _module_preset=\u00bbdefault\u00bb global_colors_info=\u00bb{}\u00bb][et_pb_image src=\u00bbhttps:\/\/www.aitanacongress.com\/2023\/wp-content\/uploads\/logo_COP-2023.png\u00bb title_text=\u00bblogo_COP-2023&#8243; url=\u00bbhttps:\/\/www.cop.es\/index.php\u00bb url_new_window=\u00bbon\u00bb admin_label=\u00bbCOP\u00bb _builder_version=\u00bb4.14.7&#8243; _module_preset=\u00bbdefault\u00bb max_width=\u00bb250px\u00bb module_alignment=\u00bbcenter\u00bb global_colors_info=\u00bb{}\u00bb][\/et_pb_image][\/et_pb_column][et_pb_column type=\u00bb1_5&#8243; _builder_version=\u00bb4.14.7&#8243; _module_preset=\u00bbdefault\u00bb global_colors_info=\u00bb{}\u00bb][et_pb_image src=\u00bbhttps:\/\/www.aitanacongress.com\/2023\/wp-content\/uploads\/logo-academia-psicologia-2023.png\u00bb title_text=\u00bblogo-academia-psicologia-2023&#8243; url=\u00bbhttps:\/\/www.academiapsicologia.com\/\u00bb url_new_window=\u00bbon\u00bb admin_label=\u00bbAcademia Psic\u00bb _builder_version=\u00bb4.14.7&#8243; _module_preset=\u00bbdefault\u00bb custom_margin=\u00bb||-1px|||\u00bb global_colors_info=\u00bb{}\u00bb][\/et_pb_image][\/et_pb_column][\/et_pb_row][\/et_pb_section]<\/p>\n","protected":false},"excerpt":{"rendered":"<p>Actualizaci\u00f3n en los problemas de conducta infanto-juvenil: Predictores, desarrollo y pautas de prevenci\u00f3n.Los problemas de conducta constituyen un fen\u00f3meno de relevancia en la infancia y la adolescencia, siendo uno de los principales motivos de consulta en los servicios de salud mental infanto-juvenil. A pesar de que en m\u00faltiples modelos de desarrollo, as\u00ed como en los [&hellip;]<\/p>\n","protected":false},"author":1,"featured_media":0,"parent":0,"menu_order":0,"comment_status":"closed","ping_status":"closed","template":"","meta":{"_et_pb_use_builder":"on","_et_pb_old_content":"","_et_gb_content_width":"","_mi_skip_tracking":false,"_monsterinsights_sitenote_active":false,"_monsterinsights_sitenote_note":"","_monsterinsights_sitenote_category":0,"footnotes":""},"class_list":["post-8354","page","type-page","status-publish","hentry"],"yoast_head":"<!-- This site is optimized with the Yoast SEO plugin v18.2 - https:\/\/yoast.com\/wordpress\/plugins\/seo\/ -->\n<title>Ponente Laura L\u00f3pez Romero - 9th International Congress of Clinical and Health Psychology in Children and Adolescents<\/title>\n<meta name=\"robots\" content=\"index, follow, max-snippet:-1, max-image-preview:large, max-video-preview:-1\" \/>\n<link rel=\"canonical\" href=\"https:\/\/www.aitanacongress.com\/2023\/ponente-laura-lopez-romero\/\" \/>\n<meta property=\"og:locale\" content=\"es_ES\" \/>\n<meta property=\"og:type\" content=\"article\" \/>\n<meta property=\"og:title\" content=\"Ponente Laura L\u00f3pez Romero - 9th International Congress of Clinical and Health Psychology in Children and Adolescents\" \/>\n<meta property=\"og:description\" content=\"Actualizaci\u00f3n en los problemas de conducta infanto-juvenil: Predictores, desarrollo y pautas de prevenci\u00f3n.Los problemas de conducta constituyen un fen\u00f3meno de relevancia en la infancia y la adolescencia, siendo uno de los principales motivos de consulta en los servicios de salud mental infanto-juvenil. A pesar de que en m\u00faltiples modelos de desarrollo, as\u00ed como en los [&hellip;]\" \/>\n<meta property=\"og:url\" content=\"https:\/\/www.aitanacongress.com\/2023\/ponente-laura-lopez-romero\/\" \/>\n<meta property=\"og:site_name\" content=\"9th International Congress of Clinical and Health Psychology in Children and Adolescents\" \/>\n<meta property=\"article:modified_time\" content=\"2023-04-25T12:10:49+00:00\" \/>\n<meta name=\"twitter:card\" content=\"summary_large_image\" \/>\n<meta name=\"twitter:label1\" content=\"Tiempo de lectura\" \/>\n\t<meta name=\"twitter:data1\" content=\"14 minutos\" \/>\n<script type=\"application\/ld+json\" class=\"yoast-schema-graph\">{\"@context\":\"https:\/\/schema.org\",\"@graph\":[{\"@type\":\"WebSite\",\"@id\":\"https:\/\/www.aitanacongress.com\/2023\/#website\",\"url\":\"https:\/\/www.aitanacongress.com\/2023\/\",\"name\":\"9th International Congress of Clinical and Health Psychology in Children and Adolescents\",\"description\":\"9th International Congress of Clinical and Health Psychology in Children and Adolescents\",\"potentialAction\":[{\"@type\":\"SearchAction\",\"target\":{\"@type\":\"EntryPoint\",\"urlTemplate\":\"https:\/\/www.aitanacongress.com\/2023\/?s={search_term_string}\"},\"query-input\":\"required name=search_term_string\"}],\"inLanguage\":\"es\"},{\"@type\":\"WebPage\",\"@id\":\"https:\/\/www.aitanacongress.com\/2023\/ponente-laura-lopez-romero\/#webpage\",\"url\":\"https:\/\/www.aitanacongress.com\/2023\/ponente-laura-lopez-romero\/\",\"name\":\"Ponente Laura L\u00f3pez Romero - 9th International Congress of Clinical and Health Psychology in Children and Adolescents\",\"isPartOf\":{\"@id\":\"https:\/\/www.aitanacongress.com\/2023\/#website\"},\"datePublished\":\"2023-04-25T08:34:27+00:00\",\"dateModified\":\"2023-04-25T12:10:49+00:00\",\"breadcrumb\":{\"@id\":\"https:\/\/www.aitanacongress.com\/2023\/ponente-laura-lopez-romero\/#breadcrumb\"},\"inLanguage\":\"es\",\"potentialAction\":[{\"@type\":\"ReadAction\",\"target\":[\"https:\/\/www.aitanacongress.com\/2023\/ponente-laura-lopez-romero\/\"]}]},{\"@type\":\"BreadcrumbList\",\"@id\":\"https:\/\/www.aitanacongress.com\/2023\/ponente-laura-lopez-romero\/#breadcrumb\",\"itemListElement\":[{\"@type\":\"ListItem\",\"position\":1,\"name\":\"Portada\",\"item\":\"https:\/\/www.aitanacongress.com\/2023\/\"},{\"@type\":\"ListItem\",\"position\":2,\"name\":\"Ponente Laura L\u00f3pez Romero\"}]}]}<\/script>\n<!-- \/ Yoast SEO plugin. -->","yoast_head_json":{"title":"Ponente Laura L\u00f3pez Romero - 9th International Congress of Clinical and Health Psychology in Children and Adolescents","robots":{"index":"index","follow":"follow","max-snippet":"max-snippet:-1","max-image-preview":"max-image-preview:large","max-video-preview":"max-video-preview:-1"},"canonical":"https:\/\/www.aitanacongress.com\/2023\/ponente-laura-lopez-romero\/","og_locale":"es_ES","og_type":"article","og_title":"Ponente Laura L\u00f3pez Romero - 9th International Congress of Clinical and Health Psychology in Children and Adolescents","og_description":"Actualizaci\u00f3n en los problemas de conducta infanto-juvenil: Predictores, desarrollo y pautas de prevenci\u00f3n.Los problemas de conducta constituyen un fen\u00f3meno de relevancia en la infancia y la adolescencia, siendo uno de los principales motivos de consulta en los servicios de salud mental infanto-juvenil. A pesar de que en m\u00faltiples modelos de desarrollo, as\u00ed como en los [&hellip;]","og_url":"https:\/\/www.aitanacongress.com\/2023\/ponente-laura-lopez-romero\/","og_site_name":"9th International Congress of Clinical and Health Psychology in Children and Adolescents","article_modified_time":"2023-04-25T12:10:49+00:00","twitter_card":"summary_large_image","twitter_misc":{"Tiempo de lectura":"14 minutos"},"schema":{"@context":"https:\/\/schema.org","@graph":[{"@type":"WebSite","@id":"https:\/\/www.aitanacongress.com\/2023\/#website","url":"https:\/\/www.aitanacongress.com\/2023\/","name":"9th International Congress of Clinical and Health Psychology in Children and Adolescents","description":"9th International Congress of Clinical and Health Psychology in Children and Adolescents","potentialAction":[{"@type":"SearchAction","target":{"@type":"EntryPoint","urlTemplate":"https:\/\/www.aitanacongress.com\/2023\/?s={search_term_string}"},"query-input":"required name=search_term_string"}],"inLanguage":"es"},{"@type":"WebPage","@id":"https:\/\/www.aitanacongress.com\/2023\/ponente-laura-lopez-romero\/#webpage","url":"https:\/\/www.aitanacongress.com\/2023\/ponente-laura-lopez-romero\/","name":"Ponente Laura L\u00f3pez Romero - 9th International Congress of Clinical and Health Psychology in Children and Adolescents","isPartOf":{"@id":"https:\/\/www.aitanacongress.com\/2023\/#website"},"datePublished":"2023-04-25T08:34:27+00:00","dateModified":"2023-04-25T12:10:49+00:00","breadcrumb":{"@id":"https:\/\/www.aitanacongress.com\/2023\/ponente-laura-lopez-romero\/#breadcrumb"},"inLanguage":"es","potentialAction":[{"@type":"ReadAction","target":["https:\/\/www.aitanacongress.com\/2023\/ponente-laura-lopez-romero\/"]}]},{"@type":"BreadcrumbList","@id":"https:\/\/www.aitanacongress.com\/2023\/ponente-laura-lopez-romero\/#breadcrumb","itemListElement":[{"@type":"ListItem","position":1,"name":"Portada","item":"https:\/\/www.aitanacongress.com\/2023\/"},{"@type":"ListItem","position":2,"name":"Ponente Laura L\u00f3pez Romero"}]}]}},"_links":{"self":[{"href":"https:\/\/www.aitanacongress.com\/2023\/wp-json\/wp\/v2\/pages\/8354","targetHints":{"allow":["GET"]}}],"collection":[{"href":"https:\/\/www.aitanacongress.com\/2023\/wp-json\/wp\/v2\/pages"}],"about":[{"href":"https:\/\/www.aitanacongress.com\/2023\/wp-json\/wp\/v2\/types\/page"}],"author":[{"embeddable":true,"href":"https:\/\/www.aitanacongress.com\/2023\/wp-json\/wp\/v2\/users\/1"}],"replies":[{"embeddable":true,"href":"https:\/\/www.aitanacongress.com\/2023\/wp-json\/wp\/v2\/comments?post=8354"}],"version-history":[{"count":3,"href":"https:\/\/www.aitanacongress.com\/2023\/wp-json\/wp\/v2\/pages\/8354\/revisions"}],"predecessor-version":[{"id":8513,"href":"https:\/\/www.aitanacongress.com\/2023\/wp-json\/wp\/v2\/pages\/8354\/revisions\/8513"}],"wp:attachment":[{"href":"https:\/\/www.aitanacongress.com\/2023\/wp-json\/wp\/v2\/media?parent=8354"}],"curies":[{"name":"wp","href":"https:\/\/api.w.org\/{rel}","templated":true}]}}