{"id":12551,"date":"2024-04-04T16:57:55","date_gmt":"2024-04-04T14:57:55","guid":{"rendered":"https:\/\/www.aitanacongress.com\/2024\/?page_id=12551"},"modified":"2024-04-12T08:48:05","modified_gmt":"2024-04-12T06:48:05","slug":"ponente-shin-ichi-ishikawa","status":"publish","type":"page","link":"https:\/\/www.aitanacongress.com\/2024\/ponente-shin-ichi-ishikawa\/","title":{"rendered":"Ponente Shin-ichi Ishikawa"},"content":{"rendered":"<p>[et_pb_section fb_built=\u00bb1&#8243; admin_label=\u00bbCabecera\u00bb module_class=\u00bbcabecera-page\u00bb _builder_version=\u00bb4.14.7&#8243; _module_preset=\u00bbdefault\u00bb background_color=\u00bb#8bced7&#8243; background_enable_image=\u00bboff\u00bb custom_margin=\u00bb0px||0px||false|false\u00bb custom_padding=\u00bb0px||0px||false|false\u00bb background_last_edited=\u00bbon|desktop\u00bb saved_tabs=\u00bball\u00bb collapsed=\u00bboff\u00bb global_colors_info=\u00bb{}\u00bb][et_pb_row _builder_version=\u00bb4.14.7&#8243; _module_preset=\u00bbdefault\u00bb background_image=\u00bbhttps:\/\/www.aitanacongress.com\/2024\/wp-content\/uploads\/globo-paginas.png\u00bb background_size=\u00bbinitial\u00bb background_position=\u00bbcenter_right\u00bb custom_margin=\u00bb0px||0px||false|false\u00bb custom_padding=\u00bb0px||0px||false|false\u00bb global_colors_info=\u00bb{}\u00bb][et_pb_column type=\u00bb4_4&#8243; _builder_version=\u00bb4.14.7&#8243; _module_preset=\u00bbdefault\u00bb global_colors_info=\u00bb{}\u00bb][et_pb_text _builder_version=\u00bb4.14.7&#8243; _module_preset=\u00bbdefault\u00bb header_font=\u00bb|||on|||||\u00bb header_text_color=\u00bb#FFFFFF\u00bb header_font_size=\u00bb45px\u00bb header_2_font=\u00bbgill-sans|500||on|||||\u00bb header_2_text_align=\u00bbcenter\u00bb header_2_text_color=\u00bb#ffffff\u00bb header_2_font_size=\u00bb32px\u00bb background_color=\u00bbRGBA(255,255,255,0)\u00bb custom_margin=\u00bb0px||||false|false\u00bb custom_padding=\u00bb50px||5px||false|false\u00bb global_colors_info=\u00bb{}\u00bb]<\/p>\n<h2>Ponente<\/h2>\n<p>[\/et_pb_text][\/et_pb_column][\/et_pb_row][\/et_pb_section][et_pb_section fb_built=\u00bb1&#8243; custom_padding_last_edited=\u00bbon|phone\u00bb admin_label=\u00bbPonente\u00bb module_class=\u00bbsingle-ponente\u00bb _builder_version=\u00bb4.14.7&#8243; background_enable_color=\u00bboff\u00bb background_image=\u00bbhttps:\/\/www.aitanacongress.com\/2024\/wp-content\/uploads\/fondo-ponentes-v3.png\u00bb background_size=\u00bbcontain\u00bb background_position=\u00bbbottom_left\u00bb custom_padding=\u00bb55px|0px|55px|0px|false|false\u00bb custom_padding_tablet=\u00bb45px|0px|55px|0px|false|false\u00bb custom_padding_phone=\u00bb35px|20px|40px|20px|false|false\u00bb background_last_edited=\u00bbon|tablet\u00bb background_position_tablet=\u00bbbottom_center\u00bb global_colors_info=\u00bb{}\u00bb][et_pb_row column_structure=\u00bb1_4,3_4&#8243; use_custom_gutter=\u00bbon\u00bb gutter_width=\u00bb1&#8243; padding_top_bottom_link_2=\u00bbtrue\u00bb padding_left_right_link_2=\u00bbtrue\u00bb module_class=\u00bbimg-single\u00bb _builder_version=\u00bb4.14.7&#8243; width_tablet=\u00bb\u00bb width_phone=\u00bb100%\u00bb width_last_edited=\u00bbon|phone\u00bb max_width=\u00bb100%\u00bb max_width_tablet=\u00bb1080px\u00bb max_width_phone=\u00bb100%\u00bb max_width_last_edited=\u00bbon|desktop\u00bb custom_margin=\u00bb|0px||\u00bb custom_margin_tablet=\u00bb|10%||10%||true\u00bb custom_margin_phone=\u00bb|0%||0%|false|true\u00bb custom_margin_last_edited=\u00bbon|tablet\u00bb custom_padding=\u00bb0px|0px|0|0px|false|false\u00bb use_custom_width=\u00bbon\u00bb width_unit=\u00bboff\u00bb global_colors_info=\u00bb{}\u00bb][et_pb_column type=\u00bb1_4&#8243; _builder_version=\u00bb4.14.7&#8243; custom_padding=\u00bb|||\u00bb global_colors_info=\u00bb{}\u00bb custom_padding__hover=\u00bb|||\u00bb][et_pb_image src=\u00bbhttps:\/\/www.aitanacongress.com\/2024\/wp-content\/uploads\/Shin_ichi.jpg\u00bb title_text=\u00bbShin_ichi\u00bb align=\u00bbcenter\u00bb force_fullwidth=\u00bbon\u00bb disabled_on=\u00bboff|off|off\u00bb admin_label=\u00bbImagen ponente\u00bb module_class=\u00bbponente-single\u00bb _builder_version=\u00bb4.14.7&#8243; custom_margin=\u00bb0px|0px|0px|0px|false|false\u00bb custom_margin_tablet=\u00bb0px|0px|0px|0px|false|false\u00bb custom_margin_phone=\u00bb0px|0px|0px|0px|false|false\u00bb custom_margin_last_edited=\u00bbon|desktop\u00bb custom_padding=\u00bb|||\u00bb animation_direction=\u00bbright\u00bb border_color_all=\u00bb#d05e15&#8243; border_width_right=\u00bb0px\u00bb border_width_bottom=\u00bb0px\u00bb border_radii_tablet=\u00bb\u00bb border_radii_phone=\u00bb\u00bb border_radii_last_edited=\u00bbon|tablet\u00bb border_width_all_tablet=\u00bb\u00bb border_width_all_phone=\u00bb\u00bb border_width_all_last_edited=\u00bbon|phone\u00bb box_shadow_horizontal_tablet=\u00bb5vw\u00bb box_shadow_horizontal_phone=\u00bb5vw\u00bb box_shadow_horizontal_last_edited=\u00bbon|desktop\u00bb box_shadow_vertical_tablet=\u00bb5vw\u00bb box_shadow_vertical_phone=\u00bb5vw\u00bb box_shadow_vertical_last_edited=\u00bbon|tablet\u00bb always_center_on_mobile=\u00bboff\u00bb global_colors_info=\u00bb{}\u00bb][\/et_pb_image][et_pb_text admin_label=\u00bbmicro idioma es (en)\u00bb module_class=\u00bbmicro\u00bb _builder_version=\u00bb4.14.7&#8243; _module_preset=\u00bbdefault\u00bb global_module=\u00bb12319&#8243; saved_tabs=\u00bball\u00bb global_colors_info=\u00bb{}\u00bb]<\/p>\n<div class=\"box\">\n<img loading=\"lazy\" decoding=\"async\" class=\"wp-image-12290 alignnone size-full aligncenter\" src=\"https:\/\/www.aitanacongress.com\/2024\/wp-content\/uploads\/icon-micro-ESP-1.png\" alt=\"\" width=\"90\" height=\"90\" \/> <span style=\"text-align: center;\">Presentation in Spanish<\/span>\n<\/div>\n<p>[\/et_pb_text][\/et_pb_column][et_pb_column type=\u00bb3_4&#8243; module_class=\u00bbcaja\u00bb _builder_version=\u00bb4.14.7&#8243; background_color=\u00bbrgba(68,68,68,0.04)\u00bb custom_padding=\u00bb40px|60px|40px|60px\u00bb custom_padding_tablet=\u00bb40px|40px|40px|40px|false|false\u00bb custom_padding_phone=\u00bb30px|30px|30px|30px|false|true\u00bb custom_padding_last_edited=\u00bbon|phone\u00bb global_colors_info=\u00bb{}\u00bb padding_phone=\u00bb|40px||40px||true\u00bb padding_last_edited=\u00bbon|phone\u00bb custom_padding__hover=\u00bb|||\u00bb][et_pb_text module_class=\u00bbtext-single\u00bb _builder_version=\u00bb4.14.7&#8243; text_font=\u00bb||||||||\u00bb text_font_size=\u00bb16px\u00bb text_line_height=\u00bb2em\u00bb header_font=\u00bb||||||||\u00bb header_2_font=\u00bbMontserrat|300|||||||\u00bb header_2_font_size=\u00bb40px\u00bb header_2_line_height=\u00bb1.4em\u00bb header_3_font=\u00bbgill-sans|||on|||||\u00bb header_3_text_color=\u00bb#066469&#8243; header_3_font_size=\u00bb27px\u00bb header_5_font=\u00bb|600||on|||||\u00bb header_5_text_align=\u00bbleft\u00bb header_5_text_color=\u00bb#51c0d7&#8243; header_5_font_size=\u00bb14px\u00bb header_5_line_height=\u00bb2em\u00bb max_width=\u00bb700px\u00bb hover_enabled=\u00bb0&#8243; header_2_font_size_tablet=\u00bb\u00bb header_2_font_size_phone=\u00bb30px\u00bb header_2_font_size_last_edited=\u00bbon|phone\u00bb locked=\u00bboff\u00bb global_colors_info=\u00bb{}\u00bb sticky_enabled=\u00bb0&#8243;]<\/p>\n<h3>SHIN-ICHI ISHIKAWA<\/h3>\n<h5>UNIVERSIDAD DE DOSHISHA. JAP\u00d3N<\/h5>\n<p>El Dr. Shin-ichi Ishikawa es profesor en la Facultad de Psicolog\u00eda de la Universidad Doshisha, en Kyoto, Jap\u00f3n. Obtuvo su licenciatura y m\u00e1ster en la Universidad de Waseda y su doctorado en la Universidad de Ciencias de la Salud de Hokkaido. Fue becario Fulbright en Swarthmore College, de 2011 a 2012, profesor visitante en la Universidad Macquarie, de 2018 a 2019, y profesor visitante en la Universidad de Turku, de 2022 a 2024. Antes de unirse a la Universidad Doshisha en 2011, fue profesor titular en la Facultad de Educaci\u00f3n y Cultura de la Universidad de Miyazaki.<\/p>\n<p>Su investigaci\u00f3n se ha centrado en la Psicolog\u00eda Cl\u00ednica Infantil y Adolescente, especialmente en tratamiento, prevenci\u00f3n y psicopatolog\u00eda. Ha recibido varios premios, incluidos los de la Asociaci\u00f3n Japonesa de Psicolog\u00eda (JPA), la Asociaci\u00f3n Japonesa de Terapias Cognitivo-Conductuales (JABCT) y la Asociaci\u00f3n Japonesa de Ciencia de Counselling (JACS). Ha participado junto a la Asociaci\u00f3n Asi\u00e1tica de Terapia Cognitivo-Conductual (ACBTA) en el 10\u00ba Congreso Mundial de TCC en Se\u00fal y como asesor para el 8\u00ba Congreso Asi\u00e1tico de TCC en Nueva Delhi. Es miembro del comit\u00e9 ejecutivo de esta asociaci\u00f3n, de la Sociedad Japonesa de Ansiedad y Trastornos Relacionados (JSARD) y exmiembro de la junta ejecutiva de la JABCT.<\/p>\n<p>[\/et_pb_text][\/et_pb_column][\/et_pb_row][\/et_pb_section][et_pb_section fb_built=\u00bb1&#8243; custom_padding_last_edited=\u00bbon|phone\u00bb prev_background_color=\u00bb#ffffff\u00bb disabled_on=\u00bboff|off|off\u00bb admin_label=\u00bbPonencia\u00bb module_class=\u00bbponencia\u00bb _builder_version=\u00bb4.14.7&#8243; background_color=\u00bbrgba(139,206,215,0.8)\u00bb background_color_gradient_start=\u00bb#e83643&#8243; background_color_gradient_end=\u00bb#e83643&#8243; custom_margin=\u00bb|||\u00bb custom_padding=\u00bb160px||30px||false|false\u00bb custom_padding_tablet=\u00bb150px||||false|false\u00bb custom_padding_phone=\u00bb100px||15px||false|false\u00bb top_divider_style=\u00bbclouds2&#8243; top_divider_repeat=\u00bb150x\u00bb global_colors_info=\u00bb{}\u00bb][et_pb_row column_structure=\u00bb3_4,1_4&#8243; custom_padding_last_edited=\u00bbon|phone\u00bb disabled_on=\u00bboff|off|off\u00bb admin_label=\u00bbFila\u00bb _builder_version=\u00bb4.14.7&#8243; background_size=\u00bbinitial\u00bb background_position=\u00bbtop_left\u00bb background_repeat=\u00bbrepeat\u00bb width_tablet=\u00bb\u00bb width_phone=\u00bb100%\u00bb width_last_edited=\u00bbon|phone\u00bb custom_margin=\u00bb||0px||false|false\u00bb custom_padding=\u00bb||0px||false|false\u00bb custom_padding_tablet=\u00bb||0px||false|false\u00bb custom_padding_phone=\u00bb|20px||20px|false|false\u00bb global_colors_info=\u00bb{}\u00bb][et_pb_column type=\u00bb3_4&#8243; _builder_version=\u00bb3.25&#8243; custom_padding=\u00bb|||\u00bb global_colors_info=\u00bb{}\u00bb custom_padding__hover=\u00bb|||\u00bb][et_pb_text admin_label=\u00bbT\u00edtulo\u00bb _builder_version=\u00bb4.14.7&#8243; header_font=\u00bbgill-sans|700||on|||||\u00bb header_text_color=\u00bb#066469&#8243; header_font_size=\u00bb27px\u00bb header_line_height=\u00bb30px\u00bb custom_margin=\u00bb||0px|\u00bb animation_style=\u00bbflip\u00bb animation_direction=\u00bbtop\u00bb global_colors_info=\u00bb{}\u00bb]<\/p>\n<h1>De la Conciencia a la Acci\u00f3n: Implementaci\u00f3n de Programas de Prevenci\u00f3n Universal en Escuelas para Diversos Desaf\u00edos de Salud Mental<\/h1>\n<p>[\/et_pb_text][et_pb_divider color=\u00bb#066469&#8243; divider_position=\u00bbcenter\u00bb divider_weight=\u00bb2px\u00bb _builder_version=\u00bb4.14.7&#8243; max_width=\u00bb90px\u00bb max_width_tablet=\u00bb12%\u00bb max_width_last_edited=\u00bboff|desktop\u00bb custom_margin=\u00bb|||\u00bb animation_style=\u00bbflip\u00bb animation_delay=\u00bb50ms\u00bb global_colors_info=\u00bb{}\u00bb][\/et_pb_divider][\/et_pb_column][et_pb_column type=\u00bb1_4&#8243; _builder_version=\u00bb3.25&#8243; custom_padding=\u00bb|||\u00bb global_colors_info=\u00bb{}\u00bb custom_padding__hover=\u00bb|||\u00bb][et_pb_image src=\u00bbhttps:\/\/www.aitanacongress.com\/2024\/wp-content\/uploads\/nube.png\u00bb title_text=\u00bbnube\u00bb force_fullwidth=\u00bbon\u00bb align_tablet=\u00bbcenter\u00bb align_phone=\u00bb\u00bb align_last_edited=\u00bbon|desktop\u00bb admin_label=\u00bbImagen\u00bb _builder_version=\u00bb4.14.7&#8243; animation_style=\u00bbslide\u00bb animation_direction=\u00bbright\u00bb animation_intensity_slide=\u00bb10%\u00bb global_colors_info=\u00bb{}\u00bb][\/et_pb_image][\/et_pb_column][\/et_pb_row][et_pb_row custom_padding_last_edited=\u00bbon|phone\u00bb disabled_on=\u00bboff|off|off\u00bb admin_label=\u00bbFila\u00bb _builder_version=\u00bb4.14.7&#8243; background_size=\u00bbinitial\u00bb background_position=\u00bbtop_left\u00bb background_repeat=\u00bbrepeat\u00bb width_tablet=\u00bb\u00bb width_phone=\u00bb100%\u00bb width_last_edited=\u00bbon|phone\u00bb custom_margin=\u00bb0px||||false|false\u00bb custom_padding=\u00bb0px||||false|false\u00bb custom_padding_tablet=\u00bb0px||||false|false\u00bb custom_padding_phone=\u00bb|20px||20px|false|false\u00bb global_colors_info=\u00bb{}\u00bb][et_pb_column type=\u00bb4_4&#8243; _builder_version=\u00bb3.25&#8243; custom_padding=\u00bb|||\u00bb global_colors_info=\u00bb{}\u00bb custom_padding__hover=\u00bb|||\u00bb][et_pb_text disabled_on=\u00bboff|off|off\u00bb _builder_version=\u00bb4.14.7&#8243; text_font=\u00bb||||||||\u00bb text_text_color=\u00bb#066469&#8243; text_font_size=\u00bb20px\u00bb text_line_height=\u00bb1.8em\u00bb custom_margin=\u00bb25px|||\u00bb animation_style=\u00bbflip\u00bb animation_direction=\u00bbtop\u00bb animation_delay=\u00bb100ms\u00bb global_colors_info=\u00bb{}\u00bb]<\/p>\n<p>La promoci\u00f3n de la salud mental infantil se ha convertido en una preocupaci\u00f3n global cada vez m\u00e1s apremiante tras la pandemia de COVID-19. La acci\u00f3n preventiva en las escuelas es uno de los enfoques \u00f3ptimos para abordar los problemas de salud mental en ni\u00f1os y adolescentes. El Programa de Prevenci\u00f3n Universal Unificado para Trastornos Diversos (Up2-D2; Ishikawa et al., 2019) representa una de esas iniciativas, dise\u00f1ada para abordar una variedad de problemas internalizantes y externalizantes dentro del contexto escolar. Basado en enfoques cognitivo-conductuales y psicol\u00f3gicos positivos, Up2-D2 emplea una metodolog\u00eda centrada en el usuario, aprovechando las circunstancias y contextos naturales existentes.<\/p>\n<p>Estudios de viabilidad han demostrado su eficacia, mostrando reducciones significativas en los s\u00edntomas de salud mental (Kishida et al., 2022a; Oka et al., 2019), especialmente la ansiedad tras los cierres escolares inducidos por la pandemia (Kishida et al., 2022b). Adem\u00e1s, Up2-D2 ha mostrado mejoras de los s\u00edntomas depresivos en ni\u00f1os en riesgo (Kishida et al., 2023), junto con mejoras en la autoeficacia reportada por los ni\u00f1os (Oka et al., 2019). Adem\u00e1s, el establecimiento de sistemas de formaci\u00f3n y acreditaci\u00f3n dentro del marco de implementaci\u00f3n social para las escuelas ha facilitado una adopci\u00f3n m\u00e1s amplia, incluida la escuela secundaria para la educaci\u00f3n de necesidades especiales (Nakanishi et al., 2024). Esta presentaci\u00f3n discutir\u00e1 los hallazgos actuales de investigaci\u00f3n y consideraciones pr\u00e1cticas en torno a la utilizaci\u00f3n de programas de prevenci\u00f3n universal en las escuelas.<\/p>\n<p>[\/et_pb_text][\/et_pb_column][\/et_pb_row][\/et_pb_section][et_pb_section fb_built=\u00bb1&#8243; custom_padding_last_edited=\u00bbon|phone\u00bb admin_label=\u00bbLOGO_ESPANOL\u00bb module_class=\u00bblogos-congreso\u00bb _builder_version=\u00bb4.14.7&#8243; _module_preset=\u00bbdefault\u00bb custom_padding=\u00bb30px||25px||false|false\u00bb custom_padding_tablet=\u00bb||0px||false|false\u00bb custom_padding_phone=\u00bb50px||||false|false\u00bb global_module=\u00bb10278&#8243; saved_tabs=\u00bball\u00bb collapsed=\u00bbon\u00bb global_colors_info=\u00bb{}\u00bb][et_pb_row custom_padding_last_edited=\u00bbon|phone\u00bb admin_label=\u00bbOrganiza\u00bb _builder_version=\u00bb4.14.7&#8243; _module_preset=\u00bbdefault\u00bb custom_margin=\u00bb||0px||false|false\u00bb custom_padding=\u00bb||0px||false|false\u00bb custom_padding_tablet=\u00bb||0px||false|false\u00bb custom_padding_phone=\u00bb0px||||false|false\u00bb global_colors_info=\u00bb{}\u00bb][et_pb_column type=\u00bb4_4&#8243; _builder_version=\u00bb4.14.7&#8243; _module_preset=\u00bbdefault\u00bb global_colors_info=\u00bb{}\u00bb][et_pb_text _builder_version=\u00bb4.14.7&#8243; _module_preset=\u00bbdefault\u00bb text_font=\u00bb|600||on|||||\u00bb text_text_color=\u00bb#d05e15&#8243; text_orientation=\u00bbcenter\u00bb module_alignment=\u00bbcenter\u00bb custom_margin=\u00bb||0px||false|false\u00bb custom_padding=\u00bb||0px||false|false\u00bb global_colors_info=\u00bb{}\u00bb]<\/p>\n<p style=\"font-weight: 600; color: #066469; font-family: 'gill-sans',Helvetica,Arial,Lucida,sans-serif !important;\">Organiza<\/p>\n<p>[\/et_pb_text][\/et_pb_column][\/et_pb_row][et_pb_row column_structure=\u00bb1_3,1_3,1_3&#8243; custom_padding_last_edited=\u00bbon|desktop\u00bb module_class=\u00bblogos-uno\u00bb _builder_version=\u00bb4.14.7&#8243; _module_preset=\u00bbdefault\u00bb custom_padding=\u00bb10px||0px||false|false\u00bb custom_padding_tablet=\u00bb||15px||false|false\u00bb custom_padding_phone=\u00bb||15px||false|false\u00bb global_colors_info=\u00bb{}\u00bb][et_pb_column type=\u00bb1_3&#8243; _builder_version=\u00bb4.14.7&#8243; _module_preset=\u00bbdefault\u00bb global_colors_info=\u00bb{}\u00bb][et_pb_image src=\u00bbhttps:\/\/www.aitanacongress.com\/2024\/wp-content\/uploads\/logo-aitana-2024-gris.png\u00bb title_text=\u00bblogo-aitana-2024-gris\u00bb url=\u00bbhttps:\/\/aitanainvestigacion.umh.es\/\u00bb url_new_window=\u00bbon\u00bb admin_label=\u00bbaitana\u00bb _builder_version=\u00bb4.14.7&#8243; _module_preset=\u00bbdefault\u00bb width=\u00bb250px\u00bb module_alignment=\u00bbcenter\u00bb global_colors_info=\u00bb{}\u00bb][\/et_pb_image][\/et_pb_column][et_pb_column type=\u00bb1_3&#8243; _builder_version=\u00bb4.14.7&#8243; _module_preset=\u00bbdefault\u00bb global_colors_info=\u00bb{}\u00bb][et_pb_image src=\u00bbhttps:\/\/www.aitanacongress.com\/2024\/wp-content\/uploads\/logo-UHM-2024-gris.png\u00bb title_text=\u00bblogo-UHM-2024-gris\u00bb url=\u00bbhttps:\/\/www.umh.es\/\u00bb url_new_window=\u00bbon\u00bb admin_label=\u00bbUHM\u00bb _builder_version=\u00bb4.14.7&#8243; _module_preset=\u00bbdefault\u00bb width=\u00bb250px\u00bb module_alignment=\u00bbcenter\u00bb global_colors_info=\u00bb{}\u00bb][\/et_pb_image][\/et_pb_column][et_pb_column type=\u00bb1_3&#8243; _builder_version=\u00bb4.14.7&#8243; _module_preset=\u00bbdefault\u00bb global_colors_info=\u00bb{}\u00bb][et_pb_image src=\u00bbhttps:\/\/www.aitanacongress.com\/2024\/wp-content\/uploads\/centro-investigacion-logo.png\u00bb title_text=\u00bbcentro-investigacion-logo\u00bb url=\u00bbhttps:\/\/centroinvestigacioninfancia.umh.es\/\u00bb url_new_window=\u00bbon\u00bb admin_label=\u00bbUHM centro investigaci\u00f3n\u00bb module_class=\u00bblogo-uhm-infancia\u00bb _builder_version=\u00bb4.14.7&#8243; _module_preset=\u00bbdefault\u00bb width=\u00bb250px\u00bb module_alignment=\u00bbcenter\u00bb global_colors_info=\u00bb{}\u00bb][\/et_pb_image][\/et_pb_column][\/et_pb_row][et_pb_row custom_padding_last_edited=\u00bbon|phone\u00bb disabled_on=\u00bbon|on|on\u00bb admin_label=\u00bbPatrocina\u00bb _builder_version=\u00bb4.14.7&#8243; _module_preset=\u00bbdefault\u00bb custom_margin=\u00bb||0px||false|false\u00bb custom_margin_tablet=\u00bb||0px||false|false\u00bb custom_margin_phone=\u00bb-15px||||false|false\u00bb custom_margin_last_edited=\u00bbon|phone\u00bb custom_padding=\u00bb||0px||false|false\u00bb custom_padding_tablet=\u00bb||0px||false|false\u00bb custom_padding_phone=\u00bb0px||||false|false\u00bb disabled=\u00bbon\u00bb global_colors_info=\u00bb{}\u00bb][et_pb_column type=\u00bb4_4&#8243; _builder_version=\u00bb4.14.7&#8243; _module_preset=\u00bbdefault\u00bb global_colors_info=\u00bb{}\u00bb][et_pb_text _builder_version=\u00bb4.14.7&#8243; _module_preset=\u00bbdefault\u00bb text_font=\u00bb|||on|||||\u00bb text_text_color=\u00bb#d05e15&#8243; text_orientation=\u00bbcenter\u00bb module_alignment=\u00bbcenter\u00bb custom_margin=\u00bb||0px||false|false\u00bb custom_padding=\u00bb||0px||false|false\u00bb global_colors_info=\u00bb{}\u00bb]<\/p>\n<p style=\"font-weight: 600; color: #066469; font-family: 'gill-sans',Helvetica,Arial,Lucida,sans-serif !important;\">Patrocina<\/p>\n<p>[\/et_pb_text][\/et_pb_column][\/et_pb_row][et_pb_row column_structure=\u00bb1_3,1_3,1_3&#8243; disabled_on=\u00bbon|on|on\u00bb module_class=\u00bblogos-dos\u00bb _builder_version=\u00bb4.14.7&#8243; _module_preset=\u00bbdefault\u00bb disabled=\u00bbon\u00bb global_colors_info=\u00bb{}\u00bb][et_pb_column type=\u00bb1_3&#8243; _builder_version=\u00bb4.14.7&#8243; _module_preset=\u00bbdefault\u00bb global_colors_info=\u00bb{}\u00bb][\/et_pb_column][et_pb_column type=\u00bb1_3&#8243; _builder_version=\u00bb4.14.7&#8243; _module_preset=\u00bbdefault\u00bb global_colors_info=\u00bb{}\u00bb][et_pb_image src=\u00bbhttps:\/\/www.aitanacongress.com\/2024\/wp-content\/uploads\/logo_GVA-2024-gris.png\u00bb title_text=\u00bblogo_GVA-2024-gris\u00bb url=\u00bbhttps:\/\/www.gva.es\/va\/inicio\/presentacion\u00bb url_new_window=\u00bbon\u00bb admin_label=\u00bbgva\u00bb _builder_version=\u00bb4.14.7&#8243; _module_preset=\u00bbdefault\u00bb width=\u00bb230px\u00bb module_alignment=\u00bbcenter\u00bb global_colors_info=\u00bb{}\u00bb][\/et_pb_image][\/et_pb_column][et_pb_column type=\u00bb1_3&#8243; _builder_version=\u00bb4.14.7&#8243; _module_preset=\u00bbdefault\u00bb global_colors_info=\u00bb{}\u00bb][\/et_pb_column][\/et_pb_row][et_pb_row custom_padding_last_edited=\u00bbon|phone\u00bb admin_label=\u00bbCon el apoyo de \u00bb _builder_version=\u00bb4.14.7&#8243; _module_preset=\u00bbdefault\u00bb custom_margin=\u00bb||0px||false|false\u00bb custom_margin_tablet=\u00bb||0px||false|false\u00bb custom_margin_phone=\u00bb-15px||||false|false\u00bb custom_margin_last_edited=\u00bbon|phone\u00bb custom_padding=\u00bb||0px||false|false\u00bb custom_padding_tablet=\u00bb||0px||false|false\u00bb custom_padding_phone=\u00bb0px||||false|false\u00bb global_colors_info=\u00bb{}\u00bb][et_pb_column type=\u00bb4_4&#8243; _builder_version=\u00bb4.14.7&#8243; _module_preset=\u00bbdefault\u00bb global_colors_info=\u00bb{}\u00bb][et_pb_text _builder_version=\u00bb4.14.7&#8243; _module_preset=\u00bbdefault\u00bb text_font=\u00bb|||on|||||\u00bb text_text_color=\u00bb#d05e15&#8243; text_orientation=\u00bbcenter\u00bb module_alignment=\u00bbcenter\u00bb custom_margin=\u00bb||0px||false|false\u00bb custom_padding=\u00bb||0px||false|false\u00bb global_colors_info=\u00bb{}\u00bb]<\/p>\n<p style=\"font-weight: 600; color: #066469; font-family: 'gill-sans',Helvetica,Arial,Lucida,sans-serif !important;\">Con el apoyo de<\/p>\n<p>[\/et_pb_text][\/et_pb_column][\/et_pb_row][et_pb_row column_structure=\u00bb1_6,1_6,1_6,1_6,1_6,1_6&#8243; use_custom_gutter=\u00bbon\u00bb gutter_width=\u00bb2&#8243; custom_padding_last_edited=\u00bbon|desktop\u00bb _builder_version=\u00bb4.14.7&#8243; _module_preset=\u00bbdefault\u00bb width=\u00bb100%\u00bb max_width=\u00bb1200px\u00bb custom_padding=\u00bb|20px||20px|false|false\u00bb custom_padding_tablet=\u00bb|20px||20px|false|false\u00bb custom_padding_phone=\u00bb|20px||20px|false|false\u00bb global_colors_info=\u00bb{}\u00bb][et_pb_column type=\u00bb1_6&#8243; _builder_version=\u00bb4.14.7&#8243; _module_preset=\u00bbdefault\u00bb global_colors_info=\u00bb{}\u00bb][et_pb_image src=\u00bbhttps:\/\/www.aitanacongress.com\/2024\/wp-content\/uploads\/logo-tea-2024-gris.png\u00bb title_text=\u00bblogo-tea-2024-gris\u00bb url=\u00bbhttps:\/\/web.teaediciones.com\/Inicio.aspx\u00bb url_new_window=\u00bbon\u00bb disabled_on=\u00bbon|on|on\u00bb admin_label=\u00bbtea\u00bb _builder_version=\u00bb4.14.7&#8243; _module_preset=\u00bbdefault\u00bb max_width=\u00bb250px\u00bb module_alignment=\u00bbcenter\u00bb disabled=\u00bbon\u00bb global_colors_info=\u00bb{}\u00bb][\/et_pb_image][\/et_pb_column][et_pb_column type=\u00bb1_6&#8243; _builder_version=\u00bb4.14.7&#8243; _module_preset=\u00bbdefault\u00bb global_colors_info=\u00bb{}\u00bb][et_pb_image src=\u00bbhttps:\/\/www.aitanacongress.com\/2024\/wp-content\/uploads\/logo-piramide-2024-gris-new.png\u00bb title_text=\u00bblogo-piramide-2024-gris-new\u00bb url=\u00bbhttps:\/\/www.edicionespiramide.es\/\u00bb url_new_window=\u00bbon\u00bb admin_label=\u00bbpiramide\u00bb _builder_version=\u00bb4.14.7&#8243; _module_preset=\u00bbdefault\u00bb max_width=\u00bb250px\u00bb module_alignment=\u00bbcenter\u00bb global_colors_info=\u00bb{}\u00bb][\/et_pb_image][\/et_pb_column][et_pb_column type=\u00bb1_6&#8243; _builder_version=\u00bb4.14.7&#8243; _module_preset=\u00bbdefault\u00bb global_colors_info=\u00bb{}\u00bb][et_pb_image src=\u00bbhttps:\/\/www.aitanacongress.com\/2024\/wp-content\/uploads\/sepcij-logo-2024-gris.png\u00bb title_text=\u00bbsepcij-logo-2024-gris\u00bb url=\u00bbhttps:\/\/www.sepcij.es\/\u00bb url_new_window=\u00bbon\u00bb admin_label=\u00bbsepcij\u00bb _builder_version=\u00bb4.14.7&#8243; _module_preset=\u00bbdefault\u00bb max_width=\u00bb250px\u00bb module_alignment=\u00bbcenter\u00bb global_colors_info=\u00bb{}\u00bb][\/et_pb_image][\/et_pb_column][et_pb_column type=\u00bb1_6&#8243; _builder_version=\u00bb4.14.7&#8243; _module_preset=\u00bbdefault\u00bb global_colors_info=\u00bb{}\u00bb][et_pb_image src=\u00bbhttps:\/\/www.aitanacongress.com\/2024\/wp-content\/uploads\/logo_COP-2024-gris.png\u00bb title_text=\u00bblogo_COP-2024-gris\u00bb url=\u00bbhttps:\/\/www.cop.es\/index.php\u00bb url_new_window=\u00bbon\u00bb admin_label=\u00bbCOP\u00bb _builder_version=\u00bb4.14.7&#8243; _module_preset=\u00bbdefault\u00bb max_width=\u00bb250px\u00bb module_alignment=\u00bbcenter\u00bb global_colors_info=\u00bb{}\u00bb][\/et_pb_image][\/et_pb_column][et_pb_column type=\u00bb1_6&#8243; _builder_version=\u00bb4.14.7&#8243; _module_preset=\u00bbdefault\u00bb global_colors_info=\u00bb{}\u00bb][et_pb_image src=\u00bbhttps:\/\/www.aitanacongress.com\/2024\/wp-content\/uploads\/logo-academia-psicologia-2024-gris.png\u00bb title_text=\u00bblogo-academia-psicologia-2024-gris\u00bb url=\u00bbhttps:\/\/www.academiapsicologia.com\/\u00bb url_new_window=\u00bbon\u00bb admin_label=\u00bbAcademia Psic\u00bb _builder_version=\u00bb4.14.7&#8243; _module_preset=\u00bbdefault\u00bb custom_margin=\u00bb||-1px|||\u00bb global_colors_info=\u00bb{}\u00bb][\/et_pb_image][\/et_pb_column][et_pb_column type=\u00bb1_6&#8243; _builder_version=\u00bb4.14.7&#8243; _module_preset=\u00bbdefault\u00bb global_colors_info=\u00bb{}\u00bb][et_pb_image src=\u00bbhttps:\/\/www.aitanacongress.com\/2024\/wp-content\/uploads\/PearsonLogo-2024-gris.png\u00bb title_text=\u00bbPearsonLogo-2024-gris\u00bb url=\u00bbhttps:\/\/www.pearsonclinical.es\/?utm_source=online&#038;utm_medium=social_organic&#038;utm_campaign=aitana_23&#038;utm_term=logo-web\u00bb url_new_window=\u00bbon\u00bb disabled_on=\u00bbon|on|on\u00bb admin_label=\u00bbPearson\u00bb _builder_version=\u00bb4.14.7&#8243; _module_preset=\u00bbdefault\u00bb custom_margin=\u00bb||-1px|||\u00bb disabled=\u00bbon\u00bb global_colors_info=\u00bb{}\u00bb][\/et_pb_image][\/et_pb_column][\/et_pb_row][\/et_pb_section]<\/p>\n","protected":false},"excerpt":{"rendered":"<p>Ponente Presentation in Spanish SHIN-ICHI ISHIKAWA UNIVERSIDAD DE DOSHISHA. JAP\u00d3N El Dr. Shin-ichi Ishikawa es profesor en la Facultad de Psicolog\u00eda de la Universidad Doshisha, en Kyoto, Jap\u00f3n. Obtuvo su licenciatura y m\u00e1ster en la Universidad de Waseda y su doctorado en la Universidad de Ciencias de la Salud de Hokkaido. Fue becario Fulbright en [&hellip;]<\/p>\n","protected":false},"author":4,"featured_media":12543,"parent":0,"menu_order":0,"comment_status":"closed","ping_status":"closed","template":"","meta":{"_et_pb_use_builder":"on","_et_pb_old_content":"","_et_gb_content_width":"","_monsterinsights_skip_tracking":false,"_monsterinsights_sitenote_active":false,"_monsterinsights_sitenote_note":"","_monsterinsights_sitenote_category":0,"footnotes":""},"class_list":["post-12551","page","type-page","status-publish","has-post-thumbnail","hentry"],"yoast_head":"<!-- This site is optimized with the Yoast SEO plugin v23.5 - https:\/\/yoast.com\/wordpress\/plugins\/seo\/ -->\n<title>Ponente Shin-ichi Ishikawa - 10th International Congress of Clinical and Health Psychology in Children and Adolescents<\/title>\n<meta name=\"robots\" content=\"index, follow, max-snippet:-1, max-image-preview:large, max-video-preview:-1\" \/>\n<link rel=\"canonical\" href=\"https:\/\/www.aitanacongress.com\/2024\/ponente-shin-ichi-ishikawa\/\" \/>\n<meta property=\"og:locale\" content=\"es_ES\" \/>\n<meta property=\"og:type\" content=\"article\" \/>\n<meta property=\"og:title\" content=\"Ponente Shin-ichi Ishikawa - 10th International Congress of Clinical and Health Psychology in Children and Adolescents\" \/>\n<meta property=\"og:description\" content=\"Ponente Presentation in Spanish SHIN-ICHI ISHIKAWA UNIVERSIDAD DE DOSHISHA. JAP\u00d3N El Dr. Shin-ichi Ishikawa es profesor en la Facultad de Psicolog\u00eda de la Universidad Doshisha, en Kyoto, Jap\u00f3n. Obtuvo su licenciatura y m\u00e1ster en la Universidad de Waseda y su doctorado en la Universidad de Ciencias de la Salud de Hokkaido. Fue becario Fulbright en [&hellip;]\" \/>\n<meta property=\"og:url\" content=\"https:\/\/www.aitanacongress.com\/2024\/ponente-shin-ichi-ishikawa\/\" \/>\n<meta property=\"og:site_name\" content=\"10th International Congress of Clinical and Health Psychology in Children and Adolescents\" \/>\n<meta property=\"article:modified_time\" content=\"2024-04-12T06:48:05+00:00\" \/>\n<meta property=\"og:image\" content=\"https:\/\/www.aitanacongress.com\/2024\/wp-content\/uploads\/Shin_ichi.jpg\" \/>\n\t<meta property=\"og:image:width\" content=\"400\" \/>\n\t<meta property=\"og:image:height\" content=\"400\" \/>\n\t<meta property=\"og:image:type\" content=\"image\/jpeg\" \/>\n<meta name=\"twitter:card\" content=\"summary_large_image\" \/>\n<meta name=\"twitter:label1\" content=\"Tiempo de lectura\" \/>\n\t<meta name=\"twitter:data1\" content=\"5 minutos\" \/>\n<script type=\"application\/ld+json\" class=\"yoast-schema-graph\">{\"@context\":\"https:\/\/schema.org\",\"@graph\":[{\"@type\":\"WebPage\",\"@id\":\"https:\/\/www.aitanacongress.com\/2024\/ponente-shin-ichi-ishikawa\/\",\"url\":\"https:\/\/www.aitanacongress.com\/2024\/ponente-shin-ichi-ishikawa\/\",\"name\":\"Ponente Shin-ichi Ishikawa - 10th International Congress of Clinical and Health Psychology in Children and Adolescents\",\"isPartOf\":{\"@id\":\"https:\/\/www.aitanacongress.com\/2024\/#website\"},\"primaryImageOfPage\":{\"@id\":\"https:\/\/www.aitanacongress.com\/2024\/ponente-shin-ichi-ishikawa\/#primaryimage\"},\"image\":{\"@id\":\"https:\/\/www.aitanacongress.com\/2024\/ponente-shin-ichi-ishikawa\/#primaryimage\"},\"thumbnailUrl\":\"https:\/\/www.aitanacongress.com\/2024\/wp-content\/uploads\/Shin_ichi.jpg\",\"datePublished\":\"2024-04-04T14:57:55+00:00\",\"dateModified\":\"2024-04-12T06:48:05+00:00\",\"breadcrumb\":{\"@id\":\"https:\/\/www.aitanacongress.com\/2024\/ponente-shin-ichi-ishikawa\/#breadcrumb\"},\"inLanguage\":\"es\",\"potentialAction\":[{\"@type\":\"ReadAction\",\"target\":[\"https:\/\/www.aitanacongress.com\/2024\/ponente-shin-ichi-ishikawa\/\"]}]},{\"@type\":\"ImageObject\",\"inLanguage\":\"es\",\"@id\":\"https:\/\/www.aitanacongress.com\/2024\/ponente-shin-ichi-ishikawa\/#primaryimage\",\"url\":\"https:\/\/www.aitanacongress.com\/2024\/wp-content\/uploads\/Shin_ichi.jpg\",\"contentUrl\":\"https:\/\/www.aitanacongress.com\/2024\/wp-content\/uploads\/Shin_ichi.jpg\",\"width\":400,\"height\":400},{\"@type\":\"BreadcrumbList\",\"@id\":\"https:\/\/www.aitanacongress.com\/2024\/ponente-shin-ichi-ishikawa\/#breadcrumb\",\"itemListElement\":[{\"@type\":\"ListItem\",\"position\":1,\"name\":\"Portada\",\"item\":\"https:\/\/www.aitanacongress.com\/2024\/\"},{\"@type\":\"ListItem\",\"position\":2,\"name\":\"Ponente Shin-ichi Ishikawa\"}]},{\"@type\":\"WebSite\",\"@id\":\"https:\/\/www.aitanacongress.com\/2024\/#website\",\"url\":\"https:\/\/www.aitanacongress.com\/2024\/\",\"name\":\"10th International Congress of Clinical and Health Psychology in Children and Adolescents\",\"description\":\"10th International Congress of Clinical and Health Psychology in Children and Adolescents\",\"potentialAction\":[{\"@type\":\"SearchAction\",\"target\":{\"@type\":\"EntryPoint\",\"urlTemplate\":\"https:\/\/www.aitanacongress.com\/2024\/?s={search_term_string}\"},\"query-input\":{\"@type\":\"PropertyValueSpecification\",\"valueRequired\":true,\"valueName\":\"search_term_string\"}}],\"inLanguage\":\"es\"}]}<\/script>\n<!-- \/ Yoast SEO plugin. -->","yoast_head_json":{"title":"Ponente Shin-ichi Ishikawa - 10th International Congress of Clinical and Health Psychology in Children and Adolescents","robots":{"index":"index","follow":"follow","max-snippet":"max-snippet:-1","max-image-preview":"max-image-preview:large","max-video-preview":"max-video-preview:-1"},"canonical":"https:\/\/www.aitanacongress.com\/2024\/ponente-shin-ichi-ishikawa\/","og_locale":"es_ES","og_type":"article","og_title":"Ponente Shin-ichi Ishikawa - 10th International Congress of Clinical and Health Psychology in Children and Adolescents","og_description":"Ponente Presentation in Spanish SHIN-ICHI ISHIKAWA UNIVERSIDAD DE DOSHISHA. JAP\u00d3N El Dr. Shin-ichi Ishikawa es profesor en la Facultad de Psicolog\u00eda de la Universidad Doshisha, en Kyoto, Jap\u00f3n. Obtuvo su licenciatura y m\u00e1ster en la Universidad de Waseda y su doctorado en la Universidad de Ciencias de la Salud de Hokkaido. Fue becario Fulbright en [&hellip;]","og_url":"https:\/\/www.aitanacongress.com\/2024\/ponente-shin-ichi-ishikawa\/","og_site_name":"10th International Congress of Clinical and Health Psychology in Children and Adolescents","article_modified_time":"2024-04-12T06:48:05+00:00","og_image":[{"width":400,"height":400,"url":"https:\/\/www.aitanacongress.com\/2024\/wp-content\/uploads\/Shin_ichi.jpg","type":"image\/jpeg"}],"twitter_card":"summary_large_image","twitter_misc":{"Tiempo de lectura":"5 minutos"},"schema":{"@context":"https:\/\/schema.org","@graph":[{"@type":"WebPage","@id":"https:\/\/www.aitanacongress.com\/2024\/ponente-shin-ichi-ishikawa\/","url":"https:\/\/www.aitanacongress.com\/2024\/ponente-shin-ichi-ishikawa\/","name":"Ponente Shin-ichi Ishikawa - 10th International Congress of Clinical and Health Psychology in Children and Adolescents","isPartOf":{"@id":"https:\/\/www.aitanacongress.com\/2024\/#website"},"primaryImageOfPage":{"@id":"https:\/\/www.aitanacongress.com\/2024\/ponente-shin-ichi-ishikawa\/#primaryimage"},"image":{"@id":"https:\/\/www.aitanacongress.com\/2024\/ponente-shin-ichi-ishikawa\/#primaryimage"},"thumbnailUrl":"https:\/\/www.aitanacongress.com\/2024\/wp-content\/uploads\/Shin_ichi.jpg","datePublished":"2024-04-04T14:57:55+00:00","dateModified":"2024-04-12T06:48:05+00:00","breadcrumb":{"@id":"https:\/\/www.aitanacongress.com\/2024\/ponente-shin-ichi-ishikawa\/#breadcrumb"},"inLanguage":"es","potentialAction":[{"@type":"ReadAction","target":["https:\/\/www.aitanacongress.com\/2024\/ponente-shin-ichi-ishikawa\/"]}]},{"@type":"ImageObject","inLanguage":"es","@id":"https:\/\/www.aitanacongress.com\/2024\/ponente-shin-ichi-ishikawa\/#primaryimage","url":"https:\/\/www.aitanacongress.com\/2024\/wp-content\/uploads\/Shin_ichi.jpg","contentUrl":"https:\/\/www.aitanacongress.com\/2024\/wp-content\/uploads\/Shin_ichi.jpg","width":400,"height":400},{"@type":"BreadcrumbList","@id":"https:\/\/www.aitanacongress.com\/2024\/ponente-shin-ichi-ishikawa\/#breadcrumb","itemListElement":[{"@type":"ListItem","position":1,"name":"Portada","item":"https:\/\/www.aitanacongress.com\/2024\/"},{"@type":"ListItem","position":2,"name":"Ponente Shin-ichi Ishikawa"}]},{"@type":"WebSite","@id":"https:\/\/www.aitanacongress.com\/2024\/#website","url":"https:\/\/www.aitanacongress.com\/2024\/","name":"10th International Congress of Clinical and Health Psychology in Children and Adolescents","description":"10th International Congress of Clinical and Health Psychology in Children and Adolescents","potentialAction":[{"@type":"SearchAction","target":{"@type":"EntryPoint","urlTemplate":"https:\/\/www.aitanacongress.com\/2024\/?s={search_term_string}"},"query-input":{"@type":"PropertyValueSpecification","valueRequired":true,"valueName":"search_term_string"}}],"inLanguage":"es"}]}},"_links":{"self":[{"href":"https:\/\/www.aitanacongress.com\/2024\/wp-json\/wp\/v2\/pages\/12551","targetHints":{"allow":["GET"]}}],"collection":[{"href":"https:\/\/www.aitanacongress.com\/2024\/wp-json\/wp\/v2\/pages"}],"about":[{"href":"https:\/\/www.aitanacongress.com\/2024\/wp-json\/wp\/v2\/types\/page"}],"author":[{"embeddable":true,"href":"https:\/\/www.aitanacongress.com\/2024\/wp-json\/wp\/v2\/users\/4"}],"replies":[{"embeddable":true,"href":"https:\/\/www.aitanacongress.com\/2024\/wp-json\/wp\/v2\/comments?post=12551"}],"version-history":[{"count":5,"href":"https:\/\/www.aitanacongress.com\/2024\/wp-json\/wp\/v2\/pages\/12551\/revisions"}],"predecessor-version":[{"id":13199,"href":"https:\/\/www.aitanacongress.com\/2024\/wp-json\/wp\/v2\/pages\/12551\/revisions\/13199"}],"wp:featuredmedia":[{"embeddable":true,"href":"https:\/\/www.aitanacongress.com\/2024\/wp-json\/wp\/v2\/media\/12543"}],"wp:attachment":[{"href":"https:\/\/www.aitanacongress.com\/2024\/wp-json\/wp\/v2\/media?parent=12551"}],"curies":[{"name":"wp","href":"https:\/\/api.w.org\/{rel}","templated":true}]}}