{"id":13632,"date":"2024-04-17T12:45:55","date_gmt":"2024-04-17T10:45:55","guid":{"rendered":"https:\/\/www.aitanacongress.com\/2024\/?page_id=13632"},"modified":"2024-04-24T16:50:24","modified_gmt":"2024-04-24T14:50:24","slug":"ponente-iban-onandia","status":"publish","type":"page","link":"https:\/\/www.aitanacongress.com\/2024\/ponente-iban-onandia\/","title":{"rendered":"Ponente Iban Onandia"},"content":{"rendered":"<p>[et_pb_section fb_built=\u00bb1&#8243; admin_label=\u00bbCabecera\u00bb module_class=\u00bbcabecera-page\u00bb _builder_version=\u00bb4.14.7&#8243; _module_preset=\u00bbdefault\u00bb background_color=\u00bb#8bced7&#8243; background_enable_image=\u00bboff\u00bb custom_margin=\u00bb0px||0px||false|false\u00bb custom_padding=\u00bb0px||0px||false|false\u00bb background_last_edited=\u00bbon|desktop\u00bb saved_tabs=\u00bball\u00bb collapsed=\u00bboff\u00bb global_colors_info=\u00bb{}\u00bb][et_pb_row _builder_version=\u00bb4.14.7&#8243; _module_preset=\u00bbdefault\u00bb background_image=\u00bbhttps:\/\/www.aitanacongress.com\/2024\/wp-content\/uploads\/globo-paginas-1-1.png\u00bb background_size=\u00bbinitial\u00bb background_position=\u00bbcenter_right\u00bb custom_margin=\u00bb0px||0px||false|false\u00bb custom_padding=\u00bb0px||0px||false|false\u00bb global_colors_info=\u00bb{}\u00bb][et_pb_column type=\u00bb4_4&#8243; _builder_version=\u00bb4.14.7&#8243; _module_preset=\u00bbdefault\u00bb global_colors_info=\u00bb{}\u00bb][et_pb_text _builder_version=\u00bb4.14.7&#8243; _module_preset=\u00bbdefault\u00bb header_font=\u00bb|||on|||||\u00bb header_text_color=\u00bb#FFFFFF\u00bb header_font_size=\u00bb45px\u00bb header_2_font=\u00bbgill-sans|500||on|||||\u00bb header_2_text_align=\u00bbcenter\u00bb header_2_text_color=\u00bb#ffffff\u00bb header_2_font_size=\u00bb32px\u00bb background_color=\u00bbRGBA(255,255,255,0)\u00bb custom_margin=\u00bb0px||||false|false\u00bb custom_padding=\u00bb50px||5px||false|false\u00bb global_colors_info=\u00bb{}\u00bb]<\/p>\n<h2>Ponente<\/h2>\n<p>[\/et_pb_text][\/et_pb_column][\/et_pb_row][\/et_pb_section][et_pb_section fb_built=\u00bb1&#8243; custom_padding_last_edited=\u00bbon|phone\u00bb admin_label=\u00bbPonente\u00bb module_class=\u00bbsingle-ponente\u00bb _builder_version=\u00bb4.14.7&#8243; background_enable_color=\u00bboff\u00bb background_image=\u00bbhttps:\/\/www.aitanacongress.com\/2024\/wp-content\/uploads\/fondo-ponentes-v3-1-1.png\u00bb background_size=\u00bbcontain\u00bb background_position=\u00bbbottom_left\u00bb custom_padding=\u00bb55px|0px|55px|0px|false|false\u00bb custom_padding_tablet=\u00bb45px|0px|55px|0px|false|false\u00bb custom_padding_phone=\u00bb35px|20px|40px|20px|false|false\u00bb background_last_edited=\u00bbon|tablet\u00bb background_position_tablet=\u00bbbottom_center\u00bb global_colors_info=\u00bb{}\u00bb][et_pb_row column_structure=\u00bb1_4,3_4&#8243; use_custom_gutter=\u00bbon\u00bb gutter_width=\u00bb1&#8243; padding_top_bottom_link_2=\u00bbtrue\u00bb padding_left_right_link_2=\u00bbtrue\u00bb module_class=\u00bbimg-single\u00bb _builder_version=\u00bb4.14.7&#8243; width_tablet=\u00bb\u00bb width_phone=\u00bb100%\u00bb width_last_edited=\u00bbon|phone\u00bb max_width=\u00bb100%\u00bb max_width_tablet=\u00bb1080px\u00bb max_width_phone=\u00bb100%\u00bb max_width_last_edited=\u00bbon|desktop\u00bb custom_margin=\u00bb|0px||\u00bb custom_margin_tablet=\u00bb|10%||10%||true\u00bb custom_margin_phone=\u00bb|0%||0%|false|true\u00bb custom_margin_last_edited=\u00bbon|tablet\u00bb custom_padding=\u00bb0px|0px|0|0px|false|false\u00bb use_custom_width=\u00bbon\u00bb width_unit=\u00bboff\u00bb global_colors_info=\u00bb{}\u00bb][et_pb_column type=\u00bb1_4&#8243; _builder_version=\u00bb4.14.7&#8243; custom_padding=\u00bb|||\u00bb global_colors_info=\u00bb{}\u00bb custom_padding__hover=\u00bb|||\u00bb][et_pb_image src=\u00bbhttps:\/\/www.aitanacongress.com\/2024\/wp-content\/uploads\/Iban_Onandia.jpg\u00bb title_text=\u00bbIban_Onandia\u00bb align=\u00bbcenter\u00bb force_fullwidth=\u00bbon\u00bb disabled_on=\u00bboff|off|off\u00bb admin_label=\u00bbImagen ponente\u00bb module_class=\u00bbponente-single\u00bb _builder_version=\u00bb4.14.7&#8243; custom_margin=\u00bb0px|0px|0px|0px|false|false\u00bb custom_margin_tablet=\u00bb0px|0px|0px|0px|false|false\u00bb custom_margin_phone=\u00bb0px|0px|0px|0px|false|false\u00bb custom_margin_last_edited=\u00bbon|desktop\u00bb custom_padding=\u00bb|||\u00bb animation_direction=\u00bbright\u00bb border_color_all=\u00bb#d05e15&#8243; border_width_right=\u00bb0px\u00bb border_width_bottom=\u00bb0px\u00bb border_radii_tablet=\u00bb\u00bb border_radii_phone=\u00bb\u00bb border_radii_last_edited=\u00bbon|tablet\u00bb border_width_all_tablet=\u00bb\u00bb border_width_all_phone=\u00bb\u00bb border_width_all_last_edited=\u00bbon|phone\u00bb box_shadow_horizontal_tablet=\u00bb5vw\u00bb box_shadow_horizontal_phone=\u00bb5vw\u00bb box_shadow_horizontal_last_edited=\u00bbon|desktop\u00bb box_shadow_vertical_tablet=\u00bb5vw\u00bb box_shadow_vertical_phone=\u00bb5vw\u00bb box_shadow_vertical_last_edited=\u00bbon|tablet\u00bb always_center_on_mobile=\u00bboff\u00bb global_colors_info=\u00bb{}\u00bb][\/et_pb_image][et_pb_text admin_label=\u00bbmicro idioma es (es)\u00bb module_class=\u00bbmicro\u00bb _builder_version=\u00bb4.14.7&#8243; _module_preset=\u00bbdefault\u00bb global_module=\u00bb12308&#8243; saved_tabs=\u00bball\u00bb global_colors_info=\u00bb{}\u00bb]<\/p>\n<div class=\"box\">\n<img loading=\"lazy\" decoding=\"async\" class=\"wp-image-10925 alignnone size-full aligncenter\" src=\"https:\/\/www.aitanacongress.com\/2024\/wp-content\/uploads\/icon-micro-ESP.png\" alt=\"\" width=\"90\" height=\"90\" \/> <span style=\"text-align: center;\">Ponencia en espa\u00f1ol<\/span>\n<\/div>\n<p>[\/et_pb_text][\/et_pb_column][et_pb_column type=\u00bb3_4&#8243; module_class=\u00bbcaja\u00bb _builder_version=\u00bb4.14.7&#8243; background_color=\u00bbrgba(68,68,68,0.04)\u00bb custom_padding=\u00bb40px|60px|40px|60px\u00bb custom_padding_tablet=\u00bb40px|40px|40px|40px|false|false\u00bb custom_padding_phone=\u00bb30px|30px|30px|30px|false|true\u00bb custom_padding_last_edited=\u00bbon|phone\u00bb global_colors_info=\u00bb{}\u00bb padding_phone=\u00bb|40px||40px||true\u00bb padding_last_edited=\u00bbon|phone\u00bb custom_padding__hover=\u00bb|||\u00bb][et_pb_text module_class=\u00bbtext-single\u00bb _builder_version=\u00bb4.14.7&#8243; text_font=\u00bb||||||||\u00bb text_font_size=\u00bb16px\u00bb text_line_height=\u00bb2em\u00bb header_font=\u00bb||||||||\u00bb header_2_font=\u00bbMontserrat|300|||||||\u00bb header_2_font_size=\u00bb40px\u00bb header_2_line_height=\u00bb1.4em\u00bb header_3_font=\u00bbgill-sans|||on|||||\u00bb header_3_text_color=\u00bb#066469&#8243; header_3_font_size=\u00bb27px\u00bb header_5_font=\u00bb|600||on|||||\u00bb header_5_text_align=\u00bbleft\u00bb header_5_text_color=\u00bb#51c0d7&#8243; header_5_font_size=\u00bb14px\u00bb header_5_line_height=\u00bb2em\u00bb max_width=\u00bb700px\u00bb hover_enabled=\u00bb0&#8243; header_2_font_size_tablet=\u00bb\u00bb header_2_font_size_phone=\u00bb30px\u00bb header_2_font_size_last_edited=\u00bbon|phone\u00bb locked=\u00bboff\u00bb global_colors_info=\u00bb{}\u00bb sticky_enabled=\u00bb0&#8243;]<\/p>\n<h3>IBAN ONANDIA<\/h3>\n<h5>Universidad Europea de Madrid. Espa\u00f1a<br \/>Universidad Oberta de Catalu\u00f1a. Espa\u00f1a<\/h5>\n<p>Licenciado en Psicolog\u00eda en 2008 por la Universidad de Barcelona, desde entonces ejerce en cl\u00ednica privada como Psic\u00f3logo y Neuropsic\u00f3logo cl\u00ednico infantojuvenil y como CEO de un equipo de 11 profesionales con diversas formaciones dentro de la psicolog\u00eda. Tambi\u00e9n participa en ensayos cl\u00ednicos del \u00e1rea del deterioro cognitivo y las demencias. A su vez, ha ido compaginando esta labor asistencial con otras ocupaciones de diversa \u00edndole en investigaci\u00f3n, tanto en demencias como en trastornos del neurodesarrollo, de donde derivan la mayor\u00eda de las publicaciones, algunas de ellas de muy alto impacto; realiza docencia universitaria, tanto en grados como postgrados, donde adem\u00e1s ha dirigido m\u00e1s de 300 TFG y TFM, as\u00ed como es miembro habitual de tribunales y ha\u202fcodirigido\u202f2 tesis doctorales.<\/p>\n<p>Ha participado en la validaci\u00f3n de instrumentos de medici\u00f3n cl\u00ednica como la NEPSY, el WISC, etc., as\u00ed como en numerosos congresos, cursos, jornadas, etc. Ha sido acreditado por el Consejo General de la Psicolog\u00eda como Psic\u00f3logo Experto en Neuropsicolog\u00eda, perteneciendo adem\u00e1s a varias asociaciones t\u00e9cnico-profesionales, algunas de ellas dentro de su junta directiva, como es el caso de la Sociedad Espa\u00f1ola de Psicolog\u00eda Cl\u00ednica infantojuvenil, de la que es\u202fvocal actualmente. Es el autor principal del libro \u00abEvaluaci\u00f3n Neuropsicol\u00f3gica de los procesos atencionales\u00bb de la Editorial S\u00edntesis y ha colaborado recientemente en el manual \u00abTratamiento paso a paso de los problemas psicol\u00f3gicos en la infancia y adolescencia\u00bb, de Editorial Pir\u00e1mide. Finalmente, est\u00e1 a punto de publicar el Manual de Neuropsicolog\u00eda Infantojuvenil.<\/p>\n<p>Actualmente, es profesor asociado a las UPV\/EHU, as\u00ed como profesor colaborador de la UOC y de la UEM, de forma que ha sido acreditado como profesor adjunto por UNIBASQ.<\/p>\n<p>[\/et_pb_text][\/et_pb_column][\/et_pb_row][\/et_pb_section][et_pb_section fb_built=\u00bb1&#8243; custom_padding_last_edited=\u00bbon|phone\u00bb prev_background_color=\u00bb#ffffff\u00bb disabled_on=\u00bboff|off|off\u00bb admin_label=\u00bbPonencia\u00bb module_class=\u00bbponencia\u00bb _builder_version=\u00bb4.14.7&#8243; background_color=\u00bbrgba(139,206,215,0.8)\u00bb background_color_gradient_start=\u00bb#e83643&#8243; background_color_gradient_end=\u00bb#e83643&#8243; custom_margin=\u00bb|||\u00bb custom_padding=\u00bb160px||30px||false|false\u00bb custom_padding_tablet=\u00bb150px||||false|false\u00bb custom_padding_phone=\u00bb100px||15px||false|false\u00bb top_divider_style=\u00bbclouds2&#8243; top_divider_repeat=\u00bb150x\u00bb global_colors_info=\u00bb{}\u00bb][et_pb_row column_structure=\u00bb3_4,1_4&#8243; custom_padding_last_edited=\u00bbon|phone\u00bb disabled_on=\u00bboff|off|off\u00bb admin_label=\u00bbFila\u00bb _builder_version=\u00bb4.14.7&#8243; background_size=\u00bbinitial\u00bb background_position=\u00bbtop_left\u00bb background_repeat=\u00bbrepeat\u00bb width_tablet=\u00bb\u00bb width_phone=\u00bb100%\u00bb width_last_edited=\u00bbon|phone\u00bb custom_margin=\u00bb||0px||false|false\u00bb custom_padding=\u00bb||0px||false|false\u00bb custom_padding_tablet=\u00bb||0px||false|false\u00bb custom_padding_phone=\u00bb|20px||20px|false|false\u00bb global_colors_info=\u00bb{}\u00bb][et_pb_column type=\u00bb3_4&#8243; _builder_version=\u00bb3.25&#8243; custom_padding=\u00bb|||\u00bb global_colors_info=\u00bb{}\u00bb custom_padding__hover=\u00bb|||\u00bb][et_pb_text admin_label=\u00bbT\u00edtulo\u00bb _builder_version=\u00bb4.14.7&#8243; header_font=\u00bbgill-sans|700||on|||||\u00bb header_text_color=\u00bb#066469&#8243; header_font_size=\u00bb27px\u00bb header_line_height=\u00bb30px\u00bb custom_margin=\u00bb||0px|\u00bb animation_style=\u00bbflip\u00bb animation_direction=\u00bbtop\u00bb global_colors_info=\u00bb{}\u00bb]<\/p>\n<h1>Sintomatolog\u00eda cl\u00ednica desde la perspectiva de g\u00e9nero<\/h1>\n<p>[\/et_pb_text][et_pb_divider color=\u00bb#066469&#8243; divider_position=\u00bbcenter\u00bb divider_weight=\u00bb2px\u00bb _builder_version=\u00bb4.14.7&#8243; max_width=\u00bb90px\u00bb max_width_tablet=\u00bb12%\u00bb max_width_last_edited=\u00bboff|desktop\u00bb custom_margin=\u00bb|||\u00bb animation_style=\u00bbflip\u00bb animation_delay=\u00bb50ms\u00bb global_colors_info=\u00bb{}\u00bb][\/et_pb_divider][\/et_pb_column][et_pb_column type=\u00bb1_4&#8243; _builder_version=\u00bb3.25&#8243; custom_padding=\u00bb|||\u00bb global_colors_info=\u00bb{}\u00bb custom_padding__hover=\u00bb|||\u00bb][et_pb_image src=\u00bbhttps:\/\/www.aitanacongress.com\/2024\/wp-content\/uploads\/nube-1-1.png\u00bb title_text=\u00bbnube\u00bb force_fullwidth=\u00bbon\u00bb align_tablet=\u00bbcenter\u00bb align_phone=\u00bb\u00bb align_last_edited=\u00bbon|desktop\u00bb admin_label=\u00bbImagen\u00bb _builder_version=\u00bb4.14.7&#8243; animation_style=\u00bbslide\u00bb animation_direction=\u00bbright\u00bb animation_intensity_slide=\u00bb10%\u00bb global_colors_info=\u00bb{}\u00bb][\/et_pb_image][\/et_pb_column][\/et_pb_row][et_pb_row custom_padding_last_edited=\u00bbon|phone\u00bb disabled_on=\u00bboff|off|off\u00bb admin_label=\u00bbFila\u00bb _builder_version=\u00bb4.14.7&#8243; background_size=\u00bbinitial\u00bb background_position=\u00bbtop_left\u00bb background_repeat=\u00bbrepeat\u00bb width_tablet=\u00bb\u00bb width_phone=\u00bb100%\u00bb width_last_edited=\u00bbon|phone\u00bb custom_margin=\u00bb0px||||false|false\u00bb custom_padding=\u00bb0px||||false|false\u00bb custom_padding_tablet=\u00bb0px||||false|false\u00bb custom_padding_phone=\u00bb|20px||20px|false|false\u00bb global_colors_info=\u00bb{}\u00bb][et_pb_column type=\u00bb4_4&#8243; _builder_version=\u00bb3.25&#8243; custom_padding=\u00bb|||\u00bb global_colors_info=\u00bb{}\u00bb custom_padding__hover=\u00bb|||\u00bb][et_pb_text disabled_on=\u00bboff|off|off\u00bb _builder_version=\u00bb4.14.7&#8243; text_font=\u00bb||||||||\u00bb text_text_color=\u00bb#066469&#8243; text_font_size=\u00bb20px\u00bb text_line_height=\u00bb1.8em\u00bb custom_margin=\u00bb25px|||\u00bb animation_style=\u00bbflip\u00bb animation_direction=\u00bbtop\u00bb animation_delay=\u00bb100ms\u00bb global_colors_info=\u00bb{}\u00bb]<\/p>\n<p>Como estamos constatando en los \u00faltimos a\u00f1os, a trav\u00e9s de diferentes estudios emp\u00edricos, tener en cuenta la perspectiva de g\u00e9nero en la evaluaci\u00f3n de los trastornos psicol\u00f3gicos es capital. Las mujeres, o m\u00e1s bien la manera diferencial en que procesan la informaci\u00f3n y dan respuestas, han sido hist\u00f3ricamente subestimadas y la prevalencia de muchos de los trastornos psicol\u00f3gicos que hoy en d\u00eda tratamos en consulta, a\u00fan reflejan este fen\u00f3meno. Este fen\u00f3meno es importante, pero a\u00fan lo es m\u00e1s cuando abordamos los trastornos del neurodesarrollo, donde hist\u00f3ricamente los criterios diagn\u00f3sticos han estado basados en perfiles muy masculinos, de manera que las diferencias sutiles que confiere al perfil el g\u00e9nero femenino ha sido habitualmente minusvalorado. Prueba de ello son las l\u00edneas de investigaci\u00f3n actuales donde, de forma espec\u00edfica e intensiva, se intentan medir las variables relacionadas con el g\u00e9nero.<\/p>\n<p>Con el objetivo de avanzar en este escollo que supone el hecho de tener criterios basados en sintomatolog\u00eda preponderantemente masculina, es importante conocer no solo como inciden este desigual criterio de g\u00e9nero, sino tambi\u00e9n como aplicarlo a la evaluaci\u00f3n de los diferentes trastornos, especialmente los del neurodesarrollo, que nos ocupan en un porcentaje muy amplio de nuestra consulta. As\u00ed, este simposio pretende abordar la perspectiva de g\u00e9nero en los dos trastornos del desarrollo m\u00e1s prevalentes (el trastorno por d\u00e9ficit de atenci\u00f3n con hiperactividad y el trastorno del espectro autista), no sin antes haber hecho un an\u00e1lisis preliminar del estado de la cuesti\u00f3n, al mismo tiempo que se pretende, finalmente, analizar una variable que no es balad\u00ed en los trastornos psicol\u00f3gicos, como es el v\u00ednculo.\u202f<\/p>\n<p>[\/et_pb_text][\/et_pb_column][\/et_pb_row][\/et_pb_section][et_pb_section fb_built=\u00bb1&#8243; custom_padding_last_edited=\u00bbon|phone\u00bb admin_label=\u00bbLOGO_ESPANOL\u00bb module_class=\u00bblogos-congreso\u00bb _builder_version=\u00bb4.14.7&#8243; _module_preset=\u00bbdefault\u00bb custom_padding=\u00bb30px||25px||false|false\u00bb custom_padding_tablet=\u00bb||0px||false|false\u00bb custom_padding_phone=\u00bb50px||||false|false\u00bb global_module=\u00bb10278&#8243; saved_tabs=\u00bball\u00bb collapsed=\u00bbon\u00bb global_colors_info=\u00bb{}\u00bb][et_pb_row custom_padding_last_edited=\u00bbon|phone\u00bb admin_label=\u00bbOrganiza\u00bb _builder_version=\u00bb4.14.7&#8243; _module_preset=\u00bbdefault\u00bb custom_margin=\u00bb||0px||false|false\u00bb custom_padding=\u00bb||0px||false|false\u00bb custom_padding_tablet=\u00bb||0px||false|false\u00bb custom_padding_phone=\u00bb0px||||false|false\u00bb global_colors_info=\u00bb{}\u00bb][et_pb_column type=\u00bb4_4&#8243; _builder_version=\u00bb4.14.7&#8243; _module_preset=\u00bbdefault\u00bb global_colors_info=\u00bb{}\u00bb][et_pb_text _builder_version=\u00bb4.14.7&#8243; _module_preset=\u00bbdefault\u00bb text_font=\u00bb|600||on|||||\u00bb text_text_color=\u00bb#d05e15&#8243; text_orientation=\u00bbcenter\u00bb module_alignment=\u00bbcenter\u00bb custom_margin=\u00bb||0px||false|false\u00bb custom_padding=\u00bb||0px||false|false\u00bb global_colors_info=\u00bb{}\u00bb]<\/p>\n<p style=\"font-weight: 600; color: #066469; font-family: 'gill-sans',Helvetica,Arial,Lucida,sans-serif !important;\">Organiza<\/p>\n<p>[\/et_pb_text][\/et_pb_column][\/et_pb_row][et_pb_row column_structure=\u00bb1_3,1_3,1_3&#8243; custom_padding_last_edited=\u00bbon|desktop\u00bb module_class=\u00bblogos-uno\u00bb _builder_version=\u00bb4.14.7&#8243; _module_preset=\u00bbdefault\u00bb custom_padding=\u00bb10px||0px||false|false\u00bb custom_padding_tablet=\u00bb||15px||false|false\u00bb custom_padding_phone=\u00bb||15px||false|false\u00bb global_colors_info=\u00bb{}\u00bb][et_pb_column type=\u00bb1_3&#8243; _builder_version=\u00bb4.14.7&#8243; _module_preset=\u00bbdefault\u00bb global_colors_info=\u00bb{}\u00bb][et_pb_image src=\u00bbhttps:\/\/www.aitanacongress.com\/2024\/wp-content\/uploads\/logo-aitana-2024-gris.png\u00bb title_text=\u00bblogo-aitana-2024-gris\u00bb url=\u00bbhttps:\/\/aitanainvestigacion.umh.es\/\u00bb url_new_window=\u00bbon\u00bb admin_label=\u00bbaitana\u00bb _builder_version=\u00bb4.14.7&#8243; _module_preset=\u00bbdefault\u00bb width=\u00bb250px\u00bb module_alignment=\u00bbcenter\u00bb global_colors_info=\u00bb{}\u00bb][\/et_pb_image][\/et_pb_column][et_pb_column type=\u00bb1_3&#8243; _builder_version=\u00bb4.14.7&#8243; _module_preset=\u00bbdefault\u00bb global_colors_info=\u00bb{}\u00bb][et_pb_image src=\u00bbhttps:\/\/www.aitanacongress.com\/2024\/wp-content\/uploads\/logo-UHM-2024-gris.png\u00bb title_text=\u00bblogo-UHM-2024-gris\u00bb url=\u00bbhttps:\/\/www.umh.es\/\u00bb url_new_window=\u00bbon\u00bb admin_label=\u00bbUHM\u00bb _builder_version=\u00bb4.14.7&#8243; _module_preset=\u00bbdefault\u00bb width=\u00bb250px\u00bb module_alignment=\u00bbcenter\u00bb global_colors_info=\u00bb{}\u00bb][\/et_pb_image][\/et_pb_column][et_pb_column type=\u00bb1_3&#8243; _builder_version=\u00bb4.14.7&#8243; _module_preset=\u00bbdefault\u00bb global_colors_info=\u00bb{}\u00bb][et_pb_image src=\u00bbhttps:\/\/www.aitanacongress.com\/2024\/wp-content\/uploads\/centro-investigacion-logo.png\u00bb title_text=\u00bbcentro-investigacion-logo\u00bb url=\u00bbhttps:\/\/centroinvestigacioninfancia.umh.es\/\u00bb url_new_window=\u00bbon\u00bb admin_label=\u00bbUHM centro investigaci\u00f3n\u00bb module_class=\u00bblogo-uhm-infancia\u00bb _builder_version=\u00bb4.14.7&#8243; _module_preset=\u00bbdefault\u00bb width=\u00bb250px\u00bb module_alignment=\u00bbcenter\u00bb global_colors_info=\u00bb{}\u00bb][\/et_pb_image][\/et_pb_column][\/et_pb_row][et_pb_row custom_padding_last_edited=\u00bbon|phone\u00bb disabled_on=\u00bbon|on|on\u00bb admin_label=\u00bbPatrocina\u00bb _builder_version=\u00bb4.14.7&#8243; _module_preset=\u00bbdefault\u00bb custom_margin=\u00bb||0px||false|false\u00bb custom_margin_tablet=\u00bb||0px||false|false\u00bb custom_margin_phone=\u00bb-15px||||false|false\u00bb custom_margin_last_edited=\u00bbon|phone\u00bb custom_padding=\u00bb||0px||false|false\u00bb custom_padding_tablet=\u00bb||0px||false|false\u00bb custom_padding_phone=\u00bb0px||||false|false\u00bb disabled=\u00bbon\u00bb global_colors_info=\u00bb{}\u00bb][et_pb_column type=\u00bb4_4&#8243; _builder_version=\u00bb4.14.7&#8243; _module_preset=\u00bbdefault\u00bb global_colors_info=\u00bb{}\u00bb][et_pb_text _builder_version=\u00bb4.14.7&#8243; _module_preset=\u00bbdefault\u00bb text_font=\u00bb|||on|||||\u00bb text_text_color=\u00bb#d05e15&#8243; text_orientation=\u00bbcenter\u00bb module_alignment=\u00bbcenter\u00bb custom_margin=\u00bb||0px||false|false\u00bb custom_padding=\u00bb||0px||false|false\u00bb global_colors_info=\u00bb{}\u00bb]<\/p>\n<p style=\"font-weight: 600; color: #066469; font-family: 'gill-sans',Helvetica,Arial,Lucida,sans-serif !important;\">Patrocina<\/p>\n<p>[\/et_pb_text][\/et_pb_column][\/et_pb_row][et_pb_row column_structure=\u00bb1_3,1_3,1_3&#8243; disabled_on=\u00bbon|on|on\u00bb module_class=\u00bblogos-dos\u00bb _builder_version=\u00bb4.14.7&#8243; _module_preset=\u00bbdefault\u00bb disabled=\u00bbon\u00bb global_colors_info=\u00bb{}\u00bb][et_pb_column type=\u00bb1_3&#8243; _builder_version=\u00bb4.14.7&#8243; _module_preset=\u00bbdefault\u00bb global_colors_info=\u00bb{}\u00bb][\/et_pb_column][et_pb_column type=\u00bb1_3&#8243; _builder_version=\u00bb4.14.7&#8243; _module_preset=\u00bbdefault\u00bb global_colors_info=\u00bb{}\u00bb][et_pb_image src=\u00bbhttps:\/\/www.aitanacongress.com\/2024\/wp-content\/uploads\/logo_GVA-2024-gris.png\u00bb title_text=\u00bblogo_GVA-2024-gris\u00bb url=\u00bbhttps:\/\/www.gva.es\/va\/inicio\/presentacion\u00bb url_new_window=\u00bbon\u00bb admin_label=\u00bbgva\u00bb _builder_version=\u00bb4.14.7&#8243; _module_preset=\u00bbdefault\u00bb width=\u00bb230px\u00bb module_alignment=\u00bbcenter\u00bb global_colors_info=\u00bb{}\u00bb][\/et_pb_image][\/et_pb_column][et_pb_column type=\u00bb1_3&#8243; _builder_version=\u00bb4.14.7&#8243; _module_preset=\u00bbdefault\u00bb global_colors_info=\u00bb{}\u00bb][\/et_pb_column][\/et_pb_row][et_pb_row custom_padding_last_edited=\u00bbon|phone\u00bb admin_label=\u00bbCon el apoyo de \u00bb _builder_version=\u00bb4.14.7&#8243; _module_preset=\u00bbdefault\u00bb custom_margin=\u00bb||0px||false|false\u00bb custom_margin_tablet=\u00bb||0px||false|false\u00bb custom_margin_phone=\u00bb-15px||||false|false\u00bb custom_margin_last_edited=\u00bbon|phone\u00bb custom_padding=\u00bb||0px||false|false\u00bb custom_padding_tablet=\u00bb||0px||false|false\u00bb custom_padding_phone=\u00bb0px||||false|false\u00bb global_colors_info=\u00bb{}\u00bb][et_pb_column type=\u00bb4_4&#8243; _builder_version=\u00bb4.14.7&#8243; _module_preset=\u00bbdefault\u00bb global_colors_info=\u00bb{}\u00bb][et_pb_text _builder_version=\u00bb4.14.7&#8243; _module_preset=\u00bbdefault\u00bb text_font=\u00bb|||on|||||\u00bb text_text_color=\u00bb#d05e15&#8243; text_orientation=\u00bbcenter\u00bb module_alignment=\u00bbcenter\u00bb custom_margin=\u00bb||0px||false|false\u00bb custom_padding=\u00bb||0px||false|false\u00bb global_colors_info=\u00bb{}\u00bb]<\/p>\n<p style=\"font-weight: 600; color: #066469; font-family: 'gill-sans',Helvetica,Arial,Lucida,sans-serif !important;\">Con el apoyo de<\/p>\n<p>[\/et_pb_text][\/et_pb_column][\/et_pb_row][et_pb_row column_structure=\u00bb1_6,1_6,1_6,1_6,1_6,1_6&#8243; use_custom_gutter=\u00bbon\u00bb gutter_width=\u00bb2&#8243; custom_padding_last_edited=\u00bbon|desktop\u00bb _builder_version=\u00bb4.14.7&#8243; _module_preset=\u00bbdefault\u00bb width=\u00bb100%\u00bb max_width=\u00bb1200px\u00bb custom_padding=\u00bb|20px||20px|false|false\u00bb custom_padding_tablet=\u00bb|20px||20px|false|false\u00bb custom_padding_phone=\u00bb|20px||20px|false|false\u00bb global_colors_info=\u00bb{}\u00bb][et_pb_column type=\u00bb1_6&#8243; _builder_version=\u00bb4.14.7&#8243; _module_preset=\u00bbdefault\u00bb global_colors_info=\u00bb{}\u00bb][et_pb_image src=\u00bbhttps:\/\/www.aitanacongress.com\/2024\/wp-content\/uploads\/logo-tea-2024-gris.png\u00bb title_text=\u00bblogo-tea-2024-gris\u00bb url=\u00bbhttps:\/\/web.teaediciones.com\/Inicio.aspx\u00bb url_new_window=\u00bbon\u00bb disabled_on=\u00bbon|on|on\u00bb admin_label=\u00bbtea\u00bb _builder_version=\u00bb4.14.7&#8243; _module_preset=\u00bbdefault\u00bb max_width=\u00bb250px\u00bb module_alignment=\u00bbcenter\u00bb disabled=\u00bbon\u00bb global_colors_info=\u00bb{}\u00bb][\/et_pb_image][\/et_pb_column][et_pb_column type=\u00bb1_6&#8243; _builder_version=\u00bb4.14.7&#8243; _module_preset=\u00bbdefault\u00bb global_colors_info=\u00bb{}\u00bb][et_pb_image src=\u00bbhttps:\/\/www.aitanacongress.com\/2024\/wp-content\/uploads\/logo-piramide-2024-gris-new.png\u00bb title_text=\u00bblogo-piramide-2024-gris-new\u00bb url=\u00bbhttps:\/\/www.edicionespiramide.es\/\u00bb url_new_window=\u00bbon\u00bb admin_label=\u00bbpiramide\u00bb _builder_version=\u00bb4.14.7&#8243; _module_preset=\u00bbdefault\u00bb max_width=\u00bb250px\u00bb module_alignment=\u00bbcenter\u00bb global_colors_info=\u00bb{}\u00bb][\/et_pb_image][\/et_pb_column][et_pb_column type=\u00bb1_6&#8243; _builder_version=\u00bb4.14.7&#8243; _module_preset=\u00bbdefault\u00bb global_colors_info=\u00bb{}\u00bb][et_pb_image src=\u00bbhttps:\/\/www.aitanacongress.com\/2024\/wp-content\/uploads\/sepcij-logo-2024-gris.png\u00bb title_text=\u00bbsepcij-logo-2024-gris\u00bb url=\u00bbhttps:\/\/www.sepcij.es\/\u00bb url_new_window=\u00bbon\u00bb admin_label=\u00bbsepcij\u00bb _builder_version=\u00bb4.14.7&#8243; _module_preset=\u00bbdefault\u00bb max_width=\u00bb250px\u00bb module_alignment=\u00bbcenter\u00bb global_colors_info=\u00bb{}\u00bb][\/et_pb_image][\/et_pb_column][et_pb_column type=\u00bb1_6&#8243; _builder_version=\u00bb4.14.7&#8243; _module_preset=\u00bbdefault\u00bb global_colors_info=\u00bb{}\u00bb][et_pb_image src=\u00bbhttps:\/\/www.aitanacongress.com\/2024\/wp-content\/uploads\/logo_COP-2024-gris.png\u00bb title_text=\u00bblogo_COP-2024-gris\u00bb url=\u00bbhttps:\/\/www.cop.es\/index.php\u00bb url_new_window=\u00bbon\u00bb admin_label=\u00bbCOP\u00bb _builder_version=\u00bb4.14.7&#8243; _module_preset=\u00bbdefault\u00bb max_width=\u00bb250px\u00bb module_alignment=\u00bbcenter\u00bb global_colors_info=\u00bb{}\u00bb][\/et_pb_image][\/et_pb_column][et_pb_column type=\u00bb1_6&#8243; _builder_version=\u00bb4.14.7&#8243; _module_preset=\u00bbdefault\u00bb global_colors_info=\u00bb{}\u00bb][et_pb_image src=\u00bbhttps:\/\/www.aitanacongress.com\/2024\/wp-content\/uploads\/logo-academia-psicologia-2024-gris.png\u00bb title_text=\u00bblogo-academia-psicologia-2024-gris\u00bb url=\u00bbhttps:\/\/www.academiapsicologia.com\/\u00bb url_new_window=\u00bbon\u00bb admin_label=\u00bbAcademia Psic\u00bb _builder_version=\u00bb4.14.7&#8243; _module_preset=\u00bbdefault\u00bb custom_margin=\u00bb||-1px|||\u00bb global_colors_info=\u00bb{}\u00bb][\/et_pb_image][\/et_pb_column][et_pb_column type=\u00bb1_6&#8243; _builder_version=\u00bb4.14.7&#8243; _module_preset=\u00bbdefault\u00bb global_colors_info=\u00bb{}\u00bb][et_pb_image src=\u00bbhttps:\/\/www.aitanacongress.com\/2024\/wp-content\/uploads\/PearsonLogo-2024-gris.png\u00bb title_text=\u00bbPearsonLogo-2024-gris\u00bb url=\u00bbhttps:\/\/www.pearsonclinical.es\/?utm_source=online&#038;utm_medium=social_organic&#038;utm_campaign=aitana_23&#038;utm_term=logo-web\u00bb url_new_window=\u00bbon\u00bb disabled_on=\u00bbon|on|on\u00bb admin_label=\u00bbPearson\u00bb _builder_version=\u00bb4.14.7&#8243; _module_preset=\u00bbdefault\u00bb custom_margin=\u00bb||-1px|||\u00bb disabled=\u00bbon\u00bb global_colors_info=\u00bb{}\u00bb][\/et_pb_image][\/et_pb_column][\/et_pb_row][\/et_pb_section]<\/p>\n","protected":false},"excerpt":{"rendered":"<p>Ponente Ponencia en espa\u00f1ol IBAN ONANDIA Universidad Europea de Madrid. Espa\u00f1aUniversidad Oberta de Catalu\u00f1a. Espa\u00f1a Licenciado en Psicolog\u00eda en 2008 por la Universidad de Barcelona, desde entonces ejerce en cl\u00ednica privada como Psic\u00f3logo y Neuropsic\u00f3logo cl\u00ednico infantojuvenil y como CEO de un equipo de 11 profesionales con diversas formaciones dentro de la psicolog\u00eda. Tambi\u00e9n participa [&hellip;]<\/p>\n","protected":false},"author":4,"featured_media":13620,"parent":0,"menu_order":0,"comment_status":"closed","ping_status":"closed","template":"","meta":{"_et_pb_use_builder":"on","_et_pb_old_content":"","_et_gb_content_width":"","_monsterinsights_skip_tracking":false,"_monsterinsights_sitenote_active":false,"_monsterinsights_sitenote_note":"","_monsterinsights_sitenote_category":0,"footnotes":""},"class_list":["post-13632","page","type-page","status-publish","has-post-thumbnail","hentry"],"yoast_head":"<!-- This site is optimized with the Yoast SEO plugin v23.5 - https:\/\/yoast.com\/wordpress\/plugins\/seo\/ -->\n<title>Ponente Iban Onandia - 10th International Congress of Clinical and Health Psychology in Children and Adolescents<\/title>\n<meta name=\"robots\" content=\"index, follow, max-snippet:-1, max-image-preview:large, max-video-preview:-1\" \/>\n<link rel=\"canonical\" href=\"https:\/\/www.aitanacongress.com\/2024\/ponente-iban-onandia\/\" \/>\n<meta property=\"og:locale\" content=\"es_ES\" \/>\n<meta property=\"og:type\" content=\"article\" \/>\n<meta property=\"og:title\" content=\"Ponente Iban Onandia - 10th International Congress of Clinical and Health Psychology in Children and Adolescents\" \/>\n<meta property=\"og:description\" content=\"Ponente Ponencia en espa\u00f1ol IBAN ONANDIA Universidad Europea de Madrid. Espa\u00f1aUniversidad Oberta de Catalu\u00f1a. Espa\u00f1a Licenciado en Psicolog\u00eda en 2008 por la Universidad de Barcelona, desde entonces ejerce en cl\u00ednica privada como Psic\u00f3logo y Neuropsic\u00f3logo cl\u00ednico infantojuvenil y como CEO de un equipo de 11 profesionales con diversas formaciones dentro de la psicolog\u00eda. Tambi\u00e9n participa [&hellip;]\" \/>\n<meta property=\"og:url\" content=\"https:\/\/www.aitanacongress.com\/2024\/ponente-iban-onandia\/\" \/>\n<meta property=\"og:site_name\" content=\"10th International Congress of Clinical and Health Psychology in Children and Adolescents\" \/>\n<meta property=\"article:modified_time\" content=\"2024-04-24T14:50:24+00:00\" \/>\n<meta property=\"og:image\" content=\"https:\/\/www.aitanacongress.com\/2024\/wp-content\/uploads\/Iban_Onandia.jpg\" \/>\n\t<meta property=\"og:image:width\" content=\"650\" \/>\n\t<meta property=\"og:image:height\" content=\"650\" \/>\n\t<meta property=\"og:image:type\" content=\"image\/jpeg\" \/>\n<meta name=\"twitter:card\" content=\"summary_large_image\" \/>\n<meta name=\"twitter:label1\" content=\"Tiempo de lectura\" \/>\n\t<meta name=\"twitter:data1\" content=\"5 minutos\" \/>\n<script type=\"application\/ld+json\" class=\"yoast-schema-graph\">{\"@context\":\"https:\/\/schema.org\",\"@graph\":[{\"@type\":\"WebPage\",\"@id\":\"https:\/\/www.aitanacongress.com\/2024\/ponente-iban-onandia\/\",\"url\":\"https:\/\/www.aitanacongress.com\/2024\/ponente-iban-onandia\/\",\"name\":\"Ponente Iban Onandia - 10th International Congress of Clinical and Health Psychology in Children and Adolescents\",\"isPartOf\":{\"@id\":\"https:\/\/www.aitanacongress.com\/2024\/#website\"},\"primaryImageOfPage\":{\"@id\":\"https:\/\/www.aitanacongress.com\/2024\/ponente-iban-onandia\/#primaryimage\"},\"image\":{\"@id\":\"https:\/\/www.aitanacongress.com\/2024\/ponente-iban-onandia\/#primaryimage\"},\"thumbnailUrl\":\"https:\/\/www.aitanacongress.com\/2024\/wp-content\/uploads\/Iban_Onandia.jpg\",\"datePublished\":\"2024-04-17T10:45:55+00:00\",\"dateModified\":\"2024-04-24T14:50:24+00:00\",\"breadcrumb\":{\"@id\":\"https:\/\/www.aitanacongress.com\/2024\/ponente-iban-onandia\/#breadcrumb\"},\"inLanguage\":\"es\",\"potentialAction\":[{\"@type\":\"ReadAction\",\"target\":[\"https:\/\/www.aitanacongress.com\/2024\/ponente-iban-onandia\/\"]}]},{\"@type\":\"ImageObject\",\"inLanguage\":\"es\",\"@id\":\"https:\/\/www.aitanacongress.com\/2024\/ponente-iban-onandia\/#primaryimage\",\"url\":\"https:\/\/www.aitanacongress.com\/2024\/wp-content\/uploads\/Iban_Onandia.jpg\",\"contentUrl\":\"https:\/\/www.aitanacongress.com\/2024\/wp-content\/uploads\/Iban_Onandia.jpg\",\"width\":650,\"height\":650},{\"@type\":\"BreadcrumbList\",\"@id\":\"https:\/\/www.aitanacongress.com\/2024\/ponente-iban-onandia\/#breadcrumb\",\"itemListElement\":[{\"@type\":\"ListItem\",\"position\":1,\"name\":\"Portada\",\"item\":\"https:\/\/www.aitanacongress.com\/2024\/\"},{\"@type\":\"ListItem\",\"position\":2,\"name\":\"Ponente Iban Onandia\"}]},{\"@type\":\"WebSite\",\"@id\":\"https:\/\/www.aitanacongress.com\/2024\/#website\",\"url\":\"https:\/\/www.aitanacongress.com\/2024\/\",\"name\":\"10th International Congress of Clinical and Health Psychology in Children and Adolescents\",\"description\":\"10th International Congress of Clinical and Health Psychology in Children and Adolescents\",\"potentialAction\":[{\"@type\":\"SearchAction\",\"target\":{\"@type\":\"EntryPoint\",\"urlTemplate\":\"https:\/\/www.aitanacongress.com\/2024\/?s={search_term_string}\"},\"query-input\":{\"@type\":\"PropertyValueSpecification\",\"valueRequired\":true,\"valueName\":\"search_term_string\"}}],\"inLanguage\":\"es\"}]}<\/script>\n<!-- \/ Yoast SEO plugin. -->","yoast_head_json":{"title":"Ponente Iban Onandia - 10th International Congress of Clinical and Health Psychology in Children and Adolescents","robots":{"index":"index","follow":"follow","max-snippet":"max-snippet:-1","max-image-preview":"max-image-preview:large","max-video-preview":"max-video-preview:-1"},"canonical":"https:\/\/www.aitanacongress.com\/2024\/ponente-iban-onandia\/","og_locale":"es_ES","og_type":"article","og_title":"Ponente Iban Onandia - 10th International Congress of Clinical and Health Psychology in Children and Adolescents","og_description":"Ponente Ponencia en espa\u00f1ol IBAN ONANDIA Universidad Europea de Madrid. Espa\u00f1aUniversidad Oberta de Catalu\u00f1a. Espa\u00f1a Licenciado en Psicolog\u00eda en 2008 por la Universidad de Barcelona, desde entonces ejerce en cl\u00ednica privada como Psic\u00f3logo y Neuropsic\u00f3logo cl\u00ednico infantojuvenil y como CEO de un equipo de 11 profesionales con diversas formaciones dentro de la psicolog\u00eda. Tambi\u00e9n participa [&hellip;]","og_url":"https:\/\/www.aitanacongress.com\/2024\/ponente-iban-onandia\/","og_site_name":"10th International Congress of Clinical and Health Psychology in Children and Adolescents","article_modified_time":"2024-04-24T14:50:24+00:00","og_image":[{"width":650,"height":650,"url":"https:\/\/www.aitanacongress.com\/2024\/wp-content\/uploads\/Iban_Onandia.jpg","type":"image\/jpeg"}],"twitter_card":"summary_large_image","twitter_misc":{"Tiempo de lectura":"5 minutos"},"schema":{"@context":"https:\/\/schema.org","@graph":[{"@type":"WebPage","@id":"https:\/\/www.aitanacongress.com\/2024\/ponente-iban-onandia\/","url":"https:\/\/www.aitanacongress.com\/2024\/ponente-iban-onandia\/","name":"Ponente Iban Onandia - 10th International Congress of Clinical and Health Psychology in Children and Adolescents","isPartOf":{"@id":"https:\/\/www.aitanacongress.com\/2024\/#website"},"primaryImageOfPage":{"@id":"https:\/\/www.aitanacongress.com\/2024\/ponente-iban-onandia\/#primaryimage"},"image":{"@id":"https:\/\/www.aitanacongress.com\/2024\/ponente-iban-onandia\/#primaryimage"},"thumbnailUrl":"https:\/\/www.aitanacongress.com\/2024\/wp-content\/uploads\/Iban_Onandia.jpg","datePublished":"2024-04-17T10:45:55+00:00","dateModified":"2024-04-24T14:50:24+00:00","breadcrumb":{"@id":"https:\/\/www.aitanacongress.com\/2024\/ponente-iban-onandia\/#breadcrumb"},"inLanguage":"es","potentialAction":[{"@type":"ReadAction","target":["https:\/\/www.aitanacongress.com\/2024\/ponente-iban-onandia\/"]}]},{"@type":"ImageObject","inLanguage":"es","@id":"https:\/\/www.aitanacongress.com\/2024\/ponente-iban-onandia\/#primaryimage","url":"https:\/\/www.aitanacongress.com\/2024\/wp-content\/uploads\/Iban_Onandia.jpg","contentUrl":"https:\/\/www.aitanacongress.com\/2024\/wp-content\/uploads\/Iban_Onandia.jpg","width":650,"height":650},{"@type":"BreadcrumbList","@id":"https:\/\/www.aitanacongress.com\/2024\/ponente-iban-onandia\/#breadcrumb","itemListElement":[{"@type":"ListItem","position":1,"name":"Portada","item":"https:\/\/www.aitanacongress.com\/2024\/"},{"@type":"ListItem","position":2,"name":"Ponente Iban Onandia"}]},{"@type":"WebSite","@id":"https:\/\/www.aitanacongress.com\/2024\/#website","url":"https:\/\/www.aitanacongress.com\/2024\/","name":"10th International Congress of Clinical and Health Psychology in Children and Adolescents","description":"10th International Congress of Clinical and Health Psychology in Children and Adolescents","potentialAction":[{"@type":"SearchAction","target":{"@type":"EntryPoint","urlTemplate":"https:\/\/www.aitanacongress.com\/2024\/?s={search_term_string}"},"query-input":{"@type":"PropertyValueSpecification","valueRequired":true,"valueName":"search_term_string"}}],"inLanguage":"es"}]}},"_links":{"self":[{"href":"https:\/\/www.aitanacongress.com\/2024\/wp-json\/wp\/v2\/pages\/13632","targetHints":{"allow":["GET"]}}],"collection":[{"href":"https:\/\/www.aitanacongress.com\/2024\/wp-json\/wp\/v2\/pages"}],"about":[{"href":"https:\/\/www.aitanacongress.com\/2024\/wp-json\/wp\/v2\/types\/page"}],"author":[{"embeddable":true,"href":"https:\/\/www.aitanacongress.com\/2024\/wp-json\/wp\/v2\/users\/4"}],"replies":[{"embeddable":true,"href":"https:\/\/www.aitanacongress.com\/2024\/wp-json\/wp\/v2\/comments?post=13632"}],"version-history":[{"count":4,"href":"https:\/\/www.aitanacongress.com\/2024\/wp-json\/wp\/v2\/pages\/13632\/revisions"}],"predecessor-version":[{"id":14079,"href":"https:\/\/www.aitanacongress.com\/2024\/wp-json\/wp\/v2\/pages\/13632\/revisions\/14079"}],"wp:featuredmedia":[{"embeddable":true,"href":"https:\/\/www.aitanacongress.com\/2024\/wp-json\/wp\/v2\/media\/13620"}],"wp:attachment":[{"href":"https:\/\/www.aitanacongress.com\/2024\/wp-json\/wp\/v2\/media?parent=13632"}],"curies":[{"name":"wp","href":"https:\/\/api.w.org\/{rel}","templated":true}]}}