{"id":15151,"date":"2024-10-07T09:29:28","date_gmt":"2024-10-07T07:29:28","guid":{"rendered":"https:\/\/www.aitanacongress.com\/2024\/?page_id=15151"},"modified":"2024-10-07T14:53:41","modified_gmt":"2024-10-07T12:53:41","slug":"programa-social","status":"publish","type":"page","link":"https:\/\/www.aitanacongress.com\/2024\/programa-social\/","title":{"rendered":"Programa social"},"content":{"rendered":"<p>[et_pb_section fb_built=\u00bb1&#8243; admin_label=\u00bbCabecera\u00bb module_class=\u00bbcabecera-page\u00bb _builder_version=\u00bb4.14.7&#8243; _module_preset=\u00bbdefault\u00bb background_color=\u00bb#8bced7&#8243; background_enable_image=\u00bboff\u00bb custom_margin=\u00bb0px||0px||false|false\u00bb custom_padding=\u00bb0px||0px||false|false\u00bb background_last_edited=\u00bbon|desktop\u00bb saved_tabs=\u00bball\u00bb collapsed=\u00bboff\u00bb global_colors_info=\u00bb{}\u00bb][et_pb_row _builder_version=\u00bb4.14.7&#8243; _module_preset=\u00bbdefault\u00bb background_image=\u00bbhttps:\/\/www.aitanacongress.com\/2024\/wp-content\/uploads\/globo-paginas.png\u00bb background_size=\u00bbinitial\u00bb background_position=\u00bbcenter_right\u00bb custom_margin=\u00bb0px||0px||false|false\u00bb custom_padding=\u00bb0px||0px||false|false\u00bb global_colors_info=\u00bb{}\u00bb][et_pb_column type=\u00bb4_4&#8243; _builder_version=\u00bb4.14.7&#8243; _module_preset=\u00bbdefault\u00bb global_colors_info=\u00bb{}\u00bb][et_pb_text _builder_version=\u00bb4.14.7&#8243; _module_preset=\u00bbdefault\u00bb header_font=\u00bb|||on|||||\u00bb header_text_color=\u00bb#FFFFFF\u00bb header_font_size=\u00bb45px\u00bb header_2_font=\u00bbgill-sans|500||on|||||\u00bb header_2_text_align=\u00bbcenter\u00bb header_2_text_color=\u00bb#ffffff\u00bb header_2_font_size=\u00bb32px\u00bb background_color=\u00bbRGBA(255,255,255,0)\u00bb custom_margin=\u00bb0px||||false|false\u00bb custom_padding=\u00bb50px||5px||false|false\u00bb global_colors_info=\u00bb{}\u00bb]<\/p>\n<h2>Programa social<\/h2>\n<p>[\/et_pb_text][\/et_pb_column][\/et_pb_row][\/et_pb_section][et_pb_section fb_built=\u00bb1&#8243; custom_padding_last_edited=\u00bbon|phone\u00bb disabled_on=\u00bboff|off|off\u00bb admin_label=\u00bbActos sociales\u00bb module_class=\u00bbprograma-social viajes\u00bb _builder_version=\u00bb4.14.7&#8243; background_color=\u00bbrgba(139,206,215,0.2)\u00bb custom_padding=\u00bb60px||30px||false|false\u00bb custom_padding_tablet=\u00bb||60px||false|false\u00bb custom_padding_phone=\u00bb45px|20px|45px|20px|false|false\u00bb global_colors_info=\u00bb{}\u00bb][et_pb_row column_structure=\u00bb3_5,2_5&#8243; disabled_on=\u00bboff|off|off\u00bb admin_label=\u00bbMi\u00e9rcoles actividad 1&#8243; module_class=\u00bbcenter-column columna\u00bb _builder_version=\u00bb4.14.7&#8243; background_color=\u00bb#ffffff\u00bb width_tablet=\u00bb\u00bb width_phone=\u00bb100%\u00bb width_last_edited=\u00bbon|phone\u00bb global_colors_info=\u00bb{}\u00bb][et_pb_column type=\u00bb3_5&#8243; _builder_version=\u00bb3.29.3&#8243; global_colors_info=\u00bb{}\u00bb][et_pb_text _builder_version=\u00bb4.14.7&#8243; text_font=\u00bbPoppins|300|||||||\u00bb header_2_font=\u00bbDINOT-Medium|300|||||||\u00bb header_2_text_color=\u00bb#840044&#8243; header_2_font_size=\u00bb28px\u00bb header_2_line_height=\u00bb1.6em\u00bb header_3_font=\u00bbPoppins|200|||||||\u00bb custom_padding=\u00bb|0px||||\u00bb global_colors_info=\u00bb{}\u00bb]<\/p>\n<p class=\"fecha\">Mi\u00e9rcoles 20 de Noviembre<\/p>\n<p style=\"padding-bottom: 5px;\"><strong>19.30h<\/strong> (<a href=\"https:\/\/www.google.es\/maps\/place\/Centro+Cultural+Clarisas\/@38.2672689,-0.700646,17z\/data=!3m1!4b1!4m6!3m5!1s0xd63b6f4b3244137:0x200fada6b3e4e8c!8m2!3d38.2672648!4d-0.6960326!16s%2Fg%2F11dzstb4nx?entry=ttu&amp;g_ep=EgoyMDI0MDkyMy4wIKXMDSoASAFQAw%3D%3D\" target=\"_blank\" rel=\"noopener\">Centro Cultural Las Clarisas<\/a>)<\/p>\n<h2>C\u00f3ctel de bienvenida<\/h2>\n<p>\u00danase a nosotros para dar inicio al Congreso con un c\u00f3ctel de bienvenida en un lugar \u00fanico, el patio del antiguo convento de Las Clarisas, en pleno centro de la ciudad. Este momento ser\u00e1 la ocasi\u00f3n perfecta para conectar con otros congresistas y charlar en un ambiente relajado y distendido.<\/p>\n<p><strong>Actividad gratuita<\/strong> <span class=\"letra-parentesis\">(previa inscripci\u00f3n en el bolet\u00edn de inscripci\u00f3n)<\/span>.<\/p>\n<div class=\"bloque-enlaces-sociales\">\n<a href=\"https:\/\/app.bipeek.com\/registro-evento\/SJwil6xjkbk94qCchUOQfKH3lz53eh0SNEaMiR43J3lc4VU9XwLHatC5txXH\/dHJbXT0yNjAyJnRyW109MjYwMSZ0cltdPTI2MDAmdHJbXT0yNTk5JnRyW109MjYwMyZ0cltdPTI2MDQmdHJbXT0yNjA1JnRyW109MjYwNiZ0cltdPTI2MDcmdHJbXT0yNjA4JnRyW109MjYwOSZ0cltdPTI2MTAmdHJbXT0yNjExJnRyW109MjYxMg==\" target=\"_blank\" rel=\"noopener\">Realice su inscripci\u00f3n<\/a><br \/>\n<a href=\"https:\/\/app.bipeek.com\/iniciar-sesion\/10th-international-congress-of-clinical-and-health-psychology-in-children-and-adolescents\" target=\"_blank\" rel=\"noopener\">Acceda a su \u00e1rea personal<\/a>\n<\/div>\n<p>[\/et_pb_text][\/et_pb_column][et_pb_column type=\u00bb2_5&#8243; _builder_version=\u00bb3.29.3&#8243; global_colors_info=\u00bb{}\u00bb][et_pb_image src=\u00bbhttps:\/\/www.aitanacongress.com\/2024\/wp-content\/uploads\/coctel-bienvenida-ok.png\u00bb title_text=\u00bbcoctel-bienvenida-ok\u00bb _builder_version=\u00bb4.14.7&#8243; custom_margin=\u00bb15px|||||\u00bb global_colors_info=\u00bb{}\u00bb][\/et_pb_image][\/et_pb_column][\/et_pb_row][et_pb_row column_structure=\u00bb3_5,2_5&#8243; disabled_on=\u00bboff|off|off\u00bb admin_label=\u00bbJueves actividad 2&#8243; module_class=\u00bbcenter-column\u00bb _builder_version=\u00bb4.14.7&#8243; background_enable_color=\u00bboff\u00bb width_tablet=\u00bb\u00bb width_phone=\u00bb100%\u00bb width_last_edited=\u00bbon|phone\u00bb global_colors_info=\u00bb{}\u00bb][et_pb_column type=\u00bb3_5&#8243; _builder_version=\u00bb3.29.3&#8243; global_colors_info=\u00bb{}\u00bb][et_pb_text _builder_version=\u00bb4.14.7&#8243; text_font=\u00bbPoppins|300|||||||\u00bb header_2_font=\u00bbDINOT-Medium|300|||||||\u00bb header_2_text_color=\u00bb#840044&#8243; header_2_font_size=\u00bb28px\u00bb header_2_line_height=\u00bb1.6em\u00bb header_3_font=\u00bbPoppins|200|||||||\u00bb custom_padding=\u00bb|0px||||\u00bb hover_enabled=\u00bb0&#8243; global_colors_info=\u00bb{}\u00bb sticky_enabled=\u00bb0&#8243;]<\/p>\n<p class=\"fecha\">Jueves 21 de Noviembre<\/p>\n<p style=\"padding-bottom: 5px;\"><strong>14.30h<\/strong> (<a href=\"https:\/\/www.google.es\/maps\/place\/Centro+de+Congresos+%22Ciutat+d'Elx%22\/@38.2636981,-0.698256,17z\/data=!3m1!4b1!4m6!3m5!1s0xd63b68d3015fb67:0x8a5d9268d846445c!8m2!3d38.2636939!4d-0.6956811!16s%2Fg%2F11ckr5s6m8?hl=es&#038;entry=ttu&#038;g_ep=EgoyMDI0MDkyMy4wIKXMDSoASAFQAw%3D%3D\" target=\"_blank\" rel=\"noopener\">Centro de Congresos. Sala de Exposiciones<\/a>)<\/p>\n<h2>Sobremesa con juegos de mesa<\/h2>\n<p>El equipo de la Universidad de Lleida (Spain) ha organizado esta actividad din\u00e1mica e innovadora. En ella se mostrar\u00e1 c\u00f3mo utilizar los juegos de mesa modernos de manera l\u00fadica para trabajar diferentes procesos psicol\u00f3gicos y emocionales. Una oportunidad \u00fanica para aprender, interactuar y explorar nuevas metodolog\u00edas en la pr\u00e1ctica psicol\u00f3gica. Juegue con ellos mientras toma un picoteo.<\/p>\n<p><strong>Actividad gratuita<\/strong> <span class=\"letra-parentesis\">(previa inscripci\u00f3n en el bolet\u00edn de inscripci\u00f3n)<\/span>.<\/p>\n<div class=\"bloque-enlaces-sociales\">\n<a href=\"https:\/\/app.bipeek.com\/registro-evento\/SJwil6xjkbk94qCchUOQfKH3lz53eh0SNEaMiR43J3lc4VU9XwLHatC5txXH\/dHJbXT0yNjAyJnRyW109MjYwMSZ0cltdPTI2MDAmdHJbXT0yNTk5JnRyW109MjYwMyZ0cltdPTI2MDQmdHJbXT0yNjA1JnRyW109MjYwNiZ0cltdPTI2MDcmdHJbXT0yNjA4JnRyW109MjYwOSZ0cltdPTI2MTAmdHJbXT0yNjExJnRyW109MjYxMg==\" target=\"_blank\" rel=\"noopener\">Realice su inscripci\u00f3n<\/a><br \/>\n<a href=\"https:\/\/app.bipeek.com\/iniciar-sesion\/10th-international-congress-of-clinical-and-health-psychology-in-children-and-adolescents\" target=\"_blank\" rel=\"noopener\">Acceda a su \u00e1rea personal<\/a>\n<\/div>\n<p>[\/et_pb_text][\/et_pb_column][et_pb_column type=\u00bb2_5&#8243; _builder_version=\u00bb3.29.3&#8243; global_colors_info=\u00bb{}\u00bb][et_pb_image src=\u00bbhttps:\/\/www.aitanacongress.com\/2024\/wp-content\/uploads\/juegos-mesa.png\u00bb title_text=\u00bbjuegos-mesa\u00bb _builder_version=\u00bb4.14.7&#8243; custom_margin=\u00bb15px|||||\u00bb global_colors_info=\u00bb{}\u00bb][\/et_pb_image][\/et_pb_column][\/et_pb_row][et_pb_row column_structure=\u00bb3_5,2_5&#8243; disabled_on=\u00bboff|off|off\u00bb admin_label=\u00bbJueves actividad 3&#8243; module_class=\u00bbcenter-column columna\u00bb _builder_version=\u00bb4.14.7&#8243; background_color=\u00bb#ffffff\u00bb width_tablet=\u00bb\u00bb width_phone=\u00bb100%\u00bb width_last_edited=\u00bbon|phone\u00bb global_colors_info=\u00bb{}\u00bb][et_pb_column type=\u00bb3_5&#8243; _builder_version=\u00bb3.29.3&#8243; global_colors_info=\u00bb{}\u00bb][et_pb_text _builder_version=\u00bb4.14.7&#8243; text_font=\u00bbPoppins|300|||||||\u00bb header_2_font=\u00bbDINOT-Medium|300|||||||\u00bb header_2_text_color=\u00bb#840044&#8243; header_2_font_size=\u00bb28px\u00bb header_2_line_height=\u00bb1.6em\u00bb header_3_font=\u00bbPoppins|200|||||||\u00bb custom_padding=\u00bb|0px||||\u00bb global_colors_info=\u00bb{}\u00bb]<\/p>\n<p class=\"fecha\">Jueves 21 de Noviembre<\/p>\n<p style=\"padding-bottom: 5px;\"><strong>21.00h<\/strong> (<a href=\"https:\/\/www.google.es\/maps\/place\/Bas%C3%ADlica+de+Santa+Mar%C3%ADa\/@38.2665787,-0.6988282,17.5z\/data=!4m6!3m5!1s0xd63b6f49c90d5cd:0xdaad20ada4e80fad!8m2!3d38.2671224!4d-0.6977046!16s%2Fg%2F121m841t?hl=es&#038;entry=ttu&#038;g_ep=EgoyMDI0MDkyMy4wIKXMDSoASAFQAw%3D%3D\" target=\"_blank\" rel=\"noopener\">Bas\u00edlica de Santa Mar\u00eda<\/a>)<\/p>\n<h2>Experiencia Misteri d&#8217;Elx<\/h2>\n<p>Estamos encantados de ofrecerle esta experiencia cultural \u00fanica. El Misteri d\u2019Elx, declarado Patrimonio de la Humanidad, es una obra maestra del teatro medieval que le permitir\u00e1 sumergirse en la historia y las tradiciones locales. La Festa o Misteri d\u2019Elx se representa solo en momentos especiales del a\u00f1o, y en esta ocasi\u00f3n, de manera especial para nuestros congresistas, La Capella nos ofrecer\u00e1 una selecci\u00f3n de las principales piezas que componen esta obra musical medieval.<\/p>\n<p><strong>Actividad gratuita<\/strong> <span class=\"letra-parentesis\">(previa inscripci\u00f3n en el bolet\u00edn de inscripci\u00f3n)<\/span>.<\/p>\n<div class=\"bloque-enlaces-sociales\">\n<a href=\"https:\/\/app.bipeek.com\/registro-evento\/SJwil6xjkbk94qCchUOQfKH3lz53eh0SNEaMiR43J3lc4VU9XwLHatC5txXH\/dHJbXT0yNjAyJnRyW109MjYwMSZ0cltdPTI2MDAmdHJbXT0yNTk5JnRyW109MjYwMyZ0cltdPTI2MDQmdHJbXT0yNjA1JnRyW109MjYwNiZ0cltdPTI2MDcmdHJbXT0yNjA4JnRyW109MjYwOSZ0cltdPTI2MTAmdHJbXT0yNjExJnRyW109MjYxMg==\" target=\"_blank\" rel=\"noopener\">Realice su inscripci\u00f3n<\/a><br \/>\n<a href=\"https:\/\/app.bipeek.com\/iniciar-sesion\/10th-international-congress-of-clinical-and-health-psychology-in-children-and-adolescents\" target=\"_blank\" rel=\"noopener\">Acceda a su \u00e1rea personal<\/a>\n<\/div>\n<p>[\/et_pb_text][\/et_pb_column][et_pb_column type=\u00bb2_5&#8243; _builder_version=\u00bb3.29.3&#8243; global_colors_info=\u00bb{}\u00bb][et_pb_image src=\u00bbhttps:\/\/www.aitanacongress.com\/2024\/wp-content\/uploads\/misterio-elche.png\u00bb title_text=\u00bbmisterio-elche\u00bb _builder_version=\u00bb4.14.7&#8243; custom_margin=\u00bb15px|||||\u00bb global_colors_info=\u00bb{}\u00bb][\/et_pb_image][\/et_pb_column][\/et_pb_row][et_pb_row column_structure=\u00bb3_5,2_5&#8243; disabled_on=\u00bboff|off|off\u00bb admin_label=\u00bbViernes actividad 4&#8243; _builder_version=\u00bb4.14.7&#8243; background_enable_color=\u00bboff\u00bb width_tablet=\u00bb\u00bb width_phone=\u00bb100%\u00bb width_last_edited=\u00bbon|phone\u00bb global_colors_info=\u00bb{}\u00bb][et_pb_column type=\u00bb3_5&#8243; _builder_version=\u00bb3.29.3&#8243; global_colors_info=\u00bb{}\u00bb][et_pb_text _builder_version=\u00bb4.14.7&#8243; text_font=\u00bbPoppins|300|||||||\u00bb header_2_font=\u00bbDINOT-Medium|300|||||||\u00bb header_2_text_color=\u00bb#840044&#8243; header_2_font_size=\u00bb28px\u00bb header_2_line_height=\u00bb1.6em\u00bb header_3_font=\u00bbPoppins|200|||||||\u00bb custom_padding=\u00bb|0px||||\u00bb global_colors_info=\u00bb{}\u00bb]<\/p>\n<p class=\"fecha\">Viernes 22 de Noviembre<\/p>\n<p style=\"padding-bottom: 5px;\"><strong>13.30h &#8211; 15.30h<\/strong> (<a href=\"https:\/\/www.google.com\/maps\/dir\/\/03203+Elche,+Alicante\/@38.2633945,-0.7755653,12z\/data=!4m8!4m7!1m0!1m5!1m1!1s0xd63b68dbc7d3179:0x4d43412c6ad0ad60!2m2!1d-0.6931643!2d38.2634233?entry=ttu&#038;g_ep=EgoyMDI0MTAwMi4xIKXMDSoASAFQAw%3D%3D\" target=\"_blank\" rel=\"noopener\">Huerto de San Pl\u00e1cido<\/a>)<\/p>\n<h2>Paella bajo las palmeras<\/h2>\n<p>Rel\u00e1jese y disfrute de la gastronom\u00eda local en un entorno natural incomparable. El Huerto de San Pl\u00e1cido es el lugar perfecto para desconectar del ritmo del congreso, a solo dos minutos de la sede, mientras disfruta de una comida rodeado de naturaleza.<\/p>\n<p><strong>Actividad con un coste de 10\u20ac <\/strong> <span class=\"letra-parentesis\">(previa inscripci\u00f3n en el bolet\u00edn de inscripci\u00f3n)<\/span>.<\/p>\n<div class=\"bloque-enlaces-sociales\">\n<a href=\"https:\/\/app.bipeek.com\/registro-evento\/SJwil6xjkbk94qCchUOQfKH3lz53eh0SNEaMiR43J3lc4VU9XwLHatC5txXH\/dHJbXT0yNjAyJnRyW109MjYwMSZ0cltdPTI2MDAmdHJbXT0yNTk5JnRyW109MjYwMyZ0cltdPTI2MDQmdHJbXT0yNjA1JnRyW109MjYwNiZ0cltdPTI2MDcmdHJbXT0yNjA4JnRyW109MjYwOSZ0cltdPTI2MTAmdHJbXT0yNjExJnRyW109MjYxMg==\" target=\"_blank\" rel=\"noopener\">Realice su inscripci\u00f3n<\/a><br \/>\n<a href=\"https:\/\/app.bipeek.com\/iniciar-sesion\/10th-international-congress-of-clinical-and-health-psychology-in-children-and-adolescents\" target=\"_blank\" rel=\"noopener\">Acceda a su \u00e1rea personal<\/a>\n<\/div>\n<p>[\/et_pb_text][\/et_pb_column][et_pb_column type=\u00bb2_5&#8243; _builder_version=\u00bb3.29.3&#8243; global_colors_info=\u00bb{}\u00bb][et_pb_image src=\u00bbhttps:\/\/www.aitanacongress.com\/2024\/wp-content\/uploads\/paella-palmeras.png\u00bb title_text=\u00bbpaella-palmeras\u00bb align_tablet=\u00bbleft\u00bb align_phone=\u00bb\u00bb align_last_edited=\u00bbon|phone\u00bb _builder_version=\u00bb4.14.7&#8243; custom_margin=\u00bb15px|||||\u00bb global_colors_info=\u00bb{}\u00bb][\/et_pb_image][\/et_pb_column][\/et_pb_row][et_pb_row column_structure=\u00bb3_5,2_5&#8243; disabled_on=\u00bboff|off|off\u00bb admin_label=\u00bbViernes actividad 5&#8243; module_class=\u00bbcenter-column columna\u00bb _builder_version=\u00bb4.14.7&#8243; background_color=\u00bb#ffffff\u00bb width_tablet=\u00bb\u00bb width_phone=\u00bb100%\u00bb width_last_edited=\u00bbon|phone\u00bb global_colors_info=\u00bb{}\u00bb][et_pb_column type=\u00bb3_5&#8243; _builder_version=\u00bb3.29.3&#8243; global_colors_info=\u00bb{}\u00bb][et_pb_text _builder_version=\u00bb4.14.7&#8243; text_font=\u00bbPoppins|300|||||||\u00bb header_2_font=\u00bbDINOT-Medium|300|||||||\u00bb header_2_text_color=\u00bb#840044&#8243; header_2_font_size=\u00bb28px\u00bb header_2_line_height=\u00bb1.6em\u00bb header_3_font=\u00bbPoppins|200|||||||\u00bb custom_padding=\u00bb|0px||||\u00bb global_colors_info=\u00bb{}\u00bb]<\/p>\n<p class=\"fecha\">Viernes 22 de Noviembre<\/p>\n<p style=\"padding-bottom: 5px;\"><strong>21.00h<\/strong> (<a href=\"https:\/\/www.google.com\/maps\/place\/Carrer+Porta+de+la+Morera,+14,+03203+Elx,+Alacant\/@38.2640638,-0.6925188,16z\/data=!3m1!4b1!4m6!3m5!1s0xd63b68dc96be251:0x1799119c27a9fc6!8m2!3d38.2640638!4d-0.6925188!16s%2Fg%2F11c5d5smsf?entry=ttu&#038;g_ep=EgoyMDI0MDkyNS4wIKXMDSoASAFQAw%3D%3D\" target=\"_blank\" rel=\"noopener\">Huerto del Cura<\/a>)<\/p>\n<h2>Cena de gala<\/h2>\n<p>La noche del viernes nos espera un momento vibrante del congreso. Una velada especial donde celebraremos nuestros diez a\u00f1os. Con una entrega de premios especiales en la sobremesa. Ser\u00e1 una noche de diversi\u00f3n y llena de sorpresas en la que compartiremos momentos \u00fanicos.<\/p>\n<p><strong>Actividad con un coste de 55\u20ac <\/strong> <span class=\"letra-parentesis\">(siempre y cuando su cuota no lleve incluida la cena)<\/span>.<\/p>\n<div class=\"bloque-enlaces-sociales\">\n<a href=\"https:\/\/app.bipeek.com\/registro-evento\/SJwil6xjkbk94qCchUOQfKH3lz53eh0SNEaMiR43J3lc4VU9XwLHatC5txXH\/dHJbXT0yNjAyJnRyW109MjYwMSZ0cltdPTI2MDAmdHJbXT0yNTk5JnRyW109MjYwMyZ0cltdPTI2MDQmdHJbXT0yNjA1JnRyW109MjYwNiZ0cltdPTI2MDcmdHJbXT0yNjA4JnRyW109MjYwOSZ0cltdPTI2MTAmdHJbXT0yNjExJnRyW109MjYxMg==\" target=\"_blank\" rel=\"noopener\">Realice su inscripci\u00f3n<\/a><br \/>\n<a href=\"https:\/\/app.bipeek.com\/iniciar-sesion\/10th-international-congress-of-clinical-and-health-psychology-in-children-and-adolescents\" target=\"_blank\" rel=\"noopener\">Acceda a su \u00e1rea personal<\/a>\n<\/div>\n<p>[\/et_pb_text][\/et_pb_column][et_pb_column type=\u00bb2_5&#8243; _builder_version=\u00bb3.29.3&#8243; global_colors_info=\u00bb{}\u00bb][et_pb_image src=\u00bbhttps:\/\/www.aitanacongress.com\/2024\/wp-content\/uploads\/cena-gala.png\u00bb title_text=\u00bbcena-gala\u00bb _builder_version=\u00bb4.14.7&#8243; custom_margin=\u00bb15px|||||\u00bb global_colors_info=\u00bb{}\u00bb][\/et_pb_image][\/et_pb_column][\/et_pb_row][\/et_pb_section][et_pb_section fb_built=\u00bb1&#8243; custom_padding_last_edited=\u00bbon|phone\u00bb admin_label=\u00bbLOGO_ESPANOL\u00bb module_class=\u00bblogos-congreso\u00bb _builder_version=\u00bb4.14.7&#8243; _module_preset=\u00bbdefault\u00bb custom_padding=\u00bb30px||25px||false|false\u00bb custom_padding_tablet=\u00bb||0px||false|false\u00bb custom_padding_phone=\u00bb50px||||false|false\u00bb global_module=\u00bb10278&#8243; saved_tabs=\u00bball\u00bb collapsed=\u00bboff\u00bb global_colors_info=\u00bb{}\u00bb][et_pb_row custom_padding_last_edited=\u00bbon|phone\u00bb admin_label=\u00bbOrganiza\u00bb _builder_version=\u00bb4.14.7&#8243; _module_preset=\u00bbdefault\u00bb custom_margin=\u00bb||0px||false|false\u00bb custom_padding=\u00bb||0px||false|false\u00bb custom_padding_tablet=\u00bb||0px||false|false\u00bb custom_padding_phone=\u00bb0px||||false|false\u00bb global_colors_info=\u00bb{}\u00bb][et_pb_column type=\u00bb4_4&#8243; _builder_version=\u00bb4.14.7&#8243; _module_preset=\u00bbdefault\u00bb global_colors_info=\u00bb{}\u00bb][et_pb_text _builder_version=\u00bb4.14.7&#8243; _module_preset=\u00bbdefault\u00bb text_font=\u00bb|600||on|||||\u00bb text_text_color=\u00bb#d05e15&#8243; text_orientation=\u00bbcenter\u00bb module_alignment=\u00bbcenter\u00bb custom_margin=\u00bb||0px||false|false\u00bb custom_padding=\u00bb||0px||false|false\u00bb global_colors_info=\u00bb{}\u00bb]<\/p>\n<p style=\"font-weight: 600; color: #066469; font-family: 'gill-sans',Helvetica,Arial,Lucida,sans-serif !important;\">Organiza<\/p>\n<p>[\/et_pb_text][\/et_pb_column][\/et_pb_row][et_pb_row column_structure=\u00bb1_4,1_2,1_4&#8243; custom_padding_last_edited=\u00bbon|desktop\u00bb module_class=\u00bblogos-uno\u00bb _builder_version=\u00bb4.14.7&#8243; _module_preset=\u00bbdefault\u00bb custom_padding=\u00bb10px||0px||false|false\u00bb custom_padding_tablet=\u00bb||15px||false|false\u00bb custom_padding_phone=\u00bb||15px||false|false\u00bb global_colors_info=\u00bb{}\u00bb][et_pb_column type=\u00bb1_4&#8243; _builder_version=\u00bb4.14.7&#8243; _module_preset=\u00bbdefault\u00bb global_colors_info=\u00bb{}\u00bb][\/et_pb_column][et_pb_column type=\u00bb1_2&#8243; _builder_version=\u00bb4.14.7&#8243; _module_preset=\u00bbdefault\u00bb global_colors_info=\u00bb{}\u00bb][et_pb_image src=\u00bbhttps:\/\/www.aitanacongress.com\/2024\/wp-content\/uploads\/logo-aitana-2024-conjunto.png\u00bb title_text=\u00bblogo-aitana-2024-conjunto\u00bb url=\u00bbhttps:\/\/aitanainvestigacion.umh.es\/\u00bb url_new_window=\u00bbon\u00bb align=\u00bbcenter\u00bb align_tablet=\u00bb\u00bb align_phone=\u00bb\u00bb align_last_edited=\u00bbon|phone\u00bb admin_label=\u00bbaitana\u00bb _builder_version=\u00bb4.14.7&#8243; _module_preset=\u00bbdefault\u00bb width=\u00bb350px\u00bb module_alignment=\u00bbcenter\u00bb global_colors_info=\u00bb{}\u00bb][\/et_pb_image][\/et_pb_column][et_pb_column type=\u00bb1_4&#8243; _builder_version=\u00bb4.14.7&#8243; _module_preset=\u00bbdefault\u00bb global_colors_info=\u00bb{}\u00bb][\/et_pb_column][\/et_pb_row][et_pb_row custom_padding_last_edited=\u00bbon|phone\u00bb disabled_on=\u00bboff|off|off\u00bb admin_label=\u00bbPatrocina\u00bb _builder_version=\u00bb4.14.7&#8243; _module_preset=\u00bbdefault\u00bb custom_margin=\u00bb||0px||false|false\u00bb custom_margin_tablet=\u00bb||0px||false|false\u00bb custom_margin_phone=\u00bb-15px||||false|false\u00bb custom_margin_last_edited=\u00bbon|phone\u00bb custom_padding=\u00bb||0px||false|false\u00bb custom_padding_tablet=\u00bb||0px||false|false\u00bb custom_padding_phone=\u00bb0px||||false|false\u00bb global_colors_info=\u00bb{}\u00bb][et_pb_column type=\u00bb4_4&#8243; _builder_version=\u00bb4.14.7&#8243; _module_preset=\u00bbdefault\u00bb global_colors_info=\u00bb{}\u00bb][et_pb_text _builder_version=\u00bb4.14.7&#8243; _module_preset=\u00bbdefault\u00bb text_font=\u00bb|||on|||||\u00bb text_text_color=\u00bb#d05e15&#8243; text_orientation=\u00bbcenter\u00bb module_alignment=\u00bbcenter\u00bb custom_margin=\u00bb||0px||false|false\u00bb custom_padding=\u00bb||0px||false|false\u00bb global_colors_info=\u00bb{}\u00bb]<\/p>\n<p style=\"font-weight: 600; color: #066469; font-family: 'gill-sans',Helvetica,Arial,Lucida,sans-serif !important;\">Patrocina<\/p>\n<p>[\/et_pb_text][\/et_pb_column][\/et_pb_row][et_pb_row column_structure=\u00bb1_3,1_3,1_3&#8243; disabled_on=\u00bboff|off|off\u00bb module_class=\u00bblogos-dos\u00bb _builder_version=\u00bb4.14.7&#8243; _module_preset=\u00bbdefault\u00bb global_colors_info=\u00bb{}\u00bb][et_pb_column type=\u00bb1_3&#8243; _builder_version=\u00bb4.14.7&#8243; _module_preset=\u00bbdefault\u00bb global_colors_info=\u00bb{}\u00bb][\/et_pb_column][et_pb_column type=\u00bb1_3&#8243; _builder_version=\u00bb4.14.7&#8243; _module_preset=\u00bbdefault\u00bb global_colors_info=\u00bb{}\u00bb][et_pb_image src=\u00bbhttps:\/\/www.aitanacongress.com\/2024\/wp-content\/uploads\/logo_GVA_Conselleria-de-educacion-cultura-universidades-y-empleo-_2024.png\u00bb title_text=\u00bblogo_GVA_Conselleria-de-educacion-cultura-universidades-y-empleo-_2024&#8243; url=\u00bbhttps:\/\/www.gva.es\/va\/inicio\/presentacion\u00bb url_new_window=\u00bbon\u00bb admin_label=\u00bbgva\u00bb _builder_version=\u00bb4.14.7&#8243; _module_preset=\u00bbdefault\u00bb width=\u00bb230px\u00bb module_alignment=\u00bbcenter\u00bb global_colors_info=\u00bb{}\u00bb][\/et_pb_image][\/et_pb_column][et_pb_column type=\u00bb1_3&#8243; _builder_version=\u00bb4.14.7&#8243; _module_preset=\u00bbdefault\u00bb global_colors_info=\u00bb{}\u00bb][\/et_pb_column][\/et_pb_row][et_pb_row custom_padding_last_edited=\u00bbon|phone\u00bb admin_label=\u00bbCon el apoyo de \u00bb _builder_version=\u00bb4.14.7&#8243; _module_preset=\u00bbdefault\u00bb custom_margin=\u00bb||0px||false|false\u00bb custom_margin_tablet=\u00bb||0px||false|false\u00bb custom_margin_phone=\u00bb-15px||||false|false\u00bb custom_margin_last_edited=\u00bbon|phone\u00bb custom_padding=\u00bb||0px||false|false\u00bb custom_padding_tablet=\u00bb||0px||false|false\u00bb custom_padding_phone=\u00bb0px||||false|false\u00bb global_colors_info=\u00bb{}\u00bb][et_pb_column type=\u00bb4_4&#8243; _builder_version=\u00bb4.14.7&#8243; _module_preset=\u00bbdefault\u00bb global_colors_info=\u00bb{}\u00bb][et_pb_text _builder_version=\u00bb4.14.7&#8243; _module_preset=\u00bbdefault\u00bb text_font=\u00bb|||on|||||\u00bb text_text_color=\u00bb#d05e15&#8243; text_orientation=\u00bbcenter\u00bb module_alignment=\u00bbcenter\u00bb custom_margin=\u00bb||0px||false|false\u00bb custom_padding=\u00bb||0px||false|false\u00bb global_colors_info=\u00bb{}\u00bb]<\/p>\n<p style=\"font-weight: 600; color: #066469; font-family: 'gill-sans',Helvetica,Arial,Lucida,sans-serif !important;\">Con el apoyo de<\/p>\n<p>[\/et_pb_text][\/et_pb_column][\/et_pb_row][et_pb_row column_structure=\u00bb1_6,1_6,1_6,1_6,1_6,1_6&#8243; use_custom_gutter=\u00bbon\u00bb gutter_width=\u00bb2&#8243; custom_padding_last_edited=\u00bbon|desktop\u00bb _builder_version=\u00bb4.14.7&#8243; _module_preset=\u00bbdefault\u00bb width=\u00bb100%\u00bb max_width=\u00bb1200px\u00bb custom_padding=\u00bb|20px|0px|20px|false|false\u00bb custom_padding_tablet=\u00bb|20px||20px|false|false\u00bb custom_padding_phone=\u00bb|20px||20px|false|false\u00bb global_colors_info=\u00bb{}\u00bb][et_pb_column type=\u00bb1_6&#8243; _builder_version=\u00bb4.14.7&#8243; _module_preset=\u00bbdefault\u00bb global_colors_info=\u00bb{}\u00bb][et_pb_image src=\u00bbhttps:\/\/www.aitanacongress.com\/2024\/wp-content\/uploads\/Logo-AEPSIS-para-fondos-claros.png\u00bb title_text=\u00bbLogo AEPSIS para fondos claros\u00bb url=\u00bbhttps:\/\/web.teaediciones.com\/Inicio.aspx\u00bb url_new_window=\u00bbon\u00bb disabled_on=\u00bbon|on|on\u00bb admin_label=\u00bbtea\u00bb _builder_version=\u00bb4.14.7&#8243; _module_preset=\u00bbdefault\u00bb max_width=\u00bb250px\u00bb module_alignment=\u00bbcenter\u00bb disabled=\u00bbon\u00bb global_colors_info=\u00bb{}\u00bb][\/et_pb_image][\/et_pb_column][et_pb_column type=\u00bb1_6&#8243; _builder_version=\u00bb4.14.7&#8243; _module_preset=\u00bbdefault\u00bb global_colors_info=\u00bb{}\u00bb][et_pb_image src=\u00bbhttps:\/\/www.aitanacongress.com\/2024\/wp-content\/uploads\/logo-piramide-2024-gris-new.png\u00bb title_text=\u00bblogo-piramide-2024-gris-new\u00bb url=\u00bbhttps:\/\/www.edicionespiramide.es\/\u00bb url_new_window=\u00bbon\u00bb admin_label=\u00bbpiramide\u00bb _builder_version=\u00bb4.14.7&#8243; _module_preset=\u00bbdefault\u00bb max_width=\u00bb250px\u00bb module_alignment=\u00bbcenter\u00bb global_colors_info=\u00bb{}\u00bb][\/et_pb_image][\/et_pb_column][et_pb_column type=\u00bb1_6&#8243; _builder_version=\u00bb4.14.7&#8243; _module_preset=\u00bbdefault\u00bb global_colors_info=\u00bb{}\u00bb][et_pb_image src=\u00bbhttps:\/\/www.aitanacongress.com\/2024\/wp-content\/uploads\/sepcij-logo-2024-gris.png\u00bb title_text=\u00bbsepcij-logo-2024-gris\u00bb url=\u00bbhttps:\/\/www.sepcij.es\/\u00bb url_new_window=\u00bbon\u00bb admin_label=\u00bbsepcij\u00bb _builder_version=\u00bb4.14.7&#8243; _module_preset=\u00bbdefault\u00bb max_width=\u00bb250px\u00bb module_alignment=\u00bbcenter\u00bb global_colors_info=\u00bb{}\u00bb][\/et_pb_image][\/et_pb_column][et_pb_column type=\u00bb1_6&#8243; _builder_version=\u00bb4.14.7&#8243; _module_preset=\u00bbdefault\u00bb global_colors_info=\u00bb{}\u00bb][et_pb_image src=\u00bbhttps:\/\/www.aitanacongress.com\/2024\/wp-content\/uploads\/logo_COP-2024-gris.png\u00bb title_text=\u00bblogo_COP-2024-gris\u00bb url=\u00bbhttps:\/\/www.cop.es\/index.php\u00bb url_new_window=\u00bbon\u00bb admin_label=\u00bbCOP\u00bb _builder_version=\u00bb4.14.7&#8243; _module_preset=\u00bbdefault\u00bb max_width=\u00bb250px\u00bb module_alignment=\u00bbcenter\u00bb global_colors_info=\u00bb{}\u00bb][\/et_pb_image][\/et_pb_column][et_pb_column type=\u00bb1_6&#8243; _builder_version=\u00bb4.14.7&#8243; _module_preset=\u00bbdefault\u00bb global_colors_info=\u00bb{}\u00bb][et_pb_image src=\u00bbhttps:\/\/www.aitanacongress.com\/2024\/wp-content\/uploads\/logo-academia-psicologia-2024-gris.png\u00bb title_text=\u00bblogo-academia-psicologia-2024-gris\u00bb url=\u00bbhttps:\/\/www.academiapsicologia.com\/\u00bb url_new_window=\u00bbon\u00bb admin_label=\u00bbAcademia Psic\u00bb _builder_version=\u00bb4.14.7&#8243; _module_preset=\u00bbdefault\u00bb custom_margin=\u00bb||-1px|||\u00bb global_colors_info=\u00bb{}\u00bb][\/et_pb_image][\/et_pb_column][et_pb_column type=\u00bb1_6&#8243; _builder_version=\u00bb4.14.7&#8243; _module_preset=\u00bbdefault\u00bb global_colors_info=\u00bb{}\u00bb][et_pb_image src=\u00bbhttps:\/\/www.aitanacongress.com\/2024\/wp-content\/uploads\/PearsonLogo-2024-gris.png\u00bb title_text=\u00bbPearsonLogo-2024-gris\u00bb url=\u00bbhttps:\/\/www.pearsonclinical.es\/?utm_source=online&#038;utm_medium=social_organic&#038;utm_campaign=aitana_23&#038;utm_term=logo-web\u00bb url_new_window=\u00bbon\u00bb disabled_on=\u00bbon|on|on\u00bb admin_label=\u00bbPearson\u00bb _builder_version=\u00bb4.14.7&#8243; _module_preset=\u00bbdefault\u00bb custom_margin=\u00bb||-1px|||\u00bb disabled=\u00bbon\u00bb global_colors_info=\u00bb{}\u00bb][\/et_pb_image][\/et_pb_column][\/et_pb_row][et_pb_row column_structure=\u00bb1_5,1_5,1_5,1_5,1_5&#8243; use_custom_gutter=\u00bbon\u00bb gutter_width=\u00bb2&#8243; custom_padding_last_edited=\u00bbon|desktop\u00bb _builder_version=\u00bb4.14.7&#8243; _module_preset=\u00bbdefault\u00bb width=\u00bb100%\u00bb max_width=\u00bb1200px\u00bb custom_padding=\u00bb|20px||20px|false|false\u00bb custom_padding_tablet=\u00bb|20px||20px|false|false\u00bb custom_padding_phone=\u00bb|20px||20px|false|false\u00bb global_colors_info=\u00bb{}\u00bb][et_pb_column type=\u00bb1_5&#8243; _builder_version=\u00bb4.14.7&#8243; _module_preset=\u00bbdefault\u00bb global_colors_info=\u00bb{}\u00bb][et_pb_image src=\u00bbhttps:\/\/www.aitanacongress.com\/2024\/wp-content\/uploads\/logo-tea-2024-gris.png\u00bb title_text=\u00bblogo-tea-2024-gris\u00bb url=\u00bbhttps:\/\/web.teaediciones.com\/Inicio.aspx\u00bb url_new_window=\u00bbon\u00bb disabled_on=\u00bbon|on|on\u00bb admin_label=\u00bbtea\u00bb _builder_version=\u00bb4.14.7&#8243; _module_preset=\u00bbdefault\u00bb max_width=\u00bb250px\u00bb module_alignment=\u00bbcenter\u00bb disabled=\u00bbon\u00bb global_colors_info=\u00bb{}\u00bb][\/et_pb_image][\/et_pb_column][et_pb_column type=\u00bb1_5&#8243; _builder_version=\u00bb4.14.7&#8243; _module_preset=\u00bbdefault\u00bb global_colors_info=\u00bb{}\u00bb][et_pb_image src=\u00bbhttps:\/\/www.aitanacongress.com\/2024\/wp-content\/uploads\/logo-Hogrefe_TEA.png\u00bb title_text=\u00bblogo-Hogrefe_TEA\u00bb url=\u00bbhttps:\/\/web.teaediciones.com\/Inicio.aspx\u00bb url_new_window=\u00bbon\u00bb disabled_on=\u00bboff|off|off\u00bb admin_label=\u00bbtea\u00bb module_class=\u00bbtea-logo\u00bb _builder_version=\u00bb4.14.7&#8243; _module_preset=\u00bbdefault\u00bb max_width=\u00bb250px\u00bb module_alignment=\u00bbcenter\u00bb global_colors_info=\u00bb{}\u00bb][\/et_pb_image][\/et_pb_column][et_pb_column type=\u00bb1_5&#8243; _builder_version=\u00bb4.14.7&#8243; _module_preset=\u00bbdefault\u00bb global_colors_info=\u00bb{}\u00bb][et_pb_image src=\u00bbhttps:\/\/www.aitanacongress.com\/2024\/wp-content\/uploads\/logo-visitelche.png\u00bb title_text=\u00bblogo-visitelche\u00bb url=\u00bbhttps:\/\/www.visitelche.com\/\u00bb url_new_window=\u00bbon\u00bb admin_label=\u00bbvisitelche\u00bb _builder_version=\u00bb4.14.7&#8243; _module_preset=\u00bbdefault\u00bb custom_margin=\u00bb||-1px|||\u00bb global_colors_info=\u00bb{}\u00bb][\/et_pb_image][\/et_pb_column][et_pb_column type=\u00bb1_5&#8243; _builder_version=\u00bb4.14.7&#8243; _module_preset=\u00bbdefault\u00bb global_colors_info=\u00bb{}\u00bb][et_pb_image src=\u00bbhttps:\/\/www.aitanacongress.com\/2024\/wp-content\/uploads\/logo-ayuntamientoelche-2024.png\u00bb title_text=\u00bblogo-ayuntamientoelche-2024&#8243; url=\u00bbhttps:\/\/www.elche.es\/\u00bb url_new_window=\u00bbon\u00bb admin_label=\u00bbayunt. elche\u00bb _builder_version=\u00bb4.14.7&#8243; _module_preset=\u00bbdefault\u00bb custom_margin=\u00bb||-1px|||\u00bb global_colors_info=\u00bb{}\u00bb][\/et_pb_image][\/et_pb_column][et_pb_column type=\u00bb1_5&#8243; _builder_version=\u00bb4.14.7&#8243; _module_preset=\u00bbdefault\u00bb global_colors_info=\u00bb{}\u00bb][et_pb_image src=\u00bbhttps:\/\/www.aitanacongress.com\/2024\/wp-content\/uploads\/PearsonLogo-2024-gris.png\u00bb title_text=\u00bbPearsonLogo-2024-gris\u00bb url=\u00bbhttps:\/\/www.pearsonclinical.es\/?utm_source=online&#038;utm_medium=social_organic&#038;utm_campaign=aitana_23&#038;utm_term=logo-web\u00bb url_new_window=\u00bbon\u00bb disabled_on=\u00bbon|on|on\u00bb admin_label=\u00bbPearson\u00bb _builder_version=\u00bb4.14.7&#8243; _module_preset=\u00bbdefault\u00bb custom_margin=\u00bb||-1px|||\u00bb disabled=\u00bbon\u00bb global_colors_info=\u00bb{}\u00bb][\/et_pb_image][\/et_pb_column][\/et_pb_row][\/et_pb_section]<\/p>\n","protected":false},"excerpt":{"rendered":"<p>Programa socialMi\u00e9rcoles 20 de Noviembre 19.30h (Centro Cultural Las Clarisas) C\u00f3ctel de bienvenida \u00danase a nosotros para dar inicio al Congreso con un c\u00f3ctel de bienvenida en un lugar \u00fanico, el patio del antiguo convento de Las Clarisas, en pleno centro de la ciudad. Este momento ser\u00e1 la ocasi\u00f3n perfecta para conectar con otros congresistas [&hellip;]<\/p>\n","protected":false},"author":4,"featured_media":0,"parent":0,"menu_order":0,"comment_status":"closed","ping_status":"closed","template":"","meta":{"_et_pb_use_builder":"on","_et_pb_old_content":"","_et_gb_content_width":"","_monsterinsights_skip_tracking":false,"_monsterinsights_sitenote_active":false,"_monsterinsights_sitenote_note":"","_monsterinsights_sitenote_category":0,"footnotes":""},"class_list":["post-15151","page","type-page","status-publish","hentry"],"yoast_head":"<!-- This site is optimized with the Yoast SEO plugin v23.5 - https:\/\/yoast.com\/wordpress\/plugins\/seo\/ -->\n<title>Programa social - 10th International Congress of Clinical and Health Psychology in Children and Adolescents<\/title>\n<meta name=\"robots\" content=\"index, follow, max-snippet:-1, max-image-preview:large, max-video-preview:-1\" \/>\n<link rel=\"canonical\" href=\"https:\/\/www.aitanacongress.com\/2024\/programa-social\/\" \/>\n<meta property=\"og:locale\" content=\"es_ES\" \/>\n<meta property=\"og:type\" content=\"article\" \/>\n<meta property=\"og:title\" content=\"Programa social - 10th International Congress of Clinical and Health Psychology in Children and Adolescents\" \/>\n<meta property=\"og:description\" content=\"Programa socialMi\u00e9rcoles 20 de Noviembre 19.30h (Centro Cultural Las Clarisas) C\u00f3ctel de bienvenida \u00danase a nosotros para dar inicio al Congreso con un c\u00f3ctel de bienvenida en un lugar \u00fanico, el patio del antiguo convento de Las Clarisas, en pleno centro de la ciudad. Este momento ser\u00e1 la ocasi\u00f3n perfecta para conectar con otros congresistas [&hellip;]\" \/>\n<meta property=\"og:url\" content=\"https:\/\/www.aitanacongress.com\/2024\/programa-social\/\" \/>\n<meta property=\"og:site_name\" content=\"10th International Congress of Clinical and Health Psychology in Children and Adolescents\" \/>\n<meta property=\"article:modified_time\" content=\"2024-10-07T12:53:41+00:00\" \/>\n<meta name=\"twitter:card\" content=\"summary_large_image\" \/>\n<meta name=\"twitter:label1\" content=\"Tiempo de lectura\" \/>\n\t<meta name=\"twitter:data1\" content=\"5 minutos\" \/>\n<script type=\"application\/ld+json\" class=\"yoast-schema-graph\">{\"@context\":\"https:\/\/schema.org\",\"@graph\":[{\"@type\":\"WebPage\",\"@id\":\"https:\/\/www.aitanacongress.com\/2024\/programa-social\/\",\"url\":\"https:\/\/www.aitanacongress.com\/2024\/programa-social\/\",\"name\":\"Programa social - 10th International Congress of Clinical and Health Psychology in Children and Adolescents\",\"isPartOf\":{\"@id\":\"https:\/\/www.aitanacongress.com\/2024\/#website\"},\"datePublished\":\"2024-10-07T07:29:28+00:00\",\"dateModified\":\"2024-10-07T12:53:41+00:00\",\"breadcrumb\":{\"@id\":\"https:\/\/www.aitanacongress.com\/2024\/programa-social\/#breadcrumb\"},\"inLanguage\":\"es\",\"potentialAction\":[{\"@type\":\"ReadAction\",\"target\":[\"https:\/\/www.aitanacongress.com\/2024\/programa-social\/\"]}]},{\"@type\":\"BreadcrumbList\",\"@id\":\"https:\/\/www.aitanacongress.com\/2024\/programa-social\/#breadcrumb\",\"itemListElement\":[{\"@type\":\"ListItem\",\"position\":1,\"name\":\"Portada\",\"item\":\"https:\/\/www.aitanacongress.com\/2024\/\"},{\"@type\":\"ListItem\",\"position\":2,\"name\":\"Programa social\"}]},{\"@type\":\"WebSite\",\"@id\":\"https:\/\/www.aitanacongress.com\/2024\/#website\",\"url\":\"https:\/\/www.aitanacongress.com\/2024\/\",\"name\":\"10th International Congress of Clinical and Health Psychology in Children and Adolescents\",\"description\":\"10th International Congress of Clinical and Health Psychology in Children and Adolescents\",\"potentialAction\":[{\"@type\":\"SearchAction\",\"target\":{\"@type\":\"EntryPoint\",\"urlTemplate\":\"https:\/\/www.aitanacongress.com\/2024\/?s={search_term_string}\"},\"query-input\":{\"@type\":\"PropertyValueSpecification\",\"valueRequired\":true,\"valueName\":\"search_term_string\"}}],\"inLanguage\":\"es\"}]}<\/script>\n<!-- \/ Yoast SEO plugin. -->","yoast_head_json":{"title":"Programa social - 10th International Congress of Clinical and Health Psychology in Children and Adolescents","robots":{"index":"index","follow":"follow","max-snippet":"max-snippet:-1","max-image-preview":"max-image-preview:large","max-video-preview":"max-video-preview:-1"},"canonical":"https:\/\/www.aitanacongress.com\/2024\/programa-social\/","og_locale":"es_ES","og_type":"article","og_title":"Programa social - 10th International Congress of Clinical and Health Psychology in Children and Adolescents","og_description":"Programa socialMi\u00e9rcoles 20 de Noviembre 19.30h (Centro Cultural Las Clarisas) C\u00f3ctel de bienvenida \u00danase a nosotros para dar inicio al Congreso con un c\u00f3ctel de bienvenida en un lugar \u00fanico, el patio del antiguo convento de Las Clarisas, en pleno centro de la ciudad. Este momento ser\u00e1 la ocasi\u00f3n perfecta para conectar con otros congresistas [&hellip;]","og_url":"https:\/\/www.aitanacongress.com\/2024\/programa-social\/","og_site_name":"10th International Congress of Clinical and Health Psychology in Children and Adolescents","article_modified_time":"2024-10-07T12:53:41+00:00","twitter_card":"summary_large_image","twitter_misc":{"Tiempo de lectura":"5 minutos"},"schema":{"@context":"https:\/\/schema.org","@graph":[{"@type":"WebPage","@id":"https:\/\/www.aitanacongress.com\/2024\/programa-social\/","url":"https:\/\/www.aitanacongress.com\/2024\/programa-social\/","name":"Programa social - 10th International Congress of Clinical and Health Psychology in Children and Adolescents","isPartOf":{"@id":"https:\/\/www.aitanacongress.com\/2024\/#website"},"datePublished":"2024-10-07T07:29:28+00:00","dateModified":"2024-10-07T12:53:41+00:00","breadcrumb":{"@id":"https:\/\/www.aitanacongress.com\/2024\/programa-social\/#breadcrumb"},"inLanguage":"es","potentialAction":[{"@type":"ReadAction","target":["https:\/\/www.aitanacongress.com\/2024\/programa-social\/"]}]},{"@type":"BreadcrumbList","@id":"https:\/\/www.aitanacongress.com\/2024\/programa-social\/#breadcrumb","itemListElement":[{"@type":"ListItem","position":1,"name":"Portada","item":"https:\/\/www.aitanacongress.com\/2024\/"},{"@type":"ListItem","position":2,"name":"Programa social"}]},{"@type":"WebSite","@id":"https:\/\/www.aitanacongress.com\/2024\/#website","url":"https:\/\/www.aitanacongress.com\/2024\/","name":"10th International Congress of Clinical and Health Psychology in Children and Adolescents","description":"10th International Congress of Clinical and Health Psychology in Children and Adolescents","potentialAction":[{"@type":"SearchAction","target":{"@type":"EntryPoint","urlTemplate":"https:\/\/www.aitanacongress.com\/2024\/?s={search_term_string}"},"query-input":{"@type":"PropertyValueSpecification","valueRequired":true,"valueName":"search_term_string"}}],"inLanguage":"es"}]}},"_links":{"self":[{"href":"https:\/\/www.aitanacongress.com\/2024\/wp-json\/wp\/v2\/pages\/15151","targetHints":{"allow":["GET"]}}],"collection":[{"href":"https:\/\/www.aitanacongress.com\/2024\/wp-json\/wp\/v2\/pages"}],"about":[{"href":"https:\/\/www.aitanacongress.com\/2024\/wp-json\/wp\/v2\/types\/page"}],"author":[{"embeddable":true,"href":"https:\/\/www.aitanacongress.com\/2024\/wp-json\/wp\/v2\/users\/4"}],"replies":[{"embeddable":true,"href":"https:\/\/www.aitanacongress.com\/2024\/wp-json\/wp\/v2\/comments?post=15151"}],"version-history":[{"count":32,"href":"https:\/\/www.aitanacongress.com\/2024\/wp-json\/wp\/v2\/pages\/15151\/revisions"}],"predecessor-version":[{"id":15296,"href":"https:\/\/www.aitanacongress.com\/2024\/wp-json\/wp\/v2\/pages\/15151\/revisions\/15296"}],"wp:attachment":[{"href":"https:\/\/www.aitanacongress.com\/2024\/wp-json\/wp\/v2\/media?parent=15151"}],"curies":[{"name":"wp","href":"https:\/\/api.w.org\/{rel}","templated":true}]}}