{"id":322,"date":"2022-02-14T05:06:41","date_gmt":"2022-02-14T05:06:41","guid":{"rendered":"https:\/\/www.aitanacongress.com\/2022\/?page_id=322"},"modified":"2024-11-14T08:48:23","modified_gmt":"2024-11-14T07:48:23","slug":"colaboradores","status":"publish","type":"page","link":"https:\/\/www.aitanacongress.com\/2024\/colaboradores\/","title":{"rendered":"Colaboradores"},"content":{"rendered":"<p>[et_pb_section fb_built=\u00bb1&#8243; admin_label=\u00bbCabecera\u00bb module_class=\u00bbcabecera-page\u00bb _builder_version=\u00bb4.14.7&#8243; _module_preset=\u00bbdefault\u00bb background_color=\u00bb#8bced7&#8243; background_enable_image=\u00bboff\u00bb custom_margin=\u00bb0px||0px||false|false\u00bb custom_padding=\u00bb0px||0px||false|false\u00bb background_last_edited=\u00bbon|desktop\u00bb saved_tabs=\u00bball\u00bb collapsed=\u00bboff\u00bb global_colors_info=\u00bb{}\u00bb][et_pb_row _builder_version=\u00bb4.14.7&#8243; _module_preset=\u00bbdefault\u00bb background_image=\u00bbhttps:\/\/www.aitanacongress.com\/2024\/wp-content\/uploads\/globo-paginas.png\u00bb background_size=\u00bbinitial\u00bb background_position=\u00bbcenter_right\u00bb custom_margin=\u00bb0px||0px||false|false\u00bb custom_padding=\u00bb0px||0px||false|false\u00bb global_colors_info=\u00bb{}\u00bb][et_pb_column type=\u00bb4_4&#8243; _builder_version=\u00bb4.14.7&#8243; _module_preset=\u00bbdefault\u00bb global_colors_info=\u00bb{}\u00bb][et_pb_text _builder_version=\u00bb4.14.7&#8243; _module_preset=\u00bbdefault\u00bb header_font=\u00bb|||on|||||\u00bb header_text_color=\u00bb#FFFFFF\u00bb header_font_size=\u00bb45px\u00bb header_2_font=\u00bbgill-sans|500||on|||||\u00bb header_2_text_align=\u00bbcenter\u00bb header_2_text_color=\u00bb#ffffff\u00bb header_2_font_size=\u00bb32px\u00bb background_color=\u00bbRGBA(255,255,255,0)\u00bb custom_margin=\u00bb0px||||false|false\u00bb custom_padding=\u00bb50px||5px||false|false\u00bb global_colors_info=\u00bb{}\u00bb]<\/p>\n<h2>Colaboradores<\/h2>\n<p>[\/et_pb_text][\/et_pb_column][\/et_pb_row][\/et_pb_section][et_pb_section fb_built=\u00bb1&#8243; custom_padding_last_edited=\u00bbon|phone\u00bb admin_label=\u00bbColaboradores\u00bb module_class=\u00bbcolaboradores\u00bb _builder_version=\u00bb4.14.7&#8243; background_color=\u00bbrgba(139,206,215,0.2)\u00bb custom_padding=\u00bb60px|0px|0px|0px|false|false\u00bb custom_padding_tablet=\u00bb30px||50px||false|false\u00bb custom_padding_phone=\u00bb30px||10px||false|false\u00bb global_colors_info=\u00bb{}\u00bb][et_pb_row column_structure=\u00bb1_2,1_2&#8243; use_custom_gutter=\u00bbon\u00bb gutter_width=\u00bb1&#8243; custom_padding_last_edited=\u00bbon|phone\u00bb admin_label=\u00bbEdiciones Pir\u00e1mide\u00bb _builder_version=\u00bb4.14.7&#8243; width_tablet=\u00bb\u00bb width_phone=\u00bb100%\u00bb width_last_edited=\u00bbon|phone\u00bb custom_margin=\u00bb|||\u00bb custom_padding=\u00bb0px||100px|\u00bb custom_padding_tablet=\u00bb||50px||false|false\u00bb custom_padding_phone=\u00bb|20px|50px|20px|false|false\u00bb global_colors_info=\u00bb{}\u00bb][et_pb_column type=\u00bb1_2&#8243; _builder_version=\u00bb3.25&#8243; custom_padding=\u00bb5%|||\u00bb global_colors_info=\u00bb{}\u00bb custom_padding__hover=\u00bb|||\u00bb][et_pb_image src=\u00bbhttps:\/\/www.aitanacongress.com\/2024\/wp-content\/uploads\/logo-piramide-aniversario-colaboradores-2024.jpg\u00bb title_text=\u00bbCreated with GIMP\u00bb force_fullwidth=\u00bbon\u00bb align_tablet=\u00bbcenter\u00bb align_phone=\u00bbcenter\u00bb align_last_edited=\u00bbon|desktop\u00bb _builder_version=\u00bb4.14.7&#8243; animation_style=\u00bbslide\u00bb animation_direction=\u00bbtop\u00bb animation_intensity_slide=\u00bb10%\u00bb animation_starting_opacity=\u00bb100%\u00bb global_colors_info=\u00bb{}\u00bb][\/et_pb_image][\/et_pb_column][et_pb_column type=\u00bb1_2&#8243; _builder_version=\u00bb4.14.7&#8243; background_enable_image=\u00bboff\u00bb background_size=\u00bbinitial\u00bb background_position=\u00bbbottom_center\u00bb custom_padding=\u00bb||100px|\u00bb global_colors_info=\u00bb{}\u00bb custom_padding__hover=\u00bb|||\u00bb][et_pb_text module_class=\u00bbtexto-columna\u00bb _builder_version=\u00bb4.14.7&#8243; text_font=\u00bb||||||||\u00bb text_text_color=\u00bb#066469&#8243; text_font_size=\u00bb18px\u00bb text_line_height=\u00bb1.9em\u00bb header_font=\u00bb||||||||\u00bb header_2_font=\u00bb|600|||||||\u00bb header_2_text_color=\u00bb#7272ff\u00bb header_2_font_size=\u00bb19px\u00bb header_4_font=\u00bbMerriweather|700|||||||\u00bb header_4_text_color=\u00bb#066469&#8243; header_4_font_size=\u00bb20px\u00bb header_4_line_height=\u00bb1.7em\u00bb background_color=\u00bbrgba(139,206,215,0.8)\u00bb text_orientation=\u00bbcenter\u00bb custom_margin=\u00bb|||\u00bb custom_padding=\u00bb60px|40px|60px|40px\u00bb custom_padding_tablet=\u00bb40px|40px|60px|40px|false|false\u00bb custom_padding_phone=\u00bb40px|20px||20px|false|false\u00bb custom_padding_last_edited=\u00bbon|phone\u00bb animation_style=\u00bbslide\u00bb animation_direction=\u00bbbottom\u00bb animation_intensity_slide=\u00bb20%\u00bb animation_starting_opacity=\u00bb100%\u00bb global_colors_info=\u00bb{}\u00bb]<\/p>\n<h4>Ediciones Pir\u00e1mide<\/h4>\n<p>Es la editorial de mayor prestigio en el campo de la educaci\u00f3n y la psicolog\u00eda en Espa\u00f1a. Se encuentra situada en el primer cuartil en Scholarly Publishers Indicators. Desde su fundaci\u00f3n en 1973 por Grupo Anaya, Ediciones Pir\u00e1mide basa su actividad fundamental en la publicaci\u00f3n de libros adaptados a las necesidades del mercado en el sector del libro universitario, t\u00e9cnico y profesional. Sus primeras publicaciones se orientan al mundo educativo. Posteriormente, junto a los textos escolares ir\u00e1n apareciendo nuevas colecciones, que dar\u00e1n lugar a empresas especializadas.<\/p>\n<p>[\/et_pb_text][\/et_pb_column][\/et_pb_row][et_pb_row column_structure=\u00bb1_2,1_2&#8243; custom_padding_last_edited=\u00bbon|phone\u00bb admin_label=\u00bbnumero-separador\u00bb _builder_version=\u00bb4.14.7&#8243; _module_preset=\u00bbdefault\u00bb width_tablet=\u00bb\u00bb width_phone=\u00bb100%\u00bb width_last_edited=\u00bbon|phone\u00bb custom_padding=\u00bb0px||0px||false|false\u00bb custom_padding_tablet=\u00bb0px||0px||false|false\u00bb custom_padding_phone=\u00bb|20px||20px|false|false\u00bb global_colors_info=\u00bb{}\u00bb][et_pb_column type=\u00bb1_2&#8243; _builder_version=\u00bb4.14.7&#8243; _module_preset=\u00bbdefault\u00bb global_colors_info=\u00bb{}\u00bb][\/et_pb_column][et_pb_column type=\u00bb1_2&#8243; _builder_version=\u00bb4.14.7&#8243; _module_preset=\u00bbdefault\u00bb global_colors_info=\u00bb{}\u00bb][et_pb_text admin_label=\u00bbn\u00famero\u00bb _builder_version=\u00bb4.14.7&#8243; text_font=\u00bb||||||||\u00bb text_text_color=\u00bb#180302&#8243; text_font_size=\u00bb18px\u00bb text_line_height=\u00bb1.9em\u00bb header_font=\u00bb||||||||\u00bb header_2_font=\u00bb|600|||||||\u00bb header_2_text_color=\u00bb#7272ff\u00bb header_2_font_size=\u00bb19px\u00bb header_4_font=\u00bbMerriweather|700|||||||\u00bb header_4_text_color=\u00bb#e83643&#8243; header_4_font_size=\u00bb20px\u00bb header_4_line_height=\u00bb1.7em\u00bb background_enable_color=\u00bboff\u00bb text_orientation=\u00bbcenter\u00bb custom_margin=\u00bb|||\u00bb custom_padding=\u00bb0px|0px|0px|0px|false|false\u00bb animation_style=\u00bbslide\u00bb animation_direction=\u00bbbottom\u00bb animation_intensity_slide=\u00bb20%\u00bb animation_starting_opacity=\u00bb100%\u00bb global_colors_info=\u00bb{}\u00bb]<\/p>\n<p class=\"numero\">01<\/p>\n<p>[\/et_pb_text][\/et_pb_column][\/et_pb_row][et_pb_row column_structure=\u00bb1_2,1_2&#8243; use_custom_gutter=\u00bbon\u00bb gutter_width=\u00bb1&#8243; custom_padding_last_edited=\u00bbon|phone\u00bb admin_label=\u00bbTerapia\u00bb _builder_version=\u00bb4.14.7&#8243; width_tablet=\u00bb\u00bb width_phone=\u00bb100%\u00bb width_last_edited=\u00bbon|phone\u00bb custom_margin=\u00bb|||\u00bb custom_padding=\u00bb0px||100px|\u00bb custom_padding_tablet=\u00bb||50px||false|false\u00bb custom_padding_phone=\u00bb|20px|50px|20px|false|false\u00bb global_colors_info=\u00bb{}\u00bb][et_pb_column type=\u00bb1_2&#8243; _builder_version=\u00bb3.25&#8243; custom_padding=\u00bb5%|||\u00bb global_colors_info=\u00bb{}\u00bb custom_padding__hover=\u00bb|||\u00bb][et_pb_image src=\u00bbhttps:\/\/www.aitanacongress.com\/2024\/wp-content\/uploads\/logo-master-colaboradores-2024.jpg\u00bb title_text=\u00bbCreated with GIMP\u00bb force_fullwidth=\u00bbon\u00bb align_tablet=\u00bbcenter\u00bb align_phone=\u00bbcenter\u00bb align_last_edited=\u00bbon|desktop\u00bb _builder_version=\u00bb4.14.7&#8243; animation_style=\u00bbslide\u00bb animation_direction=\u00bbtop\u00bb animation_intensity_slide=\u00bb10%\u00bb animation_starting_opacity=\u00bb100%\u00bb global_colors_info=\u00bb{}\u00bb][\/et_pb_image][\/et_pb_column][et_pb_column type=\u00bb1_2&#8243; _builder_version=\u00bb4.14.7&#8243; background_enable_image=\u00bboff\u00bb background_size=\u00bbinitial\u00bb background_position=\u00bbbottom_center\u00bb custom_padding=\u00bb||100px|\u00bb global_colors_info=\u00bb{}\u00bb custom_padding__hover=\u00bb|||\u00bb][et_pb_text module_class=\u00bbtexto-columna\u00bb _builder_version=\u00bb4.14.7&#8243; text_font=\u00bb||||||||\u00bb text_text_color=\u00bb#066469&#8243; text_font_size=\u00bb18px\u00bb text_line_height=\u00bb1.9em\u00bb header_font=\u00bb||||||||\u00bb header_2_font=\u00bb|600|||||||\u00bb header_2_text_color=\u00bb#7272ff\u00bb header_2_font_size=\u00bb19px\u00bb header_4_font=\u00bbMerriweather|700|||||||\u00bb header_4_text_color=\u00bb#066469&#8243; header_4_font_size=\u00bb20px\u00bb header_4_line_height=\u00bb1.7em\u00bb background_color=\u00bbrgba(139,206,215,0.8)\u00bb text_orientation=\u00bbcenter\u00bb custom_margin=\u00bb|||\u00bb custom_padding=\u00bb60px|40px|60px|40px\u00bb custom_padding_tablet=\u00bb40px|40px|60px|40px|false|false\u00bb custom_padding_phone=\u00bb40px|20px||20px|false|false\u00bb custom_padding_last_edited=\u00bbon|tablet\u00bb animation_style=\u00bbslide\u00bb animation_direction=\u00bbbottom\u00bb animation_intensity_slide=\u00bb20%\u00bb animation_starting_opacity=\u00bb100%\u00bb global_colors_info=\u00bb{}\u00bb]<\/p>\n<h4>Terapia Psicol\u00f3gica con Ni\u00f1os y Adolescentes<\/h4>\n<p>El M\u00e1ster en Terapia Psicol\u00f3gica con Ni\u00f1os y Adolescentes tiene como objetivo formar profesionales competentes en el tratamiento psicol\u00f3gico de los problemas de la infancia y adolescencia. A trav\u00e9s de este programa formativo, los estudiantes aprenden la evaluaci\u00f3n y psicopatolog\u00eda de los principales trastornos infanto-juveniles, ponen en pr\u00e1ctica las habilidades terap\u00e9uticas para la intervenci\u00f3n, reciben recursos y estrategias, adem\u00e1s de aprender habilidades pr\u00e1cticas para la intervenci\u00f3n en diferentes casos cl\u00ednicos. Se trata de un m\u00e1ster oficial acreditado por ANECA, impartido por profesorado del mayor prestigio, a un grupo reducido de estudiantes. Por su metodolog\u00eda y car\u00e1cter pr\u00e1ctico est\u00e1 reconocido de inter\u00e9s cient\u00edfico-profesional por el Colegio Oficial de Psic\u00f3logos.<\/p>\n<p>[\/et_pb_text][\/et_pb_column][\/et_pb_row][et_pb_row column_structure=\u00bb1_2,1_2&#8243; custom_padding_last_edited=\u00bbon|phone\u00bb admin_label=\u00bbnumero-separador\u00bb _builder_version=\u00bb4.14.7&#8243; _module_preset=\u00bbdefault\u00bb width_tablet=\u00bb\u00bb width_phone=\u00bb100%\u00bb width_last_edited=\u00bbon|phone\u00bb custom_padding=\u00bb0px||0px||false|false\u00bb custom_padding_tablet=\u00bb0px||0px||false|false\u00bb custom_padding_phone=\u00bb|20px||20px|false|false\u00bb global_colors_info=\u00bb{}\u00bb][et_pb_column type=\u00bb1_2&#8243; _builder_version=\u00bb4.14.7&#8243; _module_preset=\u00bbdefault\u00bb global_colors_info=\u00bb{}\u00bb][\/et_pb_column][et_pb_column type=\u00bb1_2&#8243; _builder_version=\u00bb4.14.7&#8243; _module_preset=\u00bbdefault\u00bb global_colors_info=\u00bb{}\u00bb][et_pb_text admin_label=\u00bbn\u00famero\u00bb _builder_version=\u00bb4.14.7&#8243; text_font=\u00bb||||||||\u00bb text_text_color=\u00bb#180302&#8243; text_font_size=\u00bb18px\u00bb text_line_height=\u00bb1.9em\u00bb header_font=\u00bb||||||||\u00bb header_2_font=\u00bb|600|||||||\u00bb header_2_text_color=\u00bb#7272ff\u00bb header_2_font_size=\u00bb19px\u00bb header_4_font=\u00bbMerriweather|700|||||||\u00bb header_4_text_color=\u00bb#e83643&#8243; header_4_font_size=\u00bb20px\u00bb header_4_line_height=\u00bb1.7em\u00bb background_enable_color=\u00bboff\u00bb text_orientation=\u00bbcenter\u00bb custom_margin=\u00bb|||\u00bb custom_padding=\u00bb0px|0px|0px|0px|false|false\u00bb animation_style=\u00bbslide\u00bb animation_direction=\u00bbbottom\u00bb animation_intensity_slide=\u00bb20%\u00bb animation_starting_opacity=\u00bb100%\u00bb global_colors_info=\u00bb{}\u00bb]<\/p>\n<p class=\"numero\">02<\/p>\n<p>[\/et_pb_text][\/et_pb_column][\/et_pb_row][et_pb_row column_structure=\u00bb1_2,1_2&#8243; use_custom_gutter=\u00bbon\u00bb gutter_width=\u00bb1&#8243; custom_padding_last_edited=\u00bbon|phone\u00bb admin_label=\u00bbSEPCIJ\u00bb _builder_version=\u00bb4.14.7&#8243; width_tablet=\u00bb\u00bb width_phone=\u00bb100%\u00bb width_last_edited=\u00bbon|phone\u00bb custom_margin=\u00bb|||\u00bb custom_padding=\u00bb0px||100px|\u00bb custom_padding_tablet=\u00bb||50px||false|false\u00bb custom_padding_phone=\u00bb|20px|50px|20px|false|false\u00bb global_colors_info=\u00bb{}\u00bb][et_pb_column type=\u00bb1_2&#8243; _builder_version=\u00bb3.25&#8243; custom_padding=\u00bb5%|||\u00bb global_colors_info=\u00bb{}\u00bb custom_padding__hover=\u00bb|||\u00bb][et_pb_image src=\u00bbhttps:\/\/www.aitanacongress.com\/2024\/wp-content\/uploads\/sepcij-logo-colaboradores-2024.jpg\u00bb title_text=\u00bbCreated with GIMP\u00bb force_fullwidth=\u00bbon\u00bb align_tablet=\u00bbcenter\u00bb align_phone=\u00bbcenter\u00bb align_last_edited=\u00bbon|desktop\u00bb _builder_version=\u00bb4.14.7&#8243; animation_style=\u00bbslide\u00bb animation_direction=\u00bbtop\u00bb animation_intensity_slide=\u00bb10%\u00bb animation_starting_opacity=\u00bb100%\u00bb global_colors_info=\u00bb{}\u00bb][\/et_pb_image][\/et_pb_column][et_pb_column type=\u00bb1_2&#8243; _builder_version=\u00bb4.14.7&#8243; background_enable_image=\u00bboff\u00bb background_size=\u00bbinitial\u00bb background_position=\u00bbbottom_center\u00bb custom_padding=\u00bb||100px|\u00bb global_colors_info=\u00bb{}\u00bb custom_padding__hover=\u00bb|||\u00bb][et_pb_text module_class=\u00bbtexto-columna\u00bb _builder_version=\u00bb4.14.7&#8243; text_font=\u00bb||||||||\u00bb text_text_color=\u00bb#066469&#8243; text_font_size=\u00bb18px\u00bb text_line_height=\u00bb1.9em\u00bb header_font=\u00bb||||||||\u00bb header_2_font=\u00bb|600|||||||\u00bb header_2_text_color=\u00bb#7272ff\u00bb header_2_font_size=\u00bb19px\u00bb header_4_font=\u00bbMerriweather|700|||||||\u00bb header_4_text_color=\u00bb#066469&#8243; header_4_font_size=\u00bb20px\u00bb header_4_line_height=\u00bb1.7em\u00bb background_color=\u00bbrgba(139,206,215,0.8)\u00bb text_orientation=\u00bbcenter\u00bb custom_margin=\u00bb|||\u00bb custom_padding=\u00bb60px|40px|60px|40px\u00bb custom_padding_tablet=\u00bb40px|40px|60px|40px|false|false\u00bb custom_padding_phone=\u00bb40px|20px||20px|false|false\u00bb custom_padding_last_edited=\u00bbon|tablet\u00bb animation_style=\u00bbslide\u00bb animation_direction=\u00bbbottom\u00bb animation_intensity_slide=\u00bb20%\u00bb animation_starting_opacity=\u00bb100%\u00bb global_colors_info=\u00bb{}\u00bb]<\/p>\n<h4>SEPCIJ<\/h4>\n<p>La Sociedad Espa\u00f1ola de Psicolog\u00eda Cl\u00ednica Infanto-Juvenil promueve el conocimiento cient\u00edfico en el \u00e1mbito de la psicopatolog\u00eda, evaluaci\u00f3n psicol\u00f3gica y tratamientos psicol\u00f3gicos en la infancia y adolescencia. Se dedica a la difusi\u00f3n de los resultados de investigaciones sobre salud mental y bienestar psicol\u00f3gico en la infancia y adolescencia, la promoci\u00f3n de la salud infanto-juvenil, y la evaluaci\u00f3n y tratamiento psicol\u00f3gico en problemas en la infancia y adolescencia. Entre sus fines se encuentra tambi\u00e9n fomentar el nexo entre la investigaci\u00f3n y la pr\u00e1ctica asistencial en el \u00e1rea infanto-juvenil, trasladar al campo aplicado los conocimientos cient\u00edficos resultado de las investigaciones, y fomentando estudios que den respuesta a necesidades que surgen en la pr\u00e1ctica cl\u00ednica.[\/et_pb_text][\/et_pb_column][\/et_pb_row][et_pb_row column_structure=\u00bb1_2,1_2&#8243; custom_padding_last_edited=\u00bbon|phone\u00bb admin_label=\u00bbnumero-separador\u00bb _builder_version=\u00bb4.14.7&#8243; _module_preset=\u00bbdefault\u00bb width_tablet=\u00bb\u00bb width_phone=\u00bb100%\u00bb width_last_edited=\u00bbon|phone\u00bb custom_padding=\u00bb0px||0px||false|false\u00bb custom_padding_tablet=\u00bb0px||0px||false|false\u00bb custom_padding_phone=\u00bb|20px||20px|false|false\u00bb global_colors_info=\u00bb{}\u00bb][et_pb_column type=\u00bb1_2&#8243; _builder_version=\u00bb4.14.7&#8243; _module_preset=\u00bbdefault\u00bb global_colors_info=\u00bb{}\u00bb][\/et_pb_column][et_pb_column type=\u00bb1_2&#8243; _builder_version=\u00bb4.14.7&#8243; _module_preset=\u00bbdefault\u00bb global_colors_info=\u00bb{}\u00bb][et_pb_text admin_label=\u00bbn\u00famero\u00bb _builder_version=\u00bb4.14.7&#8243; text_font=\u00bb||||||||\u00bb text_text_color=\u00bb#180302&#8243; text_font_size=\u00bb18px\u00bb text_line_height=\u00bb1.9em\u00bb header_font=\u00bb||||||||\u00bb header_2_font=\u00bb|600|||||||\u00bb header_2_text_color=\u00bb#7272ff\u00bb header_2_font_size=\u00bb19px\u00bb header_4_font=\u00bbMerriweather|700|||||||\u00bb header_4_text_color=\u00bb#e83643&#8243; header_4_font_size=\u00bb20px\u00bb header_4_line_height=\u00bb1.7em\u00bb background_enable_color=\u00bboff\u00bb text_orientation=\u00bbcenter\u00bb custom_margin=\u00bb|||\u00bb custom_padding=\u00bb0px|0px|0px|0px|false|false\u00bb animation_style=\u00bbslide\u00bb animation_direction=\u00bbbottom\u00bb animation_intensity_slide=\u00bb20%\u00bb animation_starting_opacity=\u00bb100%\u00bb global_colors_info=\u00bb{}\u00bb]<\/p>\n<p class=\"numero\">03<\/p>\n<p>[\/et_pb_text][\/et_pb_column][\/et_pb_row][et_pb_row column_structure=\u00bb1_2,1_2&#8243; use_custom_gutter=\u00bbon\u00bb gutter_width=\u00bb1&#8243; custom_padding_last_edited=\u00bbon|phone\u00bb admin_label=\u00bbConsejo general\u00bb _builder_version=\u00bb4.14.7&#8243; width_tablet=\u00bb\u00bb width_phone=\u00bb100%\u00bb width_last_edited=\u00bbon|phone\u00bb custom_margin=\u00bb|||\u00bb custom_padding=\u00bb0px||100px|\u00bb custom_padding_tablet=\u00bb||50px||false|false\u00bb custom_padding_phone=\u00bb|20px|50px|20px|false|false\u00bb global_colors_info=\u00bb{}\u00bb][et_pb_column type=\u00bb1_2&#8243; _builder_version=\u00bb3.25&#8243; custom_padding=\u00bb5%|||\u00bb global_colors_info=\u00bb{}\u00bb custom_padding__hover=\u00bb|||\u00bb][et_pb_image src=\u00bbhttps:\/\/www.aitanacongress.com\/2024\/wp-content\/uploads\/consejo-general-colaboradores-2024.jpg\u00bb title_text=\u00bbCreated with GIMP\u00bb force_fullwidth=\u00bbon\u00bb align_tablet=\u00bbcenter\u00bb align_phone=\u00bbcenter\u00bb align_last_edited=\u00bbon|desktop\u00bb _builder_version=\u00bb4.14.7&#8243; animation_style=\u00bbslide\u00bb animation_direction=\u00bbtop\u00bb animation_intensity_slide=\u00bb10%\u00bb animation_starting_opacity=\u00bb100%\u00bb global_colors_info=\u00bb{}\u00bb][\/et_pb_image][\/et_pb_column][et_pb_column type=\u00bb1_2&#8243; _builder_version=\u00bb4.14.7&#8243; background_enable_image=\u00bboff\u00bb background_size=\u00bbinitial\u00bb background_position=\u00bbbottom_center\u00bb custom_padding=\u00bb||100px|\u00bb global_colors_info=\u00bb{}\u00bb custom_padding__hover=\u00bb|||\u00bb][et_pb_text module_class=\u00bbtexto-columna\u00bb _builder_version=\u00bb4.14.7&#8243; text_font=\u00bb||||||||\u00bb text_text_color=\u00bb#066469&#8243; text_font_size=\u00bb18px\u00bb text_line_height=\u00bb1.9em\u00bb header_font=\u00bb||||||||\u00bb header_2_font=\u00bb|600|||||||\u00bb header_2_text_color=\u00bb#7272ff\u00bb header_2_font_size=\u00bb19px\u00bb header_4_font=\u00bbMerriweather|700|||||||\u00bb header_4_text_color=\u00bb#066469&#8243; header_4_font_size=\u00bb20px\u00bb header_4_line_height=\u00bb1.7em\u00bb background_color=\u00bbrgba(139,206,215,0.8)\u00bb text_orientation=\u00bbcenter\u00bb custom_margin=\u00bb|||\u00bb custom_padding=\u00bb60px|40px|60px|40px\u00bb custom_padding_tablet=\u00bb40px|40px|60px|40px|false|false\u00bb custom_padding_phone=\u00bb40px|20px||20px|false|false\u00bb custom_padding_last_edited=\u00bbon|tablet\u00bb animation_style=\u00bbslide\u00bb animation_direction=\u00bbbottom\u00bb animation_intensity_slide=\u00bb20%\u00bb animation_starting_opacity=\u00bb100%\u00bb global_colors_info=\u00bb{}\u00bb]<\/p>\n<h4>Consejo General de la Psicolog\u00eda<\/h4>\n<p>El Consejo General de Colegios Oficiales de Psic\u00f3logos fue creado constituyendo el \u00f3rgano coordinador y representativo de los Colegios Oficiales de Psic\u00f3logos y de los Consejos Auton\u00f3micos, en los \u00e1mbitos nacional e internacional.[\/et_pb_text][\/et_pb_column][\/et_pb_row][et_pb_row column_structure=\u00bb1_2,1_2&#8243; custom_padding_last_edited=\u00bbon|phone\u00bb admin_label=\u00bbnumero-separador\u00bb _builder_version=\u00bb4.14.7&#8243; _module_preset=\u00bbdefault\u00bb width_tablet=\u00bb\u00bb width_phone=\u00bb100%\u00bb width_last_edited=\u00bbon|phone\u00bb custom_padding=\u00bb0px||0px||false|false\u00bb custom_padding_tablet=\u00bb0px||0px||false|false\u00bb custom_padding_phone=\u00bb|20px||20px|false|false\u00bb global_colors_info=\u00bb{}\u00bb][et_pb_column type=\u00bb1_2&#8243; _builder_version=\u00bb4.14.7&#8243; _module_preset=\u00bbdefault\u00bb global_colors_info=\u00bb{}\u00bb][\/et_pb_column][et_pb_column type=\u00bb1_2&#8243; _builder_version=\u00bb4.14.7&#8243; _module_preset=\u00bbdefault\u00bb global_colors_info=\u00bb{}\u00bb][et_pb_text admin_label=\u00bbn\u00famero\u00bb _builder_version=\u00bb4.14.7&#8243; text_font=\u00bb||||||||\u00bb text_text_color=\u00bb#180302&#8243; text_font_size=\u00bb18px\u00bb text_line_height=\u00bb1.9em\u00bb header_font=\u00bb||||||||\u00bb header_2_font=\u00bb|600|||||||\u00bb header_2_text_color=\u00bb#7272ff\u00bb header_2_font_size=\u00bb19px\u00bb header_4_font=\u00bbMerriweather|700|||||||\u00bb header_4_text_color=\u00bb#e83643&#8243; header_4_font_size=\u00bb20px\u00bb header_4_line_height=\u00bb1.7em\u00bb background_enable_color=\u00bboff\u00bb text_orientation=\u00bbcenter\u00bb custom_margin=\u00bb|||\u00bb custom_padding=\u00bb0px|0px|0px|0px|false|false\u00bb animation_style=\u00bbslide\u00bb animation_direction=\u00bbbottom\u00bb animation_intensity_slide=\u00bb20%\u00bb animation_starting_opacity=\u00bb100%\u00bb global_colors_info=\u00bb{}\u00bb]<\/p>\n<p class=\"numero\">04<\/p>\n<p>[\/et_pb_text][\/et_pb_column][\/et_pb_row][et_pb_row column_structure=\u00bb1_2,1_2&#8243; use_custom_gutter=\u00bbon\u00bb gutter_width=\u00bb1&#8243; custom_padding_last_edited=\u00bbon|phone\u00bb admin_label=\u00bbAcademia\u00bb _builder_version=\u00bb4.14.7&#8243; width_tablet=\u00bb\u00bb width_phone=\u00bb100%\u00bb width_last_edited=\u00bbon|phone\u00bb custom_margin=\u00bb|||\u00bb custom_padding=\u00bb0px||100px|\u00bb custom_padding_tablet=\u00bb||50px||false|false\u00bb custom_padding_phone=\u00bb|20px|50px|20px|false|false\u00bb global_colors_info=\u00bb{}\u00bb][et_pb_column type=\u00bb1_2&#8243; _builder_version=\u00bb3.25&#8243; custom_padding=\u00bb5%|||\u00bb global_colors_info=\u00bb{}\u00bb custom_padding__hover=\u00bb|||\u00bb][et_pb_image src=\u00bbhttps:\/\/www.aitanacongress.com\/2024\/wp-content\/uploads\/academia-psicologia-colaboradores-2024.jpg\u00bb title_text=\u00bbCreated with GIMP\u00bb force_fullwidth=\u00bbon\u00bb align_tablet=\u00bbcenter\u00bb align_phone=\u00bbcenter\u00bb align_last_edited=\u00bbon|desktop\u00bb _builder_version=\u00bb4.14.7&#8243; animation_style=\u00bbslide\u00bb animation_direction=\u00bbtop\u00bb animation_intensity_slide=\u00bb10%\u00bb animation_starting_opacity=\u00bb100%\u00bb global_colors_info=\u00bb{}\u00bb][\/et_pb_image][\/et_pb_column][et_pb_column type=\u00bb1_2&#8243; _builder_version=\u00bb4.14.7&#8243; background_enable_image=\u00bboff\u00bb background_size=\u00bbinitial\u00bb background_position=\u00bbbottom_center\u00bb custom_padding=\u00bb||100px|\u00bb global_colors_info=\u00bb{}\u00bb custom_padding__hover=\u00bb|||\u00bb][et_pb_text module_class=\u00bbtexto-columna\u00bb _builder_version=\u00bb4.14.7&#8243; text_font=\u00bb||||||||\u00bb text_text_color=\u00bb#066469&#8243; text_font_size=\u00bb18px\u00bb text_line_height=\u00bb1.9em\u00bb header_font=\u00bb||||||||\u00bb header_2_font=\u00bb|600|||||||\u00bb header_2_text_color=\u00bb#7272ff\u00bb header_2_font_size=\u00bb19px\u00bb header_4_font=\u00bbMerriweather|700|||||||\u00bb header_4_text_color=\u00bb#066469&#8243; header_4_font_size=\u00bb20px\u00bb header_4_line_height=\u00bb1.7em\u00bb background_color=\u00bbrgba(139,206,215,0.8)\u00bb text_orientation=\u00bbcenter\u00bb custom_margin=\u00bb|||\u00bb custom_padding=\u00bb60px|40px|60px|40px\u00bb custom_padding_tablet=\u00bb40px|40px|60px|40px|false|false\u00bb custom_padding_phone=\u00bb40px|20px||20px|false|false\u00bb custom_padding_last_edited=\u00bbon|tablet\u00bb animation_style=\u00bbslide\u00bb animation_direction=\u00bbbottom\u00bb animation_intensity_slide=\u00bb20%\u00bb animation_starting_opacity=\u00bb100%\u00bb global_colors_info=\u00bb{}\u00bb]<\/p>\n<h4>Academia de Psicolog\u00eda de Espa\u00f1a<\/h4>\n<p>La misi\u00f3n de la Academia de Psicolog\u00eda de Espa\u00f1a es la consecuci\u00f3n, promoci\u00f3n y mantenimiento del m\u00e1s alto nivel cient\u00edfico, cultural y social en la psicolog\u00eda, as\u00ed como el impulso de su pr\u00e1ctica en beneficio de los individuos y la sociedad. Comprende el estudio y la investigaci\u00f3n de los fundamentos cient\u00edficos y t\u00e9cnicos, sus aplicaciones, m\u00e9todos e instrumentos, as\u00ed como cuanto se refiere al proyecto, desarrollo y uso de sus realizaciones.[\/et_pb_text][\/et_pb_column][\/et_pb_row][et_pb_row column_structure=\u00bb1_2,1_2&#8243; custom_padding_last_edited=\u00bbon|phone\u00bb admin_label=\u00bbnumero-separador\u00bb _builder_version=\u00bb4.14.7&#8243; _module_preset=\u00bbdefault\u00bb width_tablet=\u00bb\u00bb width_phone=\u00bb100%\u00bb width_last_edited=\u00bbon|phone\u00bb custom_padding=\u00bb0px||0px||false|false\u00bb custom_padding_tablet=\u00bb0px||0px||false|false\u00bb custom_padding_phone=\u00bb|20px||20px|false|false\u00bb global_colors_info=\u00bb{}\u00bb][et_pb_column type=\u00bb1_2&#8243; _builder_version=\u00bb4.14.7&#8243; _module_preset=\u00bbdefault\u00bb global_colors_info=\u00bb{}\u00bb][\/et_pb_column][et_pb_column type=\u00bb1_2&#8243; _builder_version=\u00bb4.14.7&#8243; _module_preset=\u00bbdefault\u00bb global_colors_info=\u00bb{}\u00bb][et_pb_text admin_label=\u00bbn\u00famero\u00bb _builder_version=\u00bb4.14.7&#8243; text_font=\u00bb||||||||\u00bb text_text_color=\u00bb#180302&#8243; text_font_size=\u00bb18px\u00bb text_line_height=\u00bb1.9em\u00bb header_font=\u00bb||||||||\u00bb header_2_font=\u00bb|600|||||||\u00bb header_2_text_color=\u00bb#7272ff\u00bb header_2_font_size=\u00bb19px\u00bb header_4_font=\u00bbMerriweather|700|||||||\u00bb header_4_text_color=\u00bb#e83643&#8243; header_4_font_size=\u00bb20px\u00bb header_4_line_height=\u00bb1.7em\u00bb background_enable_color=\u00bboff\u00bb text_orientation=\u00bbcenter\u00bb custom_margin=\u00bb|||\u00bb custom_padding=\u00bb0px|0px|0px|0px|false|false\u00bb animation_style=\u00bbslide\u00bb animation_direction=\u00bbbottom\u00bb animation_intensity_slide=\u00bb20%\u00bb animation_starting_opacity=\u00bb100%\u00bb global_colors_info=\u00bb{}\u00bb]<\/p>\n<p class=\"numero\">05<\/p>\n<p>[\/et_pb_text][\/et_pb_column][\/et_pb_row][et_pb_row column_structure=\u00bb1_2,1_2&#8243; use_custom_gutter=\u00bbon\u00bb gutter_width=\u00bb1&#8243; custom_padding_last_edited=\u00bbon|phone\u00bb disabled_on=\u00bboff|off|off\u00bb admin_label=\u00bbPearson\u00bb _builder_version=\u00bb4.14.7&#8243; width_tablet=\u00bb\u00bb width_phone=\u00bb100%\u00bb width_last_edited=\u00bbon|phone\u00bb custom_margin=\u00bb|||\u00bb custom_padding=\u00bb0px||100px|\u00bb custom_padding_tablet=\u00bb||50px||false|false\u00bb custom_padding_phone=\u00bb|20px|50px|20px|false|false\u00bb collapsed=\u00bboff\u00bb global_colors_info=\u00bb{}\u00bb][et_pb_column type=\u00bb1_2&#8243; _builder_version=\u00bb3.25&#8243; custom_padding=\u00bb5%|||\u00bb global_colors_info=\u00bb{}\u00bb custom_padding__hover=\u00bb|||\u00bb][et_pb_image src=\u00bbhttps:\/\/www.aitanacongress.com\/2024\/wp-content\/uploads\/pearson-colaboradores-2024-2.jpg\u00bb title_text=\u00bbCreated with GIMP\u00bb force_fullwidth=\u00bbon\u00bb align_tablet=\u00bbcenter\u00bb align_phone=\u00bbcenter\u00bb align_last_edited=\u00bbon|desktop\u00bb _builder_version=\u00bb4.14.7&#8243; animation_style=\u00bbslide\u00bb animation_direction=\u00bbtop\u00bb animation_intensity_slide=\u00bb10%\u00bb animation_starting_opacity=\u00bb100%\u00bb global_colors_info=\u00bb{}\u00bb][\/et_pb_image][\/et_pb_column][et_pb_column type=\u00bb1_2&#8243; _builder_version=\u00bb4.14.7&#8243; background_enable_image=\u00bboff\u00bb background_size=\u00bbinitial\u00bb background_position=\u00bbbottom_center\u00bb custom_padding=\u00bb||100px|\u00bb global_colors_info=\u00bb{}\u00bb custom_padding__hover=\u00bb|||\u00bb][et_pb_text module_class=\u00bbtexto-columna\u00bb _builder_version=\u00bb4.14.7&#8243; text_font=\u00bb||||||||\u00bb text_text_color=\u00bb#066469&#8243; text_font_size=\u00bb18px\u00bb text_line_height=\u00bb1.9em\u00bb header_font=\u00bb||||||||\u00bb header_2_font=\u00bb|600|||||||\u00bb header_2_text_color=\u00bb#7272ff\u00bb header_2_font_size=\u00bb19px\u00bb header_4_font=\u00bbMerriweather|700|||||||\u00bb header_4_text_color=\u00bb#066469&#8243; header_4_font_size=\u00bb20px\u00bb header_4_line_height=\u00bb1.7em\u00bb background_color=\u00bbrgba(139,206,215,0.8)\u00bb text_orientation=\u00bbcenter\u00bb custom_margin=\u00bb|||\u00bb custom_padding=\u00bb60px|40px|60px|40px\u00bb custom_padding_tablet=\u00bb40px|40px|60px|40px|false|false\u00bb custom_padding_phone=\u00bb40px|20px||20px|false|false\u00bb custom_padding_last_edited=\u00bbon|tablet\u00bb animation_style=\u00bbslide\u00bb animation_direction=\u00bbbottom\u00bb animation_intensity_slide=\u00bb20%\u00bb animation_starting_opacity=\u00bb100%\u00bb global_colors_info=\u00bb{}\u00bb]<\/p>\n<h4>Pearson<\/h4>\n<p>Es la empresa l\u00edder en educaci\u00f3n en todo el mundo. Proporciona materiales educativos, tecnolog\u00edas, evaluaciones y servicios relacionados con la educaci\u00f3n a profesores y alumnos de todas las edades. Pearson Clinical Assessment forma parte del grupo Pearson y ofrece herramientas de evaluaci\u00f3n innovadoras e integrales para psic\u00f3logos, logopedas, terapeutas ocupacionales, neuropsic\u00f3logos, y otros profesionales.[\/et_pb_text][\/et_pb_column][\/et_pb_row][et_pb_row column_structure=\u00bb1_2,1_2&#8243; custom_padding_last_edited=\u00bbon|phone\u00bb disabled_on=\u00bboff|off|off\u00bb admin_label=\u00bbnumero-separador\u00bb _builder_version=\u00bb4.14.7&#8243; _module_preset=\u00bbdefault\u00bb width_tablet=\u00bb\u00bb width_phone=\u00bb100%\u00bb width_last_edited=\u00bbon|phone\u00bb custom_padding=\u00bb0px||0px||false|false\u00bb custom_padding_tablet=\u00bb0px||0px||false|false\u00bb custom_padding_phone=\u00bb|20px||20px|false|false\u00bb collapsed=\u00bboff\u00bb global_colors_info=\u00bb{}\u00bb][et_pb_column type=\u00bb1_2&#8243; _builder_version=\u00bb4.14.7&#8243; _module_preset=\u00bbdefault\u00bb global_colors_info=\u00bb{}\u00bb][\/et_pb_column][et_pb_column type=\u00bb1_2&#8243; _builder_version=\u00bb4.14.7&#8243; _module_preset=\u00bbdefault\u00bb global_colors_info=\u00bb{}\u00bb][et_pb_text admin_label=\u00bbn\u00famero\u00bb _builder_version=\u00bb4.14.7&#8243; text_font=\u00bb||||||||\u00bb text_text_color=\u00bb#180302&#8243; text_font_size=\u00bb18px\u00bb text_line_height=\u00bb1.9em\u00bb header_font=\u00bb||||||||\u00bb header_2_font=\u00bb|600|||||||\u00bb header_2_text_color=\u00bb#7272ff\u00bb header_2_font_size=\u00bb19px\u00bb header_4_font=\u00bbMerriweather|700|||||||\u00bb header_4_text_color=\u00bb#e83643&#8243; header_4_font_size=\u00bb20px\u00bb header_4_line_height=\u00bb1.7em\u00bb background_enable_color=\u00bboff\u00bb text_orientation=\u00bbcenter\u00bb custom_margin=\u00bb|||\u00bb custom_padding=\u00bb0px|0px|0px|0px|false|false\u00bb animation_style=\u00bbslide\u00bb animation_direction=\u00bbbottom\u00bb animation_intensity_slide=\u00bb20%\u00bb animation_starting_opacity=\u00bb100%\u00bb global_colors_info=\u00bb{}\u00bb]<\/p>\n<p class=\"numero\">06<\/p>\n<p>[\/et_pb_text][\/et_pb_column][\/et_pb_row][et_pb_row column_structure=\u00bb1_2,1_2&#8243; use_custom_gutter=\u00bbon\u00bb gutter_width=\u00bb1&#8243; custom_padding_last_edited=\u00bbon|phone\u00bb disabled_on=\u00bboff|off|off\u00bb admin_label=\u00bbTEA\u00bb _builder_version=\u00bb4.14.7&#8243; width_tablet=\u00bb\u00bb width_phone=\u00bb100%\u00bb width_last_edited=\u00bbon|phone\u00bb custom_margin=\u00bb|||\u00bb custom_padding=\u00bb0px||100px|\u00bb custom_padding_tablet=\u00bb||50px||false|false\u00bb custom_padding_phone=\u00bb|20px|50px|20px|false|false\u00bb collapsed=\u00bboff\u00bb global_colors_info=\u00bb{}\u00bb][et_pb_column type=\u00bb1_2&#8243; _builder_version=\u00bb3.25&#8243; custom_padding=\u00bb5%|||\u00bb global_colors_info=\u00bb{}\u00bb custom_padding__hover=\u00bb|||\u00bb][et_pb_image src=\u00bbhttps:\/\/www.aitanacongress.com\/2024\/wp-content\/uploads\/tea-colaboradores-2024-2.jpg\u00bb title_text=\u00bbCreated with GIMP\u00bb force_fullwidth=\u00bbon\u00bb align_tablet=\u00bbcenter\u00bb align_phone=\u00bbcenter\u00bb align_last_edited=\u00bbon|desktop\u00bb _builder_version=\u00bb4.14.7&#8243; animation_style=\u00bbslide\u00bb animation_direction=\u00bbtop\u00bb animation_intensity_slide=\u00bb10%\u00bb animation_starting_opacity=\u00bb100%\u00bb global_colors_info=\u00bb{}\u00bb][\/et_pb_image][\/et_pb_column][et_pb_column type=\u00bb1_2&#8243; _builder_version=\u00bb4.14.7&#8243; background_enable_image=\u00bboff\u00bb background_size=\u00bbinitial\u00bb background_position=\u00bbbottom_center\u00bb custom_padding=\u00bb||100px|\u00bb global_colors_info=\u00bb{}\u00bb custom_padding__hover=\u00bb|||\u00bb][et_pb_text module_class=\u00bbtexto-columna\u00bb _builder_version=\u00bb4.14.7&#8243; text_font=\u00bb||||||||\u00bb text_text_color=\u00bb#066469&#8243; text_font_size=\u00bb18px\u00bb text_line_height=\u00bb1.9em\u00bb header_font=\u00bb||||||||\u00bb header_2_font=\u00bb|600|||||||\u00bb header_2_text_color=\u00bb#7272ff\u00bb header_2_font_size=\u00bb19px\u00bb header_4_font=\u00bbMerriweather|700|||||||\u00bb header_4_text_color=\u00bb#066469&#8243; header_4_font_size=\u00bb20px\u00bb header_4_line_height=\u00bb1.7em\u00bb background_color=\u00bbrgba(139,206,215,0.8)\u00bb text_orientation=\u00bbcenter\u00bb custom_margin=\u00bb|||\u00bb custom_padding=\u00bb60px|40px|60px|40px\u00bb custom_padding_tablet=\u00bb40px|40px|60px|40px|false|false\u00bb custom_padding_phone=\u00bb40px|20px||20px|false|false\u00bb custom_padding_last_edited=\u00bbon|tablet\u00bb animation_style=\u00bbslide\u00bb animation_direction=\u00bbbottom\u00bb animation_intensity_slide=\u00bb20%\u00bb animation_starting_opacity=\u00bb100%\u00bb global_colors_info=\u00bb{}\u00bb]<\/p>\n<h4>HOGREFE TEA Ediciones<\/h4>\n<p class=\"m_-6999272335058904955top-x2\"><span>TEA Ediciones, empresa fundada en 1957, es la\u00a0<strong>primera empresa espa\u00f1ola<\/strong>\u00a0en la edici\u00f3n y elaboraci\u00f3n de test y pruebas de evaluaci\u00f3n psicol\u00f3gica. En su cat\u00e1logo figuran\u00a0<strong>m\u00e1s de 300 test<\/strong>\u00a0psicol\u00f3gicos editados, entre los que se encuentran los de mayor\u00a0<strong>prestigio internacional:\u00a0<\/strong><a href=\"https:\/\/urldefense.com\/v3\/__http:\/\/web.teaediciones.com\/ABAS-II.-SISTEMA-PARA-LA-EVALUACION-DE-LA-CONDUCTA-ADAPTATIVA.aspx__;!!D9dNQwwGXtA!RnCHESXggI2iSETJ-WoY9IbYvVMCMimVCw3j8IGT0bS8xKXQ6kbwf5qVPDYFK22Grw-U30y_yllSX94GAYW8$\" target=\"_blank\" data-saferedirecturl=\"https:\/\/www.google.com\/url?q=https:\/\/urldefense.com\/v3\/__http:\/\/web.teaediciones.com\/ABAS-II.-SISTEMA-PARA-LA-EVALUACION-DE-LA-CONDUCTA-ADAPTATIVA.aspx__;!!D9dNQwwGXtA!RnCHESXggI2iSETJ-WoY9IbYvVMCMimVCw3j8IGT0bS8xKXQ6kbwf5qVPDYFK22Grw-U30y_yllSX94GAYW8$&amp;source=gmail&amp;ust=1721457317599000&amp;usg=AOvVaw2k4oT9yDk3wcx0coGb1XCt\" rel=\"noopener\">ABAS-II<\/a>,\u00a0<a href=\"https:\/\/urldefense.com\/v3\/__http:\/\/web.teaediciones.com\/CompeTEA.aspx__;!!D9dNQwwGXtA!RnCHESXggI2iSETJ-WoY9IbYvVMCMimVCw3j8IGT0bS8xKXQ6kbwf5qVPDYFK22Grw-U30y_yllSXySNdqxC$\" target=\"_blank\" data-saferedirecturl=\"https:\/\/www.google.com\/url?q=https:\/\/urldefense.com\/v3\/__http:\/\/web.teaediciones.com\/CompeTEA.aspx__;!!D9dNQwwGXtA!RnCHESXggI2iSETJ-WoY9IbYvVMCMimVCw3j8IGT0bS8xKXQ6kbwf5qVPDYFK22Grw-U30y_yllSXySNdqxC$&amp;source=gmail&amp;ust=1721457317599000&amp;usg=AOvVaw0ZsWNW7NDD52bdndVVAO32\" rel=\"noopener\">CompeT<wbr \/>EA<\/a>,\u00a0<a href=\"https:\/\/urldefense.com\/v3\/__http:\/\/web.teaediciones.com\/RIAS-Escalas-de-Inteligencia-de-Reynolds.aspx__;!!D9dNQwwGXtA!RnCHESXggI2iSETJ-WoY9IbYvVMCMimVCw3j8IGT0bS8xKXQ6kbwf5qVPDYFK22Grw-U30y_yllSX0oKuKBU$\" target=\"_blank\" data-saferedirecturl=\"https:\/\/www.google.com\/url?q=https:\/\/urldefense.com\/v3\/__http:\/\/web.teaediciones.com\/RIAS-Escalas-de-Inteligencia-de-Reynolds.aspx__;!!D9dNQwwGXtA!RnCHESXggI2iSETJ-WoY9IbYvVMCMimVCw3j8IGT0bS8xKXQ6kbwf5qVPDYFK22Grw-U30y_yllSX0oKuKBU$&amp;source=gmail&amp;ust=1721457317599000&amp;usg=AOvVaw1-pkGBw8Dqw-jrJU1xV6Ee\" rel=\"noopener\">RIAS<\/a>,\u00a0<a href=\"https:\/\/urldefense.com\/v3\/__http:\/\/web.teaediciones.com\/CUIDA--CUESTIONARIO-PARA-LA-EVALUACION-DE-ADOPTANTES--CUIDADORES--TUTORES-Y-MEDIADORES.aspx__;!!D9dNQwwGXtA!RnCHESXggI2iSETJ-WoY9IbYvVMCMimVCw3j8IGT0bS8xKXQ6kbwf5qVPDYFK22Grw-U30y_yllSX_tO6nWn$\" target=\"_blank\" data-saferedirecturl=\"https:\/\/www.google.com\/url?q=https:\/\/urldefense.com\/v3\/__http:\/\/web.teaediciones.com\/CUIDA--CUESTIONARIO-PARA-LA-EVALUACION-DE-ADOPTANTES--CUIDADORES--TUTORES-Y-MEDIADORES.aspx__;!!D9dNQwwGXtA!RnCHESXggI2iSETJ-WoY9IbYvVMCMimVCw3j8IGT0bS8xKXQ6kbwf5qVPDYFK22Grw-U30y_yllSX_tO6nWn$&amp;source=gmail&amp;ust=1721457317599000&amp;usg=AOvVaw1hFGHOvmQz5nVC5QPMaidN\" rel=\"noopener\">CUIDA<\/a>,\u00a0<a href=\"https:\/\/urldefense.com\/v3\/__http:\/\/web.teaediciones.com\/CUMANIN--CUESTIONARIO-DE-MADUREZ-NEUROPSICOLOGICA-INFANTIL.aspx__;!!D9dNQwwGXtA!RnCHESXggI2iSETJ-WoY9IbYvVMCMimVCw3j8IGT0bS8xKXQ6kbwf5qVPDYFK22Grw-U30y_yllSX3Vjt5VJ$\" target=\"_blank\" data-saferedirecturl=\"https:\/\/www.google.com\/url?q=https:\/\/urldefense.com\/v3\/__http:\/\/web.teaediciones.com\/CUMANIN--CUESTIONARIO-DE-MADUREZ-NEUROPSICOLOGICA-INFANTIL.aspx__;!!D9dNQwwGXtA!RnCHESXggI2iSETJ-WoY9IbYvVMCMimVCw3j8IGT0bS8xKXQ6kbwf5qVPDYFK22Grw-U30y_yllSX3Vjt5VJ$&amp;source=gmail&amp;ust=1721457317599000&amp;usg=AOvVaw0GNK74cgfi3L8ECHzMDfEO\" rel=\"noopener\">CUMANIN<\/a>,\u00a0<a href=\"https:\/\/urldefense.com\/v3\/__http:\/\/web.teaediciones.com\/EXPLORA-Cuestionario-para-la-Orientacion-Vocacional-y-Profesional.aspx__;!!D9dNQwwGXtA!RnCHESXggI2iSETJ-WoY9IbYvVMCMimVCw3j8IGT0bS8xKXQ6kbwf5qVPDYFK22Grw-U30y_yllSXztckWpX$\" target=\"_blank\" data-saferedirecturl=\"https:\/\/www.google.com\/url?q=https:\/\/urldefense.com\/v3\/__http:\/\/web.teaediciones.com\/EXPLORA-Cuestionario-para-la-Orientacion-Vocacional-y-Profesional.aspx__;!!D9dNQwwGXtA!RnCHESXggI2iSETJ-WoY9IbYvVMCMimVCw3j8IGT0bS8xKXQ6kbwf5qVPDYFK22Grw-U30y_yllSXztckWpX$&amp;source=gmail&amp;ust=1721457317599000&amp;usg=AOvVaw1KiwbwdyeplyWXGtkwWNFU\" rel=\"noopener\">EXPL<wbr \/>ORA<\/a>,\u00a0<a href=\"https:\/\/urldefense.com\/v3\/__http:\/\/web.teaediciones.com\/ADOS-2-Escala-de-Observacion-para-el-Diagnostico-del-Autismo---2.aspx__;!!D9dNQwwGXtA!RnCHESXggI2iSETJ-WoY9IbYvVMCMimVCw3j8IGT0bS8xKXQ6kbwf5qVPDYFK22Grw-U30y_yllSX-m5z9ar$\" target=\"_blank\" data-saferedirecturl=\"https:\/\/www.google.com\/url?q=https:\/\/urldefense.com\/v3\/__http:\/\/web.teaediciones.com\/ADOS-2-Escala-de-Observacion-para-el-Diagnostico-del-Autismo---2.aspx__;!!D9dNQwwGXtA!RnCHESXggI2iSETJ-WoY9IbYvVMCMimVCw3j8IGT0bS8xKXQ6kbwf5qVPDYFK22Grw-U30y_yllSX-m5z9ar$&amp;source=gmail&amp;ust=1721457317599000&amp;usg=AOvVaw2RghtTbONbkrg3wywGRqkz\" rel=\"noopener\">ADOS-2<\/a>,\u00a0<a href=\"https:\/\/urldefense.com\/v3\/__http:\/\/web.teaediciones.com\/MMPI-2--INVENTARIO-MULTIFASICO-DE-PERSONALIDAD-DE-MINNESOTA-2.aspx__;!!D9dNQwwGXtA!RnCHESXggI2iSETJ-WoY9IbYvVMCMimVCw3j8IGT0bS8xKXQ6kbwf5qVPDYFK22Grw-U30y_yllSX_VTzpKI$\" target=\"_blank\" data-saferedirecturl=\"https:\/\/www.google.com\/url?q=https:\/\/urldefense.com\/v3\/__http:\/\/web.teaediciones.com\/MMPI-2--INVENTARIO-MULTIFASICO-DE-PERSONALIDAD-DE-MINNESOTA-2.aspx__;!!D9dNQwwGXtA!RnCHESXggI2iSETJ-WoY9IbYvVMCMimVCw3j8IGT0bS8xKXQ6kbwf5qVPDYFK22Grw-U30y_yllSX_VTzpKI$&amp;source=gmail&amp;ust=1721457317599000&amp;usg=AOvVaw1B7az5M6pQG953iK3GXveU\" rel=\"noopener\">MMPI\u00ae-2<\/a>,\u00a0<a href=\"https:\/\/urldefense.com\/v3\/__http:\/\/web.teaediciones.com\/PAI--INVENTARIO-DE-EVALUACION-DE-LA-PERSONALIDAD.aspx__;!!D9dNQwwGXtA!RnCHESXggI2iSETJ-WoY9IbYvVMCMimVCw3j8IGT0bS8xKXQ6kbwf5qVPDYFK22Grw-U30y_yllSXyNEUnHG$\" target=\"_blank\" data-saferedirecturl=\"https:\/\/www.google.com\/url?q=https:\/\/urldefense.com\/v3\/__http:\/\/web.teaediciones.com\/PAI--INVENTARIO-DE-EVALUACION-DE-LA-PERSONALIDAD.aspx__;!!D9dNQwwGXtA!RnCHESXggI2iSETJ-WoY9IbYvVMCMimVCw3j8IGT0bS8xKXQ6kbwf5qVPDYFK22Grw-U30y_yllSXyNEUnHG$&amp;source=gmail&amp;ust=1721457317599000&amp;usg=AOvVaw2DreScARyYCq7xC9IIbsR7\" rel=\"noopener\">PAI<\/a>,\u00a0<a href=\"https:\/\/urldefense.com\/v3\/__http:\/\/web.teaediciones.com\/SENA-Sistema-de-Evaluacion-de-Ninos-y-Adolescentes.aspx__;!!D9dNQwwGXtA!RnCHESXggI2iSETJ-WoY9IbYvVMCMimVCw3j8IGT0bS8xKXQ6kbwf5qVPDYFK22Grw-U30y_yllSX3Nezn6l$\" target=\"_blank\" data-saferedirecturl=\"https:\/\/www.google.com\/url?q=https:\/\/urldefense.com\/v3\/__http:\/\/web.teaediciones.com\/SENA-Sistema-de-Evaluacion-de-Ninos-y-Adolescentes.aspx__;!!D9dNQwwGXtA!RnCHESXggI2iSETJ-WoY9IbYvVMCMimVCw3j8IGT0bS8xKXQ6kbwf5qVPDYFK22Grw-U30y_yllSX3Nezn6l$&amp;source=gmail&amp;ust=1721457317599000&amp;usg=AOvVaw2Ur1r1ZQCMI5eMq2OuQA6H\" rel=\"noopener\">SEN<wbr \/>A<\/a>,\u00a0<a href=\"https:\/\/urldefense.com\/v3\/__http:\/\/web.teaediciones.com\/BAS-II--ESCALAS-DE-APTITUDES-INTELECTUALES.aspx__;!!D9dNQwwGXtA!RnCHESXggI2iSETJ-WoY9IbYvVMCMimVCw3j8IGT0bS8xKXQ6kbwf5qVPDYFK22Grw-U30y_yllSXxT-izLX$\" target=\"_blank\" data-saferedirecturl=\"https:\/\/www.google.com\/url?q=https:\/\/urldefense.com\/v3\/__http:\/\/web.teaediciones.com\/BAS-II--ESCALAS-DE-APTITUDES-INTELECTUALES.aspx__;!!D9dNQwwGXtA!RnCHESXggI2iSETJ-WoY9IbYvVMCMimVCw3j8IGT0bS8xKXQ6kbwf5qVPDYFK22Grw-U30y_yllSXxT-izLX$&amp;source=gmail&amp;ust=1721457317599000&amp;usg=AOvVaw35rRE1_QGpoaJZR8mjxcV_\" rel=\"noopener\">BAS-II<\/a>,\u00a0<a href=\"https:\/\/urldefense.com\/v3\/__http:\/\/web.teaediciones.com\/MATRICES--Test-de-Inteligencia-General.aspx__;!!D9dNQwwGXtA!RnCHESXggI2iSETJ-WoY9IbYvVMCMimVCw3j8IGT0bS8xKXQ6kbwf5qVPDYFK22Grw-U30y_yllSX13wfQ7T$\" target=\"_blank\" data-saferedirecturl=\"https:\/\/www.google.com\/url?q=https:\/\/urldefense.com\/v3\/__http:\/\/web.teaediciones.com\/MATRICES--Test-de-Inteligencia-General.aspx__;!!D9dNQwwGXtA!RnCHESXggI2iSETJ-WoY9IbYvVMCMimVCw3j8IGT0bS8xKXQ6kbwf5qVPDYFK22Grw-U30y_yllSX13wfQ7T$&amp;source=gmail&amp;ust=1721457317599000&amp;usg=AOvVaw2HdiGZ9uTrkOTzH0W670Hw\" rel=\"noopener\">MATRICES<\/a>,\u00a0<a href=\"https:\/\/urldefense.com\/v3\/__http:\/\/web.teaediciones.com\/MP-R--ESCALAS-DE-DESARROLLO-MERRILL-PALMER-REVISADAS.aspx__;!!D9dNQwwGXtA!RnCHESXggI2iSETJ-WoY9IbYvVMCMimVCw3j8IGT0bS8xKXQ6kbwf5qVPDYFK22Grw-U30y_yllSX62zzI0-$\" target=\"_blank\" data-saferedirecturl=\"https:\/\/www.google.com\/url?q=https:\/\/urldefense.com\/v3\/__http:\/\/web.teaediciones.com\/MP-R--ESCALAS-DE-DESARROLLO-MERRILL-PALMER-REVISADAS.aspx__;!!D9dNQwwGXtA!RnCHESXggI2iSETJ-WoY9IbYvVMCMimVCw3j8IGT0bS8xKXQ6kbwf5qVPDYFK22Grw-U30y_yllSX62zzI0-$&amp;source=gmail&amp;ust=1721457317599000&amp;usg=AOvVaw2hv6QywgbaM_UqdcRYjDR2\" rel=\"noopener\">MERRILL-<wbr \/>PALMER-R<\/a>,\u00a0<a href=\"https:\/\/urldefense.com\/v3\/__http:\/\/web.teaediciones.com\/16-PF-5--CUESTIONARIO-FACTORIAL-DE-PERSONALIDAD--5-EDICION.aspx__;!!D9dNQwwGXtA!RnCHESXggI2iSETJ-WoY9IbYvVMCMimVCw3j8IGT0bS8xKXQ6kbwf5qVPDYFK22Grw-U30y_yllSX9hqeVFS$\" target=\"_blank\" data-saferedirecturl=\"https:\/\/www.google.com\/url?q=https:\/\/urldefense.com\/v3\/__http:\/\/web.teaediciones.com\/16-PF-5--CUESTIONARIO-FACTORIAL-DE-PERSONALIDAD--5-EDICION.aspx__;!!D9dNQwwGXtA!RnCHESXggI2iSETJ-WoY9IbYvVMCMimVCw3j8IGT0bS8xKXQ6kbwf5qVPDYFK22Grw-U30y_yllSX9hqeVFS$&amp;source=gmail&amp;ust=1721457317599000&amp;usg=AOvVaw3T6XsurY9sUTlgNEqd0zYP\" rel=\"noopener\">16PF-5<\/a>,\u00a0<a href=\"https:\/\/urldefense.com\/v3\/__http:\/\/web.teaediciones.com\/NEO-PI-R--INVENTARIO-DE-PERSONALIDAD-NEO-REVISADO.aspx__;!!D9dNQwwGXtA!RnCHESXggI2iSETJ-WoY9IbYvVMCMimVCw3j8IGT0bS8xKXQ6kbwf5qVPDYFK22Grw-U30y_yllSX7zL-eq3$\" target=\"_blank\" data-saferedirecturl=\"https:\/\/www.google.com\/url?q=https:\/\/urldefense.com\/v3\/__http:\/\/web.teaediciones.com\/NEO-PI-R--INVENTARIO-DE-PERSONALIDAD-NEO-REVISADO.aspx__;!!D9dNQwwGXtA!RnCHESXggI2iSETJ-WoY9IbYvVMCMimVCw3j8IGT0bS8xKXQ6kbwf5qVPDYFK22Grw-U30y_yllSX7zL-eq3$&amp;source=gmail&amp;ust=1721457317599000&amp;usg=AOvVaw1uhCC7c2X9Kc8uYOL8pjo-\" rel=\"noopener\">NEO PI-R<\/a>,\u00a0<a href=\"https:\/\/urldefense.com\/v3\/__http:\/\/web.teaediciones.com\/TPT-Test-de-Personalidad-de-TEA.aspx__;!!D9dNQwwGXtA!RnCHESXggI2iSETJ-WoY9IbYvVMCMimVCw3j8IGT0bS8xKXQ6kbwf5qVPDYFK22Grw-U30y_yllSX9Offe2P$\" target=\"_blank\" data-saferedirecturl=\"https:\/\/www.google.com\/url?q=https:\/\/urldefense.com\/v3\/__http:\/\/web.teaediciones.com\/TPT-Test-de-Personalidad-de-TEA.aspx__;!!D9dNQwwGXtA!RnCHESXggI2iSETJ-WoY9IbYvVMCMimVCw3j8IGT0bS8xKXQ6kbwf5qVPDYFK22Grw-U30y_yllSX9Offe2P$&amp;source=gmail&amp;ust=1721457317599000&amp;usg=AOvVaw34MfBvAYEJhnKIF-LorLg8\" rel=\"noopener\">TPT<\/a>,\u00a0<a href=\"https:\/\/urldefense.com\/v3\/__http:\/\/web.teaediciones.com\/TAMAI--TEST-AUTOEVALUATIVO-MULTIFACTORIAL-DE-ADAPTACION-INFANTIL.aspx__;!!D9dNQwwGXtA!RnCHESXggI2iSETJ-WoY9IbYvVMCMimVCw3j8IGT0bS8xKXQ6kbwf5qVPDYFK22Grw-U30y_yllSX0UpuwiV$\" target=\"_blank\" data-saferedirecturl=\"https:\/\/www.google.com\/url?q=https:\/\/urldefense.com\/v3\/__http:\/\/web.teaediciones.com\/TAMAI--TEST-AUTOEVALUATIVO-MULTIFACTORIAL-DE-ADAPTACION-INFANTIL.aspx__;!!D9dNQwwGXtA!RnCHESXggI2iSETJ-WoY9IbYvVMCMimVCw3j8IGT0bS8xKXQ6kbwf5qVPDYFK22Grw-U30y_yllSX0UpuwiV$&amp;source=gmail&amp;ust=1721457317599000&amp;usg=AOvVaw1X2Yf8zRo-PqupZlsSeq8t\" rel=\"noopener\">TAMAI<\/a>,\u00a0<a href=\"https:\/\/urldefense.com\/v3\/__http:\/\/web.teaediciones.com\/PROLEC-R-Bateria-de-Evaluacion-de-los-Procesos-Lectores--Revisad.aspx__;!!D9dNQwwGXtA!RnCHESXggI2iSETJ-WoY9IbYvVMCMimVCw3j8IGT0bS8xKXQ6kbwf5qVPDYFK22Grw-U30y_yllSX7qkB87-$\" target=\"_blank\" data-saferedirecturl=\"https:\/\/www.google.com\/url?q=https:\/\/urldefense.com\/v3\/__http:\/\/web.teaediciones.com\/PROLEC-R-Bateria-de-Evaluacion-de-los-Procesos-Lectores--Revisad.aspx__;!!D9dNQwwGXtA!RnCHESXggI2iSETJ-WoY9IbYvVMCMimVCw3j8IGT0bS8xKXQ6kbwf5qVPDYFK22Grw-U30y_yllSX7qkB87-$&amp;source=gmail&amp;ust=1721457317599000&amp;usg=AOvVaw2A7coMBdzg_er8hgPqitFM\" rel=\"noopener\">PROLEC-R<\/a>, etc.<u><\/u><u><\/u><\/span><\/p>\n<p><span>Forma parte del\u00a0<a href=\"https:\/\/urldefense.com\/v3\/__https:\/\/www.hogrefe.com\/__;!!D9dNQwwGXtA!RnCHESXggI2iSETJ-WoY9IbYvVMCMimVCw3j8IGT0bS8xKXQ6kbwf5qVPDYFK22Grw-U30y_yllSX2o1m34S$\" target=\"_blank\" data-saferedirecturl=\"https:\/\/www.google.com\/url?q=https:\/\/urldefense.com\/v3\/__https:\/\/www.hogrefe.com\/__;!!D9dNQwwGXtA!RnCHESXggI2iSETJ-WoY9IbYvVMCMimVCw3j8IGT0bS8xKXQ6kbwf5qVPDYFK22Grw-U30y_yllSX2o1m34S$&amp;source=gmail&amp;ust=1721457317599000&amp;usg=AOvVaw1T2o5NnwO1jNCjodntuar0\" rel=\"noopener\">Grupo Editorial Hogrefe<\/a>, editorial cient\u00edfica europea l\u00edder en el \u00e1rea de Psicolog\u00eda, Psicoterapia y Psiquiatr\u00eda, fundada en 1949 y que actualmente integra a compa\u00f1\u00edas editoras ubicadas en 16 pa\u00edses (Alemania, Suiza, Austria, Reino Unido, Estados Unidos, Francia, Pa\u00edses Bajos, Rep\u00fablica Checa, Italia, Dinamarca, Suecia, Finlandia, Brasil, Espa\u00f1a, Portugal y Noruega). Contando con 6500 autores, 500 cursos de capacitaci\u00f3n y calificaci\u00f3n, m\u00e1s de 2300 pruebas disponibles en 24 idiomas, 2300 libros disponibles en 12 idiomas, 140 nuevas publicaciones de libros por a\u00f1o, 39 revistas, m\u00e1s de 125 exposiciones por a\u00f1o en conferencias y reuniones cient\u00edficas, m\u00e1s de 440 profesionales en todo el mundo.<\/span><\/p>\n<p>[\/et_pb_text][\/et_pb_column][\/et_pb_row][et_pb_row column_structure=\u00bb1_2,1_2&#8243; custom_padding_last_edited=\u00bbon|phone\u00bb disabled_on=\u00bboff|off|off\u00bb admin_label=\u00bbnumero-separador\u00bb _builder_version=\u00bb4.14.7&#8243; _module_preset=\u00bbdefault\u00bb width_tablet=\u00bb\u00bb width_phone=\u00bb100%\u00bb width_last_edited=\u00bbon|phone\u00bb custom_padding=\u00bb0px||0px||false|false\u00bb custom_padding_tablet=\u00bb0px||0px||false|false\u00bb custom_padding_phone=\u00bb|20px||20px|false|false\u00bb collapsed=\u00bboff\u00bb global_colors_info=\u00bb{}\u00bb][et_pb_column type=\u00bb1_2&#8243; _builder_version=\u00bb4.14.7&#8243; _module_preset=\u00bbdefault\u00bb global_colors_info=\u00bb{}\u00bb][\/et_pb_column][et_pb_column type=\u00bb1_2&#8243; _builder_version=\u00bb4.14.7&#8243; _module_preset=\u00bbdefault\u00bb global_colors_info=\u00bb{}\u00bb][et_pb_text admin_label=\u00bbn\u00famero\u00bb _builder_version=\u00bb4.14.7&#8243; text_font=\u00bb||||||||\u00bb text_text_color=\u00bb#180302&#8243; text_font_size=\u00bb18px\u00bb text_line_height=\u00bb1.9em\u00bb header_font=\u00bb||||||||\u00bb header_2_font=\u00bb|600|||||||\u00bb header_2_text_color=\u00bb#7272ff\u00bb header_2_font_size=\u00bb19px\u00bb header_4_font=\u00bbMerriweather|700|||||||\u00bb header_4_text_color=\u00bb#e83643&#8243; header_4_font_size=\u00bb20px\u00bb header_4_line_height=\u00bb1.7em\u00bb background_enable_color=\u00bboff\u00bb text_orientation=\u00bbcenter\u00bb custom_margin=\u00bb|||\u00bb custom_padding=\u00bb0px|0px|0px|0px|false|false\u00bb animation_style=\u00bbslide\u00bb animation_direction=\u00bbbottom\u00bb animation_intensity_slide=\u00bb20%\u00bb animation_starting_opacity=\u00bb100%\u00bb global_colors_info=\u00bb{}\u00bb]<\/p>\n<p class=\"numero\">07<\/p>\n<p>[\/et_pb_text][\/et_pb_column][\/et_pb_row][et_pb_row column_structure=\u00bb1_2,1_2&#8243; use_custom_gutter=\u00bbon\u00bb gutter_width=\u00bb1&#8243; custom_padding_last_edited=\u00bbon|phone\u00bb disabled_on=\u00bbon|on|on\u00bb admin_label=\u00bbMasNeuros\u00bb _builder_version=\u00bb4.14.7&#8243; width_tablet=\u00bb\u00bb width_phone=\u00bb100%\u00bb width_last_edited=\u00bbon|phone\u00bb custom_margin=\u00bb|||\u00bb custom_padding=\u00bb0px||100px|\u00bb custom_padding_tablet=\u00bb||50px||false|false\u00bb custom_padding_phone=\u00bb|20px|50px|20px|false|false\u00bb disabled=\u00bbon\u00bb collapsed=\u00bbon\u00bb global_colors_info=\u00bb{}\u00bb][et_pb_column type=\u00bb1_2&#8243; _builder_version=\u00bb3.25&#8243; custom_padding=\u00bb5%|||\u00bb global_colors_info=\u00bb{}\u00bb custom_padding__hover=\u00bb|||\u00bb][et_pb_image src=\u00bbhttps:\/\/www.aitanacongress.com\/2024\/wp-content\/uploads\/masneuros-colaboradores-2024.jpg\u00bb title_text=\u00bbCreated with GIMP\u00bb force_fullwidth=\u00bbon\u00bb align_tablet=\u00bbcenter\u00bb align_phone=\u00bbcenter\u00bb align_last_edited=\u00bbon|desktop\u00bb _builder_version=\u00bb4.14.7&#8243; animation_style=\u00bbslide\u00bb animation_direction=\u00bbtop\u00bb animation_intensity_slide=\u00bb10%\u00bb animation_starting_opacity=\u00bb100%\u00bb global_colors_info=\u00bb{}\u00bb][\/et_pb_image][\/et_pb_column][et_pb_column type=\u00bb1_2&#8243; _builder_version=\u00bb4.14.7&#8243; background_enable_image=\u00bboff\u00bb background_size=\u00bbinitial\u00bb background_position=\u00bbbottom_center\u00bb custom_padding=\u00bb||100px|\u00bb global_colors_info=\u00bb{}\u00bb custom_padding__hover=\u00bb|||\u00bb][et_pb_text module_class=\u00bbtexto-columna\u00bb _builder_version=\u00bb4.14.7&#8243; text_font=\u00bb||||||||\u00bb text_text_color=\u00bb#066469&#8243; text_font_size=\u00bb18px\u00bb text_line_height=\u00bb1.9em\u00bb header_font=\u00bb||||||||\u00bb header_2_font=\u00bb|600|||||||\u00bb header_2_text_color=\u00bb#7272ff\u00bb header_2_font_size=\u00bb19px\u00bb header_4_font=\u00bbMerriweather|700|||||||\u00bb header_4_text_color=\u00bb#066469&#8243; header_4_font_size=\u00bb20px\u00bb header_4_line_height=\u00bb1.7em\u00bb background_color=\u00bbrgba(139,206,215,0.8)\u00bb text_orientation=\u00bbcenter\u00bb custom_margin=\u00bb|||\u00bb custom_padding=\u00bb60px|40px|60px|40px\u00bb custom_padding_tablet=\u00bb40px|40px|60px|40px|false|false\u00bb custom_padding_phone=\u00bb40px|20px||20px|false|false\u00bb custom_padding_last_edited=\u00bbon|tablet\u00bb animation_style=\u00bbslide\u00bb animation_direction=\u00bbbottom\u00bb animation_intensity_slide=\u00bb20%\u00bb animation_starting_opacity=\u00bb100%\u00bb global_colors_info=\u00bb{}\u00bb]<\/p>\n<h4>MasNeuros<\/h4>\n<p>Masneuros es una empresa l\u00edder en el \u00e1rea del neurodesarrollo.<\/p>\n<p>Desarrollamos y distribuimos herramientas innovadoras en evaluaci\u00f3n e intervenci\u00f3n validadas cient\u00edficamente, facilitando el trabajo del profesional tanto en la cl\u00ednica c\u00f3mo en el colegio.[\/et_pb_text][\/et_pb_column][\/et_pb_row][et_pb_row column_structure=\u00bb1_2,1_2&#8243; custom_padding_last_edited=\u00bbon|phone\u00bb disabled_on=\u00bbon|on|on\u00bb admin_label=\u00bbnumero-separador\u00bb _builder_version=\u00bb4.14.7&#8243; _module_preset=\u00bbdefault\u00bb width_tablet=\u00bb\u00bb width_phone=\u00bb100%\u00bb width_last_edited=\u00bbon|phone\u00bb custom_padding=\u00bb0px||0px||false|false\u00bb custom_padding_tablet=\u00bb0px||0px||false|false\u00bb custom_padding_phone=\u00bb|20px||20px|false|false\u00bb disabled=\u00bbon\u00bb collapsed=\u00bbon\u00bb global_colors_info=\u00bb{}\u00bb][et_pb_column type=\u00bb1_2&#8243; _builder_version=\u00bb4.14.7&#8243; _module_preset=\u00bbdefault\u00bb global_colors_info=\u00bb{}\u00bb][\/et_pb_column][et_pb_column type=\u00bb1_2&#8243; _builder_version=\u00bb4.14.7&#8243; _module_preset=\u00bbdefault\u00bb global_colors_info=\u00bb{}\u00bb][et_pb_text admin_label=\u00bbn\u00famero\u00bb _builder_version=\u00bb4.14.7&#8243; text_font=\u00bb||||||||\u00bb text_text_color=\u00bb#180302&#8243; text_font_size=\u00bb18px\u00bb text_line_height=\u00bb1.9em\u00bb header_font=\u00bb||||||||\u00bb header_2_font=\u00bb|600|||||||\u00bb header_2_text_color=\u00bb#7272ff\u00bb header_2_font_size=\u00bb19px\u00bb header_4_font=\u00bbMerriweather|700|||||||\u00bb header_4_text_color=\u00bb#e83643&#8243; header_4_font_size=\u00bb20px\u00bb header_4_line_height=\u00bb1.7em\u00bb background_enable_color=\u00bboff\u00bb text_orientation=\u00bbcenter\u00bb custom_margin=\u00bb|||\u00bb custom_padding=\u00bb0px|0px|0px|0px|false|false\u00bb animation_style=\u00bbslide\u00bb animation_direction=\u00bbbottom\u00bb animation_intensity_slide=\u00bb20%\u00bb animation_starting_opacity=\u00bb100%\u00bb global_colors_info=\u00bb{}\u00bb]<\/p>\n<p class=\"numero\">08<\/p>\n<p>[\/et_pb_text][\/et_pb_column][\/et_pb_row][et_pb_row column_structure=\u00bb1_2,1_2&#8243; use_custom_gutter=\u00bbon\u00bb gutter_width=\u00bb1&#8243; custom_padding_last_edited=\u00bbon|phone\u00bb disabled_on=\u00bbon|on|on\u00bb admin_label=\u00bbPremisa\u00bb _builder_version=\u00bb4.14.7&#8243; width_tablet=\u00bb\u00bb width_phone=\u00bb100%\u00bb width_last_edited=\u00bbon|phone\u00bb custom_margin=\u00bb|||\u00bb custom_padding=\u00bb0px||100px|\u00bb custom_padding_tablet=\u00bb||50px||false|false\u00bb custom_padding_phone=\u00bb|20px|50px|20px|false|false\u00bb disabled=\u00bbon\u00bb collapsed=\u00bbon\u00bb global_colors_info=\u00bb{}\u00bb][et_pb_column type=\u00bb1_2&#8243; _builder_version=\u00bb3.25&#8243; custom_padding=\u00bb5%|||\u00bb global_colors_info=\u00bb{}\u00bb custom_padding__hover=\u00bb|||\u00bb][et_pb_image src=\u00bbhttps:\/\/www.aitanacongress.com\/2024\/wp-content\/uploads\/premisa-colaboradores.jpg\u00bb title_text=\u00bbCreated with GIMP\u00bb force_fullwidth=\u00bbon\u00bb align_tablet=\u00bbcenter\u00bb align_phone=\u00bbcenter\u00bb align_last_edited=\u00bbon|desktop\u00bb _builder_version=\u00bb4.14.7&#8243; animation_style=\u00bbslide\u00bb animation_direction=\u00bbtop\u00bb animation_intensity_slide=\u00bb10%\u00bb animation_starting_opacity=\u00bb100%\u00bb global_colors_info=\u00bb{}\u00bb][\/et_pb_image][\/et_pb_column][et_pb_column type=\u00bb1_2&#8243; _builder_version=\u00bb4.14.7&#8243; background_enable_image=\u00bboff\u00bb background_size=\u00bbinitial\u00bb background_position=\u00bbbottom_center\u00bb custom_padding=\u00bb||100px|\u00bb global_colors_info=\u00bb{}\u00bb custom_padding__hover=\u00bb|||\u00bb][et_pb_text module_class=\u00bbtexto-columna\u00bb _builder_version=\u00bb4.14.7&#8243; text_font=\u00bb||||||||\u00bb text_text_color=\u00bb#180302&#8243; text_font_size=\u00bb18px\u00bb text_line_height=\u00bb1.9em\u00bb header_font=\u00bb||||||||\u00bb header_2_font=\u00bb|600|||||||\u00bb header_2_text_color=\u00bb#7272ff\u00bb header_2_font_size=\u00bb19px\u00bb header_4_font=\u00bbMerriweather|700|||||||\u00bb header_4_text_color=\u00bb#e83643&#8243; header_4_font_size=\u00bb20px\u00bb header_4_line_height=\u00bb1.7em\u00bb background_color=\u00bb#fcf0d4&#8243; text_orientation=\u00bbcenter\u00bb custom_margin=\u00bb|||\u00bb custom_padding=\u00bb60px|40px|60px|40px\u00bb custom_padding_tablet=\u00bb40px|40px|60px|40px|false|false\u00bb custom_padding_phone=\u00bb40px|20px||20px|false|false\u00bb custom_padding_last_edited=\u00bbon|tablet\u00bb animation_style=\u00bbslide\u00bb animation_direction=\u00bbbottom\u00bb animation_intensity_slide=\u00bb20%\u00bb animation_starting_opacity=\u00bb100%\u00bb global_colors_info=\u00bb{}\u00bb]<\/p>\n<h4>Premisa<\/h4>\n<p>Es una librer\u00eda online, t\u00e9cnica y especializada, que nace con la idea de atender a la demanda del profesional y del p\u00fablico vinculado a la Psiquiatr\u00eda, Psicolog\u00eda, Psicoan\u00e1lisis, Logopedia, Pedagog\u00eda, Educaci\u00f3n, Discapacidad, Nutrici\u00f3n, Enfermer\u00eda y a todas las ramas de la Medicina.[\/et_pb_text][\/et_pb_column][\/et_pb_row][et_pb_row column_structure=\u00bb1_2,1_2&#8243; custom_padding_last_edited=\u00bbon|phone\u00bb disabled_on=\u00bbon|on|on\u00bb admin_label=\u00bbnumero-separador\u00bb _builder_version=\u00bb4.14.7&#8243; _module_preset=\u00bbdefault\u00bb width_tablet=\u00bb\u00bb width_phone=\u00bb100%\u00bb width_last_edited=\u00bbon|phone\u00bb custom_padding=\u00bb0px||0px||false|false\u00bb custom_padding_tablet=\u00bb0px||0px||false|false\u00bb custom_padding_phone=\u00bb|20px||20px|false|false\u00bb disabled=\u00bbon\u00bb collapsed=\u00bbon\u00bb global_colors_info=\u00bb{}\u00bb][et_pb_column type=\u00bb1_2&#8243; _builder_version=\u00bb4.14.7&#8243; _module_preset=\u00bbdefault\u00bb global_colors_info=\u00bb{}\u00bb][\/et_pb_column][et_pb_column type=\u00bb1_2&#8243; _builder_version=\u00bb4.14.7&#8243; _module_preset=\u00bbdefault\u00bb global_colors_info=\u00bb{}\u00bb][et_pb_text admin_label=\u00bbn\u00famero\u00bb _builder_version=\u00bb4.14.7&#8243; text_font=\u00bb||||||||\u00bb text_text_color=\u00bb#180302&#8243; text_font_size=\u00bb18px\u00bb text_line_height=\u00bb1.9em\u00bb header_font=\u00bb||||||||\u00bb header_2_font=\u00bb|600|||||||\u00bb header_2_text_color=\u00bb#7272ff\u00bb header_2_font_size=\u00bb19px\u00bb header_4_font=\u00bbMerriweather|700|||||||\u00bb header_4_text_color=\u00bb#e83643&#8243; header_4_font_size=\u00bb20px\u00bb header_4_line_height=\u00bb1.7em\u00bb background_enable_color=\u00bboff\u00bb text_orientation=\u00bbcenter\u00bb custom_margin=\u00bb|||\u00bb custom_padding=\u00bb0px|0px|0px|0px|false|false\u00bb animation_style=\u00bbslide\u00bb animation_direction=\u00bbbottom\u00bb animation_intensity_slide=\u00bb20%\u00bb animation_starting_opacity=\u00bb100%\u00bb global_colors_info=\u00bb{}\u00bb]<\/p>\n<p class=\"numero\">05<\/p>\n<p>[\/et_pb_text][\/et_pb_column][\/et_pb_row][\/et_pb_section][et_pb_section fb_built=\u00bb1&#8243; custom_padding_last_edited=\u00bbon|phone\u00bb admin_label=\u00bbLOGO_ESPANOL\u00bb module_class=\u00bblogos-congreso\u00bb _builder_version=\u00bb4.14.7&#8243; _module_preset=\u00bbdefault\u00bb custom_padding=\u00bb30px||40px||false|false\u00bb custom_padding_tablet=\u00bb||45px||false|false\u00bb custom_padding_phone=\u00bb50px||15px||false|false\u00bb hover_enabled=\u00bb0&#8243; global_module=\u00bb10278&#8243; saved_tabs=\u00bball\u00bb collapsed=\u00bboff\u00bb global_colors_info=\u00bb{}\u00bb sticky_enabled=\u00bb0&#8243;][et_pb_row custom_padding_last_edited=\u00bbon|phone\u00bb admin_label=\u00bbOrganiza\u00bb _builder_version=\u00bb4.14.7&#8243; _module_preset=\u00bbdefault\u00bb custom_margin=\u00bb||0px||false|false\u00bb custom_padding=\u00bb||0px||false|false\u00bb custom_padding_tablet=\u00bb||0px||false|false\u00bb custom_padding_phone=\u00bb0px||||false|false\u00bb global_colors_info=\u00bb{}\u00bb][et_pb_column type=\u00bb4_4&#8243; _builder_version=\u00bb4.14.7&#8243; _module_preset=\u00bbdefault\u00bb global_colors_info=\u00bb{}\u00bb][et_pb_text _builder_version=\u00bb4.14.7&#8243; _module_preset=\u00bbdefault\u00bb text_font=\u00bb|600||on|||||\u00bb text_text_color=\u00bb#d05e15&#8243; text_orientation=\u00bbcenter\u00bb module_alignment=\u00bbcenter\u00bb custom_margin=\u00bb||0px||false|false\u00bb custom_padding=\u00bb||0px||false|false\u00bb global_colors_info=\u00bb{}\u00bb]<\/p>\n<p style=\"font-weight: 600; color: #066469; font-family: 'gill-sans',Helvetica,Arial,Lucida,sans-serif !important;\">Organiza<\/p>\n<p>[\/et_pb_text][\/et_pb_column][\/et_pb_row][et_pb_row column_structure=\u00bb1_4,1_2,1_4&#8243; custom_padding_last_edited=\u00bbon|desktop\u00bb module_class=\u00bblogos-uno\u00bb _builder_version=\u00bb4.14.7&#8243; _module_preset=\u00bbdefault\u00bb custom_padding=\u00bb10px||0px||false|false\u00bb custom_padding_tablet=\u00bb||15px||false|false\u00bb custom_padding_phone=\u00bb||15px||false|false\u00bb global_colors_info=\u00bb{}\u00bb][et_pb_column type=\u00bb1_4&#8243; _builder_version=\u00bb4.14.7&#8243; _module_preset=\u00bbdefault\u00bb global_colors_info=\u00bb{}\u00bb][\/et_pb_column][et_pb_column type=\u00bb1_2&#8243; _builder_version=\u00bb4.14.7&#8243; _module_preset=\u00bbdefault\u00bb global_colors_info=\u00bb{}\u00bb][et_pb_image src=\u00bbhttps:\/\/www.aitanacongress.com\/2024\/wp-content\/uploads\/logo-aitana-2024-conjunto.png\u00bb title_text=\u00bblogo-aitana-2024-conjunto\u00bb url=\u00bbhttps:\/\/aitanainvestigacion.umh.es\/\u00bb url_new_window=\u00bbon\u00bb align=\u00bbcenter\u00bb align_tablet=\u00bb\u00bb align_phone=\u00bb\u00bb align_last_edited=\u00bbon|phone\u00bb admin_label=\u00bbaitana\u00bb _builder_version=\u00bb4.14.7&#8243; _module_preset=\u00bbdefault\u00bb width=\u00bb350px\u00bb module_alignment=\u00bbcenter\u00bb global_colors_info=\u00bb{}\u00bb][\/et_pb_image][\/et_pb_column][et_pb_column type=\u00bb1_4&#8243; _builder_version=\u00bb4.14.7&#8243; _module_preset=\u00bbdefault\u00bb global_colors_info=\u00bb{}\u00bb][\/et_pb_column][\/et_pb_row][et_pb_row custom_padding_last_edited=\u00bbon|phone\u00bb disabled_on=\u00bboff|off|off\u00bb admin_label=\u00bbPatrocina\u00bb _builder_version=\u00bb4.14.7&#8243; _module_preset=\u00bbdefault\u00bb custom_margin=\u00bb||0px||false|false\u00bb custom_margin_tablet=\u00bb||0px||false|false\u00bb custom_margin_phone=\u00bb-15px||||false|false\u00bb custom_margin_last_edited=\u00bbon|phone\u00bb custom_padding=\u00bb||0px||false|false\u00bb custom_padding_tablet=\u00bb||0px||false|false\u00bb custom_padding_phone=\u00bb0px||||false|false\u00bb global_colors_info=\u00bb{}\u00bb][et_pb_column type=\u00bb4_4&#8243; _builder_version=\u00bb4.14.7&#8243; _module_preset=\u00bbdefault\u00bb global_colors_info=\u00bb{}\u00bb][et_pb_text _builder_version=\u00bb4.14.7&#8243; _module_preset=\u00bbdefault\u00bb text_font=\u00bb|||on|||||\u00bb text_text_color=\u00bb#d05e15&#8243; text_orientation=\u00bbcenter\u00bb module_alignment=\u00bbcenter\u00bb custom_margin=\u00bb||0px||false|false\u00bb custom_padding=\u00bb||0px||false|false\u00bb global_colors_info=\u00bb{}\u00bb]<\/p>\n<p style=\"font-weight: 600; color: #066469; font-family: 'gill-sans',Helvetica,Arial,Lucida,sans-serif !important;\">Patrocina<\/p>\n<p>[\/et_pb_text][\/et_pb_column][\/et_pb_row][et_pb_row column_structure=\u00bb1_3,1_3,1_3&#8243; disabled_on=\u00bboff|off|off\u00bb module_class=\u00bblogos-dos\u00bb _builder_version=\u00bb4.14.7&#8243; _module_preset=\u00bbdefault\u00bb global_colors_info=\u00bb{}\u00bb][et_pb_column type=\u00bb1_3&#8243; _builder_version=\u00bb4.14.7&#8243; _module_preset=\u00bbdefault\u00bb global_colors_info=\u00bb{}\u00bb][\/et_pb_column][et_pb_column type=\u00bb1_3&#8243; _builder_version=\u00bb4.14.7&#8243; _module_preset=\u00bbdefault\u00bb global_colors_info=\u00bb{}\u00bb][et_pb_image src=\u00bbhttps:\/\/www.aitanacongress.com\/2024\/wp-content\/uploads\/logo_GVA_Conselleria-de-educacion-cultura-universidades-y-empleo-_2024.png\u00bb title_text=\u00bblogo_GVA_Conselleria-de-educacion-cultura-universidades-y-empleo-_2024&#8243; url=\u00bbhttps:\/\/www.gva.es\/va\/inicio\/presentacion\u00bb url_new_window=\u00bbon\u00bb admin_label=\u00bbgva\u00bb _builder_version=\u00bb4.14.7&#8243; _module_preset=\u00bbdefault\u00bb width=\u00bb230px\u00bb module_alignment=\u00bbcenter\u00bb global_colors_info=\u00bb{}\u00bb][\/et_pb_image][\/et_pb_column][et_pb_column type=\u00bb1_3&#8243; _builder_version=\u00bb4.14.7&#8243; _module_preset=\u00bbdefault\u00bb global_colors_info=\u00bb{}\u00bb][\/et_pb_column][\/et_pb_row][et_pb_row custom_padding_last_edited=\u00bbon|phone\u00bb admin_label=\u00bbCon el apoyo de \u00bb _builder_version=\u00bb4.14.7&#8243; _module_preset=\u00bbdefault\u00bb custom_margin=\u00bb||0px||false|false\u00bb custom_margin_tablet=\u00bb||0px||false|false\u00bb custom_margin_phone=\u00bb-15px||||false|false\u00bb custom_margin_last_edited=\u00bbon|phone\u00bb custom_padding=\u00bb||0px||false|false\u00bb custom_padding_tablet=\u00bb||0px||false|false\u00bb custom_padding_phone=\u00bb0px||||false|false\u00bb global_colors_info=\u00bb{}\u00bb][et_pb_column type=\u00bb4_4&#8243; _builder_version=\u00bb4.14.7&#8243; _module_preset=\u00bbdefault\u00bb global_colors_info=\u00bb{}\u00bb][et_pb_text _builder_version=\u00bb4.14.7&#8243; _module_preset=\u00bbdefault\u00bb text_font=\u00bb|||on|||||\u00bb text_text_color=\u00bb#d05e15&#8243; text_orientation=\u00bbcenter\u00bb module_alignment=\u00bbcenter\u00bb custom_margin=\u00bb||0px||false|false\u00bb custom_padding=\u00bb||0px||false|false\u00bb global_colors_info=\u00bb{}\u00bb]<\/p>\n<p style=\"font-weight: 600; color: #066469; font-family: 'gill-sans',Helvetica,Arial,Lucida,sans-serif !important;\">Con el apoyo de<\/p>\n<p>[\/et_pb_text][\/et_pb_column][\/et_pb_row][et_pb_row column_structure=\u00bb1_6,1_6,1_6,1_6,1_6,1_6&#8243; use_custom_gutter=\u00bbon\u00bb gutter_width=\u00bb2&#8243; custom_padding_last_edited=\u00bbon|desktop\u00bb _builder_version=\u00bb4.14.7&#8243; _module_preset=\u00bbdefault\u00bb width=\u00bb100%\u00bb max_width=\u00bb1200px\u00bb custom_padding=\u00bb|20px|0px|20px|false|false\u00bb custom_padding_tablet=\u00bb|20px||20px|false|false\u00bb custom_padding_phone=\u00bb|20px||20px|false|false\u00bb global_colors_info=\u00bb{}\u00bb][et_pb_column type=\u00bb1_6&#8243; _builder_version=\u00bb4.14.7&#8243; _module_preset=\u00bbdefault\u00bb global_colors_info=\u00bb{}\u00bb][\/et_pb_column][et_pb_column type=\u00bb1_6&#8243; _builder_version=\u00bb4.14.7&#8243; _module_preset=\u00bbdefault\u00bb global_colors_info=\u00bb{}\u00bb][et_pb_image src=\u00bbhttps:\/\/www.aitanacongress.com\/2024\/wp-content\/uploads\/logo-piramide-2024-gris-new.png\u00bb title_text=\u00bblogo-piramide-2024-gris-new\u00bb url=\u00bbhttps:\/\/www.edicionespiramide.es\/\u00bb url_new_window=\u00bbon\u00bb admin_label=\u00bbpiramide\u00bb _builder_version=\u00bb4.14.7&#8243; _module_preset=\u00bbdefault\u00bb max_width=\u00bb250px\u00bb module_alignment=\u00bbcenter\u00bb global_colors_info=\u00bb{}\u00bb][\/et_pb_image][\/et_pb_column][et_pb_column type=\u00bb1_6&#8243; _builder_version=\u00bb4.14.7&#8243; _module_preset=\u00bbdefault\u00bb global_colors_info=\u00bb{}\u00bb][et_pb_image src=\u00bbhttps:\/\/www.aitanacongress.com\/2024\/wp-content\/uploads\/sepcij-logo-2024-gris.png\u00bb title_text=\u00bbsepcij-logo-2024-gris\u00bb url=\u00bbhttps:\/\/www.sepcij.es\/\u00bb url_new_window=\u00bbon\u00bb admin_label=\u00bbsepcij\u00bb _builder_version=\u00bb4.14.7&#8243; _module_preset=\u00bbdefault\u00bb max_width=\u00bb250px\u00bb module_alignment=\u00bbcenter\u00bb global_colors_info=\u00bb{}\u00bb][\/et_pb_image][\/et_pb_column][et_pb_column type=\u00bb1_6&#8243; _builder_version=\u00bb4.14.7&#8243; _module_preset=\u00bbdefault\u00bb global_colors_info=\u00bb{}\u00bb][et_pb_image src=\u00bbhttps:\/\/www.aitanacongress.com\/2024\/wp-content\/uploads\/logo_COP-2024-gris.png\u00bb title_text=\u00bblogo_COP-2024-gris\u00bb url=\u00bbhttps:\/\/www.cop.es\/index.php\u00bb url_new_window=\u00bbon\u00bb admin_label=\u00bbCOP\u00bb _builder_version=\u00bb4.14.7&#8243; _module_preset=\u00bbdefault\u00bb max_width=\u00bb250px\u00bb module_alignment=\u00bbcenter\u00bb global_colors_info=\u00bb{}\u00bb][\/et_pb_image][\/et_pb_column][et_pb_column type=\u00bb1_6&#8243; _builder_version=\u00bb4.14.7&#8243; _module_preset=\u00bbdefault\u00bb global_colors_info=\u00bb{}\u00bb][et_pb_image src=\u00bbhttps:\/\/www.aitanacongress.com\/2024\/wp-content\/uploads\/logo-academia-psicologia-2024-gris.png\u00bb title_text=\u00bblogo-academia-psicologia-2024-gris\u00bb url=\u00bbhttps:\/\/www.academiapsicologia.com\/\u00bb url_new_window=\u00bbon\u00bb admin_label=\u00bbAcademia Psic\u00bb _builder_version=\u00bb4.14.7&#8243; _module_preset=\u00bbdefault\u00bb custom_margin=\u00bb||-1px|||\u00bb global_colors_info=\u00bb{}\u00bb][\/et_pb_image][\/et_pb_column][et_pb_column type=\u00bb1_6&#8243; _builder_version=\u00bb4.14.7&#8243; _module_preset=\u00bbdefault\u00bb global_colors_info=\u00bb{}\u00bb][\/et_pb_column][\/et_pb_row][et_pb_row column_structure=\u00bb1_6,1_6,1_6,1_6,1_6,1_6&#8243; use_custom_gutter=\u00bbon\u00bb gutter_width=\u00bb2&#8243; custom_padding_last_edited=\u00bbon|desktop\u00bb _builder_version=\u00bb4.14.7&#8243; _module_preset=\u00bbdefault\u00bb width=\u00bb100%\u00bb max_width=\u00bb1200px\u00bb custom_padding=\u00bb|20px|0px|20px|false|false\u00bb custom_padding_tablet=\u00bb|20px||20px|false|false\u00bb custom_padding_phone=\u00bb|20px||20px|false|false\u00bb global_colors_info=\u00bb{}\u00bb][et_pb_column type=\u00bb1_6&#8243; _builder_version=\u00bb4.14.7&#8243; _module_preset=\u00bbdefault\u00bb global_colors_info=\u00bb{}\u00bb][\/et_pb_column][et_pb_column type=\u00bb1_6&#8243; _builder_version=\u00bb4.14.7&#8243; _module_preset=\u00bbdefault\u00bb global_colors_info=\u00bb{}\u00bb][et_pb_image src=\u00bbhttps:\/\/www.aitanacongress.com\/2024\/wp-content\/uploads\/logo-Pearson-footer-ok.png\u00bb title_text=\u00bblogo-Pearson-footer-ok\u00bb url=\u00bbhttps:\/\/www.pearsonclinical.es\/\u00bb url_new_window=\u00bbon\u00bb disabled_on=\u00bboff|off|off\u00bb admin_label=\u00bbPearson\u00bb _builder_version=\u00bb4.14.7&#8243; _module_preset=\u00bbdefault\u00bb custom_margin=\u00bb||-1px|||\u00bb global_colors_info=\u00bb{}\u00bb][\/et_pb_image][\/et_pb_column][et_pb_column type=\u00bb1_6&#8243; _builder_version=\u00bb4.14.7&#8243; _module_preset=\u00bbdefault\u00bb global_colors_info=\u00bb{}\u00bb][et_pb_image src=\u00bbhttps:\/\/www.aitanacongress.com\/2024\/wp-content\/uploads\/logo-Hogrefe_TEA.png\u00bb title_text=\u00bblogo-Hogrefe_TEA\u00bb url=\u00bbhttps:\/\/web.teaediciones.com\/Inicio.aspx\u00bb url_new_window=\u00bbon\u00bb disabled_on=\u00bboff|off|off\u00bb admin_label=\u00bbtea\u00bb module_class=\u00bbtea-logo\u00bb _builder_version=\u00bb4.14.7&#8243; _module_preset=\u00bbdefault\u00bb max_width=\u00bb250px\u00bb module_alignment=\u00bbcenter\u00bb global_colors_info=\u00bb{}\u00bb][\/et_pb_image][\/et_pb_column][et_pb_column type=\u00bb1_6&#8243; _builder_version=\u00bb4.14.7&#8243; _module_preset=\u00bbdefault\u00bb global_colors_info=\u00bb{}\u00bb][et_pb_image src=\u00bbhttps:\/\/www.aitanacongress.com\/2024\/wp-content\/uploads\/logo-visitelche.png\u00bb title_text=\u00bblogo-visitelche\u00bb url=\u00bbhttps:\/\/www.visitelche.com\/\u00bb url_new_window=\u00bbon\u00bb admin_label=\u00bbvisitelche\u00bb _builder_version=\u00bb4.14.7&#8243; _module_preset=\u00bbdefault\u00bb custom_margin=\u00bb||-1px|||\u00bb global_colors_info=\u00bb{}\u00bb][\/et_pb_image][\/et_pb_column][et_pb_column type=\u00bb1_6&#8243; _builder_version=\u00bb4.14.7&#8243; _module_preset=\u00bbdefault\u00bb global_colors_info=\u00bb{}\u00bb][et_pb_image src=\u00bbhttps:\/\/www.aitanacongress.com\/2024\/wp-content\/uploads\/logo-ayuntamientoelche-2024.png\u00bb title_text=\u00bblogo-ayuntamientoelche-2024&#8243; url=\u00bbhttps:\/\/www.elche.es\/\u00bb url_new_window=\u00bbon\u00bb admin_label=\u00bbayunt. elche\u00bb _builder_version=\u00bb4.14.7&#8243; _module_preset=\u00bbdefault\u00bb custom_margin=\u00bb||-1px|||\u00bb global_colors_info=\u00bb{}\u00bb][\/et_pb_image][\/et_pb_column][et_pb_column type=\u00bb1_6&#8243; _builder_version=\u00bb4.14.7&#8243; _module_preset=\u00bbdefault\u00bb global_colors_info=\u00bb{}\u00bb][\/et_pb_column][\/et_pb_row][\/et_pb_section]<\/p>\n","protected":false},"excerpt":{"rendered":"<p>ColaboradoresEdiciones Pir\u00e1mide Es la editorial de mayor prestigio en el campo de la educaci\u00f3n y la psicolog\u00eda en Espa\u00f1a. Se encuentra situada en el primer cuartil en Scholarly Publishers Indicators. Desde su fundaci\u00f3n en 1973 por Grupo Anaya, Ediciones Pir\u00e1mide basa su actividad fundamental en la publicaci\u00f3n de libros adaptados a las necesidades del mercado [&hellip;]<\/p>\n","protected":false},"author":1,"featured_media":0,"parent":0,"menu_order":0,"comment_status":"closed","ping_status":"closed","template":"","meta":{"_et_pb_use_builder":"on","_et_pb_old_content":"","_et_gb_content_width":"","_monsterinsights_skip_tracking":false,"_monsterinsights_sitenote_active":false,"_monsterinsights_sitenote_note":"","_monsterinsights_sitenote_category":0,"footnotes":""},"class_list":["post-322","page","type-page","status-publish","hentry"],"yoast_head":"<!-- This site is optimized with the Yoast SEO plugin v23.5 - https:\/\/yoast.com\/wordpress\/plugins\/seo\/ -->\n<title>Colaboradores - 10th International Congress of Clinical and Health Psychology in Children and Adolescents<\/title>\n<meta name=\"robots\" content=\"index, follow, max-snippet:-1, max-image-preview:large, max-video-preview:-1\" \/>\n<link rel=\"canonical\" href=\"https:\/\/www.aitanacongress.com\/2024\/colaboradores\/\" \/>\n<meta property=\"og:locale\" content=\"es_ES\" \/>\n<meta property=\"og:type\" content=\"article\" \/>\n<meta property=\"og:title\" content=\"Colaboradores - 10th International Congress of Clinical and Health Psychology in Children and Adolescents\" \/>\n<meta property=\"og:description\" content=\"ColaboradoresEdiciones Pir\u00e1mide Es la editorial de mayor prestigio en el campo de la educaci\u00f3n y la psicolog\u00eda en Espa\u00f1a. Se encuentra situada en el primer cuartil en Scholarly Publishers Indicators. Desde su fundaci\u00f3n en 1973 por Grupo Anaya, Ediciones Pir\u00e1mide basa su actividad fundamental en la publicaci\u00f3n de libros adaptados a las necesidades del mercado [&hellip;]\" \/>\n<meta property=\"og:url\" content=\"https:\/\/www.aitanacongress.com\/2024\/colaboradores\/\" \/>\n<meta property=\"og:site_name\" content=\"10th International Congress of Clinical and Health Psychology in Children and Adolescents\" \/>\n<meta property=\"article:modified_time\" content=\"2024-11-14T07:48:23+00:00\" \/>\n<meta name=\"twitter:card\" content=\"summary_large_image\" \/>\n<meta name=\"twitter:label1\" content=\"Tiempo de lectura\" \/>\n\t<meta name=\"twitter:data1\" content=\"7 minutos\" \/>\n<script type=\"application\/ld+json\" class=\"yoast-schema-graph\">{\"@context\":\"https:\/\/schema.org\",\"@graph\":[{\"@type\":\"WebPage\",\"@id\":\"https:\/\/www.aitanacongress.com\/2024\/colaboradores\/\",\"url\":\"https:\/\/www.aitanacongress.com\/2024\/colaboradores\/\",\"name\":\"Colaboradores - 10th International Congress of Clinical and Health Psychology in Children and Adolescents\",\"isPartOf\":{\"@id\":\"https:\/\/www.aitanacongress.com\/2024\/#website\"},\"datePublished\":\"2022-02-14T05:06:41+00:00\",\"dateModified\":\"2024-11-14T07:48:23+00:00\",\"breadcrumb\":{\"@id\":\"https:\/\/www.aitanacongress.com\/2024\/colaboradores\/#breadcrumb\"},\"inLanguage\":\"es\",\"potentialAction\":[{\"@type\":\"ReadAction\",\"target\":[\"https:\/\/www.aitanacongress.com\/2024\/colaboradores\/\"]}]},{\"@type\":\"BreadcrumbList\",\"@id\":\"https:\/\/www.aitanacongress.com\/2024\/colaboradores\/#breadcrumb\",\"itemListElement\":[{\"@type\":\"ListItem\",\"position\":1,\"name\":\"Portada\",\"item\":\"https:\/\/www.aitanacongress.com\/2024\/\"},{\"@type\":\"ListItem\",\"position\":2,\"name\":\"Colaboradores\"}]},{\"@type\":\"WebSite\",\"@id\":\"https:\/\/www.aitanacongress.com\/2024\/#website\",\"url\":\"https:\/\/www.aitanacongress.com\/2024\/\",\"name\":\"10th International Congress of Clinical and Health Psychology in Children and Adolescents\",\"description\":\"10th International Congress of Clinical and Health Psychology in Children and Adolescents\",\"potentialAction\":[{\"@type\":\"SearchAction\",\"target\":{\"@type\":\"EntryPoint\",\"urlTemplate\":\"https:\/\/www.aitanacongress.com\/2024\/?s={search_term_string}\"},\"query-input\":{\"@type\":\"PropertyValueSpecification\",\"valueRequired\":true,\"valueName\":\"search_term_string\"}}],\"inLanguage\":\"es\"}]}<\/script>\n<!-- \/ Yoast SEO plugin. -->","yoast_head_json":{"title":"Colaboradores - 10th International Congress of Clinical and Health Psychology in Children and Adolescents","robots":{"index":"index","follow":"follow","max-snippet":"max-snippet:-1","max-image-preview":"max-image-preview:large","max-video-preview":"max-video-preview:-1"},"canonical":"https:\/\/www.aitanacongress.com\/2024\/colaboradores\/","og_locale":"es_ES","og_type":"article","og_title":"Colaboradores - 10th International Congress of Clinical and Health Psychology in Children and Adolescents","og_description":"ColaboradoresEdiciones Pir\u00e1mide Es la editorial de mayor prestigio en el campo de la educaci\u00f3n y la psicolog\u00eda en Espa\u00f1a. Se encuentra situada en el primer cuartil en Scholarly Publishers Indicators. Desde su fundaci\u00f3n en 1973 por Grupo Anaya, Ediciones Pir\u00e1mide basa su actividad fundamental en la publicaci\u00f3n de libros adaptados a las necesidades del mercado [&hellip;]","og_url":"https:\/\/www.aitanacongress.com\/2024\/colaboradores\/","og_site_name":"10th International Congress of Clinical and Health Psychology in Children and Adolescents","article_modified_time":"2024-11-14T07:48:23+00:00","twitter_card":"summary_large_image","twitter_misc":{"Tiempo de lectura":"7 minutos"},"schema":{"@context":"https:\/\/schema.org","@graph":[{"@type":"WebPage","@id":"https:\/\/www.aitanacongress.com\/2024\/colaboradores\/","url":"https:\/\/www.aitanacongress.com\/2024\/colaboradores\/","name":"Colaboradores - 10th International Congress of Clinical and Health Psychology in Children and Adolescents","isPartOf":{"@id":"https:\/\/www.aitanacongress.com\/2024\/#website"},"datePublished":"2022-02-14T05:06:41+00:00","dateModified":"2024-11-14T07:48:23+00:00","breadcrumb":{"@id":"https:\/\/www.aitanacongress.com\/2024\/colaboradores\/#breadcrumb"},"inLanguage":"es","potentialAction":[{"@type":"ReadAction","target":["https:\/\/www.aitanacongress.com\/2024\/colaboradores\/"]}]},{"@type":"BreadcrumbList","@id":"https:\/\/www.aitanacongress.com\/2024\/colaboradores\/#breadcrumb","itemListElement":[{"@type":"ListItem","position":1,"name":"Portada","item":"https:\/\/www.aitanacongress.com\/2024\/"},{"@type":"ListItem","position":2,"name":"Colaboradores"}]},{"@type":"WebSite","@id":"https:\/\/www.aitanacongress.com\/2024\/#website","url":"https:\/\/www.aitanacongress.com\/2024\/","name":"10th International Congress of Clinical and Health Psychology in Children and Adolescents","description":"10th International Congress of Clinical and Health Psychology in Children and Adolescents","potentialAction":[{"@type":"SearchAction","target":{"@type":"EntryPoint","urlTemplate":"https:\/\/www.aitanacongress.com\/2024\/?s={search_term_string}"},"query-input":{"@type":"PropertyValueSpecification","valueRequired":true,"valueName":"search_term_string"}}],"inLanguage":"es"}]}},"_links":{"self":[{"href":"https:\/\/www.aitanacongress.com\/2024\/wp-json\/wp\/v2\/pages\/322","targetHints":{"allow":["GET"]}}],"collection":[{"href":"https:\/\/www.aitanacongress.com\/2024\/wp-json\/wp\/v2\/pages"}],"about":[{"href":"https:\/\/www.aitanacongress.com\/2024\/wp-json\/wp\/v2\/types\/page"}],"author":[{"embeddable":true,"href":"https:\/\/www.aitanacongress.com\/2024\/wp-json\/wp\/v2\/users\/1"}],"replies":[{"embeddable":true,"href":"https:\/\/www.aitanacongress.com\/2024\/wp-json\/wp\/v2\/comments?post=322"}],"version-history":[{"count":107,"href":"https:\/\/www.aitanacongress.com\/2024\/wp-json\/wp\/v2\/pages\/322\/revisions"}],"predecessor-version":[{"id":15489,"href":"https:\/\/www.aitanacongress.com\/2024\/wp-json\/wp\/v2\/pages\/322\/revisions\/15489"}],"wp:attachment":[{"href":"https:\/\/www.aitanacongress.com\/2024\/wp-json\/wp\/v2\/media?parent=322"}],"curies":[{"name":"wp","href":"https:\/\/api.w.org\/{rel}","templated":true}]}}