{"id":502,"date":"2022-02-14T10:13:31","date_gmt":"2022-02-14T10:13:31","guid":{"rendered":"https:\/\/www.aitanacongress.com\/2022\/?page_id=502"},"modified":"2025-03-25T08:52:53","modified_gmt":"2025-03-25T07:52:53","slug":"alojamiento","status":"publish","type":"page","link":"https:\/\/www.aitanacongress.com\/2025\/alojamiento\/","title":{"rendered":"Alojamiento"},"content":{"rendered":"<p>[et_pb_section fb_built=\u00bb1&#8243; admin_label=\u00bbCabecera\u00bb module_class=\u00bbcabecera-page\u00bb _builder_version=\u00bb4.14.7&#8243; _module_preset=\u00bbdefault\u00bb background_color=\u00bb#005da1&#8243; background_enable_image=\u00bboff\u00bb custom_margin=\u00bb0px||0px||false|false\u00bb custom_padding=\u00bb0px||0px||false|false\u00bb background_last_edited=\u00bbon|desktop\u00bb saved_tabs=\u00bball\u00bb collapsed=\u00bboff\u00bb global_colors_info=\u00bb{}\u00bb][et_pb_row _builder_version=\u00bb4.14.7&#8243; _module_preset=\u00bbdefault\u00bb background_image=\u00bbhttps:\/\/www.aitanacongress.com\/2025\/wp-content\/uploads\/nina-corazon-cabecera.png\u00bb background_size=\u00bbinitial\u00bb background_position=\u00bbcenter_right\u00bb custom_margin=\u00bb0px||0px||false|false\u00bb custom_padding=\u00bb0px||0px||false|false\u00bb global_colors_info=\u00bb{}\u00bb][et_pb_column type=\u00bb4_4&#8243; _builder_version=\u00bb4.14.7&#8243; _module_preset=\u00bbdefault\u00bb global_colors_info=\u00bb{}\u00bb][et_pb_text _builder_version=\u00bb4.14.7&#8243; _module_preset=\u00bbdefault\u00bb header_font=\u00bb|||on|||||\u00bb header_text_color=\u00bb#FFFFFF\u00bb header_font_size=\u00bb45px\u00bb header_2_font=\u00bbgill-sans|500||on|||||\u00bb header_2_text_align=\u00bbcenter\u00bb header_2_text_color=\u00bb#ffffff\u00bb header_2_font_size=\u00bb32px\u00bb background_color=\u00bbRGBA(255,255,255,0)\u00bb custom_margin=\u00bb0px||||false|false\u00bb custom_padding=\u00bb50px||5px||false|false\u00bb global_colors_info=\u00bb{}\u00bb]<\/p>\n<h2>Alojamiento<\/h2>\n<p>[\/et_pb_text][\/et_pb_column][\/et_pb_row][\/et_pb_section][et_pb_section fb_built=\u00bb1&#8243; custom_padding_last_edited=\u00bbon|phone\u00bb disabled_on=\u00bbon|on|on\u00bb admin_label=\u00bbHotel 1&#8243; module_class=\u00bbhoteles\u00bb _builder_version=\u00bb4.14.7&#8243; _module_preset=\u00bbdefault\u00bb background_enable_color=\u00bboff\u00bb custom_padding=\u00bb58px|20px|60px|20px|false|false\u00bb custom_padding_tablet=\u00bb||||false|false\u00bb custom_padding_phone=\u00bb40px||50px||false|false\u00bb disabled=\u00bbon\u00bb global_colors_info=\u00bb{}\u00bb][et_pb_row column_structure=\u00bb1_2,1_2&#8243; custom_padding_last_edited=\u00bbon|desktop\u00bb disabled_on=\u00bboff|off|off\u00bb admin_label=\u00bbHotel 1&#8243; module_class=\u00bbhotel\u00bb _builder_version=\u00bb4.14.7&#8243; _module_preset=\u00bbdefault\u00bb width_tablet=\u00bb\u00bb width_phone=\u00bb100%\u00bb width_last_edited=\u00bbon|phone\u00bb custom_padding=\u00bb0px||0px||false|false\u00bb custom_padding_tablet=\u00bb\u00bb custom_padding_phone=\u00bb||||false|false\u00bb global_colors_info=\u00bb{}\u00bb][et_pb_column type=\u00bb1_2&#8243; _builder_version=\u00bb4.14.7&#8243; _module_preset=\u00bbdefault\u00bb global_colors_info=\u00bb{}\u00bb][et_pb_text _builder_version=\u00bb4.14.7&#8243; _module_preset=\u00bbdefault\u00bb header_3_font=\u00bbgill-sans|||on|||||\u00bb header_3_text_color=\u00bb#005da1&#8243; header_3_font_size=\u00bb33px\u00bb global_colors_info=\u00bb{}\u00bb]<\/p>\n<h3>HOTEL ELCHE CENTRO AFFILIATED BY MELI\u00c1<\/h3>\n<p style=\"font-weight: 400;\"><a style=\"color: #2dbdef; font-weight: 600;\" href=\"https:\/\/www.melia.com\/es\/hoteles\/espana\/elche\/hotel-elche-centro-by-melia?esl-k=sem-google%7Cng%7Cc676052874424%7Cmp%7Ckhotel%20elche%20centro%20melia%7Cp%7Ct%7Cdc%7Ca134023310612%7Cg14891490202&amp;&amp;gad_source=1&amp;gclid=CjwKCAjw65-zBhBkEiwAjrqRMGgdFNs0364J4o_7ZoyRxQMT8uUgjzUznqjvFd8QI7q4mMlO-BtU_xoCZFoQAvD_BwE&amp;gclsrc=aw.ds\" target=\"_blank\" rel=\"noopener\">Sitio Web<\/a><\/p>\n<p style=\"font-weight: 400;\">Ubicado a 5 min a pie de la sede.<\/p>\n<p style=\"font-weight: 400;\">La belleza de un oasis mediterr\u00e1neo. C\u00e9ntrico y perfectamente comunicado con el aeropuerto y muy cerca de la estaci\u00f3n de tren y del <strong>Centro de Congresos<\/strong>.<\/p>\n<p style=\"font-weight: 400;\">Los congresistas obtendr\u00e1n tarifas especiales.<\/p>\n<blockquote>\n<p><strong>Doble Uso Individual<\/strong> &#8211; 75\u20ac habitaci\u00f3n<br \/><strong>Doble Uso Doble<\/strong> &#8211; 85\u20ac habitaci\u00f3n<\/p>\n<\/blockquote>\n<p style=\"font-weight: 400;\">Plazas limitadas y bajo disponibilidad.<\/p>\n<p style=\"font-weight: 400;\">Link de reservas pinchando <a style=\"color: #2dbdef; font-weight: 600;\" href=\"https:\/\/events.melia.com\/es\/events\/hotel-elche-centro-by-melia\/10TH-CONGRESS-CLINICAL-HEALTH\" target=\"_blank\" rel=\"noopener\">AQU\u00cd<\/a>.<\/p>\n<p>[\/et_pb_text][\/et_pb_column][et_pb_column type=\u00bb1_2&#8243; _builder_version=\u00bb4.14.7&#8243; _module_preset=\u00bbdefault\u00bb global_colors_info=\u00bb{}\u00bb][et_pb_image src=\u00bbhttps:\/\/www.aitanacongress.com\/2025\/wp-content\/uploads\/melia-elche-img2.jpg\u00bb title_text=\u00bbmelia-elche-img2&#8243; admin_label=\u00bbImagen 1&#8243; module_class=\u00bbimg-hotel\u00bb _builder_version=\u00bb4.14.7&#8243; transform_translate=\u00bb10vw|0px\u00bb transform_translate_linked=\u00bboff\u00bb custom_margin=\u00bb0px||||false|false\u00bb custom_margin_tablet=\u00bb||||false|false\u00bb custom_margin_phone=\u00bb\u00bb custom_margin_last_edited=\u00bbon|desktop\u00bb border_width_all=\u00bb20px\u00bb border_color_all=\u00bb#ffffff\u00bb box_shadow_style=\u00bbpreset3&#8243; box_shadow_horizontal=\u00bb5px\u00bb box_shadow_vertical=\u00bb25px\u00bb box_shadow_blur=\u00bb105px\u00bb box_shadow_spread=\u00bb-30px\u00bb box_shadow_color=\u00bbrgba(0,0,0,0.25)\u00bb global_colors_info=\u00bb{}\u00bb][\/et_pb_image][et_pb_image src=\u00bbhttps:\/\/www.aitanacongress.com\/2025\/wp-content\/uploads\/melia-elche-img1.jpg\u00bb title_text=\u00bbmelia-elche-img1&#8243; admin_label=\u00bbImagen 2&#8243; module_class=\u00bbimagen-hotel\u00bb _builder_version=\u00bb4.14.7&#8243; max_width=\u00bb400px\u00bb custom_margin=\u00bb-375px||0px||false|false\u00bb custom_margin_tablet=\u00bb-375px||0px||false|false\u00bb custom_margin_phone=\u00bb-375px||0px||false|false\u00bb custom_margin_last_edited=\u00bbon|phone\u00bb custom_padding=\u00bb|||||\u00bb border_width_all=\u00bb7px\u00bb border_color_all=\u00bb#ffffff\u00bb box_shadow_style=\u00bbpreset3&#8243; box_shadow_vertical=\u00bb56px\u00bb box_shadow_blur=\u00bb65px\u00bb box_shadow_spread=\u00bb-15px\u00bb box_shadow_color=\u00bbrgba(0,0,0,0.4)\u00bb global_colors_info=\u00bb{}\u00bb][\/et_pb_image][\/et_pb_column][\/et_pb_row][\/et_pb_section][et_pb_section fb_built=\u00bb1&#8243; custom_padding_last_edited=\u00bbon|phone\u00bb disabled_on=\u00bboff|off|off\u00bb admin_label=\u00bbHotel 2&#8243; module_class=\u00bbhoteles\u00bb _builder_version=\u00bb4.14.7&#8243; _module_preset=\u00bbdefault\u00bb background_color=\u00bb#cee6ed\u00bb custom_padding=\u00bb58px|20px|60px|20px|false|false\u00bb custom_padding_tablet=\u00bb||||false|false\u00bb custom_padding_phone=\u00bb45px||50px||false|false\u00bb hover_enabled=\u00bb0&#8243; collapsed=\u00bboff\u00bb global_colors_info=\u00bb{}\u00bb sticky_enabled=\u00bb0&#8243;][et_pb_row column_structure=\u00bb1_2,1_2&#8243; custom_padding_last_edited=\u00bbon|desktop\u00bb disabled_on=\u00bbon|on|off\u00bb admin_label=\u00bbHotel 2 PC\u00bb module_class=\u00bbhotel\u00bb _builder_version=\u00bb4.14.7&#8243; _module_preset=\u00bbdefault\u00bb custom_padding=\u00bb0px||0px||false|false\u00bb custom_padding_tablet=\u00bb0px||||false|false\u00bb custom_padding_phone=\u00bb0px||||false|false\u00bb global_colors_info=\u00bb{}\u00bb][et_pb_column type=\u00bb1_2&#8243; _builder_version=\u00bb4.14.7&#8243; _module_preset=\u00bbdefault\u00bb global_colors_info=\u00bb{}\u00bb][et_pb_image src=\u00bbhttps:\/\/www.aitanacongress.com\/2025\/wp-content\/uploads\/melia-alameda-interior.jpg\u00bb title_text=\u00bbmelia-alameda-interior\u00bb admin_label=\u00bbImagen 1&#8243; _builder_version=\u00bb4.14.7&#8243; transform_translate=\u00bb-10vw|0px\u00bb transform_translate_linked=\u00bboff\u00bb custom_margin=\u00bb0px||||false|false\u00bb custom_margin_tablet=\u00bb||||false|false\u00bb custom_margin_phone=\u00bb\u00bb custom_margin_last_edited=\u00bbon|phone\u00bb hover_enabled=\u00bb0&#8243; border_width_all=\u00bb20px\u00bb border_color_all=\u00bb#ffffff\u00bb box_shadow_style=\u00bbpreset3&#8243; box_shadow_horizontal=\u00bb5px\u00bb box_shadow_vertical=\u00bb25px\u00bb box_shadow_blur=\u00bb105px\u00bb box_shadow_spread=\u00bb-30px\u00bb box_shadow_color=\u00bbrgba(0,0,0,0.25)\u00bb global_colors_info=\u00bb{}\u00bb sticky_enabled=\u00bb0&#8243;][\/et_pb_image][et_pb_image src=\u00bbhttps:\/\/www.aitanacongress.com\/2025\/wp-content\/uploads\/melia-alameda-hab.jpg\u00bb title_text=\u00bbmelia-alameda-hab\u00bb align=\u00bbright\u00bb admin_label=\u00bbImagen 2&#8243; module_class=\u00bbimagen-hotel\u00bb _builder_version=\u00bb4.14.7&#8243; max_width=\u00bb400px\u00bb custom_margin=\u00bb-375px||0px||false|false\u00bb custom_margin_tablet=\u00bb-375px||0px||false|false\u00bb custom_margin_phone=\u00bb-375px||0px||false|false\u00bb custom_margin_last_edited=\u00bbon|phone\u00bb custom_padding=\u00bb|||||\u00bb hover_enabled=\u00bb0&#8243; border_width_all=\u00bb7px\u00bb border_color_all=\u00bb#ffffff\u00bb box_shadow_style=\u00bbpreset3&#8243; box_shadow_vertical=\u00bb56px\u00bb box_shadow_blur=\u00bb65px\u00bb box_shadow_spread=\u00bb-15px\u00bb box_shadow_color=\u00bbrgba(0,0,0,0.4)\u00bb global_colors_info=\u00bb{}\u00bb sticky_enabled=\u00bb0&#8243;][\/et_pb_image][\/et_pb_column][et_pb_column type=\u00bb1_2&#8243; _builder_version=\u00bb4.14.7&#8243; _module_preset=\u00bbdefault\u00bb global_colors_info=\u00bb{}\u00bb][et_pb_text _builder_version=\u00bb4.14.7&#8243; _module_preset=\u00bbdefault\u00bb header_3_font=\u00bbgill-sans|||on|||||\u00bb header_3_text_color=\u00bb#005da1&#8243; header_3_font_size=\u00bb33px\u00bb hover_enabled=\u00bb0&#8243; global_colors_info=\u00bb{}\u00bb sticky_enabled=\u00bb0&#8243;]<\/p>\n<h3>HOTEL MELI\u00c1 ALAMEDA M\u00c1LAGA<\/h3>\n<p style=\"font-weight: 400;\"><a style=\"color: #2dbdef; font-weight: 600;\" href=\"https:\/\/www.melia.com\/es\/hoteles\/espana\/malaga\/hotel-malaga-alameda-centro-by-melia?esl-k=sem-google%7Cng%7Cc675418340334%7Cme%7Ckhotel%20tryp%20malaga%7Cp%7Ct%7Cdc%7Ca134023299972%7Cg14889597552&amp;&amp;gad_source=1&amp;gclid=EAIaIQobChMIiNaSy4KHjAMVDwcGAB0_zx8cEAAYASAAEgKnbvD_BwE&amp;gclsrc=aw.ds\" target=\"_blank\" rel=\"noopener\">Sitio Web<\/a><\/p>\n<p style=\"font-weight: 400;\">Habitaciones perfectamente equipadas en el coraz\u00f3n de la ciudad, muy cerca de la estaci\u00f3n de tren Mar\u00eda Zambrano y a un paseo del centro hist\u00f3rico de la ciudad. Los congresistas obtendr\u00e1n tarifas especiales:<\/p>\n<p style=\"font-weight: 400;\">Link de reservas pinchando <a style=\"color: #2dbdef; font-weight: 600;\" href=\"https:\/\/events.melia.com\/en\/events\/hotel-malaga-alameda-centro-by-melia\/CONGRESO-CIPCNA-NOVIEMBRE-2025\" target=\"_blank\" rel=\"noopener\">AQU\u00cd<\/a>.<\/p>\n<blockquote>\n<p style=\"font-weight: 600;\">Hasta 60 d\u00edas antes de la llegada, 20% de descuento.<\/p>\n<p style=\"font-weight: 600;\">Entre 59 d\u00edas y 15 d\u00edas antes de la llegada, 15% de descuento.<\/p>\n<p style=\"font-weight: 600;\">Entre 14 d\u00edas y el d\u00eda antes de la llegada, 10% de descuento.<\/p>\n<\/blockquote>\n<p style=\"font-weight: 400;\">Plazas limitadas y bajo disponibilidad.<\/p>\n<p style=\"font-weight: 400;\">Para cualquier consulta contacte directamente con el hotel.<\/p>\n<p>[\/et_pb_text][\/et_pb_column][\/et_pb_row][et_pb_row column_structure=\u00bb1_2,1_2&#8243; custom_padding_last_edited=\u00bbon|phone\u00bb disabled_on=\u00bboff|off|on\u00bb admin_label=\u00bbHotel 2 Mobile\u00bb module_class=\u00bbhotel\u00bb _builder_version=\u00bb4.14.7&#8243; _module_preset=\u00bbdefault\u00bb width_tablet=\u00bb\u00bb width_phone=\u00bb100%\u00bb width_last_edited=\u00bbon|phone\u00bb custom_padding=\u00bb0px||0px||false|false\u00bb custom_padding_tablet=\u00bb\u00bb custom_padding_phone=\u00bb|0px||0px|false|false\u00bb global_colors_info=\u00bb{}\u00bb][et_pb_column type=\u00bb1_2&#8243; _builder_version=\u00bb4.14.7&#8243; _module_preset=\u00bbdefault\u00bb global_colors_info=\u00bb{}\u00bb][et_pb_text _builder_version=\u00bb4.14.7&#8243; _module_preset=\u00bbdefault\u00bb header_3_font=\u00bbgill-sans|||on|||||\u00bb header_3_text_color=\u00bb#005da1&#8243; header_3_font_size=\u00bb33px\u00bb hover_enabled=\u00bb0&#8243; global_colors_info=\u00bb{}\u00bb sticky_enabled=\u00bb0&#8243;]<\/p>\n<h3>HOTEL MELI\u00c1 ALAMEDA M\u00c1LAGA<\/h3>\n<p style=\"font-weight: 400;\"><a style=\"color: #2dbdef; font-weight: 600;\" href=\"https:\/\/www.melia.com\/es\/hoteles\/espana\/malaga\/hotel-malaga-alameda-centro-by-melia?esl-k=sem-google%7Cng%7Cc675418340334%7Cme%7Ckhotel%20tryp%20malaga%7Cp%7Ct%7Cdc%7Ca134023299972%7Cg14889597552&amp;&amp;gad_source=1&amp;gclid=EAIaIQobChMIiNaSy4KHjAMVDwcGAB0_zx8cEAAYASAAEgKnbvD_BwE&amp;gclsrc=aw.ds\" target=\"_blank\" rel=\"noopener\">Sitio Web<\/a><\/p>\n<p style=\"font-weight: 400;\">Habitaciones perfectamente equipadas en el coraz\u00f3n de la ciudad, muy cerca de la estaci\u00f3n de tren Mar\u00eda Zambrano y a un paseo del centro hist\u00f3rico de la ciudad. Los congresistas obtendr\u00e1n tarifas especiales:<\/p>\n<p style=\"font-weight: 400;\">Link de reservas pinchando <a style=\"color: #2dbdef; font-weight: 600;\" href=\"https:\/\/events.melia.com\/en\/events\/hotel-malaga-alameda-centro-by-melia\/CONGRESO-CIPCNA-NOVIEMBRE-2025\" target=\"_blank\" rel=\"noopener\">AQU\u00cd<\/a>.<\/p>\n<blockquote>\n<p style=\"font-weight: 600;\">Hasta 60 d\u00edas antes de la llegada, 20% de descuento.<\/p>\n<p style=\"font-weight: 600;\">Entre 59 d\u00edas y 15 d\u00edas antes de la llegada, 15% de descuento.<\/p>\n<p style=\"font-weight: 600;\">Entre 14 d\u00edas y el d\u00eda antes de la llegada, 10% de descuento.<\/p>\n<\/blockquote>\n<p style=\"font-weight: 400;\">Plazas limitadas y bajo disponibilidad.<\/p>\n<p style=\"font-weight: 400;\">Para cualquier consulta contacte directamente con el hotel.<\/p>\n<p>[\/et_pb_text][\/et_pb_column][et_pb_column type=\u00bb1_2&#8243; _builder_version=\u00bb4.14.7&#8243; _module_preset=\u00bbdefault\u00bb global_colors_info=\u00bb{}\u00bb][et_pb_image src=\u00bbhttps:\/\/www.aitanacongress.com\/2025\/wp-content\/uploads\/melia-alameda-interior.jpg\u00bb title_text=\u00bbmelia-alameda-interior\u00bb admin_label=\u00bbImagen 1&#8243; module_class=\u00bbimg-hotel\u00bb _builder_version=\u00bb4.14.7&#8243; transform_translate=\u00bb-10vw|0px\u00bb transform_translate_linked=\u00bboff\u00bb custom_margin=\u00bb0px||||false|false\u00bb custom_margin_tablet=\u00bb||||false|false\u00bb custom_margin_phone=\u00bb\u00bb custom_margin_last_edited=\u00bbon|phone\u00bb hover_enabled=\u00bb0&#8243; border_width_all=\u00bb20px\u00bb border_color_all=\u00bb#ffffff\u00bb box_shadow_style=\u00bbpreset3&#8243; box_shadow_horizontal=\u00bb5px\u00bb box_shadow_vertical=\u00bb25px\u00bb box_shadow_blur=\u00bb105px\u00bb box_shadow_spread=\u00bb-30px\u00bb box_shadow_color=\u00bbrgba(0,0,0,0.25)\u00bb global_colors_info=\u00bb{}\u00bb sticky_enabled=\u00bb0&#8243;][\/et_pb_image][et_pb_image src=\u00bbhttps:\/\/www.aitanacongress.com\/2025\/wp-content\/uploads\/melia-alameda-hab.jpg\u00bb title_text=\u00bbmelia-alameda-hab\u00bb align=\u00bbright\u00bb admin_label=\u00bbImagen 2&#8243; module_class=\u00bbimagen-hotel\u00bb _builder_version=\u00bb4.14.7&#8243; max_width=\u00bb400px\u00bb custom_margin=\u00bb-375px||0px||false|false\u00bb custom_margin_tablet=\u00bb-375px||0px||false|false\u00bb custom_margin_phone=\u00bb-375px||0px||false|false\u00bb custom_margin_last_edited=\u00bbon|phone\u00bb custom_padding=\u00bb|||||\u00bb hover_enabled=\u00bb0&#8243; border_width_all=\u00bb7px\u00bb border_color_all=\u00bb#ffffff\u00bb box_shadow_style=\u00bbpreset3&#8243; box_shadow_vertical=\u00bb56px\u00bb box_shadow_blur=\u00bb65px\u00bb box_shadow_spread=\u00bb-15px\u00bb box_shadow_color=\u00bbrgba(0,0,0,0.4)\u00bb global_colors_info=\u00bb{}\u00bb sticky_enabled=\u00bb0&#8243;][\/et_pb_image][\/et_pb_column][\/et_pb_row][\/et_pb_section][et_pb_section fb_built=\u00bb1&#8243; custom_padding_last_edited=\u00bbon|phone\u00bb disabled_on=\u00bboff|off|off\u00bb admin_label=\u00bbHotel 3 &#8211; Albergue\u00bb module_class=\u00bbhoteles\u00bb _builder_version=\u00bb4.14.7&#8243; _module_preset=\u00bbdefault\u00bb background_enable_color=\u00bboff\u00bb custom_padding=\u00bb58px|20px|60px|20px|false|false\u00bb custom_padding_tablet=\u00bb||||false|false\u00bb custom_padding_phone=\u00bb45px||50px||false|false\u00bb collapsed=\u00bboff\u00bb global_colors_info=\u00bb{}\u00bb][et_pb_row column_structure=\u00bb1_2,1_2&#8243; custom_padding_last_edited=\u00bbon|desktop\u00bb disabled_on=\u00bboff|off|off\u00bb admin_label=\u00bbHotel 3&#8243; module_class=\u00bbhotel\u00bb _builder_version=\u00bb4.14.7&#8243; _module_preset=\u00bbdefault\u00bb width_tablet=\u00bb\u00bb width_phone=\u00bb100%\u00bb width_last_edited=\u00bbon|phone\u00bb custom_padding=\u00bb0px||0px||false|false\u00bb custom_padding_tablet=\u00bb\u00bb custom_padding_phone=\u00bb||||false|false\u00bb global_colors_info=\u00bb{}\u00bb][et_pb_column type=\u00bb1_2&#8243; _builder_version=\u00bb4.14.7&#8243; _module_preset=\u00bbdefault\u00bb global_colors_info=\u00bb{}\u00bb][et_pb_text _builder_version=\u00bb4.14.7&#8243; _module_preset=\u00bbdefault\u00bb header_3_font=\u00bbgill-sans|||on|||||\u00bb header_3_text_color=\u00bb#005da1&#8243; header_3_font_size=\u00bb33px\u00bb global_colors_info=\u00bb{}\u00bb]<\/p>\n<h3>ALBERGUE INTURJOVEN M\u00c1LAGA<\/h3>\n<p style=\"font-weight: 400;\"><a style=\"color: #2dbdef; font-weight: 600;\" href=\"https:\/\/www.inturjoven.com\/albergues\/malaga\/albergue-inturjoven-malaga\" target=\"_blank\" rel=\"noopener\">Sitio Web<\/a><\/p>\n<p style=\"font-weight: 400;\">Para los asistentes al Congreso, hemos llegado a un acuerdo de tarifas especiales en el Albergue Inturjoven M\u00e1laga, una opci\u00f3n econ\u00f3mica y bien ubicada en la ciudad.<\/p>\n<p style=\"font-weight: 400;\"><strong>Reservas<\/strong>: Enviando un email a <a href=\"mailto:malaga.itj@juntadeandalucia.es\">malaga.itj@juntadeandalucia.es<\/a>. Con el c\u00f3digo promocional <strong>CONGRESO PSICOLOG\u00cdA<\/strong>.<\/p>\n<p style=\"font-weight: 400;\"><strong>Tarifas de alojamiento y desayuno:<\/strong> Habitaci\u00f3n individual (precio por persona y d\u00eda, IVA incluido).<\/p>\n<blockquote style=\"margin-top: 25px;\">\n<p><strong>19 de noviembre<\/strong>\u00a0&#8211; 42 \u20ac \/\/ <strong>20 de noviembre<\/strong>\u00a0&#8211; 42 \u20ac<br \/><strong>21 de noviembre<\/strong>\u00a0&#8211; 46 \u20ac \/\/ <strong>22 de noviembre<\/strong>\u00a0&#8211; 46 \u20ac<\/p>\n<\/blockquote>\n<p>[\/et_pb_text][\/et_pb_column][et_pb_column type=\u00bb1_2&#8243; _builder_version=\u00bb4.14.7&#8243; _module_preset=\u00bbdefault\u00bb global_colors_info=\u00bb{}\u00bb][et_pb_image src=\u00bbhttps:\/\/www.aitanacongress.com\/2025\/wp-content\/uploads\/Inturjoven-2.jpg\u00bb title_text=\u00bbInturjoven-2&#8243; admin_label=\u00bbImagen 1&#8243; module_class=\u00bbimg-hotel\u00bb _builder_version=\u00bb4.14.7&#8243; transform_translate=\u00bb10vw|0px\u00bb transform_translate_linked=\u00bboff\u00bb custom_margin=\u00bb0px||||false|false\u00bb custom_margin_tablet=\u00bb||||false|false\u00bb custom_margin_phone=\u00bb\u00bb custom_margin_last_edited=\u00bbon|desktop\u00bb border_width_all=\u00bb20px\u00bb border_color_all=\u00bb#ffffff\u00bb box_shadow_style=\u00bbpreset3&#8243; box_shadow_horizontal=\u00bb5px\u00bb box_shadow_vertical=\u00bb25px\u00bb box_shadow_blur=\u00bb105px\u00bb box_shadow_spread=\u00bb-30px\u00bb box_shadow_color=\u00bbrgba(0,0,0,0.25)\u00bb global_colors_info=\u00bb{}\u00bb][\/et_pb_image][et_pb_image src=\u00bbhttps:\/\/www.aitanacongress.com\/2025\/wp-content\/uploads\/Inturjoven-1.jpg\u00bb title_text=\u00bbInturjoven-1&#8243; admin_label=\u00bbImagen 2&#8243; module_class=\u00bbimagen-hotel\u00bb _builder_version=\u00bb4.14.7&#8243; max_width=\u00bb400px\u00bb custom_margin=\u00bb-375px||0px||false|false\u00bb custom_margin_tablet=\u00bb-375px||0px||false|false\u00bb custom_margin_phone=\u00bb-375px||0px||false|false\u00bb custom_margin_last_edited=\u00bbon|phone\u00bb custom_padding=\u00bb|||||\u00bb border_width_all=\u00bb7px\u00bb border_color_all=\u00bb#ffffff\u00bb box_shadow_style=\u00bbpreset3&#8243; box_shadow_vertical=\u00bb56px\u00bb box_shadow_blur=\u00bb65px\u00bb box_shadow_spread=\u00bb-15px\u00bb box_shadow_color=\u00bbrgba(0,0,0,0.4)\u00bb global_colors_info=\u00bb{}\u00bb][\/et_pb_image][\/et_pb_column][\/et_pb_row][\/et_pb_section][et_pb_section fb_built=\u00bb1&#8243; custom_padding_last_edited=\u00bbon|phone\u00bb disabled_on=\u00bboff|off|off\u00bb admin_label=\u00bbNota\u00bb module_class=\u00bbnota-hotel\u00bb _builder_version=\u00bb4.14.7&#8243; _module_preset=\u00bbdefault\u00bb background_color=\u00bb#cee6ed\u00bb custom_padding=\u00bb50px|20px|25px|20px|false|false\u00bb custom_padding_tablet=\u00bb||||false|false\u00bb custom_padding_phone=\u00bb40px||20px||false|false\u00bb collapsed=\u00bboff\u00bb global_colors_info=\u00bb{}\u00bb][et_pb_row custom_padding_last_edited=\u00bbon|phone\u00bb _builder_version=\u00bb4.14.7&#8243; _module_preset=\u00bbdefault\u00bb width_tablet=\u00bb\u00bb width_phone=\u00bb100%\u00bb width_last_edited=\u00bbon|phone\u00bb custom_padding_tablet=\u00bb\u00bb custom_padding_phone=\u00bb||||false|false\u00bb global_colors_info=\u00bb{}\u00bb][et_pb_column type=\u00bb4_4&#8243; _builder_version=\u00bb4.14.7&#8243; _module_preset=\u00bbdefault\u00bb global_colors_info=\u00bb{}\u00bb][et_pb_text module_class=\u00bbiva\u00bb _builder_version=\u00bb4.14.7&#8243; _module_preset=\u00bbdefault\u00bb global_colors_info=\u00bb{}\u00bb]<\/p>\n<p style=\"text-align: center;\">Condiciones de reserva, cancelaci\u00f3n y cambios consulte directamente con los hoteles.<\/p>\n<p>[\/et_pb_text][\/et_pb_column][\/et_pb_row][\/et_pb_section][et_pb_section fb_built=\u00bb1&#8243; custom_padding_last_edited=\u00bbon|phone\u00bb admin_label=\u00bbLOGO_ESPANOL\u00bb module_class=\u00bblogos-congreso\u00bb _builder_version=\u00bb4.14.7&#8243; _module_preset=\u00bbdefault\u00bb custom_padding=\u00bb30px||40px||false|false\u00bb custom_padding_tablet=\u00bb||45px||false|false\u00bb custom_padding_phone=\u00bb50px||15px||false|false\u00bb global_module=\u00bb10278&#8243; saved_tabs=\u00bball\u00bb collapsed=\u00bboff\u00bb global_colors_info=\u00bb{}\u00bb][et_pb_row custom_padding_last_edited=\u00bbon|phone\u00bb admin_label=\u00bbOrganiza\u00bb _builder_version=\u00bb4.14.7&#8243; _module_preset=\u00bbdefault\u00bb custom_margin=\u00bb||0px||false|false\u00bb custom_padding=\u00bb||0px||false|false\u00bb custom_padding_tablet=\u00bb||0px||false|false\u00bb custom_padding_phone=\u00bb0px||||false|false\u00bb global_colors_info=\u00bb{}\u00bb][et_pb_column type=\u00bb4_4&#8243; _builder_version=\u00bb4.14.7&#8243; _module_preset=\u00bbdefault\u00bb global_colors_info=\u00bb{}\u00bb][et_pb_text _builder_version=\u00bb4.14.7&#8243; _module_preset=\u00bbdefault\u00bb text_font=\u00bb|600||on|||||\u00bb text_text_color=\u00bb#d05e15&#8243; text_orientation=\u00bbcenter\u00bb module_alignment=\u00bbcenter\u00bb custom_margin=\u00bb||0px||false|false\u00bb custom_padding=\u00bb||0px||false|false\u00bb global_colors_info=\u00bb{}\u00bb]<\/p>\n<p style=\"font-weight: 600; color: #005da1; font-family: 'gill-sans',Helvetica,Arial,Lucida,sans-serif !important;\">Organiza<\/p>\n<p>[\/et_pb_text][\/et_pb_column][\/et_pb_row][et_pb_row column_structure=\u00bb1_2,1_2&#8243; custom_padding_last_edited=\u00bbon|desktop\u00bb module_class=\u00bblogos-uno\u00bb _builder_version=\u00bb4.14.7&#8243; _module_preset=\u00bbdefault\u00bb custom_padding=\u00bb10px||0px||false|false\u00bb custom_padding_tablet=\u00bb||15px||false|false\u00bb custom_padding_phone=\u00bb||15px||false|false\u00bb global_colors_info=\u00bb{}\u00bb][et_pb_column type=\u00bb1_2&#8243; _builder_version=\u00bb4.14.7&#8243; _module_preset=\u00bbdefault\u00bb global_colors_info=\u00bb{}\u00bb][et_pb_image src=\u00bbhttps:\/\/www.aitanacongress.com\/2025\/wp-content\/uploads\/logo-aitana-2024-conjunto.png\u00bb title_text=\u00bblogo-aitana-2024-conjunto\u00bb url=\u00bbhttps:\/\/aitanainvestigacion.umh.es\/\u00bb url_new_window=\u00bbon\u00bb align=\u00bbright\u00bb align_tablet=\u00bbcenter\u00bb align_phone=\u00bb\u00bb align_last_edited=\u00bbon|phone\u00bb admin_label=\u00bbaitana\u00bb module_class=\u00bbaitana-logo\u00bb _builder_version=\u00bb4.14.7&#8243; _module_preset=\u00bbdefault\u00bb width=\u00bb350px\u00bb module_alignment=\u00bbcenter\u00bb global_colors_info=\u00bb{}\u00bb][\/et_pb_image][\/et_pb_column][et_pb_column type=\u00bb1_2&#8243; _builder_version=\u00bb4.14.7&#8243; _module_preset=\u00bbdefault\u00bb global_colors_info=\u00bb{}\u00bb][et_pb_image src=\u00bbhttps:\/\/www.aitanacongress.com\/2025\/wp-content\/uploads\/logo-uma-facultad.png\u00bb title_text=\u00bblogo-uma-facultad\u00bb url=\u00bbhttps:\/\/www.uma.es\/\u00bb url_new_window=\u00bbon\u00bb align_tablet=\u00bbcenter\u00bb align_phone=\u00bb\u00bb align_last_edited=\u00bbon|desktop\u00bb admin_label=\u00bbuniversidad malaga\u00bb module_class=\u00bbuvm-logo\u00bb _builder_version=\u00bb4.14.7&#8243; _module_preset=\u00bbdefault\u00bb width=\u00bb350px\u00bb module_alignment=\u00bbcenter\u00bb global_colors_info=\u00bb{}\u00bb][\/et_pb_image][\/et_pb_column][\/et_pb_row][et_pb_row custom_padding_last_edited=\u00bbon|phone\u00bb disabled_on=\u00bbon|on|on\u00bb admin_label=\u00bbColabora\u00bb _builder_version=\u00bb4.14.7&#8243; _module_preset=\u00bbdefault\u00bb custom_margin=\u00bb||0px||false|false\u00bb custom_margin_tablet=\u00bb||0px||false|false\u00bb custom_margin_phone=\u00bb40px||||false|false\u00bb custom_margin_last_edited=\u00bbon|phone\u00bb custom_padding=\u00bb||0px||false|false\u00bb custom_padding_tablet=\u00bb||0px||false|false\u00bb custom_padding_phone=\u00bb0px||||false|false\u00bb disabled=\u00bbon\u00bb global_colors_info=\u00bb{}\u00bb][et_pb_column type=\u00bb4_4&#8243; _builder_version=\u00bb4.14.7&#8243; _module_preset=\u00bbdefault\u00bb global_colors_info=\u00bb{}\u00bb][et_pb_text _builder_version=\u00bb4.14.7&#8243; _module_preset=\u00bbdefault\u00bb text_font=\u00bb|||on|||||\u00bb text_text_color=\u00bb#d05e15&#8243; text_orientation=\u00bbcenter\u00bb module_alignment=\u00bbcenter\u00bb custom_margin=\u00bb||0px||false|false\u00bb custom_padding=\u00bb||0px||false|false\u00bb global_colors_info=\u00bb{}\u00bb]<\/p>\n<p style=\"font-weight: 600; color: #005da1; font-family: 'gill-sans',Helvetica,Arial,Lucida,sans-serif !important;\">Colabora<\/p>\n<p>[\/et_pb_text][\/et_pb_column][\/et_pb_row][et_pb_row column_structure=\u00bb1_3,1_3,1_3&#8243; disabled_on=\u00bbon|on|on\u00bb module_class=\u00bblogos-dos\u00bb _builder_version=\u00bb4.14.7&#8243; _module_preset=\u00bbdefault\u00bb disabled=\u00bbon\u00bb global_colors_info=\u00bb{}\u00bb][et_pb_column type=\u00bb1_3&#8243; _builder_version=\u00bb4.14.7&#8243; _module_preset=\u00bbdefault\u00bb global_colors_info=\u00bb{}\u00bb][\/et_pb_column][et_pb_column type=\u00bb1_3&#8243; _builder_version=\u00bb4.14.7&#8243; _module_preset=\u00bbdefault\u00bb global_colors_info=\u00bb{}\u00bb][et_pb_image src=\u00bbhttps:\/\/www.aitanacongress.com\/2025\/wp-content\/uploads\/marca-diputacion-azul-horizontal.png\u00bb title_text=\u00bbmarca-diputacion-azul-horizontal\u00bb url=\u00bbhttps:\/\/www.malaga.es\/\u00bb url_new_window=\u00bbon\u00bb align=\u00bbcenter\u00bb admin_label=\u00bbdiputacion\u00bb module_class=\u00bbdiputacion\u00bb _builder_version=\u00bb4.14.7&#8243; _module_preset=\u00bbdefault\u00bb module_alignment=\u00bbcenter\u00bb global_colors_info=\u00bb{}\u00bb][\/et_pb_image][\/et_pb_column][et_pb_column type=\u00bb1_3&#8243; _builder_version=\u00bb4.14.7&#8243; _module_preset=\u00bbdefault\u00bb global_colors_info=\u00bb{}\u00bb][\/et_pb_column][\/et_pb_row][et_pb_row custom_padding_last_edited=\u00bbon|phone\u00bb admin_label=\u00bbCon el apoyo de \u00bb _builder_version=\u00bb4.14.7&#8243; _module_preset=\u00bbdefault\u00bb custom_margin=\u00bb||0px||false|false\u00bb custom_margin_tablet=\u00bb||0px||false|false\u00bb custom_margin_phone=\u00bb-15px||||false|false\u00bb custom_margin_last_edited=\u00bbon|phone\u00bb custom_padding=\u00bb||0px||false|false\u00bb custom_padding_tablet=\u00bb||0px||false|false\u00bb custom_padding_phone=\u00bb0px||||false|false\u00bb global_colors_info=\u00bb{}\u00bb][et_pb_column type=\u00bb4_4&#8243; _builder_version=\u00bb4.14.7&#8243; _module_preset=\u00bbdefault\u00bb global_colors_info=\u00bb{}\u00bb][et_pb_text _builder_version=\u00bb4.14.7&#8243; _module_preset=\u00bbdefault\u00bb text_font=\u00bb|||on|||||\u00bb text_text_color=\u00bb#d05e15&#8243; text_orientation=\u00bbcenter\u00bb module_alignment=\u00bbcenter\u00bb custom_margin=\u00bb||0px||false|false\u00bb custom_padding=\u00bb||0px||false|false\u00bb global_colors_info=\u00bb{}\u00bb]<\/p>\n<p style=\"font-weight: 600; color: #005da1; font-family: 'gill-sans',Helvetica,Arial,Lucida,sans-serif !important;\">Con el apoyo de<\/p>\n<p>[\/et_pb_text][\/et_pb_column][\/et_pb_row][et_pb_row column_structure=\u00bb1_5,1_5,1_5,1_5,1_5&#8243; use_custom_gutter=\u00bbon\u00bb gutter_width=\u00bb2&#8243; custom_padding_last_edited=\u00bbon|desktop\u00bb _builder_version=\u00bb4.14.7&#8243; _module_preset=\u00bbdefault\u00bb width=\u00bb100%\u00bb max_width=\u00bb1200px\u00bb custom_padding=\u00bb|20px|0px|20px|false|false\u00bb custom_padding_tablet=\u00bb|20px||20px|false|false\u00bb custom_padding_phone=\u00bb|20px||20px|false|false\u00bb global_colors_info=\u00bb{}\u00bb][et_pb_column type=\u00bb1_5&#8243; _builder_version=\u00bb4.14.7&#8243; _module_preset=\u00bbdefault\u00bb global_colors_info=\u00bb{}\u00bb][et_pb_image src=\u00bbhttps:\/\/www.aitanacongress.com\/2025\/wp-content\/uploads\/logo-piramide-2024-gris-new.png\u00bb title_text=\u00bblogo-piramide-2024-gris-new\u00bb url=\u00bbhttps:\/\/www.edicionespiramide.es\/\u00bb url_new_window=\u00bbon\u00bb admin_label=\u00bbpiramide\u00bb _builder_version=\u00bb4.14.7&#8243; _module_preset=\u00bbdefault\u00bb max_width=\u00bb250px\u00bb module_alignment=\u00bbcenter\u00bb global_colors_info=\u00bb{}\u00bb][\/et_pb_image][\/et_pb_column][et_pb_column type=\u00bb1_5&#8243; _builder_version=\u00bb4.14.7&#8243; _module_preset=\u00bbdefault\u00bb global_colors_info=\u00bb{}\u00bb][et_pb_image src=\u00bbhttps:\/\/www.aitanacongress.com\/2025\/wp-content\/uploads\/sepcij-logo-2024-gris.png\u00bb title_text=\u00bbsepcij-logo-2024-gris\u00bb url=\u00bbhttps:\/\/www.sepcij.es\/\u00bb url_new_window=\u00bbon\u00bb admin_label=\u00bbsepcij\u00bb _builder_version=\u00bb4.14.7&#8243; _module_preset=\u00bbdefault\u00bb max_width=\u00bb250px\u00bb module_alignment=\u00bbcenter\u00bb global_colors_info=\u00bb{}\u00bb][\/et_pb_image][\/et_pb_column][et_pb_column type=\u00bb1_5&#8243; _builder_version=\u00bb4.14.7&#8243; _module_preset=\u00bbdefault\u00bb global_colors_info=\u00bb{}\u00bb][et_pb_image src=\u00bbhttps:\/\/www.aitanacongress.com\/2025\/wp-content\/uploads\/logo_COP-2024-gris.png\u00bb title_text=\u00bblogo_COP-2024-gris\u00bb url=\u00bbhttps:\/\/www.cop.es\/index.php\u00bb url_new_window=\u00bbon\u00bb admin_label=\u00bbCOP\u00bb _builder_version=\u00bb4.14.7&#8243; _module_preset=\u00bbdefault\u00bb max_width=\u00bb250px\u00bb module_alignment=\u00bbcenter\u00bb global_colors_info=\u00bb{}\u00bb][\/et_pb_image][\/et_pb_column][et_pb_column type=\u00bb1_5&#8243; _builder_version=\u00bb4.14.7&#8243; _module_preset=\u00bbdefault\u00bb global_colors_info=\u00bb{}\u00bb][et_pb_image src=\u00bbhttps:\/\/www.aitanacongress.com\/2025\/wp-content\/uploads\/academia-logo-v2.png\u00bb title_text=\u00bbacademia-logo-v2&#8243; url=\u00bbhttps:\/\/www.academiapsicologia.com\/\u00bb url_new_window=\u00bbon\u00bb admin_label=\u00bbAcademia Psic\u00bb _builder_version=\u00bb4.14.7&#8243; _module_preset=\u00bbdefault\u00bb custom_margin=\u00bb||-1px|||\u00bb global_colors_info=\u00bb{}\u00bb][\/et_pb_image][\/et_pb_column][et_pb_column type=\u00bb1_5&#8243; _builder_version=\u00bb4.14.7&#8243; _module_preset=\u00bbdefault\u00bb global_colors_info=\u00bb{}\u00bb][et_pb_image src=\u00bbhttps:\/\/www.aitanacongress.com\/2025\/wp-content\/uploads\/dipumalaga-logo-2024-gris-1.png\u00bb title_text=\u00bbdipumalaga-logo-2024-gris\u00bb url=\u00bbhttps:\/\/www.malaga.es\/\u00bb url_new_window=\u00bbon\u00bb admin_label=\u00bbdipu\u00bb _builder_version=\u00bb4.14.7&#8243; _module_preset=\u00bbdefault\u00bb max_width=\u00bb250px\u00bb module_alignment=\u00bbcenter\u00bb global_colors_info=\u00bb{}\u00bb][\/et_pb_image][\/et_pb_column][\/et_pb_row][et_pb_row column_structure=\u00bb1_6,1_6,1_6,1_6,1_6,1_6&#8243; use_custom_gutter=\u00bbon\u00bb gutter_width=\u00bb2&#8243; custom_padding_last_edited=\u00bbon|desktop\u00bb disabled_on=\u00bbon|on|on\u00bb _builder_version=\u00bb4.14.7&#8243; _module_preset=\u00bbdefault\u00bb width=\u00bb100%\u00bb max_width=\u00bb1200px\u00bb custom_padding=\u00bb|20px|0px|20px|false|false\u00bb custom_padding_tablet=\u00bb|20px||20px|false|false\u00bb custom_padding_phone=\u00bb|20px||20px|false|false\u00bb disabled=\u00bbon\u00bb global_colors_info=\u00bb{}\u00bb][et_pb_column type=\u00bb1_6&#8243; _builder_version=\u00bb4.14.7&#8243; _module_preset=\u00bbdefault\u00bb global_colors_info=\u00bb{}\u00bb][\/et_pb_column][et_pb_column type=\u00bb1_6&#8243; _builder_version=\u00bb4.14.7&#8243; _module_preset=\u00bbdefault\u00bb global_colors_info=\u00bb{}\u00bb][et_pb_image src=\u00bbhttps:\/\/www.aitanacongress.com\/2025\/wp-content\/uploads\/logo-Pearson-footer-ok.png\u00bb title_text=\u00bblogo-Pearson-footer-ok\u00bb url=\u00bbhttps:\/\/www.pearsonclinical.es\/\u00bb url_new_window=\u00bbon\u00bb disabled_on=\u00bboff|off|off\u00bb admin_label=\u00bbPearson\u00bb _builder_version=\u00bb4.14.7&#8243; _module_preset=\u00bbdefault\u00bb custom_margin=\u00bb||-1px|||\u00bb global_colors_info=\u00bb{}\u00bb][\/et_pb_image][\/et_pb_column][et_pb_column type=\u00bb1_6&#8243; _builder_version=\u00bb4.14.7&#8243; _module_preset=\u00bbdefault\u00bb global_colors_info=\u00bb{}\u00bb][et_pb_image src=\u00bbhttps:\/\/www.aitanacongress.com\/2025\/wp-content\/uploads\/logo-Hogrefe_TEA.png\u00bb title_text=\u00bblogo-Hogrefe_TEA\u00bb url=\u00bbhttps:\/\/web.teaediciones.com\/Inicio.aspx\u00bb url_new_window=\u00bbon\u00bb disabled_on=\u00bboff|off|off\u00bb admin_label=\u00bbtea\u00bb module_class=\u00bbtea-logo\u00bb _builder_version=\u00bb4.14.7&#8243; _module_preset=\u00bbdefault\u00bb max_width=\u00bb250px\u00bb module_alignment=\u00bbcenter\u00bb global_colors_info=\u00bb{}\u00bb][\/et_pb_image][\/et_pb_column][et_pb_column type=\u00bb1_6&#8243; _builder_version=\u00bb4.14.7&#8243; _module_preset=\u00bbdefault\u00bb global_colors_info=\u00bb{}\u00bb][et_pb_image src=\u00bbhttps:\/\/www.aitanacongress.com\/2025\/wp-content\/uploads\/logo-visitelche.png\u00bb title_text=\u00bblogo-visitelche\u00bb url=\u00bbhttps:\/\/www.visitelche.com\/\u00bb url_new_window=\u00bbon\u00bb admin_label=\u00bbvisitelche\u00bb _builder_version=\u00bb4.14.7&#8243; _module_preset=\u00bbdefault\u00bb custom_margin=\u00bb||-1px|||\u00bb global_colors_info=\u00bb{}\u00bb][\/et_pb_image][\/et_pb_column][et_pb_column type=\u00bb1_6&#8243; _builder_version=\u00bb4.14.7&#8243; _module_preset=\u00bbdefault\u00bb global_colors_info=\u00bb{}\u00bb][et_pb_image src=\u00bbhttps:\/\/www.aitanacongress.com\/2025\/wp-content\/uploads\/logo-ayuntamientoelche-2024.png\u00bb title_text=\u00bblogo-ayuntamientoelche-2024&#8243; url=\u00bbhttps:\/\/www.elche.es\/\u00bb url_new_window=\u00bbon\u00bb admin_label=\u00bbayunt. elche\u00bb _builder_version=\u00bb4.14.7&#8243; _module_preset=\u00bbdefault\u00bb custom_margin=\u00bb||-1px|||\u00bb global_colors_info=\u00bb{}\u00bb][\/et_pb_image][\/et_pb_column][et_pb_column type=\u00bb1_6&#8243; _builder_version=\u00bb4.14.7&#8243; _module_preset=\u00bbdefault\u00bb global_colors_info=\u00bb{}\u00bb][\/et_pb_column][\/et_pb_row][\/et_pb_section]<\/p>\n","protected":false},"excerpt":{"rendered":"<p>AlojamientoHOTEL ELCHE CENTRO AFFILIATED BY MELI\u00c1 Sitio Web Ubicado a 5 min a pie de la sede. La belleza de un oasis mediterr\u00e1neo. C\u00e9ntrico y perfectamente comunicado con el aeropuerto y muy cerca de la estaci\u00f3n de tren y del Centro de Congresos. Los congresistas obtendr\u00e1n tarifas especiales. Doble Uso Individual &#8211; 75\u20ac habitaci\u00f3nDoble Uso [&hellip;]<\/p>\n","protected":false},"author":1,"featured_media":0,"parent":0,"menu_order":0,"comment_status":"closed","ping_status":"closed","template":"","meta":{"_et_pb_use_builder":"on","_et_pb_old_content":"","_et_gb_content_width":"","_monsterinsights_skip_tracking":false,"_monsterinsights_sitenote_active":false,"_monsterinsights_sitenote_note":"","_monsterinsights_sitenote_category":0,"_uf_show_specific_survey":0,"_uf_disable_surveys":false,"footnotes":""},"class_list":["post-502","page","type-page","status-publish","hentry"],"yoast_head":"<!-- This site is optimized with the Yoast SEO plugin v26.4 - https:\/\/yoast.com\/wordpress\/plugins\/seo\/ -->\n<title>Alojamiento - 11th International Congress of Clinical and Health Psychology in Children and Adolescents<\/title>\n<meta name=\"robots\" content=\"index, follow, max-snippet:-1, max-image-preview:large, max-video-preview:-1\" \/>\n<link rel=\"canonical\" href=\"https:\/\/www.aitanacongress.com\/2025\/alojamiento\/\" \/>\n<meta property=\"og:locale\" content=\"es_ES\" \/>\n<meta property=\"og:type\" content=\"article\" \/>\n<meta property=\"og:title\" content=\"Alojamiento - 11th International Congress of Clinical and Health Psychology in Children and Adolescents\" \/>\n<meta property=\"og:description\" content=\"AlojamientoHOTEL ELCHE CENTRO AFFILIATED BY MELI\u00c1 Sitio Web Ubicado a 5 min a pie de la sede. La belleza de un oasis mediterr\u00e1neo. C\u00e9ntrico y perfectamente comunicado con el aeropuerto y muy cerca de la estaci\u00f3n de tren y del Centro de Congresos. Los congresistas obtendr\u00e1n tarifas especiales. Doble Uso Individual - 75\u20ac habitaci\u00f3nDoble Uso [&hellip;]\" \/>\n<meta property=\"og:url\" content=\"https:\/\/www.aitanacongress.com\/2025\/alojamiento\/\" \/>\n<meta property=\"og:site_name\" content=\"11th International Congress of Clinical and Health Psychology in Children and Adolescents\" \/>\n<meta property=\"article:modified_time\" content=\"2025-03-25T07:52:53+00:00\" \/>\n<meta name=\"twitter:card\" content=\"summary_large_image\" \/>\n<meta name=\"twitter:label1\" content=\"Tiempo de lectura\" \/>\n\t<meta name=\"twitter:data1\" content=\"4 minutos\" \/>\n<script type=\"application\/ld+json\" class=\"yoast-schema-graph\">{\"@context\":\"https:\/\/schema.org\",\"@graph\":[{\"@type\":\"WebPage\",\"@id\":\"https:\/\/www.aitanacongress.com\/2025\/alojamiento\/\",\"url\":\"https:\/\/www.aitanacongress.com\/2025\/alojamiento\/\",\"name\":\"Alojamiento - 11th International Congress of Clinical and Health Psychology in Children and Adolescents\",\"isPartOf\":{\"@id\":\"https:\/\/www.aitanacongress.com\/2025\/#website\"},\"datePublished\":\"2022-02-14T10:13:31+00:00\",\"dateModified\":\"2025-03-25T07:52:53+00:00\",\"breadcrumb\":{\"@id\":\"https:\/\/www.aitanacongress.com\/2025\/alojamiento\/#breadcrumb\"},\"inLanguage\":\"es\",\"potentialAction\":[{\"@type\":\"ReadAction\",\"target\":[\"https:\/\/www.aitanacongress.com\/2025\/alojamiento\/\"]}]},{\"@type\":\"BreadcrumbList\",\"@id\":\"https:\/\/www.aitanacongress.com\/2025\/alojamiento\/#breadcrumb\",\"itemListElement\":[{\"@type\":\"ListItem\",\"position\":1,\"name\":\"Portada\",\"item\":\"https:\/\/www.aitanacongress.com\/2025\/\"},{\"@type\":\"ListItem\",\"position\":2,\"name\":\"Alojamiento\"}]},{\"@type\":\"WebSite\",\"@id\":\"https:\/\/www.aitanacongress.com\/2025\/#website\",\"url\":\"https:\/\/www.aitanacongress.com\/2025\/\",\"name\":\"11th International Congress of Clinical and Health Psychology in Children and Adolescents\",\"description\":\"11th International Congress of Clinical and Health Psychology in Children and Adolescents\",\"potentialAction\":[{\"@type\":\"SearchAction\",\"target\":{\"@type\":\"EntryPoint\",\"urlTemplate\":\"https:\/\/www.aitanacongress.com\/2025\/?s={search_term_string}\"},\"query-input\":{\"@type\":\"PropertyValueSpecification\",\"valueRequired\":true,\"valueName\":\"search_term_string\"}}],\"inLanguage\":\"es\"}]}<\/script>\n<!-- \/ Yoast SEO plugin. -->","yoast_head_json":{"title":"Alojamiento - 11th International Congress of Clinical and Health Psychology in Children and Adolescents","robots":{"index":"index","follow":"follow","max-snippet":"max-snippet:-1","max-image-preview":"max-image-preview:large","max-video-preview":"max-video-preview:-1"},"canonical":"https:\/\/www.aitanacongress.com\/2025\/alojamiento\/","og_locale":"es_ES","og_type":"article","og_title":"Alojamiento - 11th International Congress of Clinical and Health Psychology in Children and Adolescents","og_description":"AlojamientoHOTEL ELCHE CENTRO AFFILIATED BY MELI\u00c1 Sitio Web Ubicado a 5 min a pie de la sede. La belleza de un oasis mediterr\u00e1neo. C\u00e9ntrico y perfectamente comunicado con el aeropuerto y muy cerca de la estaci\u00f3n de tren y del Centro de Congresos. Los congresistas obtendr\u00e1n tarifas especiales. Doble Uso Individual - 75\u20ac habitaci\u00f3nDoble Uso [&hellip;]","og_url":"https:\/\/www.aitanacongress.com\/2025\/alojamiento\/","og_site_name":"11th International Congress of Clinical and Health Psychology in Children and Adolescents","article_modified_time":"2025-03-25T07:52:53+00:00","twitter_card":"summary_large_image","twitter_misc":{"Tiempo de lectura":"4 minutos"},"schema":{"@context":"https:\/\/schema.org","@graph":[{"@type":"WebPage","@id":"https:\/\/www.aitanacongress.com\/2025\/alojamiento\/","url":"https:\/\/www.aitanacongress.com\/2025\/alojamiento\/","name":"Alojamiento - 11th International Congress of Clinical and Health Psychology in Children and Adolescents","isPartOf":{"@id":"https:\/\/www.aitanacongress.com\/2025\/#website"},"datePublished":"2022-02-14T10:13:31+00:00","dateModified":"2025-03-25T07:52:53+00:00","breadcrumb":{"@id":"https:\/\/www.aitanacongress.com\/2025\/alojamiento\/#breadcrumb"},"inLanguage":"es","potentialAction":[{"@type":"ReadAction","target":["https:\/\/www.aitanacongress.com\/2025\/alojamiento\/"]}]},{"@type":"BreadcrumbList","@id":"https:\/\/www.aitanacongress.com\/2025\/alojamiento\/#breadcrumb","itemListElement":[{"@type":"ListItem","position":1,"name":"Portada","item":"https:\/\/www.aitanacongress.com\/2025\/"},{"@type":"ListItem","position":2,"name":"Alojamiento"}]},{"@type":"WebSite","@id":"https:\/\/www.aitanacongress.com\/2025\/#website","url":"https:\/\/www.aitanacongress.com\/2025\/","name":"11th International Congress of Clinical and Health Psychology in Children and Adolescents","description":"11th International Congress of Clinical and Health Psychology in Children and Adolescents","potentialAction":[{"@type":"SearchAction","target":{"@type":"EntryPoint","urlTemplate":"https:\/\/www.aitanacongress.com\/2025\/?s={search_term_string}"},"query-input":{"@type":"PropertyValueSpecification","valueRequired":true,"valueName":"search_term_string"}}],"inLanguage":"es"}]}},"_links":{"self":[{"href":"https:\/\/www.aitanacongress.com\/2025\/wp-json\/wp\/v2\/pages\/502","targetHints":{"allow":["GET"]}}],"collection":[{"href":"https:\/\/www.aitanacongress.com\/2025\/wp-json\/wp\/v2\/pages"}],"about":[{"href":"https:\/\/www.aitanacongress.com\/2025\/wp-json\/wp\/v2\/types\/page"}],"author":[{"embeddable":true,"href":"https:\/\/www.aitanacongress.com\/2025\/wp-json\/wp\/v2\/users\/1"}],"replies":[{"embeddable":true,"href":"https:\/\/www.aitanacongress.com\/2025\/wp-json\/wp\/v2\/comments?post=502"}],"version-history":[{"count":105,"href":"https:\/\/www.aitanacongress.com\/2025\/wp-json\/wp\/v2\/pages\/502\/revisions"}],"predecessor-version":[{"id":19372,"href":"https:\/\/www.aitanacongress.com\/2025\/wp-json\/wp\/v2\/pages\/502\/revisions\/19372"}],"wp:attachment":[{"href":"https:\/\/www.aitanacongress.com\/2025\/wp-json\/wp\/v2\/media?parent=502"}],"curies":[{"name":"wp","href":"https:\/\/api.w.org\/{rel}","templated":true}]}}